{"id":1203,"date":"2022-01-06T20:00:19","date_gmt":"2022-01-06T19:00:19","guid":{"rendered":"https:\/\/seed.hu\/?post_type=hirek&#038;p=1203"},"modified":"2022-11-04T21:36:23","modified_gmt":"2022-11-04T20:36:23","slug":"jelentkezz-a-tudatos-palyazati-forrasbevonas-workshopra","status":"publish","type":"hirek","link":"https:\/\/seed.hu\/en\/hirek\/jelentkezz-a-tudatos-palyazati-forrasbevonas-workshopra\/","title":{"rendered":"Jelentkezz a Tudatos p\u00e1ly\u00e1zati forr\u00e1sbevon\u00e1s workshopra!"},"content":{"rendered":"<p><strong>P\u00e1ly\u00e1zati forr\u00e1st szeretn\u00e9l, de elveszt\u00e9l a lehet\u0151s\u00e9gek tenger\u00e9ben?\u00a0<\/strong><\/p>\n<p><strong>A Tudatos p\u00e1ly\u00e1zati forr\u00e1sbevon\u00e1s workshopunk seg\u00edt eligazodni.<\/strong><\/p>\n<p><strong>Id\u0151pont:\u00a0<\/strong><\/p>\n<p>Elindult a \u201ep\u00e1ly\u00e1zati d\u00f6mping\u201d, a 2022-ben el\u00e9rhet\u0151, v\u00e1llalkoz\u00e1sokat t\u00e1mogat\u00f3 els\u0151 p\u00e1ly\u00e1zatok hamarosan megny\u00edlnak. Ide\u00e1lis esetben egy t\u00e1mogat\u00e1si k\u00e9relem akkor sikeres, ha annak felt\u00e9telei \u00e9s elv\u00e1r\u00e1sai teljes m\u00e9rt\u00e9kben illeszkednek a v\u00e1llalkoz\u00e1s p\u00e1ly\u00e1zat megval\u00f3s\u00edt\u00e1si id\u0151szak\u00e1ra es\u0151 fejleszt\u00e9si c\u00e9ljaihoz.<\/p>\n<p>Ismer\u0151sen csenghetnek sz\u00e1modra is a k\u00f6vetkez\u0151 mondatok azokt\u00f3l, aki jutottak m\u00e1r p\u00e1ly\u00e1zati forr\u00e1shoz:<\/p>\n<ul>\n<li>Most mi lesz? Hogyan tudom a bev\u00e9teleket el\u0151teremteni, amit a p\u00e1ly\u00e1zatban v\u00e1llaltam?<\/li>\n<li>Hogyan tudom megtartani a munkat\u00e1rsakat, mivel motiv\u00e1ljam \u0151ket?<\/li>\n<li>Mi lesz, ha nem tudom el\u00e9rni a vev\u0151ket, nem tudom hozni azt a forgalmat, amire az eg\u00e9sz p\u00e1ly\u00e1zatot alapoztam?<\/li>\n<li>A fedezetk\u00e9nt ny\u00fajtott ingatlant meg tudom-e tartani? Mi lesz, ha nem a tervek szerint val\u00f3sul meg a projekt, el\u00e1rverezhetik a fedelet a csal\u00e1dom feje f\u00f6l\u00fcl?<\/li>\n<\/ul>\n<p>Ahhoz, hogy ne teherk\u00e9nt nehezedjen r\u00e1d a be\u00e9rkez\u0151 forr\u00e1s, fontos, hogy azok teljes m\u00e9rt\u00e9kben az \u00fczleti c\u00e9ljaidat szolg\u00e1lj\u00e1k.<\/p>\n<p><strong>\u00c9s innen indul a val\u00f3di p\u00e1ly\u00e1zati el\u0151k\u00e9sz\u00edt\u00e9s:<\/strong>\u00a0a c\u00e9lok megfogalmaz\u00e1s\u00e1val, a lehet\u0151s\u00e9gek, a saj\u00e1t forr\u00e1sok, a projekt \u00e1ltal elv\u00e1rhat\u00f3 eredm\u00e9nyek azonos\u00edt\u00e1s\u00e1val.\u00a0Ha ez megvan, akkor j\u00f6het a forr\u00e1stervez\u00e9s.<\/p>\n<p><strong>De mire figyeljek?<\/strong><\/p>\n<ul>\n<li>Honnan tudom meg, hogy v\u00e1llalkoz\u00e1som p\u00e1ly\u00e1zhat-e, egy\u00e1ltal\u00e1n \u00e9rdemes-e p\u00e1ly\u00e1znia az elv\u00e1rt krit\u00e9riumok alapj\u00e1n egy megjelent felh\u00edv\u00e1sra?<\/li>\n<li>Mit takar a p\u00e1ly\u00e1zati szakzsargon, mi rejlik az elv\u00e1rt szakmai tartalom, a k\u00f6telez\u0151 \u00e9s v\u00e1laszthat\u00f3 tev\u00e9kenys\u00e9gek, az \u00f6n\u00e1ll\u00f3 vagy t\u00e1rs\u00edtottan ig\u00e9nybe vehet\u0151 tev\u00e9kenys\u00e9gek m\u00f6g\u00f6tt?<\/li>\n<li>Mi a k\u00fcl\u00f6nbs\u00e9g a vissza nem t\u00e9r\u00edtend\u0151, a visszat\u00e9r\u00edtend\u0151 \u00e9s a felt\u00e9telesen vissza nem t\u00e9r\u00edtend\u0151 t\u00e1mogat\u00e1s fogalmai k\u00f6z\u00f6tt? Mi sz\u00e1m\u00edt bele az \u00f6ner\u0151 \u00f6sszeg\u00e9be \u00e9s hogyan kell a projektre ford\u00edtani azt?<\/li>\n<li>Mikor, hogyan, kinek \u00e9s milyen besz\u00e1mol\u00e1si k\u00f6telezetts\u00e9gek t\u00e1rsulnak p\u00e1ly\u00e1zati forr\u00e1s elnyer\u00e9s\u00e9hez? Mit jelent az indik\u00e1tor \u00e9s a m\u00e9rf\u00f6ldk\u0151?<\/li>\n<\/ul>\n<p><strong>A Tudatos p\u00e1ly\u00e1zati forr\u00e1sbevon\u00e1s c\u00edm\u0171 workshop c\u00e9lja:<\/strong><\/p>\n<ul>\n<li>seg\u00edts\u00e9get adni a megfelel\u0151 p\u00e1ly\u00e1zati felh\u00edv\u00e1s azonos\u00edt\u00e1s\u00e1hoz, annak \u00e9rtelmez\u00e9s\u00e9hez,<\/li>\n<li>a v\u00e1llalkoz\u00e1s t\u00e9nyleges fejleszt\u00e9si c\u00e9ljainak \u00e9s a p\u00e1ly\u00e1zati felh\u00edv\u00e1s c\u00e9ljainak \u00f6sszehangol\u00e1sa, a megval\u00f3s\u00edtand\u00f3 tev\u00e9kenys\u00e9gek elsz\u00e1molhat\u00f3s\u00e1g\u00e1nak biztos\u00edt\u00e1sa,<\/li>\n<li>a p\u00e1ly\u00e1zati adminisztr\u00e1ci\u00f3, elektronikus fel\u00fclet haszn\u00e1lat\u00e1nak \u00e1ttekint\u00e9se.<\/li>\n<\/ul>\n<p><strong>A workshop felvezet\u0151 el\u0151ad\u00e1s\u00e1t<\/strong>\u00a0a v\u00e1llalkoz\u00e1sfejleszt\u00e9si p\u00e1ly\u00e1zatokat ki\u00edr\u00f3 szakpolitikai felel\u0151s, az\u00a0<strong>Innov\u00e1ci\u00f3s \u00e9s Technol\u00f3giai Miniszt\u00e9rium V\u00e1llalkoz\u00e1sfejleszt\u00e9si F\u0151oszt\u00e1ly\u00e1nak k\u00e9pvisel\u0151je\u00a0<\/strong>tartja, aki \u00f6sszefoglalja az aktu\u00e1lisan el\u00e9rhet\u0151 p\u00e1ly\u00e1zatokat.<\/p>\n<p><strong>A workshop online val\u00f3sul meg, id\u0151pontja: 2022. <\/strong>, jelentkez\u00e9si hat\u00e1rid\u0151: 2022.<\/p>\n<p><strong>Tr\u00e9ner:<\/strong>\u00a0Vilm\u00e1nyi Rita, a SEED Alap\u00edtv\u00e1ny p\u00e9nz\u00fcgyi vezet\u0151je, p\u00e9nz\u00fcgyi tervez\u00e9s tr\u00e9nere, p\u00e1ly\u00e1zati menedzser<\/p>\n<p><strong>A r\u00e9szletes tematika \u00e9s a jelentkez\u00e9si fel\u00fclet az al\u00e1bbi linken \u00e9rhet\u0151 el:<br \/>\n<a href=\"https:\/\/seed.hu\/node\/1960\" target=\"_blank\" rel=\"noopener\">https:\/\/seed.hu\/node\/1960<\/a><\/strong><\/p>\n","protected":false},"featured_media":792,"menu_order":0,"template":"","meta":{"_acf_changed":false},"class_list":["post-1203","hirek","type-hirek","status-publish","has-post-thumbnail","hentry"],"acf":[],"yoast_head":"<!-- This site is optimized with the Yoast SEO plugin v27.4 - https:\/\/yoast.com\/product\/yoast-seo-wordpress\/ -->\n<title>Jelentkezz a Tudatos p\u00e1ly\u00e1zati forr\u00e1sbevon\u00e1s workshopra! - Seed<\/title>\n<meta name=\"robots\" content=\"index, follow, max-snippet:-1, max-image-preview:large, max-video-preview:-1\" \/>\n<link rel=\"canonical\" href=\"https:\/\/seed.hu\/hirek\/jelentkezz-a-tudatos-palyazati-forrasbevonas-workshopra\/\" \/>\n<meta property=\"og:locale\" content=\"en_US\" \/>\n<meta property=\"og:type\" content=\"article\" \/>\n<meta property=\"og:title\" content=\"Jelentkezz a Tudatos p\u00e1ly\u00e1zati forr\u00e1sbevon\u00e1s workshopra! - Seed\" \/>\n<meta property=\"og:description\" content=\"P\u00e1ly\u00e1zati forr\u00e1st szeretn\u00e9l, de elveszt\u00e9l a lehet\u0151s\u00e9gek tenger\u00e9ben?\u00a0 A Tudatos p\u00e1ly\u00e1zati forr\u00e1sbevon\u00e1s workshopunk seg\u00edt eligazodni. Id\u0151pont:\u00a0 Elindult a \u201ep\u00e1ly\u00e1zati d\u00f6mping\u201d, a 2022-ben el\u00e9rhet\u0151, v\u00e1llalkoz\u00e1sokat t\u00e1mogat\u00f3 els\u0151 p\u00e1ly\u00e1zatok hamarosan megny\u00edlnak. Ide\u00e1lis esetben egy t\u00e1mogat\u00e1si k\u00e9relem akkor sikeres, ha annak felt\u00e9telei \u00e9s elv\u00e1r\u00e1sai teljes m\u00e9rt\u00e9kben illeszkednek a v\u00e1llalkoz\u00e1s p\u00e1ly\u00e1zat megval\u00f3s\u00edt\u00e1si id\u0151szak\u00e1ra es\u0151 fejleszt\u00e9si c\u00e9ljaihoz. Ismer\u0151sen csenghetnek sz\u00e1modra [&hellip;]\" \/>\n<meta property=\"og:url\" content=\"https:\/\/seed.hu\/hirek\/jelentkezz-a-tudatos-palyazati-forrasbevonas-workshopra\/\" \/>\n<meta property=\"og:site_name\" content=\"Seed\" \/>\n<meta property=\"article:modified_time\" content=\"2022-11-04T20:36:23+00:00\" \/>\n<meta property=\"og:image\" content=\"https:\/\/seed.hu\/wp-content\/uploads\/2018\/04\/SEED_logo.png\" \/>\n\t<meta property=\"og:image:width\" content=\"250\" \/>\n\t<meta property=\"og:image:height\" content=\"206\" \/>\n\t<meta property=\"og:image:type\" content=\"image\/png\" \/>\n<meta name=\"twitter:card\" content=\"summary_large_image\" \/>\n<meta name=\"twitter:label1\" content=\"Est. reading time\" \/>\n\t<meta name=\"twitter:data1\" content=\"3 minutes\" \/>\n<script type=\"application\/ld+json\" class=\"yoast-schema-graph\">{\"@context\":\"https:\\\/\\\/schema.org\",\"@graph\":[{\"@type\":\"WebPage\",\"@id\":\"https:\\\/\\\/seed.hu\\\/hirek\\\/jelentkezz-a-tudatos-palyazati-forrasbevonas-workshopra\\\/\",\"url\":\"https:\\\/\\\/seed.hu\\\/hirek\\\/jelentkezz-a-tudatos-palyazati-forrasbevonas-workshopra\\\/\",\"name\":\"Jelentkezz a Tudatos p\u00e1ly\u00e1zati forr\u00e1sbevon\u00e1s workshopra! - Seed\",\"isPartOf\":{\"@id\":\"https:\\\/\\\/seed.hu\\\/#website\"},\"primaryImageOfPage\":{\"@id\":\"https:\\\/\\\/seed.hu\\\/hirek\\\/jelentkezz-a-tudatos-palyazati-forrasbevonas-workshopra\\\/#primaryimage\"},\"image\":{\"@id\":\"https:\\\/\\\/seed.hu\\\/hirek\\\/jelentkezz-a-tudatos-palyazati-forrasbevonas-workshopra\\\/#primaryimage\"},\"thumbnailUrl\":\"https:\\\/\\\/seed.hu\\\/wp-content\\\/uploads\\\/2018\\\/04\\\/SEED_logo.png\",\"datePublished\":\"2022-01-06T19:00:19+00:00\",\"dateModified\":\"2022-11-04T20:36:23+00:00\",\"breadcrumb\":{\"@id\":\"https:\\\/\\\/seed.hu\\\/hirek\\\/jelentkezz-a-tudatos-palyazati-forrasbevonas-workshopra\\\/#breadcrumb\"},\"inLanguage\":\"en-US\",\"potentialAction\":[{\"@type\":\"ReadAction\",\"target\":[\"https:\\\/\\\/seed.hu\\\/hirek\\\/jelentkezz-a-tudatos-palyazati-forrasbevonas-workshopra\\\/\"]}]},{\"@type\":\"ImageObject\",\"inLanguage\":\"en-US\",\"@id\":\"https:\\\/\\\/seed.hu\\\/hirek\\\/jelentkezz-a-tudatos-palyazati-forrasbevonas-workshopra\\\/#primaryimage\",\"url\":\"https:\\\/\\\/seed.hu\\\/wp-content\\\/uploads\\\/2018\\\/04\\\/SEED_logo.png\",\"contentUrl\":\"https:\\\/\\\/seed.hu\\\/wp-content\\\/uploads\\\/2018\\\/04\\\/SEED_logo.png\",\"width\":250,\"height\":206},{\"@type\":\"BreadcrumbList\",\"@id\":\"https:\\\/\\\/seed.hu\\\/hirek\\\/jelentkezz-a-tudatos-palyazati-forrasbevonas-workshopra\\\/#breadcrumb\",\"itemListElement\":[{\"@type\":\"ListItem\",\"position\":1,\"name\":\"H\u00edrek\",\"item\":\"https:\\\/\\\/seed.hu\\\/hirek\\\/\"},{\"@type\":\"ListItem\",\"position\":2,\"name\":\"Jelentkezz a Tudatos p\u00e1ly\u00e1zati forr\u00e1sbevon\u00e1s workshopra!\"}]},{\"@type\":\"WebSite\",\"@id\":\"https:\\\/\\\/seed.hu\\\/#website\",\"url\":\"https:\\\/\\\/seed.hu\\\/\",\"name\":\"Seed\",\"description\":\"\",\"potentialAction\":[{\"@type\":\"SearchAction\",\"target\":{\"@type\":\"EntryPoint\",\"urlTemplate\":\"https:\\\/\\\/seed.hu\\\/?s={search_term_string}\"},\"query-input\":{\"@type\":\"PropertyValueSpecification\",\"valueRequired\":true,\"valueName\":\"search_term_string\"}}],\"inLanguage\":\"en-US\"}]}<\/script>\n<!-- \/ Yoast SEO plugin. -->","yoast_head_json":{"title":"Jelentkezz a Tudatos p\u00e1ly\u00e1zati forr\u00e1sbevon\u00e1s workshopra! - Seed","robots":{"index":"index","follow":"follow","max-snippet":"max-snippet:-1","max-image-preview":"max-image-preview:large","max-video-preview":"max-video-preview:-1"},"canonical":"https:\/\/seed.hu\/hirek\/jelentkezz-a-tudatos-palyazati-forrasbevonas-workshopra\/","og_locale":"en_US","og_type":"article","og_title":"Jelentkezz a Tudatos p\u00e1ly\u00e1zati forr\u00e1sbevon\u00e1s workshopra! - Seed","og_description":"P\u00e1ly\u00e1zati forr\u00e1st szeretn\u00e9l, de elveszt\u00e9l a lehet\u0151s\u00e9gek tenger\u00e9ben?\u00a0 A Tudatos p\u00e1ly\u00e1zati forr\u00e1sbevon\u00e1s workshopunk seg\u00edt eligazodni. Id\u0151pont:\u00a0 Elindult a \u201ep\u00e1ly\u00e1zati d\u00f6mping\u201d, a 2022-ben el\u00e9rhet\u0151, v\u00e1llalkoz\u00e1sokat t\u00e1mogat\u00f3 els\u0151 p\u00e1ly\u00e1zatok hamarosan megny\u00edlnak. Ide\u00e1lis esetben egy t\u00e1mogat\u00e1si k\u00e9relem akkor sikeres, ha annak felt\u00e9telei \u00e9s elv\u00e1r\u00e1sai teljes m\u00e9rt\u00e9kben illeszkednek a v\u00e1llalkoz\u00e1s p\u00e1ly\u00e1zat megval\u00f3s\u00edt\u00e1si id\u0151szak\u00e1ra es\u0151 fejleszt\u00e9si c\u00e9ljaihoz. Ismer\u0151sen csenghetnek sz\u00e1modra [&hellip;]","og_url":"https:\/\/seed.hu\/hirek\/jelentkezz-a-tudatos-palyazati-forrasbevonas-workshopra\/","og_site_name":"Seed","article_modified_time":"2022-11-04T20:36:23+00:00","og_image":[{"width":250,"height":206,"url":"https:\/\/seed.hu\/wp-content\/uploads\/2018\/04\/SEED_logo.png","type":"image\/png"}],"twitter_card":"summary_large_image","twitter_misc":{"Est. reading time":"3 minutes"},"schema":{"@context":"https:\/\/schema.org","@graph":[{"@type":"WebPage","@id":"https:\/\/seed.hu\/hirek\/jelentkezz-a-tudatos-palyazati-forrasbevonas-workshopra\/","url":"https:\/\/seed.hu\/hirek\/jelentkezz-a-tudatos-palyazati-forrasbevonas-workshopra\/","name":"Jelentkezz a Tudatos p\u00e1ly\u00e1zati forr\u00e1sbevon\u00e1s workshopra! - Seed","isPartOf":{"@id":"https:\/\/seed.hu\/#website"},"primaryImageOfPage":{"@id":"https:\/\/seed.hu\/hirek\/jelentkezz-a-tudatos-palyazati-forrasbevonas-workshopra\/#primaryimage"},"image":{"@id":"https:\/\/seed.hu\/hirek\/jelentkezz-a-tudatos-palyazati-forrasbevonas-workshopra\/#primaryimage"},"thumbnailUrl":"https:\/\/seed.hu\/wp-content\/uploads\/2018\/04\/SEED_logo.png","datePublished":"2022-01-06T19:00:19+00:00","dateModified":"2022-11-04T20:36:23+00:00","breadcrumb":{"@id":"https:\/\/seed.hu\/hirek\/jelentkezz-a-tudatos-palyazati-forrasbevonas-workshopra\/#breadcrumb"},"inLanguage":"en-US","potentialAction":[{"@type":"ReadAction","target":["https:\/\/seed.hu\/hirek\/jelentkezz-a-tudatos-palyazati-forrasbevonas-workshopra\/"]}]},{"@type":"ImageObject","inLanguage":"en-US","@id":"https:\/\/seed.hu\/hirek\/jelentkezz-a-tudatos-palyazati-forrasbevonas-workshopra\/#primaryimage","url":"https:\/\/seed.hu\/wp-content\/uploads\/2018\/04\/SEED_logo.png","contentUrl":"https:\/\/seed.hu\/wp-content\/uploads\/2018\/04\/SEED_logo.png","width":250,"height":206},{"@type":"BreadcrumbList","@id":"https:\/\/seed.hu\/hirek\/jelentkezz-a-tudatos-palyazati-forrasbevonas-workshopra\/#breadcrumb","itemListElement":[{"@type":"ListItem","position":1,"name":"H\u00edrek","item":"https:\/\/seed.hu\/hirek\/"},{"@type":"ListItem","position":2,"name":"Jelentkezz a Tudatos p\u00e1ly\u00e1zati forr\u00e1sbevon\u00e1s workshopra!"}]},{"@type":"WebSite","@id":"https:\/\/seed.hu\/#website","url":"https:\/\/seed.hu\/","name":"Seed","description":"","potentialAction":[{"@type":"SearchAction","target":{"@type":"EntryPoint","urlTemplate":"https:\/\/seed.hu\/?s={search_term_string}"},"query-input":{"@type":"PropertyValueSpecification","valueRequired":true,"valueName":"search_term_string"}}],"inLanguage":"en-US"}]}},"_links":{"self":[{"href":"https:\/\/seed.hu\/en\/wp-json\/wp\/v2\/hirek\/1203","targetHints":{"allow":["GET"]}}],"collection":[{"href":"https:\/\/seed.hu\/en\/wp-json\/wp\/v2\/hirek"}],"about":[{"href":"https:\/\/seed.hu\/en\/wp-json\/wp\/v2\/types\/hirek"}],"wp:featuredmedia":[{"embeddable":true,"href":"https:\/\/seed.hu\/en\/wp-json\/wp\/v2\/media\/792"}],"wp:attachment":[{"href":"https:\/\/seed.hu\/en\/wp-json\/wp\/v2\/media?parent=1203"}],"curies":[{"name":"wp","href":"https:\/\/api.w.org\/{rel}","templated":true}]}}