{"id":1459,"date":"2022-03-18T07:14:41","date_gmt":"2022-03-18T06:14:41","guid":{"rendered":"https:\/\/seed.hu\/?post_type=hirek&#038;p=1459"},"modified":"2022-04-02T13:32:04","modified_gmt":"2022-04-02T11:32:04","slug":"europai-vallalkozasfejlesztesi-dij","status":"publish","type":"hirek","link":"https:\/\/seed.hu\/en\/hirek\/europai-vallalkozasfejlesztesi-dij\/","title":{"rendered":"Eur\u00f3pai V\u00e1llalkoz\u00e1sfejleszt\u00e9si D\u00edj"},"content":{"rendered":"<p><strong>Megjelent az Eur\u00f3pai V\u00e1llalkoz\u00e1sfejleszt\u00e9si D\u00edj felh\u00edv\u00e1sa, amelynek nemzeti fordul\u00f3j\u00e1ra id\u00e9n m\u00e1jus v\u00e9g\u00e9ig lehet beny\u00fajtani a jelentkez\u00e9seket.<\/strong> Magyarorsz\u00e1g az\u00e9rt csatlakozott az eur\u00f3pai kezdem\u00e9nyez\u00e9shez, mert a v\u00e1llalkoz\u00e1sfejleszt\u00e9snek a t\u00e1mogat\u00e1si programok mellett fontos r\u00e9sze az is, hogy elismerj\u00fck p\u00e9ldamutat\u00f3 v\u00e1llalkoz\u00e1sainkat \u00e9s hozz\u00e1j\u00e1ruljunk a j\u00f3 gyakorlatok megoszt\u00e1s\u00e1hoz \u2013 mondta el Gy\u00f6rgy L\u00e1szl\u00f3 gazdas\u00e1gstrat\u00e9gi\u00e1\u00e9rt \u00e9s szab\u00e1lyoz\u00e1s\u00e9rt felel\u0151s \u00e1llamtitk\u00e1r.<\/p>\n<p>Az Eur\u00f3pai Bizotts\u00e1g \u00e1ltal el\u0151sz\u00f6r 2006-ban ind\u00edtott verseny a legkreat\u00edvabb \u00e9s legsikeresebb v\u00e1llalkoz\u00e1sfejleszt\u00e9si programokat r\u00e9szes\u00edti elismer\u00e9sben. C\u00e9lja az olyan kezdem\u00e9nyez\u00e9sek megismertet\u00e9se az eur\u00f3pai k\u00f6zv\u00e9lem\u00e9nnyel, amelyek megk\u00f6nny\u00edtik a v\u00e1llalkoz\u00f3v\u00e1 v\u00e1l\u00e1st, illetve a v\u00e1llalkoz\u00e1sok mindennapjait, \u00e9s mint\u00e1ul szolg\u00e1lhatnak a nemzetk\u00f6zi c\u00e9gek sz\u00e1m\u00e1ra is.<\/p>\n<p>Az Eur\u00f3pai V\u00e1llalkoz\u00e1sfejleszt\u00e9si D\u00edjra (EEPA \u2013 European Enterprise Promotion Awards) nonprofit szervezetek, \u00f6nkorm\u00e1nyzatok, \u00e1llami szervek, t\u00e1rsadalmi v\u00e1llalkoz\u00e1sok p\u00e1ly\u00e1zhatnak legal\u00e1bb 15 h\u00f3napja m\u0171k\u00f6dtetett, kifejezetten v\u00e1llalkoz\u00e1sfejleszt\u00e9si programokkal hat kateg\u00f3ri\u00e1ban: a v\u00e1llalkoz\u00f3i kedv \u00f6szt\u00f6nz\u00e9se, a v\u00e1llalkoz\u00f3i ismeretek n\u00f6vel\u00e9se, az \u00fczleti k\u00f6rnyezet fejleszt\u00e9se \u00e9s digit\u00e1lis \u00e1t\u00e1ll\u00e1s t\u00e1mogat\u00e1sa, a v\u00e1llalkoz\u00e1sok k\u00fclpiacra l\u00e9p\u00e9s\u00e9nek el\u0151seg\u00edt\u00e9se, a fenntarthat\u00f3 \u00e1t\u00e1ll\u00e1s \u00f6szt\u00f6nz\u00e9se, valamint a v\u00e1llalkoz\u00e1s a t\u00e1rsadalmi es\u00e9lyegyenl\u0151s\u00e9g\u00e9rt.<\/p>\n<p>A d\u00edjra nemzeti \u00e9s eur\u00f3pai szinten lehet nevezni. A magyarorsz\u00e1gi szakmai zs\u0171ri az eur\u00f3pai fordul\u00f3ba k\u00e9t projektet juttat tov\u00e1bb. Az Eur\u00f3pai Zs\u0171ri F\u0151d\u00edj\u00e1t az a p\u00e1ly\u00e1zat nyeri el, amely Eur\u00f3pa legkreat\u00edvabb \u00e9s leginspir\u00e1l\u00f3bb v\u00e1llalkoz\u00e1sfejleszt\u00e9si programj\u00e1nak bizonyul.<\/p>\n<p>Az Eur\u00f3pai V\u00e1llalkoz\u00e1sfejleszt\u00e9si D\u00edjra 2022. m\u00e1jus 31-ig lehet jelentkezni a <a href=\"mailto:kkvdij@itm.gov.hu?subject=Jelentkez%C3%A9s%20az%20Eur%C3%B3pai%20V%C3%A1llalkoz%C3%A1sfejleszt%C3%A9si%20D%C3%ADjra\"><strong>kkvdij@itm.gov.hu<\/strong><\/a> e-mail c\u00edmen. Az \u00e9rdekl\u0151d\u0151k a p\u00e1ly\u00e1zati r\u00e9szleteir\u0151l az al\u00e1bbi linken t\u00e1j\u00e9koz\u00f3dhatnak.<\/p>\n<p><a href=\"https:\/\/kormany.hu\/dokumentumtar\/europai-vallalkozasfejlesztesi-dij-2022-palyazat\" target=\"_blank\" rel=\"noopener\"><strong>https:\/\/kormany.hu\/dokumentumtar\/europai-vallalkozasfejlesztesi-dij-2022-palyazat<\/strong><\/a><\/p>\n","protected":false},"featured_media":792,"menu_order":0,"template":"","meta":{"_acf_changed":false},"class_list":["post-1459","hirek","type-hirek","status-publish","has-post-thumbnail","hentry"],"acf":[],"yoast_head":"<!-- This site is optimized with the Yoast SEO plugin v27.4 - https:\/\/yoast.com\/product\/yoast-seo-wordpress\/ -->\n<title>Eur\u00f3pai V\u00e1llalkoz\u00e1sfejleszt\u00e9si D\u00edj - Seed<\/title>\n<meta name=\"robots\" content=\"index, follow, max-snippet:-1, max-image-preview:large, max-video-preview:-1\" \/>\n<link rel=\"canonical\" href=\"https:\/\/seed.hu\/hirek\/europai-vallalkozasfejlesztesi-dij\/\" \/>\n<meta property=\"og:locale\" content=\"en_US\" \/>\n<meta property=\"og:type\" content=\"article\" \/>\n<meta property=\"og:title\" content=\"Eur\u00f3pai V\u00e1llalkoz\u00e1sfejleszt\u00e9si D\u00edj - Seed\" \/>\n<meta property=\"og:description\" content=\"Megjelent az Eur\u00f3pai V\u00e1llalkoz\u00e1sfejleszt\u00e9si D\u00edj felh\u00edv\u00e1sa, amelynek nemzeti fordul\u00f3j\u00e1ra id\u00e9n m\u00e1jus v\u00e9g\u00e9ig lehet beny\u00fajtani a jelentkez\u00e9seket. Magyarorsz\u00e1g az\u00e9rt csatlakozott az eur\u00f3pai kezdem\u00e9nyez\u00e9shez, mert a v\u00e1llalkoz\u00e1sfejleszt\u00e9snek a t\u00e1mogat\u00e1si programok mellett fontos r\u00e9sze az is, hogy elismerj\u00fck p\u00e9ldamutat\u00f3 v\u00e1llalkoz\u00e1sainkat \u00e9s hozz\u00e1j\u00e1ruljunk a j\u00f3 gyakorlatok megoszt\u00e1s\u00e1hoz \u2013 mondta el Gy\u00f6rgy L\u00e1szl\u00f3 gazdas\u00e1gstrat\u00e9gi\u00e1\u00e9rt \u00e9s szab\u00e1lyoz\u00e1s\u00e9rt felel\u0151s \u00e1llamtitk\u00e1r. Az Eur\u00f3pai [&hellip;]\" \/>\n<meta property=\"og:url\" content=\"https:\/\/seed.hu\/hirek\/europai-vallalkozasfejlesztesi-dij\/\" \/>\n<meta property=\"og:site_name\" content=\"Seed\" \/>\n<meta property=\"article:modified_time\" content=\"2022-04-02T11:32:04+00:00\" \/>\n<meta property=\"og:image\" content=\"https:\/\/seed.hu\/wp-content\/uploads\/2018\/04\/SEED_logo.png\" \/>\n\t<meta property=\"og:image:width\" content=\"250\" \/>\n\t<meta property=\"og:image:height\" content=\"206\" \/>\n\t<meta property=\"og:image:type\" content=\"image\/png\" \/>\n<meta name=\"twitter:card\" content=\"summary_large_image\" \/>\n<meta name=\"twitter:label1\" content=\"Est. reading time\" \/>\n\t<meta name=\"twitter:data1\" content=\"2 minutes\" \/>\n<script type=\"application\/ld+json\" class=\"yoast-schema-graph\">{\"@context\":\"https:\\\/\\\/schema.org\",\"@graph\":[{\"@type\":\"WebPage\",\"@id\":\"https:\\\/\\\/seed.hu\\\/hirek\\\/europai-vallalkozasfejlesztesi-dij\\\/\",\"url\":\"https:\\\/\\\/seed.hu\\\/hirek\\\/europai-vallalkozasfejlesztesi-dij\\\/\",\"name\":\"Eur\u00f3pai V\u00e1llalkoz\u00e1sfejleszt\u00e9si D\u00edj - Seed\",\"isPartOf\":{\"@id\":\"https:\\\/\\\/seed.hu\\\/#website\"},\"primaryImageOfPage\":{\"@id\":\"https:\\\/\\\/seed.hu\\\/hirek\\\/europai-vallalkozasfejlesztesi-dij\\\/#primaryimage\"},\"image\":{\"@id\":\"https:\\\/\\\/seed.hu\\\/hirek\\\/europai-vallalkozasfejlesztesi-dij\\\/#primaryimage\"},\"thumbnailUrl\":\"https:\\\/\\\/seed.hu\\\/wp-content\\\/uploads\\\/2018\\\/04\\\/SEED_logo.png\",\"datePublished\":\"2022-03-18T06:14:41+00:00\",\"dateModified\":\"2022-04-02T11:32:04+00:00\",\"breadcrumb\":{\"@id\":\"https:\\\/\\\/seed.hu\\\/hirek\\\/europai-vallalkozasfejlesztesi-dij\\\/#breadcrumb\"},\"inLanguage\":\"en-US\",\"potentialAction\":[{\"@type\":\"ReadAction\",\"target\":[\"https:\\\/\\\/seed.hu\\\/hirek\\\/europai-vallalkozasfejlesztesi-dij\\\/\"]}]},{\"@type\":\"ImageObject\",\"inLanguage\":\"en-US\",\"@id\":\"https:\\\/\\\/seed.hu\\\/hirek\\\/europai-vallalkozasfejlesztesi-dij\\\/#primaryimage\",\"url\":\"https:\\\/\\\/seed.hu\\\/wp-content\\\/uploads\\\/2018\\\/04\\\/SEED_logo.png\",\"contentUrl\":\"https:\\\/\\\/seed.hu\\\/wp-content\\\/uploads\\\/2018\\\/04\\\/SEED_logo.png\",\"width\":250,\"height\":206},{\"@type\":\"BreadcrumbList\",\"@id\":\"https:\\\/\\\/seed.hu\\\/hirek\\\/europai-vallalkozasfejlesztesi-dij\\\/#breadcrumb\",\"itemListElement\":[{\"@type\":\"ListItem\",\"position\":1,\"name\":\"H\u00edrek\",\"item\":\"https:\\\/\\\/seed.hu\\\/hirek\\\/\"},{\"@type\":\"ListItem\",\"position\":2,\"name\":\"Eur\u00f3pai V\u00e1llalkoz\u00e1sfejleszt\u00e9si D\u00edj\"}]},{\"@type\":\"WebSite\",\"@id\":\"https:\\\/\\\/seed.hu\\\/#website\",\"url\":\"https:\\\/\\\/seed.hu\\\/\",\"name\":\"Seed\",\"description\":\"\",\"potentialAction\":[{\"@type\":\"SearchAction\",\"target\":{\"@type\":\"EntryPoint\",\"urlTemplate\":\"https:\\\/\\\/seed.hu\\\/?s={search_term_string}\"},\"query-input\":{\"@type\":\"PropertyValueSpecification\",\"valueRequired\":true,\"valueName\":\"search_term_string\"}}],\"inLanguage\":\"en-US\"}]}<\/script>\n<!-- \/ Yoast SEO plugin. -->","yoast_head_json":{"title":"Eur\u00f3pai V\u00e1llalkoz\u00e1sfejleszt\u00e9si D\u00edj - Seed","robots":{"index":"index","follow":"follow","max-snippet":"max-snippet:-1","max-image-preview":"max-image-preview:large","max-video-preview":"max-video-preview:-1"},"canonical":"https:\/\/seed.hu\/hirek\/europai-vallalkozasfejlesztesi-dij\/","og_locale":"en_US","og_type":"article","og_title":"Eur\u00f3pai V\u00e1llalkoz\u00e1sfejleszt\u00e9si D\u00edj - Seed","og_description":"Megjelent az Eur\u00f3pai V\u00e1llalkoz\u00e1sfejleszt\u00e9si D\u00edj felh\u00edv\u00e1sa, amelynek nemzeti fordul\u00f3j\u00e1ra id\u00e9n m\u00e1jus v\u00e9g\u00e9ig lehet beny\u00fajtani a jelentkez\u00e9seket. Magyarorsz\u00e1g az\u00e9rt csatlakozott az eur\u00f3pai kezdem\u00e9nyez\u00e9shez, mert a v\u00e1llalkoz\u00e1sfejleszt\u00e9snek a t\u00e1mogat\u00e1si programok mellett fontos r\u00e9sze az is, hogy elismerj\u00fck p\u00e9ldamutat\u00f3 v\u00e1llalkoz\u00e1sainkat \u00e9s hozz\u00e1j\u00e1ruljunk a j\u00f3 gyakorlatok megoszt\u00e1s\u00e1hoz \u2013 mondta el Gy\u00f6rgy L\u00e1szl\u00f3 gazdas\u00e1gstrat\u00e9gi\u00e1\u00e9rt \u00e9s szab\u00e1lyoz\u00e1s\u00e9rt felel\u0151s \u00e1llamtitk\u00e1r. Az Eur\u00f3pai [&hellip;]","og_url":"https:\/\/seed.hu\/hirek\/europai-vallalkozasfejlesztesi-dij\/","og_site_name":"Seed","article_modified_time":"2022-04-02T11:32:04+00:00","og_image":[{"width":250,"height":206,"url":"https:\/\/seed.hu\/wp-content\/uploads\/2018\/04\/SEED_logo.png","type":"image\/png"}],"twitter_card":"summary_large_image","twitter_misc":{"Est. reading time":"2 minutes"},"schema":{"@context":"https:\/\/schema.org","@graph":[{"@type":"WebPage","@id":"https:\/\/seed.hu\/hirek\/europai-vallalkozasfejlesztesi-dij\/","url":"https:\/\/seed.hu\/hirek\/europai-vallalkozasfejlesztesi-dij\/","name":"Eur\u00f3pai V\u00e1llalkoz\u00e1sfejleszt\u00e9si D\u00edj - Seed","isPartOf":{"@id":"https:\/\/seed.hu\/#website"},"primaryImageOfPage":{"@id":"https:\/\/seed.hu\/hirek\/europai-vallalkozasfejlesztesi-dij\/#primaryimage"},"image":{"@id":"https:\/\/seed.hu\/hirek\/europai-vallalkozasfejlesztesi-dij\/#primaryimage"},"thumbnailUrl":"https:\/\/seed.hu\/wp-content\/uploads\/2018\/04\/SEED_logo.png","datePublished":"2022-03-18T06:14:41+00:00","dateModified":"2022-04-02T11:32:04+00:00","breadcrumb":{"@id":"https:\/\/seed.hu\/hirek\/europai-vallalkozasfejlesztesi-dij\/#breadcrumb"},"inLanguage":"en-US","potentialAction":[{"@type":"ReadAction","target":["https:\/\/seed.hu\/hirek\/europai-vallalkozasfejlesztesi-dij\/"]}]},{"@type":"ImageObject","inLanguage":"en-US","@id":"https:\/\/seed.hu\/hirek\/europai-vallalkozasfejlesztesi-dij\/#primaryimage","url":"https:\/\/seed.hu\/wp-content\/uploads\/2018\/04\/SEED_logo.png","contentUrl":"https:\/\/seed.hu\/wp-content\/uploads\/2018\/04\/SEED_logo.png","width":250,"height":206},{"@type":"BreadcrumbList","@id":"https:\/\/seed.hu\/hirek\/europai-vallalkozasfejlesztesi-dij\/#breadcrumb","itemListElement":[{"@type":"ListItem","position":1,"name":"H\u00edrek","item":"https:\/\/seed.hu\/hirek\/"},{"@type":"ListItem","position":2,"name":"Eur\u00f3pai V\u00e1llalkoz\u00e1sfejleszt\u00e9si D\u00edj"}]},{"@type":"WebSite","@id":"https:\/\/seed.hu\/#website","url":"https:\/\/seed.hu\/","name":"Seed","description":"","potentialAction":[{"@type":"SearchAction","target":{"@type":"EntryPoint","urlTemplate":"https:\/\/seed.hu\/?s={search_term_string}"},"query-input":{"@type":"PropertyValueSpecification","valueRequired":true,"valueName":"search_term_string"}}],"inLanguage":"en-US"}]}},"_links":{"self":[{"href":"https:\/\/seed.hu\/en\/wp-json\/wp\/v2\/hirek\/1459","targetHints":{"allow":["GET"]}}],"collection":[{"href":"https:\/\/seed.hu\/en\/wp-json\/wp\/v2\/hirek"}],"about":[{"href":"https:\/\/seed.hu\/en\/wp-json\/wp\/v2\/types\/hirek"}],"wp:featuredmedia":[{"embeddable":true,"href":"https:\/\/seed.hu\/en\/wp-json\/wp\/v2\/media\/792"}],"wp:attachment":[{"href":"https:\/\/seed.hu\/en\/wp-json\/wp\/v2\/media?parent=1459"}],"curies":[{"name":"wp","href":"https:\/\/api.w.org\/{rel}","templated":true}]}}