{"id":1460,"date":"2022-03-18T07:24:11","date_gmt":"2022-03-18T06:24:11","guid":{"rendered":"https:\/\/seed.hu\/?post_type=hirek&#038;p=1460"},"modified":"2022-04-07T22:14:59","modified_gmt":"2022-04-07T20:14:59","slug":"kritikus-eroforrasunk-az-ember-tudasmegoszto-esemeny-az-orszagos-vallalkozoi-mentorprogram","status":"publish","type":"hirek","link":"https:\/\/seed.hu\/en\/hirek\/kritikus-eroforrasunk-az-ember-tudasmegoszto-esemeny-az-orszagos-vallalkozoi-mentorprogram\/","title":{"rendered":"Kritikus er\u0151forr\u00e1sunk az ember &#8211; Tud\u00e1smegoszt\u00f3 \u00e9s Mentor Klub esem\u00e9ny az Orsz\u00e1gos V\u00e1llalkoz\u00f3i Mentorprogram keret\u00e9ben"},"content":{"rendered":"<p><span style=\"font-size: 20px;\"><strong>Kritikus er\u0151forr\u00e1sunk az ember<\/strong><\/span><br \/>\n<span style=\"font-size: 20px;\"><strong>Tud\u00e1smegoszt\u00f3 \u00e9s Mentor Klub esem\u00e9ny az Orsz\u00e1gos V\u00e1llalkoz\u00f3i Mentorprogram keret\u00e9ben<\/strong><\/span><\/p>\n<p>Kritikus er\u0151forr\u00e1sunk az ember\u00a0 &#8211; ezt minden v\u00e1llalkoz\u00e1s mag\u00e1ra n\u00e9zve igaznak \u00e9rzi, \u00e9s ez nem v\u00e9letlen\u2026<\/p>\n<p>A SEED Kisv\u00e1llalkoz\u00e1s-fejleszt\u00e9si Alap\u00edtv\u00e1ny ezt a sokr\u00e9t\u0171 t\u00e9m\u00e1t igyekszik feldolgozni a soron k\u00f6vetkez\u0151 v\u00e1llalkoz\u00f3i szakmai rendezv\u00e9ny\u00e9n.<\/p>\n<p>Mindannyian \u00e9rezz\u00fck, hogy feladatunk, felel\u0151ss\u00e9g\u00fcnk van az emberi t\u00e9nyez\u0151 kapcs\u00e1n, hiszen minden tett\u00fcnk emberi kapcsol\u00f3d\u00e1sokon alapul. Az, hogy milyen szerepe van az elt\u00e9r\u0151 gener\u00e1ci\u00f3k c\u00e9ljainak \u00e9s amb\u00edci\u00f3inak egy poz\u00edci\u00f3 bet\u00f6lt\u00e9se \u00e9s megtart\u00e1sa kapcs\u00e1n, hogy napjainkban, a v\u00e1ltoz\u00f3 munkahelyi felt\u00e9telek mellett milyen m\u00f3don alakul \u00e1t egy \u00faj munkat\u00e1rs felv\u00e9tele, kiv\u00e1laszt\u00e1sa \u00e9s legf\u0151k\u00e9pp megtart\u00e1sa a munkaad\u00f3 v\u00e1llalkoz\u00e1s oldal\u00e1r\u00f3l, vagy hogyan veheti fel a versenyt egy kisv\u00e1llalkoz\u00e1s a multikkal szemben, a b\u00e9ren k\u00edv\u00fcl mivel lehet m\u00e9g motiv\u00e1lni a koll\u00e9g\u00e1kat, m\u00e1ra m\u00e1r a v\u00e1llalkoz\u00f3i tud\u00e1sunk r\u00e9sz\u00e9t kell, hogy k\u00e9pezze. Ebben seg\u00edtenek t\u00e1mpontokat biztos\u00edtani megh\u00edvott el\u0151ad\u00f3ink, Korycki Adriennl,\u00a0 a kis- \u00e9s k\u00f6z\u00e9pv\u00e1llalkoz\u00e1sok HR szak\u00e9rt\u0151je \u00e9s Steigervald Kriszti\u00e1n gener\u00e1ci\u00f3 szak\u00e9rt\u0151.<\/p>\n<p>Rendezv\u00e9ny\u00fcnkkel nem csak teret biztos\u00edtunk arra, hogy az emberi er\u0151forr\u00e1s, mint v\u00e1llalkoz\u00e1sok egyik kulcst\u00e9nyez\u0151je kapcs\u00e1n \u00faj ismeretekkel gazdagodhassanak a r\u00e9sztvev\u0151k, de az el\u00e9rhet\u0151, munkaer\u0151piaci fejleszt\u00e9si forr\u00e1sokat is bemutatj\u00e1k megh\u00edvott el\u0151ad\u00f3ink.<\/p>\n<p>Az el\u0151ad\u00e1sokat k\u00f6vet\u0151 kellemes hangulat\u00fa \u00e1ll\u00f3fogad\u00e1s pedig alkalmat ny\u00fajt a tapasztalatok megoszt\u00e1s\u00e1ra, a szak\u00e9rt\u0151k fel\u00e9 k\u00e9rd\u00e9sek megfogalmaz\u00e1s\u00e1ra \u00e9s a kapcsolat\u00e9p\u00edt\u00e9sre.<\/p>\n<p><strong>Id\u0151pont: 2022. \u00e1prilis\u00a013. <\/strong><\/p>\n<p><strong>\u00a0 9:30-13:00 Plen\u00e1ris szekci\u00f3<br \/>\n13:00-15:00 z\u00e1rtk\u00f6r\u0171 Mentor Klub<\/strong><\/p>\n<p><strong>Helysz\u00edn: NeuroHarm\u00f3nia Fejleszt\u0151 K\u00f6zpont,<br \/>\n7100 Szeksz\u00e1rd, Pollack Mih\u00e1ly u. 53<\/strong><\/p>\n<p>9:30-10:00\u00a0 \u00a0 \u00a0<strong>Regisztr\u00e1ci\u00f3 <\/strong>\u00e9s reggeli k\u00e1v\u00e9, pog\u00e1csa<\/p>\n<p>10:00-10:15\u00a0\u00a0\u00a0\u00a0\u00a0<strong>K\u00f6sz\u00f6nt\u0151 el\u0151ad\u00e1s<\/strong>\u00a0&#8211; Dobos Bal\u00e1zs gazdas\u00e1gfejleszt\u00e9s\u00e9rt felel\u0151s helyettes \u00e1llamtitk\u00e1r, Innov\u00e1ci\u00f3s \u00e9s Technol\u00f3giai Miniszt\u00e9rium<\/p>\n<p>10:15-11:15\u00a0\u00a0\u00a0\u00a0\u00a0<strong>Kritikus er\u0151forr\u00e1sunk az ember<\/strong><\/p>\n<p><strong>Vitaind\u00edt\u00f3 el\u0151ad\u00e1s 10 percben Steigervald Kriszti\u00e1n<\/strong>\u00a0gener\u00e1ci\u00f3 szak\u00e9rt\u0151t\u0151l<\/p>\n<p>Moder\u00e1lt besz\u00e9lget\u00e9s, melynek r\u00e9sztvev\u0151i:<br \/>\n<strong>\u00a0 \u00a0 \u00a0 \u00a0 \u00a0 \u00a0 \u00a0 \u00a0 \u00a0 \u00a0 \u00a0 \u00a0 &#8211; Korycki Adrienn<\/strong>\u00a0 kis-\u00e9s k\u00f6z\u00e9pv\u00e1llalkoz\u00e1sok HR szak\u00e9rt\u0151je<br \/>\n<strong>\u00a0 \u00a0 \u00a0 \u00a0 \u00a0 \u00a0 \u00a0 \u00a0 \u00a0 \u00a0 \u00a0 \u00a0\u00a0<a href=\"http:\/\/salio.hu\/bemutatkozunk\/munkatarsaink\/\" target=\"_blank\" rel=\"noopener\">http:\/\/salio.hu\/bemutatkozunk\/munkatarsaink\/<\/a><\/strong><br \/>\n<strong>\u00a0 \u00a0 \u00a0 \u00a0 \u00a0 \u00a0 \u00a0 \u00a0 \u00a0 \u00a0 \u00a0 \u00a0 &#8211; Steigervald Kriszti\u00e1n<\/strong>\u00a0gener\u00e1ci\u00f3 szak\u00e9rt\u0151<br \/>\n<a href=\"https:\/\/steigen.hu\/rolunk\/\" target=\"_blank\" rel=\"noopener\"><strong>https:\/\/steigen.hu\/rolunk\/<\/strong><\/a><\/p>\n<p><strong>Moder\u00e1tor:\u00a0<\/strong>Szab\u00f3 Zs\u00f3fia, szuperv\u00edzor, SEED Alap\u00edtv\u00e1ny<\/p>\n<p>11:15-11:35\u00a0 \u00a0\u00a0\u00a0<strong>A szem\u00e9lyre szabott v\u00e1llalkoz\u00f3i inform\u00e1ci\u00f3 &#8211; a\u00a0<a href=\"http:\/\/vali.hu\" target=\"_blank\" rel=\"noopener\">vali.hu<\/a>\u00a0oldal bemutat\u00e1sa, a kapcsol\u00f3d\u00f3 t\u00e1mogat\u00e1si lehet\u0151sekkel <\/strong>&#8211;\u00a0dr. Billo K\u00e1rmen, projektvezet\u0151, IFKA<\/p>\n<p>11:35-11:50\u00a0 \u00a0 \u00a0<strong>L\u00e9pj szintet a v\u00e1llalkoz\u00e1soddal!<\/strong>\u00a0&#8211; Az Orsz\u00e1gos V\u00e1llalkoz\u00f3i Mentorprogram 2022. \u00e9vi programsorozat\u00e1nak bemutat\u00e1sa &#8211; Lakatosn\u00e9 Luk\u00e1cs Zsuzsanna, \u00fcgyvezet\u0151 igazgat\u00f3, SEED Alap\u00edtv\u00e1ny<\/p>\n<p>12:00-13:00\u00a0 \u00a0 <strong>Eb\u00e9d<\/strong>,\u00a0mint az \u00e9tkez\u00e9s, a kapcsolat\u00e9p\u00edt\u00e9s, k\u00e9rdez\u00e9s, tapasztalatmegoszt\u00e1s ideje<\/p>\n<p>13:00-15:00\u00a0 \u00a0 <strong>Mentor Klub<br \/>\n<\/strong>Az esem\u00e9ny z\u00e1rtk\u00f6r\u0171, kiz\u00e1r\u00f3lag a Szem\u00e9lyes V\u00e1llalkoz\u00f3i Mentor\u00e1l\u00e1s alprojekt mentorai sz\u00e1m\u00e1ra meghirdetett esem\u00e9ny<\/p>\n<p>A rendezv\u00e9nyen a r\u00e9szv\u00e9tel d\u00edjmentes, de regisztr\u00e1ci\u00f3hoz k\u00f6t\u00f6tt, melyet itt lehet megtenni:<\/p>\n<p><a href=\"https:\/\/mentorprogram.seed.hu\/form\/regisztracio-ovm-programsorozat\" target=\"_blank\" rel=\"noopener\"><img decoding=\"async\" style=\"width: 136px; height: 48px;\" src=\"https:\/\/seed.hu\/wp-content\/uploads\/2022\/04\/Regisztracio4.png\" alt=\"\" \/><\/a><\/p>\n<p><strong>Kapcsolat: <a href=\"mailto:mentorprogram@seed.hu?subject=Kritikus%20er%C5%91forr%C3%A1sunk%20az%20ember%20-%20Szeksz%C3%A1rd%2C%202022.%20%C3%A1prilis%2013.\">mentorprogram@seed.hu<\/a><\/strong><br \/>\nSEED Kisv\u00e1llalkoz\u00e1s-fejleszt\u00e9si Alap\u00edtv\u00e1ny<br \/>\n<strong><a href=\"http:\/\/www.seed.hu\" target=\"_blank\" rel=\"noopener\">www.seed.hu<\/a><\/strong><\/p>\n<p>&nbsp;<\/p>\n","protected":false},"featured_media":338,"menu_order":0,"template":"","meta":{"_acf_changed":false},"class_list":["post-1460","hirek","type-hirek","status-publish","has-post-thumbnail","hentry"],"acf":[],"yoast_head":"<!-- This site is optimized with the Yoast SEO plugin v27.4 - https:\/\/yoast.com\/product\/yoast-seo-wordpress\/ -->\n<title>Kritikus er\u0151forr\u00e1sunk az ember - Tud\u00e1smegoszt\u00f3 \u00e9s Mentor Klub esem\u00e9ny az Orsz\u00e1gos V\u00e1llalkoz\u00f3i Mentorprogram keret\u00e9ben - Seed<\/title>\n<meta name=\"robots\" content=\"index, follow, max-snippet:-1, max-image-preview:large, max-video-preview:-1\" \/>\n<link rel=\"canonical\" href=\"https:\/\/seed.hu\/hirek\/kritikus-eroforrasunk-az-ember-tudasmegoszto-esemeny-az-orszagos-vallalkozoi-mentorprogram\/\" \/>\n<meta property=\"og:locale\" content=\"en_US\" \/>\n<meta property=\"og:type\" content=\"article\" \/>\n<meta property=\"og:title\" content=\"Kritikus er\u0151forr\u00e1sunk az ember - Tud\u00e1smegoszt\u00f3 \u00e9s Mentor Klub esem\u00e9ny az Orsz\u00e1gos V\u00e1llalkoz\u00f3i Mentorprogram keret\u00e9ben - Seed\" \/>\n<meta property=\"og:description\" content=\"Kritikus er\u0151forr\u00e1sunk az ember Tud\u00e1smegoszt\u00f3 \u00e9s Mentor Klub esem\u00e9ny az Orsz\u00e1gos V\u00e1llalkoz\u00f3i Mentorprogram keret\u00e9ben Kritikus er\u0151forr\u00e1sunk az ember\u00a0 &#8211; ezt minden v\u00e1llalkoz\u00e1s mag\u00e1ra n\u00e9zve igaznak \u00e9rzi, \u00e9s ez nem v\u00e9letlen\u2026 A SEED Kisv\u00e1llalkoz\u00e1s-fejleszt\u00e9si Alap\u00edtv\u00e1ny ezt a sokr\u00e9t\u0171 t\u00e9m\u00e1t igyekszik feldolgozni a soron k\u00f6vetkez\u0151 v\u00e1llalkoz\u00f3i szakmai rendezv\u00e9ny\u00e9n. Mindannyian \u00e9rezz\u00fck, hogy feladatunk, felel\u0151ss\u00e9g\u00fcnk van az emberi t\u00e9nyez\u0151 [&hellip;]\" \/>\n<meta property=\"og:url\" content=\"https:\/\/seed.hu\/hirek\/kritikus-eroforrasunk-az-ember-tudasmegoszto-esemeny-az-orszagos-vallalkozoi-mentorprogram\/\" \/>\n<meta property=\"og:site_name\" content=\"Seed\" \/>\n<meta property=\"article:modified_time\" content=\"2022-04-07T20:14:59+00:00\" \/>\n<meta property=\"og:image\" content=\"https:\/\/seed.hu\/wp-content\/uploads\/2021\/04\/Orsza\u0301gos-Va\u0301llalkozo\u0301i-Mentorprogram.png\" \/>\n\t<meta property=\"og:image:width\" content=\"773\" \/>\n\t<meta property=\"og:image:height\" content=\"774\" \/>\n\t<meta property=\"og:image:type\" content=\"image\/png\" \/>\n<meta name=\"twitter:card\" content=\"summary_large_image\" \/>\n<meta name=\"twitter:label1\" content=\"Est. reading time\" \/>\n\t<meta name=\"twitter:data1\" content=\"3 minutes\" \/>\n<script type=\"application\/ld+json\" class=\"yoast-schema-graph\">{\"@context\":\"https:\\\/\\\/schema.org\",\"@graph\":[{\"@type\":\"WebPage\",\"@id\":\"https:\\\/\\\/seed.hu\\\/hirek\\\/kritikus-eroforrasunk-az-ember-tudasmegoszto-esemeny-az-orszagos-vallalkozoi-mentorprogram\\\/\",\"url\":\"https:\\\/\\\/seed.hu\\\/hirek\\\/kritikus-eroforrasunk-az-ember-tudasmegoszto-esemeny-az-orszagos-vallalkozoi-mentorprogram\\\/\",\"name\":\"Kritikus er\u0151forr\u00e1sunk az ember - Tud\u00e1smegoszt\u00f3 \u00e9s Mentor Klub esem\u00e9ny az Orsz\u00e1gos V\u00e1llalkoz\u00f3i Mentorprogram keret\u00e9ben - Seed\",\"isPartOf\":{\"@id\":\"https:\\\/\\\/seed.hu\\\/#website\"},\"primaryImageOfPage\":{\"@id\":\"https:\\\/\\\/seed.hu\\\/hirek\\\/kritikus-eroforrasunk-az-ember-tudasmegoszto-esemeny-az-orszagos-vallalkozoi-mentorprogram\\\/#primaryimage\"},\"image\":{\"@id\":\"https:\\\/\\\/seed.hu\\\/hirek\\\/kritikus-eroforrasunk-az-ember-tudasmegoszto-esemeny-az-orszagos-vallalkozoi-mentorprogram\\\/#primaryimage\"},\"thumbnailUrl\":\"https:\\\/\\\/seed.hu\\\/wp-content\\\/uploads\\\/2021\\\/04\\\/Orsza\u0301gos-Va\u0301llalkozo\u0301i-Mentorprogram.png\",\"datePublished\":\"2022-03-18T06:24:11+00:00\",\"dateModified\":\"2022-04-07T20:14:59+00:00\",\"breadcrumb\":{\"@id\":\"https:\\\/\\\/seed.hu\\\/hirek\\\/kritikus-eroforrasunk-az-ember-tudasmegoszto-esemeny-az-orszagos-vallalkozoi-mentorprogram\\\/#breadcrumb\"},\"inLanguage\":\"en-US\",\"potentialAction\":[{\"@type\":\"ReadAction\",\"target\":[\"https:\\\/\\\/seed.hu\\\/hirek\\\/kritikus-eroforrasunk-az-ember-tudasmegoszto-esemeny-az-orszagos-vallalkozoi-mentorprogram\\\/\"]}]},{\"@type\":\"ImageObject\",\"inLanguage\":\"en-US\",\"@id\":\"https:\\\/\\\/seed.hu\\\/hirek\\\/kritikus-eroforrasunk-az-ember-tudasmegoszto-esemeny-az-orszagos-vallalkozoi-mentorprogram\\\/#primaryimage\",\"url\":\"https:\\\/\\\/seed.hu\\\/wp-content\\\/uploads\\\/2021\\\/04\\\/Orsza\u0301gos-Va\u0301llalkozo\u0301i-Mentorprogram.png\",\"contentUrl\":\"https:\\\/\\\/seed.hu\\\/wp-content\\\/uploads\\\/2021\\\/04\\\/Orsza\u0301gos-Va\u0301llalkozo\u0301i-Mentorprogram.png\",\"width\":773,\"height\":774},{\"@type\":\"BreadcrumbList\",\"@id\":\"https:\\\/\\\/seed.hu\\\/hirek\\\/kritikus-eroforrasunk-az-ember-tudasmegoszto-esemeny-az-orszagos-vallalkozoi-mentorprogram\\\/#breadcrumb\",\"itemListElement\":[{\"@type\":\"ListItem\",\"position\":1,\"name\":\"H\u00edrek\",\"item\":\"https:\\\/\\\/seed.hu\\\/hirek\\\/\"},{\"@type\":\"ListItem\",\"position\":2,\"name\":\"Kritikus er\u0151forr\u00e1sunk az ember &#8211; Tud\u00e1smegoszt\u00f3 \u00e9s Mentor Klub esem\u00e9ny az Orsz\u00e1gos V\u00e1llalkoz\u00f3i Mentorprogram keret\u00e9ben\"}]},{\"@type\":\"WebSite\",\"@id\":\"https:\\\/\\\/seed.hu\\\/#website\",\"url\":\"https:\\\/\\\/seed.hu\\\/\",\"name\":\"Seed\",\"description\":\"\",\"potentialAction\":[{\"@type\":\"SearchAction\",\"target\":{\"@type\":\"EntryPoint\",\"urlTemplate\":\"https:\\\/\\\/seed.hu\\\/?s={search_term_string}\"},\"query-input\":{\"@type\":\"PropertyValueSpecification\",\"valueRequired\":true,\"valueName\":\"search_term_string\"}}],\"inLanguage\":\"en-US\"}]}<\/script>\n<!-- \/ Yoast SEO plugin. -->","yoast_head_json":{"title":"Kritikus er\u0151forr\u00e1sunk az ember - Tud\u00e1smegoszt\u00f3 \u00e9s Mentor Klub esem\u00e9ny az Orsz\u00e1gos V\u00e1llalkoz\u00f3i Mentorprogram keret\u00e9ben - Seed","robots":{"index":"index","follow":"follow","max-snippet":"max-snippet:-1","max-image-preview":"max-image-preview:large","max-video-preview":"max-video-preview:-1"},"canonical":"https:\/\/seed.hu\/hirek\/kritikus-eroforrasunk-az-ember-tudasmegoszto-esemeny-az-orszagos-vallalkozoi-mentorprogram\/","og_locale":"en_US","og_type":"article","og_title":"Kritikus er\u0151forr\u00e1sunk az ember - Tud\u00e1smegoszt\u00f3 \u00e9s Mentor Klub esem\u00e9ny az Orsz\u00e1gos V\u00e1llalkoz\u00f3i Mentorprogram keret\u00e9ben - Seed","og_description":"Kritikus er\u0151forr\u00e1sunk az ember Tud\u00e1smegoszt\u00f3 \u00e9s Mentor Klub esem\u00e9ny az Orsz\u00e1gos V\u00e1llalkoz\u00f3i Mentorprogram keret\u00e9ben Kritikus er\u0151forr\u00e1sunk az ember\u00a0 &#8211; ezt minden v\u00e1llalkoz\u00e1s mag\u00e1ra n\u00e9zve igaznak \u00e9rzi, \u00e9s ez nem v\u00e9letlen\u2026 A SEED Kisv\u00e1llalkoz\u00e1s-fejleszt\u00e9si Alap\u00edtv\u00e1ny ezt a sokr\u00e9t\u0171 t\u00e9m\u00e1t igyekszik feldolgozni a soron k\u00f6vetkez\u0151 v\u00e1llalkoz\u00f3i szakmai rendezv\u00e9ny\u00e9n. Mindannyian \u00e9rezz\u00fck, hogy feladatunk, felel\u0151ss\u00e9g\u00fcnk van az emberi t\u00e9nyez\u0151 [&hellip;]","og_url":"https:\/\/seed.hu\/hirek\/kritikus-eroforrasunk-az-ember-tudasmegoszto-esemeny-az-orszagos-vallalkozoi-mentorprogram\/","og_site_name":"Seed","article_modified_time":"2022-04-07T20:14:59+00:00","og_image":[{"width":773,"height":774,"url":"https:\/\/seed.hu\/wp-content\/uploads\/2021\/04\/Orsza\u0301gos-Va\u0301llalkozo\u0301i-Mentorprogram.png","type":"image\/png"}],"twitter_card":"summary_large_image","twitter_misc":{"Est. reading time":"3 minutes"},"schema":{"@context":"https:\/\/schema.org","@graph":[{"@type":"WebPage","@id":"https:\/\/seed.hu\/hirek\/kritikus-eroforrasunk-az-ember-tudasmegoszto-esemeny-az-orszagos-vallalkozoi-mentorprogram\/","url":"https:\/\/seed.hu\/hirek\/kritikus-eroforrasunk-az-ember-tudasmegoszto-esemeny-az-orszagos-vallalkozoi-mentorprogram\/","name":"Kritikus er\u0151forr\u00e1sunk az ember - Tud\u00e1smegoszt\u00f3 \u00e9s Mentor Klub esem\u00e9ny az Orsz\u00e1gos V\u00e1llalkoz\u00f3i Mentorprogram keret\u00e9ben - Seed","isPartOf":{"@id":"https:\/\/seed.hu\/#website"},"primaryImageOfPage":{"@id":"https:\/\/seed.hu\/hirek\/kritikus-eroforrasunk-az-ember-tudasmegoszto-esemeny-az-orszagos-vallalkozoi-mentorprogram\/#primaryimage"},"image":{"@id":"https:\/\/seed.hu\/hirek\/kritikus-eroforrasunk-az-ember-tudasmegoszto-esemeny-az-orszagos-vallalkozoi-mentorprogram\/#primaryimage"},"thumbnailUrl":"https:\/\/seed.hu\/wp-content\/uploads\/2021\/04\/Orsza\u0301gos-Va\u0301llalkozo\u0301i-Mentorprogram.png","datePublished":"2022-03-18T06:24:11+00:00","dateModified":"2022-04-07T20:14:59+00:00","breadcrumb":{"@id":"https:\/\/seed.hu\/hirek\/kritikus-eroforrasunk-az-ember-tudasmegoszto-esemeny-az-orszagos-vallalkozoi-mentorprogram\/#breadcrumb"},"inLanguage":"en-US","potentialAction":[{"@type":"ReadAction","target":["https:\/\/seed.hu\/hirek\/kritikus-eroforrasunk-az-ember-tudasmegoszto-esemeny-az-orszagos-vallalkozoi-mentorprogram\/"]}]},{"@type":"ImageObject","inLanguage":"en-US","@id":"https:\/\/seed.hu\/hirek\/kritikus-eroforrasunk-az-ember-tudasmegoszto-esemeny-az-orszagos-vallalkozoi-mentorprogram\/#primaryimage","url":"https:\/\/seed.hu\/wp-content\/uploads\/2021\/04\/Orsza\u0301gos-Va\u0301llalkozo\u0301i-Mentorprogram.png","contentUrl":"https:\/\/seed.hu\/wp-content\/uploads\/2021\/04\/Orsza\u0301gos-Va\u0301llalkozo\u0301i-Mentorprogram.png","width":773,"height":774},{"@type":"BreadcrumbList","@id":"https:\/\/seed.hu\/hirek\/kritikus-eroforrasunk-az-ember-tudasmegoszto-esemeny-az-orszagos-vallalkozoi-mentorprogram\/#breadcrumb","itemListElement":[{"@type":"ListItem","position":1,"name":"H\u00edrek","item":"https:\/\/seed.hu\/hirek\/"},{"@type":"ListItem","position":2,"name":"Kritikus er\u0151forr\u00e1sunk az ember &#8211; Tud\u00e1smegoszt\u00f3 \u00e9s Mentor Klub esem\u00e9ny az Orsz\u00e1gos V\u00e1llalkoz\u00f3i Mentorprogram keret\u00e9ben"}]},{"@type":"WebSite","@id":"https:\/\/seed.hu\/#website","url":"https:\/\/seed.hu\/","name":"Seed","description":"","potentialAction":[{"@type":"SearchAction","target":{"@type":"EntryPoint","urlTemplate":"https:\/\/seed.hu\/?s={search_term_string}"},"query-input":{"@type":"PropertyValueSpecification","valueRequired":true,"valueName":"search_term_string"}}],"inLanguage":"en-US"}]}},"_links":{"self":[{"href":"https:\/\/seed.hu\/en\/wp-json\/wp\/v2\/hirek\/1460","targetHints":{"allow":["GET"]}}],"collection":[{"href":"https:\/\/seed.hu\/en\/wp-json\/wp\/v2\/hirek"}],"about":[{"href":"https:\/\/seed.hu\/en\/wp-json\/wp\/v2\/types\/hirek"}],"wp:featuredmedia":[{"embeddable":true,"href":"https:\/\/seed.hu\/en\/wp-json\/wp\/v2\/media\/338"}],"wp:attachment":[{"href":"https:\/\/seed.hu\/en\/wp-json\/wp\/v2\/media?parent=1460"}],"curies":[{"name":"wp","href":"https:\/\/api.w.org\/{rel}","templated":true}]}}