{"id":1462,"date":"2022-03-18T07:31:44","date_gmt":"2022-03-18T06:31:44","guid":{"rendered":"https:\/\/seed.hu\/?post_type=hirek&#038;p=1462"},"modified":"2022-04-07T22:12:49","modified_gmt":"2022-04-07T20:12:49","slug":"lepj-szintet-a-vallalkozasoddal-fejleszto-programsorozattal-folytatodik-az-orszagos-vallalkozoi-mentorprogram","status":"publish","type":"hirek","link":"https:\/\/seed.hu\/en\/hirek\/lepj-szintet-a-vallalkozasoddal-fejleszto-programsorozattal-folytatodik-az-orszagos-vallalkozoi-mentorprogram\/","title":{"rendered":"L\u00e9pj szintet a v\u00e1llalkoz\u00e1soddal! &#8211; Fejleszt\u0151 programsorozattal folytat\u00f3dik az Orsz\u00e1gos V\u00e1llalkoz\u00f3i Mentorprogram"},"content":{"rendered":"<p><span style=\"font-size: 20px;\"><strong>L\u00e9pj szintet a v\u00e1llalkoz\u00e1soddal!<br \/>\nFejleszt\u0151 programsorozattal folytat\u00f3dik az Orsz\u00e1gos V\u00e1llalkoz\u00f3i Mentorprogram<\/strong><\/span><\/p>\n<p>Szem\u00e9lyes \u00e9s online tud\u00e1smegoszt\u00f3 esem\u00e9nyek, egynapos szakmai workshopok, \u00e9s v\u00e1llalkoz\u00e1sra szabott szem\u00e9lyes tan\u00e1csad\u00e1si alkalmak k\u00e9pezik a r\u00e9sz\u00e9t annak a komplex v\u00e1llalkoz\u00e1sfejleszt\u00e9si programsorozatnak, melyet a SEED Alap\u00edtv\u00e1ny 2022. \u00e9vben k\u00edn\u00e1l a mikro- \u00e9s kisv\u00e1llalkoz\u00e1sok sz\u00e1m\u00e1ra.<\/p>\n<p><strong>Mi\u00e9rt \u00e9rdemes r\u00e9szt venni a programban?<\/strong><\/p>\n<p>A komplex \u00e9s \u00e1tfog\u00f3 esem\u00e9nysorozat keret\u00e9ben olyan gyakorlati tud\u00e1s szerezhet\u0151 meg, amely seg\u00edts\u00e9get ny\u00fajt a v\u00e1llalkoz\u00f3i forr\u00e1sok \u00e9s felhaszn\u00e1l\u00e1sukhoz sz\u00fcks\u00e9ges tud\u00e1s felt\u00e9rk\u00e9pez\u00e9s\u00e9hez \u00e9s megszerz\u00e9shez.<\/p>\n<p>Ezzel egy tudatos \u00e9p\u00edtkez\u00e9sen vissz\u00fck v\u00e9gig a v\u00e1llalkoz\u00e1st, \u00edgy \u00e9rve el azt a szintet, amellyel a hazai \u00e9s eur\u00f3pai uni\u00f3s forr\u00e1sok leh\u00edv\u00e1s\u00e1ra k\u00e9pess\u00e9 \u00e9s alkalmass\u00e1 v\u00e1lhat.<\/p>\n<p>Az egym\u00e1sra \u00e9p\u00fcl\u0151<\/p>\n<ul>\n<li>tud\u00e1smegoszt\u00e1st c\u00e9lz\u00f3 konferenci\u00e1kkal,<\/li>\n<li>a gyakorlatorient\u00e1lt, fejleszt\u00e9si c\u00e9l\u00fa workshopokkal, szem\u00e9lyes tan\u00e1csad\u00e1ssal \u00e9s<\/li>\n<li>a mindezt kieg\u00e9sz\u00edt\u0151, akt\u00edv h\u00e1l\u00f3zatfejleszt\u00e9si c\u00e9l\u00fa esem\u00e9nyekkel<\/li>\n<\/ul>\n<p>lehet\u0151s\u00e9get\u00a0 k\u00edn\u00e1lunk a v\u00e1llalkoz\u00e1sok szintl\u00e9p\u00e9st el\u0151seg\u00edt\u0151 fejl\u0151d\u00e9s\u00e9hez.<\/p>\n<p>Egy v\u00e1llalkoz\u00e1s fejl\u0151d\u00e9se komplex ismereteket \u00e9s gyakorlati eszk\u00f6zt\u00e1rat k\u00edv\u00e1n, a programokon val\u00f3 r\u00e9szv\u00e9tel ennek a megszerz\u00e9s\u00e9hez j\u00e1rul hozz\u00e1.<\/p>\n<p>Az\u00a0<strong>Orsz\u00e1gos V\u00e1llalkoz\u00f3i Mentorprogram\u00a0<\/strong>keret\u00e9n bel\u00fcl megval\u00f3sul\u00f3\u00a0<strong>tud\u00e1smegoszt\u00f3 rendezv\u00e9nyek<\/strong>\u00a0napjaink aktu\u00e1lis v\u00e1llalkoz\u00e1sfejleszt\u00e9si t\u00e9m\u00e1i \u00e9s k\u00e9rd\u00e9sei k\u00f6r\u00e9 \u00e9p\u00fclnek. Sz\u00f3 lesz t\u00f6bbek k\u00f6z\u00f6tt a\u00a0fenntarthat\u00f3 \u00fczleti modell kialak\u00edt\u00e1s\u00e1r\u00f3l,\u00a0legfontosabb er\u0151forr\u00e1sainkr\u00f3l,\u00a0foglalkozunk a\u00a0fogyaszt\u00f3k \u00e1talakul\u00f3 ig\u00e9nyeivel, az\u00a0online piaci jelenl\u00e9t \u00e9s az e-kereskedelem, valamint\u00a0a\u00a0gener\u00e1ci\u00f3v\u00e1lt\u00e1s\u00a0k\u00e9rd\u00e9sk\u00f6r\u00e9vel is.<\/p>\n<p>A program k\u00f6vetkez\u0151 elem\u00e9t\u00a0<strong>az egynapos workshopok<\/strong>\u00a0adj\u00e1k, ahol a v\u00e1llalkoz\u00e1s \u00fczleti terve \u00e9s \u00fczletfejleszt\u00e9si elk\u00e9pzel\u00e9sei fejleszthet\u0151ek \u00fagy, hogy azok szolg\u00e1lj\u00e1k a v\u00e1llalkoz\u00e1s n\u00f6veked\u00e9si c\u00e9ljait.<\/p>\n<p>A program harmadik eleme\u00a0<strong>a szem\u00e9lyre szabott tan\u00e1csad\u00e1s<\/strong>, ahol egyedi k\u00e9rd\u00e9sek megv\u00e1laszol\u00e1s\u00e1ra ny\u00edlik lehet\u0151s\u00e9g a n\u00f6veked\u00e9s akad\u00e1lyainak felsz\u00e1mol\u00e1s\u00e1ra.<\/p>\n<p>Az egyes esem\u00e9nyek kiemelt c\u00e9lja, hogy naprak\u00e9sz inform\u00e1ci\u00f3t ny\u00fajtson az aktu\u00e1lis t\u00e1mogat\u00e1si lehet\u0151s\u00e9gekr\u0151l \u00e9s seg\u00edts\u00e9get adjon a v\u00e1llalkoz\u00e1sok tulajdonosai \u00e9s r\u00e9sztvev\u0151i sz\u00e1m\u00e1ra a t\u00e1mogat\u00e1si forr\u00e1sok tudatos \u00e9s eredm\u00e9nyes felhaszn\u00e1l\u00e1s\u00e1ra.<\/p>\n<p>A rendezv\u00e9nyek teret \u00e9s lehet\u0151s\u00e9get adnak az elm\u00falt id\u0151szakban n\u00e9lk\u00fcl\u00f6zni k\u00e9nytelen\u00a0<strong>tal\u00e1lkoz\u00e1sokra, besz\u00e9lget\u00e9sekre, kapcsolat\u00e9p\u00edt\u00e9sre<\/strong>\u00a0is.<\/p>\n<p><strong>Kiket v\u00e1runk?<\/strong><\/p>\n<p>V\u00e1rjuk minden, v\u00e1llalkoz\u00e1s\u00e1ban szintet l\u00e9pni k\u00edv\u00e1n\u00f3 mikro- \u00e9s kisv\u00e1llalkoz\u00e1s vezet\u0151j\u00e9t, k\u00e9pvisel\u0151j\u00e9t.<\/p>\n<p><strong>2022-ben is haladjunk egy\u00fctt, egym\u00e1st er\u0151s\u00edtve!<\/strong><\/p>\n<p><strong>A programsorozat els\u0151 \u00e1llom\u00e1sa \u00e9s id\u0151pontja:\u00a0<\/strong><\/p>\n<p><strong>Szeksz\u00e1rd, 2022. \u00e1prilis 13., szerda, 9:30-13:00<\/strong><\/p>\n<p><strong>Helysz\u00edn:\u00a0\u00a0Szeksz\u00e1rd, NeuroHarm\u00f3nia Fejleszt\u0151 K\u00f6zpont<\/strong><\/p>\n<p><strong>R\u00e9szletes program az al\u00e1bbi linken \u00e9rhet\u0151 el: <a href=\"https:\/\/seed.hu\/hirek\/hirek\/kritikus-eroforrasunk-az-ember-tudasmegoszto-esemeny-az-orszagos-vallalkozoi-mentorprogram\/\" target=\"_blank\" rel=\"noopener\">Kritikus er\u0151forr\u00e1sunk az ember &#8211; Tud\u00e1smegoszt\u00f3 esem\u00e9ny az Orsz\u00e1gos V\u00e1llalkoz\u00f3i Mentorprogram keret\u00e9ben<\/a><\/strong><\/p>\n<p>Az esem\u00e9nyen val\u00f3 r\u00e9szv\u00e9tel ingyenes, de el\u0151zetes regisztr\u00e1ci\u00f3hoz k\u00f6t\u00f6tt.<\/p>\n<p>Regisztr\u00e1lni az al\u00e1bbi linken lehets\u00e9ges 2022. \u00e1prilis 11-ig<\/p>\n<p><a href=\"https:\/\/mentorprogram.seed.hu\/form\/regisztracio-ovm-programsorozat\" target=\"_blank\" rel=\"noopener\"><img decoding=\"async\" style=\"width: 136px; height: 48px;\" src=\"https:\/\/seed.hu\/wp-content\/uploads\/2022\/04\/Regisztracio4.png\" alt=\"\" \/><\/a><\/p>\n<p><em>A rendezv\u00e9nysorozat a\u00a0Magyar Kereskedelmi \u00e9s Iparkamara (MKIK), az Iparfejleszt\u00e9si K\u00f6zalap\u00edtv\u00e1ny (IFKA), valamint a SEED Kisv\u00e1llalkoz\u00e1s-fejleszt\u00e9si Alap\u00edtv\u00e1ny konzorciumi egy\u00fcttm\u0171k\u00f6d\u00e9s\u00e9ben,\u00a0GINOP-1.1.2-VEKOP-17-2018-0001 k\u00f3djel\u0171, a \u201eKKV szektor hat\u00e9konys\u00e1g\u00e1nak n\u00f6vel\u00e9se p\u00e9nz\u00fcgyi ismeretek fejleszt\u00e9se, v\u00e1llalkoz\u00f3i mentor\u00e1l\u00e1s biztos\u00edt\u00e1sa r\u00e9v\u00e9n\u201d c\u00edm\u0171 kiemelt projekt keret\u00e9ben val\u00f3sul meg.<\/em><\/p>\n","protected":false},"featured_media":338,"menu_order":0,"template":"","meta":{"_acf_changed":false},"class_list":["post-1462","hirek","type-hirek","status-publish","has-post-thumbnail","hentry"],"acf":[],"yoast_head":"<!-- This site is optimized with the Yoast SEO plugin v27.4 - https:\/\/yoast.com\/product\/yoast-seo-wordpress\/ -->\n<title>L\u00e9pj szintet a v\u00e1llalkoz\u00e1soddal! - Fejleszt\u0151 programsorozattal folytat\u00f3dik az Orsz\u00e1gos V\u00e1llalkoz\u00f3i Mentorprogram - Seed<\/title>\n<meta name=\"robots\" content=\"index, follow, max-snippet:-1, max-image-preview:large, max-video-preview:-1\" \/>\n<link rel=\"canonical\" href=\"https:\/\/seed.hu\/hirek\/lepj-szintet-a-vallalkozasoddal-fejleszto-programsorozattal-folytatodik-az-orszagos-vallalkozoi-mentorprogram\/\" \/>\n<meta property=\"og:locale\" content=\"en_US\" \/>\n<meta property=\"og:type\" content=\"article\" \/>\n<meta property=\"og:title\" content=\"L\u00e9pj szintet a v\u00e1llalkoz\u00e1soddal! - Fejleszt\u0151 programsorozattal folytat\u00f3dik az Orsz\u00e1gos V\u00e1llalkoz\u00f3i Mentorprogram - Seed\" \/>\n<meta property=\"og:description\" content=\"L\u00e9pj szintet a v\u00e1llalkoz\u00e1soddal! Fejleszt\u0151 programsorozattal folytat\u00f3dik az Orsz\u00e1gos V\u00e1llalkoz\u00f3i Mentorprogram Szem\u00e9lyes \u00e9s online tud\u00e1smegoszt\u00f3 esem\u00e9nyek, egynapos szakmai workshopok, \u00e9s v\u00e1llalkoz\u00e1sra szabott szem\u00e9lyes tan\u00e1csad\u00e1si alkalmak k\u00e9pezik a r\u00e9sz\u00e9t annak a komplex v\u00e1llalkoz\u00e1sfejleszt\u00e9si programsorozatnak, melyet a SEED Alap\u00edtv\u00e1ny 2022. \u00e9vben k\u00edn\u00e1l a mikro- \u00e9s kisv\u00e1llalkoz\u00e1sok sz\u00e1m\u00e1ra. Mi\u00e9rt \u00e9rdemes r\u00e9szt venni a programban? A komplex \u00e9s \u00e1tfog\u00f3 [&hellip;]\" \/>\n<meta property=\"og:url\" content=\"https:\/\/seed.hu\/hirek\/lepj-szintet-a-vallalkozasoddal-fejleszto-programsorozattal-folytatodik-az-orszagos-vallalkozoi-mentorprogram\/\" \/>\n<meta property=\"og:site_name\" content=\"Seed\" \/>\n<meta property=\"article:modified_time\" content=\"2022-04-07T20:12:49+00:00\" \/>\n<meta property=\"og:image\" content=\"https:\/\/seed.hu\/wp-content\/uploads\/2021\/04\/Orsza\u0301gos-Va\u0301llalkozo\u0301i-Mentorprogram.png\" \/>\n\t<meta property=\"og:image:width\" content=\"773\" \/>\n\t<meta property=\"og:image:height\" content=\"774\" \/>\n\t<meta property=\"og:image:type\" content=\"image\/png\" \/>\n<meta name=\"twitter:card\" content=\"summary_large_image\" \/>\n<meta name=\"twitter:label1\" content=\"Est. reading time\" \/>\n\t<meta name=\"twitter:data1\" content=\"3 minutes\" \/>\n<script type=\"application\/ld+json\" class=\"yoast-schema-graph\">{\"@context\":\"https:\\\/\\\/schema.org\",\"@graph\":[{\"@type\":\"WebPage\",\"@id\":\"https:\\\/\\\/seed.hu\\\/hirek\\\/lepj-szintet-a-vallalkozasoddal-fejleszto-programsorozattal-folytatodik-az-orszagos-vallalkozoi-mentorprogram\\\/\",\"url\":\"https:\\\/\\\/seed.hu\\\/hirek\\\/lepj-szintet-a-vallalkozasoddal-fejleszto-programsorozattal-folytatodik-az-orszagos-vallalkozoi-mentorprogram\\\/\",\"name\":\"L\u00e9pj szintet a v\u00e1llalkoz\u00e1soddal! - Fejleszt\u0151 programsorozattal folytat\u00f3dik az Orsz\u00e1gos V\u00e1llalkoz\u00f3i Mentorprogram - Seed\",\"isPartOf\":{\"@id\":\"https:\\\/\\\/seed.hu\\\/#website\"},\"primaryImageOfPage\":{\"@id\":\"https:\\\/\\\/seed.hu\\\/hirek\\\/lepj-szintet-a-vallalkozasoddal-fejleszto-programsorozattal-folytatodik-az-orszagos-vallalkozoi-mentorprogram\\\/#primaryimage\"},\"image\":{\"@id\":\"https:\\\/\\\/seed.hu\\\/hirek\\\/lepj-szintet-a-vallalkozasoddal-fejleszto-programsorozattal-folytatodik-az-orszagos-vallalkozoi-mentorprogram\\\/#primaryimage\"},\"thumbnailUrl\":\"https:\\\/\\\/seed.hu\\\/wp-content\\\/uploads\\\/2021\\\/04\\\/Orsza\u0301gos-Va\u0301llalkozo\u0301i-Mentorprogram.png\",\"datePublished\":\"2022-03-18T06:31:44+00:00\",\"dateModified\":\"2022-04-07T20:12:49+00:00\",\"breadcrumb\":{\"@id\":\"https:\\\/\\\/seed.hu\\\/hirek\\\/lepj-szintet-a-vallalkozasoddal-fejleszto-programsorozattal-folytatodik-az-orszagos-vallalkozoi-mentorprogram\\\/#breadcrumb\"},\"inLanguage\":\"en-US\",\"potentialAction\":[{\"@type\":\"ReadAction\",\"target\":[\"https:\\\/\\\/seed.hu\\\/hirek\\\/lepj-szintet-a-vallalkozasoddal-fejleszto-programsorozattal-folytatodik-az-orszagos-vallalkozoi-mentorprogram\\\/\"]}]},{\"@type\":\"ImageObject\",\"inLanguage\":\"en-US\",\"@id\":\"https:\\\/\\\/seed.hu\\\/hirek\\\/lepj-szintet-a-vallalkozasoddal-fejleszto-programsorozattal-folytatodik-az-orszagos-vallalkozoi-mentorprogram\\\/#primaryimage\",\"url\":\"https:\\\/\\\/seed.hu\\\/wp-content\\\/uploads\\\/2021\\\/04\\\/Orsza\u0301gos-Va\u0301llalkozo\u0301i-Mentorprogram.png\",\"contentUrl\":\"https:\\\/\\\/seed.hu\\\/wp-content\\\/uploads\\\/2021\\\/04\\\/Orsza\u0301gos-Va\u0301llalkozo\u0301i-Mentorprogram.png\",\"width\":773,\"height\":774},{\"@type\":\"BreadcrumbList\",\"@id\":\"https:\\\/\\\/seed.hu\\\/hirek\\\/lepj-szintet-a-vallalkozasoddal-fejleszto-programsorozattal-folytatodik-az-orszagos-vallalkozoi-mentorprogram\\\/#breadcrumb\",\"itemListElement\":[{\"@type\":\"ListItem\",\"position\":1,\"name\":\"H\u00edrek\",\"item\":\"https:\\\/\\\/seed.hu\\\/hirek\\\/\"},{\"@type\":\"ListItem\",\"position\":2,\"name\":\"L\u00e9pj szintet a v\u00e1llalkoz\u00e1soddal! &#8211; Fejleszt\u0151 programsorozattal folytat\u00f3dik az Orsz\u00e1gos V\u00e1llalkoz\u00f3i Mentorprogram\"}]},{\"@type\":\"WebSite\",\"@id\":\"https:\\\/\\\/seed.hu\\\/#website\",\"url\":\"https:\\\/\\\/seed.hu\\\/\",\"name\":\"Seed\",\"description\":\"\",\"potentialAction\":[{\"@type\":\"SearchAction\",\"target\":{\"@type\":\"EntryPoint\",\"urlTemplate\":\"https:\\\/\\\/seed.hu\\\/?s={search_term_string}\"},\"query-input\":{\"@type\":\"PropertyValueSpecification\",\"valueRequired\":true,\"valueName\":\"search_term_string\"}}],\"inLanguage\":\"en-US\"}]}<\/script>\n<!-- \/ Yoast SEO plugin. -->","yoast_head_json":{"title":"L\u00e9pj szintet a v\u00e1llalkoz\u00e1soddal! - Fejleszt\u0151 programsorozattal folytat\u00f3dik az Orsz\u00e1gos V\u00e1llalkoz\u00f3i Mentorprogram - Seed","robots":{"index":"index","follow":"follow","max-snippet":"max-snippet:-1","max-image-preview":"max-image-preview:large","max-video-preview":"max-video-preview:-1"},"canonical":"https:\/\/seed.hu\/hirek\/lepj-szintet-a-vallalkozasoddal-fejleszto-programsorozattal-folytatodik-az-orszagos-vallalkozoi-mentorprogram\/","og_locale":"en_US","og_type":"article","og_title":"L\u00e9pj szintet a v\u00e1llalkoz\u00e1soddal! - Fejleszt\u0151 programsorozattal folytat\u00f3dik az Orsz\u00e1gos V\u00e1llalkoz\u00f3i Mentorprogram - Seed","og_description":"L\u00e9pj szintet a v\u00e1llalkoz\u00e1soddal! Fejleszt\u0151 programsorozattal folytat\u00f3dik az Orsz\u00e1gos V\u00e1llalkoz\u00f3i Mentorprogram Szem\u00e9lyes \u00e9s online tud\u00e1smegoszt\u00f3 esem\u00e9nyek, egynapos szakmai workshopok, \u00e9s v\u00e1llalkoz\u00e1sra szabott szem\u00e9lyes tan\u00e1csad\u00e1si alkalmak k\u00e9pezik a r\u00e9sz\u00e9t annak a komplex v\u00e1llalkoz\u00e1sfejleszt\u00e9si programsorozatnak, melyet a SEED Alap\u00edtv\u00e1ny 2022. \u00e9vben k\u00edn\u00e1l a mikro- \u00e9s kisv\u00e1llalkoz\u00e1sok sz\u00e1m\u00e1ra. Mi\u00e9rt \u00e9rdemes r\u00e9szt venni a programban? A komplex \u00e9s \u00e1tfog\u00f3 [&hellip;]","og_url":"https:\/\/seed.hu\/hirek\/lepj-szintet-a-vallalkozasoddal-fejleszto-programsorozattal-folytatodik-az-orszagos-vallalkozoi-mentorprogram\/","og_site_name":"Seed","article_modified_time":"2022-04-07T20:12:49+00:00","og_image":[{"width":773,"height":774,"url":"https:\/\/seed.hu\/wp-content\/uploads\/2021\/04\/Orsza\u0301gos-Va\u0301llalkozo\u0301i-Mentorprogram.png","type":"image\/png"}],"twitter_card":"summary_large_image","twitter_misc":{"Est. reading time":"3 minutes"},"schema":{"@context":"https:\/\/schema.org","@graph":[{"@type":"WebPage","@id":"https:\/\/seed.hu\/hirek\/lepj-szintet-a-vallalkozasoddal-fejleszto-programsorozattal-folytatodik-az-orszagos-vallalkozoi-mentorprogram\/","url":"https:\/\/seed.hu\/hirek\/lepj-szintet-a-vallalkozasoddal-fejleszto-programsorozattal-folytatodik-az-orszagos-vallalkozoi-mentorprogram\/","name":"L\u00e9pj szintet a v\u00e1llalkoz\u00e1soddal! - Fejleszt\u0151 programsorozattal folytat\u00f3dik az Orsz\u00e1gos V\u00e1llalkoz\u00f3i Mentorprogram - Seed","isPartOf":{"@id":"https:\/\/seed.hu\/#website"},"primaryImageOfPage":{"@id":"https:\/\/seed.hu\/hirek\/lepj-szintet-a-vallalkozasoddal-fejleszto-programsorozattal-folytatodik-az-orszagos-vallalkozoi-mentorprogram\/#primaryimage"},"image":{"@id":"https:\/\/seed.hu\/hirek\/lepj-szintet-a-vallalkozasoddal-fejleszto-programsorozattal-folytatodik-az-orszagos-vallalkozoi-mentorprogram\/#primaryimage"},"thumbnailUrl":"https:\/\/seed.hu\/wp-content\/uploads\/2021\/04\/Orsza\u0301gos-Va\u0301llalkozo\u0301i-Mentorprogram.png","datePublished":"2022-03-18T06:31:44+00:00","dateModified":"2022-04-07T20:12:49+00:00","breadcrumb":{"@id":"https:\/\/seed.hu\/hirek\/lepj-szintet-a-vallalkozasoddal-fejleszto-programsorozattal-folytatodik-az-orszagos-vallalkozoi-mentorprogram\/#breadcrumb"},"inLanguage":"en-US","potentialAction":[{"@type":"ReadAction","target":["https:\/\/seed.hu\/hirek\/lepj-szintet-a-vallalkozasoddal-fejleszto-programsorozattal-folytatodik-az-orszagos-vallalkozoi-mentorprogram\/"]}]},{"@type":"ImageObject","inLanguage":"en-US","@id":"https:\/\/seed.hu\/hirek\/lepj-szintet-a-vallalkozasoddal-fejleszto-programsorozattal-folytatodik-az-orszagos-vallalkozoi-mentorprogram\/#primaryimage","url":"https:\/\/seed.hu\/wp-content\/uploads\/2021\/04\/Orsza\u0301gos-Va\u0301llalkozo\u0301i-Mentorprogram.png","contentUrl":"https:\/\/seed.hu\/wp-content\/uploads\/2021\/04\/Orsza\u0301gos-Va\u0301llalkozo\u0301i-Mentorprogram.png","width":773,"height":774},{"@type":"BreadcrumbList","@id":"https:\/\/seed.hu\/hirek\/lepj-szintet-a-vallalkozasoddal-fejleszto-programsorozattal-folytatodik-az-orszagos-vallalkozoi-mentorprogram\/#breadcrumb","itemListElement":[{"@type":"ListItem","position":1,"name":"H\u00edrek","item":"https:\/\/seed.hu\/hirek\/"},{"@type":"ListItem","position":2,"name":"L\u00e9pj szintet a v\u00e1llalkoz\u00e1soddal! &#8211; Fejleszt\u0151 programsorozattal folytat\u00f3dik az Orsz\u00e1gos V\u00e1llalkoz\u00f3i Mentorprogram"}]},{"@type":"WebSite","@id":"https:\/\/seed.hu\/#website","url":"https:\/\/seed.hu\/","name":"Seed","description":"","potentialAction":[{"@type":"SearchAction","target":{"@type":"EntryPoint","urlTemplate":"https:\/\/seed.hu\/?s={search_term_string}"},"query-input":{"@type":"PropertyValueSpecification","valueRequired":true,"valueName":"search_term_string"}}],"inLanguage":"en-US"}]}},"_links":{"self":[{"href":"https:\/\/seed.hu\/en\/wp-json\/wp\/v2\/hirek\/1462","targetHints":{"allow":["GET"]}}],"collection":[{"href":"https:\/\/seed.hu\/en\/wp-json\/wp\/v2\/hirek"}],"about":[{"href":"https:\/\/seed.hu\/en\/wp-json\/wp\/v2\/types\/hirek"}],"wp:featuredmedia":[{"embeddable":true,"href":"https:\/\/seed.hu\/en\/wp-json\/wp\/v2\/media\/338"}],"wp:attachment":[{"href":"https:\/\/seed.hu\/en\/wp-json\/wp\/v2\/media?parent=1462"}],"curies":[{"name":"wp","href":"https:\/\/api.w.org\/{rel}","templated":true}]}}