{"id":1499,"date":"2022-04-01T19:54:40","date_gmt":"2022-04-01T17:54:40","guid":{"rendered":"https:\/\/seed.hu\/?post_type=hirek&#038;p=1499"},"modified":"2022-04-05T19:25:23","modified_gmt":"2022-04-05T17:25:23","slug":"a-bizonytalansag-visszater-hogyan-mozgositsuk-kulso-es-belso-eroforrasainkat-hogy-a-viharos","status":"publish","type":"hirek","link":"https:\/\/seed.hu\/en\/hirek\/a-bizonytalansag-visszater-hogyan-mozgositsuk-kulso-es-belso-eroforrasainkat-hogy-a-viharos\/","title":{"rendered":"A bizonytalans\u00e1g visszat\u00e9r &#8211; Hogyan mozg\u00f3s\u00edtsuk k\u00fcls\u0151 \u00e9s bels\u0151 er\u0151forr\u00e1sainkat, hogy a viharos id\u0151kben reziliensek (rugalmasak \u00e9s er\u0151sek) maradjunk?"},"content":{"rendered":"<p><span style=\"font-size: 20px;\"><strong>Online V\u00e1llalkoz\u00f3i F\u00f3rum &#8211; Egy szak\u00e9rt\u0151, egy v\u00e1llalkoz\u00f3, egy t\u00e9ma, 1 \u00f3ra<\/strong><\/span><\/p>\n<p><strong><u>A k\u00f6vetkez\u0151\u00a0szakmai besz\u00e9lget\u00e9s id\u0151pontja:<\/u><\/strong><br \/>\n2022. \u00e1prilis\u00a007., cs\u00fct\u00f6rt\u00f6k, 17:30-19:00<br \/>\n<strong><u>A besz\u00e9lget\u0151partnerek:<\/u><\/strong><\/p>\n<ul>\n<li>Kirov-Farkas Cec\u00edlia ment\u00e1lhigi\u00e9n\u00e9s szakember, szuperv\u00edzor SEED Alap\u00edtv\u00e1ny<\/li>\n<li>Horv\u00e1th Fl\u00f3ra, a Fecskef\u00e9szek Gasztrom\u0171hely l\u00e9trehoz\u00f3ja, az Orsz\u00e1gos V\u00e1llalkoz\u00f3i Mentorprogram mentor\u00e1ltja<\/li>\n<\/ul>\n<p><strong><u>A t\u00e9ma:<\/u><\/strong><\/p>\n<p>A bizonytalans\u00e1g visszat\u00e9r &#8211; Hogyan mozg\u00f3s\u00edtsuk k\u00fcls\u0151 \u00e9s bels\u0151 er\u0151forr\u00e1sainkat, hogy a viharos id\u0151kben reziliensek (rugalmasak \u00e9s er\u0151sek) maradjunk?<\/p>\n<p><strong><u>R\u00e9szletes program:<\/u><\/strong><\/p>\n<p>A COVID-19 vil\u00e1gj\u00e1rv\u00e1ny komoly zavarokat okozott, \u00e9s hossz\u00fa t\u00e1v\u00fa v\u00e1ltoz\u00e1sokat id\u00e9zett el\u0151 a vil\u00e1gban, az \u00fczleti -\u00e9s mag\u00e1n\u00e9let\u00fcnkben. Felocs\u00fadtunk a sokkb\u00f3l, de m\u00e9g miel\u0151tt k\u00e9sz strat\u00e9giai v\u00e1lasszal \u00e1lltunk volna el\u0151, hogy \u00e9let\u00fcnket \u00e9s v\u00e1llalkoz\u00e1sunkat egy &#8220;m\u00e1sik norm\u00e1lis&#8221; mederbe terelj\u00fck, a szomsz\u00e9dunkban zajl\u00f3 orosz-ukr\u00e1n h\u00e1bor\u00fa \u00fajra gyomorsz\u00e1jon v\u00e1gott benn\u00fcnket. A glob\u00e1lis eg\u00e9szs\u00e9g\u00fcgyi v\u00e1ls\u00e1g k\u00f6zepette kibontakozott egy humanit\u00e1rius v\u00e1ls\u00e1g is. A v\u00e1ls\u00e1g nem \u00fajdons\u00e1g, \u00e9s mint ahogy a nap minden nap felkel, olyan biztos, hogy mindig \u00faj probl\u00e9m\u00e1k, kih\u00edv\u00e1sok fognak minket pr\u00f3b\u00e1ra tenni, amelyek megold\u00e1sra v\u00e1rnak, de k\u00f6zben a halad\u00e1sunkat is szolg\u00e1lj\u00e1k.<\/p>\n<p>A v\u00e1ls\u00e1gokkal kapcsolatban nem elegend\u0151 csak a be\u00e1raml\u00f3 inform\u00e1ci\u00f3kat \u00e9rtelmezni, rendszerezni, hanem a helyzetre adott ad hoc reakci\u00f3kt\u00f3l a nagyobb ellen\u00e1ll\u00f3k\u00e9pess\u00e9g (reziliencia) ki\u00e9p\u00edt\u00e9se ir\u00e1ny\u00e1ba sz\u00fcks\u00e9ges mozd\u00edtani a v\u00e1llalkoz\u00e1st \u00e9s saj\u00e1t magunkat is. Emellett folyamatosan f\u00f3kuszban tartand\u00f3, ami a horizonton t\u00fal van, \u00e9s ki kell \u00e9p\u00edteni \u00e9s\/vagy er\u0151s\u00edteni a bizonytalans\u00e1g folyamatos kezel\u00e9s\u00e9re szolg\u00e1l\u00f3 kompetenci\u00e1kat, strat\u00e9gi\u00e1kat.<\/p>\n<p>Az emberpr\u00f3b\u00e1l\u00f3 helyzetekb\u0151l meger\u0151s\u00f6dve kiker\u00fclni akkor lehet, ha megfelel\u0151 felk\u00e9sz\u00fclts\u00e9ggel &#8220;v\u00e1rjuk&#8221; a kisz\u00e1m\u00edthatatlan fenyeget\u00e9seket, v\u00e1ltoz\u00e1sokat. B\u00e1r l\u00e1tsz\u00f3lagos ellentmond\u00e1s van a tudatos tervez\u00e9s \u00e9s v\u00e1ratlan esem\u00e9nyek idej\u00e9n t\u00f6rt\u00e9n\u0151 azonnali cselekv\u00e9s k\u00f6z\u00f6tt, ez val\u00f3j\u00e1ban nincs \u00edgy. A k\u00fcls\u0151 \u00e9s bels\u0151 er\u0151forr\u00e1saink \u00e9s folyamataink pontos ismerete meghozza ennek az \u00f6sszef\u00fcgg\u00e9s\u00e9t. Hogyan lehet megteremteni magunk k\u00f6r\u00fcl a t\u00e1mogat\u00f3 er\u0151teret? A realit\u00e1s talaj\u00e1n maradva hogyan tudjuk meg\u0151rizni magunk \u00e9s szervezet\u00fcnk pozit\u00edv hozz\u00e1\u00e1ll\u00e1s\u00e1t zord k\u00f6r\u00fclm\u00e9nyek k\u00f6z\u00f6tt is? Az online f\u00f3rumon t\u00e1mpontokat kapunk, valamint megismer\u00fcnk egy j\u00f3gyakorlatot arr\u00f3l, hogyan \u00e9p\u00edthetj\u00fck ki saj\u00e1t magunk \u00e9s v\u00e1llalkoz\u00e1sunk ellen\u00e1ll\u00f3k\u00e9pess\u00e9g\u00e9t az ismeretlen j\u00f6v\u0151vel szemben.<\/p>\n<p><strong><em>A f\u00f3rumon a r\u00e9szv\u00e9tel ingyenes, de el\u0151zetes regisztr\u00e1ci\u00f3hoz k\u00f6t\u00f6tt.<\/em><\/strong><\/p>\n<p><strong><em>Jelentkez\u00e9si hat\u00e1rid\u0151: 2022. \u00e1prilis\u00a007. 12:00<\/em><\/strong><\/p>\n<p><strong><a class=\"jbtn\" href=\"https:\/\/old.seed.hu\/kerdoiv\/a-bizonytalansag-visszater-hogyan-mozgositsuk-kulso-es-belso-eroforrasainkat-hogy-a-viharos\/\">Jelentkezem<\/a><\/strong><\/p>\n","protected":false},"featured_media":1483,"menu_order":0,"template":"","meta":{"_acf_changed":false},"class_list":["post-1499","hirek","type-hirek","status-publish","has-post-thumbnail","hentry"],"acf":[],"yoast_head":"<!-- This site is optimized with the Yoast SEO plugin v27.4 - https:\/\/yoast.com\/product\/yoast-seo-wordpress\/ -->\n<title>A bizonytalans\u00e1g visszat\u00e9r - Hogyan mozg\u00f3s\u00edtsuk k\u00fcls\u0151 \u00e9s bels\u0151 er\u0151forr\u00e1sainkat, hogy a viharos id\u0151kben reziliensek (rugalmasak \u00e9s er\u0151sek) maradjunk? - Seed<\/title>\n<meta name=\"robots\" content=\"index, follow, max-snippet:-1, max-image-preview:large, max-video-preview:-1\" \/>\n<link rel=\"canonical\" href=\"https:\/\/seed.hu\/hirek\/a-bizonytalansag-visszater-hogyan-mozgositsuk-kulso-es-belso-eroforrasainkat-hogy-a-viharos\/\" \/>\n<meta property=\"og:locale\" content=\"en_US\" \/>\n<meta property=\"og:type\" content=\"article\" \/>\n<meta property=\"og:title\" content=\"A bizonytalans\u00e1g visszat\u00e9r - Hogyan mozg\u00f3s\u00edtsuk k\u00fcls\u0151 \u00e9s bels\u0151 er\u0151forr\u00e1sainkat, hogy a viharos id\u0151kben reziliensek (rugalmasak \u00e9s er\u0151sek) maradjunk? - Seed\" \/>\n<meta property=\"og:description\" content=\"Online V\u00e1llalkoz\u00f3i F\u00f3rum &#8211; Egy szak\u00e9rt\u0151, egy v\u00e1llalkoz\u00f3, egy t\u00e9ma, 1 \u00f3ra A k\u00f6vetkez\u0151\u00a0szakmai besz\u00e9lget\u00e9s id\u0151pontja: 2022. \u00e1prilis\u00a007., cs\u00fct\u00f6rt\u00f6k, 17:30-19:00 A besz\u00e9lget\u0151partnerek: Kirov-Farkas Cec\u00edlia ment\u00e1lhigi\u00e9n\u00e9s szakember, szuperv\u00edzor SEED Alap\u00edtv\u00e1ny Horv\u00e1th Fl\u00f3ra, a Fecskef\u00e9szek Gasztrom\u0171hely l\u00e9trehoz\u00f3ja, az Orsz\u00e1gos V\u00e1llalkoz\u00f3i Mentorprogram mentor\u00e1ltja A t\u00e9ma: A bizonytalans\u00e1g visszat\u00e9r &#8211; Hogyan mozg\u00f3s\u00edtsuk k\u00fcls\u0151 \u00e9s bels\u0151 er\u0151forr\u00e1sainkat, hogy a viharos [&hellip;]\" \/>\n<meta property=\"og:url\" content=\"https:\/\/seed.hu\/hirek\/a-bizonytalansag-visszater-hogyan-mozgositsuk-kulso-es-belso-eroforrasainkat-hogy-a-viharos\/\" \/>\n<meta property=\"og:site_name\" content=\"Seed\" \/>\n<meta property=\"article:modified_time\" content=\"2022-04-05T17:25:23+00:00\" \/>\n<meta property=\"og:image\" content=\"https:\/\/seed.hu\/wp-content\/uploads\/2022\/04\/cropped-honlap-logo.png\" \/>\n\t<meta property=\"og:image:width\" content=\"512\" \/>\n\t<meta property=\"og:image:height\" content=\"512\" \/>\n\t<meta property=\"og:image:type\" content=\"image\/png\" \/>\n<meta name=\"twitter:card\" content=\"summary_large_image\" \/>\n<meta name=\"twitter:label1\" content=\"Est. reading time\" \/>\n\t<meta name=\"twitter:data1\" content=\"3 minutes\" \/>\n<script type=\"application\/ld+json\" class=\"yoast-schema-graph\">{\"@context\":\"https:\\\/\\\/schema.org\",\"@graph\":[{\"@type\":\"WebPage\",\"@id\":\"https:\\\/\\\/seed.hu\\\/hirek\\\/a-bizonytalansag-visszater-hogyan-mozgositsuk-kulso-es-belso-eroforrasainkat-hogy-a-viharos\\\/\",\"url\":\"https:\\\/\\\/seed.hu\\\/hirek\\\/a-bizonytalansag-visszater-hogyan-mozgositsuk-kulso-es-belso-eroforrasainkat-hogy-a-viharos\\\/\",\"name\":\"A bizonytalans\u00e1g visszat\u00e9r - Hogyan mozg\u00f3s\u00edtsuk k\u00fcls\u0151 \u00e9s bels\u0151 er\u0151forr\u00e1sainkat, hogy a viharos id\u0151kben reziliensek (rugalmasak \u00e9s er\u0151sek) maradjunk? - Seed\",\"isPartOf\":{\"@id\":\"https:\\\/\\\/seed.hu\\\/#website\"},\"primaryImageOfPage\":{\"@id\":\"https:\\\/\\\/seed.hu\\\/hirek\\\/a-bizonytalansag-visszater-hogyan-mozgositsuk-kulso-es-belso-eroforrasainkat-hogy-a-viharos\\\/#primaryimage\"},\"image\":{\"@id\":\"https:\\\/\\\/seed.hu\\\/hirek\\\/a-bizonytalansag-visszater-hogyan-mozgositsuk-kulso-es-belso-eroforrasainkat-hogy-a-viharos\\\/#primaryimage\"},\"thumbnailUrl\":\"https:\\\/\\\/seed.hu\\\/wp-content\\\/uploads\\\/2022\\\/04\\\/cropped-honlap-logo.png\",\"datePublished\":\"2022-04-01T17:54:40+00:00\",\"dateModified\":\"2022-04-05T17:25:23+00:00\",\"breadcrumb\":{\"@id\":\"https:\\\/\\\/seed.hu\\\/hirek\\\/a-bizonytalansag-visszater-hogyan-mozgositsuk-kulso-es-belso-eroforrasainkat-hogy-a-viharos\\\/#breadcrumb\"},\"inLanguage\":\"en-US\",\"potentialAction\":[{\"@type\":\"ReadAction\",\"target\":[\"https:\\\/\\\/seed.hu\\\/hirek\\\/a-bizonytalansag-visszater-hogyan-mozgositsuk-kulso-es-belso-eroforrasainkat-hogy-a-viharos\\\/\"]}]},{\"@type\":\"ImageObject\",\"inLanguage\":\"en-US\",\"@id\":\"https:\\\/\\\/seed.hu\\\/hirek\\\/a-bizonytalansag-visszater-hogyan-mozgositsuk-kulso-es-belso-eroforrasainkat-hogy-a-viharos\\\/#primaryimage\",\"url\":\"https:\\\/\\\/seed.hu\\\/wp-content\\\/uploads\\\/2022\\\/04\\\/cropped-honlap-logo.png\",\"contentUrl\":\"https:\\\/\\\/seed.hu\\\/wp-content\\\/uploads\\\/2022\\\/04\\\/cropped-honlap-logo.png\",\"width\":512,\"height\":512},{\"@type\":\"BreadcrumbList\",\"@id\":\"https:\\\/\\\/seed.hu\\\/hirek\\\/a-bizonytalansag-visszater-hogyan-mozgositsuk-kulso-es-belso-eroforrasainkat-hogy-a-viharos\\\/#breadcrumb\",\"itemListElement\":[{\"@type\":\"ListItem\",\"position\":1,\"name\":\"H\u00edrek\",\"item\":\"https:\\\/\\\/seed.hu\\\/hirek\\\/\"},{\"@type\":\"ListItem\",\"position\":2,\"name\":\"A bizonytalans\u00e1g visszat\u00e9r &#8211; Hogyan mozg\u00f3s\u00edtsuk k\u00fcls\u0151 \u00e9s bels\u0151 er\u0151forr\u00e1sainkat, hogy a viharos id\u0151kben reziliensek (rugalmasak \u00e9s er\u0151sek) maradjunk?\"}]},{\"@type\":\"WebSite\",\"@id\":\"https:\\\/\\\/seed.hu\\\/#website\",\"url\":\"https:\\\/\\\/seed.hu\\\/\",\"name\":\"Seed\",\"description\":\"\",\"potentialAction\":[{\"@type\":\"SearchAction\",\"target\":{\"@type\":\"EntryPoint\",\"urlTemplate\":\"https:\\\/\\\/seed.hu\\\/?s={search_term_string}\"},\"query-input\":{\"@type\":\"PropertyValueSpecification\",\"valueRequired\":true,\"valueName\":\"search_term_string\"}}],\"inLanguage\":\"en-US\"}]}<\/script>\n<!-- \/ Yoast SEO plugin. -->","yoast_head_json":{"title":"A bizonytalans\u00e1g visszat\u00e9r - Hogyan mozg\u00f3s\u00edtsuk k\u00fcls\u0151 \u00e9s bels\u0151 er\u0151forr\u00e1sainkat, hogy a viharos id\u0151kben reziliensek (rugalmasak \u00e9s er\u0151sek) maradjunk? - Seed","robots":{"index":"index","follow":"follow","max-snippet":"max-snippet:-1","max-image-preview":"max-image-preview:large","max-video-preview":"max-video-preview:-1"},"canonical":"https:\/\/seed.hu\/hirek\/a-bizonytalansag-visszater-hogyan-mozgositsuk-kulso-es-belso-eroforrasainkat-hogy-a-viharos\/","og_locale":"en_US","og_type":"article","og_title":"A bizonytalans\u00e1g visszat\u00e9r - Hogyan mozg\u00f3s\u00edtsuk k\u00fcls\u0151 \u00e9s bels\u0151 er\u0151forr\u00e1sainkat, hogy a viharos id\u0151kben reziliensek (rugalmasak \u00e9s er\u0151sek) maradjunk? - Seed","og_description":"Online V\u00e1llalkoz\u00f3i F\u00f3rum &#8211; Egy szak\u00e9rt\u0151, egy v\u00e1llalkoz\u00f3, egy t\u00e9ma, 1 \u00f3ra A k\u00f6vetkez\u0151\u00a0szakmai besz\u00e9lget\u00e9s id\u0151pontja: 2022. \u00e1prilis\u00a007., cs\u00fct\u00f6rt\u00f6k, 17:30-19:00 A besz\u00e9lget\u0151partnerek: Kirov-Farkas Cec\u00edlia ment\u00e1lhigi\u00e9n\u00e9s szakember, szuperv\u00edzor SEED Alap\u00edtv\u00e1ny Horv\u00e1th Fl\u00f3ra, a Fecskef\u00e9szek Gasztrom\u0171hely l\u00e9trehoz\u00f3ja, az Orsz\u00e1gos V\u00e1llalkoz\u00f3i Mentorprogram mentor\u00e1ltja A t\u00e9ma: A bizonytalans\u00e1g visszat\u00e9r &#8211; Hogyan mozg\u00f3s\u00edtsuk k\u00fcls\u0151 \u00e9s bels\u0151 er\u0151forr\u00e1sainkat, hogy a viharos [&hellip;]","og_url":"https:\/\/seed.hu\/hirek\/a-bizonytalansag-visszater-hogyan-mozgositsuk-kulso-es-belso-eroforrasainkat-hogy-a-viharos\/","og_site_name":"Seed","article_modified_time":"2022-04-05T17:25:23+00:00","og_image":[{"width":512,"height":512,"url":"https:\/\/seed.hu\/wp-content\/uploads\/2022\/04\/cropped-honlap-logo.png","type":"image\/png"}],"twitter_card":"summary_large_image","twitter_misc":{"Est. reading time":"3 minutes"},"schema":{"@context":"https:\/\/schema.org","@graph":[{"@type":"WebPage","@id":"https:\/\/seed.hu\/hirek\/a-bizonytalansag-visszater-hogyan-mozgositsuk-kulso-es-belso-eroforrasainkat-hogy-a-viharos\/","url":"https:\/\/seed.hu\/hirek\/a-bizonytalansag-visszater-hogyan-mozgositsuk-kulso-es-belso-eroforrasainkat-hogy-a-viharos\/","name":"A bizonytalans\u00e1g visszat\u00e9r - Hogyan mozg\u00f3s\u00edtsuk k\u00fcls\u0151 \u00e9s bels\u0151 er\u0151forr\u00e1sainkat, hogy a viharos id\u0151kben reziliensek (rugalmasak \u00e9s er\u0151sek) maradjunk? - Seed","isPartOf":{"@id":"https:\/\/seed.hu\/#website"},"primaryImageOfPage":{"@id":"https:\/\/seed.hu\/hirek\/a-bizonytalansag-visszater-hogyan-mozgositsuk-kulso-es-belso-eroforrasainkat-hogy-a-viharos\/#primaryimage"},"image":{"@id":"https:\/\/seed.hu\/hirek\/a-bizonytalansag-visszater-hogyan-mozgositsuk-kulso-es-belso-eroforrasainkat-hogy-a-viharos\/#primaryimage"},"thumbnailUrl":"https:\/\/seed.hu\/wp-content\/uploads\/2022\/04\/cropped-honlap-logo.png","datePublished":"2022-04-01T17:54:40+00:00","dateModified":"2022-04-05T17:25:23+00:00","breadcrumb":{"@id":"https:\/\/seed.hu\/hirek\/a-bizonytalansag-visszater-hogyan-mozgositsuk-kulso-es-belso-eroforrasainkat-hogy-a-viharos\/#breadcrumb"},"inLanguage":"en-US","potentialAction":[{"@type":"ReadAction","target":["https:\/\/seed.hu\/hirek\/a-bizonytalansag-visszater-hogyan-mozgositsuk-kulso-es-belso-eroforrasainkat-hogy-a-viharos\/"]}]},{"@type":"ImageObject","inLanguage":"en-US","@id":"https:\/\/seed.hu\/hirek\/a-bizonytalansag-visszater-hogyan-mozgositsuk-kulso-es-belso-eroforrasainkat-hogy-a-viharos\/#primaryimage","url":"https:\/\/seed.hu\/wp-content\/uploads\/2022\/04\/cropped-honlap-logo.png","contentUrl":"https:\/\/seed.hu\/wp-content\/uploads\/2022\/04\/cropped-honlap-logo.png","width":512,"height":512},{"@type":"BreadcrumbList","@id":"https:\/\/seed.hu\/hirek\/a-bizonytalansag-visszater-hogyan-mozgositsuk-kulso-es-belso-eroforrasainkat-hogy-a-viharos\/#breadcrumb","itemListElement":[{"@type":"ListItem","position":1,"name":"H\u00edrek","item":"https:\/\/seed.hu\/hirek\/"},{"@type":"ListItem","position":2,"name":"A bizonytalans\u00e1g visszat\u00e9r &#8211; Hogyan mozg\u00f3s\u00edtsuk k\u00fcls\u0151 \u00e9s bels\u0151 er\u0151forr\u00e1sainkat, hogy a viharos id\u0151kben reziliensek (rugalmasak \u00e9s er\u0151sek) maradjunk?"}]},{"@type":"WebSite","@id":"https:\/\/seed.hu\/#website","url":"https:\/\/seed.hu\/","name":"Seed","description":"","potentialAction":[{"@type":"SearchAction","target":{"@type":"EntryPoint","urlTemplate":"https:\/\/seed.hu\/?s={search_term_string}"},"query-input":{"@type":"PropertyValueSpecification","valueRequired":true,"valueName":"search_term_string"}}],"inLanguage":"en-US"}]}},"_links":{"self":[{"href":"https:\/\/seed.hu\/en\/wp-json\/wp\/v2\/hirek\/1499","targetHints":{"allow":["GET"]}}],"collection":[{"href":"https:\/\/seed.hu\/en\/wp-json\/wp\/v2\/hirek"}],"about":[{"href":"https:\/\/seed.hu\/en\/wp-json\/wp\/v2\/types\/hirek"}],"wp:featuredmedia":[{"embeddable":true,"href":"https:\/\/seed.hu\/en\/wp-json\/wp\/v2\/media\/1483"}],"wp:attachment":[{"href":"https:\/\/seed.hu\/en\/wp-json\/wp\/v2\/media?parent=1499"}],"curies":[{"name":"wp","href":"https:\/\/api.w.org\/{rel}","templated":true}]}}