{"id":1695,"date":"2022-04-10T10:45:46","date_gmt":"2022-04-10T08:45:46","guid":{"rendered":"https:\/\/seed.hu\/?post_type=hirek&#038;p=1695"},"modified":"2022-04-11T05:55:38","modified_gmt":"2022-04-11T03:55:38","slug":"meg-a-mai-napon-lehet-jelentkezni-a-kritikus-eroforrasunk-az-ember-cimu-tudasmegoszto-es-mentor-klub-esemenyre","status":"publish","type":"hirek","link":"https:\/\/seed.hu\/en\/hirek\/meg-a-mai-napon-lehet-jelentkezni-a-kritikus-eroforrasunk-az-ember-cimu-tudasmegoszto-es-mentor-klub-esemenyre\/","title":{"rendered":"M\u00e9g a mai napon lehet jelentkezni a Kritikus er\u0151forr\u00e1sunk az ember c\u00edm\u0171 Tud\u00e1smegoszt\u00f3 \u00e9s Mentor Klub esem\u00e9nyre"},"content":{"rendered":"<p><span style=\"font-weight: 400;\">Az <\/span><b>Orsz\u00e1gos V\u00e1llalkoz\u00f3i Mentorprogram<\/b><span style=\"font-weight: 400;\"> keret\u00e9ben megrendez\u00e9sre ker\u00fcl\u0151 esem\u00e9nyre<\/span><\/p>\n<p><b>v\u00e1rjuk mindazon mikro- \u00e9s kisv\u00e1llalkoz\u00e1s k\u00e9pvisel\u0151j\u00e9t,\u00a0<\/b><\/p>\n<p><span style=\"font-weight: 400;\">aki szeretne szintet l\u00e9pni a v\u00e1llalkoz\u00e1s\u00e1val, vagy neh\u00e9zs\u00e9gei, elakad\u00e1si vannak \u00e9s ehhez c\u00e9lzott seg\u00edts\u00e9get venne ig\u00e9nybe.<\/span><\/p>\n<p><span style=\"font-weight: 400;\">A d\u00edjmentes Tud\u00e1smegoszt\u00f3 konferencia a SEED Alap\u00edtv\u00e1ny 2022-re tervezett <\/span><b>komplex v\u00e1llalkoz\u00e1sfejleszt\u00e9si programj\u00e1nak<\/b><span style=\"font-weight: 400;\"> els\u0151 l\u00e9pcs\u0151foka, mely tov\u00e1bbi c\u00e9lzott fejleszt\u00e9si programok &#8211;<\/span> <b><i>\u00fczletfejleszt\u00e9si workshop \u00e9s szem\u00e9lyes tan\u00e1csad\u00e1s &#8211;<\/i><\/b> <span style=\"font-weight: 400;\">el\u0151tt nyitja meg az ajt\u00f3kat.<\/span><\/p>\n<p>&nbsp;<\/p>\n<p style=\"text-align: center;\"><b>A t\u00e9ma:<br \/>\n<\/b><b>Kritikus er\u0151forr\u00e1sunk az ember<\/b><\/p>\n<p style=\"text-align: center;\"><b>Helysz\u00edn:<br \/>\n<\/b><b>Szeksz\u00e1rd<\/b><span style=\"font-weight: 400;\">, <\/span><b>NeuroHarm\u00f3nia Fejleszt\u0151 K\u00f6zpont, Pollack Mih\u00e1ly u. 53.<\/b><\/p>\n<p style=\"text-align: center;\"><b>Id\u0151pont:<\/b><strong><br \/>\n2022. <\/strong><b>04. 13. szerda,<\/b><\/p>\n<p>&nbsp;<\/p>\n<p><b>9:30-13:00 &#8211;\u00a0minden regisztr\u00e1lt \u00e9rdekl\u0151d\u0151 sz\u00e1m\u00e1ra nyitott<\/b><\/p>\n<p><b>13:00-15:00 z\u00e1rtk\u00f6r\u0171 Mentor Klub<\/b><\/p>\n<p><a href=\"https:\/\/mentorprogram.seed.hu\/form\/regisztracio-ovm-programsorozat\"><b>Regisztr\u00e1ci\u00f3<\/b><\/a><\/p>\n<p><span style=\"text-decoration: underline;\"><b>Mi\u00e9rt \u00e9rdemes r\u00e9szt venni a programon:<\/b><\/span><\/p>\n<ul>\n<li style=\"font-weight: 400;\" aria-level=\"1\"><span style=\"font-weight: 400;\">mert minden v\u00e1llalkoz\u00e1sban felmer\u00fcl\u0151 k\u00e9rd\u00e9s a koll\u00e9g\u00e1k, partnerek z\u00f6kken\u0151mentes egy\u00fcttm\u0171k\u00f6d\u00e9se,<\/span><\/li>\n<li style=\"font-weight: 400;\" aria-level=\"1\"><span style=\"font-weight: 400;\">mert mindenki \u00e9rzi a saj\u00e1t b\u0151r\u00e9n, hogy ugyanazt a probl\u00e9m\u00e1t m\u00e1sk\u00e9nt kezeli az id\u0151sebb \u00e9s fiatalabb gener\u00e1ci\u00f3 k\u00e9pvisel\u0151je,<\/span><\/li>\n<li style=\"font-weight: 400;\" aria-level=\"1\"><span style=\"font-weight: 400;\">mert belebukhat a csal\u00e1di v\u00e1llalkoz\u00e1s a gener\u00e1ci\u00f3v\u00e1lt\u00e1sba, ha az \u00e1tad\u00f3 \u00e9s az \u00e1tvev\u0151 gener\u00e1ci\u00f3k nem \u00e9rtik egym\u00e1s motiv\u00e1ci\u00f3it,<\/span><\/li>\n<li style=\"font-weight: 400;\" aria-level=\"1\"><span style=\"font-weight: 400;\">mert az eb\u00e9dsz\u00fcnetben nem csak a megh\u00edvott el\u0151ad\u00f3k, szak\u00e9rt\u0151k, de a r\u00e9sztvev\u0151 v\u00e1llalkoz\u00e1sok k\u00e9pvisel\u0151i is adhatnak olyan tippet, ami azonnal hasznos\u00edthat\u00f3 a mindennapokban.<\/span><\/li>\n<\/ul>\n<p><span style=\"text-decoration: underline;\"><strong>Megh\u00edvott el\u0151ad\u00f3k:<\/strong><\/span><\/p>\n<ul>\n<li><strong>Dobos Bal\u00e1zs<\/strong>, az Innov\u00e1ci\u00f3s \u00e9s Technol\u00f3giai Miniszt\u00e9rium helyettes \u00e1llamtitk\u00e1ra k\u00f6sz\u00f6nt\u0151 el\u0151ad\u00e1s\u00e1ban a v\u00e1llalkoz\u00e1sok t\u00e1mogat\u00e1si ir\u00e1nyait mutatja be,<\/li>\n<li><strong>Steigervald Kriszti\u00e1n (SteiGen Consultancy Kft.)<\/strong>\u00a0gener\u00e1ci\u00f3 szak\u00e9rt\u0151, a nev\u00e9hez f\u0171z\u0151dik a SteiGen m\u00f3dszer, amely egyedi, korszer\u0171 m\u00f3dszerekkel t\u00e1mogatja a munkat\u00e1rsak meg\u00e9rt\u00e9s\u00e9t az egy\u00e9nt a f\u00f3kuszba helyezve. M\u00f3dszereivel nemcsak a munk\u00e1hoz k\u00f6thet\u0151 \u00faj inform\u00e1ci\u00f3kat biztos\u00edt az emberek sz\u00e1m\u00e1ra, hanem olyan tud\u00e1sanyagot ad, amelyet az egy\u00e9n ak\u00e1r a mag\u00e1n\u00e9let\u00e9ben is hasznos\u00edtani tud \u00f6nmaga siker\u00e9\u00e9rt,<\/li>\n<li><strong>Korycki Adrienn (Salio Personnel Solutions)<\/strong> HR szak\u00e9rt\u0151, akinek c\u00e9lja \u201ea munk\u00e1ltat\u00f3t t\u00e1mogatni az \u00fczleti c\u00e9lok el\u00e9r\u00e9s\u00e9ben\u201d, ennek egyik leg\u00e9rt\u00e9kesebb eleme az ember, amelyet nem szabad f\u00e9lv\u00e1llr\u00f3l venni, hiszen a sikeres c\u00e9gekn\u00e9l szeretnek \u00e9s akarnak is dolgozni, ennek titkait pedig Adrienn &#8211; tapasztalatainak k\u00f6sz\u00f6nhet\u0151en \u2013 j\u00f3l ismeri \u00e9s k\u00e9sz megosztani,<\/li>\n<li><strong>Billo K\u00e1rmen<\/strong>, aki az ITM v\u00e1llalkoz\u00f3i inform\u00e1ci\u00f3s port\u00e1lja, a\u00a0<a class=\"external-link\" href=\"https:\/\/vali.hu\/\" rel=\"nofollow\">https:\/\/vali.hu\/<\/a> m\u0171k\u00f6d\u00e9s\u00e9be \u00e9s az \u00e1ltala nyerhet\u0151 el\u0151ny\u00f6kbe ad betekint\u00e9st, p\u00e9ld\u00e1ul arra, hogyan gy\u0171jti \u00f6ssze a keres\u00e9st ind\u00edt\u00f3 v\u00e1llalkoz\u00e1s sz\u00e1m\u00e1ra el\u00e9rhet\u0151 t\u00e1mogat\u00e1si konstrukci\u00f3kat egyszer\u0171en \u00e9s gyorsan.<\/li>\n<li><strong>Lakatosn\u00e9 Luk\u00e1cs Zsuzsanna<\/strong>\u00a0pedig bemutatja, hogyan \u00e9p\u00fcl fel ez a program, mit kell tennie a r\u00e9sztvev\u0151knek ahhoz, hogy Szintet l\u00e9pjenek!<\/li>\n<\/ul>\n<p><span style=\"font-weight: 400;\">Szeretettel v\u00e1rjuk az \u00e9rdekl\u0151d\u0151ket!<\/span><\/p>\n<p><b>Kapcsolat:\u00a0<\/b><a href=\"mailto:mentorprogram@seeed.hu\"><b>mentorprogram@seed.hu<\/b><\/a><\/p>\n<p><span style=\"font-weight: 400;\">SEED Kisv\u00e1llalkoz\u00e1s-fejleszt\u00e9si Alap\u00edtv\u00e1ny<br \/>\n<\/span><a href=\"http:\/\/www.seed.hu\"><span style=\"font-weight: 400;\">www.seed.hu<\/span><\/a><\/p>\n","protected":false},"featured_media":338,"menu_order":0,"template":"","meta":{"_acf_changed":false},"class_list":["post-1695","hirek","type-hirek","status-publish","has-post-thumbnail","hentry"],"acf":[],"yoast_head":"<!-- This site is optimized with the Yoast SEO plugin v27.4 - https:\/\/yoast.com\/product\/yoast-seo-wordpress\/ -->\n<title>M\u00e9g a mai napon lehet jelentkezni a Kritikus er\u0151forr\u00e1sunk az ember c\u00edm\u0171 Tud\u00e1smegoszt\u00f3 \u00e9s Mentor Klub esem\u00e9nyre - Seed<\/title>\n<meta name=\"robots\" content=\"index, follow, max-snippet:-1, max-image-preview:large, max-video-preview:-1\" \/>\n<link rel=\"canonical\" href=\"https:\/\/seed.hu\/hirek\/meg-a-mai-napon-lehet-jelentkezni-a-kritikus-eroforrasunk-az-ember-cimu-tudasmegoszto-es-mentor-klub-esemenyre\/\" \/>\n<meta property=\"og:locale\" content=\"en_US\" \/>\n<meta property=\"og:type\" content=\"article\" \/>\n<meta property=\"og:title\" content=\"M\u00e9g a mai napon lehet jelentkezni a Kritikus er\u0151forr\u00e1sunk az ember c\u00edm\u0171 Tud\u00e1smegoszt\u00f3 \u00e9s Mentor Klub esem\u00e9nyre - Seed\" \/>\n<meta property=\"og:description\" content=\"Az Orsz\u00e1gos V\u00e1llalkoz\u00f3i Mentorprogram keret\u00e9ben megrendez\u00e9sre ker\u00fcl\u0151 esem\u00e9nyre v\u00e1rjuk mindazon mikro- \u00e9s kisv\u00e1llalkoz\u00e1s k\u00e9pvisel\u0151j\u00e9t,\u00a0 aki szeretne szintet l\u00e9pni a v\u00e1llalkoz\u00e1s\u00e1val, vagy neh\u00e9zs\u00e9gei, elakad\u00e1si vannak \u00e9s ehhez c\u00e9lzott seg\u00edts\u00e9get venne ig\u00e9nybe. A d\u00edjmentes Tud\u00e1smegoszt\u00f3 konferencia a SEED Alap\u00edtv\u00e1ny 2022-re tervezett komplex v\u00e1llalkoz\u00e1sfejleszt\u00e9si programj\u00e1nak els\u0151 l\u00e9pcs\u0151foka, mely tov\u00e1bbi c\u00e9lzott fejleszt\u00e9si programok &#8211; \u00fczletfejleszt\u00e9si workshop \u00e9s szem\u00e9lyes tan\u00e1csad\u00e1s [&hellip;]\" \/>\n<meta property=\"og:url\" content=\"https:\/\/seed.hu\/hirek\/meg-a-mai-napon-lehet-jelentkezni-a-kritikus-eroforrasunk-az-ember-cimu-tudasmegoszto-es-mentor-klub-esemenyre\/\" \/>\n<meta property=\"og:site_name\" content=\"Seed\" \/>\n<meta property=\"article:modified_time\" content=\"2022-04-11T03:55:38+00:00\" \/>\n<meta property=\"og:image\" content=\"https:\/\/seed.hu\/wp-content\/uploads\/2021\/04\/Orsza\u0301gos-Va\u0301llalkozo\u0301i-Mentorprogram.png\" \/>\n\t<meta property=\"og:image:width\" content=\"773\" \/>\n\t<meta property=\"og:image:height\" content=\"774\" \/>\n\t<meta property=\"og:image:type\" content=\"image\/png\" \/>\n<meta name=\"twitter:card\" content=\"summary_large_image\" \/>\n<meta name=\"twitter:label1\" content=\"Est. reading time\" \/>\n\t<meta name=\"twitter:data1\" content=\"1 minute\" \/>\n<script type=\"application\/ld+json\" class=\"yoast-schema-graph\">{\"@context\":\"https:\\\/\\\/schema.org\",\"@graph\":[{\"@type\":\"WebPage\",\"@id\":\"https:\\\/\\\/seed.hu\\\/hirek\\\/meg-a-mai-napon-lehet-jelentkezni-a-kritikus-eroforrasunk-az-ember-cimu-tudasmegoszto-es-mentor-klub-esemenyre\\\/\",\"url\":\"https:\\\/\\\/seed.hu\\\/hirek\\\/meg-a-mai-napon-lehet-jelentkezni-a-kritikus-eroforrasunk-az-ember-cimu-tudasmegoszto-es-mentor-klub-esemenyre\\\/\",\"name\":\"M\u00e9g a mai napon lehet jelentkezni a Kritikus er\u0151forr\u00e1sunk az ember c\u00edm\u0171 Tud\u00e1smegoszt\u00f3 \u00e9s Mentor Klub esem\u00e9nyre - Seed\",\"isPartOf\":{\"@id\":\"https:\\\/\\\/seed.hu\\\/#website\"},\"primaryImageOfPage\":{\"@id\":\"https:\\\/\\\/seed.hu\\\/hirek\\\/meg-a-mai-napon-lehet-jelentkezni-a-kritikus-eroforrasunk-az-ember-cimu-tudasmegoszto-es-mentor-klub-esemenyre\\\/#primaryimage\"},\"image\":{\"@id\":\"https:\\\/\\\/seed.hu\\\/hirek\\\/meg-a-mai-napon-lehet-jelentkezni-a-kritikus-eroforrasunk-az-ember-cimu-tudasmegoszto-es-mentor-klub-esemenyre\\\/#primaryimage\"},\"thumbnailUrl\":\"https:\\\/\\\/seed.hu\\\/wp-content\\\/uploads\\\/2021\\\/04\\\/Orsza\u0301gos-Va\u0301llalkozo\u0301i-Mentorprogram.png\",\"datePublished\":\"2022-04-10T08:45:46+00:00\",\"dateModified\":\"2022-04-11T03:55:38+00:00\",\"breadcrumb\":{\"@id\":\"https:\\\/\\\/seed.hu\\\/hirek\\\/meg-a-mai-napon-lehet-jelentkezni-a-kritikus-eroforrasunk-az-ember-cimu-tudasmegoszto-es-mentor-klub-esemenyre\\\/#breadcrumb\"},\"inLanguage\":\"en-US\",\"potentialAction\":[{\"@type\":\"ReadAction\",\"target\":[\"https:\\\/\\\/seed.hu\\\/hirek\\\/meg-a-mai-napon-lehet-jelentkezni-a-kritikus-eroforrasunk-az-ember-cimu-tudasmegoszto-es-mentor-klub-esemenyre\\\/\"]}]},{\"@type\":\"ImageObject\",\"inLanguage\":\"en-US\",\"@id\":\"https:\\\/\\\/seed.hu\\\/hirek\\\/meg-a-mai-napon-lehet-jelentkezni-a-kritikus-eroforrasunk-az-ember-cimu-tudasmegoszto-es-mentor-klub-esemenyre\\\/#primaryimage\",\"url\":\"https:\\\/\\\/seed.hu\\\/wp-content\\\/uploads\\\/2021\\\/04\\\/Orsza\u0301gos-Va\u0301llalkozo\u0301i-Mentorprogram.png\",\"contentUrl\":\"https:\\\/\\\/seed.hu\\\/wp-content\\\/uploads\\\/2021\\\/04\\\/Orsza\u0301gos-Va\u0301llalkozo\u0301i-Mentorprogram.png\",\"width\":773,\"height\":774},{\"@type\":\"BreadcrumbList\",\"@id\":\"https:\\\/\\\/seed.hu\\\/hirek\\\/meg-a-mai-napon-lehet-jelentkezni-a-kritikus-eroforrasunk-az-ember-cimu-tudasmegoszto-es-mentor-klub-esemenyre\\\/#breadcrumb\",\"itemListElement\":[{\"@type\":\"ListItem\",\"position\":1,\"name\":\"H\u00edrek\",\"item\":\"https:\\\/\\\/seed.hu\\\/hirek\\\/\"},{\"@type\":\"ListItem\",\"position\":2,\"name\":\"M\u00e9g a mai napon lehet jelentkezni a Kritikus er\u0151forr\u00e1sunk az ember c\u00edm\u0171 Tud\u00e1smegoszt\u00f3 \u00e9s Mentor Klub esem\u00e9nyre\"}]},{\"@type\":\"WebSite\",\"@id\":\"https:\\\/\\\/seed.hu\\\/#website\",\"url\":\"https:\\\/\\\/seed.hu\\\/\",\"name\":\"Seed\",\"description\":\"\",\"potentialAction\":[{\"@type\":\"SearchAction\",\"target\":{\"@type\":\"EntryPoint\",\"urlTemplate\":\"https:\\\/\\\/seed.hu\\\/?s={search_term_string}\"},\"query-input\":{\"@type\":\"PropertyValueSpecification\",\"valueRequired\":true,\"valueName\":\"search_term_string\"}}],\"inLanguage\":\"en-US\"}]}<\/script>\n<!-- \/ Yoast SEO plugin. -->","yoast_head_json":{"title":"M\u00e9g a mai napon lehet jelentkezni a Kritikus er\u0151forr\u00e1sunk az ember c\u00edm\u0171 Tud\u00e1smegoszt\u00f3 \u00e9s Mentor Klub esem\u00e9nyre - Seed","robots":{"index":"index","follow":"follow","max-snippet":"max-snippet:-1","max-image-preview":"max-image-preview:large","max-video-preview":"max-video-preview:-1"},"canonical":"https:\/\/seed.hu\/hirek\/meg-a-mai-napon-lehet-jelentkezni-a-kritikus-eroforrasunk-az-ember-cimu-tudasmegoszto-es-mentor-klub-esemenyre\/","og_locale":"en_US","og_type":"article","og_title":"M\u00e9g a mai napon lehet jelentkezni a Kritikus er\u0151forr\u00e1sunk az ember c\u00edm\u0171 Tud\u00e1smegoszt\u00f3 \u00e9s Mentor Klub esem\u00e9nyre - Seed","og_description":"Az Orsz\u00e1gos V\u00e1llalkoz\u00f3i Mentorprogram keret\u00e9ben megrendez\u00e9sre ker\u00fcl\u0151 esem\u00e9nyre v\u00e1rjuk mindazon mikro- \u00e9s kisv\u00e1llalkoz\u00e1s k\u00e9pvisel\u0151j\u00e9t,\u00a0 aki szeretne szintet l\u00e9pni a v\u00e1llalkoz\u00e1s\u00e1val, vagy neh\u00e9zs\u00e9gei, elakad\u00e1si vannak \u00e9s ehhez c\u00e9lzott seg\u00edts\u00e9get venne ig\u00e9nybe. A d\u00edjmentes Tud\u00e1smegoszt\u00f3 konferencia a SEED Alap\u00edtv\u00e1ny 2022-re tervezett komplex v\u00e1llalkoz\u00e1sfejleszt\u00e9si programj\u00e1nak els\u0151 l\u00e9pcs\u0151foka, mely tov\u00e1bbi c\u00e9lzott fejleszt\u00e9si programok &#8211; \u00fczletfejleszt\u00e9si workshop \u00e9s szem\u00e9lyes tan\u00e1csad\u00e1s [&hellip;]","og_url":"https:\/\/seed.hu\/hirek\/meg-a-mai-napon-lehet-jelentkezni-a-kritikus-eroforrasunk-az-ember-cimu-tudasmegoszto-es-mentor-klub-esemenyre\/","og_site_name":"Seed","article_modified_time":"2022-04-11T03:55:38+00:00","og_image":[{"width":773,"height":774,"url":"https:\/\/seed.hu\/wp-content\/uploads\/2021\/04\/Orsza\u0301gos-Va\u0301llalkozo\u0301i-Mentorprogram.png","type":"image\/png"}],"twitter_card":"summary_large_image","twitter_misc":{"Est. reading time":"1 minute"},"schema":{"@context":"https:\/\/schema.org","@graph":[{"@type":"WebPage","@id":"https:\/\/seed.hu\/hirek\/meg-a-mai-napon-lehet-jelentkezni-a-kritikus-eroforrasunk-az-ember-cimu-tudasmegoszto-es-mentor-klub-esemenyre\/","url":"https:\/\/seed.hu\/hirek\/meg-a-mai-napon-lehet-jelentkezni-a-kritikus-eroforrasunk-az-ember-cimu-tudasmegoszto-es-mentor-klub-esemenyre\/","name":"M\u00e9g a mai napon lehet jelentkezni a Kritikus er\u0151forr\u00e1sunk az ember c\u00edm\u0171 Tud\u00e1smegoszt\u00f3 \u00e9s Mentor Klub esem\u00e9nyre - Seed","isPartOf":{"@id":"https:\/\/seed.hu\/#website"},"primaryImageOfPage":{"@id":"https:\/\/seed.hu\/hirek\/meg-a-mai-napon-lehet-jelentkezni-a-kritikus-eroforrasunk-az-ember-cimu-tudasmegoszto-es-mentor-klub-esemenyre\/#primaryimage"},"image":{"@id":"https:\/\/seed.hu\/hirek\/meg-a-mai-napon-lehet-jelentkezni-a-kritikus-eroforrasunk-az-ember-cimu-tudasmegoszto-es-mentor-klub-esemenyre\/#primaryimage"},"thumbnailUrl":"https:\/\/seed.hu\/wp-content\/uploads\/2021\/04\/Orsza\u0301gos-Va\u0301llalkozo\u0301i-Mentorprogram.png","datePublished":"2022-04-10T08:45:46+00:00","dateModified":"2022-04-11T03:55:38+00:00","breadcrumb":{"@id":"https:\/\/seed.hu\/hirek\/meg-a-mai-napon-lehet-jelentkezni-a-kritikus-eroforrasunk-az-ember-cimu-tudasmegoszto-es-mentor-klub-esemenyre\/#breadcrumb"},"inLanguage":"en-US","potentialAction":[{"@type":"ReadAction","target":["https:\/\/seed.hu\/hirek\/meg-a-mai-napon-lehet-jelentkezni-a-kritikus-eroforrasunk-az-ember-cimu-tudasmegoszto-es-mentor-klub-esemenyre\/"]}]},{"@type":"ImageObject","inLanguage":"en-US","@id":"https:\/\/seed.hu\/hirek\/meg-a-mai-napon-lehet-jelentkezni-a-kritikus-eroforrasunk-az-ember-cimu-tudasmegoszto-es-mentor-klub-esemenyre\/#primaryimage","url":"https:\/\/seed.hu\/wp-content\/uploads\/2021\/04\/Orsza\u0301gos-Va\u0301llalkozo\u0301i-Mentorprogram.png","contentUrl":"https:\/\/seed.hu\/wp-content\/uploads\/2021\/04\/Orsza\u0301gos-Va\u0301llalkozo\u0301i-Mentorprogram.png","width":773,"height":774},{"@type":"BreadcrumbList","@id":"https:\/\/seed.hu\/hirek\/meg-a-mai-napon-lehet-jelentkezni-a-kritikus-eroforrasunk-az-ember-cimu-tudasmegoszto-es-mentor-klub-esemenyre\/#breadcrumb","itemListElement":[{"@type":"ListItem","position":1,"name":"H\u00edrek","item":"https:\/\/seed.hu\/hirek\/"},{"@type":"ListItem","position":2,"name":"M\u00e9g a mai napon lehet jelentkezni a Kritikus er\u0151forr\u00e1sunk az ember c\u00edm\u0171 Tud\u00e1smegoszt\u00f3 \u00e9s Mentor Klub esem\u00e9nyre"}]},{"@type":"WebSite","@id":"https:\/\/seed.hu\/#website","url":"https:\/\/seed.hu\/","name":"Seed","description":"","potentialAction":[{"@type":"SearchAction","target":{"@type":"EntryPoint","urlTemplate":"https:\/\/seed.hu\/?s={search_term_string}"},"query-input":{"@type":"PropertyValueSpecification","valueRequired":true,"valueName":"search_term_string"}}],"inLanguage":"en-US"}]}},"_links":{"self":[{"href":"https:\/\/seed.hu\/en\/wp-json\/wp\/v2\/hirek\/1695","targetHints":{"allow":["GET"]}}],"collection":[{"href":"https:\/\/seed.hu\/en\/wp-json\/wp\/v2\/hirek"}],"about":[{"href":"https:\/\/seed.hu\/en\/wp-json\/wp\/v2\/types\/hirek"}],"wp:featuredmedia":[{"embeddable":true,"href":"https:\/\/seed.hu\/en\/wp-json\/wp\/v2\/media\/338"}],"wp:attachment":[{"href":"https:\/\/seed.hu\/en\/wp-json\/wp\/v2\/media?parent=1695"}],"curies":[{"name":"wp","href":"https:\/\/api.w.org\/{rel}","templated":true}]}}