{"id":2024,"date":"2022-05-05T19:41:36","date_gmt":"2022-05-05T17:41:36","guid":{"rendered":"https:\/\/seed.hu\/?post_type=hirek&#038;p=2024"},"modified":"2022-05-17T20:07:06","modified_gmt":"2022-05-17T18:07:06","slug":"valtozo-korulmenyek-ellenere-is-kiszamithato-uzleti-mukodes-fejleszto-programsorozattal-folytatodik-az-orszagos-vallalkozoi-mentorprogram","status":"publish","type":"hirek","link":"https:\/\/seed.hu\/en\/hirek\/valtozo-korulmenyek-ellenere-is-kiszamithato-uzleti-mukodes-fejleszto-programsorozattal-folytatodik-az-orszagos-vallalkozoi-mentorprogram\/","title":{"rendered":"V\u00e1ltoz\u00f3 k\u00f6r\u00fclm\u00e9nyek ellen\u00e9re is kisz\u00e1m\u00edthat\u00f3 \u00fczleti m\u0171k\u00f6d\u00e9s &#8211; Fejleszt\u0151 programsorozattal folytat\u00f3dik az Orsz\u00e1gos V\u00e1llalkoz\u00f3i Mentorprogram"},"content":{"rendered":"<p><span style=\"font-size: 20px;\"><strong>V\u00e1ltoz\u00f3 k\u00f6r\u00fclm\u00e9nyek ellen\u00e9re is kisz\u00e1m\u00edthat\u00f3 \u00fczleti m\u0171k\u00f6d\u00e9s<\/strong><\/span><\/p>\n<p><span style=\"font-size: 20px;\"><strong>Online Tud\u00e1smegoszt\u00f3 esem\u00e9ny<br \/>\n<\/strong><strong>az Orsz\u00e1gos V\u00e1llalkoz\u00f3i Mentorprogram keret\u00e9ben<\/strong><\/span><\/p>\n<p>Hogyan \u00e9p\u00edthetj\u00fck v\u00e1llalkoz\u00e1sunkat stabil alapokra, mik\u00f6zben az \u00fczleti k\u00f6rnyezet m\u00e1r \u00e9vek \u00f3ta v\u00e1ltoz\u00e1sban van? Bev\u00e9teleimet \u00e9p\u00edthetem-e a ma k\u00edn\u00e1lt term\u00e9keimre, szolg\u00e1ltat\u00e1saimra \u00e9s azokra a vev\u0151imre, akiket ma ismerek? Milyen praktik\u00e1kat \u00e9rdemes elsaj\u00e1t\u00edtani \u00e9s m\u00e1r most alkalmazni, hogy a v\u00e1ltoz\u00f3 k\u00f6r\u00fclm\u00e9nyek k\u00f6z\u00f6tt is kisz\u00e1m\u00edthat\u00f3 legyen a v\u00e1llalkoz\u00e1sod m\u0171k\u00f6d\u00e9se? Hogyan alak\u00edthat\u00f3 ennek megfelel\u0151en az \u00fczleti modell\u00fcnk?<\/p>\n<p>A neves megh\u00edvott besz\u00e9lget\u0151partnerek r\u00e1vil\u00e1g\u00edtanak azokra az \u00fczleti k\u00f6rnyezetben t\u00f6rt\u00e9n\u0151 v\u00e1ltoz\u00e1sokra, melyekre tekintettel kell lenn\u00fcnk \u00e9s\/vagy reag\u00e1lnunk kell saj\u00e1t \u00fczleti modell\u00fcnk \u00fajragondol\u00e1s\u00e1val akkor, ha a c\u00e9lk\u00e9nt t\u0171zz\u00fck ki v\u00e1llalkoz\u00e1sunk min\u0151s\u00e9gi \u00e9s\/vagy mennyis\u00e9gi szintl\u00e9p\u00e9s\u00e9t.<\/p>\n<p><strong>Id\u0151pont: 2022. m\u00e1jus 24., kedd, 9:45-12:00 <\/strong><\/p>\n<p><strong>Helysz\u00edn: ONLINE<\/strong><\/p>\n<p>&nbsp;<\/p>\n<p>9:45 \u2013 10:00<strong>\u00a0 \u00a0\u201eMeg\u00e9rkez\u00e9s\u201d az online fel\u00fcletre<\/strong><\/p>\n<p>10:00-10:05 \u00a0\u00a0 <strong>K\u00f6sz\u00f6nt\u00e9s <\/strong>&#8211; Lakatosn\u00e9 Luk\u00e1cs Zsuzsanna, \u00fcgyvezet\u0151 igazgat\u00f3, SEED Alap\u00edtv\u00e1ny<\/p>\n<p>10:05-11:00\u00a0 \u00a0 \u00a0<strong>V\u00e1ltoz\u00f3 k\u00f6r\u00fclm\u00e9nyek ellen\u00e9re is kisz\u00e1m\u00edthat\u00f3 \u00fczleti m\u0171k\u00f6d\u00e9s<\/strong><\/p>\n<p style=\"padding-left: 80px;\">\u00a0 \u00a0 \u00a0 \u00a0<strong>Moder\u00e1lt besz\u00e9lget\u00e9s, melynek r\u00e9sztvev\u0151i:<\/strong><\/p>\n<p style=\"padding-left: 120px;\"><strong>Prof. Dr. Csath Magdolna, <\/strong>a Nemzeti K\u00f6zszolg\u00e1lati Egyetem mag\u00e1ntan\u00e1ra, a P\u00e1zm\u00e1ny P\u00e9ter Katolikus Egyetem kutat\u00f3professzora, az \u00fczleti k\u00f6rnyezet fejleszt\u00e9s\u00e9t t\u00e1mogat\u00f3, 2022.\u00a0\u00a0m\u00e1jus\u00e1ig a PM mellett m\u0171k\u00f6d\u0151 Versenyk\u00e9pess\u00e9gi Tan\u00e1cs tagja.\u00a0Professzor asszony foglalkozik a kisv\u00e1llalkoz\u00e1sok szerep\u00e9vel a modern gazdas\u00e1gokban, \u00e9s kutatja \u00fczleti k\u00f6rnyezet\u00fck alakul\u00e1s\u00e1nak f\u0151bb tendenci\u00e1it.<\/p>\n<p style=\"padding-left: 120px;\"><strong>Szab\u00f3 Ervin, Kulcs-Soft Nyrt. vez\u00e9rigazgat\u00f3ja <\/strong>\u2013 aki az \u00e1ltala vezetett c\u00e9g elm\u00falt \u00e9vekben el\u00e9rt n\u00f6veked\u00e9s\u00e9nek j\u00f3gyakorlat\u00e1t osztja meg vel\u00fcnk \u00e9s reag\u00e1l gyakorlati tapasztalataira t\u00e1maszkodva.<\/p>\n<p style=\"padding-left: 80px;\"><strong>\u00a0 \u00a0 \u00a0 A besz\u00e9lget\u00e9s moder\u00e1tora:<\/strong><\/p>\n<p style=\"padding-left: 120px;\"><strong>dr. Csepeti \u00c1d\u00e1m<\/strong>, <strong>a Budapesti Corvinus Egyetem Marketing \u00e9s M\u00e9dia Int\u00e9zet\u00e9nek adjunktusa<\/strong>,\u00a0 a Market Orientation Kft. \u00fcgyvezet\u0151 tulajdonosa, a SEED Alap\u00edtv\u00e1ny \u00fczleti modellez\u00e9si tr\u00e9nere<\/p>\n<p>11:00-11:30\u00a0 \u00a0 Hozz\u00e1sz\u00f3l\u00e1sok, k\u00e9rd\u00e9sek, besz\u00e9lget\u00e9s a t\u00e9m\u00e1ban az el\u0151ad\u00f3kkal \u00e9s egym\u00e1ssal<\/p>\n<p>11:30-11:45\u00a0\u00a0\u00a0 <strong>\u00a0A szem\u00e9lyre szabott v\u00e1llalkoz\u00f3i inform\u00e1ci\u00f3 &#8211; a vali.hu oldal bemutat\u00e1sa, a kapcsol\u00f3d\u00f3 t\u00e1mogat\u00e1si lehet\u0151sekkel &#8211; <\/strong>dr. Billo K\u00e1rmen, projektvezet\u0151, IFKA<\/p>\n<p>11:45-12:00\u00a0 \u00a0 <strong>L\u00e9pj szintet a v\u00e1llalkoz\u00e1soddal! <\/strong>\u2013 Mi a k\u00f6vetkez\u0151 l\u00e9pcs\u0151 a szintl\u00e9p\u00e9shez? &#8211; Lakatosn\u00e9 Luk\u00e1cs Zsuzsanna, \u00fcgyvezet\u0151 igazgat\u00f3, SEED Alap\u00edtv\u00e1ny<\/p>\n<p>12:00-12:10\u00a0\u00a0\u00a0 <strong>Lez\u00e1r\u00e1s, elk\u00f6sz\u00f6n\u00e9s<\/strong><\/p>\n<p>&nbsp;<\/p>\n<p>A rendezv\u00e9nyen a r\u00e9szv\u00e9tel d\u00edjmentes, de regisztr\u00e1ci\u00f3hoz k\u00f6t\u00f6tt, melyet itt lehet megtenni 2022. m\u00e1jus 22-ig:<\/p>\n<p><a href=\"https:\/\/mentorprogram.seed.hu\/form\/regisztracio-ovm-programsorozat\" target=\"_blank\" rel=\"noopener\"><img decoding=\"async\" style=\"width: 136px; height: 48px;\" src=\"https:\/\/seed.hu\/wp-content\/uploads\/2022\/04\/Regisztracio4.png\" alt=\"\" \/><\/a><\/p>\n<p>A bel\u00e9p\u00e9shez sz\u00fcks\u00e9ges linket a regisztr\u00e1lt vend\u00e9gek m\u00e1jus 23-\u00e1n, h\u00e9tf\u0151n fogj\u00e1k megkapni a regisztr\u00e1ci\u00f3kor megadott e-mail c\u00edm\u00fckre.<\/p>\n<p><strong><br \/>\nKapcsolat: <a href=\"mailto:mentorprogram@seed.hu?subject=Kritikus%20er%C5%91forr%C3%A1sunk%20az%20ember%20-%20Szeksz%C3%A1rd%2C%202022.%20%C3%A1prilis%2013.\">mentorprogram@seed.hu<\/a><\/strong><br \/>\nSEED Kisv\u00e1llalkoz\u00e1s-fejleszt\u00e9si Alap\u00edtv\u00e1ny<br \/>\n<strong><a href=\"http:\/\/www.seed.hu\" target=\"_blank\" rel=\"noopener\">www.seed.hu<\/a><\/strong><\/p>\n<p>&nbsp;<\/p>\n","protected":false},"featured_media":338,"menu_order":0,"template":"","meta":{"_acf_changed":false},"class_list":["post-2024","hirek","type-hirek","status-publish","has-post-thumbnail","hentry"],"acf":[],"yoast_head":"<!-- This site is optimized with the Yoast SEO plugin v27.4 - https:\/\/yoast.com\/product\/yoast-seo-wordpress\/ -->\n<title>V\u00e1ltoz\u00f3 k\u00f6r\u00fclm\u00e9nyek ellen\u00e9re is kisz\u00e1m\u00edthat\u00f3 \u00fczleti m\u0171k\u00f6d\u00e9s - Fejleszt\u0151 programsorozattal folytat\u00f3dik az Orsz\u00e1gos V\u00e1llalkoz\u00f3i Mentorprogram - Seed<\/title>\n<meta name=\"robots\" content=\"index, follow, max-snippet:-1, max-image-preview:large, max-video-preview:-1\" \/>\n<link rel=\"canonical\" href=\"https:\/\/seed.hu\/hirek\/valtozo-korulmenyek-ellenere-is-kiszamithato-uzleti-mukodes-fejleszto-programsorozattal-folytatodik-az-orszagos-vallalkozoi-mentorprogram\/\" \/>\n<meta property=\"og:locale\" content=\"en_US\" \/>\n<meta property=\"og:type\" content=\"article\" \/>\n<meta property=\"og:title\" content=\"V\u00e1ltoz\u00f3 k\u00f6r\u00fclm\u00e9nyek ellen\u00e9re is kisz\u00e1m\u00edthat\u00f3 \u00fczleti m\u0171k\u00f6d\u00e9s - Fejleszt\u0151 programsorozattal folytat\u00f3dik az Orsz\u00e1gos V\u00e1llalkoz\u00f3i Mentorprogram - Seed\" \/>\n<meta property=\"og:description\" content=\"V\u00e1ltoz\u00f3 k\u00f6r\u00fclm\u00e9nyek ellen\u00e9re is kisz\u00e1m\u00edthat\u00f3 \u00fczleti m\u0171k\u00f6d\u00e9s Online Tud\u00e1smegoszt\u00f3 esem\u00e9ny az Orsz\u00e1gos V\u00e1llalkoz\u00f3i Mentorprogram keret\u00e9ben Hogyan \u00e9p\u00edthetj\u00fck v\u00e1llalkoz\u00e1sunkat stabil alapokra, mik\u00f6zben az \u00fczleti k\u00f6rnyezet m\u00e1r \u00e9vek \u00f3ta v\u00e1ltoz\u00e1sban van? Bev\u00e9teleimet \u00e9p\u00edthetem-e a ma k\u00edn\u00e1lt term\u00e9keimre, szolg\u00e1ltat\u00e1saimra \u00e9s azokra a vev\u0151imre, akiket ma ismerek? Milyen praktik\u00e1kat \u00e9rdemes elsaj\u00e1t\u00edtani \u00e9s m\u00e1r most alkalmazni, hogy a v\u00e1ltoz\u00f3 k\u00f6r\u00fclm\u00e9nyek [&hellip;]\" \/>\n<meta property=\"og:url\" content=\"https:\/\/seed.hu\/hirek\/valtozo-korulmenyek-ellenere-is-kiszamithato-uzleti-mukodes-fejleszto-programsorozattal-folytatodik-az-orszagos-vallalkozoi-mentorprogram\/\" \/>\n<meta property=\"og:site_name\" content=\"Seed\" \/>\n<meta property=\"article:modified_time\" content=\"2022-05-17T18:07:06+00:00\" \/>\n<meta property=\"og:image\" content=\"https:\/\/seed.hu\/wp-content\/uploads\/2021\/04\/Orsza\u0301gos-Va\u0301llalkozo\u0301i-Mentorprogram.png\" \/>\n\t<meta property=\"og:image:width\" content=\"773\" \/>\n\t<meta property=\"og:image:height\" content=\"774\" \/>\n\t<meta property=\"og:image:type\" content=\"image\/png\" \/>\n<meta name=\"twitter:card\" content=\"summary_large_image\" \/>\n<meta name=\"twitter:label1\" content=\"Est. reading time\" \/>\n\t<meta name=\"twitter:data1\" content=\"2 minutes\" \/>\n<script type=\"application\/ld+json\" class=\"yoast-schema-graph\">{\"@context\":\"https:\\\/\\\/schema.org\",\"@graph\":[{\"@type\":\"WebPage\",\"@id\":\"https:\\\/\\\/seed.hu\\\/hirek\\\/valtozo-korulmenyek-ellenere-is-kiszamithato-uzleti-mukodes-fejleszto-programsorozattal-folytatodik-az-orszagos-vallalkozoi-mentorprogram\\\/\",\"url\":\"https:\\\/\\\/seed.hu\\\/hirek\\\/valtozo-korulmenyek-ellenere-is-kiszamithato-uzleti-mukodes-fejleszto-programsorozattal-folytatodik-az-orszagos-vallalkozoi-mentorprogram\\\/\",\"name\":\"V\u00e1ltoz\u00f3 k\u00f6r\u00fclm\u00e9nyek ellen\u00e9re is kisz\u00e1m\u00edthat\u00f3 \u00fczleti m\u0171k\u00f6d\u00e9s - Fejleszt\u0151 programsorozattal folytat\u00f3dik az Orsz\u00e1gos V\u00e1llalkoz\u00f3i Mentorprogram - Seed\",\"isPartOf\":{\"@id\":\"https:\\\/\\\/seed.hu\\\/#website\"},\"primaryImageOfPage\":{\"@id\":\"https:\\\/\\\/seed.hu\\\/hirek\\\/valtozo-korulmenyek-ellenere-is-kiszamithato-uzleti-mukodes-fejleszto-programsorozattal-folytatodik-az-orszagos-vallalkozoi-mentorprogram\\\/#primaryimage\"},\"image\":{\"@id\":\"https:\\\/\\\/seed.hu\\\/hirek\\\/valtozo-korulmenyek-ellenere-is-kiszamithato-uzleti-mukodes-fejleszto-programsorozattal-folytatodik-az-orszagos-vallalkozoi-mentorprogram\\\/#primaryimage\"},\"thumbnailUrl\":\"https:\\\/\\\/seed.hu\\\/wp-content\\\/uploads\\\/2021\\\/04\\\/Orsza\u0301gos-Va\u0301llalkozo\u0301i-Mentorprogram.png\",\"datePublished\":\"2022-05-05T17:41:36+00:00\",\"dateModified\":\"2022-05-17T18:07:06+00:00\",\"breadcrumb\":{\"@id\":\"https:\\\/\\\/seed.hu\\\/hirek\\\/valtozo-korulmenyek-ellenere-is-kiszamithato-uzleti-mukodes-fejleszto-programsorozattal-folytatodik-az-orszagos-vallalkozoi-mentorprogram\\\/#breadcrumb\"},\"inLanguage\":\"en-US\",\"potentialAction\":[{\"@type\":\"ReadAction\",\"target\":[\"https:\\\/\\\/seed.hu\\\/hirek\\\/valtozo-korulmenyek-ellenere-is-kiszamithato-uzleti-mukodes-fejleszto-programsorozattal-folytatodik-az-orszagos-vallalkozoi-mentorprogram\\\/\"]}]},{\"@type\":\"ImageObject\",\"inLanguage\":\"en-US\",\"@id\":\"https:\\\/\\\/seed.hu\\\/hirek\\\/valtozo-korulmenyek-ellenere-is-kiszamithato-uzleti-mukodes-fejleszto-programsorozattal-folytatodik-az-orszagos-vallalkozoi-mentorprogram\\\/#primaryimage\",\"url\":\"https:\\\/\\\/seed.hu\\\/wp-content\\\/uploads\\\/2021\\\/04\\\/Orsza\u0301gos-Va\u0301llalkozo\u0301i-Mentorprogram.png\",\"contentUrl\":\"https:\\\/\\\/seed.hu\\\/wp-content\\\/uploads\\\/2021\\\/04\\\/Orsza\u0301gos-Va\u0301llalkozo\u0301i-Mentorprogram.png\",\"width\":773,\"height\":774},{\"@type\":\"BreadcrumbList\",\"@id\":\"https:\\\/\\\/seed.hu\\\/hirek\\\/valtozo-korulmenyek-ellenere-is-kiszamithato-uzleti-mukodes-fejleszto-programsorozattal-folytatodik-az-orszagos-vallalkozoi-mentorprogram\\\/#breadcrumb\",\"itemListElement\":[{\"@type\":\"ListItem\",\"position\":1,\"name\":\"H\u00edrek\",\"item\":\"https:\\\/\\\/seed.hu\\\/hirek\\\/\"},{\"@type\":\"ListItem\",\"position\":2,\"name\":\"V\u00e1ltoz\u00f3 k\u00f6r\u00fclm\u00e9nyek ellen\u00e9re is kisz\u00e1m\u00edthat\u00f3 \u00fczleti m\u0171k\u00f6d\u00e9s &#8211; Fejleszt\u0151 programsorozattal folytat\u00f3dik az Orsz\u00e1gos V\u00e1llalkoz\u00f3i Mentorprogram\"}]},{\"@type\":\"WebSite\",\"@id\":\"https:\\\/\\\/seed.hu\\\/#website\",\"url\":\"https:\\\/\\\/seed.hu\\\/\",\"name\":\"Seed\",\"description\":\"\",\"potentialAction\":[{\"@type\":\"SearchAction\",\"target\":{\"@type\":\"EntryPoint\",\"urlTemplate\":\"https:\\\/\\\/seed.hu\\\/?s={search_term_string}\"},\"query-input\":{\"@type\":\"PropertyValueSpecification\",\"valueRequired\":true,\"valueName\":\"search_term_string\"}}],\"inLanguage\":\"en-US\"}]}<\/script>\n<!-- \/ Yoast SEO plugin. -->","yoast_head_json":{"title":"V\u00e1ltoz\u00f3 k\u00f6r\u00fclm\u00e9nyek ellen\u00e9re is kisz\u00e1m\u00edthat\u00f3 \u00fczleti m\u0171k\u00f6d\u00e9s - Fejleszt\u0151 programsorozattal folytat\u00f3dik az Orsz\u00e1gos V\u00e1llalkoz\u00f3i Mentorprogram - Seed","robots":{"index":"index","follow":"follow","max-snippet":"max-snippet:-1","max-image-preview":"max-image-preview:large","max-video-preview":"max-video-preview:-1"},"canonical":"https:\/\/seed.hu\/hirek\/valtozo-korulmenyek-ellenere-is-kiszamithato-uzleti-mukodes-fejleszto-programsorozattal-folytatodik-az-orszagos-vallalkozoi-mentorprogram\/","og_locale":"en_US","og_type":"article","og_title":"V\u00e1ltoz\u00f3 k\u00f6r\u00fclm\u00e9nyek ellen\u00e9re is kisz\u00e1m\u00edthat\u00f3 \u00fczleti m\u0171k\u00f6d\u00e9s - Fejleszt\u0151 programsorozattal folytat\u00f3dik az Orsz\u00e1gos V\u00e1llalkoz\u00f3i Mentorprogram - Seed","og_description":"V\u00e1ltoz\u00f3 k\u00f6r\u00fclm\u00e9nyek ellen\u00e9re is kisz\u00e1m\u00edthat\u00f3 \u00fczleti m\u0171k\u00f6d\u00e9s Online Tud\u00e1smegoszt\u00f3 esem\u00e9ny az Orsz\u00e1gos V\u00e1llalkoz\u00f3i Mentorprogram keret\u00e9ben Hogyan \u00e9p\u00edthetj\u00fck v\u00e1llalkoz\u00e1sunkat stabil alapokra, mik\u00f6zben az \u00fczleti k\u00f6rnyezet m\u00e1r \u00e9vek \u00f3ta v\u00e1ltoz\u00e1sban van? Bev\u00e9teleimet \u00e9p\u00edthetem-e a ma k\u00edn\u00e1lt term\u00e9keimre, szolg\u00e1ltat\u00e1saimra \u00e9s azokra a vev\u0151imre, akiket ma ismerek? Milyen praktik\u00e1kat \u00e9rdemes elsaj\u00e1t\u00edtani \u00e9s m\u00e1r most alkalmazni, hogy a v\u00e1ltoz\u00f3 k\u00f6r\u00fclm\u00e9nyek [&hellip;]","og_url":"https:\/\/seed.hu\/hirek\/valtozo-korulmenyek-ellenere-is-kiszamithato-uzleti-mukodes-fejleszto-programsorozattal-folytatodik-az-orszagos-vallalkozoi-mentorprogram\/","og_site_name":"Seed","article_modified_time":"2022-05-17T18:07:06+00:00","og_image":[{"width":773,"height":774,"url":"https:\/\/seed.hu\/wp-content\/uploads\/2021\/04\/Orsza\u0301gos-Va\u0301llalkozo\u0301i-Mentorprogram.png","type":"image\/png"}],"twitter_card":"summary_large_image","twitter_misc":{"Est. reading time":"2 minutes"},"schema":{"@context":"https:\/\/schema.org","@graph":[{"@type":"WebPage","@id":"https:\/\/seed.hu\/hirek\/valtozo-korulmenyek-ellenere-is-kiszamithato-uzleti-mukodes-fejleszto-programsorozattal-folytatodik-az-orszagos-vallalkozoi-mentorprogram\/","url":"https:\/\/seed.hu\/hirek\/valtozo-korulmenyek-ellenere-is-kiszamithato-uzleti-mukodes-fejleszto-programsorozattal-folytatodik-az-orszagos-vallalkozoi-mentorprogram\/","name":"V\u00e1ltoz\u00f3 k\u00f6r\u00fclm\u00e9nyek ellen\u00e9re is kisz\u00e1m\u00edthat\u00f3 \u00fczleti m\u0171k\u00f6d\u00e9s - Fejleszt\u0151 programsorozattal folytat\u00f3dik az Orsz\u00e1gos V\u00e1llalkoz\u00f3i Mentorprogram - Seed","isPartOf":{"@id":"https:\/\/seed.hu\/#website"},"primaryImageOfPage":{"@id":"https:\/\/seed.hu\/hirek\/valtozo-korulmenyek-ellenere-is-kiszamithato-uzleti-mukodes-fejleszto-programsorozattal-folytatodik-az-orszagos-vallalkozoi-mentorprogram\/#primaryimage"},"image":{"@id":"https:\/\/seed.hu\/hirek\/valtozo-korulmenyek-ellenere-is-kiszamithato-uzleti-mukodes-fejleszto-programsorozattal-folytatodik-az-orszagos-vallalkozoi-mentorprogram\/#primaryimage"},"thumbnailUrl":"https:\/\/seed.hu\/wp-content\/uploads\/2021\/04\/Orsza\u0301gos-Va\u0301llalkozo\u0301i-Mentorprogram.png","datePublished":"2022-05-05T17:41:36+00:00","dateModified":"2022-05-17T18:07:06+00:00","breadcrumb":{"@id":"https:\/\/seed.hu\/hirek\/valtozo-korulmenyek-ellenere-is-kiszamithato-uzleti-mukodes-fejleszto-programsorozattal-folytatodik-az-orszagos-vallalkozoi-mentorprogram\/#breadcrumb"},"inLanguage":"en-US","potentialAction":[{"@type":"ReadAction","target":["https:\/\/seed.hu\/hirek\/valtozo-korulmenyek-ellenere-is-kiszamithato-uzleti-mukodes-fejleszto-programsorozattal-folytatodik-az-orszagos-vallalkozoi-mentorprogram\/"]}]},{"@type":"ImageObject","inLanguage":"en-US","@id":"https:\/\/seed.hu\/hirek\/valtozo-korulmenyek-ellenere-is-kiszamithato-uzleti-mukodes-fejleszto-programsorozattal-folytatodik-az-orszagos-vallalkozoi-mentorprogram\/#primaryimage","url":"https:\/\/seed.hu\/wp-content\/uploads\/2021\/04\/Orsza\u0301gos-Va\u0301llalkozo\u0301i-Mentorprogram.png","contentUrl":"https:\/\/seed.hu\/wp-content\/uploads\/2021\/04\/Orsza\u0301gos-Va\u0301llalkozo\u0301i-Mentorprogram.png","width":773,"height":774},{"@type":"BreadcrumbList","@id":"https:\/\/seed.hu\/hirek\/valtozo-korulmenyek-ellenere-is-kiszamithato-uzleti-mukodes-fejleszto-programsorozattal-folytatodik-az-orszagos-vallalkozoi-mentorprogram\/#breadcrumb","itemListElement":[{"@type":"ListItem","position":1,"name":"H\u00edrek","item":"https:\/\/seed.hu\/hirek\/"},{"@type":"ListItem","position":2,"name":"V\u00e1ltoz\u00f3 k\u00f6r\u00fclm\u00e9nyek ellen\u00e9re is kisz\u00e1m\u00edthat\u00f3 \u00fczleti m\u0171k\u00f6d\u00e9s &#8211; Fejleszt\u0151 programsorozattal folytat\u00f3dik az Orsz\u00e1gos V\u00e1llalkoz\u00f3i Mentorprogram"}]},{"@type":"WebSite","@id":"https:\/\/seed.hu\/#website","url":"https:\/\/seed.hu\/","name":"Seed","description":"","potentialAction":[{"@type":"SearchAction","target":{"@type":"EntryPoint","urlTemplate":"https:\/\/seed.hu\/?s={search_term_string}"},"query-input":{"@type":"PropertyValueSpecification","valueRequired":true,"valueName":"search_term_string"}}],"inLanguage":"en-US"}]}},"_links":{"self":[{"href":"https:\/\/seed.hu\/en\/wp-json\/wp\/v2\/hirek\/2024","targetHints":{"allow":["GET"]}}],"collection":[{"href":"https:\/\/seed.hu\/en\/wp-json\/wp\/v2\/hirek"}],"about":[{"href":"https:\/\/seed.hu\/en\/wp-json\/wp\/v2\/types\/hirek"}],"wp:featuredmedia":[{"embeddable":true,"href":"https:\/\/seed.hu\/en\/wp-json\/wp\/v2\/media\/338"}],"wp:attachment":[{"href":"https:\/\/seed.hu\/en\/wp-json\/wp\/v2\/media?parent=2024"}],"curies":[{"name":"wp","href":"https:\/\/api.w.org\/{rel}","templated":true}]}}