{"id":2241,"date":"2022-05-24T21:12:48","date_gmt":"2022-05-24T19:12:48","guid":{"rendered":"https:\/\/seed.hu\/?post_type=hirek&#038;p=2241"},"modified":"2022-06-02T13:47:13","modified_gmt":"2022-06-02T11:47:13","slug":"piacszerzes-es-megtartas-orszaghataron-kivul-hogyan-kezeljuk-kulpiaci-uzleti-kapcsolatainkat-ha-a-celpiacunk-megroppan-tudasmegoszto-esemeny-az-orszagos-vallalkozoi-mentorprogram-kereteben","status":"publish","type":"hirek","link":"https:\/\/seed.hu\/en\/hirek\/piacszerzes-es-megtartas-orszaghataron-kivul-hogyan-kezeljuk-kulpiaci-uzleti-kapcsolatainkat-ha-a-celpiacunk-megroppan-tudasmegoszto-esemeny-az-orszagos-vallalkozoi-mentorprogram-kereteben\/","title":{"rendered":"Piacszerz\u00e9s \u00e9s -megtart\u00e1s orsz\u00e1ghat\u00e1ron k\u00edv\u00fcl. Hogyan kezelj\u00fck k\u00fclpiaci \u00fczleti kapcsolatainkat, ha a c\u00e9lpiacunk megroppan? &#8211; Tud\u00e1smegoszt\u00f3 esem\u00e9ny az Orsz\u00e1gos V\u00e1llalkoz\u00f3i Mentorprogram keret\u00e9ben"},"content":{"rendered":"<p>Egy v\u00e1llalkoz\u00e1s fejl\u0151d\u00e9s\u00e9nek, szintl\u00e9p\u00e9s\u00e9nek egy fontos \u00e1llom\u00e1sa, amikor a helyi, region\u00e1lis k\u00f6rnyezetb\u0151l kil\u00e9pve orsz\u00e1gos lefed\u00e9ssel, s\u0151t, orsz\u00e1ghat\u00e1rt \u00e1tl\u00e9pve ny\u00fajtja szolg\u00e1ltat\u00e1s\u00e1t, \u00e1rulja term\u00e9k\u00e9t, alak\u00edtja ki \u00fczleti kapcsolatait.<\/p>\n<p><b><span style=\"color: #0070c0;\">Azonban mi a teend\u0151 akkor, ha k\u00fclpiaci kapcsolatainkat megr\u00e1zza a nemzetk\u00f6zi gazdas\u00e1gpolitika? Hogyan kezelj\u00fck a partnereink szintj\u00e9n az \u00e1llamk\u00f6zi konfliktusokat? <\/span><\/b><\/p>\n<p>Az orosz-ukr\u00e1n h\u00e1bor\u00fa ilyen k\u00e9rd\u00e9sek el\u00e9 \u00e1ll\u00edtotta azokat a Magyarorsz\u00e1gon m\u0171k\u00f6d\u0151 c\u00e9geket, amelyek p\u00e9ld\u00e1ul hat\u00e1rhoz k\u00f6zeli m\u0171k\u00f6d\u00e9si ter\u00fclet\u00fck r\u00e9v\u00e9n eddig \u00e1lland\u00f3 \u00fczleti kapcsolatban \u00e1lltak ukr\u00e1n \u00e9s\/vagy orosz v\u00e1llalkoz\u00e1sokkal.<\/p>\n<p><span style=\"color: #0070c0;\">A Tud\u00e1smegoszt\u00f3 esem\u00e9nyen <\/span><b><span style=\"color: #0070c0;\">egy v\u00e1llalkoz\u00f3, egy szak\u00e9rt\u0151 \u00e9s egy diplomata <\/span><\/b><span style=\"color: #0070c0;\">szem\u00fcveg\u00e9n kereszt\u00fcl n\u00e9zz\u00fck meg a teend\u0151ket, lehet\u0151s\u00e9geket.<\/span><\/p>\n<p>3 megk\u00f6zel\u00edt\u00e9sben k\u00e9r\u00fcnk tan\u00e1csot, v\u00e1runk tapasztalatot: egyr\u00e9szt a v\u00e1llalkoz\u00f3i gyakorlat oldal\u00e1r\u00f3l, mit tett \u00e9s mit tervez tenni az a v\u00e1llalkoz\u00f3, akinek egyre lapul\u00f3 p\u00e9nzt\u00e1rc\u00e1j\u00e1n, \u00e9s a kreativit\u00e1s\u00e1t nap mint nap pr\u00f3b\u00e1ra t\u00e9ve \u00e9rz\u0151dik a h\u00e1bor\u00fa hat\u00e1sa.<\/p>\n<p>M\u00e1sr\u00e9szt a hat\u00e1rmenti \u00fczleti egy\u00fcttm\u0171k\u00f6d\u00e9seket t\u00e1mogat\u00f3 programok tapasztalatai r\u00e9v\u00e9n, ahol gyakori v\u00e1llalkoz\u00f3i k\u00e9rd\u00e9sek \u00e9s v\u00e1laszok gy\u0171lnek \u00f6ssze egys\u00e9ges k\u00e9pviselett\u00e9 form\u00e1l\u00f3dva.<\/p>\n<p>Harmadr\u00e9szt a diplom\u00e1cia oldal\u00e1r\u00f3l tekintve r\u00e1 a helyzetre, azaz hogyan tudunk a gazdas\u00e1gdiplom\u00e1cia eszk\u00f6zeivel \u00fcgyesen talpon maradni \u00e9s fenntartani gazdas\u00e1gi kapcsolatainkat, rem\u00e9lve, hogy a h\u00e1bor\u00fa v\u00e9g\u00e9vel vissza\u00e1llhat az \u00fczletmenet diplom\u00e1ciai s\u00e9relmek n\u00e9lk\u00fcl.<\/p>\n<p>Az el\u0151ad\u00e1sokat k\u00f6vet\u0151 kellemes hangulat\u00fa \u00e1ll\u00f3fogad\u00e1s alkalmat ny\u00fajt egym\u00e1s tapasztalatainak megoszt\u00e1s\u00e1ra, a szak\u00e9rt\u0151k fel\u00e9 k\u00e9rd\u00e9sek megfogalmaz\u00e1s\u00e1ra \u00e9s a kapcsolat\u00e9p\u00edt\u00e9sre.<\/p>\n<p><strong>Id\u0151pont: 2022. j\u00fanius 8. 9:30-13:00<br \/>\n(13:00-15:00 \u00f3ra k\u00f6z\u00f6tt z\u00e1rtk\u00f6r\u0171 Mentor Klubbal folytat\u00f3dik az esem\u00e9ny)<\/strong><\/p>\n<p><strong>Helysz\u00edn: The Photo Studio, 4400 Ny\u00edregyh\u00e1za, K\u00e1lvin t\u00e9r 5.<\/strong><\/p>\n<p>A helysz\u00edn tulajdonosa Dallos Kitti, aki maga is az Orsz\u00e1gos V\u00e1llalkoz\u00f3i Mentorprogramban l\u00e9pett szintet mentora, T\u00f3th Andrea seg\u00edts\u00e9g\u00e9vel.<\/p>\n<p><strong>A nap h\u00e1ziasszonyai: <\/strong>T\u00f3th Andrea, v\u00e1llalkoz\u00f3, mentor \u00e9s Dallos Kitti, v\u00e1llalkoz\u00f3, mentor\u00e1lt<\/p>\n<p><strong>R\u00e9szletes program:<\/strong><\/p>\n<p>9:30-10:00<strong> \u00a0\u00a0 Meg\u00e9rkez\u00e9s<\/strong><\/p>\n<p>10:00-10:15 \u00a0\u00a0 <strong>K\u00f6sz\u00f6nt\u0151 el\u0151ad\u00e1s<\/strong> \u2013 <strong>Hunyadi L\u00e1szl\u00f3<\/strong>, f\u0151oszt\u00e1lyvezet\u0151, V\u00e1llalkoz\u00e1sfejleszt\u00e9si F\u0151oszt\u00e1ly, Innov\u00e1ci\u00f3s \u00e9s Technol\u00f3giai Miniszt\u00e9rium<\/p>\n<p>10:15-11:15 \u00a0\u00a0 <strong>Moder\u00e1lt besz\u00e9lget\u00e9s, melynek r\u00e9sztvev\u0151i:<\/strong><\/p>\n<p><strong>\u00a0 \u00a0 \u00a0 \u00a0 \u00a0 \u00a0 \u00a0 \u00a0 \u00a0 \u00a0 \u00a0 \u00a0 \u00a0 \u00a0 Csizmadia Alexandra, <\/strong>k\u00fclgazdas\u00e1gi attas\u00e9, Ukrajna, Ungv\u00e1r<br \/>\n<a href=\"http:\/\/exporthungary.gov.hu\/kulgazdasagi-attasek?ukrajna-ungvar\">\u00a0 \u00a0 \u00a0 \u00a0 \u00a0 \u00a0 \u00a0 \u00a0 \u00a0 \u00a0 \u00a0 \u00a0 \u00a0 \u00a0 \u00a0 \u00a0 \u00a0 http:\/\/exporthungary.gov.hu\/kulgazdasagi-attasek?ukrajna-ungvar<\/a><\/p>\n<p><strong>\u00a0 \u00a0 \u00a0 \u00a0 \u00a0 \u00a0 \u00a0 \u00a0 \u00a0 \u00a0 \u00a0 \u00a0 \u00a0 \u00a0 Hargitain\u00e9 Tolnai Andrea, <\/strong>PRIMOM Alap\u00edtv\u00e1ny, Enterprise Europe<br \/>\n<strong>\u00a0 \u00a0 \u00a0 \u00a0 \u00a0 \u00a0 \u00a0 \u00a0 \u00a0 \u00a0 \u00a0 \u00a0 \u00a0 \u00a0 \u00a0 <\/strong>Network pont <a href=\"http:\/\/primom.hu\/\">http:\/\/primom.hu\/<\/a><\/p>\n<p><strong>\u00a0 \u00a0 \u00a0 \u00a0 \u00a0 \u00a0 \u00a0 \u00a0 \u00a0 \u00a0 \u00a0 \u00a0 \u00a0 \u00a0 T\u00f3th Andrea, <\/strong>Atindrea-X Kft., tulajdonos, \u00fcgyvezet\u0151<\/p>\n<p><strong>\u00a0 \u00a0 \u00a0 \u00a0 \u00a0 \u00a0 \u00a0 \u00a0 \u00a0 \u00a0 \u00a0 \u00a0 \u00a0 \u00a0<\/strong><strong><em>\u00a0Moder\u00e1tor<\/em><\/strong>: <strong>Varga Szilvia Edit<\/strong>, szak\u00e9rt\u0151, SEED Alap\u00edtv\u00e1ny<\/p>\n<p>11:15-11:35\u00a0\u00a0\u00a0 <strong>\u00a0\u00a0\u00a0A szem\u00e9lyre szabott v\u00e1llalkoz\u00f3i inform\u00e1ci\u00f3 &#8211; a vali.hu oldal bemutat\u00e1sa, a kapcsol\u00f3d\u00f3 t\u00e1mogat\u00e1si lehet\u0151sekkel &#8211; <\/strong>dr. Billo K\u00e1rmen, projektvezet\u0151, IFKA<\/p>\n<p>11:35-11:50\u00a0\u00a0\u00a0\u00a0\u00a0 <strong>\u00a0L\u00e9pj szintet a v\u00e1llalkoz\u00e1soddal! <\/strong>&#8211; Az Orsz\u00e1gos V\u00e1llalkoz\u00f3i Mentorprogram 2022. \u00e9vi programsorozat\u00e1nak bemutat\u00e1sa &#8211; Lakatosn\u00e9 Luk\u00e1cs Zsuzsanna, \u00fcgyvezet\u0151 igazgat\u00f3, SEED Alap\u00edtv\u00e1ny<\/p>\n<p>12:00-13:00\u00a0\u00a0\u00a0 <strong>Eb\u00e9d, <\/strong>mint az \u00e9tkez\u00e9s, a kapcsolat\u00e9p\u00edt\u00e9s, k\u00e9rdez\u00e9s, tapasztalat megoszt\u00e1s ideje<\/p>\n<p>13:00-15:00\u00a0\u00a0\u00a0 <strong>Mentor Klub<\/strong><\/p>\n<p>Az esem\u00e9ny z\u00e1rtk\u00f6r\u0171, kiz\u00e1r\u00f3lag a Szem\u00e9lyes V\u00e1llalkoz\u00f3i Mentor\u00e1l\u00e1s alprojekt mentorai sz\u00e1m\u00e1ra meghirdetett esem\u00e9ny<\/p>\n<p>A rendezv\u00e9nyen a r\u00e9szv\u00e9tel d\u00edjmentes, de regisztr\u00e1ci\u00f3hoz k\u00f6t\u00f6tt, melyet itt lehet megtenni 2022. j\u00fanius 5-ig:<\/p>\n<p><a href=\"https:\/\/mentorprogram.seed.hu\/form\/regisztracio-ovm-programsorozat\" target=\"_blank\" rel=\"noopener\"><img decoding=\"async\" style=\"width: 136px; height: 48px;\" src=\"https:\/\/seed.hu\/wp-content\/uploads\/2022\/04\/Regisztracio4.png\" alt=\"\" \/><\/a><\/p>\n<p>A bel\u00e9p\u00e9shez sz\u00fcks\u00e9ges linket a regisztr\u00e1lt vend\u00e9gek m\u00e1jus 23-\u00e1n, h\u00e9tf\u0151n fogj\u00e1k megkapni a regisztr\u00e1ci\u00f3kor megadott e-mail c\u00edm\u00fckre.<\/p>\n<p><strong><br \/>\nKapcsolat: <a href=\"mailto:mentorprogram@seed.hu?subject=Kritikus%20er%C5%91forr%C3%A1sunk%20az%20ember%20-%20Szeksz%C3%A1rd%2C%202022.%20%C3%A1prilis%2013.\">mentorprogram@seed.hu<\/a><\/strong><br \/>\nSEED Kisv\u00e1llalkoz\u00e1s-fejleszt\u00e9si Alap\u00edtv\u00e1ny<br \/>\n<strong><a href=\"http:\/\/www.seed.hu\" target=\"_blank\" rel=\"noopener\">www.seed.hu<\/a><\/strong><\/p>\n","protected":false},"featured_media":338,"menu_order":0,"template":"","meta":{"_acf_changed":false},"class_list":["post-2241","hirek","type-hirek","status-publish","has-post-thumbnail","hentry"],"acf":[],"yoast_head":"<!-- This site is optimized with the Yoast SEO plugin v27.4 - https:\/\/yoast.com\/product\/yoast-seo-wordpress\/ -->\n<title>Piacszerz\u00e9s \u00e9s -megtart\u00e1s orsz\u00e1ghat\u00e1ron k\u00edv\u00fcl. Hogyan kezelj\u00fck k\u00fclpiaci \u00fczleti kapcsolatainkat, ha a c\u00e9lpiacunk megroppan? - Tud\u00e1smegoszt\u00f3 esem\u00e9ny az Orsz\u00e1gos V\u00e1llalkoz\u00f3i Mentorprogram keret\u00e9ben - Seed<\/title>\n<meta name=\"robots\" content=\"index, follow, max-snippet:-1, max-image-preview:large, max-video-preview:-1\" \/>\n<link rel=\"canonical\" href=\"https:\/\/seed.hu\/hirek\/piacszerzes-es-megtartas-orszaghataron-kivul-hogyan-kezeljuk-kulpiaci-uzleti-kapcsolatainkat-ha-a-celpiacunk-megroppan-tudasmegoszto-esemeny-az-orszagos-vallalkozoi-mentorprogram-kereteben\/\" \/>\n<meta property=\"og:locale\" content=\"en_US\" \/>\n<meta property=\"og:type\" content=\"article\" \/>\n<meta property=\"og:title\" content=\"Piacszerz\u00e9s \u00e9s -megtart\u00e1s orsz\u00e1ghat\u00e1ron k\u00edv\u00fcl. Hogyan kezelj\u00fck k\u00fclpiaci \u00fczleti kapcsolatainkat, ha a c\u00e9lpiacunk megroppan? - Tud\u00e1smegoszt\u00f3 esem\u00e9ny az Orsz\u00e1gos V\u00e1llalkoz\u00f3i Mentorprogram keret\u00e9ben - Seed\" \/>\n<meta property=\"og:description\" content=\"Egy v\u00e1llalkoz\u00e1s fejl\u0151d\u00e9s\u00e9nek, szintl\u00e9p\u00e9s\u00e9nek egy fontos \u00e1llom\u00e1sa, amikor a helyi, region\u00e1lis k\u00f6rnyezetb\u0151l kil\u00e9pve orsz\u00e1gos lefed\u00e9ssel, s\u0151t, orsz\u00e1ghat\u00e1rt \u00e1tl\u00e9pve ny\u00fajtja szolg\u00e1ltat\u00e1s\u00e1t, \u00e1rulja term\u00e9k\u00e9t, alak\u00edtja ki \u00fczleti kapcsolatait. Azonban mi a teend\u0151 akkor, ha k\u00fclpiaci kapcsolatainkat megr\u00e1zza a nemzetk\u00f6zi gazdas\u00e1gpolitika? Hogyan kezelj\u00fck a partnereink szintj\u00e9n az \u00e1llamk\u00f6zi konfliktusokat? Az orosz-ukr\u00e1n h\u00e1bor\u00fa ilyen k\u00e9rd\u00e9sek el\u00e9 \u00e1ll\u00edtotta azokat a [&hellip;]\" \/>\n<meta property=\"og:url\" content=\"https:\/\/seed.hu\/hirek\/piacszerzes-es-megtartas-orszaghataron-kivul-hogyan-kezeljuk-kulpiaci-uzleti-kapcsolatainkat-ha-a-celpiacunk-megroppan-tudasmegoszto-esemeny-az-orszagos-vallalkozoi-mentorprogram-kereteben\/\" \/>\n<meta property=\"og:site_name\" content=\"Seed\" \/>\n<meta property=\"article:modified_time\" content=\"2022-06-02T11:47:13+00:00\" \/>\n<meta property=\"og:image\" content=\"https:\/\/seed.hu\/wp-content\/uploads\/2021\/04\/Orsza\u0301gos-Va\u0301llalkozo\u0301i-Mentorprogram.png\" \/>\n\t<meta property=\"og:image:width\" content=\"773\" \/>\n\t<meta property=\"og:image:height\" content=\"774\" \/>\n\t<meta property=\"og:image:type\" content=\"image\/png\" \/>\n<meta name=\"twitter:card\" content=\"summary_large_image\" \/>\n<meta name=\"twitter:label1\" content=\"Est. reading time\" \/>\n\t<meta name=\"twitter:data1\" content=\"3 minutes\" \/>\n<script type=\"application\/ld+json\" class=\"yoast-schema-graph\">{\"@context\":\"https:\\\/\\\/schema.org\",\"@graph\":[{\"@type\":\"WebPage\",\"@id\":\"https:\\\/\\\/seed.hu\\\/hirek\\\/piacszerzes-es-megtartas-orszaghataron-kivul-hogyan-kezeljuk-kulpiaci-uzleti-kapcsolatainkat-ha-a-celpiacunk-megroppan-tudasmegoszto-esemeny-az-orszagos-vallalkozoi-mentorprogram-kereteben\\\/\",\"url\":\"https:\\\/\\\/seed.hu\\\/hirek\\\/piacszerzes-es-megtartas-orszaghataron-kivul-hogyan-kezeljuk-kulpiaci-uzleti-kapcsolatainkat-ha-a-celpiacunk-megroppan-tudasmegoszto-esemeny-az-orszagos-vallalkozoi-mentorprogram-kereteben\\\/\",\"name\":\"Piacszerz\u00e9s \u00e9s -megtart\u00e1s orsz\u00e1ghat\u00e1ron k\u00edv\u00fcl. Hogyan kezelj\u00fck k\u00fclpiaci \u00fczleti kapcsolatainkat, ha a c\u00e9lpiacunk megroppan? - Tud\u00e1smegoszt\u00f3 esem\u00e9ny az Orsz\u00e1gos V\u00e1llalkoz\u00f3i Mentorprogram keret\u00e9ben - Seed\",\"isPartOf\":{\"@id\":\"https:\\\/\\\/seed.hu\\\/#website\"},\"primaryImageOfPage\":{\"@id\":\"https:\\\/\\\/seed.hu\\\/hirek\\\/piacszerzes-es-megtartas-orszaghataron-kivul-hogyan-kezeljuk-kulpiaci-uzleti-kapcsolatainkat-ha-a-celpiacunk-megroppan-tudasmegoszto-esemeny-az-orszagos-vallalkozoi-mentorprogram-kereteben\\\/#primaryimage\"},\"image\":{\"@id\":\"https:\\\/\\\/seed.hu\\\/hirek\\\/piacszerzes-es-megtartas-orszaghataron-kivul-hogyan-kezeljuk-kulpiaci-uzleti-kapcsolatainkat-ha-a-celpiacunk-megroppan-tudasmegoszto-esemeny-az-orszagos-vallalkozoi-mentorprogram-kereteben\\\/#primaryimage\"},\"thumbnailUrl\":\"https:\\\/\\\/seed.hu\\\/wp-content\\\/uploads\\\/2021\\\/04\\\/Orsza\u0301gos-Va\u0301llalkozo\u0301i-Mentorprogram.png\",\"datePublished\":\"2022-05-24T19:12:48+00:00\",\"dateModified\":\"2022-06-02T11:47:13+00:00\",\"breadcrumb\":{\"@id\":\"https:\\\/\\\/seed.hu\\\/hirek\\\/piacszerzes-es-megtartas-orszaghataron-kivul-hogyan-kezeljuk-kulpiaci-uzleti-kapcsolatainkat-ha-a-celpiacunk-megroppan-tudasmegoszto-esemeny-az-orszagos-vallalkozoi-mentorprogram-kereteben\\\/#breadcrumb\"},\"inLanguage\":\"en-US\",\"potentialAction\":[{\"@type\":\"ReadAction\",\"target\":[\"https:\\\/\\\/seed.hu\\\/hirek\\\/piacszerzes-es-megtartas-orszaghataron-kivul-hogyan-kezeljuk-kulpiaci-uzleti-kapcsolatainkat-ha-a-celpiacunk-megroppan-tudasmegoszto-esemeny-az-orszagos-vallalkozoi-mentorprogram-kereteben\\\/\"]}]},{\"@type\":\"ImageObject\",\"inLanguage\":\"en-US\",\"@id\":\"https:\\\/\\\/seed.hu\\\/hirek\\\/piacszerzes-es-megtartas-orszaghataron-kivul-hogyan-kezeljuk-kulpiaci-uzleti-kapcsolatainkat-ha-a-celpiacunk-megroppan-tudasmegoszto-esemeny-az-orszagos-vallalkozoi-mentorprogram-kereteben\\\/#primaryimage\",\"url\":\"https:\\\/\\\/seed.hu\\\/wp-content\\\/uploads\\\/2021\\\/04\\\/Orsza\u0301gos-Va\u0301llalkozo\u0301i-Mentorprogram.png\",\"contentUrl\":\"https:\\\/\\\/seed.hu\\\/wp-content\\\/uploads\\\/2021\\\/04\\\/Orsza\u0301gos-Va\u0301llalkozo\u0301i-Mentorprogram.png\",\"width\":773,\"height\":774},{\"@type\":\"BreadcrumbList\",\"@id\":\"https:\\\/\\\/seed.hu\\\/hirek\\\/piacszerzes-es-megtartas-orszaghataron-kivul-hogyan-kezeljuk-kulpiaci-uzleti-kapcsolatainkat-ha-a-celpiacunk-megroppan-tudasmegoszto-esemeny-az-orszagos-vallalkozoi-mentorprogram-kereteben\\\/#breadcrumb\",\"itemListElement\":[{\"@type\":\"ListItem\",\"position\":1,\"name\":\"H\u00edrek\",\"item\":\"https:\\\/\\\/seed.hu\\\/hirek\\\/\"},{\"@type\":\"ListItem\",\"position\":2,\"name\":\"Piacszerz\u00e9s \u00e9s -megtart\u00e1s orsz\u00e1ghat\u00e1ron k\u00edv\u00fcl. Hogyan kezelj\u00fck k\u00fclpiaci \u00fczleti kapcsolatainkat, ha a c\u00e9lpiacunk megroppan? &#8211; Tud\u00e1smegoszt\u00f3 esem\u00e9ny az Orsz\u00e1gos V\u00e1llalkoz\u00f3i Mentorprogram keret\u00e9ben\"}]},{\"@type\":\"WebSite\",\"@id\":\"https:\\\/\\\/seed.hu\\\/#website\",\"url\":\"https:\\\/\\\/seed.hu\\\/\",\"name\":\"Seed\",\"description\":\"\",\"potentialAction\":[{\"@type\":\"SearchAction\",\"target\":{\"@type\":\"EntryPoint\",\"urlTemplate\":\"https:\\\/\\\/seed.hu\\\/?s={search_term_string}\"},\"query-input\":{\"@type\":\"PropertyValueSpecification\",\"valueRequired\":true,\"valueName\":\"search_term_string\"}}],\"inLanguage\":\"en-US\"}]}<\/script>\n<!-- \/ Yoast SEO plugin. -->","yoast_head_json":{"title":"Piacszerz\u00e9s \u00e9s -megtart\u00e1s orsz\u00e1ghat\u00e1ron k\u00edv\u00fcl. Hogyan kezelj\u00fck k\u00fclpiaci \u00fczleti kapcsolatainkat, ha a c\u00e9lpiacunk megroppan? - Tud\u00e1smegoszt\u00f3 esem\u00e9ny az Orsz\u00e1gos V\u00e1llalkoz\u00f3i Mentorprogram keret\u00e9ben - Seed","robots":{"index":"index","follow":"follow","max-snippet":"max-snippet:-1","max-image-preview":"max-image-preview:large","max-video-preview":"max-video-preview:-1"},"canonical":"https:\/\/seed.hu\/hirek\/piacszerzes-es-megtartas-orszaghataron-kivul-hogyan-kezeljuk-kulpiaci-uzleti-kapcsolatainkat-ha-a-celpiacunk-megroppan-tudasmegoszto-esemeny-az-orszagos-vallalkozoi-mentorprogram-kereteben\/","og_locale":"en_US","og_type":"article","og_title":"Piacszerz\u00e9s \u00e9s -megtart\u00e1s orsz\u00e1ghat\u00e1ron k\u00edv\u00fcl. Hogyan kezelj\u00fck k\u00fclpiaci \u00fczleti kapcsolatainkat, ha a c\u00e9lpiacunk megroppan? - Tud\u00e1smegoszt\u00f3 esem\u00e9ny az Orsz\u00e1gos V\u00e1llalkoz\u00f3i Mentorprogram keret\u00e9ben - Seed","og_description":"Egy v\u00e1llalkoz\u00e1s fejl\u0151d\u00e9s\u00e9nek, szintl\u00e9p\u00e9s\u00e9nek egy fontos \u00e1llom\u00e1sa, amikor a helyi, region\u00e1lis k\u00f6rnyezetb\u0151l kil\u00e9pve orsz\u00e1gos lefed\u00e9ssel, s\u0151t, orsz\u00e1ghat\u00e1rt \u00e1tl\u00e9pve ny\u00fajtja szolg\u00e1ltat\u00e1s\u00e1t, \u00e1rulja term\u00e9k\u00e9t, alak\u00edtja ki \u00fczleti kapcsolatait. Azonban mi a teend\u0151 akkor, ha k\u00fclpiaci kapcsolatainkat megr\u00e1zza a nemzetk\u00f6zi gazdas\u00e1gpolitika? Hogyan kezelj\u00fck a partnereink szintj\u00e9n az \u00e1llamk\u00f6zi konfliktusokat? Az orosz-ukr\u00e1n h\u00e1bor\u00fa ilyen k\u00e9rd\u00e9sek el\u00e9 \u00e1ll\u00edtotta azokat a [&hellip;]","og_url":"https:\/\/seed.hu\/hirek\/piacszerzes-es-megtartas-orszaghataron-kivul-hogyan-kezeljuk-kulpiaci-uzleti-kapcsolatainkat-ha-a-celpiacunk-megroppan-tudasmegoszto-esemeny-az-orszagos-vallalkozoi-mentorprogram-kereteben\/","og_site_name":"Seed","article_modified_time":"2022-06-02T11:47:13+00:00","og_image":[{"width":773,"height":774,"url":"https:\/\/seed.hu\/wp-content\/uploads\/2021\/04\/Orsza\u0301gos-Va\u0301llalkozo\u0301i-Mentorprogram.png","type":"image\/png"}],"twitter_card":"summary_large_image","twitter_misc":{"Est. reading time":"3 minutes"},"schema":{"@context":"https:\/\/schema.org","@graph":[{"@type":"WebPage","@id":"https:\/\/seed.hu\/hirek\/piacszerzes-es-megtartas-orszaghataron-kivul-hogyan-kezeljuk-kulpiaci-uzleti-kapcsolatainkat-ha-a-celpiacunk-megroppan-tudasmegoszto-esemeny-az-orszagos-vallalkozoi-mentorprogram-kereteben\/","url":"https:\/\/seed.hu\/hirek\/piacszerzes-es-megtartas-orszaghataron-kivul-hogyan-kezeljuk-kulpiaci-uzleti-kapcsolatainkat-ha-a-celpiacunk-megroppan-tudasmegoszto-esemeny-az-orszagos-vallalkozoi-mentorprogram-kereteben\/","name":"Piacszerz\u00e9s \u00e9s -megtart\u00e1s orsz\u00e1ghat\u00e1ron k\u00edv\u00fcl. Hogyan kezelj\u00fck k\u00fclpiaci \u00fczleti kapcsolatainkat, ha a c\u00e9lpiacunk megroppan? - Tud\u00e1smegoszt\u00f3 esem\u00e9ny az Orsz\u00e1gos V\u00e1llalkoz\u00f3i Mentorprogram keret\u00e9ben - Seed","isPartOf":{"@id":"https:\/\/seed.hu\/#website"},"primaryImageOfPage":{"@id":"https:\/\/seed.hu\/hirek\/piacszerzes-es-megtartas-orszaghataron-kivul-hogyan-kezeljuk-kulpiaci-uzleti-kapcsolatainkat-ha-a-celpiacunk-megroppan-tudasmegoszto-esemeny-az-orszagos-vallalkozoi-mentorprogram-kereteben\/#primaryimage"},"image":{"@id":"https:\/\/seed.hu\/hirek\/piacszerzes-es-megtartas-orszaghataron-kivul-hogyan-kezeljuk-kulpiaci-uzleti-kapcsolatainkat-ha-a-celpiacunk-megroppan-tudasmegoszto-esemeny-az-orszagos-vallalkozoi-mentorprogram-kereteben\/#primaryimage"},"thumbnailUrl":"https:\/\/seed.hu\/wp-content\/uploads\/2021\/04\/Orsza\u0301gos-Va\u0301llalkozo\u0301i-Mentorprogram.png","datePublished":"2022-05-24T19:12:48+00:00","dateModified":"2022-06-02T11:47:13+00:00","breadcrumb":{"@id":"https:\/\/seed.hu\/hirek\/piacszerzes-es-megtartas-orszaghataron-kivul-hogyan-kezeljuk-kulpiaci-uzleti-kapcsolatainkat-ha-a-celpiacunk-megroppan-tudasmegoszto-esemeny-az-orszagos-vallalkozoi-mentorprogram-kereteben\/#breadcrumb"},"inLanguage":"en-US","potentialAction":[{"@type":"ReadAction","target":["https:\/\/seed.hu\/hirek\/piacszerzes-es-megtartas-orszaghataron-kivul-hogyan-kezeljuk-kulpiaci-uzleti-kapcsolatainkat-ha-a-celpiacunk-megroppan-tudasmegoszto-esemeny-az-orszagos-vallalkozoi-mentorprogram-kereteben\/"]}]},{"@type":"ImageObject","inLanguage":"en-US","@id":"https:\/\/seed.hu\/hirek\/piacszerzes-es-megtartas-orszaghataron-kivul-hogyan-kezeljuk-kulpiaci-uzleti-kapcsolatainkat-ha-a-celpiacunk-megroppan-tudasmegoszto-esemeny-az-orszagos-vallalkozoi-mentorprogram-kereteben\/#primaryimage","url":"https:\/\/seed.hu\/wp-content\/uploads\/2021\/04\/Orsza\u0301gos-Va\u0301llalkozo\u0301i-Mentorprogram.png","contentUrl":"https:\/\/seed.hu\/wp-content\/uploads\/2021\/04\/Orsza\u0301gos-Va\u0301llalkozo\u0301i-Mentorprogram.png","width":773,"height":774},{"@type":"BreadcrumbList","@id":"https:\/\/seed.hu\/hirek\/piacszerzes-es-megtartas-orszaghataron-kivul-hogyan-kezeljuk-kulpiaci-uzleti-kapcsolatainkat-ha-a-celpiacunk-megroppan-tudasmegoszto-esemeny-az-orszagos-vallalkozoi-mentorprogram-kereteben\/#breadcrumb","itemListElement":[{"@type":"ListItem","position":1,"name":"H\u00edrek","item":"https:\/\/seed.hu\/hirek\/"},{"@type":"ListItem","position":2,"name":"Piacszerz\u00e9s \u00e9s -megtart\u00e1s orsz\u00e1ghat\u00e1ron k\u00edv\u00fcl. Hogyan kezelj\u00fck k\u00fclpiaci \u00fczleti kapcsolatainkat, ha a c\u00e9lpiacunk megroppan? &#8211; Tud\u00e1smegoszt\u00f3 esem\u00e9ny az Orsz\u00e1gos V\u00e1llalkoz\u00f3i Mentorprogram keret\u00e9ben"}]},{"@type":"WebSite","@id":"https:\/\/seed.hu\/#website","url":"https:\/\/seed.hu\/","name":"Seed","description":"","potentialAction":[{"@type":"SearchAction","target":{"@type":"EntryPoint","urlTemplate":"https:\/\/seed.hu\/?s={search_term_string}"},"query-input":{"@type":"PropertyValueSpecification","valueRequired":true,"valueName":"search_term_string"}}],"inLanguage":"en-US"}]}},"_links":{"self":[{"href":"https:\/\/seed.hu\/en\/wp-json\/wp\/v2\/hirek\/2241","targetHints":{"allow":["GET"]}}],"collection":[{"href":"https:\/\/seed.hu\/en\/wp-json\/wp\/v2\/hirek"}],"about":[{"href":"https:\/\/seed.hu\/en\/wp-json\/wp\/v2\/types\/hirek"}],"wp:featuredmedia":[{"embeddable":true,"href":"https:\/\/seed.hu\/en\/wp-json\/wp\/v2\/media\/338"}],"wp:attachment":[{"href":"https:\/\/seed.hu\/en\/wp-json\/wp\/v2\/media?parent=2241"}],"curies":[{"name":"wp","href":"https:\/\/api.w.org\/{rel}","templated":true}]}}