{"id":2296,"date":"2022-06-13T22:59:08","date_gmt":"2022-06-13T20:59:08","guid":{"rendered":"https:\/\/seed.hu\/?post_type=hirek&#038;p=2296"},"modified":"2022-06-28T19:38:34","modified_gmt":"2022-06-28T17:38:34","slug":"csokkentheto-e-az-energiavalsag-vallalkozasomra-gyakorolt-hatasa-lehetseges-forgatokonyvek-az-energiaarakkal-jaro-kiadasok-csokkentesere-online-tudasmegoszto-esemeny","status":"publish","type":"hirek","link":"https:\/\/seed.hu\/en\/hirek\/csokkentheto-e-az-energiavalsag-vallalkozasomra-gyakorolt-hatasa-lehetseges-forgatokonyvek-az-energiaarakkal-jaro-kiadasok-csokkentesere-online-tudasmegoszto-esemeny\/","title":{"rendered":"Cs\u00f6kkenthet\u0151-e az energiav\u00e1ls\u00e1g v\u00e1llalkoz\u00e1somra gyakorolt hat\u00e1sa?  Lehets\u00e9ges forgat\u00f3k\u00f6nyvek az energia\u00e1rakkal j\u00e1r\u00f3 kiad\u00e1sok cs\u00f6kkent\u00e9s\u00e9re.  Online Tud\u00e1smegoszt\u00f3 esem\u00e9ny"},"content":{"rendered":"<p><span style=\"font-size: 20px;\"><strong>Cs\u00f6kkenthet\u0151-e az energiav\u00e1ls\u00e1g v\u00e1llalkoz\u00e1somra gyakorolt hat\u00e1sa?<br \/>\n<\/strong><\/span><span style=\"font-size: 20px;\"><strong>Lehets\u00e9ges forgat\u00f3k\u00f6nyvek az energia\u00e1rakkal j\u00e1r\u00f3 kiad\u00e1sok cs\u00f6kkent\u00e9s\u00e9re<\/strong><\/span><\/p>\n<p><span style=\"font-size: 20px;\"><strong>Online Tud\u00e1smegoszt\u00f3 esem\u00e9ny<br \/>\n<\/strong><strong>az Orsz\u00e1gos V\u00e1llalkoz\u00f3i Mentorprogram keret\u00e9ben<\/strong><\/span><\/p>\n<p>A tud\u00e1smegoszt\u00f3 esem\u00e9nyeink c\u00e9lja, szak\u00e9rt\u0151kkel \u00e9s gyakorlati tapasztalatokkal rendelkez\u0151 v\u00e1llalkoz\u00f3kkal \u00e1tbesz\u00e9lni azokat a t\u00e9m\u00e1kat, amik napi szinten, de legk\u00e9s\u0151bb a tervez\u00e9si id\u0151szakot \u00e9rint\u0151en befoly\u00e1solj\u00e1k egy v\u00e1llalkoz\u00e1s eredm\u00e9nyes m\u0171k\u00f6d\u00e9s\u00e9t \u00e9s n\u00f6veked\u00e9s\u00e9t.<\/p>\n<p>A jelenlegi t\u00e9m\u00e1nk aktualit\u00e1sa \u00e9s fontoss\u00e1ga mell\u00e9 sem kell v\u00e9lhet\u0151en hossz\u00fa \u00e9rvrendszert felsorakoztatni, hiszen a m\u0171k\u00f6d\u00e9s\u00fcnk egyik alapvet\u0151 er\u0151forr\u00e1sa az energia. A t\u00falnyom\u00f3r\u00e9szt alkalmazott energiaforr\u00e1sok, \u00edgy a f\u00f6ldg\u00e1z \u00e9s a nukle\u00e1ris energia \u00e1ra intenz\u00edv emelked\u00e9snek indult. B\u00e1r a rezsics\u00f6kkent\u0151 int\u00e9zked\u00e9sek \u00e9s a hat\u00f3s\u00e1gi \u00e1rszab\u00e1s miatt egyel\u0151re nem l\u00e1tjuk a val\u00f3s arc\u00e1t az \u00e1remelked\u00e9snek, de az biztosan tudhat\u00f3, hogy hossz\u00fa t\u00e1von kell ezekkel a megemelkedett kiad\u00e1sokkal sz\u00e1molni saj\u00e1t term\u00e9keink \u00e1rszab\u00e1s\u00e1n\u00e1l.<\/p>\n<ul>\n<li>Hogyan lehet ilyen keretek k\u00f6z\u00f6tt m\u00e9gis a kiad\u00e1sainkat cs\u00f6kkenteni?<\/li>\n<li>Honnan tudjuk, hogy a lehet\u0151 leghat\u00e9konyabban gazd\u00e1lkodunk az energi\u00e1val, milyen int\u00e9zked\u00e9sekkel lehet el\u0151seg\u00edteni?<\/li>\n<li>Mit jelent a fenntarthat\u00f3 energiagazd\u00e1lkod\u00e1s egy v\u00e1llalkoz\u00e1s szintj\u00e9n? A fosszilis \u00e9s nukle\u00e1ris energiaforr\u00e1sok kiv\u00e1lthat\u00f3ak-e meg\u00fajul\u00f3 energi\u00e1val?<\/li>\n<li>Milyen megt\u00e9r\u00fcl\u00e9ssel kell sz\u00e1molni \u00e9s az \u00e9ves kiad\u00e1sokat mennyivel lehet \u00edgy cs\u00f6kkenteni?<\/li>\n<li>Hol kaphatunk mindehhez seg\u00edts\u00e9get?<\/li>\n<\/ul>\n<p>A megh\u00edvott el\u0151ad\u00f3k \u00e9s besz\u00e9lget\u0151t\u00e1rsak szak\u00e9rtelme \u00e9s tapasztalata adja a garanci\u00e1t arra, hogy ezekre a k\u00e9rd\u00e9sekre is megkapjuk a v\u00e1laszt.<\/p>\n<p><strong>Id\u0151pont: 2022. j\u00falius 6., szerda, 9:45-12:05<\/strong><\/p>\n<p><strong>Helysz\u00edn: ONLINE<\/strong><\/p>\n<p>&nbsp;<\/p>\n<p>9:45 \u2013 10:00<strong>\u00a0 \u00a0\u201eMeg\u00e9rkez\u00e9s\u201d az online fel\u00fcletre<\/strong><\/p>\n<p>10:00-10:10\u00a0 \u00a0 <strong>K\u00f6sz\u00f6nt\u00e9s <\/strong>&#8211; Lakatosn\u00e9 Luk\u00e1cs Zsuzsanna, \u00fcgyvezet\u0151 igazgat\u00f3, SEED Alap\u00edtv\u00e1ny<\/p>\n<p>10:10-11:20\u00a0 \u00a0 \u00a0<strong>V\u00e1ltoz\u00f3 k\u00f6r\u00fclm\u00e9nyek ellen\u00e9re is kisz\u00e1m\u00edthat\u00f3 \u00fczleti m\u0171k\u00f6d\u00e9s<\/strong><\/p>\n<p style=\"padding-left: 80px;\">\u00a0 \u00a0 \u00a0 \u00a0<span style=\"text-decoration: underline;\"><strong>Moder\u00e1lt besz\u00e9lget\u00e9s, melynek r\u00e9sztvev\u0151i:<\/strong><\/span><\/p>\n<p style=\"padding-left: 120px;\"><strong>Dinya L\u00e1szl\u00f3,<\/strong> Eszterh\u00e1zy K\u00e1roly Katolikus Egyetem \u00e9s Szegedi Tudom\u00e1nyegyetem professzor emeritusa, akinek egyik f\u0151 kutat\u00e1si ter\u00fclete a fenntarthat\u00f3 energiagazd\u00e1lkod\u00e1s<\/p>\n<p style=\"padding-left: 120px;\"><strong>Uderszky Attila, <\/strong>k\u00f6rnyezetv\u00e9delmi m\u00e9rn\u00f6k \u00e9s projektmenedzser, akinek egyik \u00e9rintett ter\u00fclete az energiak\u00f6lts\u00e9gek cs\u00f6kkent\u00e9s\u00e9re ir\u00e1nyul\u00f3 projektek t\u00e1mogat\u00e1sa<\/p>\n<p style=\"padding-left: 120px;\"><strong>K\u00f6rmendi Tam\u00e1s<\/strong>, A1 DU\u00d3 Kft, \u00fcgyvezet\u0151<\/p>\n<p style=\"padding-left: 120px;\"><strong>Kov\u00e1cs B\u00e1lint, <\/strong>szak\u00e9rt\u0151, Stradamus Zrt., melynek c\u00e9lja a v\u00e1llalatok sz\u00e1m\u00e1ra z\u00f6ld beruh\u00e1z\u00e1sok finansz\u00edrozhat\u00f3s\u00e1g\u00e1nak megteremt\u00e9se<\/p>\n<p style=\"padding-left: 120px;\"><strong>Energiagazd\u00e1lkod\u00e1s v\u00e1llalati szemsz\u00f6gb\u0151l <\/strong>&#8211; V\u00e1llalkoz\u00f3i gyakorlat megoszt\u00e1sa egy felk\u00e9rt v\u00e1llalkoz\u00f3 \u00e1ltal<\/p>\n<p style=\"padding-left: 80px;\"><strong>\u00a0 \u00a0 \u00a0 <span style=\"text-decoration: underline;\">A besz\u00e9lget\u00e9s moder\u00e1tora:<\/span><\/strong><\/p>\n<p style=\"padding-left: 120px;\"><strong>T\u00f3th Marcell, t\u00e1rsalap\u00edt\u00f3 \u00e9s \u00fcgyvezet\u0151, Solar-Kit Kft.,<\/strong> mely napelemes, valamint h\u0151szivatty\u00fas-, kl\u00edm\u00e1s- \u00e9s norv\u00e9g f\u0171t\u0151paneles rendszereket tervez \u00e9s telep\u00edt<\/p>\n<p>11:20-11:35\u00a0 \u00a0\u00a0 <strong>dr. Mez\u0151si Bal\u00e1zs<\/strong>, projektvezet\u0151, MKIK, amely a fenntarthat\u00f3s\u00e1gi c\u00e9lok kit\u0171z\u00e9s\u00e9t \u00e9s el\u00e9r\u00e9s\u00e9t a <strong>Fenntarthat\u00f3s\u00e1gi V\u00e1llalkoz\u00f3i Szeml\u00e9letform\u00e1l\u00e1s projekt keret\u00e9ben seg\u00edti el\u0151 a v\u00e1llalkoz\u00e1sokn\u00e1l<\/strong><\/p>\n<p>11:35-11:50\u00a0 \u00a0 <strong> A szem\u00e9lyre szabott v\u00e1llalkoz\u00f3i inform\u00e1ci\u00f3 &#8211; a vali.hu oldal bemutat\u00e1sa, a kapcsol\u00f3d\u00f3 t\u00e1mogat\u00e1si lehet\u0151sekkel &#8211; <\/strong>dr. Billo K\u00e1rmen, projektvezet\u0151, IFKA<\/p>\n<p>11:50-12:00\u00a0 \u00a0 <strong>L\u00e9pj szintet a v\u00e1llalkoz\u00e1soddal! <\/strong>\u2013 Mi a k\u00f6vetkez\u0151 l\u00e9pcs\u0151 a szintl\u00e9p\u00e9shez? &#8211; Lakatosn\u00e9 Luk\u00e1cs Zsuzsanna, \u00fcgyvezet\u0151 igazgat\u00f3, SEED Alap\u00edtv\u00e1ny<\/p>\n<p>12:00-12:05\u00a0 \u00a0 <strong>Lez\u00e1r\u00e1s, elk\u00f6sz\u00f6n\u00e9s<\/strong><\/p>\n<p>&nbsp;<\/p>\n<p>A rendezv\u00e9nyen a r\u00e9szv\u00e9tel d\u00edjmentes, de regisztr\u00e1ci\u00f3hoz k\u00f6t\u00f6tt, melyet itt lehet megtenni 2022. j\u00falius 5., 12:00 \u00f3r\u00e1ig:<\/p>\n<p><a href=\"https:\/\/mentorprogram.seed.hu\/form\/regisztracio-ovm-programsorozat\" target=\"_blank\" rel=\"noopener\"><img decoding=\"async\" style=\"width: 136px; height: 48px;\" src=\"https:\/\/seed.hu\/wp-content\/uploads\/2022\/04\/Regisztracio4.png\" alt=\"\" \/><\/a><\/p>\n<p>A bel\u00e9p\u00e9shez sz\u00fcks\u00e9ges linket a regisztr\u00e1lt vend\u00e9gek 2022. j\u00falius 5-\u00e9n, kedden d\u00e9lut\u00e1n fogj\u00e1k megkapni a regisztr\u00e1ci\u00f3kor megadott e-mail c\u00edm\u00fckre.<\/p>\n<p><strong><br \/>\nKapcsolat: <a href=\"mailto:mentorprogram@seed.hu?subject=Kritikus%20er%C5%91forr%C3%A1sunk%20az%20ember%20-%20Szeksz%C3%A1rd%2C%202022.%20%C3%A1prilis%2013.\">mentorprogram@seed.hu<\/a><\/strong><br \/>\nSEED Kisv\u00e1llalkoz\u00e1s-fejleszt\u00e9si Alap\u00edtv\u00e1ny<br \/>\n<strong><a href=\"http:\/\/www.seed.hu\" target=\"_blank\" rel=\"noopener\">www.seed.hu<\/a><\/strong><\/p>\n<p>&nbsp;<\/p>\n","protected":false},"featured_media":338,"menu_order":0,"template":"","meta":{"_acf_changed":false},"class_list":["post-2296","hirek","type-hirek","status-publish","has-post-thumbnail","hentry"],"acf":[],"yoast_head":"<!-- This site is optimized with the Yoast SEO plugin v27.4 - https:\/\/yoast.com\/product\/yoast-seo-wordpress\/ -->\n<title>Cs\u00f6kkenthet\u0151-e az energiav\u00e1ls\u00e1g v\u00e1llalkoz\u00e1somra gyakorolt hat\u00e1sa? Lehets\u00e9ges forgat\u00f3k\u00f6nyvek az energia\u00e1rakkal j\u00e1r\u00f3 kiad\u00e1sok cs\u00f6kkent\u00e9s\u00e9re. Online Tud\u00e1smegoszt\u00f3 esem\u00e9ny - Seed<\/title>\n<meta name=\"robots\" content=\"index, follow, max-snippet:-1, max-image-preview:large, max-video-preview:-1\" \/>\n<link rel=\"canonical\" href=\"https:\/\/seed.hu\/hirek\/csokkentheto-e-az-energiavalsag-vallalkozasomra-gyakorolt-hatasa-lehetseges-forgatokonyvek-az-energiaarakkal-jaro-kiadasok-csokkentesere-online-tudasmegoszto-esemeny\/\" \/>\n<meta property=\"og:locale\" content=\"en_US\" \/>\n<meta property=\"og:type\" content=\"article\" \/>\n<meta property=\"og:title\" content=\"Cs\u00f6kkenthet\u0151-e az energiav\u00e1ls\u00e1g v\u00e1llalkoz\u00e1somra gyakorolt hat\u00e1sa? Lehets\u00e9ges forgat\u00f3k\u00f6nyvek az energia\u00e1rakkal j\u00e1r\u00f3 kiad\u00e1sok cs\u00f6kkent\u00e9s\u00e9re. Online Tud\u00e1smegoszt\u00f3 esem\u00e9ny - Seed\" \/>\n<meta property=\"og:description\" content=\"Cs\u00f6kkenthet\u0151-e az energiav\u00e1ls\u00e1g v\u00e1llalkoz\u00e1somra gyakorolt hat\u00e1sa? Lehets\u00e9ges forgat\u00f3k\u00f6nyvek az energia\u00e1rakkal j\u00e1r\u00f3 kiad\u00e1sok cs\u00f6kkent\u00e9s\u00e9re Online Tud\u00e1smegoszt\u00f3 esem\u00e9ny az Orsz\u00e1gos V\u00e1llalkoz\u00f3i Mentorprogram keret\u00e9ben A tud\u00e1smegoszt\u00f3 esem\u00e9nyeink c\u00e9lja, szak\u00e9rt\u0151kkel \u00e9s gyakorlati tapasztalatokkal rendelkez\u0151 v\u00e1llalkoz\u00f3kkal \u00e1tbesz\u00e9lni azokat a t\u00e9m\u00e1kat, amik napi szinten, de legk\u00e9s\u0151bb a tervez\u00e9si id\u0151szakot \u00e9rint\u0151en befoly\u00e1solj\u00e1k egy v\u00e1llalkoz\u00e1s eredm\u00e9nyes m\u0171k\u00f6d\u00e9s\u00e9t \u00e9s n\u00f6veked\u00e9s\u00e9t. A jelenlegi t\u00e9m\u00e1nk aktualit\u00e1sa [&hellip;]\" \/>\n<meta property=\"og:url\" content=\"https:\/\/seed.hu\/hirek\/csokkentheto-e-az-energiavalsag-vallalkozasomra-gyakorolt-hatasa-lehetseges-forgatokonyvek-az-energiaarakkal-jaro-kiadasok-csokkentesere-online-tudasmegoszto-esemeny\/\" \/>\n<meta property=\"og:site_name\" content=\"Seed\" \/>\n<meta property=\"article:modified_time\" content=\"2022-06-28T17:38:34+00:00\" \/>\n<meta property=\"og:image\" content=\"https:\/\/seed.hu\/wp-content\/uploads\/2021\/04\/Orsza\u0301gos-Va\u0301llalkozo\u0301i-Mentorprogram.png\" \/>\n\t<meta property=\"og:image:width\" content=\"773\" \/>\n\t<meta property=\"og:image:height\" content=\"774\" \/>\n\t<meta property=\"og:image:type\" content=\"image\/png\" \/>\n<meta name=\"twitter:card\" content=\"summary_large_image\" \/>\n<meta name=\"twitter:label1\" content=\"Est. reading time\" \/>\n\t<meta name=\"twitter:data1\" content=\"3 minutes\" \/>\n<script type=\"application\/ld+json\" class=\"yoast-schema-graph\">{\"@context\":\"https:\\\/\\\/schema.org\",\"@graph\":[{\"@type\":\"WebPage\",\"@id\":\"https:\\\/\\\/seed.hu\\\/hirek\\\/csokkentheto-e-az-energiavalsag-vallalkozasomra-gyakorolt-hatasa-lehetseges-forgatokonyvek-az-energiaarakkal-jaro-kiadasok-csokkentesere-online-tudasmegoszto-esemeny\\\/\",\"url\":\"https:\\\/\\\/seed.hu\\\/hirek\\\/csokkentheto-e-az-energiavalsag-vallalkozasomra-gyakorolt-hatasa-lehetseges-forgatokonyvek-az-energiaarakkal-jaro-kiadasok-csokkentesere-online-tudasmegoszto-esemeny\\\/\",\"name\":\"Cs\u00f6kkenthet\u0151-e az energiav\u00e1ls\u00e1g v\u00e1llalkoz\u00e1somra gyakorolt hat\u00e1sa? Lehets\u00e9ges forgat\u00f3k\u00f6nyvek az energia\u00e1rakkal j\u00e1r\u00f3 kiad\u00e1sok cs\u00f6kkent\u00e9s\u00e9re. Online Tud\u00e1smegoszt\u00f3 esem\u00e9ny - Seed\",\"isPartOf\":{\"@id\":\"https:\\\/\\\/seed.hu\\\/#website\"},\"primaryImageOfPage\":{\"@id\":\"https:\\\/\\\/seed.hu\\\/hirek\\\/csokkentheto-e-az-energiavalsag-vallalkozasomra-gyakorolt-hatasa-lehetseges-forgatokonyvek-az-energiaarakkal-jaro-kiadasok-csokkentesere-online-tudasmegoszto-esemeny\\\/#primaryimage\"},\"image\":{\"@id\":\"https:\\\/\\\/seed.hu\\\/hirek\\\/csokkentheto-e-az-energiavalsag-vallalkozasomra-gyakorolt-hatasa-lehetseges-forgatokonyvek-az-energiaarakkal-jaro-kiadasok-csokkentesere-online-tudasmegoszto-esemeny\\\/#primaryimage\"},\"thumbnailUrl\":\"https:\\\/\\\/seed.hu\\\/wp-content\\\/uploads\\\/2021\\\/04\\\/Orsza\u0301gos-Va\u0301llalkozo\u0301i-Mentorprogram.png\",\"datePublished\":\"2022-06-13T20:59:08+00:00\",\"dateModified\":\"2022-06-28T17:38:34+00:00\",\"breadcrumb\":{\"@id\":\"https:\\\/\\\/seed.hu\\\/hirek\\\/csokkentheto-e-az-energiavalsag-vallalkozasomra-gyakorolt-hatasa-lehetseges-forgatokonyvek-az-energiaarakkal-jaro-kiadasok-csokkentesere-online-tudasmegoszto-esemeny\\\/#breadcrumb\"},\"inLanguage\":\"en-US\",\"potentialAction\":[{\"@type\":\"ReadAction\",\"target\":[\"https:\\\/\\\/seed.hu\\\/hirek\\\/csokkentheto-e-az-energiavalsag-vallalkozasomra-gyakorolt-hatasa-lehetseges-forgatokonyvek-az-energiaarakkal-jaro-kiadasok-csokkentesere-online-tudasmegoszto-esemeny\\\/\"]}]},{\"@type\":\"ImageObject\",\"inLanguage\":\"en-US\",\"@id\":\"https:\\\/\\\/seed.hu\\\/hirek\\\/csokkentheto-e-az-energiavalsag-vallalkozasomra-gyakorolt-hatasa-lehetseges-forgatokonyvek-az-energiaarakkal-jaro-kiadasok-csokkentesere-online-tudasmegoszto-esemeny\\\/#primaryimage\",\"url\":\"https:\\\/\\\/seed.hu\\\/wp-content\\\/uploads\\\/2021\\\/04\\\/Orsza\u0301gos-Va\u0301llalkozo\u0301i-Mentorprogram.png\",\"contentUrl\":\"https:\\\/\\\/seed.hu\\\/wp-content\\\/uploads\\\/2021\\\/04\\\/Orsza\u0301gos-Va\u0301llalkozo\u0301i-Mentorprogram.png\",\"width\":773,\"height\":774},{\"@type\":\"BreadcrumbList\",\"@id\":\"https:\\\/\\\/seed.hu\\\/hirek\\\/csokkentheto-e-az-energiavalsag-vallalkozasomra-gyakorolt-hatasa-lehetseges-forgatokonyvek-az-energiaarakkal-jaro-kiadasok-csokkentesere-online-tudasmegoszto-esemeny\\\/#breadcrumb\",\"itemListElement\":[{\"@type\":\"ListItem\",\"position\":1,\"name\":\"H\u00edrek\",\"item\":\"https:\\\/\\\/seed.hu\\\/hirek\\\/\"},{\"@type\":\"ListItem\",\"position\":2,\"name\":\"Cs\u00f6kkenthet\u0151-e az energiav\u00e1ls\u00e1g v\u00e1llalkoz\u00e1somra gyakorolt hat\u00e1sa? Lehets\u00e9ges forgat\u00f3k\u00f6nyvek az energia\u00e1rakkal j\u00e1r\u00f3 kiad\u00e1sok cs\u00f6kkent\u00e9s\u00e9re. Online Tud\u00e1smegoszt\u00f3 esem\u00e9ny\"}]},{\"@type\":\"WebSite\",\"@id\":\"https:\\\/\\\/seed.hu\\\/#website\",\"url\":\"https:\\\/\\\/seed.hu\\\/\",\"name\":\"Seed\",\"description\":\"\",\"potentialAction\":[{\"@type\":\"SearchAction\",\"target\":{\"@type\":\"EntryPoint\",\"urlTemplate\":\"https:\\\/\\\/seed.hu\\\/?s={search_term_string}\"},\"query-input\":{\"@type\":\"PropertyValueSpecification\",\"valueRequired\":true,\"valueName\":\"search_term_string\"}}],\"inLanguage\":\"en-US\"}]}<\/script>\n<!-- \/ Yoast SEO plugin. -->","yoast_head_json":{"title":"Cs\u00f6kkenthet\u0151-e az energiav\u00e1ls\u00e1g v\u00e1llalkoz\u00e1somra gyakorolt hat\u00e1sa? Lehets\u00e9ges forgat\u00f3k\u00f6nyvek az energia\u00e1rakkal j\u00e1r\u00f3 kiad\u00e1sok cs\u00f6kkent\u00e9s\u00e9re. Online Tud\u00e1smegoszt\u00f3 esem\u00e9ny - Seed","robots":{"index":"index","follow":"follow","max-snippet":"max-snippet:-1","max-image-preview":"max-image-preview:large","max-video-preview":"max-video-preview:-1"},"canonical":"https:\/\/seed.hu\/hirek\/csokkentheto-e-az-energiavalsag-vallalkozasomra-gyakorolt-hatasa-lehetseges-forgatokonyvek-az-energiaarakkal-jaro-kiadasok-csokkentesere-online-tudasmegoszto-esemeny\/","og_locale":"en_US","og_type":"article","og_title":"Cs\u00f6kkenthet\u0151-e az energiav\u00e1ls\u00e1g v\u00e1llalkoz\u00e1somra gyakorolt hat\u00e1sa? Lehets\u00e9ges forgat\u00f3k\u00f6nyvek az energia\u00e1rakkal j\u00e1r\u00f3 kiad\u00e1sok cs\u00f6kkent\u00e9s\u00e9re. Online Tud\u00e1smegoszt\u00f3 esem\u00e9ny - Seed","og_description":"Cs\u00f6kkenthet\u0151-e az energiav\u00e1ls\u00e1g v\u00e1llalkoz\u00e1somra gyakorolt hat\u00e1sa? Lehets\u00e9ges forgat\u00f3k\u00f6nyvek az energia\u00e1rakkal j\u00e1r\u00f3 kiad\u00e1sok cs\u00f6kkent\u00e9s\u00e9re Online Tud\u00e1smegoszt\u00f3 esem\u00e9ny az Orsz\u00e1gos V\u00e1llalkoz\u00f3i Mentorprogram keret\u00e9ben A tud\u00e1smegoszt\u00f3 esem\u00e9nyeink c\u00e9lja, szak\u00e9rt\u0151kkel \u00e9s gyakorlati tapasztalatokkal rendelkez\u0151 v\u00e1llalkoz\u00f3kkal \u00e1tbesz\u00e9lni azokat a t\u00e9m\u00e1kat, amik napi szinten, de legk\u00e9s\u0151bb a tervez\u00e9si id\u0151szakot \u00e9rint\u0151en befoly\u00e1solj\u00e1k egy v\u00e1llalkoz\u00e1s eredm\u00e9nyes m\u0171k\u00f6d\u00e9s\u00e9t \u00e9s n\u00f6veked\u00e9s\u00e9t. A jelenlegi t\u00e9m\u00e1nk aktualit\u00e1sa [&hellip;]","og_url":"https:\/\/seed.hu\/hirek\/csokkentheto-e-az-energiavalsag-vallalkozasomra-gyakorolt-hatasa-lehetseges-forgatokonyvek-az-energiaarakkal-jaro-kiadasok-csokkentesere-online-tudasmegoszto-esemeny\/","og_site_name":"Seed","article_modified_time":"2022-06-28T17:38:34+00:00","og_image":[{"width":773,"height":774,"url":"https:\/\/seed.hu\/wp-content\/uploads\/2021\/04\/Orsza\u0301gos-Va\u0301llalkozo\u0301i-Mentorprogram.png","type":"image\/png"}],"twitter_card":"summary_large_image","twitter_misc":{"Est. reading time":"3 minutes"},"schema":{"@context":"https:\/\/schema.org","@graph":[{"@type":"WebPage","@id":"https:\/\/seed.hu\/hirek\/csokkentheto-e-az-energiavalsag-vallalkozasomra-gyakorolt-hatasa-lehetseges-forgatokonyvek-az-energiaarakkal-jaro-kiadasok-csokkentesere-online-tudasmegoszto-esemeny\/","url":"https:\/\/seed.hu\/hirek\/csokkentheto-e-az-energiavalsag-vallalkozasomra-gyakorolt-hatasa-lehetseges-forgatokonyvek-az-energiaarakkal-jaro-kiadasok-csokkentesere-online-tudasmegoszto-esemeny\/","name":"Cs\u00f6kkenthet\u0151-e az energiav\u00e1ls\u00e1g v\u00e1llalkoz\u00e1somra gyakorolt hat\u00e1sa? Lehets\u00e9ges forgat\u00f3k\u00f6nyvek az energia\u00e1rakkal j\u00e1r\u00f3 kiad\u00e1sok cs\u00f6kkent\u00e9s\u00e9re. Online Tud\u00e1smegoszt\u00f3 esem\u00e9ny - Seed","isPartOf":{"@id":"https:\/\/seed.hu\/#website"},"primaryImageOfPage":{"@id":"https:\/\/seed.hu\/hirek\/csokkentheto-e-az-energiavalsag-vallalkozasomra-gyakorolt-hatasa-lehetseges-forgatokonyvek-az-energiaarakkal-jaro-kiadasok-csokkentesere-online-tudasmegoszto-esemeny\/#primaryimage"},"image":{"@id":"https:\/\/seed.hu\/hirek\/csokkentheto-e-az-energiavalsag-vallalkozasomra-gyakorolt-hatasa-lehetseges-forgatokonyvek-az-energiaarakkal-jaro-kiadasok-csokkentesere-online-tudasmegoszto-esemeny\/#primaryimage"},"thumbnailUrl":"https:\/\/seed.hu\/wp-content\/uploads\/2021\/04\/Orsza\u0301gos-Va\u0301llalkozo\u0301i-Mentorprogram.png","datePublished":"2022-06-13T20:59:08+00:00","dateModified":"2022-06-28T17:38:34+00:00","breadcrumb":{"@id":"https:\/\/seed.hu\/hirek\/csokkentheto-e-az-energiavalsag-vallalkozasomra-gyakorolt-hatasa-lehetseges-forgatokonyvek-az-energiaarakkal-jaro-kiadasok-csokkentesere-online-tudasmegoszto-esemeny\/#breadcrumb"},"inLanguage":"en-US","potentialAction":[{"@type":"ReadAction","target":["https:\/\/seed.hu\/hirek\/csokkentheto-e-az-energiavalsag-vallalkozasomra-gyakorolt-hatasa-lehetseges-forgatokonyvek-az-energiaarakkal-jaro-kiadasok-csokkentesere-online-tudasmegoszto-esemeny\/"]}]},{"@type":"ImageObject","inLanguage":"en-US","@id":"https:\/\/seed.hu\/hirek\/csokkentheto-e-az-energiavalsag-vallalkozasomra-gyakorolt-hatasa-lehetseges-forgatokonyvek-az-energiaarakkal-jaro-kiadasok-csokkentesere-online-tudasmegoszto-esemeny\/#primaryimage","url":"https:\/\/seed.hu\/wp-content\/uploads\/2021\/04\/Orsza\u0301gos-Va\u0301llalkozo\u0301i-Mentorprogram.png","contentUrl":"https:\/\/seed.hu\/wp-content\/uploads\/2021\/04\/Orsza\u0301gos-Va\u0301llalkozo\u0301i-Mentorprogram.png","width":773,"height":774},{"@type":"BreadcrumbList","@id":"https:\/\/seed.hu\/hirek\/csokkentheto-e-az-energiavalsag-vallalkozasomra-gyakorolt-hatasa-lehetseges-forgatokonyvek-az-energiaarakkal-jaro-kiadasok-csokkentesere-online-tudasmegoszto-esemeny\/#breadcrumb","itemListElement":[{"@type":"ListItem","position":1,"name":"H\u00edrek","item":"https:\/\/seed.hu\/hirek\/"},{"@type":"ListItem","position":2,"name":"Cs\u00f6kkenthet\u0151-e az energiav\u00e1ls\u00e1g v\u00e1llalkoz\u00e1somra gyakorolt hat\u00e1sa? Lehets\u00e9ges forgat\u00f3k\u00f6nyvek az energia\u00e1rakkal j\u00e1r\u00f3 kiad\u00e1sok cs\u00f6kkent\u00e9s\u00e9re. Online Tud\u00e1smegoszt\u00f3 esem\u00e9ny"}]},{"@type":"WebSite","@id":"https:\/\/seed.hu\/#website","url":"https:\/\/seed.hu\/","name":"Seed","description":"","potentialAction":[{"@type":"SearchAction","target":{"@type":"EntryPoint","urlTemplate":"https:\/\/seed.hu\/?s={search_term_string}"},"query-input":{"@type":"PropertyValueSpecification","valueRequired":true,"valueName":"search_term_string"}}],"inLanguage":"en-US"}]}},"_links":{"self":[{"href":"https:\/\/seed.hu\/en\/wp-json\/wp\/v2\/hirek\/2296","targetHints":{"allow":["GET"]}}],"collection":[{"href":"https:\/\/seed.hu\/en\/wp-json\/wp\/v2\/hirek"}],"about":[{"href":"https:\/\/seed.hu\/en\/wp-json\/wp\/v2\/types\/hirek"}],"wp:featuredmedia":[{"embeddable":true,"href":"https:\/\/seed.hu\/en\/wp-json\/wp\/v2\/media\/338"}],"wp:attachment":[{"href":"https:\/\/seed.hu\/en\/wp-json\/wp\/v2\/media?parent=2296"}],"curies":[{"name":"wp","href":"https:\/\/api.w.org\/{rel}","templated":true}]}}