{"id":2334,"date":"2022-06-22T16:57:18","date_gmt":"2022-06-22T14:57:18","guid":{"rendered":"https:\/\/seed.hu\/?post_type=hirek&#038;p=2334"},"modified":"2022-06-22T16:59:30","modified_gmt":"2022-06-22T14:59:30","slug":"tudasbarat-szervezet-dij-2021-es-tudasmegoszto-programsorozat","status":"publish","type":"hirek","link":"https:\/\/seed.hu\/en\/hirek\/tudasbarat-szervezet-dij-2021-es-tudasmegoszto-programsorozat\/","title":{"rendered":"Tud\u00e1sbar\u00e1t szervezet d\u00edj 2021 \u00e9s Tud\u00e1smegoszt\u00f3 programsorozat"},"content":{"rendered":"<p>2019-ben els\u0151 \u00edzben kezdem\u00e9nyezte a Tehets\u00e9g \u00e9s Tud\u00e1s K\u00f6zpont Alap\u00edtv\u00e1ny (TTKA), valamint a SEED Kisv\u00e1llalkoz\u00e1s-fejleszt\u00e9si Alap\u00edtv\u00e1ny a\u00a0<strong>Tud\u00e1sbar\u00e1t szervezet d\u00edj<\/strong>\u00a0l\u00e9trehoz\u00e1s\u00e1t. Id\u00e9n 3. alkalommal, imm\u00e1r a Kur\u00e1zsi Konzorcium keret\u00e9ben ny\u00edlik meg a lehet\u0151s\u00e9g a v\u00e1llalkoz\u00e1soknak bemutatkozni ezen a t\u00e9ren.<\/p>\n<p>Ismerd meg a Tud\u00e1sbar\u00e1t szervezet p\u00e1ly\u00e1zat kor\u00e1bbi \u00e9vek nyerteseinek a tapasztalatait, mit jelent sz\u00e1mukra a v\u00e1llalaton bel\u00fcli tud\u00e1s, hogyan ismert\u00e9k fel annak fontoss\u00e1g\u00e1t \u00e9s mivel tartj\u00e1k meg \u00e9s er\u0151s\u00edtik azt a c\u00e9gen\/int\u00e9zm\u00e9nyen bel\u00fcl.<\/p>\n<p><strong>J\u00fanius 23-\u00e1n 16:30-t\u00f3l a SEED Alap\u00edtv\u00e1ny Facebook csatorn\u00e1j\u00e1n \u00e9l\u0151ben k\u00f6zvet\u00edtj\u00fck a besz\u00e9lget\u00e9st.\u00a0<\/strong><\/p>\n<p>Itt lesz vel\u00fcnk Patonai \u00c1gnes, a p2m Kft. \u00fcgyvezet\u0151je, Sulai Erika, a Budapest VI. ker\u00fcleti K\u00f6lcsey Ferenci Gimn\u00e1zium igazgat\u00f3helyettese \u00e9s Kov\u00e1cs D\u00e1niel, a Zsir\u00e1f Kreat\u00edv \u00dcgyn\u00f6ks\u00e9g \u00fcgyvezet\u0151je.<\/p>\n<p>dr. Berendi P\u00e9ter, a CSAVE aleln\u00f6ke \u00e1lland\u00f3 zs\u0171ritagk\u00e9nt mondja el tapasztalatait a p\u00e1ly\u00e1zatokr\u00f3l.<\/p>\n<p>Pom\u00e1zi Gyula, az SZTNH eln\u00f6ke arr\u00f3l fog nek\u00fcnk besz\u00e9lni, mi\u00e9rt fontos a tud\u00e1st a c\u00e9g \u00e9rt\u00e9kei k\u00f6z\u00f6tt megjelen\u00edteni, \u00edgy n\u00f6velni v\u00e1llalatunk vagyon\u00e1t.<\/p>\n<p>Gyulay Tibor abban seg\u00edt, hogy ne t\u00e1vozzunk \u00fcres k\u00e9zzel, \u00fatraval\u00f3 csomagj\u00e1ban bemutatja, hogyan azonos\u00edthat\u00f3 a tud\u00e1s \u00e9s a tud\u00e1sbr\u00f3ker, \u00e9s gyakorlati tan\u00e1csokkal is ell\u00e1tja azokat, akik id\u00e9n szeretn\u00e9nek beny\u00fajtani p\u00e1ly\u00e1zatot.<\/p>\n<p>A besz\u00e9lget\u00e9st Varga Szilvia, a SEED Alap\u00edtv\u00e1ny szak\u00e9rt\u0151je moder\u00e1lja.<\/p>\n<p>R\u00e9szletesen a Tud\u00e1sbar\u00e1t szervezet d\u00edjr\u00f3l:<br \/>\n<a class=\"external-link\" href=\"https:\/\/seed.hu\/tudasbarat-szervezet-dij-palyazati-felhivas\/\" rel=\"nofollow\">https:\/\/seed.hu\/tudasbarat-szervezet-dij-palyazati-felhivas\/<\/a><\/p>\n","protected":false},"featured_media":1483,"menu_order":0,"template":"","meta":{"_acf_changed":false},"class_list":["post-2334","hirek","type-hirek","status-publish","has-post-thumbnail","hentry"],"acf":[],"yoast_head":"<!-- This site is optimized with the Yoast SEO plugin v27.4 - https:\/\/yoast.com\/product\/yoast-seo-wordpress\/ -->\n<title>Tud\u00e1sbar\u00e1t szervezet d\u00edj 2021 \u00e9s Tud\u00e1smegoszt\u00f3 programsorozat - Seed<\/title>\n<meta name=\"robots\" content=\"index, follow, max-snippet:-1, max-image-preview:large, max-video-preview:-1\" \/>\n<link rel=\"canonical\" href=\"https:\/\/seed.hu\/hirek\/tudasbarat-szervezet-dij-2021-es-tudasmegoszto-programsorozat\/\" \/>\n<meta property=\"og:locale\" content=\"en_US\" \/>\n<meta property=\"og:type\" content=\"article\" \/>\n<meta property=\"og:title\" content=\"Tud\u00e1sbar\u00e1t szervezet d\u00edj 2021 \u00e9s Tud\u00e1smegoszt\u00f3 programsorozat - Seed\" \/>\n<meta property=\"og:description\" content=\"2019-ben els\u0151 \u00edzben kezdem\u00e9nyezte a Tehets\u00e9g \u00e9s Tud\u00e1s K\u00f6zpont Alap\u00edtv\u00e1ny (TTKA), valamint a SEED Kisv\u00e1llalkoz\u00e1s-fejleszt\u00e9si Alap\u00edtv\u00e1ny a\u00a0Tud\u00e1sbar\u00e1t szervezet d\u00edj\u00a0l\u00e9trehoz\u00e1s\u00e1t. Id\u00e9n 3. alkalommal, imm\u00e1r a Kur\u00e1zsi Konzorcium keret\u00e9ben ny\u00edlik meg a lehet\u0151s\u00e9g a v\u00e1llalkoz\u00e1soknak bemutatkozni ezen a t\u00e9ren. Ismerd meg a Tud\u00e1sbar\u00e1t szervezet p\u00e1ly\u00e1zat kor\u00e1bbi \u00e9vek nyerteseinek a tapasztalatait, mit jelent sz\u00e1mukra a v\u00e1llalaton bel\u00fcli tud\u00e1s, [&hellip;]\" \/>\n<meta property=\"og:url\" content=\"https:\/\/seed.hu\/hirek\/tudasbarat-szervezet-dij-2021-es-tudasmegoszto-programsorozat\/\" \/>\n<meta property=\"og:site_name\" content=\"Seed\" \/>\n<meta property=\"article:modified_time\" content=\"2022-06-22T14:59:30+00:00\" \/>\n<meta property=\"og:image\" content=\"https:\/\/seed.hu\/wp-content\/uploads\/2022\/04\/cropped-honlap-logo.png\" \/>\n\t<meta property=\"og:image:width\" content=\"512\" \/>\n\t<meta property=\"og:image:height\" content=\"512\" \/>\n\t<meta property=\"og:image:type\" content=\"image\/png\" \/>\n<meta name=\"twitter:card\" content=\"summary_large_image\" \/>\n<meta name=\"twitter:label1\" content=\"Est. reading time\" \/>\n\t<meta name=\"twitter:data1\" content=\"2 minutes\" \/>\n<script type=\"application\/ld+json\" class=\"yoast-schema-graph\">{\"@context\":\"https:\\\/\\\/schema.org\",\"@graph\":[{\"@type\":\"WebPage\",\"@id\":\"https:\\\/\\\/seed.hu\\\/hirek\\\/tudasbarat-szervezet-dij-2021-es-tudasmegoszto-programsorozat\\\/\",\"url\":\"https:\\\/\\\/seed.hu\\\/hirek\\\/tudasbarat-szervezet-dij-2021-es-tudasmegoszto-programsorozat\\\/\",\"name\":\"Tud\u00e1sbar\u00e1t szervezet d\u00edj 2021 \u00e9s Tud\u00e1smegoszt\u00f3 programsorozat - Seed\",\"isPartOf\":{\"@id\":\"https:\\\/\\\/seed.hu\\\/#website\"},\"primaryImageOfPage\":{\"@id\":\"https:\\\/\\\/seed.hu\\\/hirek\\\/tudasbarat-szervezet-dij-2021-es-tudasmegoszto-programsorozat\\\/#primaryimage\"},\"image\":{\"@id\":\"https:\\\/\\\/seed.hu\\\/hirek\\\/tudasbarat-szervezet-dij-2021-es-tudasmegoszto-programsorozat\\\/#primaryimage\"},\"thumbnailUrl\":\"https:\\\/\\\/seed.hu\\\/wp-content\\\/uploads\\\/2022\\\/04\\\/cropped-honlap-logo.png\",\"datePublished\":\"2022-06-22T14:57:18+00:00\",\"dateModified\":\"2022-06-22T14:59:30+00:00\",\"breadcrumb\":{\"@id\":\"https:\\\/\\\/seed.hu\\\/hirek\\\/tudasbarat-szervezet-dij-2021-es-tudasmegoszto-programsorozat\\\/#breadcrumb\"},\"inLanguage\":\"en-US\",\"potentialAction\":[{\"@type\":\"ReadAction\",\"target\":[\"https:\\\/\\\/seed.hu\\\/hirek\\\/tudasbarat-szervezet-dij-2021-es-tudasmegoszto-programsorozat\\\/\"]}]},{\"@type\":\"ImageObject\",\"inLanguage\":\"en-US\",\"@id\":\"https:\\\/\\\/seed.hu\\\/hirek\\\/tudasbarat-szervezet-dij-2021-es-tudasmegoszto-programsorozat\\\/#primaryimage\",\"url\":\"https:\\\/\\\/seed.hu\\\/wp-content\\\/uploads\\\/2022\\\/04\\\/cropped-honlap-logo.png\",\"contentUrl\":\"https:\\\/\\\/seed.hu\\\/wp-content\\\/uploads\\\/2022\\\/04\\\/cropped-honlap-logo.png\",\"width\":512,\"height\":512},{\"@type\":\"BreadcrumbList\",\"@id\":\"https:\\\/\\\/seed.hu\\\/hirek\\\/tudasbarat-szervezet-dij-2021-es-tudasmegoszto-programsorozat\\\/#breadcrumb\",\"itemListElement\":[{\"@type\":\"ListItem\",\"position\":1,\"name\":\"H\u00edrek\",\"item\":\"https:\\\/\\\/seed.hu\\\/hirek\\\/\"},{\"@type\":\"ListItem\",\"position\":2,\"name\":\"Tud\u00e1sbar\u00e1t szervezet d\u00edj 2021 \u00e9s Tud\u00e1smegoszt\u00f3 programsorozat\"}]},{\"@type\":\"WebSite\",\"@id\":\"https:\\\/\\\/seed.hu\\\/#website\",\"url\":\"https:\\\/\\\/seed.hu\\\/\",\"name\":\"Seed\",\"description\":\"\",\"potentialAction\":[{\"@type\":\"SearchAction\",\"target\":{\"@type\":\"EntryPoint\",\"urlTemplate\":\"https:\\\/\\\/seed.hu\\\/?s={search_term_string}\"},\"query-input\":{\"@type\":\"PropertyValueSpecification\",\"valueRequired\":true,\"valueName\":\"search_term_string\"}}],\"inLanguage\":\"en-US\"}]}<\/script>\n<!-- \/ Yoast SEO plugin. -->","yoast_head_json":{"title":"Tud\u00e1sbar\u00e1t szervezet d\u00edj 2021 \u00e9s Tud\u00e1smegoszt\u00f3 programsorozat - Seed","robots":{"index":"index","follow":"follow","max-snippet":"max-snippet:-1","max-image-preview":"max-image-preview:large","max-video-preview":"max-video-preview:-1"},"canonical":"https:\/\/seed.hu\/hirek\/tudasbarat-szervezet-dij-2021-es-tudasmegoszto-programsorozat\/","og_locale":"en_US","og_type":"article","og_title":"Tud\u00e1sbar\u00e1t szervezet d\u00edj 2021 \u00e9s Tud\u00e1smegoszt\u00f3 programsorozat - Seed","og_description":"2019-ben els\u0151 \u00edzben kezdem\u00e9nyezte a Tehets\u00e9g \u00e9s Tud\u00e1s K\u00f6zpont Alap\u00edtv\u00e1ny (TTKA), valamint a SEED Kisv\u00e1llalkoz\u00e1s-fejleszt\u00e9si Alap\u00edtv\u00e1ny a\u00a0Tud\u00e1sbar\u00e1t szervezet d\u00edj\u00a0l\u00e9trehoz\u00e1s\u00e1t. Id\u00e9n 3. alkalommal, imm\u00e1r a Kur\u00e1zsi Konzorcium keret\u00e9ben ny\u00edlik meg a lehet\u0151s\u00e9g a v\u00e1llalkoz\u00e1soknak bemutatkozni ezen a t\u00e9ren. Ismerd meg a Tud\u00e1sbar\u00e1t szervezet p\u00e1ly\u00e1zat kor\u00e1bbi \u00e9vek nyerteseinek a tapasztalatait, mit jelent sz\u00e1mukra a v\u00e1llalaton bel\u00fcli tud\u00e1s, [&hellip;]","og_url":"https:\/\/seed.hu\/hirek\/tudasbarat-szervezet-dij-2021-es-tudasmegoszto-programsorozat\/","og_site_name":"Seed","article_modified_time":"2022-06-22T14:59:30+00:00","og_image":[{"width":512,"height":512,"url":"https:\/\/seed.hu\/wp-content\/uploads\/2022\/04\/cropped-honlap-logo.png","type":"image\/png"}],"twitter_card":"summary_large_image","twitter_misc":{"Est. reading time":"2 minutes"},"schema":{"@context":"https:\/\/schema.org","@graph":[{"@type":"WebPage","@id":"https:\/\/seed.hu\/hirek\/tudasbarat-szervezet-dij-2021-es-tudasmegoszto-programsorozat\/","url":"https:\/\/seed.hu\/hirek\/tudasbarat-szervezet-dij-2021-es-tudasmegoszto-programsorozat\/","name":"Tud\u00e1sbar\u00e1t szervezet d\u00edj 2021 \u00e9s Tud\u00e1smegoszt\u00f3 programsorozat - Seed","isPartOf":{"@id":"https:\/\/seed.hu\/#website"},"primaryImageOfPage":{"@id":"https:\/\/seed.hu\/hirek\/tudasbarat-szervezet-dij-2021-es-tudasmegoszto-programsorozat\/#primaryimage"},"image":{"@id":"https:\/\/seed.hu\/hirek\/tudasbarat-szervezet-dij-2021-es-tudasmegoszto-programsorozat\/#primaryimage"},"thumbnailUrl":"https:\/\/seed.hu\/wp-content\/uploads\/2022\/04\/cropped-honlap-logo.png","datePublished":"2022-06-22T14:57:18+00:00","dateModified":"2022-06-22T14:59:30+00:00","breadcrumb":{"@id":"https:\/\/seed.hu\/hirek\/tudasbarat-szervezet-dij-2021-es-tudasmegoszto-programsorozat\/#breadcrumb"},"inLanguage":"en-US","potentialAction":[{"@type":"ReadAction","target":["https:\/\/seed.hu\/hirek\/tudasbarat-szervezet-dij-2021-es-tudasmegoszto-programsorozat\/"]}]},{"@type":"ImageObject","inLanguage":"en-US","@id":"https:\/\/seed.hu\/hirek\/tudasbarat-szervezet-dij-2021-es-tudasmegoszto-programsorozat\/#primaryimage","url":"https:\/\/seed.hu\/wp-content\/uploads\/2022\/04\/cropped-honlap-logo.png","contentUrl":"https:\/\/seed.hu\/wp-content\/uploads\/2022\/04\/cropped-honlap-logo.png","width":512,"height":512},{"@type":"BreadcrumbList","@id":"https:\/\/seed.hu\/hirek\/tudasbarat-szervezet-dij-2021-es-tudasmegoszto-programsorozat\/#breadcrumb","itemListElement":[{"@type":"ListItem","position":1,"name":"H\u00edrek","item":"https:\/\/seed.hu\/hirek\/"},{"@type":"ListItem","position":2,"name":"Tud\u00e1sbar\u00e1t szervezet d\u00edj 2021 \u00e9s Tud\u00e1smegoszt\u00f3 programsorozat"}]},{"@type":"WebSite","@id":"https:\/\/seed.hu\/#website","url":"https:\/\/seed.hu\/","name":"Seed","description":"","potentialAction":[{"@type":"SearchAction","target":{"@type":"EntryPoint","urlTemplate":"https:\/\/seed.hu\/?s={search_term_string}"},"query-input":{"@type":"PropertyValueSpecification","valueRequired":true,"valueName":"search_term_string"}}],"inLanguage":"en-US"}]}},"_links":{"self":[{"href":"https:\/\/seed.hu\/en\/wp-json\/wp\/v2\/hirek\/2334","targetHints":{"allow":["GET"]}}],"collection":[{"href":"https:\/\/seed.hu\/en\/wp-json\/wp\/v2\/hirek"}],"about":[{"href":"https:\/\/seed.hu\/en\/wp-json\/wp\/v2\/types\/hirek"}],"wp:featuredmedia":[{"embeddable":true,"href":"https:\/\/seed.hu\/en\/wp-json\/wp\/v2\/media\/1483"}],"wp:attachment":[{"href":"https:\/\/seed.hu\/en\/wp-json\/wp\/v2\/media?parent=2334"}],"curies":[{"name":"wp","href":"https:\/\/api.w.org\/{rel}","templated":true}]}}