{"id":2482,"date":"2022-08-18T11:06:31","date_gmt":"2022-08-18T09:06:31","guid":{"rendered":"https:\/\/seed.hu\/?post_type=hirek&#038;p=2482"},"modified":"2022-08-18T11:06:51","modified_gmt":"2022-08-18T09:06:51","slug":"online-vallalkozoi-forum-folyt-kov-kata-utan","status":"publish","type":"hirek","link":"https:\/\/seed.hu\/en\/hirek\/online-vallalkozoi-forum-folyt-kov-kata-utan\/","title":{"rendered":"Online V\u00e1llalkoz\u00f3i F\u00f3rum &#8211; folyt. k\u00f6v. KATA ut\u00e1n"},"content":{"rendered":"<p><span style=\"font-size: 20px;\"><strong>Online V\u00e1llalkoz\u00f3i F\u00f3rum &#8211; Egy szak\u00e9rt\u0151, egy v\u00e1llalkoz\u00f3, egy t\u00e9ma, 1 \u00f3ra<\/strong><\/span><\/p>\n<p><strong><u>A k\u00f6vetkez\u0151\u00a0szakmai besz\u00e9lget\u00e9s id\u0151pontja:<\/u><\/strong><br \/>\n2022. augusztus 24., szerda, 17:30-19:00<\/p>\n<p><strong><u>A besz\u00e9lget\u0151partner\u00fcnk:<\/u><\/strong><\/p>\n<ul>\n<li>G\u00e1l Dezs\u0151, a SEED Alap\u00edtv\u00e1ny sz\u00e1mvitel \u00e9s ad\u00f3z\u00e1s tr\u00e9nere, m\u00e9rlegk\u00e9pes k\u00f6nyvel\u0151, ad\u00f3tan\u00e1csad\u00f3<\/li>\n<\/ul>\n<p><strong><u>A t\u00e9ma:<\/u><\/strong><\/p>\n<p>folyt. k\u00f6v. KATA ut\u00e1n<\/p>\n<p><strong><u>R\u00e9szletes program:<\/u><\/strong><\/p>\n<p><strong>R\u00e9szletes t\u00e9ma<\/strong><\/p>\n<p>B\u00e1r 2022. j\u00faliusa \u00f3ta ismert, hogy a KATA, mint ad\u00f3z\u00e1si forma a jelenlegi felt\u00e9teleivel megsz\u0171nik, annak k\u00f6r\u00fclm\u00e9nyeir\u0151l, jogszab\u00e1lyi<br \/>\nel\u0151\u00edr\u00e1sair\u00f3l csak fokozatosan jelentek meg a r\u00e9szletek m\u00e9g a napokban is. Ezek n\u00e9lk\u00fcl mind az \u00e9rintett v\u00e1llalkoz\u00f3k, mind a k\u00f6nyvel\u0151k, ad\u00f3tan\u00e1csad\u00f3k nem tudtak<br \/>\nmegfelel\u0151 d\u00f6nt\u00e9st hozni, tan\u00e1csot adni.<\/p>\n<p>Mint minden inform\u00e1ci\u00f3hi\u00e1nyos helyzet, \u00f3hatatlanul egy kedvez\u0151tlen d\u00f6nt\u00e9s t\u00e1ptalaja.<\/p>\n<p>HA<\/p>\n<p>&#8211; M\u00c9G VANNAK TISZT\u00c1ZATLAN K\u00c9RD\u00c9SEID A V\u00c9GLEGES D\u00d6NT\u00c9SHEZ, VAGY<br \/>\n&#8211; BIZONYTALAN VAGY ABBAN, HOGY J\u00d3L V\u00c1LASZTOTTAD-E MEG AZ \u00daJ AD\u00d3Z\u00c1SI FORM\u00c1T, VAGY<br \/>\n&#8211; NEM L\u00c1TSZ M\u00c1S LEHET\u0150S\u00c9GET, MINT A V\u00c1LLALKOZ\u00c1SOD MEGSZ\u00dcNTET\u00c9SE,<\/p>\n<p>AKKOR KAPCSOL\u00d3DJ BE A K\u00d6VETKEZ\u0150 ONLINE V\u00c1LLALKOZ\u00d3I F\u00d3RUMRA, AHOL SZ\u00d3 LESZ:<br \/>\n&#8211; a jelenlegi KATA alanyok sz\u00e1m\u00e1ra v\u00e1laszthat\u00f3 alternat\u00edv ad\u00f3z\u00e1si form\u00e1kr\u00f3l, \u00e9s arr\u00f3l, mikor, melyiket \u00e9rdemes v\u00e1lasztani,<br \/>\n&#8211; konkr\u00e9t sz\u00e1m\u00edt\u00e1sokr\u00f3l \u00e9s sz\u00e1m\u00edt\u00e1si seg\u00e9dletekr\u0151l, hogy melyik ad\u00f3nem mekkora plusz terhet<br \/>\njelent,<br \/>\n&#8211; a megsz\u0171n\u00e9s \u00e9s az \u00e1tt\u00e9r\u00e9s jogszab\u00e1lyi elv\u00e1r\u00e1sair\u00f3l \u00e9s a betartand\u00f3 hat\u00e1rid\u0151kr\u0151l,<br \/>\n&#8211; \u00e9s a gyakorlati teend\u0151kr\u0151l.<\/p>\n<p><strong>A f\u00f3rumon a r\u00e9szv\u00e9tel ingyenes, de el\u0151zetes regisztr\u00e1ci\u00f3hoz k\u00f6t\u00f6tt.<\/strong><\/p>\n<p><strong>Jelentkez\u00e9si hat\u00e1rid\u0151: 2022. augusztus 24. 12:00<\/strong><\/p>\n<p><strong><a class=\"jbtn\" href=\"https:\/\/seed.hu\/online-vallalkozoi-forum-jelentkezes\/\">Jelentkezem<\/a><\/strong><\/p>\n","protected":false},"featured_media":1483,"menu_order":0,"template":"","meta":{"_acf_changed":false},"class_list":["post-2482","hirek","type-hirek","status-publish","has-post-thumbnail","hentry"],"acf":[],"yoast_head":"<!-- This site is optimized with the Yoast SEO plugin v27.4 - https:\/\/yoast.com\/product\/yoast-seo-wordpress\/ -->\n<title>Online V\u00e1llalkoz\u00f3i F\u00f3rum - folyt. k\u00f6v. KATA ut\u00e1n - Seed<\/title>\n<meta name=\"robots\" content=\"index, follow, max-snippet:-1, max-image-preview:large, max-video-preview:-1\" \/>\n<link rel=\"canonical\" href=\"https:\/\/seed.hu\/hirek\/online-vallalkozoi-forum-folyt-kov-kata-utan\/\" \/>\n<meta property=\"og:locale\" content=\"en_US\" \/>\n<meta property=\"og:type\" content=\"article\" \/>\n<meta property=\"og:title\" content=\"Online V\u00e1llalkoz\u00f3i F\u00f3rum - folyt. k\u00f6v. KATA ut\u00e1n - Seed\" \/>\n<meta property=\"og:description\" content=\"Online V\u00e1llalkoz\u00f3i F\u00f3rum &#8211; Egy szak\u00e9rt\u0151, egy v\u00e1llalkoz\u00f3, egy t\u00e9ma, 1 \u00f3ra A k\u00f6vetkez\u0151\u00a0szakmai besz\u00e9lget\u00e9s id\u0151pontja: 2022. augusztus 24., szerda, 17:30-19:00 A besz\u00e9lget\u0151partner\u00fcnk: G\u00e1l Dezs\u0151, a SEED Alap\u00edtv\u00e1ny sz\u00e1mvitel \u00e9s ad\u00f3z\u00e1s tr\u00e9nere, m\u00e9rlegk\u00e9pes k\u00f6nyvel\u0151, ad\u00f3tan\u00e1csad\u00f3 A t\u00e9ma: folyt. k\u00f6v. KATA ut\u00e1n R\u00e9szletes program: R\u00e9szletes t\u00e9ma B\u00e1r 2022. j\u00faliusa \u00f3ta ismert, hogy a KATA, mint ad\u00f3z\u00e1si [&hellip;]\" \/>\n<meta property=\"og:url\" content=\"https:\/\/seed.hu\/hirek\/online-vallalkozoi-forum-folyt-kov-kata-utan\/\" \/>\n<meta property=\"og:site_name\" content=\"Seed\" \/>\n<meta property=\"article:modified_time\" content=\"2022-08-18T09:06:51+00:00\" \/>\n<meta property=\"og:image\" content=\"https:\/\/seed.hu\/wp-content\/uploads\/2022\/04\/cropped-honlap-logo.png\" \/>\n\t<meta property=\"og:image:width\" content=\"512\" \/>\n\t<meta property=\"og:image:height\" content=\"512\" \/>\n\t<meta property=\"og:image:type\" content=\"image\/png\" \/>\n<meta name=\"twitter:card\" content=\"summary_large_image\" \/>\n<meta name=\"twitter:label1\" content=\"Est. reading time\" \/>\n\t<meta name=\"twitter:data1\" content=\"2 minutes\" \/>\n<script type=\"application\/ld+json\" class=\"yoast-schema-graph\">{\"@context\":\"https:\\\/\\\/schema.org\",\"@graph\":[{\"@type\":\"WebPage\",\"@id\":\"https:\\\/\\\/seed.hu\\\/hirek\\\/online-vallalkozoi-forum-folyt-kov-kata-utan\\\/\",\"url\":\"https:\\\/\\\/seed.hu\\\/hirek\\\/online-vallalkozoi-forum-folyt-kov-kata-utan\\\/\",\"name\":\"Online V\u00e1llalkoz\u00f3i F\u00f3rum - folyt. k\u00f6v. KATA ut\u00e1n - Seed\",\"isPartOf\":{\"@id\":\"https:\\\/\\\/seed.hu\\\/#website\"},\"primaryImageOfPage\":{\"@id\":\"https:\\\/\\\/seed.hu\\\/hirek\\\/online-vallalkozoi-forum-folyt-kov-kata-utan\\\/#primaryimage\"},\"image\":{\"@id\":\"https:\\\/\\\/seed.hu\\\/hirek\\\/online-vallalkozoi-forum-folyt-kov-kata-utan\\\/#primaryimage\"},\"thumbnailUrl\":\"https:\\\/\\\/seed.hu\\\/wp-content\\\/uploads\\\/2022\\\/04\\\/cropped-honlap-logo.png\",\"datePublished\":\"2022-08-18T09:06:31+00:00\",\"dateModified\":\"2022-08-18T09:06:51+00:00\",\"breadcrumb\":{\"@id\":\"https:\\\/\\\/seed.hu\\\/hirek\\\/online-vallalkozoi-forum-folyt-kov-kata-utan\\\/#breadcrumb\"},\"inLanguage\":\"en-US\",\"potentialAction\":[{\"@type\":\"ReadAction\",\"target\":[\"https:\\\/\\\/seed.hu\\\/hirek\\\/online-vallalkozoi-forum-folyt-kov-kata-utan\\\/\"]}]},{\"@type\":\"ImageObject\",\"inLanguage\":\"en-US\",\"@id\":\"https:\\\/\\\/seed.hu\\\/hirek\\\/online-vallalkozoi-forum-folyt-kov-kata-utan\\\/#primaryimage\",\"url\":\"https:\\\/\\\/seed.hu\\\/wp-content\\\/uploads\\\/2022\\\/04\\\/cropped-honlap-logo.png\",\"contentUrl\":\"https:\\\/\\\/seed.hu\\\/wp-content\\\/uploads\\\/2022\\\/04\\\/cropped-honlap-logo.png\",\"width\":512,\"height\":512},{\"@type\":\"BreadcrumbList\",\"@id\":\"https:\\\/\\\/seed.hu\\\/hirek\\\/online-vallalkozoi-forum-folyt-kov-kata-utan\\\/#breadcrumb\",\"itemListElement\":[{\"@type\":\"ListItem\",\"position\":1,\"name\":\"H\u00edrek\",\"item\":\"https:\\\/\\\/seed.hu\\\/hirek\\\/\"},{\"@type\":\"ListItem\",\"position\":2,\"name\":\"Online V\u00e1llalkoz\u00f3i F\u00f3rum &#8211; folyt. k\u00f6v. KATA ut\u00e1n\"}]},{\"@type\":\"WebSite\",\"@id\":\"https:\\\/\\\/seed.hu\\\/#website\",\"url\":\"https:\\\/\\\/seed.hu\\\/\",\"name\":\"Seed\",\"description\":\"\",\"potentialAction\":[{\"@type\":\"SearchAction\",\"target\":{\"@type\":\"EntryPoint\",\"urlTemplate\":\"https:\\\/\\\/seed.hu\\\/?s={search_term_string}\"},\"query-input\":{\"@type\":\"PropertyValueSpecification\",\"valueRequired\":true,\"valueName\":\"search_term_string\"}}],\"inLanguage\":\"en-US\"}]}<\/script>\n<!-- \/ Yoast SEO plugin. -->","yoast_head_json":{"title":"Online V\u00e1llalkoz\u00f3i F\u00f3rum - folyt. k\u00f6v. KATA ut\u00e1n - Seed","robots":{"index":"index","follow":"follow","max-snippet":"max-snippet:-1","max-image-preview":"max-image-preview:large","max-video-preview":"max-video-preview:-1"},"canonical":"https:\/\/seed.hu\/hirek\/online-vallalkozoi-forum-folyt-kov-kata-utan\/","og_locale":"en_US","og_type":"article","og_title":"Online V\u00e1llalkoz\u00f3i F\u00f3rum - folyt. k\u00f6v. KATA ut\u00e1n - Seed","og_description":"Online V\u00e1llalkoz\u00f3i F\u00f3rum &#8211; Egy szak\u00e9rt\u0151, egy v\u00e1llalkoz\u00f3, egy t\u00e9ma, 1 \u00f3ra A k\u00f6vetkez\u0151\u00a0szakmai besz\u00e9lget\u00e9s id\u0151pontja: 2022. augusztus 24., szerda, 17:30-19:00 A besz\u00e9lget\u0151partner\u00fcnk: G\u00e1l Dezs\u0151, a SEED Alap\u00edtv\u00e1ny sz\u00e1mvitel \u00e9s ad\u00f3z\u00e1s tr\u00e9nere, m\u00e9rlegk\u00e9pes k\u00f6nyvel\u0151, ad\u00f3tan\u00e1csad\u00f3 A t\u00e9ma: folyt. k\u00f6v. KATA ut\u00e1n R\u00e9szletes program: R\u00e9szletes t\u00e9ma B\u00e1r 2022. j\u00faliusa \u00f3ta ismert, hogy a KATA, mint ad\u00f3z\u00e1si [&hellip;]","og_url":"https:\/\/seed.hu\/hirek\/online-vallalkozoi-forum-folyt-kov-kata-utan\/","og_site_name":"Seed","article_modified_time":"2022-08-18T09:06:51+00:00","og_image":[{"width":512,"height":512,"url":"https:\/\/seed.hu\/wp-content\/uploads\/2022\/04\/cropped-honlap-logo.png","type":"image\/png"}],"twitter_card":"summary_large_image","twitter_misc":{"Est. reading time":"2 minutes"},"schema":{"@context":"https:\/\/schema.org","@graph":[{"@type":"WebPage","@id":"https:\/\/seed.hu\/hirek\/online-vallalkozoi-forum-folyt-kov-kata-utan\/","url":"https:\/\/seed.hu\/hirek\/online-vallalkozoi-forum-folyt-kov-kata-utan\/","name":"Online V\u00e1llalkoz\u00f3i F\u00f3rum - folyt. k\u00f6v. KATA ut\u00e1n - Seed","isPartOf":{"@id":"https:\/\/seed.hu\/#website"},"primaryImageOfPage":{"@id":"https:\/\/seed.hu\/hirek\/online-vallalkozoi-forum-folyt-kov-kata-utan\/#primaryimage"},"image":{"@id":"https:\/\/seed.hu\/hirek\/online-vallalkozoi-forum-folyt-kov-kata-utan\/#primaryimage"},"thumbnailUrl":"https:\/\/seed.hu\/wp-content\/uploads\/2022\/04\/cropped-honlap-logo.png","datePublished":"2022-08-18T09:06:31+00:00","dateModified":"2022-08-18T09:06:51+00:00","breadcrumb":{"@id":"https:\/\/seed.hu\/hirek\/online-vallalkozoi-forum-folyt-kov-kata-utan\/#breadcrumb"},"inLanguage":"en-US","potentialAction":[{"@type":"ReadAction","target":["https:\/\/seed.hu\/hirek\/online-vallalkozoi-forum-folyt-kov-kata-utan\/"]}]},{"@type":"ImageObject","inLanguage":"en-US","@id":"https:\/\/seed.hu\/hirek\/online-vallalkozoi-forum-folyt-kov-kata-utan\/#primaryimage","url":"https:\/\/seed.hu\/wp-content\/uploads\/2022\/04\/cropped-honlap-logo.png","contentUrl":"https:\/\/seed.hu\/wp-content\/uploads\/2022\/04\/cropped-honlap-logo.png","width":512,"height":512},{"@type":"BreadcrumbList","@id":"https:\/\/seed.hu\/hirek\/online-vallalkozoi-forum-folyt-kov-kata-utan\/#breadcrumb","itemListElement":[{"@type":"ListItem","position":1,"name":"H\u00edrek","item":"https:\/\/seed.hu\/hirek\/"},{"@type":"ListItem","position":2,"name":"Online V\u00e1llalkoz\u00f3i F\u00f3rum &#8211; folyt. k\u00f6v. KATA ut\u00e1n"}]},{"@type":"WebSite","@id":"https:\/\/seed.hu\/#website","url":"https:\/\/seed.hu\/","name":"Seed","description":"","potentialAction":[{"@type":"SearchAction","target":{"@type":"EntryPoint","urlTemplate":"https:\/\/seed.hu\/?s={search_term_string}"},"query-input":{"@type":"PropertyValueSpecification","valueRequired":true,"valueName":"search_term_string"}}],"inLanguage":"en-US"}]}},"_links":{"self":[{"href":"https:\/\/seed.hu\/en\/wp-json\/wp\/v2\/hirek\/2482","targetHints":{"allow":["GET"]}}],"collection":[{"href":"https:\/\/seed.hu\/en\/wp-json\/wp\/v2\/hirek"}],"about":[{"href":"https:\/\/seed.hu\/en\/wp-json\/wp\/v2\/types\/hirek"}],"wp:featuredmedia":[{"embeddable":true,"href":"https:\/\/seed.hu\/en\/wp-json\/wp\/v2\/media\/1483"}],"wp:attachment":[{"href":"https:\/\/seed.hu\/en\/wp-json\/wp\/v2\/media?parent=2482"}],"curies":[{"name":"wp","href":"https:\/\/api.w.org\/{rel}","templated":true}]}}