{"id":4446,"date":"2024-03-15T08:00:34","date_gmt":"2024-03-15T07:00:34","guid":{"rendered":"https:\/\/seed.hu\/?post_type=hirek&#038;p=4446"},"modified":"2024-03-14T21:57:03","modified_gmt":"2024-03-14T20:57:03","slug":"a-tortenet-ismet-folytatodik-keressuk-2023-sikeres-vallalkozonoit-es-noi-vallalatvezetoit","status":"publish","type":"hirek","link":"https:\/\/seed.hu\/en\/hirek\/a-tortenet-ismet-folytatodik-keressuk-2023-sikeres-vallalkozonoit-es-noi-vallalatvezetoit\/","title":{"rendered":"A t\u00f6rt\u00e9net ism\u00e9t folytat\u00f3dik\u2026  Keress\u00fck 2023 sikeres v\u00e1llalkoz\u00f3n\u0151it \u00e9s n\u0151i v\u00e1llalatvezet\u0151it"},"content":{"rendered":"<p><strong>Az emberek szeretik a t\u00f6rt\u00e9neteket. Szeretnek tanulni, inspir\u00e1l\u00f3dni, er\u0151t mer\u00edteni m\u00e1sok mes\u00e9ib\u0151l. Ez\u00e9rt, ahogy 2018 \u00f3ta folyamatosan, a SEED Kisv\u00e1llalkoz\u00e1s-fejleszt\u00e9si Alap\u00edtv\u00e1ny \u00e9s a Sikeres N\u0151k Egyes\u00fclete (Professional Women\u2019s Association \u2013 PWA) id\u00e9n is ki\u00edrja a Van egy j\u00f3 t\u00f6rt\u00e9neted? c\u00edm\u0171 p\u00e1ly\u00e1zat\u00e1t, amelyben keresik a 2023. \u00e9v legsikeresebb, leginspir\u00e1l\u00f3bb n\u0151i v\u00e1llalkoz\u00f3j\u00e1t \u00e9s n\u0151i v\u00e1llalatvezet\u0151j\u00e9t. A p\u00e1ly\u00e1zat kiemelt t\u00e1mogat\u00f3ja a V\u00e1llalkoz\u00f3k \u00e9s Munk\u00e1ltat\u00f3k Orsz\u00e1gos Sz\u00f6vets\u00e9ge (VOSZ), mely a N\u0151i V\u00e1llalkoz\u00f3i Szekci\u00f3 megalakul\u00e1s\u00e1val maga is kifejezte, hogy jelent\u0151s\u00e9ge van a hazai gazdas\u00e1g fejl\u0151d\u00e9s\u00e9ben a n\u0151k akt\u00edv szerepv\u00e1llal\u00e1s\u00e1nak. <\/p>\n<p>A p\u00e1ly\u00e1zat mott\u00f3ja: Sikeres n\u0151k n\u00e9lk\u00fcl nincs sikeres t\u00e1rsadalom.<\/strong><\/p>\n<p>A j\u00f3 t\u00f6rt\u00e9net inspir\u00e1l, b\u00e1tor\u00edt, cselekv\u00e9sre k\u00e9sztet. Ilyen t\u00f6rt\u00e9neteket v\u00e1r a <strong>SEED Alap\u00edtv\u00e1ny<\/strong> \u00e9s a <strong>PWA &#8211; Sikeres N\u0151k Egyes\u00fclete<\/strong> az id\u00e9n is olyan kezd\u0151 vagy halad\u00f3, esetleg gener\u00e1ci\u00f3v\u00e1lt\u00e1sban \u00e9rintett n\u0151i v\u00e1llalkoz\u00f3kt\u00f3l, n\u0151i vezet\u0151kt\u0151l, akik p\u00e9ld\u00e1jukkal sz\u00edvesen seg\u00edten\u00e9nek m\u00e1s h\u00f6lgyeknek (\u00e9s persze uraknak is) a v\u00e1llalkoz\u00f3i vagy v\u00e1llalatvezet\u0151i p\u00e1ly\u00e1n t\u00f6rt\u00e9n\u0151 elindul\u00e1sban vagy tov\u00e1bbhalad\u00e1sban. <\/p>\n<p>A <strong>VOSZ <\/strong>az idei \u00e9vben a p\u00e1ly\u00e1zat kiemelt t\u00e1mogat\u00f3jak\u00e9nt seg\u00edti, hogy a p\u00e1ly\u00e1zat h\u00edre min\u00e9l t\u00f6bb v\u00e1llalkoz\u00f3n\u0151h\u00f6z \u00e9s n\u0151i vezet\u0151h\u00f6z el\u00e9rjen, hiszen \u2013 ahogy az \u00c9v v\u00e1llalkoz\u00f3ja d\u00edjak kioszt\u00e1s\u00e1val is \u2013 tev\u00e9kenys\u00e9g\u00e9nek fontos r\u00e9sz\u00e9t k\u00e9pezi a v\u00e1llalkoz\u00f3i p\u00e9ldak\u00e9pek felkutat\u00e1sa \u00e9s bemutat\u00e1sa. A VOSZ \u00e9gisze alatt 2022. november\u00e9ben l\u00e9trej\u00f6tt N\u0151i V\u00e1llalkoz\u00f3i Szekci\u00f3, melynek mindk\u00e9t ki\u00edr\u00f3 szervezet alap\u00edt\u00f3 tagja, tags\u00e1gi k\u00f6re is arra vil\u00e1g\u00edt r\u00e1, hogy v\u00e1llalkoz\u00f3i m\u00e9rett\u0151l f\u00fcggetlen\u00fcl m\u0171k\u00f6dnek a mikro-, kis- \u00e9s k\u00f6z\u00e9pv\u00e1llalati m\u00e9retekben sikeres n\u0151i vezet\u0151k \u00e9s tulajdonosok, akik er\u0151t \u00e9s j\u00f6v\u0151t mutatnak v\u00e1llalkoz\u00f3t\u00e1rsaiknak, munkat\u00e1rsaiknak, partnereiknek. <\/p>\n<p>Az idei \u00e9vi p\u00e1ly\u00e1zatban is t\u00f6bbek k\u00f6z\u00f6tt arra keress\u00fck a j\u00f3 p\u00e9ld\u00e1kat, tanuls\u00e1gos t\u00f6rt\u00e9neteket, hogy milyen hossz\u00fa t\u00e1von is hat\u00f3, a mindennapi m\u0171k\u00f6d\u00e9sbe be\u00e9p\u00fcl\u0151 m\u00f3dos\u00edt\u00e1sokat, fejleszt\u00e9seket vezettek be a v\u00e1llalkoz\u00f3n\u0151k, n\u0151i vezet\u0151k a szervezeteikben ahhoz, hogy eredm\u00e9nyesen alkalmazkodjanak a k\u00fcls\u0151 \u00e9s bels\u0151 v\u00e1ltoz\u00e1sokhoz. <\/p>\n<p>Mert sz\u00fcks\u00e9g van h\u00e9tk\u00f6znapi h\u0151s\u00f6kre, akiknek p\u00e9ld\u00e1j\u00e1b\u00f3l, cselekedeteib\u0151l mindannyian mer\u00edthet\u00fcnk. <\/p>\n<p>Az elm\u00falt \u00e9vek tapasztalatai alapj\u00e1n, id\u00e9n is kifejezett lehet\u0151s\u00e9g van arra is, hogy egy c\u00e9g kollekt\u00edv\u00e1ja vagy v\u00e1llalkoz\u00f3k\/partnerek egy csoportja jel\u00f6lje az elismer\u00e9sre a v\u00e1llalat vezet\u0151j\u00e9t (n\u0151i vezet\u0151k eset\u00e9ben), illetve a v\u00e1llalkoz\u00f3t\u00e1rsat (n\u0151i v\u00e1llalkoz\u00f3k eset\u00e9ben). Ebben az esetben a t\u00f6rt\u00e9netet a jel\u00f6l\u0151k \u00edrj\u00e1k, a saj\u00e1t szemsz\u00f6g\u00fckb\u0151l mutatva be az elismer\u00e9sre el\u0151terjesztett v\u00e1llalkoz\u00f3n\u0151\/n\u0151i vezet\u0151 tev\u00e9kenys\u00e9g\u00e9t. <\/p>\n<p>A beny\u00fajtott p\u00e1ly\u00e1zatok k\u00f6z\u00fcl a k\u00f6z\u00f6ns\u00e9g id\u00e9n is kiv\u00e1laszt egyet, amelyet K\u00f6z\u00f6ns\u00e9gd\u00edjjal jutalmazunk, ez\u00e9rt a p\u00e1ly\u00e1zati anyaghoz csatolt, a jelentkez\u0151t bemutat\u00f3 r\u00f6vid vide\u00f3 nagy seg\u00edts\u00e9g lehet a k\u00f6z\u00f6ns\u00e9gszavazatok gy\u0171jt\u00e9s\u00e9ben. <\/p>\n<p>Nem reg\u00e9nyeket, hanem r\u00f6vid, vel\u0151s, emberi t\u00f6rt\u00e9neteket v\u00e1runk 2024. j\u00fanius 30-\u00e1n \u00e9jf\u00e9lig. <\/p>\n<p>A be\u00e9rkezett p\u00e1ly\u00e1zatokat n\u0151i v\u00e1llalkoz\u00e1sok fejleszt\u00e9s\u00e9ben j\u00e1rtas szakemberek, valamint v\u00e1llalatvezet\u0151 \u00e9s v\u00e1llalkoz\u00f3 h\u00f6lgyek, kor\u00e1bbi \u00e9vek d\u00edjazottjai b\u00edr\u00e1lj\u00e1k el.<br \/>\nA d\u00edj\u00e1tad\u00f3 g\u00e1l\u00e1ra 2023 \u0151sz\u00e9n ker\u00fcl sor \u00fcnnep\u00e9lyes keretek k\u00f6z\u00f6tt. <\/p>\n<p>A p\u00e1ly\u00e1zatr\u00f3l tov\u00e1bbi inform\u00e1ci\u00f3 \u00e9s jelentkez\u00e9si lehet\u0151s\u00e9g: <\/p>\n<blockquote class=\"wp-embedded-content\" data-secret=\"PwZImGC0fH\"><p><a href=\"https:\/\/seed.hu\/van-egy-jo-torteneted-keressuk-az-ev-noi-vallalkozojat-vezetojet\/\">Van egy j\u00f3 t\u00f6rt\u00e9neted? Keress\u00fck az \u00e9v n\u0151i v\u00e1llalkoz\u00f3j\u00e1t, vezet\u0151j\u00e9t<\/a><\/p><\/blockquote>\n<p><iframe loading=\"lazy\" class=\"wp-embedded-content\" sandbox=\"allow-scripts\" security=\"restricted\" style=\"position: absolute; visibility: hidden;\" title=\"&#8220;Van egy j\u00f3 t\u00f6rt\u00e9neted? Keress\u00fck az \u00e9v n\u0151i v\u00e1llalkoz\u00f3j\u00e1t, vezet\u0151j\u00e9t&#8221; &#8212; Seed\" src=\"https:\/\/seed.hu\/van-egy-jo-torteneted-keressuk-az-ev-noi-vallalkozojat-vezetojet\/embed\/#?secret=IdaKtd247m#?secret=PwZImGC0fH\" data-secret=\"PwZImGC0fH\" width=\"500\" height=\"282\" frameborder=\"0\" marginwidth=\"0\" marginheight=\"0\" scrolling=\"no\"><\/iframe><\/p>\n","protected":false},"featured_media":0,"menu_order":0,"template":"","meta":{"_acf_changed":false},"class_list":["post-4446","hirek","type-hirek","status-publish","hentry"],"acf":[],"yoast_head":"<!-- This site is optimized with the Yoast SEO plugin v27.4 - https:\/\/yoast.com\/product\/yoast-seo-wordpress\/ -->\n<title>A t\u00f6rt\u00e9net ism\u00e9t folytat\u00f3dik\u2026 Keress\u00fck 2023 sikeres v\u00e1llalkoz\u00f3n\u0151it \u00e9s n\u0151i v\u00e1llalatvezet\u0151it - Seed<\/title>\n<meta name=\"robots\" content=\"index, follow, max-snippet:-1, max-image-preview:large, max-video-preview:-1\" \/>\n<link rel=\"canonical\" href=\"https:\/\/seed.hu\/hirek\/a-tortenet-ismet-folytatodik-keressuk-2023-sikeres-vallalkozonoit-es-noi-vallalatvezetoit\/\" \/>\n<meta property=\"og:locale\" content=\"en_US\" \/>\n<meta property=\"og:type\" content=\"article\" \/>\n<meta property=\"og:title\" content=\"A t\u00f6rt\u00e9net ism\u00e9t folytat\u00f3dik\u2026 Keress\u00fck 2023 sikeres v\u00e1llalkoz\u00f3n\u0151it \u00e9s n\u0151i v\u00e1llalatvezet\u0151it - Seed\" \/>\n<meta property=\"og:description\" content=\"Az emberek szeretik a t\u00f6rt\u00e9neteket. Szeretnek tanulni, inspir\u00e1l\u00f3dni, er\u0151t mer\u00edteni m\u00e1sok mes\u00e9ib\u0151l. Ez\u00e9rt, ahogy 2018 \u00f3ta folyamatosan, a SEED Kisv\u00e1llalkoz\u00e1s-fejleszt\u00e9si Alap\u00edtv\u00e1ny \u00e9s a Sikeres N\u0151k Egyes\u00fclete (Professional Women\u2019s Association \u2013 PWA) id\u00e9n is ki\u00edrja a Van egy j\u00f3 t\u00f6rt\u00e9neted? c\u00edm\u0171 p\u00e1ly\u00e1zat\u00e1t, amelyben keresik a 2023. \u00e9v legsikeresebb, leginspir\u00e1l\u00f3bb n\u0151i v\u00e1llalkoz\u00f3j\u00e1t \u00e9s n\u0151i v\u00e1llalatvezet\u0151j\u00e9t. A p\u00e1ly\u00e1zat [&hellip;]\" \/>\n<meta property=\"og:url\" content=\"https:\/\/seed.hu\/hirek\/a-tortenet-ismet-folytatodik-keressuk-2023-sikeres-vallalkozonoit-es-noi-vallalatvezetoit\/\" \/>\n<meta property=\"og:site_name\" content=\"Seed\" \/>\n<meta name=\"twitter:card\" content=\"summary_large_image\" \/>\n<script type=\"application\/ld+json\" class=\"yoast-schema-graph\">{\"@context\":\"https:\\\/\\\/schema.org\",\"@graph\":[{\"@type\":\"WebPage\",\"@id\":\"https:\\\/\\\/seed.hu\\\/hirek\\\/a-tortenet-ismet-folytatodik-keressuk-2023-sikeres-vallalkozonoit-es-noi-vallalatvezetoit\\\/\",\"url\":\"https:\\\/\\\/seed.hu\\\/hirek\\\/a-tortenet-ismet-folytatodik-keressuk-2023-sikeres-vallalkozonoit-es-noi-vallalatvezetoit\\\/\",\"name\":\"A t\u00f6rt\u00e9net ism\u00e9t folytat\u00f3dik\u2026 Keress\u00fck 2023 sikeres v\u00e1llalkoz\u00f3n\u0151it \u00e9s n\u0151i v\u00e1llalatvezet\u0151it - Seed\",\"isPartOf\":{\"@id\":\"https:\\\/\\\/seed.hu\\\/#website\"},\"datePublished\":\"2024-03-15T07:00:34+00:00\",\"breadcrumb\":{\"@id\":\"https:\\\/\\\/seed.hu\\\/hirek\\\/a-tortenet-ismet-folytatodik-keressuk-2023-sikeres-vallalkozonoit-es-noi-vallalatvezetoit\\\/#breadcrumb\"},\"inLanguage\":\"en-US\",\"potentialAction\":[{\"@type\":\"ReadAction\",\"target\":[\"https:\\\/\\\/seed.hu\\\/hirek\\\/a-tortenet-ismet-folytatodik-keressuk-2023-sikeres-vallalkozonoit-es-noi-vallalatvezetoit\\\/\"]}]},{\"@type\":\"BreadcrumbList\",\"@id\":\"https:\\\/\\\/seed.hu\\\/hirek\\\/a-tortenet-ismet-folytatodik-keressuk-2023-sikeres-vallalkozonoit-es-noi-vallalatvezetoit\\\/#breadcrumb\",\"itemListElement\":[{\"@type\":\"ListItem\",\"position\":1,\"name\":\"H\u00edrek\",\"item\":\"https:\\\/\\\/seed.hu\\\/hirek\\\/\"},{\"@type\":\"ListItem\",\"position\":2,\"name\":\"A t\u00f6rt\u00e9net ism\u00e9t folytat\u00f3dik\u2026 Keress\u00fck 2023 sikeres v\u00e1llalkoz\u00f3n\u0151it \u00e9s n\u0151i v\u00e1llalatvezet\u0151it\"}]},{\"@type\":\"WebSite\",\"@id\":\"https:\\\/\\\/seed.hu\\\/#website\",\"url\":\"https:\\\/\\\/seed.hu\\\/\",\"name\":\"Seed\",\"description\":\"\",\"potentialAction\":[{\"@type\":\"SearchAction\",\"target\":{\"@type\":\"EntryPoint\",\"urlTemplate\":\"https:\\\/\\\/seed.hu\\\/?s={search_term_string}\"},\"query-input\":{\"@type\":\"PropertyValueSpecification\",\"valueRequired\":true,\"valueName\":\"search_term_string\"}}],\"inLanguage\":\"en-US\"}]}<\/script>\n<!-- \/ Yoast SEO plugin. -->","yoast_head_json":{"title":"A t\u00f6rt\u00e9net ism\u00e9t folytat\u00f3dik\u2026 Keress\u00fck 2023 sikeres v\u00e1llalkoz\u00f3n\u0151it \u00e9s n\u0151i v\u00e1llalatvezet\u0151it - Seed","robots":{"index":"index","follow":"follow","max-snippet":"max-snippet:-1","max-image-preview":"max-image-preview:large","max-video-preview":"max-video-preview:-1"},"canonical":"https:\/\/seed.hu\/hirek\/a-tortenet-ismet-folytatodik-keressuk-2023-sikeres-vallalkozonoit-es-noi-vallalatvezetoit\/","og_locale":"en_US","og_type":"article","og_title":"A t\u00f6rt\u00e9net ism\u00e9t folytat\u00f3dik\u2026 Keress\u00fck 2023 sikeres v\u00e1llalkoz\u00f3n\u0151it \u00e9s n\u0151i v\u00e1llalatvezet\u0151it - Seed","og_description":"Az emberek szeretik a t\u00f6rt\u00e9neteket. Szeretnek tanulni, inspir\u00e1l\u00f3dni, er\u0151t mer\u00edteni m\u00e1sok mes\u00e9ib\u0151l. Ez\u00e9rt, ahogy 2018 \u00f3ta folyamatosan, a SEED Kisv\u00e1llalkoz\u00e1s-fejleszt\u00e9si Alap\u00edtv\u00e1ny \u00e9s a Sikeres N\u0151k Egyes\u00fclete (Professional Women\u2019s Association \u2013 PWA) id\u00e9n is ki\u00edrja a Van egy j\u00f3 t\u00f6rt\u00e9neted? c\u00edm\u0171 p\u00e1ly\u00e1zat\u00e1t, amelyben keresik a 2023. \u00e9v legsikeresebb, leginspir\u00e1l\u00f3bb n\u0151i v\u00e1llalkoz\u00f3j\u00e1t \u00e9s n\u0151i v\u00e1llalatvezet\u0151j\u00e9t. A p\u00e1ly\u00e1zat [&hellip;]","og_url":"https:\/\/seed.hu\/hirek\/a-tortenet-ismet-folytatodik-keressuk-2023-sikeres-vallalkozonoit-es-noi-vallalatvezetoit\/","og_site_name":"Seed","twitter_card":"summary_large_image","schema":{"@context":"https:\/\/schema.org","@graph":[{"@type":"WebPage","@id":"https:\/\/seed.hu\/hirek\/a-tortenet-ismet-folytatodik-keressuk-2023-sikeres-vallalkozonoit-es-noi-vallalatvezetoit\/","url":"https:\/\/seed.hu\/hirek\/a-tortenet-ismet-folytatodik-keressuk-2023-sikeres-vallalkozonoit-es-noi-vallalatvezetoit\/","name":"A t\u00f6rt\u00e9net ism\u00e9t folytat\u00f3dik\u2026 Keress\u00fck 2023 sikeres v\u00e1llalkoz\u00f3n\u0151it \u00e9s n\u0151i v\u00e1llalatvezet\u0151it - Seed","isPartOf":{"@id":"https:\/\/seed.hu\/#website"},"datePublished":"2024-03-15T07:00:34+00:00","breadcrumb":{"@id":"https:\/\/seed.hu\/hirek\/a-tortenet-ismet-folytatodik-keressuk-2023-sikeres-vallalkozonoit-es-noi-vallalatvezetoit\/#breadcrumb"},"inLanguage":"en-US","potentialAction":[{"@type":"ReadAction","target":["https:\/\/seed.hu\/hirek\/a-tortenet-ismet-folytatodik-keressuk-2023-sikeres-vallalkozonoit-es-noi-vallalatvezetoit\/"]}]},{"@type":"BreadcrumbList","@id":"https:\/\/seed.hu\/hirek\/a-tortenet-ismet-folytatodik-keressuk-2023-sikeres-vallalkozonoit-es-noi-vallalatvezetoit\/#breadcrumb","itemListElement":[{"@type":"ListItem","position":1,"name":"H\u00edrek","item":"https:\/\/seed.hu\/hirek\/"},{"@type":"ListItem","position":2,"name":"A t\u00f6rt\u00e9net ism\u00e9t folytat\u00f3dik\u2026 Keress\u00fck 2023 sikeres v\u00e1llalkoz\u00f3n\u0151it \u00e9s n\u0151i v\u00e1llalatvezet\u0151it"}]},{"@type":"WebSite","@id":"https:\/\/seed.hu\/#website","url":"https:\/\/seed.hu\/","name":"Seed","description":"","potentialAction":[{"@type":"SearchAction","target":{"@type":"EntryPoint","urlTemplate":"https:\/\/seed.hu\/?s={search_term_string}"},"query-input":{"@type":"PropertyValueSpecification","valueRequired":true,"valueName":"search_term_string"}}],"inLanguage":"en-US"}]}},"_links":{"self":[{"href":"https:\/\/seed.hu\/en\/wp-json\/wp\/v2\/hirek\/4446","targetHints":{"allow":["GET"]}}],"collection":[{"href":"https:\/\/seed.hu\/en\/wp-json\/wp\/v2\/hirek"}],"about":[{"href":"https:\/\/seed.hu\/en\/wp-json\/wp\/v2\/types\/hirek"}],"wp:attachment":[{"href":"https:\/\/seed.hu\/en\/wp-json\/wp\/v2\/media?parent=4446"}],"curies":[{"name":"wp","href":"https:\/\/api.w.org\/{rel}","templated":true}]}}