{"id":4571,"date":"2024-07-03T00:33:01","date_gmt":"2024-07-02T22:33:01","guid":{"rendered":"https:\/\/seed.hu\/?post_type=hirek&#038;p=4571"},"modified":"2024-07-03T00:33:01","modified_gmt":"2024-07-02T22:33:01","slug":"europai-dijat-nyert-a-szemelyes-vallalkozoi-mentorprogram","status":"publish","type":"hirek","link":"https:\/\/seed.hu\/en\/hirek\/europai-dijat-nyert-a-szemelyes-vallalkozoi-mentorprogram\/","title":{"rendered":"Eur\u00f3pai d\u00edjat nyert a Szem\u00e9lyes V\u00e1llalkoz\u00f3i Mentorprogram"},"content":{"rendered":"<p><img loading=\"lazy\" decoding=\"async\" src=\"https:\/\/seed.hu\/wp-content\/uploads\/2024\/07\/SEED_DIJ_240702_EEPA-1024x768.jpg\" alt=\"\" width=\"1024\" height=\"768\" class=\"alignnone size-large wp-image-4572\" srcset=\"https:\/\/seed.hu\/wp-content\/uploads\/2024\/07\/SEED_DIJ_240702_EEPA-1024x768.jpg 1024w, https:\/\/seed.hu\/wp-content\/uploads\/2024\/07\/SEED_DIJ_240702_EEPA-300x225.jpg 300w, https:\/\/seed.hu\/wp-content\/uploads\/2024\/07\/SEED_DIJ_240702_EEPA-768x576.jpg 768w, https:\/\/seed.hu\/wp-content\/uploads\/2024\/07\/SEED_DIJ_240702_EEPA-1536x1152.jpg 1536w, https:\/\/seed.hu\/wp-content\/uploads\/2024\/07\/SEED_DIJ_240702_EEPA-2048x1536.jpg 2048w\" sizes=\"auto, (max-width: 1024px) 100vw, 1024px\" \/><\/p>\n<p>B\u00fcszk\u00e9n tessz\u00fck k\u00f6zz\u00e9, hogy a mai napon az Eur\u00f3pai V\u00e1llalkoz\u00e1sfejleszt\u00e9si D\u00edj \u201eV\u00e1llalkoz\u00f3i ismeretek n\u00f6vel\u00e9se\u201d kateg\u00f3ria nyertese lett \u00e9s ezzel a nemzetk\u00f6zi fordul\u00f3ba tov\u00e1bbjutott 2 program egyikek\u00e9nt ismerte el a Nemzetgazdas\u00e1gi Miniszt\u00e9rium a Szem\u00e9lyes V\u00e1llalkoz\u00f3i Mentorprogramot.<br \/>\nA program a 2012-ben a CIP keret\u00e9ben pilotk\u00e9nt ind\u00edtott Mentor-Net programra \u00e9p\u00edtve a GINOP-1.1.2 Orsz\u00e1gos V\u00e1llalkoz\u00f3i Mentorprogram alprojektjek\u00e9nt val\u00f3sult meg a SEED Alap\u00edtv\u00e1ny gondoz\u00e1s\u00e1ban.<br \/>\nA siker\u00e9hez azonban hozz\u00e1j\u00e1rult az a mintegy 60 mentor, akik a 200 mentor\u00e1lt v\u00e1llalkoz\u00e1s fejl\u0151d\u00e9s\u00e9t 2019-2022 k\u00f6z\u00f6tt \u00f6nk\u00e9ntesk\u00e9nt seg\u00edtette, valamint az a 15 szak\u00e9rt\u0151, akik speci\u00e1lis ter\u00fcleteken orvosolt\u00e1k a tud\u00e1shi\u00e1nyt. A k\u00f6sz\u00f6net teh\u00e1t \u0151ket is illeti!<br \/>\nNem kev\u00e9sb\u00e9 h\u00e1l\u00e1val tartozunk a SEED Alap\u00edtv\u00e1ny azon kor\u00e1bbi vezet\u0151inek \u00e9s l\u00e9trehoz\u00f3inak, akik elvetett\u00e9k a magokat \u00e9s szak\u00e9rtelm\u00fckkel megalapozt\u00e1k ennek a hi\u00e1nyp\u00f3tl\u00f3 v\u00e1llalkoz\u00e1sfejleszt\u00e9si eszk\u00f6znek a t\u00f6megesen el\u00e9rhet\u0151v\u00e9 t\u00e9tel\u00e9t. Ebben kiemelten k\u00f6sz\u00f6nj\u00fck Solt\u00e9sz Anik\u00f3 \u00e9s Bal\u00e1zs Tibor, a SEED Alap\u00edtv\u00e1ny kor\u00e1bbi vezet\u0151inek munk\u00e1j\u00e1t \u00e9s Vecsenyi J\u00e1nos professzor emeritus \u00far k\u00f6zrem\u0171k\u00f6d\u00e9s\u00e9t a SEED Alap\u00edtv\u00e1ny 1990-ben t\u00f6rt\u00e9n\u0151 l\u00e9trej\u00f6tt\u00e9ben. <\/p>\n<p>\u00c9s hogyan tov\u00e1bb? <\/p>\n<p>A v\u00e1llalkoz\u00f3i mentor\u00e1l\u00e1s a SEED Alap\u00edtv\u00e1ny mentorainak \u00e9s szak\u00e9rt\u0151inek egy\u00fcttm\u0171k\u00f6d\u00e9se r\u00e9v\u00e9n jelenleg is el\u00e9rhet\u0151 szolg\u00e1ltat\u00e1s, m\u00edg folyamatos fejleszt\u00e9se r\u00e9v\u00e9n a GINOP Plusz keret\u00e9ben tov\u00e1bbi mentor\u00e1l\u00e1si lehet\u0151s\u00e9g v\u00e1rhat\u00f3 a j\u00f6v\u0151ben.<\/p>\n<p>ADDIG IS SZURKOLJANAK\/SZURKOLJATOK, hogy a nemzetk\u00f6zi fordul\u00f3ban eur\u00f3pai szinten is elismerj\u00e9k a programot. <\/p>\n<p>B\u0151vebben a mentor\u00e1l\u00e1sr\u00f3l: https:\/\/seed.hu\/szolgaltatasok\/orszagos-vallalkozoi-mentorprogram\/<\/p>\n<p>PICK A BAG program, ahol csomagaj\u00e1nlatban \u00e9rhet\u0151 el a mentor\u00e1l\u00e1s n\u0151i v\u00e1llalkoz\u00f3knak:<\/p>\n<blockquote class=\"wp-embedded-content\" data-secret=\"K4yLOz8qIa\"><p><a href=\"https:\/\/seed.hu\/szolgaltatasok\/pick-a-bag\/\">Pick a bag!<\/a><\/p><\/blockquote>\n<p><iframe loading=\"lazy\" class=\"wp-embedded-content\" sandbox=\"allow-scripts\" security=\"restricted\" style=\"position: absolute; visibility: hidden;\" title=\"&#8220;Pick a bag!&#8221; &#8212; Seed\" src=\"https:\/\/seed.hu\/szolgaltatasok\/pick-a-bag\/embed\/#?secret=jV49aDN5ke#?secret=K4yLOz8qIa\" data-secret=\"K4yLOz8qIa\" width=\"500\" height=\"282\" frameborder=\"0\" marginwidth=\"0\" marginheight=\"0\" scrolling=\"no\"><\/iframe><\/p>\n<p>Egyedi k\u00e9rd\u00e9se van? Keressen minket a seed@seed.hu e-mail c\u00edmen!<\/p>\n","protected":false},"featured_media":0,"menu_order":0,"template":"","meta":{"_acf_changed":false},"class_list":["post-4571","hirek","type-hirek","status-publish","hentry"],"acf":[],"yoast_head":"<!-- This site is optimized with the Yoast SEO plugin v27.4 - https:\/\/yoast.com\/product\/yoast-seo-wordpress\/ -->\n<title>Eur\u00f3pai d\u00edjat nyert a Szem\u00e9lyes V\u00e1llalkoz\u00f3i Mentorprogram - Seed<\/title>\n<meta name=\"robots\" content=\"index, follow, max-snippet:-1, max-image-preview:large, max-video-preview:-1\" \/>\n<link rel=\"canonical\" href=\"https:\/\/seed.hu\/hirek\/europai-dijat-nyert-a-szemelyes-vallalkozoi-mentorprogram\/\" \/>\n<meta property=\"og:locale\" content=\"en_US\" \/>\n<meta property=\"og:type\" content=\"article\" \/>\n<meta property=\"og:title\" content=\"Eur\u00f3pai d\u00edjat nyert a Szem\u00e9lyes V\u00e1llalkoz\u00f3i Mentorprogram - Seed\" \/>\n<meta property=\"og:description\" content=\"B\u00fcszk\u00e9n tessz\u00fck k\u00f6zz\u00e9, hogy a mai napon az Eur\u00f3pai V\u00e1llalkoz\u00e1sfejleszt\u00e9si D\u00edj \u201eV\u00e1llalkoz\u00f3i ismeretek n\u00f6vel\u00e9se\u201d kateg\u00f3ria nyertese lett \u00e9s ezzel a nemzetk\u00f6zi fordul\u00f3ba tov\u00e1bbjutott 2 program egyikek\u00e9nt ismerte el a Nemzetgazdas\u00e1gi Miniszt\u00e9rium a Szem\u00e9lyes V\u00e1llalkoz\u00f3i Mentorprogramot. A program a 2012-ben a CIP keret\u00e9ben pilotk\u00e9nt ind\u00edtott Mentor-Net programra \u00e9p\u00edtve a GINOP-1.1.2 Orsz\u00e1gos V\u00e1llalkoz\u00f3i Mentorprogram alprojektjek\u00e9nt val\u00f3sult meg [&hellip;]\" \/>\n<meta property=\"og:url\" content=\"https:\/\/seed.hu\/hirek\/europai-dijat-nyert-a-szemelyes-vallalkozoi-mentorprogram\/\" \/>\n<meta property=\"og:site_name\" content=\"Seed\" \/>\n<meta property=\"og:image\" content=\"https:\/\/seed.hu\/wp-content\/uploads\/2024\/07\/SEED_DIJ_240702_EEPA-1024x768.jpg\" \/>\n<meta name=\"twitter:card\" content=\"summary_large_image\" \/>\n<meta name=\"twitter:label1\" content=\"Est. reading time\" \/>\n\t<meta name=\"twitter:data1\" content=\"2 minutes\" \/>\n<script type=\"application\/ld+json\" class=\"yoast-schema-graph\">{\"@context\":\"https:\\\/\\\/schema.org\",\"@graph\":[{\"@type\":\"WebPage\",\"@id\":\"https:\\\/\\\/seed.hu\\\/hirek\\\/europai-dijat-nyert-a-szemelyes-vallalkozoi-mentorprogram\\\/\",\"url\":\"https:\\\/\\\/seed.hu\\\/hirek\\\/europai-dijat-nyert-a-szemelyes-vallalkozoi-mentorprogram\\\/\",\"name\":\"Eur\u00f3pai d\u00edjat nyert a Szem\u00e9lyes V\u00e1llalkoz\u00f3i Mentorprogram - Seed\",\"isPartOf\":{\"@id\":\"https:\\\/\\\/seed.hu\\\/#website\"},\"primaryImageOfPage\":{\"@id\":\"https:\\\/\\\/seed.hu\\\/hirek\\\/europai-dijat-nyert-a-szemelyes-vallalkozoi-mentorprogram\\\/#primaryimage\"},\"image\":{\"@id\":\"https:\\\/\\\/seed.hu\\\/hirek\\\/europai-dijat-nyert-a-szemelyes-vallalkozoi-mentorprogram\\\/#primaryimage\"},\"thumbnailUrl\":\"https:\\\/\\\/seed.hu\\\/wp-content\\\/uploads\\\/2024\\\/07\\\/SEED_DIJ_240702_EEPA-1024x768.jpg\",\"datePublished\":\"2024-07-02T22:33:01+00:00\",\"breadcrumb\":{\"@id\":\"https:\\\/\\\/seed.hu\\\/hirek\\\/europai-dijat-nyert-a-szemelyes-vallalkozoi-mentorprogram\\\/#breadcrumb\"},\"inLanguage\":\"en-US\",\"potentialAction\":[{\"@type\":\"ReadAction\",\"target\":[\"https:\\\/\\\/seed.hu\\\/hirek\\\/europai-dijat-nyert-a-szemelyes-vallalkozoi-mentorprogram\\\/\"]}]},{\"@type\":\"ImageObject\",\"inLanguage\":\"en-US\",\"@id\":\"https:\\\/\\\/seed.hu\\\/hirek\\\/europai-dijat-nyert-a-szemelyes-vallalkozoi-mentorprogram\\\/#primaryimage\",\"url\":\"https:\\\/\\\/seed.hu\\\/wp-content\\\/uploads\\\/2024\\\/07\\\/SEED_DIJ_240702_EEPA-1024x768.jpg\",\"contentUrl\":\"https:\\\/\\\/seed.hu\\\/wp-content\\\/uploads\\\/2024\\\/07\\\/SEED_DIJ_240702_EEPA-1024x768.jpg\"},{\"@type\":\"BreadcrumbList\",\"@id\":\"https:\\\/\\\/seed.hu\\\/hirek\\\/europai-dijat-nyert-a-szemelyes-vallalkozoi-mentorprogram\\\/#breadcrumb\",\"itemListElement\":[{\"@type\":\"ListItem\",\"position\":1,\"name\":\"H\u00edrek\",\"item\":\"https:\\\/\\\/seed.hu\\\/hirek\\\/\"},{\"@type\":\"ListItem\",\"position\":2,\"name\":\"Eur\u00f3pai d\u00edjat nyert a Szem\u00e9lyes V\u00e1llalkoz\u00f3i Mentorprogram\"}]},{\"@type\":\"WebSite\",\"@id\":\"https:\\\/\\\/seed.hu\\\/#website\",\"url\":\"https:\\\/\\\/seed.hu\\\/\",\"name\":\"Seed\",\"description\":\"\",\"potentialAction\":[{\"@type\":\"SearchAction\",\"target\":{\"@type\":\"EntryPoint\",\"urlTemplate\":\"https:\\\/\\\/seed.hu\\\/?s={search_term_string}\"},\"query-input\":{\"@type\":\"PropertyValueSpecification\",\"valueRequired\":true,\"valueName\":\"search_term_string\"}}],\"inLanguage\":\"en-US\"}]}<\/script>\n<!-- \/ Yoast SEO plugin. -->","yoast_head_json":{"title":"Eur\u00f3pai d\u00edjat nyert a Szem\u00e9lyes V\u00e1llalkoz\u00f3i Mentorprogram - Seed","robots":{"index":"index","follow":"follow","max-snippet":"max-snippet:-1","max-image-preview":"max-image-preview:large","max-video-preview":"max-video-preview:-1"},"canonical":"https:\/\/seed.hu\/hirek\/europai-dijat-nyert-a-szemelyes-vallalkozoi-mentorprogram\/","og_locale":"en_US","og_type":"article","og_title":"Eur\u00f3pai d\u00edjat nyert a Szem\u00e9lyes V\u00e1llalkoz\u00f3i Mentorprogram - Seed","og_description":"B\u00fcszk\u00e9n tessz\u00fck k\u00f6zz\u00e9, hogy a mai napon az Eur\u00f3pai V\u00e1llalkoz\u00e1sfejleszt\u00e9si D\u00edj \u201eV\u00e1llalkoz\u00f3i ismeretek n\u00f6vel\u00e9se\u201d kateg\u00f3ria nyertese lett \u00e9s ezzel a nemzetk\u00f6zi fordul\u00f3ba tov\u00e1bbjutott 2 program egyikek\u00e9nt ismerte el a Nemzetgazdas\u00e1gi Miniszt\u00e9rium a Szem\u00e9lyes V\u00e1llalkoz\u00f3i Mentorprogramot. A program a 2012-ben a CIP keret\u00e9ben pilotk\u00e9nt ind\u00edtott Mentor-Net programra \u00e9p\u00edtve a GINOP-1.1.2 Orsz\u00e1gos V\u00e1llalkoz\u00f3i Mentorprogram alprojektjek\u00e9nt val\u00f3sult meg [&hellip;]","og_url":"https:\/\/seed.hu\/hirek\/europai-dijat-nyert-a-szemelyes-vallalkozoi-mentorprogram\/","og_site_name":"Seed","og_image":[{"url":"https:\/\/seed.hu\/wp-content\/uploads\/2024\/07\/SEED_DIJ_240702_EEPA-1024x768.jpg","type":"","width":"","height":""}],"twitter_card":"summary_large_image","twitter_misc":{"Est. reading time":"2 minutes"},"schema":{"@context":"https:\/\/schema.org","@graph":[{"@type":"WebPage","@id":"https:\/\/seed.hu\/hirek\/europai-dijat-nyert-a-szemelyes-vallalkozoi-mentorprogram\/","url":"https:\/\/seed.hu\/hirek\/europai-dijat-nyert-a-szemelyes-vallalkozoi-mentorprogram\/","name":"Eur\u00f3pai d\u00edjat nyert a Szem\u00e9lyes V\u00e1llalkoz\u00f3i Mentorprogram - Seed","isPartOf":{"@id":"https:\/\/seed.hu\/#website"},"primaryImageOfPage":{"@id":"https:\/\/seed.hu\/hirek\/europai-dijat-nyert-a-szemelyes-vallalkozoi-mentorprogram\/#primaryimage"},"image":{"@id":"https:\/\/seed.hu\/hirek\/europai-dijat-nyert-a-szemelyes-vallalkozoi-mentorprogram\/#primaryimage"},"thumbnailUrl":"https:\/\/seed.hu\/wp-content\/uploads\/2024\/07\/SEED_DIJ_240702_EEPA-1024x768.jpg","datePublished":"2024-07-02T22:33:01+00:00","breadcrumb":{"@id":"https:\/\/seed.hu\/hirek\/europai-dijat-nyert-a-szemelyes-vallalkozoi-mentorprogram\/#breadcrumb"},"inLanguage":"en-US","potentialAction":[{"@type":"ReadAction","target":["https:\/\/seed.hu\/hirek\/europai-dijat-nyert-a-szemelyes-vallalkozoi-mentorprogram\/"]}]},{"@type":"ImageObject","inLanguage":"en-US","@id":"https:\/\/seed.hu\/hirek\/europai-dijat-nyert-a-szemelyes-vallalkozoi-mentorprogram\/#primaryimage","url":"https:\/\/seed.hu\/wp-content\/uploads\/2024\/07\/SEED_DIJ_240702_EEPA-1024x768.jpg","contentUrl":"https:\/\/seed.hu\/wp-content\/uploads\/2024\/07\/SEED_DIJ_240702_EEPA-1024x768.jpg"},{"@type":"BreadcrumbList","@id":"https:\/\/seed.hu\/hirek\/europai-dijat-nyert-a-szemelyes-vallalkozoi-mentorprogram\/#breadcrumb","itemListElement":[{"@type":"ListItem","position":1,"name":"H\u00edrek","item":"https:\/\/seed.hu\/hirek\/"},{"@type":"ListItem","position":2,"name":"Eur\u00f3pai d\u00edjat nyert a Szem\u00e9lyes V\u00e1llalkoz\u00f3i Mentorprogram"}]},{"@type":"WebSite","@id":"https:\/\/seed.hu\/#website","url":"https:\/\/seed.hu\/","name":"Seed","description":"","potentialAction":[{"@type":"SearchAction","target":{"@type":"EntryPoint","urlTemplate":"https:\/\/seed.hu\/?s={search_term_string}"},"query-input":{"@type":"PropertyValueSpecification","valueRequired":true,"valueName":"search_term_string"}}],"inLanguage":"en-US"}]}},"_links":{"self":[{"href":"https:\/\/seed.hu\/en\/wp-json\/wp\/v2\/hirek\/4571","targetHints":{"allow":["GET"]}}],"collection":[{"href":"https:\/\/seed.hu\/en\/wp-json\/wp\/v2\/hirek"}],"about":[{"href":"https:\/\/seed.hu\/en\/wp-json\/wp\/v2\/types\/hirek"}],"wp:attachment":[{"href":"https:\/\/seed.hu\/en\/wp-json\/wp\/v2\/media?parent=4571"}],"curies":[{"name":"wp","href":"https:\/\/api.w.org\/{rel}","templated":true}]}}