{"id":4627,"date":"2024-09-18T12:38:50","date_gmt":"2024-09-18T10:38:50","guid":{"rendered":"https:\/\/seed.hu\/?post_type=hirek&#038;p=4627"},"modified":"2024-09-18T12:38:50","modified_gmt":"2024-09-18T10:38:50","slug":"kiallitoi-helyek-kkv-knak-a-kkv-kozgyulesen","status":"publish","type":"hirek","link":"https:\/\/seed.hu\/en\/hirek\/kiallitoi-helyek-kkv-knak-a-kkv-kozgyulesen\/","title":{"rendered":"Ki\u00e1ll\u00edt\u00f3i helyek kkv-knak a KKV K\u00f6zgy\u0171l\u00e9sen"},"content":{"rendered":"<p>Jelentkez\u00e9si hat\u00e1rid\u0151: okt\u00f3ber 1.<\/p>\n<p>&nbsp;<\/p>\n<p>Az Eur\u00f3pai Bizotts\u00e1g \u00e9s az Eur\u00f3pai Uni\u00f3 Tan\u00e1cs\u00e1nak soros eln\u00f6ks\u00e9ge 2012 \u00f3ta minden \u00e9v november\u00e9ben k\u00f6z\u00f6sen szervezi meg az Eur\u00f3pai KKV K\u00f6zgy\u0171l\u00e9st. <strong>Az idei \u00e9vben a KKV K\u00f6zgy\u0171l\u00e9s h\u00e1zigazd\u00e1ja Magyarorsz\u00e1g, az esem\u00e9ny 2024. november 19-20. k\u00f6z\u00f6tt ker\u00fcl megrendez\u00e9sre. <\/strong>A KKV K\u00f6zgy\u0171l\u00e9s az eur\u00f3pai v\u00e1llalkoz\u00e1sfejleszt\u00e9s legfontosabb rendezv\u00e9nye, az aktu\u00e1lis kih\u00edv\u00e1sok, ir\u00e1nyok megt\u00e1rgyal\u00e1s\u00e1nak magas szint\u0171 politikai \u00e9s szakmai f\u00f3ruma.<\/p>\n<p>&nbsp;<\/p>\n<p>A Nemzetgazdas\u00e1gi Miniszt\u00e9rium KKV K\u00f6zgy\u0171l\u00e9s Szervez\u0151 Bizotts\u00e1ga<\/p>\n<p><strong>\u201eKKV K\u00f6zgy\u0171l\u00e9s 2024 &#8211; Ki\u00e1ll\u00edt\u00f3i Helyek Kis- \u00e9s K\u00f6z\u00e9pv\u00e1llalkoz\u00e1sok Sz\u00e1m\u00e1ra\u201d <\/strong><\/p>\n<p>c\u00edmmel p\u00e1ly\u00e1zati felh\u00edv\u00e1st tesz k\u00f6zz\u00e9 kis-\u00e9s k\u00f6z\u00e9pv\u00e1llalkoz\u00e1sok sz\u00e1m\u00e1ra a 2024-es KKV K\u00f6zgy\u0171l\u00e9sen val\u00f3 ki\u00e1ll\u00edt\u00f3i helyek elnyer\u00e9s\u00e9re.<\/p>\n<p>&nbsp;<\/p>\n<p>C\u00e9ljuk, hogy a rendezv\u00e9nyen egy ki\u00e1ll\u00edt\u00e1s keret\u00e9ben bemutass\u00e1k azokat a hazai v\u00e1llalkoz\u00e1sokat, amelyeknek term\u00e9ke vagy szolg\u00e1ltat\u00e1sa a j\u00f6v\u0151 technol\u00f3gi\u00e1ra, vagy a fenntarthat\u00f3s\u00e1gra \u00e9p\u00fcl\u0151 megold\u00e1sokat alkalmaz, \u00edgy ismerts\u00e9g\u00fck n\u00f6vekedhet, szakmai egy\u00fcttm\u0171k\u00f6d\u00e9seket alak\u00edthatnak ki.<\/p>\n<p>&nbsp;<\/p>\n<p>A p\u00e1ly\u00e1zathoz az al\u00e1bbi dokumentumok beny\u00fajt\u00e1sa sz\u00fcks\u00e9ges:<\/p>\n<ul>\n<li>A mell\u00e9kelt KKV expo sablon teljes k\u00f6r\u0171 kit\u00f6lt\u00e9se (ennek r\u00e9sze a Felh\u00edv\u00e1sban szerepl\u0151 ki\u00e1ll\u00edt\u00e1si terv \u00e9s a nyilatkozat is)<\/li>\n<li>C\u00e9gkivonat,<\/li>\n<li>Alap\u00edt\u00f3i okirat.<\/li>\n<\/ul>\n<p>&nbsp;<\/p>\n<p>A p\u00e1ly\u00e1zatokat 2024. okt\u00f3ber 1-ig a <a href=\"mailto:sikereskkv@ngm.gov.hu\" target=\"_blank\" rel=\"noopener\">sikereskkv@ngm.gov.hu<\/a> e-mail c\u00edmre v\u00e1rj\u00e1k.<\/p>\n<p><a href=\"https:\/\/seed.hu\/wp-content\/uploads\/2024\/09\/KKV-Kozgyules-expo-palyazat.pdf\">KKV K\u00f6zgy\u0171l\u00e9s expo p\u00e1ly\u00e1zat<\/a><\/p>\n<p><a href=\"https:\/\/seed.hu\/wp-content\/uploads\/2024\/09\/KKV-Kozgyules-expo-sablon.docx\">KKV K\u00f6zgy\u0171l\u00e9s expo sablon<\/a><\/p>\n<p><a href=\"https:\/\/seed.hu\/wp-content\/uploads\/2024\/09\/Adatvedelmi-tajekoztato_kkv-kozgyules-expo-palyazat.pdf\">Adatv\u00e9delmi t\u00e1j\u00e9koztat\u00f3_kkv k\u00f6zgy\u0171l\u00e9s expo p\u00e1ly\u00e1zat<\/a><\/p>\n<p>&nbsp;<\/p>\n","protected":false},"featured_media":4628,"menu_order":0,"template":"","meta":{"_acf_changed":false},"class_list":["post-4627","hirek","type-hirek","status-publish","has-post-thumbnail","hentry"],"acf":[],"yoast_head":"<!-- This site is optimized with the Yoast SEO plugin v27.4 - https:\/\/yoast.com\/product\/yoast-seo-wordpress\/ -->\n<title>Ki\u00e1ll\u00edt\u00f3i helyek kkv-knak a KKV K\u00f6zgy\u0171l\u00e9sen - Seed<\/title>\n<meta name=\"robots\" content=\"index, follow, max-snippet:-1, max-image-preview:large, max-video-preview:-1\" \/>\n<link rel=\"canonical\" href=\"https:\/\/seed.hu\/hirek\/kiallitoi-helyek-kkv-knak-a-kkv-kozgyulesen\/\" \/>\n<meta property=\"og:locale\" content=\"en_US\" \/>\n<meta property=\"og:type\" content=\"article\" \/>\n<meta property=\"og:title\" content=\"Ki\u00e1ll\u00edt\u00f3i helyek kkv-knak a KKV K\u00f6zgy\u0171l\u00e9sen - Seed\" \/>\n<meta property=\"og:description\" content=\"Jelentkez\u00e9si hat\u00e1rid\u0151: okt\u00f3ber 1. &nbsp; Az Eur\u00f3pai Bizotts\u00e1g \u00e9s az Eur\u00f3pai Uni\u00f3 Tan\u00e1cs\u00e1nak soros eln\u00f6ks\u00e9ge 2012 \u00f3ta minden \u00e9v november\u00e9ben k\u00f6z\u00f6sen szervezi meg az Eur\u00f3pai KKV K\u00f6zgy\u0171l\u00e9st. Az idei \u00e9vben a KKV K\u00f6zgy\u0171l\u00e9s h\u00e1zigazd\u00e1ja Magyarorsz\u00e1g, az esem\u00e9ny 2024. november 19-20. k\u00f6z\u00f6tt ker\u00fcl megrendez\u00e9sre. A KKV K\u00f6zgy\u0171l\u00e9s az eur\u00f3pai v\u00e1llalkoz\u00e1sfejleszt\u00e9s legfontosabb rendezv\u00e9nye, az aktu\u00e1lis kih\u00edv\u00e1sok, ir\u00e1nyok [&hellip;]\" \/>\n<meta property=\"og:url\" content=\"https:\/\/seed.hu\/hirek\/kiallitoi-helyek-kkv-knak-a-kkv-kozgyulesen\/\" \/>\n<meta property=\"og:site_name\" content=\"Seed\" \/>\n<meta property=\"og:image\" content=\"https:\/\/seed.hu\/wp-content\/uploads\/2024\/09\/SME_Ass_szerkesztett-1.jpg\" \/>\n\t<meta property=\"og:image:width\" content=\"357\" \/>\n\t<meta property=\"og:image:height\" content=\"326\" \/>\n\t<meta property=\"og:image:type\" content=\"image\/jpeg\" \/>\n<meta name=\"twitter:card\" content=\"summary_large_image\" \/>\n<meta name=\"twitter:label1\" content=\"Est. reading time\" \/>\n\t<meta name=\"twitter:data1\" content=\"2 minutes\" \/>\n<script type=\"application\/ld+json\" class=\"yoast-schema-graph\">{\"@context\":\"https:\\\/\\\/schema.org\",\"@graph\":[{\"@type\":\"WebPage\",\"@id\":\"https:\\\/\\\/seed.hu\\\/hirek\\\/kiallitoi-helyek-kkv-knak-a-kkv-kozgyulesen\\\/\",\"url\":\"https:\\\/\\\/seed.hu\\\/hirek\\\/kiallitoi-helyek-kkv-knak-a-kkv-kozgyulesen\\\/\",\"name\":\"Ki\u00e1ll\u00edt\u00f3i helyek kkv-knak a KKV K\u00f6zgy\u0171l\u00e9sen - Seed\",\"isPartOf\":{\"@id\":\"https:\\\/\\\/seed.hu\\\/#website\"},\"primaryImageOfPage\":{\"@id\":\"https:\\\/\\\/seed.hu\\\/hirek\\\/kiallitoi-helyek-kkv-knak-a-kkv-kozgyulesen\\\/#primaryimage\"},\"image\":{\"@id\":\"https:\\\/\\\/seed.hu\\\/hirek\\\/kiallitoi-helyek-kkv-knak-a-kkv-kozgyulesen\\\/#primaryimage\"},\"thumbnailUrl\":\"https:\\\/\\\/seed.hu\\\/wp-content\\\/uploads\\\/2024\\\/09\\\/SME_Ass_szerkesztett-1.jpg\",\"datePublished\":\"2024-09-18T10:38:50+00:00\",\"breadcrumb\":{\"@id\":\"https:\\\/\\\/seed.hu\\\/hirek\\\/kiallitoi-helyek-kkv-knak-a-kkv-kozgyulesen\\\/#breadcrumb\"},\"inLanguage\":\"en-US\",\"potentialAction\":[{\"@type\":\"ReadAction\",\"target\":[\"https:\\\/\\\/seed.hu\\\/hirek\\\/kiallitoi-helyek-kkv-knak-a-kkv-kozgyulesen\\\/\"]}]},{\"@type\":\"ImageObject\",\"inLanguage\":\"en-US\",\"@id\":\"https:\\\/\\\/seed.hu\\\/hirek\\\/kiallitoi-helyek-kkv-knak-a-kkv-kozgyulesen\\\/#primaryimage\",\"url\":\"https:\\\/\\\/seed.hu\\\/wp-content\\\/uploads\\\/2024\\\/09\\\/SME_Ass_szerkesztett-1.jpg\",\"contentUrl\":\"https:\\\/\\\/seed.hu\\\/wp-content\\\/uploads\\\/2024\\\/09\\\/SME_Ass_szerkesztett-1.jpg\",\"width\":357,\"height\":326},{\"@type\":\"BreadcrumbList\",\"@id\":\"https:\\\/\\\/seed.hu\\\/hirek\\\/kiallitoi-helyek-kkv-knak-a-kkv-kozgyulesen\\\/#breadcrumb\",\"itemListElement\":[{\"@type\":\"ListItem\",\"position\":1,\"name\":\"H\u00edrek\",\"item\":\"https:\\\/\\\/seed.hu\\\/hirek\\\/\"},{\"@type\":\"ListItem\",\"position\":2,\"name\":\"Ki\u00e1ll\u00edt\u00f3i helyek kkv-knak a KKV K\u00f6zgy\u0171l\u00e9sen\"}]},{\"@type\":\"WebSite\",\"@id\":\"https:\\\/\\\/seed.hu\\\/#website\",\"url\":\"https:\\\/\\\/seed.hu\\\/\",\"name\":\"Seed\",\"description\":\"\",\"potentialAction\":[{\"@type\":\"SearchAction\",\"target\":{\"@type\":\"EntryPoint\",\"urlTemplate\":\"https:\\\/\\\/seed.hu\\\/?s={search_term_string}\"},\"query-input\":{\"@type\":\"PropertyValueSpecification\",\"valueRequired\":true,\"valueName\":\"search_term_string\"}}],\"inLanguage\":\"en-US\"}]}<\/script>\n<!-- \/ Yoast SEO plugin. -->","yoast_head_json":{"title":"Ki\u00e1ll\u00edt\u00f3i helyek kkv-knak a KKV K\u00f6zgy\u0171l\u00e9sen - Seed","robots":{"index":"index","follow":"follow","max-snippet":"max-snippet:-1","max-image-preview":"max-image-preview:large","max-video-preview":"max-video-preview:-1"},"canonical":"https:\/\/seed.hu\/hirek\/kiallitoi-helyek-kkv-knak-a-kkv-kozgyulesen\/","og_locale":"en_US","og_type":"article","og_title":"Ki\u00e1ll\u00edt\u00f3i helyek kkv-knak a KKV K\u00f6zgy\u0171l\u00e9sen - Seed","og_description":"Jelentkez\u00e9si hat\u00e1rid\u0151: okt\u00f3ber 1. &nbsp; Az Eur\u00f3pai Bizotts\u00e1g \u00e9s az Eur\u00f3pai Uni\u00f3 Tan\u00e1cs\u00e1nak soros eln\u00f6ks\u00e9ge 2012 \u00f3ta minden \u00e9v november\u00e9ben k\u00f6z\u00f6sen szervezi meg az Eur\u00f3pai KKV K\u00f6zgy\u0171l\u00e9st. Az idei \u00e9vben a KKV K\u00f6zgy\u0171l\u00e9s h\u00e1zigazd\u00e1ja Magyarorsz\u00e1g, az esem\u00e9ny 2024. november 19-20. k\u00f6z\u00f6tt ker\u00fcl megrendez\u00e9sre. A KKV K\u00f6zgy\u0171l\u00e9s az eur\u00f3pai v\u00e1llalkoz\u00e1sfejleszt\u00e9s legfontosabb rendezv\u00e9nye, az aktu\u00e1lis kih\u00edv\u00e1sok, ir\u00e1nyok [&hellip;]","og_url":"https:\/\/seed.hu\/hirek\/kiallitoi-helyek-kkv-knak-a-kkv-kozgyulesen\/","og_site_name":"Seed","og_image":[{"width":357,"height":326,"url":"https:\/\/seed.hu\/wp-content\/uploads\/2024\/09\/SME_Ass_szerkesztett-1.jpg","type":"image\/jpeg"}],"twitter_card":"summary_large_image","twitter_misc":{"Est. reading time":"2 minutes"},"schema":{"@context":"https:\/\/schema.org","@graph":[{"@type":"WebPage","@id":"https:\/\/seed.hu\/hirek\/kiallitoi-helyek-kkv-knak-a-kkv-kozgyulesen\/","url":"https:\/\/seed.hu\/hirek\/kiallitoi-helyek-kkv-knak-a-kkv-kozgyulesen\/","name":"Ki\u00e1ll\u00edt\u00f3i helyek kkv-knak a KKV K\u00f6zgy\u0171l\u00e9sen - Seed","isPartOf":{"@id":"https:\/\/seed.hu\/#website"},"primaryImageOfPage":{"@id":"https:\/\/seed.hu\/hirek\/kiallitoi-helyek-kkv-knak-a-kkv-kozgyulesen\/#primaryimage"},"image":{"@id":"https:\/\/seed.hu\/hirek\/kiallitoi-helyek-kkv-knak-a-kkv-kozgyulesen\/#primaryimage"},"thumbnailUrl":"https:\/\/seed.hu\/wp-content\/uploads\/2024\/09\/SME_Ass_szerkesztett-1.jpg","datePublished":"2024-09-18T10:38:50+00:00","breadcrumb":{"@id":"https:\/\/seed.hu\/hirek\/kiallitoi-helyek-kkv-knak-a-kkv-kozgyulesen\/#breadcrumb"},"inLanguage":"en-US","potentialAction":[{"@type":"ReadAction","target":["https:\/\/seed.hu\/hirek\/kiallitoi-helyek-kkv-knak-a-kkv-kozgyulesen\/"]}]},{"@type":"ImageObject","inLanguage":"en-US","@id":"https:\/\/seed.hu\/hirek\/kiallitoi-helyek-kkv-knak-a-kkv-kozgyulesen\/#primaryimage","url":"https:\/\/seed.hu\/wp-content\/uploads\/2024\/09\/SME_Ass_szerkesztett-1.jpg","contentUrl":"https:\/\/seed.hu\/wp-content\/uploads\/2024\/09\/SME_Ass_szerkesztett-1.jpg","width":357,"height":326},{"@type":"BreadcrumbList","@id":"https:\/\/seed.hu\/hirek\/kiallitoi-helyek-kkv-knak-a-kkv-kozgyulesen\/#breadcrumb","itemListElement":[{"@type":"ListItem","position":1,"name":"H\u00edrek","item":"https:\/\/seed.hu\/hirek\/"},{"@type":"ListItem","position":2,"name":"Ki\u00e1ll\u00edt\u00f3i helyek kkv-knak a KKV K\u00f6zgy\u0171l\u00e9sen"}]},{"@type":"WebSite","@id":"https:\/\/seed.hu\/#website","url":"https:\/\/seed.hu\/","name":"Seed","description":"","potentialAction":[{"@type":"SearchAction","target":{"@type":"EntryPoint","urlTemplate":"https:\/\/seed.hu\/?s={search_term_string}"},"query-input":{"@type":"PropertyValueSpecification","valueRequired":true,"valueName":"search_term_string"}}],"inLanguage":"en-US"}]}},"_links":{"self":[{"href":"https:\/\/seed.hu\/en\/wp-json\/wp\/v2\/hirek\/4627","targetHints":{"allow":["GET"]}}],"collection":[{"href":"https:\/\/seed.hu\/en\/wp-json\/wp\/v2\/hirek"}],"about":[{"href":"https:\/\/seed.hu\/en\/wp-json\/wp\/v2\/types\/hirek"}],"wp:featuredmedia":[{"embeddable":true,"href":"https:\/\/seed.hu\/en\/wp-json\/wp\/v2\/media\/4628"}],"wp:attachment":[{"href":"https:\/\/seed.hu\/en\/wp-json\/wp\/v2\/media?parent=4627"}],"curies":[{"name":"wp","href":"https:\/\/api.w.org\/{rel}","templated":true}]}}