{"id":4699,"date":"2024-10-18T10:02:22","date_gmt":"2024-10-18T08:02:22","guid":{"rendered":"https:\/\/seed.hu\/?post_type=hirek&#038;p=4699"},"modified":"2024-12-11T23:42:32","modified_gmt":"2024-12-11T22:42:32","slug":"5-eve-dijazzak-a-van-egy-jo-torteneted-palyazaton-a-noi-vallalkozokat-es-noi-vezetoket","status":"publish","type":"hirek","link":"https:\/\/seed.hu\/en\/hirek\/5-eve-dijazzak-a-van-egy-jo-torteneted-palyazaton-a-noi-vallalkozokat-es-noi-vezetoket\/","title":{"rendered":"5. \u00e9ve d\u00edjazz\u00e1k a Van egy j\u00f3 t\u00f6rt\u00e9neted? p\u00e1ly\u00e1zaton a n\u0151i v\u00e1llalkoz\u00f3kat \u00e9s n\u0151i vezet\u0151ket"},"content":{"rendered":"<p><strong>M\u00e1rcius 15-\u00e9n ind\u00edtotta \u00fatj\u00e1ra a SEED Alap\u00edtv\u00e1ny \u00e9s a PWA Sikeres N\u0151k Egyes\u00fclete a 2023. \u00e9v n\u0151i sikersztorijait keres\u0151 Van egy j\u00f3 t\u00f6rt\u00e9neted? c\u00edm\u0171 p\u00e1ly\u00e1zatot, melynek id\u00e9n f\u0151t\u00e1mogat\u00f3ja a VOSZ V\u00e1llalkoz\u00f3k \u00e9s Munk\u00e1ltat\u00f3k Orsz\u00e1gos Sz\u00f6vets\u00e9ge volt. <\/strong><\/p>\n<p><strong>A n\u0151i v\u00e1llalkoz\u00f3k \u00e9s n\u0151i vezet\u0151k nehezebben \u00e1llnak ki \u00e9s mutatj\u00e1k meg el\u00e9rt sikereiket a nagyk\u00f6z\u00f6ns\u00e9g sz\u00e1m\u00e1ra, ink\u00e1bb teszik a dolgukat \u00e9s persze \u00f6r\u00fclnek, ha pozit\u00edv visszajelz\u00e9st kapnak arr\u00f3l. Ennek a p\u00e1ly\u00e1zatnak \u00e9ppen ez a c\u00e9lja, b\u00e1tor\u00edtani a gazdas\u00e1gi szerepet v\u00e1llal\u00f3 n\u0151ket arra, hogy merj\u00e9k \u00e9szrevenni \u00e9s a kirakatba tenni azokat az eredm\u00e9nyeket, amiket el\u00e9rtek, mert ez m\u00e1s n\u0151i \u2013 \u00e9s f\u00e9rfi \u2013 v\u00e1llalkoz\u00f3 \u00e9s vezet\u0151 t\u00e1rsaiknak is inspir\u00e1l\u00f3an hat. <\/strong><\/p>\n<p><strong>A p\u00e1ly\u00e1zat mott\u00f3ja: Sikeres n\u0151k n\u00e9lk\u00fcl nincs sikeres t\u00e1rsadalom<\/strong><\/p>\n<p><strong>\u00a0<\/strong><\/p>\n<p><strong>Az \u00fcnnep\u00e9lyes d\u00edj\u00e1tad\u00f3ra okt\u00f3ber 16-\u00e1n ker\u00fclt sor a K Gal\u00e9ri\u00e1ban, ahol az \u00fcnnep\u00e9lyes hangulatr\u00f3l a Delta Produkci\u00f3iroda Kft. j\u00f3volt\u00e1b\u00f3l K\u00e1r\u00e1sz Eszter \u00c9dith Piaf <\/strong>eml\u00e9k\u00e9t id\u00e9z\u0151 francia sanzonestje gondoskodott Wagner-Pusk\u00e1s P\u00e9ter zongorak\u00eds\u00e9ret\u00e9ben.<\/p>\n<p>&nbsp;<\/p>\n<p>A 15 p\u00e1ly\u00e1z\u00f3 h\u00f6lgyet p\u00e1rjaik, s\u0151t gyermekeik is elk\u00eds\u00e9rt\u00e9k a rendezv\u00e9nyre, ami k\u00fcl\u00f6n\u00f6sen \u00e9rt\u00e9kes, hiszen a t\u00e1mogat\u00f3 h\u00e1tt\u00e9r n\u00e9lk\u00fcl neh\u00e9z megk\u00fczdeni a vezet\u0151i, v\u00e1llalkoz\u00f3i l\u00e9t nehezebb napjaival.<\/p>\n<p>A rendezv\u00e9nyen k\u00f6sz\u00f6nthett\u00fck a Csal\u00e1dbar\u00e1t Magyarorsz\u00e1g K\u00f6zpont \u00fcgyvezet\u0151j\u00e9t, Bartos Andre\u00e1t \u00e9s Annus G\u00e1bor, szakmai vezet\u0151t.<\/p>\n<p>Az esem\u00e9ny h\u00e1ziasszonya Lakatosn\u00e9 Luk\u00e1cs Zsuzsanna, a SEED Alap\u00edtv\u00e1ny \u00fcgyvezet\u0151 igazgat\u00f3ja volt, aki elmondta, hogy minden egyes beadott p\u00e1ly\u00e1zat m\u00e1r \u00f6nmag\u00e1ban egy nagy \u00e9rt\u00e9k, hiszen ez azt mutatja, hogy b\u00e1tran v\u00e1llalt\u00e1k fel t\u00f6rt\u00e9neteiket a p\u00e1ly\u00e1z\u00f3k, hogy ezzel ne csak magunknak vessenek sz\u00e1mot \u00e9s \u00e9rt\u00e9kelj\u00e9k az el\u00e9rt eredm\u00e9nyeiket, de m\u00e1sokat is \u00f6szt\u00f6n\u00f6zzenek ugyanerre.<\/p>\n<p>A d\u00edj\u00e1tad\u00f3t Nagy Brigitta, a VOSZ \u00fcgyvezet\u0151je nyitotta meg k\u00f6sz\u00f6nt\u0151j\u00e9vel, aki a The Body Shop alap\u00edt\u00f3j\u00e1nak p\u00e9ld\u00e1j\u00e1n kereszt\u00fcl is arra vil\u00e1g\u00edtott r\u00e1, hogy \u00e9rdemes kitartani az \u00f6tlet\u00fcnk mellett \u00e9s hinni a megval\u00f3s\u00edt\u00e1s\u00e1ban m\u00e9g akkor, ha m\u00e1sok sz\u00e1m\u00e1ra el\u00e9rhetetlennek t\u0171nik annak megval\u00f3s\u00edt\u00e1sa.<\/p>\n<p>Katona Melinda, a PWA Sikeres N\u0151k Egyes\u00fclet\u00e9nek eln\u00f6ke arr\u00f3l is besz\u00e9lt, hogy a b\u00e1tors\u00e1gnak alapot a tudatoss\u00e1gra is felh\u00edvta a figyelmet, valamint arra, hogy n\u0151i \u00e9s a f\u00e9rfi partners\u00e9g \u00e9s egy\u00fcttm\u0171k\u00f6d\u00e9s, az hogy t\u00e1mogatj\u00e1k \u00e9s inspir\u00e1lj\u00e1k egym\u00e1st a mindennapokban, a soksz\u00edn\u0171 gondolkod\u00e1s \u00e9pp\u00fagy a siker alkot\u00f3eleme.<\/p>\n<p>Gl\u00e1ser Tam\u00e1s, a SEED Alap\u00edtv\u00e1ny kurat\u00f3riumi eln\u00f6ke z\u00e1rt a k\u00f6sz\u00f6nt\u0151k sor\u00e1t, aki kiemelt, hogy nagyon sz\u00e9p \u00e9s tartalmas p\u00e1ly\u00e1zatok \u00e9rkeztek, a zs\u0171rinek nem volt k\u00f6nny\u0171 dolga a v\u00e1laszt\u00e1sban. Gratul\u00e1lt minden r\u00e9sztvev\u0151 h\u00f6lgynek a sikereikhez.<\/p>\n<ol start=\"2023\">\n<li><strong> \u00e9v n\u0151i sikert\u00f6rt\u00e9netei: <\/strong><\/li>\n<\/ol>\n<p><strong>A leginspir\u00e1l\u00f3bb sikert\u00f6rt\u00e9net, amelyet a k\u00f6z\u00f6ns\u00e9g \u00edt\u00e9l oda a szavaz\u00e1s sor\u00e1n: Anita Ipsits, Szafi Products Kft. <\/strong><\/p>\n<p>Sikert\u00f6rt\u00e9net\u00e9nek c\u00edme: K\u00f6z\u00f6s utunk a min\u0151s\u00e9g fel\u00e9<\/p>\n<p>A d\u00edjat <strong>Utasi Melinda, a N\u0151k a Neten, 2022. \u00e9v N\u0151i v\u00e1llalkoz\u00e1sa k\u00e9pvisel\u0151je<\/strong> adta \u00e1t, aki elmondta, hogy sz\u00e1m\u00e1ra a p\u00e1ly\u00e1zat sz\u00e1mos pozit\u00edv visszajelz\u00e9st, meger\u0151s\u00edt\u00e9st hozott, m\u00edg a p\u00e1ly\u00e1zat meg\u00edr\u00e1sa arra k\u00e9sztette a N\u0151k a Neten csapat\u00e1t, hogy \u00e1tgondolj\u00e1k \u00e9s \u00e9rt\u00e9kelj\u00e9k az el\u00e9rt eredm\u00e9nyeiket.<\/p>\n<p><strong>Az \u00c9V N\u0150I VEZET\u0150JE 2023-ban: Zelend Nikolett, az SNI Suli tulajdonos alap\u00edt\u00f3ja.<\/strong><\/p>\n<p>Sikert\u00f6rt\u00e9net\u00e9nek c\u00edme: SNI Suli &#8211; Ahol a speci\u00e1lis norm\u00e1lis<\/p>\n<p>Nikolett elmond\u00e1sa szerint b\u00e1r sok szerepben helyt\u00e1ll, \u00e9lre \u00e1ll, m\u00e9gis meglep\u0151d\u00f6tt, hogy ezt a d\u00edjat most \u0151 kapja, amire <strong>a d\u00edjat \u00e1tad\u00f3 Katona Melinda azzal \u00e9rvelt<\/strong>, ami minden n\u0151 sz\u00e1m\u00e1ra remek v\u00e1lasz: vajon h\u00e1ny szerepben kell m\u00e9g a meger\u0151s\u00edt\u00e9s ahhoz, hogy a h\u00f6lgyek a v\u00e1llalkoz\u00e1sokban is kiv\u00e1l\u00f3 vezet\u0151k, hiszen ugyanazokat a k\u00e9pess\u00e9geket haszn\u00e1lj\u00e1k, mint az \u00e9let m\u00e1s ter\u00fcletein.<\/p>\n<p><strong>Az \u00c9V N\u0150I V\u00c1LLALKOZ\u00d3JA 2023-ban: Feny\u0151 Rita, az Alfa Tanul\u00f3klub alap\u00edt\u00f3ja \u00e9s vezet\u0151je.<\/strong><\/p>\n<p>Sikert\u00f6rt\u00e9net\u00e9nek c\u00edme: Vissza az iskolapadba: Az Alfa Tanul\u00f3klub sz\u00fclet\u00e9se \u00e9s sikere<\/p>\n<p>A <strong>d\u00edjat Gl\u00e1ser Tam\u00e1s adta \u00e1t<\/strong>, aki k\u00fcl\u00f6n\u00f6sen kiemelte a tudatos fejl\u0151d\u00e9s fontoss\u00e1g\u00e1t a v\u00e1llalkoz\u00f3i elk\u00f6telez\u0151d\u00e9s mellett, amire Feny\u0151 Rita v\u00e1llalkoz\u00f3i p\u00e1lyafut\u00e1sa egy kiv\u00e1l\u00f3 p\u00e9lda mindenki sz\u00e1m\u00e1ra.<\/p>\n<p><strong>A zs\u0171ri az \u00e9v INNOV\u00c1CI\u00d3JA k\u00fcl\u00f6nd\u00edj\u00e1t kapta: dr. Somogyi Patr\u00edcia, a home staging hazai meghonos\u00edt\u00f3ja, az MSP Home Staging komplex m\u00f3dszertan\u00e1nak kidolgoz\u00f3ja.<\/strong><\/p>\n<p>Sikert\u00f6rt\u00e9net\u00e9nek c\u00edme: Egy \u00faj szakma bevezet\u00e9se Magyarorsz\u00e1gon \u00e9s annak meghonos\u00edt\u00e1sa<\/p>\n<p>A <strong>d\u00edjat Gl\u00e1ser-Katona Zsuzsanna, a VOSZ N\u0151i V\u00e1llalkoz\u00f3i Szekci\u00f3 t\u00e1rseln\u00f6ke adta \u00e1t<\/strong>, aki elmondta, hogy a N\u0151i V\u00e1llalkoz\u00f3i Szekci\u00f3 orsz\u00e1gosan fel\u00e9p\u00fcl\u0151 h\u00e1l\u00f3zat\u00e1ban is fontos az innovat\u00edv n\u0151i v\u00e1llalkoz\u00f3k jelenl\u00e9te \u00e9s megmutatkoz\u00e1sa. Somogyi Patr\u00edci\u00e1t egyben felk\u00e9rte, hogy a Techxpo rendezv\u00e9nyen mutassa be innovat\u00edv m\u00f3dszertan\u00e1t a k\u00f6z\u00f6ns\u00e9gnek.<\/p>\n<p><strong>Az \u00e9v k\u00fcl\u00f6nd\u00edjas n\u0151i v\u00e1llalkoz\u00f3ja a fenntarthat\u00f3s\u00e1g jegy\u00e9ben: Nagy J\u00falia, InnoTime Hungary Kft.<\/strong><\/p>\n<p>Sikert\u00f6rt\u00e9net\u00e9nek c\u00edme: Az irodalomt\u00f6rt\u00e9nett\u0151l a fenntarthat\u00f3 turizmus fejleszt\u00e9s\u00e9ig<\/p>\n<p><strong>Nagy J\u00falia, \u00e9ppen a v\u00e1llalkoz\u00e1sa miatt egy k\u00fclf\u00f6ldi konferenci\u00e1n tart\u00f3zkodott a d\u00edj\u00e1tad\u00f3 alkalm\u00e1val, \u00edgy a sz\u00e1m\u00e1ra k\u00e9s\u0151bb ker\u00fcl az oklev\u00e9l \u00e1tad\u00e1sra. <\/strong><\/p>\n<p><strong>\u00a0<\/strong><\/p>\n<p>A d\u00edjazott h\u00f6lgyek a SEED Alap\u00edtv\u00e1ny \u00e1ltal biztos\u00edtott v\u00e1llalkoz\u00f3i kompetencia-m\u00e9r\u00e9s\u00e9ben vehetnek r\u00e9szt d\u00edjmentesen, a PWA pedig egy \u00e9ves PWA tags\u00e1got \u00e9s r\u00e9szv\u00e9teli lehet\u0151s\u00e9get biztos\u00edtott a mentorprogramj\u00e1ban.<\/p>\n<p>&nbsp;<\/p>\n<div class=\"x11i5rnm xat24cr x1mh8g0r x1vvkbs xtlvy1s x126k92a\">\n<div dir=\"auto\">Gratul\u00e1lunk a nyerteseknek \u00e9s valamennyi p\u00e1ly\u00e1z\u00f3nak!<\/div>\n<div dir=\"auto\">V\u00e1rakoz\u00e1ssal tekint\u00fcnk a 2024-es \u00e9v n\u0151i sikert\u00f6rt\u00e9netei el\u00e9!<\/div>\n<\/div>\n","protected":false},"featured_media":4705,"menu_order":0,"template":"","meta":{"_acf_changed":false},"class_list":["post-4699","hirek","type-hirek","status-publish","has-post-thumbnail","hentry"],"acf":[],"yoast_head":"<!-- This site is optimized with the Yoast SEO plugin v27.4 - https:\/\/yoast.com\/product\/yoast-seo-wordpress\/ -->\n<title>5. \u00e9ve d\u00edjazz\u00e1k a Van egy j\u00f3 t\u00f6rt\u00e9neted? p\u00e1ly\u00e1zaton a n\u0151i v\u00e1llalkoz\u00f3kat \u00e9s n\u0151i vezet\u0151ket - Seed<\/title>\n<meta name=\"robots\" content=\"index, follow, max-snippet:-1, max-image-preview:large, max-video-preview:-1\" \/>\n<link rel=\"canonical\" href=\"https:\/\/seed.hu\/hirek\/5-eve-dijazzak-a-van-egy-jo-torteneted-palyazaton-a-noi-vallalkozokat-es-noi-vezetoket\/\" \/>\n<meta property=\"og:locale\" content=\"en_US\" \/>\n<meta property=\"og:type\" content=\"article\" \/>\n<meta property=\"og:title\" content=\"5. \u00e9ve d\u00edjazz\u00e1k a Van egy j\u00f3 t\u00f6rt\u00e9neted? p\u00e1ly\u00e1zaton a n\u0151i v\u00e1llalkoz\u00f3kat \u00e9s n\u0151i vezet\u0151ket - Seed\" \/>\n<meta property=\"og:description\" content=\"M\u00e1rcius 15-\u00e9n ind\u00edtotta \u00fatj\u00e1ra a SEED Alap\u00edtv\u00e1ny \u00e9s a PWA Sikeres N\u0151k Egyes\u00fclete a 2023. \u00e9v n\u0151i sikersztorijait keres\u0151 Van egy j\u00f3 t\u00f6rt\u00e9neted? c\u00edm\u0171 p\u00e1ly\u00e1zatot, melynek id\u00e9n f\u0151t\u00e1mogat\u00f3ja a VOSZ V\u00e1llalkoz\u00f3k \u00e9s Munk\u00e1ltat\u00f3k Orsz\u00e1gos Sz\u00f6vets\u00e9ge volt. A n\u0151i v\u00e1llalkoz\u00f3k \u00e9s n\u0151i vezet\u0151k nehezebben \u00e1llnak ki \u00e9s mutatj\u00e1k meg el\u00e9rt sikereiket a nagyk\u00f6z\u00f6ns\u00e9g sz\u00e1m\u00e1ra, ink\u00e1bb teszik [&hellip;]\" \/>\n<meta property=\"og:url\" content=\"https:\/\/seed.hu\/hirek\/5-eve-dijazzak-a-van-egy-jo-torteneted-palyazaton-a-noi-vallalkozokat-es-noi-vezetoket\/\" \/>\n<meta property=\"og:site_name\" content=\"Seed\" \/>\n<meta property=\"article:modified_time\" content=\"2024-12-11T22:42:32+00:00\" \/>\n<meta property=\"og:image\" content=\"https:\/\/seed.hu\/wp-content\/uploads\/2024\/10\/IMG_1856-scaled.jpg\" \/>\n\t<meta property=\"og:image:width\" content=\"1920\" \/>\n\t<meta property=\"og:image:height\" content=\"2560\" \/>\n\t<meta property=\"og:image:type\" content=\"image\/jpeg\" \/>\n<meta name=\"twitter:card\" content=\"summary_large_image\" \/>\n<meta name=\"twitter:label1\" content=\"Est. reading time\" \/>\n\t<meta name=\"twitter:data1\" content=\"5 minutes\" \/>\n<script type=\"application\/ld+json\" class=\"yoast-schema-graph\">{\"@context\":\"https:\\\/\\\/schema.org\",\"@graph\":[{\"@type\":\"WebPage\",\"@id\":\"https:\\\/\\\/seed.hu\\\/hirek\\\/5-eve-dijazzak-a-van-egy-jo-torteneted-palyazaton-a-noi-vallalkozokat-es-noi-vezetoket\\\/\",\"url\":\"https:\\\/\\\/seed.hu\\\/hirek\\\/5-eve-dijazzak-a-van-egy-jo-torteneted-palyazaton-a-noi-vallalkozokat-es-noi-vezetoket\\\/\",\"name\":\"5. \u00e9ve d\u00edjazz\u00e1k a Van egy j\u00f3 t\u00f6rt\u00e9neted? p\u00e1ly\u00e1zaton a n\u0151i v\u00e1llalkoz\u00f3kat \u00e9s n\u0151i vezet\u0151ket - Seed\",\"isPartOf\":{\"@id\":\"https:\\\/\\\/seed.hu\\\/#website\"},\"primaryImageOfPage\":{\"@id\":\"https:\\\/\\\/seed.hu\\\/hirek\\\/5-eve-dijazzak-a-van-egy-jo-torteneted-palyazaton-a-noi-vallalkozokat-es-noi-vezetoket\\\/#primaryimage\"},\"image\":{\"@id\":\"https:\\\/\\\/seed.hu\\\/hirek\\\/5-eve-dijazzak-a-van-egy-jo-torteneted-palyazaton-a-noi-vallalkozokat-es-noi-vezetoket\\\/#primaryimage\"},\"thumbnailUrl\":\"https:\\\/\\\/seed.hu\\\/wp-content\\\/uploads\\\/2024\\\/10\\\/IMG_1856-scaled.jpg\",\"datePublished\":\"2024-10-18T08:02:22+00:00\",\"dateModified\":\"2024-12-11T22:42:32+00:00\",\"breadcrumb\":{\"@id\":\"https:\\\/\\\/seed.hu\\\/hirek\\\/5-eve-dijazzak-a-van-egy-jo-torteneted-palyazaton-a-noi-vallalkozokat-es-noi-vezetoket\\\/#breadcrumb\"},\"inLanguage\":\"en-US\",\"potentialAction\":[{\"@type\":\"ReadAction\",\"target\":[\"https:\\\/\\\/seed.hu\\\/hirek\\\/5-eve-dijazzak-a-van-egy-jo-torteneted-palyazaton-a-noi-vallalkozokat-es-noi-vezetoket\\\/\"]}]},{\"@type\":\"ImageObject\",\"inLanguage\":\"en-US\",\"@id\":\"https:\\\/\\\/seed.hu\\\/hirek\\\/5-eve-dijazzak-a-van-egy-jo-torteneted-palyazaton-a-noi-vallalkozokat-es-noi-vezetoket\\\/#primaryimage\",\"url\":\"https:\\\/\\\/seed.hu\\\/wp-content\\\/uploads\\\/2024\\\/10\\\/IMG_1856-scaled.jpg\",\"contentUrl\":\"https:\\\/\\\/seed.hu\\\/wp-content\\\/uploads\\\/2024\\\/10\\\/IMG_1856-scaled.jpg\",\"width\":1920,\"height\":2560},{\"@type\":\"BreadcrumbList\",\"@id\":\"https:\\\/\\\/seed.hu\\\/hirek\\\/5-eve-dijazzak-a-van-egy-jo-torteneted-palyazaton-a-noi-vallalkozokat-es-noi-vezetoket\\\/#breadcrumb\",\"itemListElement\":[{\"@type\":\"ListItem\",\"position\":1,\"name\":\"H\u00edrek\",\"item\":\"https:\\\/\\\/seed.hu\\\/hirek\\\/\"},{\"@type\":\"ListItem\",\"position\":2,\"name\":\"5. \u00e9ve d\u00edjazz\u00e1k a Van egy j\u00f3 t\u00f6rt\u00e9neted? p\u00e1ly\u00e1zaton a n\u0151i v\u00e1llalkoz\u00f3kat \u00e9s n\u0151i vezet\u0151ket\"}]},{\"@type\":\"WebSite\",\"@id\":\"https:\\\/\\\/seed.hu\\\/#website\",\"url\":\"https:\\\/\\\/seed.hu\\\/\",\"name\":\"Seed\",\"description\":\"\",\"potentialAction\":[{\"@type\":\"SearchAction\",\"target\":{\"@type\":\"EntryPoint\",\"urlTemplate\":\"https:\\\/\\\/seed.hu\\\/?s={search_term_string}\"},\"query-input\":{\"@type\":\"PropertyValueSpecification\",\"valueRequired\":true,\"valueName\":\"search_term_string\"}}],\"inLanguage\":\"en-US\"}]}<\/script>\n<!-- \/ Yoast SEO plugin. -->","yoast_head_json":{"title":"5. \u00e9ve d\u00edjazz\u00e1k a Van egy j\u00f3 t\u00f6rt\u00e9neted? p\u00e1ly\u00e1zaton a n\u0151i v\u00e1llalkoz\u00f3kat \u00e9s n\u0151i vezet\u0151ket - Seed","robots":{"index":"index","follow":"follow","max-snippet":"max-snippet:-1","max-image-preview":"max-image-preview:large","max-video-preview":"max-video-preview:-1"},"canonical":"https:\/\/seed.hu\/hirek\/5-eve-dijazzak-a-van-egy-jo-torteneted-palyazaton-a-noi-vallalkozokat-es-noi-vezetoket\/","og_locale":"en_US","og_type":"article","og_title":"5. \u00e9ve d\u00edjazz\u00e1k a Van egy j\u00f3 t\u00f6rt\u00e9neted? p\u00e1ly\u00e1zaton a n\u0151i v\u00e1llalkoz\u00f3kat \u00e9s n\u0151i vezet\u0151ket - Seed","og_description":"M\u00e1rcius 15-\u00e9n ind\u00edtotta \u00fatj\u00e1ra a SEED Alap\u00edtv\u00e1ny \u00e9s a PWA Sikeres N\u0151k Egyes\u00fclete a 2023. \u00e9v n\u0151i sikersztorijait keres\u0151 Van egy j\u00f3 t\u00f6rt\u00e9neted? c\u00edm\u0171 p\u00e1ly\u00e1zatot, melynek id\u00e9n f\u0151t\u00e1mogat\u00f3ja a VOSZ V\u00e1llalkoz\u00f3k \u00e9s Munk\u00e1ltat\u00f3k Orsz\u00e1gos Sz\u00f6vets\u00e9ge volt. A n\u0151i v\u00e1llalkoz\u00f3k \u00e9s n\u0151i vezet\u0151k nehezebben \u00e1llnak ki \u00e9s mutatj\u00e1k meg el\u00e9rt sikereiket a nagyk\u00f6z\u00f6ns\u00e9g sz\u00e1m\u00e1ra, ink\u00e1bb teszik [&hellip;]","og_url":"https:\/\/seed.hu\/hirek\/5-eve-dijazzak-a-van-egy-jo-torteneted-palyazaton-a-noi-vallalkozokat-es-noi-vezetoket\/","og_site_name":"Seed","article_modified_time":"2024-12-11T22:42:32+00:00","og_image":[{"width":1920,"height":2560,"url":"https:\/\/seed.hu\/wp-content\/uploads\/2024\/10\/IMG_1856-scaled.jpg","type":"image\/jpeg"}],"twitter_card":"summary_large_image","twitter_misc":{"Est. reading time":"5 minutes"},"schema":{"@context":"https:\/\/schema.org","@graph":[{"@type":"WebPage","@id":"https:\/\/seed.hu\/hirek\/5-eve-dijazzak-a-van-egy-jo-torteneted-palyazaton-a-noi-vallalkozokat-es-noi-vezetoket\/","url":"https:\/\/seed.hu\/hirek\/5-eve-dijazzak-a-van-egy-jo-torteneted-palyazaton-a-noi-vallalkozokat-es-noi-vezetoket\/","name":"5. \u00e9ve d\u00edjazz\u00e1k a Van egy j\u00f3 t\u00f6rt\u00e9neted? p\u00e1ly\u00e1zaton a n\u0151i v\u00e1llalkoz\u00f3kat \u00e9s n\u0151i vezet\u0151ket - Seed","isPartOf":{"@id":"https:\/\/seed.hu\/#website"},"primaryImageOfPage":{"@id":"https:\/\/seed.hu\/hirek\/5-eve-dijazzak-a-van-egy-jo-torteneted-palyazaton-a-noi-vallalkozokat-es-noi-vezetoket\/#primaryimage"},"image":{"@id":"https:\/\/seed.hu\/hirek\/5-eve-dijazzak-a-van-egy-jo-torteneted-palyazaton-a-noi-vallalkozokat-es-noi-vezetoket\/#primaryimage"},"thumbnailUrl":"https:\/\/seed.hu\/wp-content\/uploads\/2024\/10\/IMG_1856-scaled.jpg","datePublished":"2024-10-18T08:02:22+00:00","dateModified":"2024-12-11T22:42:32+00:00","breadcrumb":{"@id":"https:\/\/seed.hu\/hirek\/5-eve-dijazzak-a-van-egy-jo-torteneted-palyazaton-a-noi-vallalkozokat-es-noi-vezetoket\/#breadcrumb"},"inLanguage":"en-US","potentialAction":[{"@type":"ReadAction","target":["https:\/\/seed.hu\/hirek\/5-eve-dijazzak-a-van-egy-jo-torteneted-palyazaton-a-noi-vallalkozokat-es-noi-vezetoket\/"]}]},{"@type":"ImageObject","inLanguage":"en-US","@id":"https:\/\/seed.hu\/hirek\/5-eve-dijazzak-a-van-egy-jo-torteneted-palyazaton-a-noi-vallalkozokat-es-noi-vezetoket\/#primaryimage","url":"https:\/\/seed.hu\/wp-content\/uploads\/2024\/10\/IMG_1856-scaled.jpg","contentUrl":"https:\/\/seed.hu\/wp-content\/uploads\/2024\/10\/IMG_1856-scaled.jpg","width":1920,"height":2560},{"@type":"BreadcrumbList","@id":"https:\/\/seed.hu\/hirek\/5-eve-dijazzak-a-van-egy-jo-torteneted-palyazaton-a-noi-vallalkozokat-es-noi-vezetoket\/#breadcrumb","itemListElement":[{"@type":"ListItem","position":1,"name":"H\u00edrek","item":"https:\/\/seed.hu\/hirek\/"},{"@type":"ListItem","position":2,"name":"5. \u00e9ve d\u00edjazz\u00e1k a Van egy j\u00f3 t\u00f6rt\u00e9neted? p\u00e1ly\u00e1zaton a n\u0151i v\u00e1llalkoz\u00f3kat \u00e9s n\u0151i vezet\u0151ket"}]},{"@type":"WebSite","@id":"https:\/\/seed.hu\/#website","url":"https:\/\/seed.hu\/","name":"Seed","description":"","potentialAction":[{"@type":"SearchAction","target":{"@type":"EntryPoint","urlTemplate":"https:\/\/seed.hu\/?s={search_term_string}"},"query-input":{"@type":"PropertyValueSpecification","valueRequired":true,"valueName":"search_term_string"}}],"inLanguage":"en-US"}]}},"_links":{"self":[{"href":"https:\/\/seed.hu\/en\/wp-json\/wp\/v2\/hirek\/4699","targetHints":{"allow":["GET"]}}],"collection":[{"href":"https:\/\/seed.hu\/en\/wp-json\/wp\/v2\/hirek"}],"about":[{"href":"https:\/\/seed.hu\/en\/wp-json\/wp\/v2\/types\/hirek"}],"wp:featuredmedia":[{"embeddable":true,"href":"https:\/\/seed.hu\/en\/wp-json\/wp\/v2\/media\/4705"}],"wp:attachment":[{"href":"https:\/\/seed.hu\/en\/wp-json\/wp\/v2\/media?parent=4699"}],"curies":[{"name":"wp","href":"https:\/\/api.w.org\/{rel}","templated":true}]}}