{"id":4719,"date":"2024-12-11T21:50:47","date_gmt":"2024-12-11T20:50:47","guid":{"rendered":"https:\/\/seed.hu\/?post_type=hirek&#038;p=4719"},"modified":"2024-12-11T21:50:47","modified_gmt":"2024-12-11T20:50:47","slug":"az-adj-hozza-adomanyozoi-kozossegi-alap-a-kisvallalkozasokert-eredmenyei","status":"publish","type":"hirek","link":"https:\/\/seed.hu\/en\/hirek\/az-adj-hozza-adomanyozoi-kozossegi-alap-a-kisvallalkozasokert-eredmenyei\/","title":{"rendered":"Az Adj Hozz\u00e1! Adom\u00e1nyoz\u00f3i K\u00f6z\u00f6ss\u00e9gi Alap a kisv\u00e1llalkoz\u00e1sok\u00e9rt eredm\u00e9nyei"},"content":{"rendered":"<p><strong>A program jellemz\u0151i:<\/strong><\/p>\n<ul>\n<li>A civil \u00e9s a mag\u00e1nszf\u00e9ra egyed\u00fcl\u00e1ll\u00f3 egy\u00fcttm\u0171k\u00f6d\u00e9se\n<ul>\n<li>ahol a SEED Alap\u00edtv\u00e1ny 30 \u00e9ves v\u00e1llalkoz\u00e1sfejleszt\u00e9si tud\u00e1sa \u00e9s az \u00fczleti szektor profitorient\u00e1lt gondolkod\u00e1sa \u00f6sszead\u00f3dik, hogy azzal m\u00e1s v\u00e1llalkoz\u00e1sok fejl\u0151d\u00e9s\u00e9t szolg\u00e1lja<\/li>\n<\/ul>\n<\/li>\n<li>Az \u00fczleti potenci\u00e1llal b\u00edr\u00f3 v\u00e1llalkoz\u00e1sok felkarol\u00e1s\u00e1ra\n<ul>\n<li>melyet az adom\u00e1nyoz\u00f3i k\u00f6rbe tartoz\u00f3 sikeres v\u00e1llalkoz\u00e1svezet\u0151k szeml\u00e9lete biztos\u00edt<\/li>\n<\/ul>\n<\/li>\n<li>Teret adva a v\u00e1llalkoz\u00f3i h\u00e1l\u00f3zatok kialakul\u00e1s\u00e1ra \u00e9s az egyedi fejl\u0151d\u00e9sre\n<ul>\n<li>a v\u00e1llalkoz\u00f3i attit\u0171d, a v\u00e1llalkoz\u00f3i k\u00e9szs\u00e9gek \u00e9s a piack\u00e9pess\u00e9g h\u00e1rmas\u00e1ra t\u00e1maszkod\u00f3 kiv\u00e1laszt\u00e1si szempontok szerint.<\/li>\n<\/ul>\n<\/li>\n<\/ul>\n<p>&nbsp;<\/p>\n<p><strong>Eredm\u00e9nyei:<\/strong><\/p>\n<p>&nbsp;<\/p>\n<p><strong>DOBOGO \u2013 a sikeres Dobbant\u00f3sok emelv\u00e9nye <\/strong><\/p>\n<p>A 2023. m\u00e1rcius 8.-\u00e1n megval\u00f3s\u00edtott rendezv\u00e9ny nagy sikerrel z\u00e1rult, mely el\u00e9rte c\u00e9lj\u00e1t, azaz elind\u00edtotta a Dobbant\u00f3 Programban r\u00e9sztvev\u0151 v\u00e1llalkoz\u00e1sok k\u00f6t\u0151d\u00e9s\u00e9t, \u00fajra k\u00f6t\u0151d\u00e9s\u00e9t. A Dobbant\u00f3 k\u00f6z\u00f6ss\u00e9g \u00e9p\u00edt\u00e9se, \u00e1pol\u00e1sa kiemelten fontos, hiszen a Dobbant\u00f3 tr\u00e9ningre jelentkez\u0151k a kor\u00e1bbi v\u00e9gz\u0151s\u00f6k aj\u00e1nl\u00e1sai alapj\u00e1n \u00e9rkeznek.<\/p>\n<p>A DoboGO \u2013 A sikeres Dobbant\u00f3sok emelv\u00e9ny\u00e9nek c\u00e9lja a Dobbant\u00f3 Tr\u00e9ninget v\u00e9gzett, vagy a Dobbant\u00f3 tr\u00e9ning ir\u00e1nt \u00e9rdekl\u0151d\u0151 v\u00e1llalkoz\u00f3n\u0151ket<\/p>\n<ul>\n<li>megsz\u00f3l\u00edtani,<\/li>\n<li>\u00fczleti kapcsol\u00f3d\u00e1saikra lehet\u0151s\u00e9get biztos\u00edtani,<\/li>\n<li>ki\u00e1ll\u00edt\u00f3 standokkal term\u00e9keik bemutat\u00e1s\u00e1ra teret adni,<\/li>\n<li>szolg\u00e1ltat\u00e1st ny\u00fajt\u00f3k sz\u00e1m\u00e1ra a sz\u00ednpadon a storytelling m\u00f3dszer\u00e9vel bemutatott t\u00f6rt\u00e9net\u00fcket megismerni,<\/li>\n<li>a sz\u00ednpadon foly\u00f3 szakmai stand-up r\u00e9v\u00e9n inspir\u00e1lni, inform\u00e1ci\u00f3t, tud\u00e1st k\u00f6zvet\u00edteni.<\/li>\n<\/ul>\n<p>A standokon ki\u00e1ll\u00edt\u00f3 \u00e9s a sz\u00ednpadon bemutatkoz\u00f3 h\u00f6lgyeket egyszer\u0171s\u00edtett p\u00e1ly\u00e1zati elj\u00e1r\u00e1s keret\u00e9ben v\u00e1lasztottuk ki, 10-10 f\u0151 erej\u00e9ig, akik felk\u00e9sz\u00edt\u00e9st kaptak a sikeres fell\u00e9p\u00e9shez, stand\u00e1ll\u00edt\u00e1shoz.<\/p>\n<p><strong>A rendezv\u00e9ny kiemelt t\u00e1mogat\u00f3ja az MBH Bank volt.\u00a0 <\/strong><\/p>\n<p><strong>\u00a0<\/strong><\/p>\n<p><strong>A rendezv\u00e9ny sz\u00e1mokban: <\/strong><\/p>\n<ul>\n<li><strong>El\u00e9rt v\u00e1llalkoz\u00e1sok sz\u00e1ma<\/strong>: k\u00f6zvetlen\u00fcl mintegy <strong>550 v\u00e1llalkoz\u00e1s<\/strong> (a Dobbant\u00f3 k\u00f6z\u00f6ss\u00e9g), k\u00f6zvetve a social media fel\u00fcletek \u00e1ltal el\u00e9rt v\u00e1llalkoz\u00f3k, akik potenci\u00e1lis c\u00e9lcsoportja a Dobbant\u00f3 programnak.<\/li>\n<li><strong>A rendezv\u00e9ny r\u00e9sztvev\u0151inek sz\u00e1ma: 100 f\u0151<\/strong><\/li>\n<li><strong>Fejleszt\u00e9sben r\u00e9szes\u00fclt v\u00e1llalkoz\u00e1sok sz\u00e1ma: 20<\/strong> v\u00e1llalkoz\u00e1s<\/li>\n<\/ul>\n<p><a href=\"https:\/\/seed.hu\/dobogo\/\"><strong>https:\/\/seed.hu\/dobogo\/<\/strong><\/a><\/p>\n<p><strong>\u00a0<\/strong><\/p>\n<p><strong>N\u0151 a T\u00e1ska! \u2013 V\u00e1lts nagyobb v\u00e1llalkoz\u00f3i J\u00f3l-l\u00e9tre!<\/strong><\/p>\n<p>A program egy <strong>vide\u00f3 p\u00e1ly\u00e1zattal \u00f6sszekapcsolt fejleszt\u0151 program<\/strong>, amely a <strong>25-35 \u00e9ves, v\u00e1llalkoz\u00f3i l\u00e9tben gondolkod\u00f3, vagy abban m\u00e1r benne l\u00e9v\u0151 h\u00f6lgyeket c\u00e9loz meg<\/strong>. A p\u00e1ly\u00e1zat gy\u0151ztesei d\u00edjmentesen kaptak seg\u00edts\u00e9get<\/p>\n<ul>\n<li>\u00f6tletvalid\u00e1l\u00f3 workshop,<\/li>\n<li>mentori besz\u00e9lget\u00e9sek,<\/li>\n<li>\u00fczletfejleszt\u00e9si terv kidolgoz\u00e1s\u00e1val.<\/li>\n<\/ul>\n<p><strong>A Program c\u00e9lja<\/strong>, hogy a v\u00e1llalkoz\u00f3i \u00e9letp\u00e1ly\u00e1ban gondolkoz\u00f3 fiatal h\u00f6lgyek a v\u00e1llalkoz\u00f3i l\u00e9tr\u0151l, annak neh\u00e9zs\u00e9geir\u0151l \u00e9s lehet\u0151s\u00e9geir\u0151l hiteles forr\u00e1sokb\u00f3l t\u00e1j\u00e9koz\u00f3djanak \u00e9s tev\u00e9kenys\u00e9g\u00fckh\u00f6z szakmai t\u00e1mogat\u00e1st, meger\u0151s\u00edt\u00e9st kapjanak.<\/p>\n<p>A nyertes fiatal h\u00f6lgyek \u00edg\u00e9retes v\u00e1llalkoz\u00e1sukkal, v\u00e1llalkoz\u00e1si \u00f6tlet\u00fckkel nyert\u00e9k el a zs\u0171ri tetsz\u00e9s\u00e9t, a sz\u00ednh\u00e1zi mecenat\u00far\u00e1t megreform\u00e1l\u00f3, \u00fczleti alapokra helyez\u0151 v\u00e1llalkoz\u00e1st\u00f3l a speci\u00e1lis gy\u00f3gytorna szolg\u00e1ltat\u00e1sig sz\u00e9les spektrumon mozogtak az \u00f6tletek.<\/p>\n<p>Az \u00fcnnep\u00e9lyes d\u00edj\u00e1tad\u00f3n az \u00fczletfejleszt\u00e9si tervek \u00e9s a Roland Accessories j\u00f3volt\u00e1b\u00f3l a v\u00e1llalkoz\u00e1suk jelenlegi m\u00e9ret\u00e9hez igazod\u00f3 t\u00e1ska aj\u00e1nd\u00e9kok ker\u00fclnek \u00e1tad\u00e1sra.<\/p>\n<p><strong>A program kiemelt partnere: MBH Bank<\/strong><\/p>\n<p><strong>A program szakmai partnerei: Roland Accessories \u00e9s a VOSZ<\/strong><\/p>\n<p><strong>A program sz\u00e1mokban:<\/strong><\/p>\n<ul>\n<li><strong>6 db kisfilm<\/strong><\/li>\n<li><strong>230 000 megtekint\u00e9s<\/strong><\/li>\n<li><strong>T\u00f6bb mint 2000 \u00e9rdekl\u0151d\u0151<\/strong><\/li>\n<li><strong>10 nyertes fiatal n\u0151<\/strong><\/li>\n<\/ul>\n<p><a href=\"https:\/\/seed.hu\/no-a-taska\/\">https:\/\/seed.hu\/no-a-taska\/<\/a><\/p>\n<p>&nbsp;<\/p>\n<p><strong>Digit\u00e1lis \u00c1ll\u00f3k\u00e9pess\u00e9gi T\u00e1rh\u00e1z<\/strong> <strong>\u2013 online konferencia a kisv\u00e1llalatok digit\u00e1lis szeml\u00e9letform\u00e1l\u00e1sa, tud\u00e1sb\u0151v\u00edt\u00e9se \u00e9s az el\u00e9rhet\u0151 digit\u00e1lis alkalmaz\u00e1sok bemutat\u00e1sa <\/strong><\/p>\n<p><strong>A rendezv\u00e9ny c\u00e9lja<\/strong> a szeml\u00e9letform\u00e1l\u00f3 el\u0151ad\u00e1sok \u00e9s szakmai besz\u00e9lget\u00e9sek sor\u00e1n a digitaliz\u00e1ci\u00f3 lehet\u0151s\u00e9geinek, el\u0151nyeinek, alkalmaz\u00e1sainak \u00e9l\u0151v\u00e9 t\u00e9tele, megt\u00e9r\u00fcl\u00e9s\u00e9nek hangs\u00falyoz\u00e1sa a mikro-, kis \u00e9s k\u00f6z\u00e9pv\u00e1llalatok sz\u00e1m\u00e1ra. Emellett ki\u00e1ll\u00edt\u00f3i megjelen\u00e9sek biztos\u00edt\u00e1sa, melyek gyakorlati megismer\u00e9st, k\u00f6zvetlen <strong>kapcsolatot<\/strong> \u00e9s el\u00e9r\u00e9st jelentenek az \u00fczleti partnerek (t\u00e1mogat\u00f3k, ki\u00e1ll\u00edt\u00f3k) sz\u00e1m\u00e1ra.<\/p>\n<p><u>Az esem\u00e9ny hidat k\u00e9pez az \u00fczleti \u00e9s az IT szektor gondolkod\u00e1sm\u00f3dja k\u00f6z\u00f6tt. <\/u><\/p>\n<p><strong>A program 2 form\u00e1ban seg\u00edtette az eligazod\u00e1st:<\/strong><\/p>\n<ol>\n<li>tud\u00e1s- \u00e9s tapasztalatmegoszt\u00e1st c\u00e9lz\u00f3 el\u0151ad\u00e1sokkal \u00e9s szakmai besz\u00e9lget\u00e9sekkel \u00e1tfog\u00f3 k\u00e9pet adott a ma \u00e9s a k\u00f6zelj\u00f6v\u0151 el\u00e9rhet\u0151 lehet\u0151s\u00e9geir\u0151l,<\/li>\n<li>megismerhet\u0151v\u00e9 \u00e9s hozz\u00e1f\u00e9rhet\u0151v\u00e9 tette a ki\u00e1ll\u00edt\u00f3i standokkal a\u00a0jelenlegi digit\u00e1lis alkalmaz\u00e1sokat \u00e9s azok sz\u00e1ll\u00edt\u00f3it, \u00e9s a hozz\u00e1f\u00e9rhet\u0151s\u00e9g\u00fcket t\u00e1mogat\u00f3 programokat,<\/li>\n<\/ol>\n<p>&nbsp;<\/p>\n<p>A Digit\u00e1lis \u00c1ll\u00f3k\u00e9pess\u00e9gi T\u00e1rh\u00e1z \u2013 3 hetes Online Konferencia Program r\u00e9szt\u00e9mak\u00f6reit az al\u00e1bbiak szerint \u00e1ll\u00edtottuk \u00f6ssze:<\/p>\n<p>&nbsp;<\/p>\n<table>\n<tbody>\n<tr>\n<td width=\"121\">1) agr\u00e1rv\u00e1llalko-z\u00e1sok digit\u00e1lis lehet\u0151s\u00e9gei<\/td>\n<td width=\"121\">2) eg\u00e9szs\u00e9g\u00fcgyi v\u00e1llalkoz\u00e1sok digit\u00e1lis lehet\u0151s\u00e9gei<\/td>\n<td width=\"121\">3) v\u00e1llalkoz\u00e1s-digitaliz\u00e1ci\u00f3<\/td>\n<td width=\"121\">4) p\u00e1ly\u00e1zati digitaliz\u00e1ci\u00f3<\/td>\n<td width=\"121\">5)\u00a0 n\u0151k \u00e9s a digitaliz\u00e1ci\u00f3 (a WINGATE projekt)<\/td>\n<\/tr>\n<\/tbody>\n<\/table>\n<p>&nbsp;<\/p>\n<p>Az el\u0151ad\u00e1sok \u00e9s besz\u00e9lget\u00e9sek 2023. november\u00e9ben ker\u00fcltek felv\u00e9telre, m\u00edg a konferencia 2024. febru\u00e1r 5-25. k\u00f6z\u00f6tt zajlott le.<\/p>\n<p><strong>A program kiemelt t\u00e1mogat\u00f3ja az Agr\u00e1rminiszt\u00e9rium volt. <\/strong><\/p>\n<p><strong>A program sz\u00e1mokban: <\/strong><\/p>\n<ul>\n<li><strong>21 napon <\/strong>kereszt\u00fcl el\u00e9rhet\u0151 regisztr\u00e1ci\u00f3 n\u00e9lk\u00fcl \u00e9s regisztr\u00e1ci\u00f3val el\u00e9rhet\u0151 online konferencia platform<\/li>\n<li><strong>3 napos Tud\u00e1sb\u00f6rze, <\/strong>ahol a r\u00e9sztvev\u0151k interakt\u00edv form\u00e1ban kapcsol\u00f3dhattak az el\u0151ad\u00f3khoz<\/li>\n<li>\u00d6sszesen<strong> 17 el\u0151ad\u00e1s \u00e9s 34 kerekasztalbesz\u00e9lget\u00e9s \u00e9s interj\u00fa <\/strong>el\u00e9rhet\u0151s\u00e9ge a digitaliz\u00e1ci\u00f3 t\u00e9mak\u00f6r\u00e9ben.<\/li>\n<li><strong>37 bevont szak\u00e9rt\u0151<\/strong><\/li>\n<li><strong>13 szervezet \u00e9s programja <\/strong>a ki\u00e1ll\u00edt\u00f3i t\u00e9rben<\/li>\n<li><strong>27 439 vide\u00f3megtekint\u00e9s<\/strong><\/li>\n<li><strong>298 oldall\u00e1togat\u00f3<\/strong><\/li>\n<\/ul>\n<p><a href=\"https:\/\/seed.hu\/digitalis-konferencia-platform\/\"><strong>https:\/\/seed.hu\/digitalis-konferencia-platform\/<\/strong><\/a><\/p>\n<p><strong>\u00a0<\/strong><\/p>\n<p><strong>V\u00c1LL-FA \u2013 A v\u00e1llalkoz\u00e1sorient\u00e1lt fiatalok akad\u00e9mi\u00e1ja<\/strong><\/p>\n<p>A Szegedi Tudom\u00e1nyegyetem 2022\/2023. \u00e9s 2023\/2024. tan\u00e9v N\u0151i v\u00e1llalkoz\u00f3k c\u00edm\u0171 kurzus\u00e1n az adom\u00e1nyoz\u00f3 mentorok r\u00e9szv\u00e9tel\u00e9vel megismerhett\u00e9k a hallgat\u00f3k azt a felel\u0151ss\u00e9gteljes \u00e9s a t\u00e1rsadalmi folyamatok\u00e9rt elk\u00f6telezett v\u00e1llalkoz\u00f3i magatart\u00e1st, melyet az adom\u00e1nyoz\u00f3 c\u00e9gek k\u00e9pvisel\u0151i tan\u00fas\u00edtanak.<\/p>\n<p>Ek\u00f6zben a hallgat\u00f3k a n\u0151i v\u00e1llalkoz\u00e1sok gyakorlati \u00e9letben tapasztalt lehet\u0151s\u00e9geir\u0151l \u00e9s neh\u00e9zs\u00e9geir\u0151l is impulzust kaphattak, csak\u00fagy, mint a csal\u00e1di v\u00e1llalkoz\u00e1sban t\u00f6rt\u00e9n\u0151 k\u00f6zrem\u0171k\u00f6d\u00e9s \u2013 adott esetben n\u0151i &#8211; vonatkoz\u00e1sair\u00f3l is.<\/p>\n<p><strong>\u00a0<\/strong><\/p>\n<p><strong>Dobbant\u00f3 Rajtkocka \u2013 v\u00e1llalkoz\u00f3i tud\u00e1s- \u00e9s tapasztalatszerz\u00e9sre ir\u00e1nyul\u00f3 k\u00e9pz\u00e9s<\/strong><\/p>\n<p>Pilot jelleggel, az Adj Hozz\u00e1! program adom\u00e1nyoz\u00f3 mentorainak \u00e9s a SEED h\u00e1l\u00f3zat\u00e1ba tartoz\u00f3 mentorok \u00e9s szak\u00e9rt\u0151k bevon\u00e1s\u00e1val ind\u00edtott k\u00e9pz\u00e9s, amely a v\u00e1llalkoz\u00f3i tud\u00e1st \u00e9s a gyakorlatot, v\u00e1llalkoz\u00f3i szeml\u00e9letet \u00f6tv\u00f6zve seg\u00edti a r\u00e9sztvev\u0151k v\u00e1llalkoz\u00f3i \u00f6nismeret\u00e9t, \u00f6nbizalm\u00e1t \u00e9s \u00fczleti \u00f6tlet\u00e9nek megval\u00f3sul\u00e1s\u00e1t.<\/p>\n<p><strong>A k\u00e9pz\u00e9sen 8 f\u0151 vett r\u00e9szt. <\/strong><\/p>\n<p>&nbsp;<\/p>\n","protected":false},"featured_media":0,"menu_order":0,"template":"","meta":{"_acf_changed":false},"class_list":["post-4719","hirek","type-hirek","status-publish","hentry"],"acf":[],"yoast_head":"<!-- This site is optimized with the Yoast SEO plugin v27.4 - https:\/\/yoast.com\/product\/yoast-seo-wordpress\/ -->\n<title>Az Adj Hozz\u00e1! Adom\u00e1nyoz\u00f3i K\u00f6z\u00f6ss\u00e9gi Alap a kisv\u00e1llalkoz\u00e1sok\u00e9rt eredm\u00e9nyei - Seed<\/title>\n<meta name=\"robots\" content=\"index, follow, max-snippet:-1, max-image-preview:large, max-video-preview:-1\" \/>\n<link rel=\"canonical\" href=\"https:\/\/seed.hu\/hirek\/az-adj-hozza-adomanyozoi-kozossegi-alap-a-kisvallalkozasokert-eredmenyei\/\" \/>\n<meta property=\"og:locale\" content=\"en_US\" \/>\n<meta property=\"og:type\" content=\"article\" \/>\n<meta property=\"og:title\" content=\"Az Adj Hozz\u00e1! Adom\u00e1nyoz\u00f3i K\u00f6z\u00f6ss\u00e9gi Alap a kisv\u00e1llalkoz\u00e1sok\u00e9rt eredm\u00e9nyei - Seed\" \/>\n<meta property=\"og:description\" content=\"A program jellemz\u0151i: A civil \u00e9s a mag\u00e1nszf\u00e9ra egyed\u00fcl\u00e1ll\u00f3 egy\u00fcttm\u0171k\u00f6d\u00e9se ahol a SEED Alap\u00edtv\u00e1ny 30 \u00e9ves v\u00e1llalkoz\u00e1sfejleszt\u00e9si tud\u00e1sa \u00e9s az \u00fczleti szektor profitorient\u00e1lt gondolkod\u00e1sa \u00f6sszead\u00f3dik, hogy azzal m\u00e1s v\u00e1llalkoz\u00e1sok fejl\u0151d\u00e9s\u00e9t szolg\u00e1lja Az \u00fczleti potenci\u00e1llal b\u00edr\u00f3 v\u00e1llalkoz\u00e1sok felkarol\u00e1s\u00e1ra melyet az adom\u00e1nyoz\u00f3i k\u00f6rbe tartoz\u00f3 sikeres v\u00e1llalkoz\u00e1svezet\u0151k szeml\u00e9lete biztos\u00edt Teret adva a v\u00e1llalkoz\u00f3i h\u00e1l\u00f3zatok kialakul\u00e1s\u00e1ra \u00e9s az egyedi [&hellip;]\" \/>\n<meta property=\"og:url\" content=\"https:\/\/seed.hu\/hirek\/az-adj-hozza-adomanyozoi-kozossegi-alap-a-kisvallalkozasokert-eredmenyei\/\" \/>\n<meta property=\"og:site_name\" content=\"Seed\" \/>\n<meta name=\"twitter:card\" content=\"summary_large_image\" \/>\n<meta name=\"twitter:label1\" content=\"Est. reading time\" \/>\n\t<meta name=\"twitter:data1\" content=\"5 minutes\" \/>\n<script type=\"application\/ld+json\" class=\"yoast-schema-graph\">{\"@context\":\"https:\\\/\\\/schema.org\",\"@graph\":[{\"@type\":\"WebPage\",\"@id\":\"https:\\\/\\\/seed.hu\\\/hirek\\\/az-adj-hozza-adomanyozoi-kozossegi-alap-a-kisvallalkozasokert-eredmenyei\\\/\",\"url\":\"https:\\\/\\\/seed.hu\\\/hirek\\\/az-adj-hozza-adomanyozoi-kozossegi-alap-a-kisvallalkozasokert-eredmenyei\\\/\",\"name\":\"Az Adj Hozz\u00e1! Adom\u00e1nyoz\u00f3i K\u00f6z\u00f6ss\u00e9gi Alap a kisv\u00e1llalkoz\u00e1sok\u00e9rt eredm\u00e9nyei - Seed\",\"isPartOf\":{\"@id\":\"https:\\\/\\\/seed.hu\\\/#website\"},\"datePublished\":\"2024-12-11T20:50:47+00:00\",\"breadcrumb\":{\"@id\":\"https:\\\/\\\/seed.hu\\\/hirek\\\/az-adj-hozza-adomanyozoi-kozossegi-alap-a-kisvallalkozasokert-eredmenyei\\\/#breadcrumb\"},\"inLanguage\":\"en-US\",\"potentialAction\":[{\"@type\":\"ReadAction\",\"target\":[\"https:\\\/\\\/seed.hu\\\/hirek\\\/az-adj-hozza-adomanyozoi-kozossegi-alap-a-kisvallalkozasokert-eredmenyei\\\/\"]}]},{\"@type\":\"BreadcrumbList\",\"@id\":\"https:\\\/\\\/seed.hu\\\/hirek\\\/az-adj-hozza-adomanyozoi-kozossegi-alap-a-kisvallalkozasokert-eredmenyei\\\/#breadcrumb\",\"itemListElement\":[{\"@type\":\"ListItem\",\"position\":1,\"name\":\"H\u00edrek\",\"item\":\"https:\\\/\\\/seed.hu\\\/hirek\\\/\"},{\"@type\":\"ListItem\",\"position\":2,\"name\":\"Az Adj Hozz\u00e1! Adom\u00e1nyoz\u00f3i K\u00f6z\u00f6ss\u00e9gi Alap a kisv\u00e1llalkoz\u00e1sok\u00e9rt eredm\u00e9nyei\"}]},{\"@type\":\"WebSite\",\"@id\":\"https:\\\/\\\/seed.hu\\\/#website\",\"url\":\"https:\\\/\\\/seed.hu\\\/\",\"name\":\"Seed\",\"description\":\"\",\"potentialAction\":[{\"@type\":\"SearchAction\",\"target\":{\"@type\":\"EntryPoint\",\"urlTemplate\":\"https:\\\/\\\/seed.hu\\\/?s={search_term_string}\"},\"query-input\":{\"@type\":\"PropertyValueSpecification\",\"valueRequired\":true,\"valueName\":\"search_term_string\"}}],\"inLanguage\":\"en-US\"}]}<\/script>\n<!-- \/ Yoast SEO plugin. -->","yoast_head_json":{"title":"Az Adj Hozz\u00e1! Adom\u00e1nyoz\u00f3i K\u00f6z\u00f6ss\u00e9gi Alap a kisv\u00e1llalkoz\u00e1sok\u00e9rt eredm\u00e9nyei - Seed","robots":{"index":"index","follow":"follow","max-snippet":"max-snippet:-1","max-image-preview":"max-image-preview:large","max-video-preview":"max-video-preview:-1"},"canonical":"https:\/\/seed.hu\/hirek\/az-adj-hozza-adomanyozoi-kozossegi-alap-a-kisvallalkozasokert-eredmenyei\/","og_locale":"en_US","og_type":"article","og_title":"Az Adj Hozz\u00e1! Adom\u00e1nyoz\u00f3i K\u00f6z\u00f6ss\u00e9gi Alap a kisv\u00e1llalkoz\u00e1sok\u00e9rt eredm\u00e9nyei - Seed","og_description":"A program jellemz\u0151i: A civil \u00e9s a mag\u00e1nszf\u00e9ra egyed\u00fcl\u00e1ll\u00f3 egy\u00fcttm\u0171k\u00f6d\u00e9se ahol a SEED Alap\u00edtv\u00e1ny 30 \u00e9ves v\u00e1llalkoz\u00e1sfejleszt\u00e9si tud\u00e1sa \u00e9s az \u00fczleti szektor profitorient\u00e1lt gondolkod\u00e1sa \u00f6sszead\u00f3dik, hogy azzal m\u00e1s v\u00e1llalkoz\u00e1sok fejl\u0151d\u00e9s\u00e9t szolg\u00e1lja Az \u00fczleti potenci\u00e1llal b\u00edr\u00f3 v\u00e1llalkoz\u00e1sok felkarol\u00e1s\u00e1ra melyet az adom\u00e1nyoz\u00f3i k\u00f6rbe tartoz\u00f3 sikeres v\u00e1llalkoz\u00e1svezet\u0151k szeml\u00e9lete biztos\u00edt Teret adva a v\u00e1llalkoz\u00f3i h\u00e1l\u00f3zatok kialakul\u00e1s\u00e1ra \u00e9s az egyedi [&hellip;]","og_url":"https:\/\/seed.hu\/hirek\/az-adj-hozza-adomanyozoi-kozossegi-alap-a-kisvallalkozasokert-eredmenyei\/","og_site_name":"Seed","twitter_card":"summary_large_image","twitter_misc":{"Est. reading time":"5 minutes"},"schema":{"@context":"https:\/\/schema.org","@graph":[{"@type":"WebPage","@id":"https:\/\/seed.hu\/hirek\/az-adj-hozza-adomanyozoi-kozossegi-alap-a-kisvallalkozasokert-eredmenyei\/","url":"https:\/\/seed.hu\/hirek\/az-adj-hozza-adomanyozoi-kozossegi-alap-a-kisvallalkozasokert-eredmenyei\/","name":"Az Adj Hozz\u00e1! Adom\u00e1nyoz\u00f3i K\u00f6z\u00f6ss\u00e9gi Alap a kisv\u00e1llalkoz\u00e1sok\u00e9rt eredm\u00e9nyei - Seed","isPartOf":{"@id":"https:\/\/seed.hu\/#website"},"datePublished":"2024-12-11T20:50:47+00:00","breadcrumb":{"@id":"https:\/\/seed.hu\/hirek\/az-adj-hozza-adomanyozoi-kozossegi-alap-a-kisvallalkozasokert-eredmenyei\/#breadcrumb"},"inLanguage":"en-US","potentialAction":[{"@type":"ReadAction","target":["https:\/\/seed.hu\/hirek\/az-adj-hozza-adomanyozoi-kozossegi-alap-a-kisvallalkozasokert-eredmenyei\/"]}]},{"@type":"BreadcrumbList","@id":"https:\/\/seed.hu\/hirek\/az-adj-hozza-adomanyozoi-kozossegi-alap-a-kisvallalkozasokert-eredmenyei\/#breadcrumb","itemListElement":[{"@type":"ListItem","position":1,"name":"H\u00edrek","item":"https:\/\/seed.hu\/hirek\/"},{"@type":"ListItem","position":2,"name":"Az Adj Hozz\u00e1! Adom\u00e1nyoz\u00f3i K\u00f6z\u00f6ss\u00e9gi Alap a kisv\u00e1llalkoz\u00e1sok\u00e9rt eredm\u00e9nyei"}]},{"@type":"WebSite","@id":"https:\/\/seed.hu\/#website","url":"https:\/\/seed.hu\/","name":"Seed","description":"","potentialAction":[{"@type":"SearchAction","target":{"@type":"EntryPoint","urlTemplate":"https:\/\/seed.hu\/?s={search_term_string}"},"query-input":{"@type":"PropertyValueSpecification","valueRequired":true,"valueName":"search_term_string"}}],"inLanguage":"en-US"}]}},"_links":{"self":[{"href":"https:\/\/seed.hu\/en\/wp-json\/wp\/v2\/hirek\/4719","targetHints":{"allow":["GET"]}}],"collection":[{"href":"https:\/\/seed.hu\/en\/wp-json\/wp\/v2\/hirek"}],"about":[{"href":"https:\/\/seed.hu\/en\/wp-json\/wp\/v2\/types\/hirek"}],"wp:attachment":[{"href":"https:\/\/seed.hu\/en\/wp-json\/wp\/v2\/media?parent=4719"}],"curies":[{"name":"wp","href":"https:\/\/api.w.org\/{rel}","templated":true}]}}