{"id":4721,"date":"2024-12-11T22:22:38","date_gmt":"2024-12-11T21:22:38","guid":{"rendered":"https:\/\/seed.hu\/?post_type=hirek&#038;p=4721"},"modified":"2024-12-11T22:22:38","modified_gmt":"2024-12-11T21:22:38","slug":"esg-jelentes-es-adomanyozas-egyben-az-adj-hozza-alappal-miert-ne","status":"publish","type":"hirek","link":"https:\/\/seed.hu\/en\/hirek\/esg-jelentes-es-adomanyozas-egyben-az-adj-hozza-alappal-miert-ne\/","title":{"rendered":"ESG jelent\u00e9s \u00e9s adom\u00e1nyoz\u00e1s egyben? Az Adj Hozz\u00e1! alappal mi\u00e9rt ne?"},"content":{"rendered":"<p><strong>Az adom\u00e1nyoz\u00f3k sz\u00e1m\u00e1ra az Adj Hozz\u00e1! programban val\u00f3 r\u00e9szv\u00e9tel sz\u00e1mos el\u0151nyt biztos\u00edt, ezek k\u00f6z\u00fcl kiemelked\u0151:<br \/>\n<\/strong><\/p>\n<p>&nbsp;<\/p>\n<ol>\n<li><strong> Er\u0151s v\u00e1llalati im\u00e1zs \u00e9s t\u00e1rsadalmi felel\u0151ss\u00e9gv\u00e1llal\u00e1s:<\/strong> Az adom\u00e1nyoz\u00e1s r\u00e9v\u00e9n a v\u00e1llalatok pozit\u00edv meg\u00edt\u00e9l\u00e9st szerezhetnek, \u00e9s kiemelik elk\u00f6telezetts\u00e9g\u00fcket a kisv\u00e1llalati k\u00f6z\u00f6ss\u00e9gek l\u00e9trej\u00f6tt \u00e9s fejl\u0151d\u00e9se ir\u00e1nt.<\/li>\n<li><strong> \u00daj \u00fczleti kapcsolatok \u00e9s fiatal tehets\u00e9gek felfedez\u00e9se:<\/strong> Az esem\u00e9nyek, mint a V\u00c1LL-FA program, lehet\u0151s\u00e9get biztos\u00edtanak az adom\u00e1nyoz\u00f3knak, hogy k\u00f6zvetlen kapcsolatba ker\u00fcljenek a fiatal gener\u00e1ci\u00f3val, amely friss \u00f6tleteket \u00e9s \u00faj perspekt\u00edv\u00e1kat hozhat a c\u00e9g \u00e9let\u00e9be.<\/li>\n<li><strong> PR- \u00e9s m\u00e9diamegjelen\u00e9si lehet\u0151s\u00e9gek:<\/strong> A programok m\u00e9diamegjelen\u00e9se \u00e9s online kamp\u00e1nyai r\u00e9v\u00e9n az adom\u00e1nyoz\u00f3k sz\u00e9lesebb k\u00f6z\u00f6ns\u00e9get \u00e9rhetnek el, n\u00f6velve a l\u00e1that\u00f3s\u00e1got \u00e9s a piaci poz\u00edci\u00f3jukat.<\/li>\n<\/ol>\n<p>&nbsp;<\/p>\n<p><strong>A SEED Alap\u00edtv\u00e1ny \u00e9s partnerei tov\u00e1bbra is elk\u00f6telezettek amellett, hogy a hazai v\u00e1llalkoz\u00e1sok sz\u00e1m\u00e1ra olyan innovat\u00edv \u00e9s inspir\u00e1l\u00f3 platformot ny\u00fajtsanak, amely el\u0151seg\u00edti a fenntarthat\u00f3 fejl\u0151d\u00e9st, er\u0151s\u00edti a k\u00f6z\u00f6ss\u00e9gi k\u00f6t\u0151d\u00e9st, \u00e9s n\u00f6veli a v\u00e1llalkoz\u00f3i aktivit\u00e1st.<\/strong><\/p>\n<p>&nbsp;<\/p>\n<p><strong>ESG c\u00e9lok teljes\u00edt\u00e9se az Adj Hozz\u00e1! Alaphoz t\u00f6rt\u00e9n\u0151 hozz\u00e1j\u00e1rul\u00e1ssal<\/strong><\/p>\n<p>&nbsp;<\/p>\n<p>Az Adj Hozz\u00e1! programhoz t\u00f6rt\u00e9n\u0151 hozz\u00e1j\u00e1rul\u00e1s nemcsak a v\u00e1llalkoz\u00e1sokat t\u00e1mogatja, hanem lehet\u0151s\u00e9get ny\u00fajt a nagyv\u00e1llalatok sz\u00e1m\u00e1ra, hogy megfeleljenek a k\u00f6rnyezetv\u00e9delmi, t\u00e1rsadalmi \u00e9s v\u00e1llalatir\u00e1ny\u00edt\u00e1si (ESG) c\u00e9loknak is. \u00cdme, hogyan teljes\u00edthetik az adom\u00e1nyoz\u00f3k ezeket a c\u00e9lokat a program t\u00e1mogat\u00e1s\u00e1val:<\/p>\n<ol>\n<li><strong> T\u00e1rsadalmi felel\u0151ss\u00e9gv\u00e1llal\u00e1s (Social):<\/strong> A programok hozz\u00e1j\u00e1rulnak a t\u00e1rsadalmi fejl\u0151d\u00e9shez, hiszen a t\u00e1mogat\u00e1sok r\u00e9v\u00e9n sz\u00e1mos kis- \u00e9s k\u00f6z\u00e9pv\u00e1llalkoz\u00e1s, valamint n\u0151i \u00e9s fiatal v\u00e1llalkoz\u00f3k kapnak lehet\u0151s\u00e9get k\u00e9pess\u00e9geik fejleszt\u00e9s\u00e9re \u00e9s a digit\u00e1lis \u00e1t\u00e1ll\u00e1sra. Az adom\u00e1nyoz\u00e1s el\u0151seg\u00edti az inkluz\u00edv t\u00e1rsadalom \u00e9s a gazdas\u00e1gi egyenl\u0151s\u00e9g er\u0151s\u00edt\u00e9s\u00e9t, amely kiemelt jelent\u0151s\u00e9ggel b\u00edr az ESG jelent\u00e9sek t\u00e1rsadalmi aspektus\u00e1ban.<\/li>\n<\/ol>\n<p>&nbsp;<\/p>\n<ol start=\"2\">\n<li><strong> Fenntarthat\u00f3 \u00fczleti gyakorlatok (Governance):<\/strong> Az adom\u00e1nyoz\u00e1s seg\u00edti a v\u00e1llalatokat abban, hogy demonstr\u00e1lj\u00e1k elk\u00f6telezetts\u00e9g\u00fcket a felel\u0151s v\u00e1llalatir\u00e1ny\u00edt\u00e1s \u00e9s az etikus \u00fczleti magatart\u00e1s ir\u00e1nt. Az Adj Hozz\u00e1! programok t\u00e1mogat\u00e1sa, mint p\u00e9ld\u00e1ul a gener\u00e1ci\u00f3v\u00e1lt\u00e1s el\u0151seg\u00edt\u00e9s\u00e9t c\u00e9lz\u00f3 V\u00c1LL-FA, el\u0151seg\u00edti az innovat\u00edv v\u00e1llalkoz\u00f3i \u00f6kosziszt\u00e9ma fenntart\u00e1s\u00e1t \u00e9s fejleszt\u00e9s\u00e9t, amely k\u00f6zvetve hozz\u00e1j\u00e1rul a stabil \u00fczleti k\u00f6rnyezet kialak\u00edt\u00e1s\u00e1hoz.<\/li>\n<\/ol>\n<p>&nbsp;<\/p>\n<ol start=\"3\">\n<li><strong> Fenntarthat\u00f3s\u00e1gi \u00e1tl\u00e1that\u00f3s\u00e1g (Transparency):<\/strong> Az ESG jelent\u00e9st\u00e9tel fontos eleme az \u00e1tl\u00e1that\u00f3s\u00e1g \u00e9s a fenntarthat\u00f3s\u00e1g ir\u00e1nti elk\u00f6telezetts\u00e9g bemutat\u00e1sa. Az Adj Hozz\u00e1! programhoz val\u00f3 hozz\u00e1j\u00e1rul\u00e1s r\u00e9v\u00e9n az adom\u00e1nyoz\u00f3k egy\u00e9rtelm\u0171en bemutathatj\u00e1k, hogyan j\u00e1rulnak hozz\u00e1 a k\u00f6z\u00f6ss\u00e9gi \u00e9rt\u00e9kteremt\u00e9shez, \u00e9s hogyan seg\u00edtenek az alulr\u00f3l j\u00f6v\u0151 kezdem\u00e9nyez\u00e9sek t\u00e1mogat\u00e1s\u00e1ban, amelyek hossz\u00fa t\u00e1von hozz\u00e1j\u00e1rulnak a fenntarthat\u00f3 gazdas\u00e1gi n\u00f6veked\u00e9shez.<\/li>\n<\/ol>\n<p>&nbsp;<\/p>\n<p>A hozz\u00e1j\u00e1rul\u00e1s az ESG transzform\u00e1ci\u00f3 r\u00e9szek\u00e9nt \u00e9rt\u00e9kelhet\u0151, mivel el\u0151seg\u00edti a fenntarthat\u00f3s\u00e1gi c\u00e9lok kit\u0171z\u00e9s\u00e9t \u00e9s teljes\u00edt\u00e9s\u00e9t, \u00e9s seg\u00edti a v\u00e1llalatokat abban, hogy akt\u00edvan r\u00e9szt vegyenek a t\u00e1rsadalmi \u00e9s gazdas\u00e1gi v\u00e1ltoz\u00e1sok form\u00e1l\u00e1s\u00e1ban. Ez\u00e1ltal az Adj Hozz\u00e1! program t\u00e1mogat\u00e1sa nem csup\u00e1n j\u00f3t\u00e9kony cselekedet, hanem strat\u00e9giai ESG l\u00e9p\u00e9s is.<\/p>\n<p>&nbsp;<\/p>\n<p><strong>Az adom\u00e1nyoz\u00f3k sz\u00e1m\u00e1ra tov\u00e1bbi el\u0151ny\u00f6k, amelyek vonz\u00f3v\u00e1 tehetik az Adj Hozz\u00e1! program t\u00e1mogat\u00e1s\u00e1t:<\/strong><\/p>\n<p>&nbsp;<\/p>\n<ol>\n<li><strong> CSR-c\u00e9lok el\u00e9r\u00e9se \u00e9s hiteless\u00e9g:<\/strong> Az Adj Hozz\u00e1! programhoz val\u00f3 hozz\u00e1j\u00e1rul\u00e1s seg\u00edti a v\u00e1llalatokat abban, hogy hangs\u00falyozz\u00e1k \u00e9s er\u0151s\u00edts\u00e9k v\u00e1llalati t\u00e1rsadalmi felel\u0151ss\u00e9gv\u00e1llal\u00e1si (CSR) t\u00f6rekv\u00e9seiket. Az ilyen t\u00edpus\u00fa adom\u00e1nyoz\u00e1s nyilv\u00e1nval\u00f3v\u00e1 teszi a c\u00e9g elk\u00f6telezetts\u00e9g\u00e9t a t\u00e1rsadalmi fejl\u0151d\u00e9s \u00e9s a fenntarthat\u00f3s\u00e1g mellett, ami n\u00f6veli a v\u00e1llalat hiteless\u00e9g\u00e9t az \u00fcgyfelek, partnerek \u00e9s befektet\u0151k szem\u00e9ben.<\/li>\n<\/ol>\n<p>&nbsp;<\/p>\n<ol start=\"2\">\n<li><strong> Befektet\u0151i bizalom \u00e9s vonzer\u0151 n\u00f6vel\u00e9se:<\/strong> Az ESG c\u00e9lokat el\u0151seg\u00edt\u0151 adom\u00e1nyoz\u00e1s \u00e9s akt\u00edv k\u00f6z\u00f6ss\u00e9gi r\u00e9szv\u00e9tel jav\u00edtja a c\u00e9g ESG besorol\u00e1s\u00e1t, ami fontos t\u00e9nyez\u0151v\u00e9 v\u00e1lik a befektet\u0151i d\u00f6nt\u00e9shozatal sor\u00e1n. A fenntarthat\u00f3s\u00e1got \u00e9s k\u00f6z\u00f6ss\u00e9gi felel\u0151ss\u00e9gv\u00e1llal\u00e1st bizony\u00edt\u00f3 c\u00e9gek vonz\u00f3bb\u00e1 v\u00e1lnak a tudatos befektet\u0151k sz\u00e1m\u00e1ra.<\/li>\n<\/ol>\n<p>&nbsp;<\/p>\n<ol start=\"3\">\n<li><strong> Innov\u00e1ci\u00f3s egy\u00fcttm\u0171k\u00f6d\u00e9sek \u00e9s partners\u00e9gek<\/strong>: Az Adj Hozz\u00e1! program t\u00e1mogat\u00e1s\u00e1val a nagyv\u00e1llalatok k\u00f6zvetlen kapcsolatot \u00e9p\u00edthetnek ki innovat\u00edv, felt\u00f6rekv\u0151 v\u00e1llalkoz\u00e1sokkal, amelyek \u00faj technol\u00f3gi\u00e1kat \u00e9s \u00f6tleteket hozhatnak a c\u00e9g \u00e9let\u00e9be. Ez hozz\u00e1j\u00e1rul a c\u00e9g innov\u00e1ci\u00f3s strat\u00e9gi\u00e1j\u00e1nak b\u0151v\u00edt\u00e9s\u00e9hez, mik\u00f6zben a j\u00f6v\u0151beni egy\u00fcttm\u0171k\u00f6d\u00e9sek lehet\u0151s\u00e9g\u00e9t is el\u0151seg\u00edti.<\/li>\n<\/ol>\n<p>&nbsp;<\/p>\n<ol start=\"4\">\n<li><strong> Munk\u00e1ltat\u00f3i m\u00e1rka er\u0151s\u00edt\u00e9se<\/strong>: Az adom\u00e1nyoz\u00e1s \u00e9s a k\u00f6z\u00f6ss\u00e9gi t\u00e1mogat\u00e1s megmutatja, hogy a v\u00e1llalat nemcsak a profitszerz\u00e9sre \u00f6sszpontos\u00edt, hanem t\u00f6r\u0151dik a k\u00f6z\u00f6ss\u00e9ggel \u00e9s az emberekkel. Ez seg\u00edti a c\u00e9g munk\u00e1ltat\u00f3i m\u00e1rk\u00e1j\u00e1nak er\u0151s\u00edt\u00e9s\u00e9t, ami fontos szempont a tehets\u00e9gek vonz\u00e1sa \u00e9s megtart\u00e1sa szempontj\u00e1b\u00f3l.<\/li>\n<\/ol>\n<p>&nbsp;<\/p>\n<ol start=\"5\">\n<li><strong> Szab\u00e1lyoz\u00e1si megfelel\u0151s\u00e9g \u00e9s ESG kock\u00e1zatkezel\u00e9s:<\/strong> Az Eur\u00f3pai Uni\u00f3 \u00e1ltal egyre szigor\u00fabban szab\u00e1lyozott fenntarthat\u00f3s\u00e1gi jelent\u00e9st\u00e9teli k\u00f6telezetts\u00e9gek betart\u00e1sa \u00e9rdek\u00e9ben a c\u00e9geknek \u00e9rdemes olyan programokhoz kapcsol\u00f3dni, mint az Adj Hozz\u00e1!, amelyek seg\u00edtik az ESG c\u00e9lok el\u00e9r\u00e9s\u00e9t \u00e9s az \u00e1tl\u00e1that\u00f3 m\u0171k\u00f6d\u00e9s bemutat\u00e1s\u00e1t. Az ilyen programok t\u00e1mogat\u00e1sa hozz\u00e1j\u00e1rul az ESG kock\u00e1zatok hat\u00e9konyabb kezel\u00e9s\u00e9hez \u00e9s a szab\u00e1lyoz\u00e1si k\u00f6vetelm\u00e9nyek teljes\u00edt\u00e9s\u00e9hez.<\/li>\n<\/ol>\n<p>&nbsp;<\/p>\n<ol start=\"6\">\n<li><strong> Hossz\u00fa t\u00e1v\u00fa k\u00f6z\u00f6ss\u00e9gi \u00e9s gazdas\u00e1gi stabilit\u00e1s t\u00e1mogat\u00e1sa<\/strong>: Az Adj Hozz\u00e1! programban val\u00f3 r\u00e9szv\u00e9tel r\u00e9v\u00e9n a v\u00e1llalatok seg\u00edthetnek meger\u0151s\u00edteni a helyi k\u00f6z\u00f6ss\u00e9geket, ami k\u00f6zvetve hozz\u00e1j\u00e1rul a gazdas\u00e1gi stabilit\u00e1shoz \u00e9s a fenntarthat\u00f3 n\u00f6veked\u00e9shez. Ez k\u00fcl\u00f6n\u00f6sen fontos azok sz\u00e1m\u00e1ra, akik olyan piacokon m\u0171k\u00f6dnek, ahol a k\u00f6z\u00f6ss\u00e9gi t\u00e1mogat\u00e1s \u00e9s bizalom kiemelt jelent\u0151s\u00e9g\u0171 a hossz\u00fa t\u00e1v\u00fa sikerhez.<\/li>\n<\/ol>\n<p>&nbsp;<\/p>\n<p><strong>Az el\u0151ny\u00f6k \u00f6sszess\u00e9g\u00e9ben azt mutatj\u00e1k, hogy az Adj Hozz\u00e1! program t\u00e1mogat\u00e1sa nemcsak t\u00e1rsadalmi \u00e9rt\u00e9ket teremt, hanem strat\u00e9giai \u00fczleti el\u0151ny\u00f6ket is biztos\u00edt az adom\u00e1nyoz\u00f3 v\u00e1llalatok sz\u00e1m\u00e1ra.<\/strong><\/p>\n<p>&nbsp;<\/p>\n","protected":false},"featured_media":4722,"menu_order":0,"template":"","meta":{"_acf_changed":false},"class_list":["post-4721","hirek","type-hirek","status-publish","has-post-thumbnail","hentry"],"acf":[],"yoast_head":"<!-- This site is optimized with the Yoast SEO plugin v27.4 - https:\/\/yoast.com\/product\/yoast-seo-wordpress\/ -->\n<title>ESG jelent\u00e9s \u00e9s adom\u00e1nyoz\u00e1s egyben? Az Adj Hozz\u00e1! alappal mi\u00e9rt ne? - Seed<\/title>\n<meta name=\"robots\" content=\"index, follow, max-snippet:-1, max-image-preview:large, max-video-preview:-1\" \/>\n<link rel=\"canonical\" href=\"https:\/\/seed.hu\/hirek\/esg-jelentes-es-adomanyozas-egyben-az-adj-hozza-alappal-miert-ne\/\" \/>\n<meta property=\"og:locale\" content=\"en_US\" \/>\n<meta property=\"og:type\" content=\"article\" \/>\n<meta property=\"og:title\" content=\"ESG jelent\u00e9s \u00e9s adom\u00e1nyoz\u00e1s egyben? Az Adj Hozz\u00e1! alappal mi\u00e9rt ne? - Seed\" \/>\n<meta property=\"og:description\" content=\"Az adom\u00e1nyoz\u00f3k sz\u00e1m\u00e1ra az Adj Hozz\u00e1! programban val\u00f3 r\u00e9szv\u00e9tel sz\u00e1mos el\u0151nyt biztos\u00edt, ezek k\u00f6z\u00fcl kiemelked\u0151: &nbsp; Er\u0151s v\u00e1llalati im\u00e1zs \u00e9s t\u00e1rsadalmi felel\u0151ss\u00e9gv\u00e1llal\u00e1s: Az adom\u00e1nyoz\u00e1s r\u00e9v\u00e9n a v\u00e1llalatok pozit\u00edv meg\u00edt\u00e9l\u00e9st szerezhetnek, \u00e9s kiemelik elk\u00f6telezetts\u00e9g\u00fcket a kisv\u00e1llalati k\u00f6z\u00f6ss\u00e9gek l\u00e9trej\u00f6tt \u00e9s fejl\u0151d\u00e9se ir\u00e1nt. \u00daj \u00fczleti kapcsolatok \u00e9s fiatal tehets\u00e9gek felfedez\u00e9se: Az esem\u00e9nyek, mint a V\u00c1LL-FA program, lehet\u0151s\u00e9get biztos\u00edtanak [&hellip;]\" \/>\n<meta property=\"og:url\" content=\"https:\/\/seed.hu\/hirek\/esg-jelentes-es-adomanyozas-egyben-az-adj-hozza-alappal-miert-ne\/\" \/>\n<meta property=\"og:site_name\" content=\"Seed\" \/>\n<meta property=\"og:image\" content=\"https:\/\/seed.hu\/wp-content\/uploads\/2024\/12\/two-businessman-discussing-their-chart-coffee-shop.jpg\" \/>\n\t<meta property=\"og:image:width\" content=\"2000\" \/>\n\t<meta property=\"og:image:height\" content=\"1333\" \/>\n\t<meta property=\"og:image:type\" content=\"image\/jpeg\" \/>\n<meta name=\"twitter:card\" content=\"summary_large_image\" \/>\n<meta name=\"twitter:label1\" content=\"Est. reading time\" \/>\n\t<meta name=\"twitter:data1\" content=\"4 minutes\" \/>\n<script type=\"application\/ld+json\" class=\"yoast-schema-graph\">{\"@context\":\"https:\\\/\\\/schema.org\",\"@graph\":[{\"@type\":\"WebPage\",\"@id\":\"https:\\\/\\\/seed.hu\\\/hirek\\\/esg-jelentes-es-adomanyozas-egyben-az-adj-hozza-alappal-miert-ne\\\/\",\"url\":\"https:\\\/\\\/seed.hu\\\/hirek\\\/esg-jelentes-es-adomanyozas-egyben-az-adj-hozza-alappal-miert-ne\\\/\",\"name\":\"ESG jelent\u00e9s \u00e9s adom\u00e1nyoz\u00e1s egyben? Az Adj Hozz\u00e1! alappal mi\u00e9rt ne? - Seed\",\"isPartOf\":{\"@id\":\"https:\\\/\\\/seed.hu\\\/#website\"},\"primaryImageOfPage\":{\"@id\":\"https:\\\/\\\/seed.hu\\\/hirek\\\/esg-jelentes-es-adomanyozas-egyben-az-adj-hozza-alappal-miert-ne\\\/#primaryimage\"},\"image\":{\"@id\":\"https:\\\/\\\/seed.hu\\\/hirek\\\/esg-jelentes-es-adomanyozas-egyben-az-adj-hozza-alappal-miert-ne\\\/#primaryimage\"},\"thumbnailUrl\":\"https:\\\/\\\/seed.hu\\\/wp-content\\\/uploads\\\/2024\\\/12\\\/two-businessman-discussing-their-chart-coffee-shop.jpg\",\"datePublished\":\"2024-12-11T21:22:38+00:00\",\"breadcrumb\":{\"@id\":\"https:\\\/\\\/seed.hu\\\/hirek\\\/esg-jelentes-es-adomanyozas-egyben-az-adj-hozza-alappal-miert-ne\\\/#breadcrumb\"},\"inLanguage\":\"en-US\",\"potentialAction\":[{\"@type\":\"ReadAction\",\"target\":[\"https:\\\/\\\/seed.hu\\\/hirek\\\/esg-jelentes-es-adomanyozas-egyben-az-adj-hozza-alappal-miert-ne\\\/\"]}]},{\"@type\":\"ImageObject\",\"inLanguage\":\"en-US\",\"@id\":\"https:\\\/\\\/seed.hu\\\/hirek\\\/esg-jelentes-es-adomanyozas-egyben-az-adj-hozza-alappal-miert-ne\\\/#primaryimage\",\"url\":\"https:\\\/\\\/seed.hu\\\/wp-content\\\/uploads\\\/2024\\\/12\\\/two-businessman-discussing-their-chart-coffee-shop.jpg\",\"contentUrl\":\"https:\\\/\\\/seed.hu\\\/wp-content\\\/uploads\\\/2024\\\/12\\\/two-businessman-discussing-their-chart-coffee-shop.jpg\",\"width\":2000,\"height\":1333},{\"@type\":\"BreadcrumbList\",\"@id\":\"https:\\\/\\\/seed.hu\\\/hirek\\\/esg-jelentes-es-adomanyozas-egyben-az-adj-hozza-alappal-miert-ne\\\/#breadcrumb\",\"itemListElement\":[{\"@type\":\"ListItem\",\"position\":1,\"name\":\"H\u00edrek\",\"item\":\"https:\\\/\\\/seed.hu\\\/hirek\\\/\"},{\"@type\":\"ListItem\",\"position\":2,\"name\":\"ESG jelent\u00e9s \u00e9s adom\u00e1nyoz\u00e1s egyben? Az Adj Hozz\u00e1! alappal mi\u00e9rt ne?\"}]},{\"@type\":\"WebSite\",\"@id\":\"https:\\\/\\\/seed.hu\\\/#website\",\"url\":\"https:\\\/\\\/seed.hu\\\/\",\"name\":\"Seed\",\"description\":\"\",\"potentialAction\":[{\"@type\":\"SearchAction\",\"target\":{\"@type\":\"EntryPoint\",\"urlTemplate\":\"https:\\\/\\\/seed.hu\\\/?s={search_term_string}\"},\"query-input\":{\"@type\":\"PropertyValueSpecification\",\"valueRequired\":true,\"valueName\":\"search_term_string\"}}],\"inLanguage\":\"en-US\"}]}<\/script>\n<!-- \/ Yoast SEO plugin. -->","yoast_head_json":{"title":"ESG jelent\u00e9s \u00e9s adom\u00e1nyoz\u00e1s egyben? Az Adj Hozz\u00e1! alappal mi\u00e9rt ne? - Seed","robots":{"index":"index","follow":"follow","max-snippet":"max-snippet:-1","max-image-preview":"max-image-preview:large","max-video-preview":"max-video-preview:-1"},"canonical":"https:\/\/seed.hu\/hirek\/esg-jelentes-es-adomanyozas-egyben-az-adj-hozza-alappal-miert-ne\/","og_locale":"en_US","og_type":"article","og_title":"ESG jelent\u00e9s \u00e9s adom\u00e1nyoz\u00e1s egyben? Az Adj Hozz\u00e1! alappal mi\u00e9rt ne? - Seed","og_description":"Az adom\u00e1nyoz\u00f3k sz\u00e1m\u00e1ra az Adj Hozz\u00e1! programban val\u00f3 r\u00e9szv\u00e9tel sz\u00e1mos el\u0151nyt biztos\u00edt, ezek k\u00f6z\u00fcl kiemelked\u0151: &nbsp; Er\u0151s v\u00e1llalati im\u00e1zs \u00e9s t\u00e1rsadalmi felel\u0151ss\u00e9gv\u00e1llal\u00e1s: Az adom\u00e1nyoz\u00e1s r\u00e9v\u00e9n a v\u00e1llalatok pozit\u00edv meg\u00edt\u00e9l\u00e9st szerezhetnek, \u00e9s kiemelik elk\u00f6telezetts\u00e9g\u00fcket a kisv\u00e1llalati k\u00f6z\u00f6ss\u00e9gek l\u00e9trej\u00f6tt \u00e9s fejl\u0151d\u00e9se ir\u00e1nt. \u00daj \u00fczleti kapcsolatok \u00e9s fiatal tehets\u00e9gek felfedez\u00e9se: Az esem\u00e9nyek, mint a V\u00c1LL-FA program, lehet\u0151s\u00e9get biztos\u00edtanak [&hellip;]","og_url":"https:\/\/seed.hu\/hirek\/esg-jelentes-es-adomanyozas-egyben-az-adj-hozza-alappal-miert-ne\/","og_site_name":"Seed","og_image":[{"width":2000,"height":1333,"url":"https:\/\/seed.hu\/wp-content\/uploads\/2024\/12\/two-businessman-discussing-their-chart-coffee-shop.jpg","type":"image\/jpeg"}],"twitter_card":"summary_large_image","twitter_misc":{"Est. reading time":"4 minutes"},"schema":{"@context":"https:\/\/schema.org","@graph":[{"@type":"WebPage","@id":"https:\/\/seed.hu\/hirek\/esg-jelentes-es-adomanyozas-egyben-az-adj-hozza-alappal-miert-ne\/","url":"https:\/\/seed.hu\/hirek\/esg-jelentes-es-adomanyozas-egyben-az-adj-hozza-alappal-miert-ne\/","name":"ESG jelent\u00e9s \u00e9s adom\u00e1nyoz\u00e1s egyben? Az Adj Hozz\u00e1! alappal mi\u00e9rt ne? - Seed","isPartOf":{"@id":"https:\/\/seed.hu\/#website"},"primaryImageOfPage":{"@id":"https:\/\/seed.hu\/hirek\/esg-jelentes-es-adomanyozas-egyben-az-adj-hozza-alappal-miert-ne\/#primaryimage"},"image":{"@id":"https:\/\/seed.hu\/hirek\/esg-jelentes-es-adomanyozas-egyben-az-adj-hozza-alappal-miert-ne\/#primaryimage"},"thumbnailUrl":"https:\/\/seed.hu\/wp-content\/uploads\/2024\/12\/two-businessman-discussing-their-chart-coffee-shop.jpg","datePublished":"2024-12-11T21:22:38+00:00","breadcrumb":{"@id":"https:\/\/seed.hu\/hirek\/esg-jelentes-es-adomanyozas-egyben-az-adj-hozza-alappal-miert-ne\/#breadcrumb"},"inLanguage":"en-US","potentialAction":[{"@type":"ReadAction","target":["https:\/\/seed.hu\/hirek\/esg-jelentes-es-adomanyozas-egyben-az-adj-hozza-alappal-miert-ne\/"]}]},{"@type":"ImageObject","inLanguage":"en-US","@id":"https:\/\/seed.hu\/hirek\/esg-jelentes-es-adomanyozas-egyben-az-adj-hozza-alappal-miert-ne\/#primaryimage","url":"https:\/\/seed.hu\/wp-content\/uploads\/2024\/12\/two-businessman-discussing-their-chart-coffee-shop.jpg","contentUrl":"https:\/\/seed.hu\/wp-content\/uploads\/2024\/12\/two-businessman-discussing-their-chart-coffee-shop.jpg","width":2000,"height":1333},{"@type":"BreadcrumbList","@id":"https:\/\/seed.hu\/hirek\/esg-jelentes-es-adomanyozas-egyben-az-adj-hozza-alappal-miert-ne\/#breadcrumb","itemListElement":[{"@type":"ListItem","position":1,"name":"H\u00edrek","item":"https:\/\/seed.hu\/hirek\/"},{"@type":"ListItem","position":2,"name":"ESG jelent\u00e9s \u00e9s adom\u00e1nyoz\u00e1s egyben? Az Adj Hozz\u00e1! alappal mi\u00e9rt ne?"}]},{"@type":"WebSite","@id":"https:\/\/seed.hu\/#website","url":"https:\/\/seed.hu\/","name":"Seed","description":"","potentialAction":[{"@type":"SearchAction","target":{"@type":"EntryPoint","urlTemplate":"https:\/\/seed.hu\/?s={search_term_string}"},"query-input":{"@type":"PropertyValueSpecification","valueRequired":true,"valueName":"search_term_string"}}],"inLanguage":"en-US"}]}},"_links":{"self":[{"href":"https:\/\/seed.hu\/en\/wp-json\/wp\/v2\/hirek\/4721","targetHints":{"allow":["GET"]}}],"collection":[{"href":"https:\/\/seed.hu\/en\/wp-json\/wp\/v2\/hirek"}],"about":[{"href":"https:\/\/seed.hu\/en\/wp-json\/wp\/v2\/types\/hirek"}],"wp:featuredmedia":[{"embeddable":true,"href":"https:\/\/seed.hu\/en\/wp-json\/wp\/v2\/media\/4722"}],"wp:attachment":[{"href":"https:\/\/seed.hu\/en\/wp-json\/wp\/v2\/media?parent=4721"}],"curies":[{"name":"wp","href":"https:\/\/api.w.org\/{rel}","templated":true}]}}