{"id":4734,"date":"2024-12-11T23:20:57","date_gmt":"2024-12-11T22:20:57","guid":{"rendered":"https:\/\/seed.hu\/?post_type=hirek&#038;p=4734"},"modified":"2024-12-11T23:20:57","modified_gmt":"2024-12-11T22:20:57","slug":"transznacionalis-fellepes-a-hatranyos-helyzetu-vallalkozokert","status":"publish","type":"hirek","link":"https:\/\/seed.hu\/en\/hirek\/transznacionalis-fellepes-a-hatranyos-helyzetu-vallalkozokert\/","title":{"rendered":"Transznacion\u00e1lis fell\u00e9p\u00e9s a h\u00e1tr\u00e1nyos helyzet\u0171 v\u00e1llalkoz\u00f3k\u00e9rt"},"content":{"rendered":"<p><img loading=\"lazy\" decoding=\"async\" class=\"alignnone size-large wp-image-4735\" src=\"https:\/\/seed.hu\/wp-content\/uploads\/2024\/12\/TASK4ISI-1024x435.png\" alt=\"\" width=\"1024\" height=\"435\" srcset=\"https:\/\/seed.hu\/wp-content\/uploads\/2024\/12\/TASK4ISI-1024x435.png 1024w, https:\/\/seed.hu\/wp-content\/uploads\/2024\/12\/TASK4ISI-300x127.png 300w, https:\/\/seed.hu\/wp-content\/uploads\/2024\/12\/TASK4ISI-768x326.png 768w, https:\/\/seed.hu\/wp-content\/uploads\/2024\/12\/TASK4ISI.png 1256w\" sizes=\"auto, (max-width: 1024px) 100vw, 1024px\" \/><\/p>\n<p>A h\u00e1tr\u00e1nyos helyzet\u0171 v\u00e1llalkoz\u00f3k t\u00e1mogat\u00e1s\u00e1t t\u0171zte ki c\u00e9lul a \u201eTransznacion\u00e1lis fell\u00e9p\u00e9s a k\u00e9szs\u00e9gek \u00e9s kompetenci\u00e1k fejleszt\u00e9s\u00e9re a v\u00e1llalkoz\u00f3i szellem \u00e9s a t\u00e1rsadalmi innov\u00e1ci\u00f3 \u00e9rdek\u00e9ben\u201d (TASK4ISI) c\u00edm\u0171 projekt. A 2024 m\u00e1jus\u00e1ban indult kezdem\u00e9nyez\u00e9sben 11 nemzetk\u00f6zi partner m\u0171k\u00f6dik egy\u00fctt, k\u00f6zt\u00fck a Magyar Gazdas\u00e1gfejleszt\u00e9si \u00dcgyn\u00f6ks\u00e9g (MGF\u00dc), amely a Nemzetgazdas\u00e1gi Miniszt\u00e9rium tulajdonosi joggyakorl\u00e1sa alatt \u00e1ll, \u00e9s az Impact Hub Budapest.<\/p>\n<p>A projekt k\u00f6zponti eleme, hogy helyi inkluz\u00edv v\u00e1llalkoz\u00f3i \u00e9s szoci\u00e1lis innov\u00e1ci\u00f3s k\u00f6zpontokat (ISI HUB) hozzanak l\u00e9tre, amelyek t\u00e1mogatj\u00e1k a n\u0151i, fogyat\u00e9kkal \u00e9l\u0151 \u00e9s fiatal v\u00e1llalkoz\u00f3kat. Az ISI HUB-ok szem\u00e9lyre szabott fejleszt\u00e9si programokat k\u00edn\u00e1lnak, seg\u00edtve a c\u00e9lcsoport tagjait a versenyk\u00e9pess\u00e9g\u00fck jav\u00edt\u00e1s\u00e1ban \u00e9s \u00fczleti c\u00e9ljaik megval\u00f3s\u00edt\u00e1s\u00e1ban. A projektet a Krakk\u00f3i K\u00f6zgazdas\u00e1gi Egyetem vezeti, \u00e9s Ausztria, Horv\u00e1torsz\u00e1g, Lengyelorsz\u00e1g, Magyarorsz\u00e1g, N\u00e9metorsz\u00e1g \u00e9s Olaszorsz\u00e1g k\u00e9pvisel\u0151i is r\u00e9szt vesznek benne. A projekt partnerei k\u00fcl\u00f6nb\u00f6z\u0151 workshopokat tartanak, valamint v\u00e1llalkoz\u00f3i k\u00e9szs\u00e9gfejleszt\u0151 tananyagokat dolgoznak ki, hogy t\u00e1mogass\u00e1k a c\u00e9lcsoportokat a fenntarthat\u00f3 v\u00e1llalkoz\u00f3i tev\u00e9kenys\u00e9gek elind\u00edt\u00e1s\u00e1ban \u00e9s b\u0151v\u00edt\u00e9s\u00e9ben.<\/p>\n<p>Feh\u00e9rv\u00e1ry Tam\u00e1s, a Magyar Gazdas\u00e1gfejleszt\u00e9si \u00dcgyn\u00f6ks\u00e9g \u00fcgyvezet\u0151 igazgat\u00f3ja besz\u00e9d\u00e9ben elmondta: \u201eNemzetk\u00f6zi egy\u00fcttm\u0171k\u00f6d\u00e9si projektjeinkben is a v\u00e1llalkoz\u00e1sok\u00e9rt dolgozunk, ezek legf\u0151bb c\u00e9lja a v\u00e1llalkoz\u00e1sfejleszt\u00e9si j\u00f3 gyakorlatok megismer\u00e9se \u00e9s megoszt\u00e1sa nemzetk\u00f6zi szinten, ez\u00e1ltal innovat\u00edv \u00e9s magas sz\u00ednvonal\u00fa term\u00e9kek \u00e9s szolg\u00e1ltat\u00e1sok fejleszt\u00e9se. A TASK4ISI projekt k\u00fcl\u00f6nleges \u00e9rt\u00e9ke, hogy h\u00e1tr\u00e1nyos helyzet\u0171 v\u00e1llalkoz\u00f3kat seg\u00edt abban, hogy saj\u00e1t c\u00e9ljaik el\u00e9r\u00e9s\u00e9ben el\u0151rel\u00e9pjenek, \u00e9s ez\u00e1ltal versenyk\u00e9pesebb\u00e9 v\u00e1ljanak.\u201d<\/p>\n<p>A TASK4ISI projekt hossz\u00fa t\u00e1v\u00fa c\u00e9lja a t\u00e1rsadalmi innov\u00e1ci\u00f3 \u00f6szt\u00f6nz\u00e9se \u00e9s a v\u00e1llalkoz\u00f3i k\u00e9szs\u00e9gek fejleszt\u00e9se egy transznacion\u00e1lis, 108 tagot sz\u00e1ml\u00e1l\u00f3 h\u00e1l\u00f3zat keret\u00e9ben, amely jelent\u0151s hat\u00e1ssal lehet a r\u00e9szt vev\u0151 orsz\u00e1gok v\u00e1llalkoz\u00f3i \u00f6kosziszt\u00e9m\u00e1ira. \u201eAz Impact Hub Budapest 2016 \u00f3ta t\u00e1mogat v\u00e1llalkoz\u00e1sokat, t\u00e1rsadalmi v\u00e1llalkoz\u00e1sokat. Sz\u00e1mos v\u00e1llalkoz\u00e1sfejleszt\u00e9si programunk fut jelenleg is, eddig t\u00f6bb, mint 1.000 program r\u00e9sztvev\u0151vel \u00e9s a social media fel\u00fcleteken 10.000 embert \u00e9r\u00fcnk el. Hidat k\u00e9pez\u00fcnk a korm\u00e1nyzati, civil \u00e9s v\u00e1llalkoz\u00f3i szf\u00e9ra k\u00f6z\u00f6tt<br \/>\n\u00e9s c\u00e9lunk egy egyenl\u0151bb t\u00e1rsadalom. Innovat\u00edv kataliz\u00e1tork\u00e9nt m\u0171k\u00f6d\u00fcnk Budapesten rendezv\u00e9nyhelysz\u00ednk\u00e9nt \u00e9s k\u00f6z\u00f6ss\u00e9gi irodak\u00e9nt, a nemzetk\u00f6zi Impact Hub k\u00f6z\u00f6ss\u00e9g tagjak\u00e9nt, mely t\u00f6bb mint 120 v\u00e1rosban m\u0171k\u00f6dik szerte a vil\u00e1gon.\u201d \u2013 mondta Bed\u0151 Beatrix az Impact Hub Budapest<br \/>\nt\u00e1rsalap\u00edt\u00f3ja \u00e9s \u00fcgyvezet\u0151je.<\/p>\n<p><strong>Lakatosn\u00e9 Luk\u00e1cs Zsuzsanna a SEED Kisv\u00e1llalkoz\u00e1s-fejleszt\u00e9si Alap\u00edtv\u00e1ny \u00fcgyvezet\u0151 igazgat\u00f3ja <\/strong><strong>kiemelte:<\/strong> a h\u00e1tr\u00e1nyos helyzet\u0171 csoportok v\u00e1llalkoz\u00f3v\u00e1 v\u00e1l\u00e1sa \u00e9s fenntarthat\u00f3 v\u00e1llalkoz\u00e1sok m\u0171k\u00f6d\u00e9s\u00e9nek t\u00e1mogat\u00e1sa kiemelten fontos foglalkoztat\u00e1si \u00e9s versenyk\u00e9pess\u00e9gi t\u00e9nyez\u0151 minden orsz\u00e1g gazdas\u00e1g\u00e1ra n\u00e9zve. A programban is felkarolt speci\u00e1lis v\u00e1llalkoz\u00f3i csoportok eset\u00e9ben a k\u00e9szs\u00e9gek fejleszt\u00e9se mellett a kapcsolati t\u0151ke biztos\u00edt\u00e1sa, a v\u00e1llalkoz\u00f3i tapasztalat megszerz\u00e9se, a v\u00e1llalkoz\u00f3i j\u00f3gyakorlatok megismer\u00e9se \u00e9s \u00e1tv\u00e9tele a leghat\u00e9konyabb t\u00e1mogat\u00e1si forma, amely nem csak a c\u00e9g fejl\u0151d\u00e9s\u00e9hez, de a v\u00e1llalkoz\u00e1sok ellen\u00e1ll\u00f3k\u00e9pess\u00e9g\u00e9nek, a v\u00e1llalkoz\u00e1svezet\u0151 rugalmass\u00e1ga, rez\u00edliens m\u0171k\u00f6d\u00e9se n\u00f6vel\u00e9s\u00e9hez is hozz\u00e1j\u00e1rul.<\/p>\n<p>Ezt igazolja, hogy 2024-ben az Eur\u00f3pai Bizotts\u00e1g \u00e1ltal meghirdetett Eur\u00f3pai V\u00e1llalkoz\u00e1sfejleszt\u00e9si D\u00edj p\u00e1ly\u00e1zaton a n\u0151i \u00e9s fiatal v\u00e1llalkoz\u00f3i csoportokra kiemelten f\u00f3kusz\u00e1l\u00f3 Szem\u00e9lyes V\u00e1llalkoz\u00f3i Mentorprogram a 3 legjobb gyakorlat k\u00f6z\u00e9 ker\u00fclhetett.<\/p>\n<p>A TASK4ISI projekt a Central Transznacion\u00e1lis Programb\u00f3l, az Eur\u00f3pai Region\u00e1lis Fejleszt\u00e9si Alap<br \/>\nt\u00e1mogat\u00e1s\u00e1val, az Eur\u00f3pai Uni\u00f3 \u00e9s a Magyarorsz\u00e1g Korm\u00e1nya t\u00e1rsfinansz\u00edroz\u00e1s\u00e1val val\u00f3sul meg.<br \/>\nA projekt hivatalos honlapja: www.interreg-central.eu\/projects\/task4isi\/<\/p>\n","protected":false},"featured_media":4737,"menu_order":0,"template":"","meta":{"_acf_changed":false},"class_list":["post-4734","hirek","type-hirek","status-publish","has-post-thumbnail","hentry"],"acf":[],"yoast_head":"<!-- This site is optimized with the Yoast SEO plugin v27.4 - https:\/\/yoast.com\/product\/yoast-seo-wordpress\/ -->\n<title>Transznacion\u00e1lis fell\u00e9p\u00e9s a h\u00e1tr\u00e1nyos helyzet\u0171 v\u00e1llalkoz\u00f3k\u00e9rt - Seed<\/title>\n<meta name=\"robots\" content=\"index, follow, max-snippet:-1, max-image-preview:large, max-video-preview:-1\" \/>\n<link rel=\"canonical\" href=\"https:\/\/seed.hu\/hirek\/transznacionalis-fellepes-a-hatranyos-helyzetu-vallalkozokert\/\" \/>\n<meta property=\"og:locale\" content=\"en_US\" \/>\n<meta property=\"og:type\" content=\"article\" \/>\n<meta property=\"og:title\" content=\"Transznacion\u00e1lis fell\u00e9p\u00e9s a h\u00e1tr\u00e1nyos helyzet\u0171 v\u00e1llalkoz\u00f3k\u00e9rt - Seed\" \/>\n<meta property=\"og:description\" content=\"A h\u00e1tr\u00e1nyos helyzet\u0171 v\u00e1llalkoz\u00f3k t\u00e1mogat\u00e1s\u00e1t t\u0171zte ki c\u00e9lul a \u201eTransznacion\u00e1lis fell\u00e9p\u00e9s a k\u00e9szs\u00e9gek \u00e9s kompetenci\u00e1k fejleszt\u00e9s\u00e9re a v\u00e1llalkoz\u00f3i szellem \u00e9s a t\u00e1rsadalmi innov\u00e1ci\u00f3 \u00e9rdek\u00e9ben\u201d (TASK4ISI) c\u00edm\u0171 projekt. A 2024 m\u00e1jus\u00e1ban indult kezdem\u00e9nyez\u00e9sben 11 nemzetk\u00f6zi partner m\u0171k\u00f6dik egy\u00fctt, k\u00f6zt\u00fck a Magyar Gazdas\u00e1gfejleszt\u00e9si \u00dcgyn\u00f6ks\u00e9g (MGF\u00dc), amely a Nemzetgazdas\u00e1gi Miniszt\u00e9rium tulajdonosi joggyakorl\u00e1sa alatt \u00e1ll, \u00e9s az Impact Hub [&hellip;]\" \/>\n<meta property=\"og:url\" content=\"https:\/\/seed.hu\/hirek\/transznacionalis-fellepes-a-hatranyos-helyzetu-vallalkozokert\/\" \/>\n<meta property=\"og:site_name\" content=\"Seed\" \/>\n<meta property=\"og:image\" content=\"https:\/\/seed.hu\/wp-content\/uploads\/2024\/12\/TASK4ISI_sajttaj.jpg\" \/>\n\t<meta property=\"og:image:width\" content=\"800\" \/>\n\t<meta property=\"og:image:height\" content=\"533\" \/>\n\t<meta property=\"og:image:type\" content=\"image\/jpeg\" \/>\n<meta name=\"twitter:card\" content=\"summary_large_image\" \/>\n<meta name=\"twitter:label1\" content=\"Est. reading time\" \/>\n\t<meta name=\"twitter:data1\" content=\"3 minutes\" \/>\n<script type=\"application\/ld+json\" class=\"yoast-schema-graph\">{\"@context\":\"https:\\\/\\\/schema.org\",\"@graph\":[{\"@type\":\"WebPage\",\"@id\":\"https:\\\/\\\/seed.hu\\\/hirek\\\/transznacionalis-fellepes-a-hatranyos-helyzetu-vallalkozokert\\\/\",\"url\":\"https:\\\/\\\/seed.hu\\\/hirek\\\/transznacionalis-fellepes-a-hatranyos-helyzetu-vallalkozokert\\\/\",\"name\":\"Transznacion\u00e1lis fell\u00e9p\u00e9s a h\u00e1tr\u00e1nyos helyzet\u0171 v\u00e1llalkoz\u00f3k\u00e9rt - Seed\",\"isPartOf\":{\"@id\":\"https:\\\/\\\/seed.hu\\\/#website\"},\"primaryImageOfPage\":{\"@id\":\"https:\\\/\\\/seed.hu\\\/hirek\\\/transznacionalis-fellepes-a-hatranyos-helyzetu-vallalkozokert\\\/#primaryimage\"},\"image\":{\"@id\":\"https:\\\/\\\/seed.hu\\\/hirek\\\/transznacionalis-fellepes-a-hatranyos-helyzetu-vallalkozokert\\\/#primaryimage\"},\"thumbnailUrl\":\"https:\\\/\\\/seed.hu\\\/wp-content\\\/uploads\\\/2024\\\/12\\\/TASK4ISI_sajttaj.jpg\",\"datePublished\":\"2024-12-11T22:20:57+00:00\",\"breadcrumb\":{\"@id\":\"https:\\\/\\\/seed.hu\\\/hirek\\\/transznacionalis-fellepes-a-hatranyos-helyzetu-vallalkozokert\\\/#breadcrumb\"},\"inLanguage\":\"en-US\",\"potentialAction\":[{\"@type\":\"ReadAction\",\"target\":[\"https:\\\/\\\/seed.hu\\\/hirek\\\/transznacionalis-fellepes-a-hatranyos-helyzetu-vallalkozokert\\\/\"]}]},{\"@type\":\"ImageObject\",\"inLanguage\":\"en-US\",\"@id\":\"https:\\\/\\\/seed.hu\\\/hirek\\\/transznacionalis-fellepes-a-hatranyos-helyzetu-vallalkozokert\\\/#primaryimage\",\"url\":\"https:\\\/\\\/seed.hu\\\/wp-content\\\/uploads\\\/2024\\\/12\\\/TASK4ISI_sajttaj.jpg\",\"contentUrl\":\"https:\\\/\\\/seed.hu\\\/wp-content\\\/uploads\\\/2024\\\/12\\\/TASK4ISI_sajttaj.jpg\",\"width\":800,\"height\":533},{\"@type\":\"BreadcrumbList\",\"@id\":\"https:\\\/\\\/seed.hu\\\/hirek\\\/transznacionalis-fellepes-a-hatranyos-helyzetu-vallalkozokert\\\/#breadcrumb\",\"itemListElement\":[{\"@type\":\"ListItem\",\"position\":1,\"name\":\"H\u00edrek\",\"item\":\"https:\\\/\\\/seed.hu\\\/hirek\\\/\"},{\"@type\":\"ListItem\",\"position\":2,\"name\":\"Transznacion\u00e1lis fell\u00e9p\u00e9s a h\u00e1tr\u00e1nyos helyzet\u0171 v\u00e1llalkoz\u00f3k\u00e9rt\"}]},{\"@type\":\"WebSite\",\"@id\":\"https:\\\/\\\/seed.hu\\\/#website\",\"url\":\"https:\\\/\\\/seed.hu\\\/\",\"name\":\"Seed\",\"description\":\"\",\"potentialAction\":[{\"@type\":\"SearchAction\",\"target\":{\"@type\":\"EntryPoint\",\"urlTemplate\":\"https:\\\/\\\/seed.hu\\\/?s={search_term_string}\"},\"query-input\":{\"@type\":\"PropertyValueSpecification\",\"valueRequired\":true,\"valueName\":\"search_term_string\"}}],\"inLanguage\":\"en-US\"}]}<\/script>\n<!-- \/ Yoast SEO plugin. -->","yoast_head_json":{"title":"Transznacion\u00e1lis fell\u00e9p\u00e9s a h\u00e1tr\u00e1nyos helyzet\u0171 v\u00e1llalkoz\u00f3k\u00e9rt - Seed","robots":{"index":"index","follow":"follow","max-snippet":"max-snippet:-1","max-image-preview":"max-image-preview:large","max-video-preview":"max-video-preview:-1"},"canonical":"https:\/\/seed.hu\/hirek\/transznacionalis-fellepes-a-hatranyos-helyzetu-vallalkozokert\/","og_locale":"en_US","og_type":"article","og_title":"Transznacion\u00e1lis fell\u00e9p\u00e9s a h\u00e1tr\u00e1nyos helyzet\u0171 v\u00e1llalkoz\u00f3k\u00e9rt - Seed","og_description":"A h\u00e1tr\u00e1nyos helyzet\u0171 v\u00e1llalkoz\u00f3k t\u00e1mogat\u00e1s\u00e1t t\u0171zte ki c\u00e9lul a \u201eTransznacion\u00e1lis fell\u00e9p\u00e9s a k\u00e9szs\u00e9gek \u00e9s kompetenci\u00e1k fejleszt\u00e9s\u00e9re a v\u00e1llalkoz\u00f3i szellem \u00e9s a t\u00e1rsadalmi innov\u00e1ci\u00f3 \u00e9rdek\u00e9ben\u201d (TASK4ISI) c\u00edm\u0171 projekt. A 2024 m\u00e1jus\u00e1ban indult kezdem\u00e9nyez\u00e9sben 11 nemzetk\u00f6zi partner m\u0171k\u00f6dik egy\u00fctt, k\u00f6zt\u00fck a Magyar Gazdas\u00e1gfejleszt\u00e9si \u00dcgyn\u00f6ks\u00e9g (MGF\u00dc), amely a Nemzetgazdas\u00e1gi Miniszt\u00e9rium tulajdonosi joggyakorl\u00e1sa alatt \u00e1ll, \u00e9s az Impact Hub [&hellip;]","og_url":"https:\/\/seed.hu\/hirek\/transznacionalis-fellepes-a-hatranyos-helyzetu-vallalkozokert\/","og_site_name":"Seed","og_image":[{"width":800,"height":533,"url":"https:\/\/seed.hu\/wp-content\/uploads\/2024\/12\/TASK4ISI_sajttaj.jpg","type":"image\/jpeg"}],"twitter_card":"summary_large_image","twitter_misc":{"Est. reading time":"3 minutes"},"schema":{"@context":"https:\/\/schema.org","@graph":[{"@type":"WebPage","@id":"https:\/\/seed.hu\/hirek\/transznacionalis-fellepes-a-hatranyos-helyzetu-vallalkozokert\/","url":"https:\/\/seed.hu\/hirek\/transznacionalis-fellepes-a-hatranyos-helyzetu-vallalkozokert\/","name":"Transznacion\u00e1lis fell\u00e9p\u00e9s a h\u00e1tr\u00e1nyos helyzet\u0171 v\u00e1llalkoz\u00f3k\u00e9rt - Seed","isPartOf":{"@id":"https:\/\/seed.hu\/#website"},"primaryImageOfPage":{"@id":"https:\/\/seed.hu\/hirek\/transznacionalis-fellepes-a-hatranyos-helyzetu-vallalkozokert\/#primaryimage"},"image":{"@id":"https:\/\/seed.hu\/hirek\/transznacionalis-fellepes-a-hatranyos-helyzetu-vallalkozokert\/#primaryimage"},"thumbnailUrl":"https:\/\/seed.hu\/wp-content\/uploads\/2024\/12\/TASK4ISI_sajttaj.jpg","datePublished":"2024-12-11T22:20:57+00:00","breadcrumb":{"@id":"https:\/\/seed.hu\/hirek\/transznacionalis-fellepes-a-hatranyos-helyzetu-vallalkozokert\/#breadcrumb"},"inLanguage":"en-US","potentialAction":[{"@type":"ReadAction","target":["https:\/\/seed.hu\/hirek\/transznacionalis-fellepes-a-hatranyos-helyzetu-vallalkozokert\/"]}]},{"@type":"ImageObject","inLanguage":"en-US","@id":"https:\/\/seed.hu\/hirek\/transznacionalis-fellepes-a-hatranyos-helyzetu-vallalkozokert\/#primaryimage","url":"https:\/\/seed.hu\/wp-content\/uploads\/2024\/12\/TASK4ISI_sajttaj.jpg","contentUrl":"https:\/\/seed.hu\/wp-content\/uploads\/2024\/12\/TASK4ISI_sajttaj.jpg","width":800,"height":533},{"@type":"BreadcrumbList","@id":"https:\/\/seed.hu\/hirek\/transznacionalis-fellepes-a-hatranyos-helyzetu-vallalkozokert\/#breadcrumb","itemListElement":[{"@type":"ListItem","position":1,"name":"H\u00edrek","item":"https:\/\/seed.hu\/hirek\/"},{"@type":"ListItem","position":2,"name":"Transznacion\u00e1lis fell\u00e9p\u00e9s a h\u00e1tr\u00e1nyos helyzet\u0171 v\u00e1llalkoz\u00f3k\u00e9rt"}]},{"@type":"WebSite","@id":"https:\/\/seed.hu\/#website","url":"https:\/\/seed.hu\/","name":"Seed","description":"","potentialAction":[{"@type":"SearchAction","target":{"@type":"EntryPoint","urlTemplate":"https:\/\/seed.hu\/?s={search_term_string}"},"query-input":{"@type":"PropertyValueSpecification","valueRequired":true,"valueName":"search_term_string"}}],"inLanguage":"en-US"}]}},"_links":{"self":[{"href":"https:\/\/seed.hu\/en\/wp-json\/wp\/v2\/hirek\/4734","targetHints":{"allow":["GET"]}}],"collection":[{"href":"https:\/\/seed.hu\/en\/wp-json\/wp\/v2\/hirek"}],"about":[{"href":"https:\/\/seed.hu\/en\/wp-json\/wp\/v2\/types\/hirek"}],"wp:featuredmedia":[{"embeddable":true,"href":"https:\/\/seed.hu\/en\/wp-json\/wp\/v2\/media\/4737"}],"wp:attachment":[{"href":"https:\/\/seed.hu\/en\/wp-json\/wp\/v2\/media?parent=4734"}],"curies":[{"name":"wp","href":"https:\/\/api.w.org\/{rel}","templated":true}]}}