{"id":788,"date":"2018-02-07T22:31:22","date_gmt":"2018-02-07T21:31:22","guid":{"rendered":"https:\/\/seed.hu\/?post_type=hirek&#038;p=788"},"modified":"2022-01-17T17:50:12","modified_gmt":"2022-01-17T16:50:12","slug":"mit-tehet-ha-rendelkezni-akar-az-szja-11-rol","status":"publish","type":"hirek","link":"https:\/\/seed.hu\/en\/hirek\/mit-tehet-ha-rendelkezni-akar-az-szja-11-rol\/","title":{"rendered":"Mit tehet, ha rendelkezni akar az SZJA 1+1%-r\u00f3l?"},"content":{"rendered":"<p style=\"text-align: justify;\">A SEED Alap\u00edtv\u00e1ny nev\u00e9ben seg\u00edt\u00fcnk megv\u00e1laszolni ezt a k\u00e9rd\u00e9st!<\/p>\n<p style=\"text-align: justify;\">Az Alap\u00edtv\u00e1nyunk minden er\u0151forr\u00e1s\u00e1t a kisv\u00e1llalkoz\u00e1sok, a n\u0151i v\u00e1llalkoz\u00f3k, az es\u00e9lyegyenl\u0151s\u00e9g \u00e9s a fenntarthat\u00f3 fejl\u0151d\u00e9s szolg\u00e1lat\u00e1ba \u00e1ll\u00edtja \u00e9vr\u0151l \u00e9vre. B\u0151vebb inform\u00e1ci\u00f3k r\u00f3lunk: <a href=\"http:\/\/seed.hu\" target=\"_blank\" rel=\"noopener\">www.seed.hu<\/a> (hivatalos nev\u00fcnk: Kisv\u00e1llalkoz\u00e1s-fejleszt\u00e9si Alap\u00edtv\u00e1ny)<\/p>\n<p style=\"text-align: justify;\"><strong>Ad\u00f3sz\u00e1munk: 19014812-2-41<\/strong><\/p>\n<p style=\"text-align: justify;\">Szerepel\u00fcnk a NAV kedvezm\u00e9nyezettek list\u00e1j\u00e1n, jogosultak vagyunk felaj\u00e1nl\u00e1sokat fogadni.<\/p>\n<p style=\"text-align: justify;\">Megkeres\u00e9s\u00fcnkkel arra biztatjuk, hogy \u00d6n is seg\u00edtse a szem\u00e9lyi j\u00f6vedelemad\u00f3ja 1%-nak, r\u00e9sz\u00fcnkre t\u00f6rt\u00e9n\u0151 felaj\u00e1nl\u00e1s\u00e1val, a \u2013 m\u00e1r k\u00f6zel h\u00e1rom \u00e9vtizede tart\u00f3 \u2013 k\u00f6z\u00e9rdek\u0171 tev\u00e9kenys\u00e9g\u00fcnk fenntart\u00e1s\u00e1t \u00e9s kib\u0151v\u00edt\u00e9s\u00e9t.<\/p>\n<p style=\"text-align: justify;\">K\u00e9rj\u00fck, hogy olvassa v\u00e9gig \u00e9s fontolja meg az al\u00e1bbiakban le\u00edrt, \u00e1ltal\u00e1nos t\u00e1j\u00e9koztat\u00f3nkat, melyet abb\u00f3l a c\u00e9lb\u00f3l k\u00e9sz\u00edtett\u00fcnk, hogy a civil szektornak felaj\u00e1nlhat\u00f3 szem\u00e9lyi j\u00f6vedelemad\u00f3 min\u00e9l nagyobb r\u00e9sze szolg\u00e1ljon civil t\u00e1rsadalmi c\u00e9lokat!<\/p>\n<p style=\"text-align: justify;\">A rendelkezni jogosult ad\u00f3z\u00f3k <b>2018<\/b>-ban ism\u00e9t d\u00f6nthetnek a szem\u00e9lyi j\u00f6vedelemad\u00f3juk (tov\u00e1bbiakban SZJA) 1+1%-\u00e1r\u00f3l, hogy mely civil c\u00e9lokat seg\u00edtenek anyagi forr\u00e1sokhoz, kinek a munk\u00e1j\u00e1t t\u00e1mogatj\u00e1k. A rendelkez\u00e9si lehet\u0151s\u00e9g \u00e9s a nyilatkozat megt\u00e9tele igazodik a bevall\u00e1si hat\u00e1rid\u0151kh\u00f6z (Most a 2017 \u00e9vi SZJA bevall\u00e1sa \u00e9s rendelkez\u00e9se t\u00f6rt\u00e9nik).<\/p>\n<p style=\"text-align: justify;\">Azok az ad\u00f3z\u00f3k, akiknek legk\u00e9s\u0151bb <b>2018. febru\u00e1r 26-ig<\/b> kell beny\u00fajtaniuk SZJA bevall\u00e1sukat a NAV fel\u00e9, azok szinte kiv\u00e9tel n\u00e9lk\u00fcl rendelkeznek elektronikus \u00fcgyf\u00e9lkapu jogosults\u00e1ggal, \u00edgy nagyon egyszer\u0171en nyilatkozhatnak az elektronikus bevall\u00e1sban az SZJA 1+1% felaj\u00e1nl\u00e1s\u00e1r\u00f3l. J\u00f3 h\u00edr: ha b\u00e1rmilyen okb\u00f3l nem ker\u00fclne sor a rendelkez\u00e9sre, akkor ut\u00f3lagosan a 17EGYSZA jel\u0171, \u00f6n\u00e1ll\u00f3 nyomtatv\u00e1nyon nyilatkozni lehet 2018. m\u00e1jus 22-ig, a v\u00e9gleges SZJA bevall\u00e1si hat\u00e1rid\u0151ig.<\/p>\n<p style=\"text-align: justify;\">Azoknak az ad\u00f3z\u00f3knak, akiknek a bevall\u00e1si hat\u00e1ridej\u00fck <b>2018. m\u00e1jus 22-e<\/b>, azoknak t\u00f6bb lehet\u0151s\u00e9g\u00fck is van, elektronikus vagy postai \u00faton rendelkezhetnek az SZJA 1+1%-uk sors\u00e1r\u00f3l.<\/p>\n<p style=\"margin-bottom: 12.0pt;\">Akiknek van \u00fcgyf\u00e9lkapu haszn\u00e1lati jogosults\u00e1ga, azok t\u00f6bbf\u00e9le m\u00f3don nyilatkozhatnak:<\/p>\n<ul>\n<li>A <a href=\"http:\/\/magyarorszag.hu\" target=\"_blank\" rel=\"noopener\">magyarorszag.hu<\/a> c\u00edmen bel\u00e9pve az eSZJA port\u00e1lon kereszt\u00fcl: <a href=\"https:\/\/gate.gov.hu\/sso\/ap\/ApServlet?partnerid=ESZJA\" target=\"_blank\" rel=\"noopener\">https:\/\/gate.gov.hu\/sso\/ap\/ApServlet?partnerid=ESZJA<\/a> vagy<\/li>\n<li>az \u00e1ltal\u00e1nos nyomtatv\u00e1nykit\u00f6lt\u0151 program (<a href=\"http:\/\/www.nav.gov.hu\/nav\/letoltesek\/nyomtatvanykitolto_programok\/nyomtatvany_apeh\/keretprogramok\/abevjava_install.html\" target=\"_blank\" rel=\"noopener\">\u00c1NYK<\/a>) let\u00f6lt\u00e9se ut\u00e1n egyszer\u0171en kit\u00f6lthetik \u00e9s be is k\u00fcldhetik rendelkez\u0151 nyilatkozatukat illetve a <a href=\"http:\/\/www.nav.gov.hu\/nav\/letoltesek\/nyomtatvanykitolto_programok\/nyomtatvanykitolto_programok_nav\/nyilatkozatok\/17EGYSZA.html\" target=\"_blank\" rel=\"noopener\">17EGYSZA<\/a> nyomtatv\u00e1nyt.<\/li>\n<\/ul>\n<p style=\"text-align: justify;\">K\u00f6nyvel\u0151 k\u00f6zrem\u0171k\u00f6d\u00e9se eset\u00e9n m\u00e9g egyszer\u0171bb a dolog, de akkor ne felejts\u00e9k el, k\u00f6z\u00f6lni vele a kedvezm\u00e9nyezett szervezet ad\u00f3sz\u00e1m\u00e1t!<\/p>\n<p style=\"text-align: center;\" align=\"center\"><u><strong>A mi ad\u00f3sz\u00e1munk: 19014812-2-41<\/strong><\/u><\/p>\n<p style=\"text-align: justify;\">Akik nem rendelkeznek \u00fcgyf\u00e9lkapuval, m\u00e1rcius 15-ig telefonon vagy elektronikus \u00faton k\u00e9rhetik, hogy a NAV a bevall\u00e1si tervezetet pap\u00edralapon, post\u00e1n k\u00fcldje el sz\u00e1mukra. Amennyiben nem k\u00e9rik m\u00e1rcius 15-ig a post\u00e1z\u00e1st, akkor ad\u00f3bevall\u00e1si tervezet\u00fcket m\u00e1r csak szem\u00e9lyesen, a NAV \u00fcgyf\u00e9lszolg\u00e1lat\u00e1n tekinthetik meg. Az SZJA 1%-\u00e1t ez esetben is felaj\u00e1nlhatj\u00e1k civil c\u00e9lokra. K\u00e9rj\u00fck, hogy gondosan t\u00f6lts\u00e9k ki mell\u00e9kelt nyomtatv\u00e1nyt <a href=\"https:\/\/seed.hu\/files\/attachments\/mit-tehet-ha-rendelkezni-akar-az-szja-1-1-rol\/17egysza.doc\" target=\"_blank\" rel=\"noopener\"><img loading=\"lazy\" decoding=\"async\" src=\"https:\/\/seed.hu\/modules\/file\/icons\/x-office-document.png\" alt=\"\" width=\"16\" height=\"16\" \/><\/a>, amelyet <b>2018. m\u00e1jus 22-ig juttathatnak el az ad\u00f3hivatalhoz postai \u00faton vagy a NAV \u00fcgyf\u00e9lszolg\u00e1latain szem\u00e9lyesen.<\/b><\/p>\n<p style=\"text-align: justify;\">Hogy megk\u00f6nny\u00edts\u00fck az eligazod\u00e1st az elektronikus \u00e9s nem elektronikus rendszerek k\u00f6zt, k\u00e9sz\u00edtett\u00fcnk egy le\u00edr\u00e1st, hogy &#8220;mikor, hova kell kattintanti&#8221;. A le\u00edr\u00e1st az Alap\u00edtv\u00e1ny nyilv\u00e1nos tud\u00e1sb\u00e1zis oldal\u00e1n lehet megtal\u00e1lni, <a href=\"http:\/\/tudasbazis.seed.hu\/pages\/viewpage.action?pageId=63733798\" target=\"_blank\" rel=\"noopener\">ide kattintva<\/a>.<\/p>\n<p style=\"text-align: justify;\">Lehet, hogy nem minket tisztelnek meg azzal, hogy a sz\u00e1munkra aj\u00e1nlj\u00e1k fel az SZJA 1%-\u00e1t, ez esetben arra k\u00e9rj\u00fck \u00d6n\u00f6ket, hogy felt\u00e9tlen\u00fcl rendelkezzenek az ad\u00f3jukr\u00f3l valamely jogosult civil szervezet sz\u00e1m\u00e1ra!<\/p>\n<p style=\"text-align: justify;\">K\u00f6sz\u00f6nj\u00fck megtisztel\u0151 figyelm\u00fcket.<\/p>\n<p style=\"text-align: justify;\">K\u00fcl\u00f6n k\u00f6sz\u00f6net azoknak, akik t\u00e1mogat\u00e1sukkal es\u00e9lyt teremtenek a v\u00e1llalkoz\u00e1st tervez\u0151knek, v\u00e1llalkoz\u00e1st ind\u00edt\u00f3knak!<\/p>\n<p style=\"text-align: right;\">A SEED csapata<\/p>\n<p><a href=\"https:\/\/seed.hu\/hirek\/mit-tehet-ha-rendelkezni-akar-az-szja-11-rol\/17egysza\/\" rel=\"attachment wp-att-789\">17egysza<\/a><\/p>\n","protected":false},"featured_media":792,"menu_order":0,"template":"","meta":{"_acf_changed":false},"class_list":["post-788","hirek","type-hirek","status-publish","has-post-thumbnail","hentry"],"acf":[],"yoast_head":"<!-- This site is optimized with the Yoast SEO plugin v27.4 - https:\/\/yoast.com\/product\/yoast-seo-wordpress\/ -->\n<title>Mit tehet, ha rendelkezni akar az SZJA 1+1%-r\u00f3l? - Seed<\/title>\n<meta name=\"robots\" content=\"index, follow, max-snippet:-1, max-image-preview:large, max-video-preview:-1\" \/>\n<link rel=\"canonical\" href=\"https:\/\/seed.hu\/hirek\/mit-tehet-ha-rendelkezni-akar-az-szja-11-rol\/\" \/>\n<meta property=\"og:locale\" content=\"en_US\" \/>\n<meta property=\"og:type\" content=\"article\" \/>\n<meta property=\"og:title\" content=\"Mit tehet, ha rendelkezni akar az SZJA 1+1%-r\u00f3l? - Seed\" \/>\n<meta property=\"og:description\" content=\"A SEED Alap\u00edtv\u00e1ny nev\u00e9ben seg\u00edt\u00fcnk megv\u00e1laszolni ezt a k\u00e9rd\u00e9st! Az Alap\u00edtv\u00e1nyunk minden er\u0151forr\u00e1s\u00e1t a kisv\u00e1llalkoz\u00e1sok, a n\u0151i v\u00e1llalkoz\u00f3k, az es\u00e9lyegyenl\u0151s\u00e9g \u00e9s a fenntarthat\u00f3 fejl\u0151d\u00e9s szolg\u00e1lat\u00e1ba \u00e1ll\u00edtja \u00e9vr\u0151l \u00e9vre. B\u0151vebb inform\u00e1ci\u00f3k r\u00f3lunk: www.seed.hu (hivatalos nev\u00fcnk: Kisv\u00e1llalkoz\u00e1s-fejleszt\u00e9si Alap\u00edtv\u00e1ny) Ad\u00f3sz\u00e1munk: 19014812-2-41 Szerepel\u00fcnk a NAV kedvezm\u00e9nyezettek list\u00e1j\u00e1n, jogosultak vagyunk felaj\u00e1nl\u00e1sokat fogadni. Megkeres\u00e9s\u00fcnkkel arra biztatjuk, hogy \u00d6n is seg\u00edtse a [&hellip;]\" \/>\n<meta property=\"og:url\" content=\"https:\/\/seed.hu\/hirek\/mit-tehet-ha-rendelkezni-akar-az-szja-11-rol\/\" \/>\n<meta property=\"og:site_name\" content=\"Seed\" \/>\n<meta property=\"article:modified_time\" content=\"2022-01-17T16:50:12+00:00\" \/>\n<meta property=\"og:image\" content=\"https:\/\/seed.hu\/wp-content\/uploads\/2018\/04\/SEED_logo.png\" \/>\n\t<meta property=\"og:image:width\" content=\"250\" \/>\n\t<meta property=\"og:image:height\" content=\"206\" \/>\n\t<meta property=\"og:image:type\" content=\"image\/png\" \/>\n<meta name=\"twitter:card\" content=\"summary_large_image\" \/>\n<meta name=\"twitter:label1\" content=\"Est. reading time\" \/>\n\t<meta name=\"twitter:data1\" content=\"4 minutes\" \/>\n<script type=\"application\/ld+json\" class=\"yoast-schema-graph\">{\"@context\":\"https:\\\/\\\/schema.org\",\"@graph\":[{\"@type\":\"WebPage\",\"@id\":\"https:\\\/\\\/seed.hu\\\/hirek\\\/mit-tehet-ha-rendelkezni-akar-az-szja-11-rol\\\/\",\"url\":\"https:\\\/\\\/seed.hu\\\/hirek\\\/mit-tehet-ha-rendelkezni-akar-az-szja-11-rol\\\/\",\"name\":\"Mit tehet, ha rendelkezni akar az SZJA 1+1%-r\u00f3l? - Seed\",\"isPartOf\":{\"@id\":\"https:\\\/\\\/seed.hu\\\/#website\"},\"primaryImageOfPage\":{\"@id\":\"https:\\\/\\\/seed.hu\\\/hirek\\\/mit-tehet-ha-rendelkezni-akar-az-szja-11-rol\\\/#primaryimage\"},\"image\":{\"@id\":\"https:\\\/\\\/seed.hu\\\/hirek\\\/mit-tehet-ha-rendelkezni-akar-az-szja-11-rol\\\/#primaryimage\"},\"thumbnailUrl\":\"https:\\\/\\\/seed.hu\\\/wp-content\\\/uploads\\\/2018\\\/04\\\/SEED_logo.png\",\"datePublished\":\"2018-02-07T21:31:22+00:00\",\"dateModified\":\"2022-01-17T16:50:12+00:00\",\"breadcrumb\":{\"@id\":\"https:\\\/\\\/seed.hu\\\/hirek\\\/mit-tehet-ha-rendelkezni-akar-az-szja-11-rol\\\/#breadcrumb\"},\"inLanguage\":\"en-US\",\"potentialAction\":[{\"@type\":\"ReadAction\",\"target\":[\"https:\\\/\\\/seed.hu\\\/hirek\\\/mit-tehet-ha-rendelkezni-akar-az-szja-11-rol\\\/\"]}]},{\"@type\":\"ImageObject\",\"inLanguage\":\"en-US\",\"@id\":\"https:\\\/\\\/seed.hu\\\/hirek\\\/mit-tehet-ha-rendelkezni-akar-az-szja-11-rol\\\/#primaryimage\",\"url\":\"https:\\\/\\\/seed.hu\\\/wp-content\\\/uploads\\\/2018\\\/04\\\/SEED_logo.png\",\"contentUrl\":\"https:\\\/\\\/seed.hu\\\/wp-content\\\/uploads\\\/2018\\\/04\\\/SEED_logo.png\",\"width\":250,\"height\":206},{\"@type\":\"BreadcrumbList\",\"@id\":\"https:\\\/\\\/seed.hu\\\/hirek\\\/mit-tehet-ha-rendelkezni-akar-az-szja-11-rol\\\/#breadcrumb\",\"itemListElement\":[{\"@type\":\"ListItem\",\"position\":1,\"name\":\"H\u00edrek\",\"item\":\"https:\\\/\\\/seed.hu\\\/hirek\\\/\"},{\"@type\":\"ListItem\",\"position\":2,\"name\":\"Mit tehet, ha rendelkezni akar az SZJA 1+1%-r\u00f3l?\"}]},{\"@type\":\"WebSite\",\"@id\":\"https:\\\/\\\/seed.hu\\\/#website\",\"url\":\"https:\\\/\\\/seed.hu\\\/\",\"name\":\"Seed\",\"description\":\"\",\"potentialAction\":[{\"@type\":\"SearchAction\",\"target\":{\"@type\":\"EntryPoint\",\"urlTemplate\":\"https:\\\/\\\/seed.hu\\\/?s={search_term_string}\"},\"query-input\":{\"@type\":\"PropertyValueSpecification\",\"valueRequired\":true,\"valueName\":\"search_term_string\"}}],\"inLanguage\":\"en-US\"}]}<\/script>\n<!-- \/ Yoast SEO plugin. -->","yoast_head_json":{"title":"Mit tehet, ha rendelkezni akar az SZJA 1+1%-r\u00f3l? - Seed","robots":{"index":"index","follow":"follow","max-snippet":"max-snippet:-1","max-image-preview":"max-image-preview:large","max-video-preview":"max-video-preview:-1"},"canonical":"https:\/\/seed.hu\/hirek\/mit-tehet-ha-rendelkezni-akar-az-szja-11-rol\/","og_locale":"en_US","og_type":"article","og_title":"Mit tehet, ha rendelkezni akar az SZJA 1+1%-r\u00f3l? - Seed","og_description":"A SEED Alap\u00edtv\u00e1ny nev\u00e9ben seg\u00edt\u00fcnk megv\u00e1laszolni ezt a k\u00e9rd\u00e9st! Az Alap\u00edtv\u00e1nyunk minden er\u0151forr\u00e1s\u00e1t a kisv\u00e1llalkoz\u00e1sok, a n\u0151i v\u00e1llalkoz\u00f3k, az es\u00e9lyegyenl\u0151s\u00e9g \u00e9s a fenntarthat\u00f3 fejl\u0151d\u00e9s szolg\u00e1lat\u00e1ba \u00e1ll\u00edtja \u00e9vr\u0151l \u00e9vre. B\u0151vebb inform\u00e1ci\u00f3k r\u00f3lunk: www.seed.hu (hivatalos nev\u00fcnk: Kisv\u00e1llalkoz\u00e1s-fejleszt\u00e9si Alap\u00edtv\u00e1ny) Ad\u00f3sz\u00e1munk: 19014812-2-41 Szerepel\u00fcnk a NAV kedvezm\u00e9nyezettek list\u00e1j\u00e1n, jogosultak vagyunk felaj\u00e1nl\u00e1sokat fogadni. Megkeres\u00e9s\u00fcnkkel arra biztatjuk, hogy \u00d6n is seg\u00edtse a [&hellip;]","og_url":"https:\/\/seed.hu\/hirek\/mit-tehet-ha-rendelkezni-akar-az-szja-11-rol\/","og_site_name":"Seed","article_modified_time":"2022-01-17T16:50:12+00:00","og_image":[{"width":250,"height":206,"url":"https:\/\/seed.hu\/wp-content\/uploads\/2018\/04\/SEED_logo.png","type":"image\/png"}],"twitter_card":"summary_large_image","twitter_misc":{"Est. reading time":"4 minutes"},"schema":{"@context":"https:\/\/schema.org","@graph":[{"@type":"WebPage","@id":"https:\/\/seed.hu\/hirek\/mit-tehet-ha-rendelkezni-akar-az-szja-11-rol\/","url":"https:\/\/seed.hu\/hirek\/mit-tehet-ha-rendelkezni-akar-az-szja-11-rol\/","name":"Mit tehet, ha rendelkezni akar az SZJA 1+1%-r\u00f3l? - Seed","isPartOf":{"@id":"https:\/\/seed.hu\/#website"},"primaryImageOfPage":{"@id":"https:\/\/seed.hu\/hirek\/mit-tehet-ha-rendelkezni-akar-az-szja-11-rol\/#primaryimage"},"image":{"@id":"https:\/\/seed.hu\/hirek\/mit-tehet-ha-rendelkezni-akar-az-szja-11-rol\/#primaryimage"},"thumbnailUrl":"https:\/\/seed.hu\/wp-content\/uploads\/2018\/04\/SEED_logo.png","datePublished":"2018-02-07T21:31:22+00:00","dateModified":"2022-01-17T16:50:12+00:00","breadcrumb":{"@id":"https:\/\/seed.hu\/hirek\/mit-tehet-ha-rendelkezni-akar-az-szja-11-rol\/#breadcrumb"},"inLanguage":"en-US","potentialAction":[{"@type":"ReadAction","target":["https:\/\/seed.hu\/hirek\/mit-tehet-ha-rendelkezni-akar-az-szja-11-rol\/"]}]},{"@type":"ImageObject","inLanguage":"en-US","@id":"https:\/\/seed.hu\/hirek\/mit-tehet-ha-rendelkezni-akar-az-szja-11-rol\/#primaryimage","url":"https:\/\/seed.hu\/wp-content\/uploads\/2018\/04\/SEED_logo.png","contentUrl":"https:\/\/seed.hu\/wp-content\/uploads\/2018\/04\/SEED_logo.png","width":250,"height":206},{"@type":"BreadcrumbList","@id":"https:\/\/seed.hu\/hirek\/mit-tehet-ha-rendelkezni-akar-az-szja-11-rol\/#breadcrumb","itemListElement":[{"@type":"ListItem","position":1,"name":"H\u00edrek","item":"https:\/\/seed.hu\/hirek\/"},{"@type":"ListItem","position":2,"name":"Mit tehet, ha rendelkezni akar az SZJA 1+1%-r\u00f3l?"}]},{"@type":"WebSite","@id":"https:\/\/seed.hu\/#website","url":"https:\/\/seed.hu\/","name":"Seed","description":"","potentialAction":[{"@type":"SearchAction","target":{"@type":"EntryPoint","urlTemplate":"https:\/\/seed.hu\/?s={search_term_string}"},"query-input":{"@type":"PropertyValueSpecification","valueRequired":true,"valueName":"search_term_string"}}],"inLanguage":"en-US"}]}},"_links":{"self":[{"href":"https:\/\/seed.hu\/en\/wp-json\/wp\/v2\/hirek\/788","targetHints":{"allow":["GET"]}}],"collection":[{"href":"https:\/\/seed.hu\/en\/wp-json\/wp\/v2\/hirek"}],"about":[{"href":"https:\/\/seed.hu\/en\/wp-json\/wp\/v2\/types\/hirek"}],"wp:featuredmedia":[{"embeddable":true,"href":"https:\/\/seed.hu\/en\/wp-json\/wp\/v2\/media\/792"}],"wp:attachment":[{"href":"https:\/\/seed.hu\/en\/wp-json\/wp\/v2\/media?parent=788"}],"curies":[{"name":"wp","href":"https:\/\/api.w.org\/{rel}","templated":true}]}}