{"id":794,"date":"2018-04-10T21:51:28","date_gmt":"2018-04-10T19:51:28","guid":{"rendered":"https:\/\/seed.hu\/?post_type=hirek&#038;p=794"},"modified":"2022-01-17T17:53:20","modified_gmt":"2022-01-17T16:53:20","slug":"uj-ugyvezeto-igazgato-a-seed-kisvallalkozas-fejlesztesi-alapitvanynal","status":"publish","type":"hirek","link":"https:\/\/seed.hu\/en\/hirek\/uj-ugyvezeto-igazgato-a-seed-kisvallalkozas-fejlesztesi-alapitvanynal\/","title":{"rendered":"\u00daj \u00fcgyvezet\u0151 igazgat\u00f3 a SEED Kisv\u00e1llalkoz\u00e1s-fejleszt\u00e9si Alap\u00edtv\u00e1nyn\u00e1l"},"content":{"rendered":"<p>2018. \u00e1prilis 8-\u00e1t\u00f3l Lakatosn\u00e9 Luk\u00e1cs Zsuzsanna szem\u00e9ly\u00e9ben \u00faj \u00fcgyvezet\u0151 igazgat\u00f3 ir\u00e1ny\u00edtja az 1990-ben alap\u00edtott SEED Kisv\u00e1llalkoz\u00e1s-fejleszt\u00e9si Alap\u00edtv\u00e1ny munk\u00e1j\u00e1t.<\/p>\n<p>Az \u00faj \u00fcgyvezet\u0151 igazgat\u00f3 szakmai p\u00e1lyafut\u00e1sa a kezdetekt\u0151l \u00f6sszekapcsol\u00f3dik a szektorral, sz\u00edv\u00fcgye a kis- \u00e9s k\u00f6z\u00e9pv\u00e1llalkoz\u00e1sok versenyk\u00e9pess\u00e9g\u00e9nek jav\u00edt\u00e1sa, hat\u00e9konys\u00e1g\u00e1nak n\u00f6vel\u00e9se. Kezdetben a Gazdas\u00e1gi \u00e9s K\u00f6zleked\u00e9si Miniszt\u00e9rium KKV Finansz\u00edroz\u00e1si F\u0151oszt\u00e1ly\u00e1nak p\u00e9nz\u00fcgyi referensek\u00e9nt foglalkozott kkv-k finansz\u00edroz\u00e1si forr\u00e1shoz jut\u00e1s\u00e1t el\u0151seg\u00edt\u0151 konstrukci\u00f3k kialak\u00edt\u00e1s\u00e1val. A k\u00e9s\u0151bbiekben a Nemzetgazdas\u00e1gi Miniszt\u00e9rium V\u00e1llalkoz\u00e1sfejleszt\u00e9si F\u0151oszt\u00e1ly\u00e1n t\u00f6bb poz\u00edci\u00f3ban, legut\u00f3bb f\u0151oszt\u00e1lyvezet\u0151-helyettesk\u00e9nt, m\u0171k\u00f6d\u00f6tt k\u00f6zre a 2014-2020 k\u00f6z\u00f6tti \u00e9vek kkv-fejleszt\u00e9spolitik\u00e1ja s\u00falypontjainak meghat\u00e1roz\u00e1s\u00e1ban, amelynek fontos elem\u00e9t k\u00e9pezik a kkv-k hat\u00e9konys\u00e1g\u00e1t, rugalmass\u00e1g\u00e1t el\u0151seg\u00edt\u0151, v\u00e1llalkoz\u00f3i ismereteket \u00e9s tud\u00e1stranszfert biztos\u00edt\u00f3 int\u00e9zked\u00e9sek.<\/p>\n<p>A SEED Alap\u00edtv\u00e1ny nem ismeretlen sz\u00e1m\u00e1ra, hiszen 2015 decembere \u00f3ta \u0151 t\u00f6lti be a szervezet kurat\u00f3rium\u00e1nak eln\u00f6ki posztj\u00e1t.<\/p>\n<p>Lakatosn\u00e9 Luk\u00e1cs Zsuzsanna a SEED Alap\u00edtv\u00e1ny t\u00f6bb mint k\u00e9t \u00e9s f\u00e9l \u00e9vtizedes szakmai tapasztalataira, az ez id\u0151 alatt felhalmoz\u00f3dott tud\u00e1sra alapozva k\u00edv\u00e1nja \u00e9p\u00edteni a szervezet j\u00f6v\u0151j\u00e9t. Fontosnak tartja a SEED Alap\u00edtv\u00e1ny m\u0171k\u00f6d\u00e9s\u00e9nek az eddigin\u00e9l sz\u00e9lesebb piaci alapokra helyez\u00e9s\u00e9t, a tulajdonosi k\u00f6r soksz\u00edn\u0171s\u00e9g\u00e9b\u0151l ad\u00f3d\u00f3 szinergi\u00e1k kiakn\u00e1z\u00e1s\u00e1t, a hasonl\u00f3 profil\u00fa magyar v\u00e1llalkoz\u00e1sfejleszt\u00e9si szervezetekkel val\u00f3 egy\u00fcttm\u0171k\u00f6d\u00e9s elm\u00e9ly\u00edt\u00e9s\u00e9t, a nemzetk\u00f6zi v\u00e1llalkoz\u00e1sfejleszt\u00e9si j\u00f3 gyakorlatok megismer\u00e9s\u00e9t \u00e9s hazai adapt\u00e1l\u00e1s\u00e1t. Tervezi a SEED Alap\u00edtv\u00e1ny \u00e1ltal ny\u00fajtott szolg\u00e1ltat\u00e1sok c\u00e9lcsoportj\u00e1nak kiterjeszt\u00e9s\u00e9t is a n\u0151i v\u00e1llalkoz\u00f3k mellett a fiatal v\u00e1llalkoz\u00f3kra, ide \u00e9rtve a fiatal gazd\u00e1kat is, a gener\u00e1ci\u00f3v\u00e1lt\u00e1s el\u0151tt \u00e1ll\u00f3 v\u00e1llalkoz\u00e1sokra \u00e9s az 50+-os koroszt\u00e1ly v\u00e1llalkoz\u00f3ira. A szervezet tev\u00e9kenys\u00e9g\u00e9ben az eddigin\u00e9l is hangs\u00falyosabb szerepet sz\u00e1n az inkub\u00e1ci\u00f3nak \u00e9s a mentor\u00e1l\u00e1snak. K\u00f6z\u00e9pt\u00e1v\u00fa tervei k\u00f6z\u00f6tt szerepel, hogy a SEED Alap\u00edtv\u00e1nyb\u00f3l egy ismert \u00e9s elismert kkv kutat\u00e1si-m\u00f3dszertani k\u00f6zpont v\u00e1ljon.<\/p>\n<p>A Kisv\u00e1llalkoz\u00e1s-fejleszt\u00e9si Alap\u00edtv\u00e1nyt az elm\u00falt hat \u00e9vben vezet\u0151 Bal\u00e1zs Tibor \u00faj funkci\u00f3ban folytatja p\u00e1lyafut\u00e1s\u00e1t a szervezetn\u00e9l.\u00a0 A SEED Alap\u00edtv\u00e1ny egyik kiemelt c\u00e9lja a hazai v\u00e1llalkoz\u00e1sfejleszt\u00e9si szervezetek h\u00e1l\u00f3zatosod\u00e1s\u00e1nak el\u0151seg\u00edt\u00e9se, egy\u00fcttm\u0171k\u00f6d\u00e9sek \u00f6szt\u00f6nz\u00e9se, ennek r\u00e9v\u00e9n pedig a v\u00e1llalkoz\u00e1sok jelenlegi \u00e9s j\u00f6v\u0151beli ig\u00e9nyeire szabott szolg\u00e1ltat\u00e1sok el\u00e9rhet\u0151v\u00e9 t\u00e9tele. Bal\u00e1zs Tibor e feladat szakmai vezet\u0151jek\u00e9nt, illetve\u00a0v\u00e1llalkoz\u00e1sfejleszt\u00e9si m\u00f3dszertani szak\u00e9rt\u0151k\u00e9nt er\u0151s\u00edti a j\u00f6v\u0151ben a SEED Alap\u00edtv\u00e1ny csapat\u00e1t.<\/p>\n","protected":false},"featured_media":792,"menu_order":0,"template":"","meta":{"_acf_changed":false},"class_list":["post-794","hirek","type-hirek","status-publish","has-post-thumbnail","hentry"],"acf":[],"yoast_head":"<!-- This site is optimized with the Yoast SEO plugin v27.4 - https:\/\/yoast.com\/product\/yoast-seo-wordpress\/ -->\n<title>\u00daj \u00fcgyvezet\u0151 igazgat\u00f3 a SEED Kisv\u00e1llalkoz\u00e1s-fejleszt\u00e9si Alap\u00edtv\u00e1nyn\u00e1l - Seed<\/title>\n<meta name=\"robots\" content=\"index, follow, max-snippet:-1, max-image-preview:large, max-video-preview:-1\" \/>\n<link rel=\"canonical\" href=\"https:\/\/seed.hu\/hirek\/uj-ugyvezeto-igazgato-a-seed-kisvallalkozas-fejlesztesi-alapitvanynal\/\" \/>\n<meta property=\"og:locale\" content=\"en_US\" \/>\n<meta property=\"og:type\" content=\"article\" \/>\n<meta property=\"og:title\" content=\"\u00daj \u00fcgyvezet\u0151 igazgat\u00f3 a SEED Kisv\u00e1llalkoz\u00e1s-fejleszt\u00e9si Alap\u00edtv\u00e1nyn\u00e1l - Seed\" \/>\n<meta property=\"og:description\" content=\"2018. \u00e1prilis 8-\u00e1t\u00f3l Lakatosn\u00e9 Luk\u00e1cs Zsuzsanna szem\u00e9ly\u00e9ben \u00faj \u00fcgyvezet\u0151 igazgat\u00f3 ir\u00e1ny\u00edtja az 1990-ben alap\u00edtott SEED Kisv\u00e1llalkoz\u00e1s-fejleszt\u00e9si Alap\u00edtv\u00e1ny munk\u00e1j\u00e1t. Az \u00faj \u00fcgyvezet\u0151 igazgat\u00f3 szakmai p\u00e1lyafut\u00e1sa a kezdetekt\u0151l \u00f6sszekapcsol\u00f3dik a szektorral, sz\u00edv\u00fcgye a kis- \u00e9s k\u00f6z\u00e9pv\u00e1llalkoz\u00e1sok versenyk\u00e9pess\u00e9g\u00e9nek jav\u00edt\u00e1sa, hat\u00e9konys\u00e1g\u00e1nak n\u00f6vel\u00e9se. Kezdetben a Gazdas\u00e1gi \u00e9s K\u00f6zleked\u00e9si Miniszt\u00e9rium KKV Finansz\u00edroz\u00e1si F\u0151oszt\u00e1ly\u00e1nak p\u00e9nz\u00fcgyi referensek\u00e9nt foglalkozott kkv-k finansz\u00edroz\u00e1si forr\u00e1shoz jut\u00e1s\u00e1t el\u0151seg\u00edt\u0151 [&hellip;]\" \/>\n<meta property=\"og:url\" content=\"https:\/\/seed.hu\/hirek\/uj-ugyvezeto-igazgato-a-seed-kisvallalkozas-fejlesztesi-alapitvanynal\/\" \/>\n<meta property=\"og:site_name\" content=\"Seed\" \/>\n<meta property=\"article:modified_time\" content=\"2022-01-17T16:53:20+00:00\" \/>\n<meta property=\"og:image\" content=\"https:\/\/seed.hu\/wp-content\/uploads\/2018\/04\/SEED_logo.png\" \/>\n\t<meta property=\"og:image:width\" content=\"250\" \/>\n\t<meta property=\"og:image:height\" content=\"206\" \/>\n\t<meta property=\"og:image:type\" content=\"image\/png\" \/>\n<meta name=\"twitter:card\" content=\"summary_large_image\" \/>\n<meta name=\"twitter:label1\" content=\"Est. reading time\" \/>\n\t<meta name=\"twitter:data1\" content=\"2 minutes\" \/>\n<script type=\"application\/ld+json\" class=\"yoast-schema-graph\">{\"@context\":\"https:\\\/\\\/schema.org\",\"@graph\":[{\"@type\":\"WebPage\",\"@id\":\"https:\\\/\\\/seed.hu\\\/hirek\\\/uj-ugyvezeto-igazgato-a-seed-kisvallalkozas-fejlesztesi-alapitvanynal\\\/\",\"url\":\"https:\\\/\\\/seed.hu\\\/hirek\\\/uj-ugyvezeto-igazgato-a-seed-kisvallalkozas-fejlesztesi-alapitvanynal\\\/\",\"name\":\"\u00daj \u00fcgyvezet\u0151 igazgat\u00f3 a SEED Kisv\u00e1llalkoz\u00e1s-fejleszt\u00e9si Alap\u00edtv\u00e1nyn\u00e1l - Seed\",\"isPartOf\":{\"@id\":\"https:\\\/\\\/seed.hu\\\/#website\"},\"primaryImageOfPage\":{\"@id\":\"https:\\\/\\\/seed.hu\\\/hirek\\\/uj-ugyvezeto-igazgato-a-seed-kisvallalkozas-fejlesztesi-alapitvanynal\\\/#primaryimage\"},\"image\":{\"@id\":\"https:\\\/\\\/seed.hu\\\/hirek\\\/uj-ugyvezeto-igazgato-a-seed-kisvallalkozas-fejlesztesi-alapitvanynal\\\/#primaryimage\"},\"thumbnailUrl\":\"https:\\\/\\\/seed.hu\\\/wp-content\\\/uploads\\\/2018\\\/04\\\/SEED_logo.png\",\"datePublished\":\"2018-04-10T19:51:28+00:00\",\"dateModified\":\"2022-01-17T16:53:20+00:00\",\"breadcrumb\":{\"@id\":\"https:\\\/\\\/seed.hu\\\/hirek\\\/uj-ugyvezeto-igazgato-a-seed-kisvallalkozas-fejlesztesi-alapitvanynal\\\/#breadcrumb\"},\"inLanguage\":\"en-US\",\"potentialAction\":[{\"@type\":\"ReadAction\",\"target\":[\"https:\\\/\\\/seed.hu\\\/hirek\\\/uj-ugyvezeto-igazgato-a-seed-kisvallalkozas-fejlesztesi-alapitvanynal\\\/\"]}]},{\"@type\":\"ImageObject\",\"inLanguage\":\"en-US\",\"@id\":\"https:\\\/\\\/seed.hu\\\/hirek\\\/uj-ugyvezeto-igazgato-a-seed-kisvallalkozas-fejlesztesi-alapitvanynal\\\/#primaryimage\",\"url\":\"https:\\\/\\\/seed.hu\\\/wp-content\\\/uploads\\\/2018\\\/04\\\/SEED_logo.png\",\"contentUrl\":\"https:\\\/\\\/seed.hu\\\/wp-content\\\/uploads\\\/2018\\\/04\\\/SEED_logo.png\",\"width\":250,\"height\":206},{\"@type\":\"BreadcrumbList\",\"@id\":\"https:\\\/\\\/seed.hu\\\/hirek\\\/uj-ugyvezeto-igazgato-a-seed-kisvallalkozas-fejlesztesi-alapitvanynal\\\/#breadcrumb\",\"itemListElement\":[{\"@type\":\"ListItem\",\"position\":1,\"name\":\"H\u00edrek\",\"item\":\"https:\\\/\\\/seed.hu\\\/hirek\\\/\"},{\"@type\":\"ListItem\",\"position\":2,\"name\":\"\u00daj \u00fcgyvezet\u0151 igazgat\u00f3 a SEED Kisv\u00e1llalkoz\u00e1s-fejleszt\u00e9si Alap\u00edtv\u00e1nyn\u00e1l\"}]},{\"@type\":\"WebSite\",\"@id\":\"https:\\\/\\\/seed.hu\\\/#website\",\"url\":\"https:\\\/\\\/seed.hu\\\/\",\"name\":\"Seed\",\"description\":\"\",\"potentialAction\":[{\"@type\":\"SearchAction\",\"target\":{\"@type\":\"EntryPoint\",\"urlTemplate\":\"https:\\\/\\\/seed.hu\\\/?s={search_term_string}\"},\"query-input\":{\"@type\":\"PropertyValueSpecification\",\"valueRequired\":true,\"valueName\":\"search_term_string\"}}],\"inLanguage\":\"en-US\"}]}<\/script>\n<!-- \/ Yoast SEO plugin. -->","yoast_head_json":{"title":"\u00daj \u00fcgyvezet\u0151 igazgat\u00f3 a SEED Kisv\u00e1llalkoz\u00e1s-fejleszt\u00e9si Alap\u00edtv\u00e1nyn\u00e1l - Seed","robots":{"index":"index","follow":"follow","max-snippet":"max-snippet:-1","max-image-preview":"max-image-preview:large","max-video-preview":"max-video-preview:-1"},"canonical":"https:\/\/seed.hu\/hirek\/uj-ugyvezeto-igazgato-a-seed-kisvallalkozas-fejlesztesi-alapitvanynal\/","og_locale":"en_US","og_type":"article","og_title":"\u00daj \u00fcgyvezet\u0151 igazgat\u00f3 a SEED Kisv\u00e1llalkoz\u00e1s-fejleszt\u00e9si Alap\u00edtv\u00e1nyn\u00e1l - Seed","og_description":"2018. \u00e1prilis 8-\u00e1t\u00f3l Lakatosn\u00e9 Luk\u00e1cs Zsuzsanna szem\u00e9ly\u00e9ben \u00faj \u00fcgyvezet\u0151 igazgat\u00f3 ir\u00e1ny\u00edtja az 1990-ben alap\u00edtott SEED Kisv\u00e1llalkoz\u00e1s-fejleszt\u00e9si Alap\u00edtv\u00e1ny munk\u00e1j\u00e1t. Az \u00faj \u00fcgyvezet\u0151 igazgat\u00f3 szakmai p\u00e1lyafut\u00e1sa a kezdetekt\u0151l \u00f6sszekapcsol\u00f3dik a szektorral, sz\u00edv\u00fcgye a kis- \u00e9s k\u00f6z\u00e9pv\u00e1llalkoz\u00e1sok versenyk\u00e9pess\u00e9g\u00e9nek jav\u00edt\u00e1sa, hat\u00e9konys\u00e1g\u00e1nak n\u00f6vel\u00e9se. Kezdetben a Gazdas\u00e1gi \u00e9s K\u00f6zleked\u00e9si Miniszt\u00e9rium KKV Finansz\u00edroz\u00e1si F\u0151oszt\u00e1ly\u00e1nak p\u00e9nz\u00fcgyi referensek\u00e9nt foglalkozott kkv-k finansz\u00edroz\u00e1si forr\u00e1shoz jut\u00e1s\u00e1t el\u0151seg\u00edt\u0151 [&hellip;]","og_url":"https:\/\/seed.hu\/hirek\/uj-ugyvezeto-igazgato-a-seed-kisvallalkozas-fejlesztesi-alapitvanynal\/","og_site_name":"Seed","article_modified_time":"2022-01-17T16:53:20+00:00","og_image":[{"width":250,"height":206,"url":"https:\/\/seed.hu\/wp-content\/uploads\/2018\/04\/SEED_logo.png","type":"image\/png"}],"twitter_card":"summary_large_image","twitter_misc":{"Est. reading time":"2 minutes"},"schema":{"@context":"https:\/\/schema.org","@graph":[{"@type":"WebPage","@id":"https:\/\/seed.hu\/hirek\/uj-ugyvezeto-igazgato-a-seed-kisvallalkozas-fejlesztesi-alapitvanynal\/","url":"https:\/\/seed.hu\/hirek\/uj-ugyvezeto-igazgato-a-seed-kisvallalkozas-fejlesztesi-alapitvanynal\/","name":"\u00daj \u00fcgyvezet\u0151 igazgat\u00f3 a SEED Kisv\u00e1llalkoz\u00e1s-fejleszt\u00e9si Alap\u00edtv\u00e1nyn\u00e1l - Seed","isPartOf":{"@id":"https:\/\/seed.hu\/#website"},"primaryImageOfPage":{"@id":"https:\/\/seed.hu\/hirek\/uj-ugyvezeto-igazgato-a-seed-kisvallalkozas-fejlesztesi-alapitvanynal\/#primaryimage"},"image":{"@id":"https:\/\/seed.hu\/hirek\/uj-ugyvezeto-igazgato-a-seed-kisvallalkozas-fejlesztesi-alapitvanynal\/#primaryimage"},"thumbnailUrl":"https:\/\/seed.hu\/wp-content\/uploads\/2018\/04\/SEED_logo.png","datePublished":"2018-04-10T19:51:28+00:00","dateModified":"2022-01-17T16:53:20+00:00","breadcrumb":{"@id":"https:\/\/seed.hu\/hirek\/uj-ugyvezeto-igazgato-a-seed-kisvallalkozas-fejlesztesi-alapitvanynal\/#breadcrumb"},"inLanguage":"en-US","potentialAction":[{"@type":"ReadAction","target":["https:\/\/seed.hu\/hirek\/uj-ugyvezeto-igazgato-a-seed-kisvallalkozas-fejlesztesi-alapitvanynal\/"]}]},{"@type":"ImageObject","inLanguage":"en-US","@id":"https:\/\/seed.hu\/hirek\/uj-ugyvezeto-igazgato-a-seed-kisvallalkozas-fejlesztesi-alapitvanynal\/#primaryimage","url":"https:\/\/seed.hu\/wp-content\/uploads\/2018\/04\/SEED_logo.png","contentUrl":"https:\/\/seed.hu\/wp-content\/uploads\/2018\/04\/SEED_logo.png","width":250,"height":206},{"@type":"BreadcrumbList","@id":"https:\/\/seed.hu\/hirek\/uj-ugyvezeto-igazgato-a-seed-kisvallalkozas-fejlesztesi-alapitvanynal\/#breadcrumb","itemListElement":[{"@type":"ListItem","position":1,"name":"H\u00edrek","item":"https:\/\/seed.hu\/hirek\/"},{"@type":"ListItem","position":2,"name":"\u00daj \u00fcgyvezet\u0151 igazgat\u00f3 a SEED Kisv\u00e1llalkoz\u00e1s-fejleszt\u00e9si Alap\u00edtv\u00e1nyn\u00e1l"}]},{"@type":"WebSite","@id":"https:\/\/seed.hu\/#website","url":"https:\/\/seed.hu\/","name":"Seed","description":"","potentialAction":[{"@type":"SearchAction","target":{"@type":"EntryPoint","urlTemplate":"https:\/\/seed.hu\/?s={search_term_string}"},"query-input":{"@type":"PropertyValueSpecification","valueRequired":true,"valueName":"search_term_string"}}],"inLanguage":"en-US"}]}},"_links":{"self":[{"href":"https:\/\/seed.hu\/en\/wp-json\/wp\/v2\/hirek\/794","targetHints":{"allow":["GET"]}}],"collection":[{"href":"https:\/\/seed.hu\/en\/wp-json\/wp\/v2\/hirek"}],"about":[{"href":"https:\/\/seed.hu\/en\/wp-json\/wp\/v2\/types\/hirek"}],"wp:featuredmedia":[{"embeddable":true,"href":"https:\/\/seed.hu\/en\/wp-json\/wp\/v2\/media\/792"}],"wp:attachment":[{"href":"https:\/\/seed.hu\/en\/wp-json\/wp\/v2\/media?parent=794"}],"curies":[{"name":"wp","href":"https:\/\/api.w.org\/{rel}","templated":true}]}}