{"id":806,"date":"2018-06-12T15:37:50","date_gmt":"2018-06-12T13:37:50","guid":{"rendered":"https:\/\/seed.hu\/?post_type=hirek&#038;p=806"},"modified":"2022-01-17T18:17:16","modified_gmt":"2022-01-17T17:17:16","slug":"fiatal-vallalkozok-a-fenntarthatosagert","status":"publish","type":"hirek","link":"https:\/\/seed.hu\/en\/hirek\/fiatal-vallalkozok-a-fenntarthatosagert\/","title":{"rendered":"Fiatal v\u00e1llalkoz\u00f3k a fenntarthat\u00f3s\u00e1g\u00e9rt"},"content":{"rendered":"<p style=\"margin-bottom: 7.5pt; margin: 0cm 0cm 8pt;\"><span style=\"font-size: 11pt;\"><span style=\"line-height: 13.5pt;\"><span style=\"font-family: 'Calibri',sans-serif;\"><span style=\"font-size: 12.0pt;\"><span style=\"font-family: 'Times New Roman',serif;\">Az ENSZ Kereskedelmi \u00e9s Fejleszt\u00e9si Konferenci\u00e1ja (UNCTAD) 2018. okt\u00f3ber 22. \u00e9s 26. k\u00f6z\u00f6tt Genfben \u2013 a Vil\u00e1g Befektet\u00e9si F\u00f3rum r\u00e9szek\u00e9nt &#8211; szervezi meg k\u00f6vetkez\u0151 ifj\u00fas\u00e1gi f\u00f3rum\u00e1t, <i>Fiatal v\u00e1llalkoz\u00f3k: A bevon\u00f3 \u00e9s fenntarthat\u00f3 n\u00f6veked\u00e9s motorjai<\/i> c\u00edmmel.<\/span><\/span><\/span><\/span><\/span><\/p>\n<p style=\"margin-bottom: 7.5pt; margin: 0cm 0cm 8pt;\"><span style=\"font-size: 11pt;\"><span style=\"line-height: 13.5pt;\"><span style=\"font-family: 'Calibri',sans-serif;\"><span style=\"font-size: 12.0pt;\"><span style=\"font-family: 'Times New Roman',serif;\">Az idei ifj\u00fas\u00e1gi f\u00f3rumon f\u0151leg a fiatalok v\u00e1llalkoz\u00f3v\u00e1 v\u00e1l\u00e1s\u00e1nak el\u0151seg\u00edt\u00e9s\u00e9t \u00e9rint\u0151 t\u00e9m\u00e1k ker\u00fclnek napirendre, k\u00fcl\u00f6n\u00f6s tekintettel a fiatalok digit\u00e1lis k\u00e9pess\u00e9geinek \u00e9s t\u00e1rgyal\u00e1si k\u00e9szs\u00e9geinek fejleszt\u00e9s\u00e9re. A szervez\u0151k azt is szeretn\u00e9k megtudni, hogy milyen gondolatok foglalkoztatj\u00e1k a 18 \u00e9s 30 \u00e9v k\u00f6z\u00f6tti koroszt\u00e1lyokat, valamint arra is k\u00edv\u00e1ncsiak, hogy a fiatalok hogyan tudnak glob\u00e1lisan gondolkodni \u00e9s lok\u00e1lisan cselekedni. <\/span><\/span><\/span><\/span><\/span><\/p>\n<p style=\"margin-bottom: 7.5pt; margin: 0cm 0cm 8pt;\"><span style=\"font-size: 11pt;\"><span style=\"line-height: 13.5pt;\"><span style=\"font-family: 'Calibri',sans-serif;\"><span style=\"font-size: 12.0pt;\"><span style=\"font-family: 'Times New Roman',serif;\">A 2018-as UNCTAD Ifj\u00fas\u00e1gi F\u00f3rum a k\u00f6vetkez\u0151 lehet\u0151s\u00e9geket k\u00edn\u00e1lja a r\u00e9sztvev\u0151knek:<\/span><\/span><\/span><\/span><\/span><\/p>\n<ul>\n<li style=\"margin-bottom: 7.5pt; margin: 0cm 0cm 0.0001pt 36pt;\"><span style=\"font-size: 11pt;\"><span style=\"line-height: 13.5pt;\"><span style=\"font-family: 'Calibri',sans-serif;\"><span style=\"font-size: 12.0pt;\"><span style=\"font-family: 'Times New Roman',serif;\">v\u00e9lem\u00e9ny- \u00e9s tapasztalatcsere, kapcsolat\u00e9p\u00edt\u00e9s a vil\u00e1g k\u00fcl\u00f6nb\u00f6z\u0151 orsz\u00e1gainak majdani vezet\u0151ivel;<\/span><\/span><\/span><\/span><\/span><\/li>\n<li style=\"margin-bottom: 7.5pt; margin: 0cm 0cm 0.0001pt 36pt;\"><span style=\"font-size: 11pt;\"><span style=\"line-height: 13.5pt;\"><span style=\"font-family: 'Calibri',sans-serif;\"><span style=\"font-size: 12.0pt;\"><span style=\"font-family: 'Times New Roman',serif;\">interakt\u00edv p\u00e1rbesz\u00e9d a Fenntarthat\u00f3 Fejleszt\u00e9si C\u00e9lok el\u00e9r\u00e9s\u00e9ben \u00e9rdekelt glob\u00e1lis szerepl\u0151kkel, amelyek figyelm\u00e9t a fiatalok r\u00e1 tudj\u00e1k ir\u00e1ny\u00edtani a sz\u00e1mukra leg\u00e9get\u0151bb probl\u00e9m\u00e1kra, \u00e9s el tudj\u00e1k \u00e9rni, hogy ezekkel a probl\u00e9m\u00e1kkal nemzetk\u00f6zi szinten foglalkozzanak;<\/span><\/span><\/span><\/span><\/span><\/li>\n<li style=\"margin-bottom: 7.5pt; margin: 0cm 0cm 8pt 36pt;\"><span style=\"font-size: 11pt;\"><span style=\"line-height: 13.5pt;\"><span style=\"font-family: 'Calibri',sans-serif;\"><span style=\"font-size: 12.0pt;\"><span style=\"font-family: 'Times New Roman',serif;\">ismeretszerz\u00e9s az UNCTAD-nak a fiatalokhoz kapcsol\u00f3d\u00f3 munk\u00e1j\u00e1r\u00f3l \u00e9s projektjeir\u0151l, eszmecsere arr\u00f3l, hogy mik\u00e9ppen lehet \u0151ket m\u00e9g jobban bevonni azokba.<\/span><\/span><\/span><\/span><\/span><\/li>\n<\/ul>\n<p style=\"margin-bottom: 7.5pt; margin: 0cm 0cm 8pt;\"><span style=\"font-size: 11pt;\"><span style=\"line-height: 13.5pt;\"><span style=\"font-family: 'Calibri',sans-serif;\"><span style=\"font-size: 12.0pt;\"><span style=\"font-family: 'Times New Roman',serif;\">Az UNCTAD t\u00f6rt\u00e9net\u00e9nek els\u0151 ifj\u00fas\u00e1gi f\u00f3rum\u00e1t a 14. Miniszteri Konferencia keret\u00e9ben tartott\u00e1k 2016 j\u00falius\u00e1ban, Keny\u00e1ban. Az esem\u00e9nyen t\u00f6bb mint 70 orsz\u00e1g 250 fiatalja vett r\u00e9szt. A Miniszteri Konferencia z\u00e1r\u00f3 \u00fcl\u00e9s\u00e9n a fiatalok egy Ifj\u00fas\u00e1gi Nyilatkozatot tettek k\u00f6zz\u00e9, amelyben t\u00f6bb \u00e9s jobb \u00e1ll\u00e1st, sz\u00ednvonalasabb oktat\u00e1st \u00e9s felel\u0151sebb \u00e1llamot k\u00f6veteltek. Ez a nyilatkozat szerves r\u00e9sze lett a Miniszteri Konferencia dokumentumainak. <\/span><\/span><\/span><\/span><\/span><\/p>\n<p style=\"margin-bottom: 7.5pt; margin: 0cm 0cm 8pt;\"><span style=\"font-size: 11pt;\"><span style=\"line-height: 13.5pt;\"><span style=\"font-family: 'Calibri',sans-serif;\"><span style=\"font-size: 12.0pt;\"><span style=\"font-family: 'Times New Roman',serif;\">Az UNCTAD Ifj\u00fas\u00e1gi F\u00f3rumra k\u00f6r\u00fclbel\u00fcl 250 olyan 18 \u00e9s 30 \u00e9v k\u00f6z\u00f6tti di\u00e1kot \u00e9s fiatal szakembert v\u00e1rnak, akik \u00e9rdekl\u0151dnek a kereskedelem \u00e9s a fejleszt\u00e9s \u00fcgyei ir\u00e1nt. A jelentkez\u0151k k\u00f6z\u00fcl egy kompetit\u00edv folyamat sor\u00e1n v\u00e1lasztj\u00e1k ki a f\u00f3rum r\u00e9szvev\u0151it. <\/span><\/span><\/span><\/span><\/span><\/p>\n<p style=\"margin-bottom: 7.5pt; margin: 0cm 0cm 8pt;\"><span style=\"font-size: 11pt;\"><span style=\"line-height: 13.5pt;\"><span style=\"font-family: 'Calibri',sans-serif;\"><i><span style=\"font-size: 12.0pt;\"><span style=\"font-family: 'Times New Roman',serif;\">Jelentkez\u00e9si hat\u00e1rid\u0151: 2018. j\u00fanius 30., d\u00e9lut\u00e1n 5 \u00f3ra (genfi id\u0151, UTC+2).<\/span><\/span><\/i><\/span><\/span><\/span><\/p>\n<p><span style=\"font-size: 11pt;\"><span style=\"line-height: 13.5pt;\"><span style=\"font-family: 'Calibri',sans-serif;\"><span style=\"font-size: 12.0pt;\"><span style=\"font-family: 'Times New Roman',serif;\">A jelentkez\u00e9ssel kapcsolatos inform\u00e1ci\u00f3k ezen a linken \u00e9rhet\u0151k el: <a href=\"http:\/\/unctad.org\/meetings\/en\/SessionalDocuments\/osg_youth_2018d02_ToApply_en.pdf\">unctad.org\/meetings\/en\/SessionalDocuments\/osg_youth_2018d02_ToApply_en.pdf<\/a><\/span><\/span><\/span><\/span><\/span><\/p>\n<p><span style=\"font-size: 12.0pt;\"><span style=\"line-height: 107%;\"><span style=\"font-family: 'Times New Roman',serif;\">Az esem\u00e9nyen r\u00e9szt venni sz\u00e1nd\u00e9koz\u00f3k az <\/span><\/span><\/span><span style=\"font-size: 11.0pt;\"><span style=\"line-height: 107%;\"><span style=\"font-family: 'Calibri',sans-serif;\"><a href=\"mailto:unctadyouth@unctad.org\"><span style=\"font-size: 12.0pt;\"><span style=\"line-height: 107%;\"><span style=\"font-family: 'Times New Roman',serif;\"><span style=\"color: blue;\">unctadyouth@unctad.org<\/span><\/span><\/span><\/span><\/a><\/span><\/span><\/span><span style=\"font-size: 12.0pt;\"><span style=\"line-height: 107%;\"><span style=\"font-family: 'Times New Roman',serif;\"> c\u00edmen \u00e9rdekl\u0151dhetnek a tov\u00e1bbi r\u00e9szletek fel\u0151l. <\/span><\/span><\/span><\/p>\n","protected":false},"featured_media":0,"menu_order":0,"template":"","meta":{"_acf_changed":false},"class_list":["post-806","hirek","type-hirek","status-publish","hentry"],"acf":[],"yoast_head":"<!-- This site is optimized with the Yoast SEO plugin v27.4 - https:\/\/yoast.com\/product\/yoast-seo-wordpress\/ -->\n<title>Fiatal v\u00e1llalkoz\u00f3k a fenntarthat\u00f3s\u00e1g\u00e9rt - Seed<\/title>\n<meta name=\"robots\" content=\"index, follow, max-snippet:-1, max-image-preview:large, max-video-preview:-1\" \/>\n<link rel=\"canonical\" href=\"https:\/\/seed.hu\/hirek\/fiatal-vallalkozok-a-fenntarthatosagert\/\" \/>\n<meta property=\"og:locale\" content=\"en_US\" \/>\n<meta property=\"og:type\" content=\"article\" \/>\n<meta property=\"og:title\" content=\"Fiatal v\u00e1llalkoz\u00f3k a fenntarthat\u00f3s\u00e1g\u00e9rt - Seed\" \/>\n<meta property=\"og:description\" content=\"Az ENSZ Kereskedelmi \u00e9s Fejleszt\u00e9si Konferenci\u00e1ja (UNCTAD) 2018. okt\u00f3ber 22. \u00e9s 26. k\u00f6z\u00f6tt Genfben \u2013 a Vil\u00e1g Befektet\u00e9si F\u00f3rum r\u00e9szek\u00e9nt &#8211; szervezi meg k\u00f6vetkez\u0151 ifj\u00fas\u00e1gi f\u00f3rum\u00e1t, Fiatal v\u00e1llalkoz\u00f3k: A bevon\u00f3 \u00e9s fenntarthat\u00f3 n\u00f6veked\u00e9s motorjai c\u00edmmel. Az idei ifj\u00fas\u00e1gi f\u00f3rumon f\u0151leg a fiatalok v\u00e1llalkoz\u00f3v\u00e1 v\u00e1l\u00e1s\u00e1nak el\u0151seg\u00edt\u00e9s\u00e9t \u00e9rint\u0151 t\u00e9m\u00e1k ker\u00fclnek napirendre, k\u00fcl\u00f6n\u00f6s tekintettel a fiatalok digit\u00e1lis k\u00e9pess\u00e9geinek [&hellip;]\" \/>\n<meta property=\"og:url\" content=\"https:\/\/seed.hu\/hirek\/fiatal-vallalkozok-a-fenntarthatosagert\/\" \/>\n<meta property=\"og:site_name\" content=\"Seed\" \/>\n<meta property=\"article:modified_time\" content=\"2022-01-17T17:17:16+00:00\" \/>\n<meta name=\"twitter:card\" content=\"summary_large_image\" \/>\n<meta name=\"twitter:label1\" content=\"Est. reading time\" \/>\n\t<meta name=\"twitter:data1\" content=\"2 minutes\" \/>\n<script type=\"application\/ld+json\" class=\"yoast-schema-graph\">{\"@context\":\"https:\\\/\\\/schema.org\",\"@graph\":[{\"@type\":\"WebPage\",\"@id\":\"https:\\\/\\\/seed.hu\\\/hirek\\\/fiatal-vallalkozok-a-fenntarthatosagert\\\/\",\"url\":\"https:\\\/\\\/seed.hu\\\/hirek\\\/fiatal-vallalkozok-a-fenntarthatosagert\\\/\",\"name\":\"Fiatal v\u00e1llalkoz\u00f3k a fenntarthat\u00f3s\u00e1g\u00e9rt - Seed\",\"isPartOf\":{\"@id\":\"https:\\\/\\\/seed.hu\\\/#website\"},\"datePublished\":\"2018-06-12T13:37:50+00:00\",\"dateModified\":\"2022-01-17T17:17:16+00:00\",\"breadcrumb\":{\"@id\":\"https:\\\/\\\/seed.hu\\\/hirek\\\/fiatal-vallalkozok-a-fenntarthatosagert\\\/#breadcrumb\"},\"inLanguage\":\"en-US\",\"potentialAction\":[{\"@type\":\"ReadAction\",\"target\":[\"https:\\\/\\\/seed.hu\\\/hirek\\\/fiatal-vallalkozok-a-fenntarthatosagert\\\/\"]}]},{\"@type\":\"BreadcrumbList\",\"@id\":\"https:\\\/\\\/seed.hu\\\/hirek\\\/fiatal-vallalkozok-a-fenntarthatosagert\\\/#breadcrumb\",\"itemListElement\":[{\"@type\":\"ListItem\",\"position\":1,\"name\":\"H\u00edrek\",\"item\":\"https:\\\/\\\/seed.hu\\\/hirek\\\/\"},{\"@type\":\"ListItem\",\"position\":2,\"name\":\"Fiatal v\u00e1llalkoz\u00f3k a fenntarthat\u00f3s\u00e1g\u00e9rt\"}]},{\"@type\":\"WebSite\",\"@id\":\"https:\\\/\\\/seed.hu\\\/#website\",\"url\":\"https:\\\/\\\/seed.hu\\\/\",\"name\":\"Seed\",\"description\":\"\",\"potentialAction\":[{\"@type\":\"SearchAction\",\"target\":{\"@type\":\"EntryPoint\",\"urlTemplate\":\"https:\\\/\\\/seed.hu\\\/?s={search_term_string}\"},\"query-input\":{\"@type\":\"PropertyValueSpecification\",\"valueRequired\":true,\"valueName\":\"search_term_string\"}}],\"inLanguage\":\"en-US\"}]}<\/script>\n<!-- \/ Yoast SEO plugin. -->","yoast_head_json":{"title":"Fiatal v\u00e1llalkoz\u00f3k a fenntarthat\u00f3s\u00e1g\u00e9rt - Seed","robots":{"index":"index","follow":"follow","max-snippet":"max-snippet:-1","max-image-preview":"max-image-preview:large","max-video-preview":"max-video-preview:-1"},"canonical":"https:\/\/seed.hu\/hirek\/fiatal-vallalkozok-a-fenntarthatosagert\/","og_locale":"en_US","og_type":"article","og_title":"Fiatal v\u00e1llalkoz\u00f3k a fenntarthat\u00f3s\u00e1g\u00e9rt - Seed","og_description":"Az ENSZ Kereskedelmi \u00e9s Fejleszt\u00e9si Konferenci\u00e1ja (UNCTAD) 2018. okt\u00f3ber 22. \u00e9s 26. k\u00f6z\u00f6tt Genfben \u2013 a Vil\u00e1g Befektet\u00e9si F\u00f3rum r\u00e9szek\u00e9nt &#8211; szervezi meg k\u00f6vetkez\u0151 ifj\u00fas\u00e1gi f\u00f3rum\u00e1t, Fiatal v\u00e1llalkoz\u00f3k: A bevon\u00f3 \u00e9s fenntarthat\u00f3 n\u00f6veked\u00e9s motorjai c\u00edmmel. Az idei ifj\u00fas\u00e1gi f\u00f3rumon f\u0151leg a fiatalok v\u00e1llalkoz\u00f3v\u00e1 v\u00e1l\u00e1s\u00e1nak el\u0151seg\u00edt\u00e9s\u00e9t \u00e9rint\u0151 t\u00e9m\u00e1k ker\u00fclnek napirendre, k\u00fcl\u00f6n\u00f6s tekintettel a fiatalok digit\u00e1lis k\u00e9pess\u00e9geinek [&hellip;]","og_url":"https:\/\/seed.hu\/hirek\/fiatal-vallalkozok-a-fenntarthatosagert\/","og_site_name":"Seed","article_modified_time":"2022-01-17T17:17:16+00:00","twitter_card":"summary_large_image","twitter_misc":{"Est. reading time":"2 minutes"},"schema":{"@context":"https:\/\/schema.org","@graph":[{"@type":"WebPage","@id":"https:\/\/seed.hu\/hirek\/fiatal-vallalkozok-a-fenntarthatosagert\/","url":"https:\/\/seed.hu\/hirek\/fiatal-vallalkozok-a-fenntarthatosagert\/","name":"Fiatal v\u00e1llalkoz\u00f3k a fenntarthat\u00f3s\u00e1g\u00e9rt - Seed","isPartOf":{"@id":"https:\/\/seed.hu\/#website"},"datePublished":"2018-06-12T13:37:50+00:00","dateModified":"2022-01-17T17:17:16+00:00","breadcrumb":{"@id":"https:\/\/seed.hu\/hirek\/fiatal-vallalkozok-a-fenntarthatosagert\/#breadcrumb"},"inLanguage":"en-US","potentialAction":[{"@type":"ReadAction","target":["https:\/\/seed.hu\/hirek\/fiatal-vallalkozok-a-fenntarthatosagert\/"]}]},{"@type":"BreadcrumbList","@id":"https:\/\/seed.hu\/hirek\/fiatal-vallalkozok-a-fenntarthatosagert\/#breadcrumb","itemListElement":[{"@type":"ListItem","position":1,"name":"H\u00edrek","item":"https:\/\/seed.hu\/hirek\/"},{"@type":"ListItem","position":2,"name":"Fiatal v\u00e1llalkoz\u00f3k a fenntarthat\u00f3s\u00e1g\u00e9rt"}]},{"@type":"WebSite","@id":"https:\/\/seed.hu\/#website","url":"https:\/\/seed.hu\/","name":"Seed","description":"","potentialAction":[{"@type":"SearchAction","target":{"@type":"EntryPoint","urlTemplate":"https:\/\/seed.hu\/?s={search_term_string}"},"query-input":{"@type":"PropertyValueSpecification","valueRequired":true,"valueName":"search_term_string"}}],"inLanguage":"en-US"}]}},"_links":{"self":[{"href":"https:\/\/seed.hu\/en\/wp-json\/wp\/v2\/hirek\/806","targetHints":{"allow":["GET"]}}],"collection":[{"href":"https:\/\/seed.hu\/en\/wp-json\/wp\/v2\/hirek"}],"about":[{"href":"https:\/\/seed.hu\/en\/wp-json\/wp\/v2\/types\/hirek"}],"wp:attachment":[{"href":"https:\/\/seed.hu\/en\/wp-json\/wp\/v2\/media?parent=806"}],"curies":[{"name":"wp","href":"https:\/\/api.w.org\/{rel}","templated":true}]}}