{"id":807,"date":"2018-06-28T09:54:23","date_gmt":"2018-06-28T07:54:23","guid":{"rendered":"https:\/\/seed.hu\/?post_type=hirek&#038;p=807"},"modified":"2022-01-17T18:18:46","modified_gmt":"2022-01-17T17:18:46","slug":"a-seed-alapitvany-a-generaciovalto-csaladi-vallalkozasokert","status":"publish","type":"hirek","link":"https:\/\/seed.hu\/en\/hirek\/a-seed-alapitvany-a-generaciovalto-csaladi-vallalkozasokert\/","title":{"rendered":"A SEED Alap\u00edtv\u00e1ny a gener\u00e1ci\u00f3v\u00e1lt\u00f3 csal\u00e1di v\u00e1llalkoz\u00e1sok\u00e9rt"},"content":{"rendered":"<p style=\"text-align: justify;\"><em><strong>A hazai kis- \u00e9s k\u00f6z\u00e9pv\u00e1llalkoz\u00f3i szektor mintegy 60%-a csal\u00e1di v\u00e1llalkoz\u00e1s, amelyek hozz\u00e1vet\u0151legesen 40%-a gener\u00e1ci\u00f3v\u00e1lt\u00f3, azaz vagy m\u00e1r megt\u00f6rt\u00e9nt az \u00e1tad\u00e1s-\u00e1tv\u00e9tel a csal\u00e1don bel\u00fcl, vagy a k\u00f6zelj\u00f6v\u0151ben, t\u00edz \u00e9ven bel\u00fcl fog megt\u00f6rt\u00e9nni. Ezekb\u0151l a sz\u00e1mokb\u00f3l is l\u00e1that\u00f3, hogy a gener\u00e1ci\u00f3v\u00e1lt\u00e1s sikere vagy \u00e9ppen sikertelens\u00e9ge sz\u00e1mottev\u0151 hat\u00e1ssal lehet a magyar gazdas\u00e1g teljes\u00edtm\u00e9ny\u00e9re. A gener\u00e1ci\u00f3v\u00e1lt\u00e1s t\u00e1mogat\u00e1s\u00e1t a korm\u00e1nyzat kiemelked\u0151 jelent\u0151s\u00e9g\u0171nek tekinti, \u00e9s ebben a folyamatban sz\u00e1m\u00edt a SEED Alap\u00edtv\u00e1ny k\u00f6zrem\u0171k\u00f6d\u00e9s\u00e9re is. A SEED kiterjedt mentor programmal seg\u00edti a v\u00e1llalkoz\u00e1sokat ennek a bonyolult folyamatnak a menedzsel\u00e9s\u00e9ben.\u00a0<\/strong><\/em><\/p>\n<p style=\"text-align: justify;\">A gener\u00e1ci\u00f3v\u00e1lt\u00f3 v\u00e1llalkoz\u00e1sok probl\u00e9m\u00e1ja a V\u00e1llalkoz\u00e1sfejleszt\u00e9si Tan\u00e1cs 2018. j\u00fanius 25-ei \u00fcl\u00e9s\u00e9nek napirendj\u00e9n is szerepelt. Az \u00fcl\u00e9s el\u0151ad\u00e1sait z\u00e1r\u00f3 prezent\u00e1ci\u00f3j\u00e1ban Pom\u00e1zi Gyula iparstrat\u00e9gi\u00e1\u00e9rt \u00e9s gazdas\u00e1gszab\u00e1lyoz\u00e1s\u00e9rt felel\u0151s helyettes \u00e1llamtitk\u00e1r r\u00e1mutatott, hogy a gener\u00e1ci\u00f3v\u00e1lt\u00e1ssal j\u00e1r\u00f3 kih\u00edv\u00e1sokkal haz\u00e1nkban a jelent\u0151s gazdas\u00e1gi s\u00falyt k\u00e9pvisel\u0151 \u00e9s hozz\u00e1adott \u00e9rt\u00e9ket megteremt\u0151 csal\u00e1di v\u00e1llalatoknak, \u00e9s kisebb m\u00e9ret\u0171 csal\u00e1di kkv-k sokas\u00e1g\u00e1nak is meg kell k\u00fczdenie m\u00e1r most, vagy a k\u00e9s\u0151bbiekben. M\u00edg a gener\u00e1ci\u00f3v\u00e1lt\u00e1s a magyarorsz\u00e1gi kkv-k \u00e1ltal foglalkoztatott \u00f6sszes munkaer\u0151 fel\u00e9t \u00e9rinti, addig az \u00e1tad\u00e1soknak csup\u00e1n a negyede-harmada sikeres. A gazdas\u00e1gpolitika feladata, hogy a csal\u00e1di v\u00e1llalkoz\u00e1sok versenyk\u00e9pess\u00e9g\u00e9t, \u00fczleti k\u00f6rnyezet\u00e9t jav\u00edtsa, a c\u00e9gut\u00f3dl\u00e1ssal kapcsolatos probl\u00e9m\u00e1kat c\u00e9lzott int\u00e9zked\u00e9sekkel orvosolja, \u00e9s a sikeresen gener\u00e1ci\u00f3t v\u00e1lt\u00f3 v\u00e1llalkoz\u00e1sok sz\u00e1m\u00e1t n\u00f6velje. E ter\u00fcleten az Innov\u00e1ci\u00f3s \u00e9s Technol\u00f3giai Miniszt\u00e9rium els\u0151dleges c\u00e9lja az \u00e9rt\u00e9kmeg\u0151rz\u00e9s \u00e9s a hossz\u00fa id\u0151 alatt fel\u00e9p\u00edtett hazai piaci-m\u0171k\u00f6d\u00e9si strukt\u00far\u00e1k megtart\u00e1sa.<\/p>\n<p style=\"text-align: justify;\">A korm\u00e1nyzat \u201eA KKV szektor hat\u00e9konys\u00e1g\u00e1nak n\u00f6vel\u00e9se p\u00e9nz\u00fcgyi ismeretek fejleszt\u00e9se, v\u00e1llalkoz\u00f3i mentor\u00e1l\u00e1s biztos\u00edt\u00e1sa r\u00e9v\u00e9n&#8221; c\u00edm\u0171 kiemelt projekt keret\u00e9ben t\u00e1mogatja egyebek k\u00f6z\u00f6tt a z\u00f6kken\u0151mentes gener\u00e1ci\u00f3v\u00e1lt\u00e1st. Ennek a projekteknek az egyik konzorciumi partnere a SEED Kisv\u00e1llalkoz\u00e1s-fejleszt\u00e9si Alap\u00edtv\u00e1ny, amely szem\u00e9lyre szabott mentor program kidolgoz\u00e1s\u00e1val vesz r\u00e9szt a csal\u00e1di v\u00e1llalkoz\u00e1sok gener\u00e1ci\u00f3v\u00e1lt\u00e1s\u00e1nak seg\u00edt\u00e9s\u00e9ben. A mentor\u00e1lt c\u00e9gek olyan t\u00e1rsas v\u00e1llalkoz\u00e1sok lehetnek, amelyek \u00f6nmagukat csal\u00e1di v\u00e1llalkoz\u00e1snak tartj\u00e1k, vagy a v\u00e1llalkoz\u00e1snak legal\u00e1bb 51%-a egy csal\u00e1d kez\u00e9ben van. Felt\u00e9tel tov\u00e1bb\u00e1, hogy a csal\u00e1d tagjai tulajdonosk\u00e9nt vagy alkalmazottk\u00e9nt r\u00e9szt vegyenek a c\u00e9g m\u0171k\u00f6dtet\u00e9s\u00e9ben \u00e9s m\u0171k\u00f6d\u00e9s\u00e9ben. Az is elv\u00e1r\u00e1s, hogy a v\u00e1llalkoz\u00e1s vezet\u00e9s\u00e9t \u00e9s\/vagy az abban l\u00e9v\u0151 tulajdont r\u00e9szben vagy eg\u00e9szben egy csal\u00e1dtagnak vagy egy k\u00fcls\u0151 szakembernek hajland\u00f3k legyenek \u00e1tadni. A mentor\u00e1l\u00e1s c\u00e9lja a v\u00e1llalkoz\u00e1s ut\u00f3dl\u00e1si probl\u00e9mak\u00f6r\u00e9nek elemz\u00e9se, a megold\u00e1si lehet\u0151s\u00e9gek sz\u00e1mba v\u00e9tele, \u00e9s olyan adekv\u00e1t \u00e9s komplex v\u00e1laszok megtal\u00e1l\u00e1sa, amelyek biztos\u00edtj\u00e1k a v\u00e1llalkoz\u00e1s folytonoss\u00e1g\u00e1t \u00e9s hossz\u00fa t\u00e1v\u00fa gazdas\u00e1gi stabilit\u00e1s\u00e1t.<\/p>\n<p style=\"text-align: justify;\">A SEED Alap\u00edtv\u00e1ny hamarosan megkezdi a mentorok \u00e9s a mentor\u00e1ltak toborz\u00e1s\u00e1t, \u0151szt\u0151l pedig l\u00e9pcs\u0151zetesen elind\u00edtja a v\u00e1llalkoz\u00e1sonk\u00e9nt egy\u00e9ves mentor\u00e1l\u00e1si folyamatot, amelynek eredm\u00e9nyek\u00e9nt rem\u00e9lhet\u0151leg egyre t\u00f6bb csal\u00e1di v\u00e1llalkoz\u00e1sn\u00e1l old\u00f3dik meg ez a rendk\u00edv\u00fcl \u00f6sszetett, a nemzetgazdas\u00e1g szempontj\u00e1b\u00f3l is fontos k\u00e9rd\u00e9s.<\/p>\n","protected":false},"featured_media":792,"menu_order":0,"template":"","meta":{"_acf_changed":false},"class_list":["post-807","hirek","type-hirek","status-publish","has-post-thumbnail","hentry"],"acf":[],"yoast_head":"<!-- This site is optimized with the Yoast SEO plugin v27.4 - https:\/\/yoast.com\/product\/yoast-seo-wordpress\/ -->\n<title>A SEED Alap\u00edtv\u00e1ny a gener\u00e1ci\u00f3v\u00e1lt\u00f3 csal\u00e1di v\u00e1llalkoz\u00e1sok\u00e9rt - Seed<\/title>\n<meta name=\"robots\" content=\"index, follow, max-snippet:-1, max-image-preview:large, max-video-preview:-1\" \/>\n<link rel=\"canonical\" href=\"https:\/\/seed.hu\/hirek\/a-seed-alapitvany-a-generaciovalto-csaladi-vallalkozasokert\/\" \/>\n<meta property=\"og:locale\" content=\"en_US\" \/>\n<meta property=\"og:type\" content=\"article\" \/>\n<meta property=\"og:title\" content=\"A SEED Alap\u00edtv\u00e1ny a gener\u00e1ci\u00f3v\u00e1lt\u00f3 csal\u00e1di v\u00e1llalkoz\u00e1sok\u00e9rt - Seed\" \/>\n<meta property=\"og:description\" content=\"A hazai kis- \u00e9s k\u00f6z\u00e9pv\u00e1llalkoz\u00f3i szektor mintegy 60%-a csal\u00e1di v\u00e1llalkoz\u00e1s, amelyek hozz\u00e1vet\u0151legesen 40%-a gener\u00e1ci\u00f3v\u00e1lt\u00f3, azaz vagy m\u00e1r megt\u00f6rt\u00e9nt az \u00e1tad\u00e1s-\u00e1tv\u00e9tel a csal\u00e1don bel\u00fcl, vagy a k\u00f6zelj\u00f6v\u0151ben, t\u00edz \u00e9ven bel\u00fcl fog megt\u00f6rt\u00e9nni. Ezekb\u0151l a sz\u00e1mokb\u00f3l is l\u00e1that\u00f3, hogy a gener\u00e1ci\u00f3v\u00e1lt\u00e1s sikere vagy \u00e9ppen sikertelens\u00e9ge sz\u00e1mottev\u0151 hat\u00e1ssal lehet a magyar gazdas\u00e1g teljes\u00edtm\u00e9ny\u00e9re. A gener\u00e1ci\u00f3v\u00e1lt\u00e1s t\u00e1mogat\u00e1s\u00e1t a korm\u00e1nyzat [&hellip;]\" \/>\n<meta property=\"og:url\" content=\"https:\/\/seed.hu\/hirek\/a-seed-alapitvany-a-generaciovalto-csaladi-vallalkozasokert\/\" \/>\n<meta property=\"og:site_name\" content=\"Seed\" \/>\n<meta property=\"article:modified_time\" content=\"2022-01-17T17:18:46+00:00\" \/>\n<meta property=\"og:image\" content=\"https:\/\/seed.hu\/wp-content\/uploads\/2018\/04\/SEED_logo.png\" \/>\n\t<meta property=\"og:image:width\" content=\"250\" \/>\n\t<meta property=\"og:image:height\" content=\"206\" \/>\n\t<meta property=\"og:image:type\" content=\"image\/png\" \/>\n<meta name=\"twitter:card\" content=\"summary_large_image\" \/>\n<meta name=\"twitter:label1\" content=\"Est. reading time\" \/>\n\t<meta name=\"twitter:data1\" content=\"4 minutes\" \/>\n<script type=\"application\/ld+json\" class=\"yoast-schema-graph\">{\"@context\":\"https:\\\/\\\/schema.org\",\"@graph\":[{\"@type\":\"WebPage\",\"@id\":\"https:\\\/\\\/seed.hu\\\/hirek\\\/a-seed-alapitvany-a-generaciovalto-csaladi-vallalkozasokert\\\/\",\"url\":\"https:\\\/\\\/seed.hu\\\/hirek\\\/a-seed-alapitvany-a-generaciovalto-csaladi-vallalkozasokert\\\/\",\"name\":\"A SEED Alap\u00edtv\u00e1ny a gener\u00e1ci\u00f3v\u00e1lt\u00f3 csal\u00e1di v\u00e1llalkoz\u00e1sok\u00e9rt - Seed\",\"isPartOf\":{\"@id\":\"https:\\\/\\\/seed.hu\\\/#website\"},\"primaryImageOfPage\":{\"@id\":\"https:\\\/\\\/seed.hu\\\/hirek\\\/a-seed-alapitvany-a-generaciovalto-csaladi-vallalkozasokert\\\/#primaryimage\"},\"image\":{\"@id\":\"https:\\\/\\\/seed.hu\\\/hirek\\\/a-seed-alapitvany-a-generaciovalto-csaladi-vallalkozasokert\\\/#primaryimage\"},\"thumbnailUrl\":\"https:\\\/\\\/seed.hu\\\/wp-content\\\/uploads\\\/2018\\\/04\\\/SEED_logo.png\",\"datePublished\":\"2018-06-28T07:54:23+00:00\",\"dateModified\":\"2022-01-17T17:18:46+00:00\",\"breadcrumb\":{\"@id\":\"https:\\\/\\\/seed.hu\\\/hirek\\\/a-seed-alapitvany-a-generaciovalto-csaladi-vallalkozasokert\\\/#breadcrumb\"},\"inLanguage\":\"en-US\",\"potentialAction\":[{\"@type\":\"ReadAction\",\"target\":[\"https:\\\/\\\/seed.hu\\\/hirek\\\/a-seed-alapitvany-a-generaciovalto-csaladi-vallalkozasokert\\\/\"]}]},{\"@type\":\"ImageObject\",\"inLanguage\":\"en-US\",\"@id\":\"https:\\\/\\\/seed.hu\\\/hirek\\\/a-seed-alapitvany-a-generaciovalto-csaladi-vallalkozasokert\\\/#primaryimage\",\"url\":\"https:\\\/\\\/seed.hu\\\/wp-content\\\/uploads\\\/2018\\\/04\\\/SEED_logo.png\",\"contentUrl\":\"https:\\\/\\\/seed.hu\\\/wp-content\\\/uploads\\\/2018\\\/04\\\/SEED_logo.png\",\"width\":250,\"height\":206},{\"@type\":\"BreadcrumbList\",\"@id\":\"https:\\\/\\\/seed.hu\\\/hirek\\\/a-seed-alapitvany-a-generaciovalto-csaladi-vallalkozasokert\\\/#breadcrumb\",\"itemListElement\":[{\"@type\":\"ListItem\",\"position\":1,\"name\":\"H\u00edrek\",\"item\":\"https:\\\/\\\/seed.hu\\\/hirek\\\/\"},{\"@type\":\"ListItem\",\"position\":2,\"name\":\"A SEED Alap\u00edtv\u00e1ny a gener\u00e1ci\u00f3v\u00e1lt\u00f3 csal\u00e1di v\u00e1llalkoz\u00e1sok\u00e9rt\"}]},{\"@type\":\"WebSite\",\"@id\":\"https:\\\/\\\/seed.hu\\\/#website\",\"url\":\"https:\\\/\\\/seed.hu\\\/\",\"name\":\"Seed\",\"description\":\"\",\"potentialAction\":[{\"@type\":\"SearchAction\",\"target\":{\"@type\":\"EntryPoint\",\"urlTemplate\":\"https:\\\/\\\/seed.hu\\\/?s={search_term_string}\"},\"query-input\":{\"@type\":\"PropertyValueSpecification\",\"valueRequired\":true,\"valueName\":\"search_term_string\"}}],\"inLanguage\":\"en-US\"}]}<\/script>\n<!-- \/ Yoast SEO plugin. -->","yoast_head_json":{"title":"A SEED Alap\u00edtv\u00e1ny a gener\u00e1ci\u00f3v\u00e1lt\u00f3 csal\u00e1di v\u00e1llalkoz\u00e1sok\u00e9rt - Seed","robots":{"index":"index","follow":"follow","max-snippet":"max-snippet:-1","max-image-preview":"max-image-preview:large","max-video-preview":"max-video-preview:-1"},"canonical":"https:\/\/seed.hu\/hirek\/a-seed-alapitvany-a-generaciovalto-csaladi-vallalkozasokert\/","og_locale":"en_US","og_type":"article","og_title":"A SEED Alap\u00edtv\u00e1ny a gener\u00e1ci\u00f3v\u00e1lt\u00f3 csal\u00e1di v\u00e1llalkoz\u00e1sok\u00e9rt - Seed","og_description":"A hazai kis- \u00e9s k\u00f6z\u00e9pv\u00e1llalkoz\u00f3i szektor mintegy 60%-a csal\u00e1di v\u00e1llalkoz\u00e1s, amelyek hozz\u00e1vet\u0151legesen 40%-a gener\u00e1ci\u00f3v\u00e1lt\u00f3, azaz vagy m\u00e1r megt\u00f6rt\u00e9nt az \u00e1tad\u00e1s-\u00e1tv\u00e9tel a csal\u00e1don bel\u00fcl, vagy a k\u00f6zelj\u00f6v\u0151ben, t\u00edz \u00e9ven bel\u00fcl fog megt\u00f6rt\u00e9nni. Ezekb\u0151l a sz\u00e1mokb\u00f3l is l\u00e1that\u00f3, hogy a gener\u00e1ci\u00f3v\u00e1lt\u00e1s sikere vagy \u00e9ppen sikertelens\u00e9ge sz\u00e1mottev\u0151 hat\u00e1ssal lehet a magyar gazdas\u00e1g teljes\u00edtm\u00e9ny\u00e9re. A gener\u00e1ci\u00f3v\u00e1lt\u00e1s t\u00e1mogat\u00e1s\u00e1t a korm\u00e1nyzat [&hellip;]","og_url":"https:\/\/seed.hu\/hirek\/a-seed-alapitvany-a-generaciovalto-csaladi-vallalkozasokert\/","og_site_name":"Seed","article_modified_time":"2022-01-17T17:18:46+00:00","og_image":[{"width":250,"height":206,"url":"https:\/\/seed.hu\/wp-content\/uploads\/2018\/04\/SEED_logo.png","type":"image\/png"}],"twitter_card":"summary_large_image","twitter_misc":{"Est. reading time":"4 minutes"},"schema":{"@context":"https:\/\/schema.org","@graph":[{"@type":"WebPage","@id":"https:\/\/seed.hu\/hirek\/a-seed-alapitvany-a-generaciovalto-csaladi-vallalkozasokert\/","url":"https:\/\/seed.hu\/hirek\/a-seed-alapitvany-a-generaciovalto-csaladi-vallalkozasokert\/","name":"A SEED Alap\u00edtv\u00e1ny a gener\u00e1ci\u00f3v\u00e1lt\u00f3 csal\u00e1di v\u00e1llalkoz\u00e1sok\u00e9rt - Seed","isPartOf":{"@id":"https:\/\/seed.hu\/#website"},"primaryImageOfPage":{"@id":"https:\/\/seed.hu\/hirek\/a-seed-alapitvany-a-generaciovalto-csaladi-vallalkozasokert\/#primaryimage"},"image":{"@id":"https:\/\/seed.hu\/hirek\/a-seed-alapitvany-a-generaciovalto-csaladi-vallalkozasokert\/#primaryimage"},"thumbnailUrl":"https:\/\/seed.hu\/wp-content\/uploads\/2018\/04\/SEED_logo.png","datePublished":"2018-06-28T07:54:23+00:00","dateModified":"2022-01-17T17:18:46+00:00","breadcrumb":{"@id":"https:\/\/seed.hu\/hirek\/a-seed-alapitvany-a-generaciovalto-csaladi-vallalkozasokert\/#breadcrumb"},"inLanguage":"en-US","potentialAction":[{"@type":"ReadAction","target":["https:\/\/seed.hu\/hirek\/a-seed-alapitvany-a-generaciovalto-csaladi-vallalkozasokert\/"]}]},{"@type":"ImageObject","inLanguage":"en-US","@id":"https:\/\/seed.hu\/hirek\/a-seed-alapitvany-a-generaciovalto-csaladi-vallalkozasokert\/#primaryimage","url":"https:\/\/seed.hu\/wp-content\/uploads\/2018\/04\/SEED_logo.png","contentUrl":"https:\/\/seed.hu\/wp-content\/uploads\/2018\/04\/SEED_logo.png","width":250,"height":206},{"@type":"BreadcrumbList","@id":"https:\/\/seed.hu\/hirek\/a-seed-alapitvany-a-generaciovalto-csaladi-vallalkozasokert\/#breadcrumb","itemListElement":[{"@type":"ListItem","position":1,"name":"H\u00edrek","item":"https:\/\/seed.hu\/hirek\/"},{"@type":"ListItem","position":2,"name":"A SEED Alap\u00edtv\u00e1ny a gener\u00e1ci\u00f3v\u00e1lt\u00f3 csal\u00e1di v\u00e1llalkoz\u00e1sok\u00e9rt"}]},{"@type":"WebSite","@id":"https:\/\/seed.hu\/#website","url":"https:\/\/seed.hu\/","name":"Seed","description":"","potentialAction":[{"@type":"SearchAction","target":{"@type":"EntryPoint","urlTemplate":"https:\/\/seed.hu\/?s={search_term_string}"},"query-input":{"@type":"PropertyValueSpecification","valueRequired":true,"valueName":"search_term_string"}}],"inLanguage":"en-US"}]}},"_links":{"self":[{"href":"https:\/\/seed.hu\/en\/wp-json\/wp\/v2\/hirek\/807","targetHints":{"allow":["GET"]}}],"collection":[{"href":"https:\/\/seed.hu\/en\/wp-json\/wp\/v2\/hirek"}],"about":[{"href":"https:\/\/seed.hu\/en\/wp-json\/wp\/v2\/types\/hirek"}],"wp:featuredmedia":[{"embeddable":true,"href":"https:\/\/seed.hu\/en\/wp-json\/wp\/v2\/media\/792"}],"wp:attachment":[{"href":"https:\/\/seed.hu\/en\/wp-json\/wp\/v2\/media?parent=807"}],"curies":[{"name":"wp","href":"https:\/\/api.w.org\/{rel}","templated":true}]}}