{"id":817,"date":"2018-10-17T09:37:44","date_gmt":"2018-10-17T07:37:44","guid":{"rendered":"https:\/\/seed.hu\/?post_type=hirek&#038;p=817"},"modified":"2022-01-17T18:34:18","modified_gmt":"2022-01-17T17:34:18","slug":"oktober-29-en-indul-az-uj-dobbanto-trening","status":"publish","type":"hirek","link":"https:\/\/seed.hu\/en\/hirek\/oktober-29-en-indul-az-uj-dobbanto-trening\/","title":{"rendered":"Okt\u00f3ber 29-\u00e9n indul az \u00faj Dobbant\u00f3-tr\u00e9ning!"},"content":{"rendered":"<p><strong><a href=\"https:\/\/seed.hu\/szolgaltatasok\/dobbanto\/dobbantologo\/\" rel=\"attachment wp-att-39\"><img loading=\"lazy\" decoding=\"async\" class=\"alignnone size-medium wp-image-39\" src=\"https:\/\/seed.hu\/wp-content\/uploads\/2021\/02\/dobbantologo-300x84.jpg\" alt=\"\" width=\"300\" height=\"84\" srcset=\"https:\/\/seed.hu\/wp-content\/uploads\/2021\/02\/dobbantologo-300x84.jpg 300w, https:\/\/seed.hu\/wp-content\/uploads\/2021\/02\/dobbantologo.jpg 384w\" sizes=\"auto, (max-width: 300px) 100vw, 300px\" \/><\/a><\/strong><\/p>\n<p><strong>Kialakult az okt\u00f3ber 29-\u00e9n indul\u00f3 Dobbant\u00f3-tr\u00e9ning 20 f\u0151s mez\u0151nye. A soksz\u00edn\u0171 csapatban az egyszem\u00e9lyes v\u00e1llalkoz\u00f3 \u00e9s a csal\u00e1di v\u00e1llalkoz\u00e1s egyar\u00e1nt megtal\u00e1lhat\u00f3, a v\u00e1llalkoz\u00e1si \u00f6tletek pedig az eg\u00e9szs\u00e9gtudatos \u00e9letm\u00f3dra nevel\u00e9st\u0151l a bor\u00e1szaton \u00e1t a kereskedelmi szolg\u00e1ltat\u00e1sokig terjednek. <\/strong><\/p>\n<p>Okt\u00f3ber 12-\u00e9n a tr\u00e9ning p\u00e9nz\u00fcgyi t\u00e1mogat\u00e1s\u00e1t biztos\u00edt\u00f3 Budapest Bank \u00e9s a megval\u00f3s\u00edt\u00f3 SEED Alap\u00edtv\u00e1ny k\u00e9pvisel\u0151ib\u0151l \u00e1ll\u00f3 szakmai zs\u0171ri kiv\u00e1lasztotta azt a 20\u00a0 elk\u00f6telezett, a j\u00f6v\u0151j\u00e9r\u0151l felel\u0151ss\u00e9ggel gondolkod\u00f3 h\u00f6lgyet, akik okt\u00f3ber 29-\u00e9n megkezdhetik dobbant\u00f3s tanulm\u00e1nyaikat. A m\u00e1r v\u00e1llalkoz\u00f3 vagy v\u00e1llalkoz\u00e1sukat most elind\u00edtani sz\u00e1nd\u00e9koz\u00f3 n\u0151k az el\u0151tt\u00fck \u00e1ll\u00f3 6&#215;2 napban \u00f6nismeretet, marketinget \u00e9s kommunik\u00e1ci\u00f3t, \u00fczleti tervez\u00e9st, v\u00e1llalkoz\u00e1si p\u00e9nz\u00fcgyeket \u00e9s ad\u00f3z\u00e1si ismereteket tanulnak, prezent\u00e1ci\u00f3s k\u00e9szs\u00e9geket saj\u00e1t\u00edtanak el, \u00e9s a 12. nap v\u00e9g\u00e9n rem\u00e9lhet\u0151leg v\u00e1llalkoz\u00e1suk komplett \u00fczleti terv\u00e9vel a kez\u00fckben v\u00e1ghatnak neki, vagy folytathatj\u00e1k v\u00e1llalkoz\u00f3i \u00e9let\u00fcket.<\/p>\n<p>A k\u00e9pz\u00e9s \u00e9vr\u0151l \u00e9vre nagy \u00e9rdekl\u0151d\u00e9sre tart sz\u00e1mot a n\u0151i v\u00e1llalkoz\u00f3k k\u00f6r\u00e9ben. Mint minden alkalommal, most is sz\u00ednes, sokf\u00e9le kompetenci\u00e1val, tud\u00e1ssal rendelkez\u0151 csapat j\u00f6tt \u00f6ssze: vannak alkalmazotti st\u00e1tuszban l\u00e9v\u0151k, t\u00f6bben pedig m\u00e1r \u00e9vek \u00f3ta m\u0171k\u00f6dtetik a v\u00e1llalkoz\u00e1sukat.<br \/>\nA zs\u0171ri \u00e9rt\u00e9kel\u00e9se szerint a mostani mez\u0151ny tagjait er\u0151s motiv\u00e1lts\u00e1g \u00e9s\u00a0\u00a0 kiemelked\u0151 szakmai, t\u00f6bb esetben\u00a0 v\u00e1llalkoz\u00f3i tapaszatalat jellemezte, amit az is al\u00e1t\u00e1maszt, hogy j\u00f3l \u00e1tgondolt, \u00e9letk\u00e9pes v\u00e1llalkoz\u00e1si \u00f6tleteket ny\u00fajtottak be. Ezek mindegyike sz\u00fcks\u00e9ges egy v\u00e1llalkoz\u00e1s sikeres m\u0171k\u00f6dtet\u00e9s\u00e9hez.<\/p>\n<p>A jelentkez\u0151k t\u00f6bbs\u00e9ge a Dobbant\u00f3-tr\u00e9ningt\u0151l azt v\u00e1rja, hogy az elm\u00e9leti ismereteken t\u00fal konkr\u00e9t v\u00e1laszt kapjon a felmer\u00fclt k\u00e9rd\u00e9seire, dilemm\u00e1ira. Sz\u00e1munkra ez jelenti a k\u00e9pz\u00e9s vonzerej\u00e9t\u00a0 m\u00e1s k\u00e9pz\u00e9sekhez k\u00e9pest.<\/p>\n<p>B\u00e1r a jelentkez\u0151k mindegyike rendelkezik v\u00e1llalkoz\u00f3i \u00f6tlettel, a tr\u00e9ning nagy seg\u00edts\u00e9get ny\u00fajthat nekik \u00fczleti \u00f6tlet\u00fck pontos\u00edt\u00e1s\u00e1hoz, term\u00e9keik, szolg\u00e1ltat\u00e1saik c\u00e9lcsoportj\u00e1nak azonos\u00edt\u00e1s\u00e1hoz, valamint az ehhez igazod\u00f3 \u00fczleti modell kidolgoz\u00e1s\u00e1hoz.<\/p>\n<p>A Dobbant\u00f3-tr\u00e9ning v\u00e9g\u00e9re rem\u00e9lhet\u0151leg mindenki sz\u00e1m\u00e1ra kider\u00fcl majd, hogy el\u00e9g er\u0151s, \u00e9letk\u00e9pes-e az \u00f6tlete, s ha igen, val\u00f3ban k\u00e9pes-e annak gyakorlati megval\u00f3s\u00edt\u00e1s\u00e1ra. B\u00e1rmint alakul is, egy dologban m\u00e1r most biztosak lehet\u00fcnk: mozgalmas, dolgos \u00e9s izgalmas 12 nap v\u00e1r a r\u00e9sztvev\u0151kre.<\/p>\n<p>&nbsp;<\/p>\n","protected":false},"featured_media":335,"menu_order":0,"template":"","meta":{"_acf_changed":false},"class_list":["post-817","hirek","type-hirek","status-publish","has-post-thumbnail","hentry"],"acf":[],"yoast_head":"<!-- This site is optimized with the Yoast SEO plugin v27.4 - https:\/\/yoast.com\/product\/yoast-seo-wordpress\/ -->\n<title>Okt\u00f3ber 29-\u00e9n indul az \u00faj Dobbant\u00f3-tr\u00e9ning! - Seed<\/title>\n<meta name=\"robots\" content=\"index, follow, max-snippet:-1, max-image-preview:large, max-video-preview:-1\" \/>\n<link rel=\"canonical\" href=\"https:\/\/seed.hu\/hirek\/oktober-29-en-indul-az-uj-dobbanto-trening\/\" \/>\n<meta property=\"og:locale\" content=\"en_US\" \/>\n<meta property=\"og:type\" content=\"article\" \/>\n<meta property=\"og:title\" content=\"Okt\u00f3ber 29-\u00e9n indul az \u00faj Dobbant\u00f3-tr\u00e9ning! - Seed\" \/>\n<meta property=\"og:description\" content=\"Kialakult az okt\u00f3ber 29-\u00e9n indul\u00f3 Dobbant\u00f3-tr\u00e9ning 20 f\u0151s mez\u0151nye. A soksz\u00edn\u0171 csapatban az egyszem\u00e9lyes v\u00e1llalkoz\u00f3 \u00e9s a csal\u00e1di v\u00e1llalkoz\u00e1s egyar\u00e1nt megtal\u00e1lhat\u00f3, a v\u00e1llalkoz\u00e1si \u00f6tletek pedig az eg\u00e9szs\u00e9gtudatos \u00e9letm\u00f3dra nevel\u00e9st\u0151l a bor\u00e1szaton \u00e1t a kereskedelmi szolg\u00e1ltat\u00e1sokig terjednek. Okt\u00f3ber 12-\u00e9n a tr\u00e9ning p\u00e9nz\u00fcgyi t\u00e1mogat\u00e1s\u00e1t biztos\u00edt\u00f3 Budapest Bank \u00e9s a megval\u00f3s\u00edt\u00f3 SEED Alap\u00edtv\u00e1ny k\u00e9pvisel\u0151ib\u0151l \u00e1ll\u00f3 szakmai zs\u0171ri kiv\u00e1lasztotta [&hellip;]\" \/>\n<meta property=\"og:url\" content=\"https:\/\/seed.hu\/hirek\/oktober-29-en-indul-az-uj-dobbanto-trening\/\" \/>\n<meta property=\"og:site_name\" content=\"Seed\" \/>\n<meta property=\"article:modified_time\" content=\"2022-01-17T17:34:18+00:00\" \/>\n<meta property=\"og:image\" content=\"https:\/\/seed.hu\/wp-content\/uploads\/2021\/04\/dobbanto.png\" \/>\n\t<meta property=\"og:image:width\" content=\"773\" \/>\n\t<meta property=\"og:image:height\" content=\"773\" \/>\n\t<meta property=\"og:image:type\" content=\"image\/png\" \/>\n<meta name=\"twitter:card\" content=\"summary_large_image\" \/>\n<meta name=\"twitter:label1\" content=\"Est. reading time\" \/>\n\t<meta name=\"twitter:data1\" content=\"2 minutes\" \/>\n<script type=\"application\/ld+json\" class=\"yoast-schema-graph\">{\"@context\":\"https:\\\/\\\/schema.org\",\"@graph\":[{\"@type\":\"WebPage\",\"@id\":\"https:\\\/\\\/seed.hu\\\/hirek\\\/oktober-29-en-indul-az-uj-dobbanto-trening\\\/\",\"url\":\"https:\\\/\\\/seed.hu\\\/hirek\\\/oktober-29-en-indul-az-uj-dobbanto-trening\\\/\",\"name\":\"Okt\u00f3ber 29-\u00e9n indul az \u00faj Dobbant\u00f3-tr\u00e9ning! - Seed\",\"isPartOf\":{\"@id\":\"https:\\\/\\\/seed.hu\\\/#website\"},\"primaryImageOfPage\":{\"@id\":\"https:\\\/\\\/seed.hu\\\/hirek\\\/oktober-29-en-indul-az-uj-dobbanto-trening\\\/#primaryimage\"},\"image\":{\"@id\":\"https:\\\/\\\/seed.hu\\\/hirek\\\/oktober-29-en-indul-az-uj-dobbanto-trening\\\/#primaryimage\"},\"thumbnailUrl\":\"https:\\\/\\\/seed.hu\\\/wp-content\\\/uploads\\\/2021\\\/04\\\/dobbanto.png\",\"datePublished\":\"2018-10-17T07:37:44+00:00\",\"dateModified\":\"2022-01-17T17:34:18+00:00\",\"breadcrumb\":{\"@id\":\"https:\\\/\\\/seed.hu\\\/hirek\\\/oktober-29-en-indul-az-uj-dobbanto-trening\\\/#breadcrumb\"},\"inLanguage\":\"en-US\",\"potentialAction\":[{\"@type\":\"ReadAction\",\"target\":[\"https:\\\/\\\/seed.hu\\\/hirek\\\/oktober-29-en-indul-az-uj-dobbanto-trening\\\/\"]}]},{\"@type\":\"ImageObject\",\"inLanguage\":\"en-US\",\"@id\":\"https:\\\/\\\/seed.hu\\\/hirek\\\/oktober-29-en-indul-az-uj-dobbanto-trening\\\/#primaryimage\",\"url\":\"https:\\\/\\\/seed.hu\\\/wp-content\\\/uploads\\\/2021\\\/04\\\/dobbanto.png\",\"contentUrl\":\"https:\\\/\\\/seed.hu\\\/wp-content\\\/uploads\\\/2021\\\/04\\\/dobbanto.png\",\"width\":773,\"height\":773},{\"@type\":\"BreadcrumbList\",\"@id\":\"https:\\\/\\\/seed.hu\\\/hirek\\\/oktober-29-en-indul-az-uj-dobbanto-trening\\\/#breadcrumb\",\"itemListElement\":[{\"@type\":\"ListItem\",\"position\":1,\"name\":\"H\u00edrek\",\"item\":\"https:\\\/\\\/seed.hu\\\/hirek\\\/\"},{\"@type\":\"ListItem\",\"position\":2,\"name\":\"Okt\u00f3ber 29-\u00e9n indul az \u00faj Dobbant\u00f3-tr\u00e9ning!\"}]},{\"@type\":\"WebSite\",\"@id\":\"https:\\\/\\\/seed.hu\\\/#website\",\"url\":\"https:\\\/\\\/seed.hu\\\/\",\"name\":\"Seed\",\"description\":\"\",\"potentialAction\":[{\"@type\":\"SearchAction\",\"target\":{\"@type\":\"EntryPoint\",\"urlTemplate\":\"https:\\\/\\\/seed.hu\\\/?s={search_term_string}\"},\"query-input\":{\"@type\":\"PropertyValueSpecification\",\"valueRequired\":true,\"valueName\":\"search_term_string\"}}],\"inLanguage\":\"en-US\"}]}<\/script>\n<!-- \/ Yoast SEO plugin. -->","yoast_head_json":{"title":"Okt\u00f3ber 29-\u00e9n indul az \u00faj Dobbant\u00f3-tr\u00e9ning! - Seed","robots":{"index":"index","follow":"follow","max-snippet":"max-snippet:-1","max-image-preview":"max-image-preview:large","max-video-preview":"max-video-preview:-1"},"canonical":"https:\/\/seed.hu\/hirek\/oktober-29-en-indul-az-uj-dobbanto-trening\/","og_locale":"en_US","og_type":"article","og_title":"Okt\u00f3ber 29-\u00e9n indul az \u00faj Dobbant\u00f3-tr\u00e9ning! - Seed","og_description":"Kialakult az okt\u00f3ber 29-\u00e9n indul\u00f3 Dobbant\u00f3-tr\u00e9ning 20 f\u0151s mez\u0151nye. A soksz\u00edn\u0171 csapatban az egyszem\u00e9lyes v\u00e1llalkoz\u00f3 \u00e9s a csal\u00e1di v\u00e1llalkoz\u00e1s egyar\u00e1nt megtal\u00e1lhat\u00f3, a v\u00e1llalkoz\u00e1si \u00f6tletek pedig az eg\u00e9szs\u00e9gtudatos \u00e9letm\u00f3dra nevel\u00e9st\u0151l a bor\u00e1szaton \u00e1t a kereskedelmi szolg\u00e1ltat\u00e1sokig terjednek. Okt\u00f3ber 12-\u00e9n a tr\u00e9ning p\u00e9nz\u00fcgyi t\u00e1mogat\u00e1s\u00e1t biztos\u00edt\u00f3 Budapest Bank \u00e9s a megval\u00f3s\u00edt\u00f3 SEED Alap\u00edtv\u00e1ny k\u00e9pvisel\u0151ib\u0151l \u00e1ll\u00f3 szakmai zs\u0171ri kiv\u00e1lasztotta [&hellip;]","og_url":"https:\/\/seed.hu\/hirek\/oktober-29-en-indul-az-uj-dobbanto-trening\/","og_site_name":"Seed","article_modified_time":"2022-01-17T17:34:18+00:00","og_image":[{"width":773,"height":773,"url":"https:\/\/seed.hu\/wp-content\/uploads\/2021\/04\/dobbanto.png","type":"image\/png"}],"twitter_card":"summary_large_image","twitter_misc":{"Est. reading time":"2 minutes"},"schema":{"@context":"https:\/\/schema.org","@graph":[{"@type":"WebPage","@id":"https:\/\/seed.hu\/hirek\/oktober-29-en-indul-az-uj-dobbanto-trening\/","url":"https:\/\/seed.hu\/hirek\/oktober-29-en-indul-az-uj-dobbanto-trening\/","name":"Okt\u00f3ber 29-\u00e9n indul az \u00faj Dobbant\u00f3-tr\u00e9ning! - Seed","isPartOf":{"@id":"https:\/\/seed.hu\/#website"},"primaryImageOfPage":{"@id":"https:\/\/seed.hu\/hirek\/oktober-29-en-indul-az-uj-dobbanto-trening\/#primaryimage"},"image":{"@id":"https:\/\/seed.hu\/hirek\/oktober-29-en-indul-az-uj-dobbanto-trening\/#primaryimage"},"thumbnailUrl":"https:\/\/seed.hu\/wp-content\/uploads\/2021\/04\/dobbanto.png","datePublished":"2018-10-17T07:37:44+00:00","dateModified":"2022-01-17T17:34:18+00:00","breadcrumb":{"@id":"https:\/\/seed.hu\/hirek\/oktober-29-en-indul-az-uj-dobbanto-trening\/#breadcrumb"},"inLanguage":"en-US","potentialAction":[{"@type":"ReadAction","target":["https:\/\/seed.hu\/hirek\/oktober-29-en-indul-az-uj-dobbanto-trening\/"]}]},{"@type":"ImageObject","inLanguage":"en-US","@id":"https:\/\/seed.hu\/hirek\/oktober-29-en-indul-az-uj-dobbanto-trening\/#primaryimage","url":"https:\/\/seed.hu\/wp-content\/uploads\/2021\/04\/dobbanto.png","contentUrl":"https:\/\/seed.hu\/wp-content\/uploads\/2021\/04\/dobbanto.png","width":773,"height":773},{"@type":"BreadcrumbList","@id":"https:\/\/seed.hu\/hirek\/oktober-29-en-indul-az-uj-dobbanto-trening\/#breadcrumb","itemListElement":[{"@type":"ListItem","position":1,"name":"H\u00edrek","item":"https:\/\/seed.hu\/hirek\/"},{"@type":"ListItem","position":2,"name":"Okt\u00f3ber 29-\u00e9n indul az \u00faj Dobbant\u00f3-tr\u00e9ning!"}]},{"@type":"WebSite","@id":"https:\/\/seed.hu\/#website","url":"https:\/\/seed.hu\/","name":"Seed","description":"","potentialAction":[{"@type":"SearchAction","target":{"@type":"EntryPoint","urlTemplate":"https:\/\/seed.hu\/?s={search_term_string}"},"query-input":{"@type":"PropertyValueSpecification","valueRequired":true,"valueName":"search_term_string"}}],"inLanguage":"en-US"}]}},"_links":{"self":[{"href":"https:\/\/seed.hu\/en\/wp-json\/wp\/v2\/hirek\/817","targetHints":{"allow":["GET"]}}],"collection":[{"href":"https:\/\/seed.hu\/en\/wp-json\/wp\/v2\/hirek"}],"about":[{"href":"https:\/\/seed.hu\/en\/wp-json\/wp\/v2\/types\/hirek"}],"wp:featuredmedia":[{"embeddable":true,"href":"https:\/\/seed.hu\/en\/wp-json\/wp\/v2\/media\/335"}],"wp:attachment":[{"href":"https:\/\/seed.hu\/en\/wp-json\/wp\/v2\/media?parent=817"}],"curies":[{"name":"wp","href":"https:\/\/api.w.org\/{rel}","templated":true}]}}