{"id":821,"date":"2018-11-12T20:45:56","date_gmt":"2018-11-12T19:45:56","guid":{"rendered":"https:\/\/seed.hu\/?post_type=hirek&#038;p=821"},"modified":"2022-01-17T18:40:19","modified_gmt":"2022-01-17T17:40:19","slug":"a-vallalkozasok-digitalizacios-kepzeseben-erosit-a-seed-alapitvany-uj-kepzessel-bovul-a-dobbanto-program","status":"publish","type":"hirek","link":"https:\/\/seed.hu\/en\/hirek\/a-vallalkozasok-digitalizacios-kepzeseben-erosit-a-seed-alapitvany-uj-kepzessel-bovul-a-dobbanto-program\/","title":{"rendered":"A v\u00e1llalkoz\u00e1sok digitaliz\u00e1ci\u00f3s k\u00e9pz\u00e9s\u00e9ben er\u0151s\u00edt a SEED Alap\u00edtv\u00e1ny &#8211; \u00daj k\u00e9pz\u00e9ssel b\u0151v\u00fcl a Dobbant\u00f3 program"},"content":{"rendered":"<p><a href=\"https:\/\/seed.hu\/szolgaltatasok\/dobbanto\/dobbantologo\/\" rel=\"attachment wp-att-39\"><img loading=\"lazy\" decoding=\"async\" class=\"alignnone size-medium wp-image-39\" src=\"https:\/\/seed.hu\/wp-content\/uploads\/2021\/02\/dobbantologo-300x84.jpg\" alt=\"\" width=\"300\" height=\"84\" srcset=\"https:\/\/seed.hu\/wp-content\/uploads\/2021\/02\/dobbantologo-300x84.jpg 300w, https:\/\/seed.hu\/wp-content\/uploads\/2021\/02\/dobbantologo.jpg 384w\" sizes=\"auto, (max-width: 300px) 100vw, 300px\" \/><\/a><\/p>\n<p>Novemberben els\u0151 alkalommal indul v\u00e1llalkoz\u00f3n\u0151k sz\u00e1m\u00e1ra digitaliz\u00e1ci\u00f3ra f\u00f3kusz\u00e1l\u00f3 k\u00e9pz\u00e9s QuickIT n\u00e9ven a Budapest Bank \u00e1ltal t\u00e1mogatott Dobbant\u00f3 program keret\u00e9ben. A k\u00e9pz\u00e9st a program partnere, a SEED Alap\u00edtv\u00e1ny k\u00edn\u00e1lja. A bank \u00e9s az alap\u00edtv\u00e1ny k\u00f6z\u00f6s c\u00e9lja, hogy seg\u00edts\u00e9get ny\u00fajtsanak a n\u0151i v\u00e1llalkoz\u00e1sok digit\u00e1lis ismereteinek, tud\u00e1s\u00e1nak, k\u00e9szs\u00e9geinek fejleszt\u00e9s\u00e9hez.<\/p>\n<p>Egy eur\u00f3pai uni\u00f3s felm\u00e9r\u00e9s szerint a fels\u0151oktat\u00e1sban v\u00e9gzettek 57%-a n\u0151, de k\u00f6z\u00fcl\u00fck csak 24,9% tanult valamilyen informatikai ter\u00fcleten, \u00e9s m\u00e9g enn\u00e9l is sokkal kevesebben, mind\u00f6ssze 13% helyezkedik el a szektorban. (Women in the Digital Age, 2018)<\/p>\n<p>Amennyiben a digit\u00e1lis \u00e1talakul\u00e1s folyamat\u00e1ban kell\u0151 figyelmet kap a n\u0151k megfelel\u0151 k\u00e9szs\u00e9geinek fejleszt\u00e9se \u00e9s a j\u00f6v\u0151 munkaer\u0151-piaci elv\u00e1r\u00e1sainak val\u00f3 megfelel\u00e9s\u00fck, tov\u00e1bbi jelent\u0151s eredm\u00e9nyek \u00e9rhet\u0151k el a n\u0151k gazdas\u00e1gi szerepv\u00e1llal\u00e1s\u00e1nak er\u0151s\u00f6d\u00e9s\u00e9ben.<\/p>\n<p>Ezt az ig\u00e9nyt ismerte fel a Budapest Bank \u00e9s a SEED Alap\u00edtv\u00e1ny, amely 2 x f\u00e9lnapos intenz\u00edv k\u00e9pz\u00e9s keret\u00e9ben v\u00e1llalkoz\u00f3n\u0151ket igyekszik felk\u00e9sz\u00edteni a digit\u00e1lis kih\u00edv\u00e1sra. A r\u00e9sztvev\u0151k v\u00e1laszt kapnak arra, mit jelent digit\u00e1lis v\u00e1llalkoz\u00e1sk\u00e9nt m\u0171k\u00f6dni. A k\u00e9pz\u00e9s r\u00e9szek\u00e9nt a h\u00f6lgyek olyan digit\u00e1lis megold\u00e1sokkal ismerkednek meg, amelyek seg\u00edtik \u0151ket a v\u00e1llalkoz\u00f3i h\u00e9tk\u00f6znapjaik sor\u00e1n a munkafolyamatok \u00e9s a p\u00e9nz\u00fcgyek megtervez\u00e9s\u00e9ben, lebonyol\u00edt\u00e1s\u00e1ban, ellen\u0151rz\u00e9s\u00e9ben, az \u00fcgyfelekkel \u00e9s az \u00fczleti partnerekkel val\u00f3 kommunik\u00e1ci\u00f3ban, a v\u00e1llalkoz\u00e1si folyamatok nyomon k\u00f6vet\u00e9s\u00e9ben, \u00e9rt\u00e9kel\u00e9s\u00e9ben.<\/p>\n<p>Ahogyan az a SEED Alap\u00edtv\u00e1ny k\u00e9pz\u00e9sei eset\u00e9ben megszokott, a r\u00e9sztvev\u0151k azonnal alkalmazni tudj\u00e1k a gyakorlatban a megszerzett elm\u00e9leti ismereteket.<\/p>\n<p>Azokat a v\u00e1llalkoz\u00f3n\u0151ket v\u00e1rj\u00e1k a szervez\u0151k a k\u00e9pz\u00e9sre, akik a digitaliz\u00e1ci\u00f3t ink\u00e1bb h\u00e1tr\u00e1nyk\u00e9nt, mint el\u0151nyk\u00e9nt \u00e9lik meg, \u00e9s szeretn\u00e9nek eligazodni ebben a vil\u00e1gban. A c\u00e9l az, hogy a v\u00e1llalkoz\u00f3n\u0151kben leomoljanak a digitaliz\u00e1ci\u00f3val kapcsolatos g\u00e1tak, hogy r\u00e1\u00e9rezzenek annak el\u0151nyeire, \u00e9s alkalmazni tudj\u00e1k az infokommunik\u00e1ci\u00f3s technol\u00f3gia v\u00edvm\u00e1nyait v\u00e1llalkoz\u00e1suk mindennapjaiban, ezzel is jav\u00edtva hat\u00e9konys\u00e1gukat, s nem kev\u00e9s id\u0151t sp\u00f3rolva meg maguknak.<\/p>\n<p>&nbsp;<\/p>\n<p>K\u00e9pz\u00e9si id\u0151pontok: \u00a0 2018. november 26-27.<\/p>\n<p>2018. december 13-14.<\/p>\n<p>Jelentkez\u00e9si hat\u00e1rid\u0151:<\/p>\n<p>Az els\u0151 k\u00e9pz\u00e9si napokra 2018. november 21., a m\u00e1sodik k\u00e9pz\u00e9si napokra 2018. december 3., h\u00e9tf\u0151 23:59.<\/p>\n<p>&nbsp;<\/p>\n<p>Jelentkez\u00e9s \u00e9s tov\u00e1bbi r\u00e9szletek:\u00a0https:\/\/dobbanto.seed.hu\/urlap\/jelentkezes-quickit-kepzesre<\/p>\n<p>&nbsp;<\/p>\n<p>&nbsp;<\/p>\n","protected":false},"featured_media":335,"menu_order":0,"template":"","meta":{"_acf_changed":false},"class_list":["post-821","hirek","type-hirek","status-publish","has-post-thumbnail","hentry"],"acf":[],"yoast_head":"<!-- This site is optimized with the Yoast SEO plugin v27.4 - https:\/\/yoast.com\/product\/yoast-seo-wordpress\/ -->\n<title>A v\u00e1llalkoz\u00e1sok digitaliz\u00e1ci\u00f3s k\u00e9pz\u00e9s\u00e9ben er\u0151s\u00edt a SEED Alap\u00edtv\u00e1ny - \u00daj k\u00e9pz\u00e9ssel b\u0151v\u00fcl a Dobbant\u00f3 program - Seed<\/title>\n<meta name=\"robots\" content=\"index, follow, max-snippet:-1, max-image-preview:large, max-video-preview:-1\" \/>\n<link rel=\"canonical\" href=\"https:\/\/seed.hu\/hirek\/a-vallalkozasok-digitalizacios-kepzeseben-erosit-a-seed-alapitvany-uj-kepzessel-bovul-a-dobbanto-program\/\" \/>\n<meta property=\"og:locale\" content=\"en_US\" \/>\n<meta property=\"og:type\" content=\"article\" \/>\n<meta property=\"og:title\" content=\"A v\u00e1llalkoz\u00e1sok digitaliz\u00e1ci\u00f3s k\u00e9pz\u00e9s\u00e9ben er\u0151s\u00edt a SEED Alap\u00edtv\u00e1ny - \u00daj k\u00e9pz\u00e9ssel b\u0151v\u00fcl a Dobbant\u00f3 program - Seed\" \/>\n<meta property=\"og:description\" content=\"Novemberben els\u0151 alkalommal indul v\u00e1llalkoz\u00f3n\u0151k sz\u00e1m\u00e1ra digitaliz\u00e1ci\u00f3ra f\u00f3kusz\u00e1l\u00f3 k\u00e9pz\u00e9s QuickIT n\u00e9ven a Budapest Bank \u00e1ltal t\u00e1mogatott Dobbant\u00f3 program keret\u00e9ben. A k\u00e9pz\u00e9st a program partnere, a SEED Alap\u00edtv\u00e1ny k\u00edn\u00e1lja. A bank \u00e9s az alap\u00edtv\u00e1ny k\u00f6z\u00f6s c\u00e9lja, hogy seg\u00edts\u00e9get ny\u00fajtsanak a n\u0151i v\u00e1llalkoz\u00e1sok digit\u00e1lis ismereteinek, tud\u00e1s\u00e1nak, k\u00e9szs\u00e9geinek fejleszt\u00e9s\u00e9hez. Egy eur\u00f3pai uni\u00f3s felm\u00e9r\u00e9s szerint a fels\u0151oktat\u00e1sban v\u00e9gzettek 57%-a [&hellip;]\" \/>\n<meta property=\"og:url\" content=\"https:\/\/seed.hu\/hirek\/a-vallalkozasok-digitalizacios-kepzeseben-erosit-a-seed-alapitvany-uj-kepzessel-bovul-a-dobbanto-program\/\" \/>\n<meta property=\"og:site_name\" content=\"Seed\" \/>\n<meta property=\"article:modified_time\" content=\"2022-01-17T17:40:19+00:00\" \/>\n<meta property=\"og:image\" content=\"https:\/\/seed.hu\/wp-content\/uploads\/2021\/04\/dobbanto.png\" \/>\n\t<meta property=\"og:image:width\" content=\"773\" \/>\n\t<meta property=\"og:image:height\" content=\"773\" \/>\n\t<meta property=\"og:image:type\" content=\"image\/png\" \/>\n<meta name=\"twitter:card\" content=\"summary_large_image\" \/>\n<meta name=\"twitter:label1\" content=\"Est. reading time\" \/>\n\t<meta name=\"twitter:data1\" content=\"2 minutes\" \/>\n<script type=\"application\/ld+json\" class=\"yoast-schema-graph\">{\"@context\":\"https:\\\/\\\/schema.org\",\"@graph\":[{\"@type\":\"WebPage\",\"@id\":\"https:\\\/\\\/seed.hu\\\/hirek\\\/a-vallalkozasok-digitalizacios-kepzeseben-erosit-a-seed-alapitvany-uj-kepzessel-bovul-a-dobbanto-program\\\/\",\"url\":\"https:\\\/\\\/seed.hu\\\/hirek\\\/a-vallalkozasok-digitalizacios-kepzeseben-erosit-a-seed-alapitvany-uj-kepzessel-bovul-a-dobbanto-program\\\/\",\"name\":\"A v\u00e1llalkoz\u00e1sok digitaliz\u00e1ci\u00f3s k\u00e9pz\u00e9s\u00e9ben er\u0151s\u00edt a SEED Alap\u00edtv\u00e1ny - \u00daj k\u00e9pz\u00e9ssel b\u0151v\u00fcl a Dobbant\u00f3 program - Seed\",\"isPartOf\":{\"@id\":\"https:\\\/\\\/seed.hu\\\/#website\"},\"primaryImageOfPage\":{\"@id\":\"https:\\\/\\\/seed.hu\\\/hirek\\\/a-vallalkozasok-digitalizacios-kepzeseben-erosit-a-seed-alapitvany-uj-kepzessel-bovul-a-dobbanto-program\\\/#primaryimage\"},\"image\":{\"@id\":\"https:\\\/\\\/seed.hu\\\/hirek\\\/a-vallalkozasok-digitalizacios-kepzeseben-erosit-a-seed-alapitvany-uj-kepzessel-bovul-a-dobbanto-program\\\/#primaryimage\"},\"thumbnailUrl\":\"https:\\\/\\\/seed.hu\\\/wp-content\\\/uploads\\\/2021\\\/04\\\/dobbanto.png\",\"datePublished\":\"2018-11-12T19:45:56+00:00\",\"dateModified\":\"2022-01-17T17:40:19+00:00\",\"breadcrumb\":{\"@id\":\"https:\\\/\\\/seed.hu\\\/hirek\\\/a-vallalkozasok-digitalizacios-kepzeseben-erosit-a-seed-alapitvany-uj-kepzessel-bovul-a-dobbanto-program\\\/#breadcrumb\"},\"inLanguage\":\"en-US\",\"potentialAction\":[{\"@type\":\"ReadAction\",\"target\":[\"https:\\\/\\\/seed.hu\\\/hirek\\\/a-vallalkozasok-digitalizacios-kepzeseben-erosit-a-seed-alapitvany-uj-kepzessel-bovul-a-dobbanto-program\\\/\"]}]},{\"@type\":\"ImageObject\",\"inLanguage\":\"en-US\",\"@id\":\"https:\\\/\\\/seed.hu\\\/hirek\\\/a-vallalkozasok-digitalizacios-kepzeseben-erosit-a-seed-alapitvany-uj-kepzessel-bovul-a-dobbanto-program\\\/#primaryimage\",\"url\":\"https:\\\/\\\/seed.hu\\\/wp-content\\\/uploads\\\/2021\\\/04\\\/dobbanto.png\",\"contentUrl\":\"https:\\\/\\\/seed.hu\\\/wp-content\\\/uploads\\\/2021\\\/04\\\/dobbanto.png\",\"width\":773,\"height\":773},{\"@type\":\"BreadcrumbList\",\"@id\":\"https:\\\/\\\/seed.hu\\\/hirek\\\/a-vallalkozasok-digitalizacios-kepzeseben-erosit-a-seed-alapitvany-uj-kepzessel-bovul-a-dobbanto-program\\\/#breadcrumb\",\"itemListElement\":[{\"@type\":\"ListItem\",\"position\":1,\"name\":\"H\u00edrek\",\"item\":\"https:\\\/\\\/seed.hu\\\/hirek\\\/\"},{\"@type\":\"ListItem\",\"position\":2,\"name\":\"A v\u00e1llalkoz\u00e1sok digitaliz\u00e1ci\u00f3s k\u00e9pz\u00e9s\u00e9ben er\u0151s\u00edt a SEED Alap\u00edtv\u00e1ny &#8211; \u00daj k\u00e9pz\u00e9ssel b\u0151v\u00fcl a Dobbant\u00f3 program\"}]},{\"@type\":\"WebSite\",\"@id\":\"https:\\\/\\\/seed.hu\\\/#website\",\"url\":\"https:\\\/\\\/seed.hu\\\/\",\"name\":\"Seed\",\"description\":\"\",\"potentialAction\":[{\"@type\":\"SearchAction\",\"target\":{\"@type\":\"EntryPoint\",\"urlTemplate\":\"https:\\\/\\\/seed.hu\\\/?s={search_term_string}\"},\"query-input\":{\"@type\":\"PropertyValueSpecification\",\"valueRequired\":true,\"valueName\":\"search_term_string\"}}],\"inLanguage\":\"en-US\"}]}<\/script>\n<!-- \/ Yoast SEO plugin. -->","yoast_head_json":{"title":"A v\u00e1llalkoz\u00e1sok digitaliz\u00e1ci\u00f3s k\u00e9pz\u00e9s\u00e9ben er\u0151s\u00edt a SEED Alap\u00edtv\u00e1ny - \u00daj k\u00e9pz\u00e9ssel b\u0151v\u00fcl a Dobbant\u00f3 program - Seed","robots":{"index":"index","follow":"follow","max-snippet":"max-snippet:-1","max-image-preview":"max-image-preview:large","max-video-preview":"max-video-preview:-1"},"canonical":"https:\/\/seed.hu\/hirek\/a-vallalkozasok-digitalizacios-kepzeseben-erosit-a-seed-alapitvany-uj-kepzessel-bovul-a-dobbanto-program\/","og_locale":"en_US","og_type":"article","og_title":"A v\u00e1llalkoz\u00e1sok digitaliz\u00e1ci\u00f3s k\u00e9pz\u00e9s\u00e9ben er\u0151s\u00edt a SEED Alap\u00edtv\u00e1ny - \u00daj k\u00e9pz\u00e9ssel b\u0151v\u00fcl a Dobbant\u00f3 program - Seed","og_description":"Novemberben els\u0151 alkalommal indul v\u00e1llalkoz\u00f3n\u0151k sz\u00e1m\u00e1ra digitaliz\u00e1ci\u00f3ra f\u00f3kusz\u00e1l\u00f3 k\u00e9pz\u00e9s QuickIT n\u00e9ven a Budapest Bank \u00e1ltal t\u00e1mogatott Dobbant\u00f3 program keret\u00e9ben. A k\u00e9pz\u00e9st a program partnere, a SEED Alap\u00edtv\u00e1ny k\u00edn\u00e1lja. A bank \u00e9s az alap\u00edtv\u00e1ny k\u00f6z\u00f6s c\u00e9lja, hogy seg\u00edts\u00e9get ny\u00fajtsanak a n\u0151i v\u00e1llalkoz\u00e1sok digit\u00e1lis ismereteinek, tud\u00e1s\u00e1nak, k\u00e9szs\u00e9geinek fejleszt\u00e9s\u00e9hez. Egy eur\u00f3pai uni\u00f3s felm\u00e9r\u00e9s szerint a fels\u0151oktat\u00e1sban v\u00e9gzettek 57%-a [&hellip;]","og_url":"https:\/\/seed.hu\/hirek\/a-vallalkozasok-digitalizacios-kepzeseben-erosit-a-seed-alapitvany-uj-kepzessel-bovul-a-dobbanto-program\/","og_site_name":"Seed","article_modified_time":"2022-01-17T17:40:19+00:00","og_image":[{"width":773,"height":773,"url":"https:\/\/seed.hu\/wp-content\/uploads\/2021\/04\/dobbanto.png","type":"image\/png"}],"twitter_card":"summary_large_image","twitter_misc":{"Est. reading time":"2 minutes"},"schema":{"@context":"https:\/\/schema.org","@graph":[{"@type":"WebPage","@id":"https:\/\/seed.hu\/hirek\/a-vallalkozasok-digitalizacios-kepzeseben-erosit-a-seed-alapitvany-uj-kepzessel-bovul-a-dobbanto-program\/","url":"https:\/\/seed.hu\/hirek\/a-vallalkozasok-digitalizacios-kepzeseben-erosit-a-seed-alapitvany-uj-kepzessel-bovul-a-dobbanto-program\/","name":"A v\u00e1llalkoz\u00e1sok digitaliz\u00e1ci\u00f3s k\u00e9pz\u00e9s\u00e9ben er\u0151s\u00edt a SEED Alap\u00edtv\u00e1ny - \u00daj k\u00e9pz\u00e9ssel b\u0151v\u00fcl a Dobbant\u00f3 program - Seed","isPartOf":{"@id":"https:\/\/seed.hu\/#website"},"primaryImageOfPage":{"@id":"https:\/\/seed.hu\/hirek\/a-vallalkozasok-digitalizacios-kepzeseben-erosit-a-seed-alapitvany-uj-kepzessel-bovul-a-dobbanto-program\/#primaryimage"},"image":{"@id":"https:\/\/seed.hu\/hirek\/a-vallalkozasok-digitalizacios-kepzeseben-erosit-a-seed-alapitvany-uj-kepzessel-bovul-a-dobbanto-program\/#primaryimage"},"thumbnailUrl":"https:\/\/seed.hu\/wp-content\/uploads\/2021\/04\/dobbanto.png","datePublished":"2018-11-12T19:45:56+00:00","dateModified":"2022-01-17T17:40:19+00:00","breadcrumb":{"@id":"https:\/\/seed.hu\/hirek\/a-vallalkozasok-digitalizacios-kepzeseben-erosit-a-seed-alapitvany-uj-kepzessel-bovul-a-dobbanto-program\/#breadcrumb"},"inLanguage":"en-US","potentialAction":[{"@type":"ReadAction","target":["https:\/\/seed.hu\/hirek\/a-vallalkozasok-digitalizacios-kepzeseben-erosit-a-seed-alapitvany-uj-kepzessel-bovul-a-dobbanto-program\/"]}]},{"@type":"ImageObject","inLanguage":"en-US","@id":"https:\/\/seed.hu\/hirek\/a-vallalkozasok-digitalizacios-kepzeseben-erosit-a-seed-alapitvany-uj-kepzessel-bovul-a-dobbanto-program\/#primaryimage","url":"https:\/\/seed.hu\/wp-content\/uploads\/2021\/04\/dobbanto.png","contentUrl":"https:\/\/seed.hu\/wp-content\/uploads\/2021\/04\/dobbanto.png","width":773,"height":773},{"@type":"BreadcrumbList","@id":"https:\/\/seed.hu\/hirek\/a-vallalkozasok-digitalizacios-kepzeseben-erosit-a-seed-alapitvany-uj-kepzessel-bovul-a-dobbanto-program\/#breadcrumb","itemListElement":[{"@type":"ListItem","position":1,"name":"H\u00edrek","item":"https:\/\/seed.hu\/hirek\/"},{"@type":"ListItem","position":2,"name":"A v\u00e1llalkoz\u00e1sok digitaliz\u00e1ci\u00f3s k\u00e9pz\u00e9s\u00e9ben er\u0151s\u00edt a SEED Alap\u00edtv\u00e1ny &#8211; \u00daj k\u00e9pz\u00e9ssel b\u0151v\u00fcl a Dobbant\u00f3 program"}]},{"@type":"WebSite","@id":"https:\/\/seed.hu\/#website","url":"https:\/\/seed.hu\/","name":"Seed","description":"","potentialAction":[{"@type":"SearchAction","target":{"@type":"EntryPoint","urlTemplate":"https:\/\/seed.hu\/?s={search_term_string}"},"query-input":{"@type":"PropertyValueSpecification","valueRequired":true,"valueName":"search_term_string"}}],"inLanguage":"en-US"}]}},"_links":{"self":[{"href":"https:\/\/seed.hu\/en\/wp-json\/wp\/v2\/hirek\/821","targetHints":{"allow":["GET"]}}],"collection":[{"href":"https:\/\/seed.hu\/en\/wp-json\/wp\/v2\/hirek"}],"about":[{"href":"https:\/\/seed.hu\/en\/wp-json\/wp\/v2\/types\/hirek"}],"wp:featuredmedia":[{"embeddable":true,"href":"https:\/\/seed.hu\/en\/wp-json\/wp\/v2\/media\/335"}],"wp:attachment":[{"href":"https:\/\/seed.hu\/en\/wp-json\/wp\/v2\/media?parent=821"}],"curies":[{"name":"wp","href":"https:\/\/api.w.org\/{rel}","templated":true}]}}