{"id":832,"date":"2019-01-23T14:44:30","date_gmt":"2019-01-23T13:44:30","guid":{"rendered":"https:\/\/seed.hu\/?post_type=hirek&#038;p=832"},"modified":"2022-01-17T19:44:33","modified_gmt":"2022-01-17T18:44:33","slug":"korszeru-tudas-valtozo-celcsoportok-interju-a-seed-alapitvany-ugyvezeto-igazgatojaval","status":"publish","type":"hirek","link":"https:\/\/seed.hu\/en\/hirek\/korszeru-tudas-valtozo-celcsoportok-interju-a-seed-alapitvany-ugyvezeto-igazgatojaval\/","title":{"rendered":"Korszer\u0171 tud\u00e1s, v\u00e1ltoz\u00f3 c\u00e9lcsoportok &#8211; Interj\u00fa a SEED Alap\u00edtv\u00e1ny \u00fcgyvezet\u0151 igazgat\u00f3j\u00e1val"},"content":{"rendered":"<p><img loading=\"lazy\" decoding=\"async\" src=\"https:\/\/seed.hu\/files\/images\/news-images\/1477.jpg\" alt=\"\" width=\"111\" height=\"156\" \/><strong>\u00a0\u00a0\u00a0\u00a0\u00a0\u00a0Korszer\u0171 tud\u00e1s, v\u00e1ltoz\u00f3 c\u00e9lcsoportok &#8211; Interj\u00fa a SEED Alap\u00edtv\u00e1ny \u00fcgyvezet\u0151 igazgat\u00f3j\u00e1val<\/strong><\/p>\n<p><strong>Lakatosn\u00e9 Luk\u00e1cs Zsuzsanna tavaly \u00e1prilisban vette \u00e1t a SEED Alap\u00edtv\u00e1ny vezet\u00e9s\u00e9t. Arra voltunk k\u00edv\u00e1ncsiak, hogy az ir\u00e1ny\u00edt\u00e1sa alatt mi t\u00f6rt\u00e9nt a szervezetn\u00e9l, milyen ir\u00e1nyba indult el, merre halad a SEED.<\/strong><br \/>\n<!--break--><\/p>\n<p><em><strong>A SEED Alap\u00edtv\u00e1ny az \u00d6n sz\u00e1m\u00e1ra nem volt ismeretlen, hiszen kurat\u00f3riumi tagk\u00e9nt, majd k\u00e9s\u0151bb a kurat\u00f3rium eln\u00f6kek\u00e9nt jelent volt az alap\u00edtv\u00e1ny \u00e9let\u00e9ben. Az \u00fcgyvezet\u0151 igazgat\u00f3i poz\u00edci\u00f3b\u00f3l azonban nyilv\u00e1n m\u00e1s arc\u00e1t l\u00e1tja a szervezetnek. Milyen ez az arc?<\/strong><\/em><\/p>\n<p>Kurat\u00f3riumi tagk\u00e9nt, majd k\u00e9s\u0151bb eln\u00f6kk\u00e9nt a SEED strat\u00e9gi\u00e1j\u00e1nak kialak\u00edt\u00e1s\u00e1ban val\u00f3 ir\u00e1ny\u00edt\u00f3 r\u00e9szv\u00e9tel volt a feladatom, \u00edgy kev\u00e9sb\u00e9 l\u00e1ttam bele a szervezet operat\u00edv m\u0171k\u00f6d\u00e9s\u00e9be. \u00c9n akkor \u00fagy tekintettem az alap\u00edtv\u00e1nyra, mint olyan v\u00e1llalkoz\u00e1sfejleszt\u0151 szervezetre, amely egy-egy c\u00e9lcsoport, jellemz\u0151en a n\u0151i v\u00e1llalkoz\u00e1sok \u00e9let\u00e9ben meghat\u00e1roz\u00f3 szerepet t\u00f6lt be. A Budapest Bankkal k\u00f6z\u00f6s Dobbant\u00f3 program m\u00e1r ismert volt, igaz, els\u0151sorban azok k\u00f6r\u00e9ben, akik valamilyen szempontb\u00f3l a n\u0151i v\u00e1llalkoz\u00e1sokkal, e v\u00e1llalkoz\u00e1sok fejleszt\u00e9s\u00e9vel foglalkoztak. A sz\u00e9lesebb k\u00f6zv\u00e9lem\u00e9ny azonban sem mag\u00e1t az alap\u00edtv\u00e1nyt, sem a n\u0151i v\u00e1llalkoz\u00f3k \u00e9rdek\u00e9ben kifejtett t\u00f6bb mint k\u00e9t \u00e9s f\u00e9l \u00e9vtizedes szakmai er\u0151fesz\u00edt\u00e9seit nem ismerte.<\/p>\n<p>Azt mindig tudtam a SEED-r\u0151l, hogy kiv\u00e1l\u00f3 szakemberek dolgoznak benne \u00e9s k\u00f6r\u00fcl\u00f6tte, akik f\u0151leg a n\u0151i v\u00e1llalkoz\u00e1sok t\u00e9m\u00e1j\u00e1ban, de t\u00f6bb m\u00e1s t\u00e9mak\u00f6rben is tanulm\u00e1nyokat k\u00e9sz\u00edtettek, el\u0151ad\u00e1sokat tartottak, szak\u00e9rt\u0151i v\u00e9lem\u00e9nyeket fogalmaztak meg. Ink\u00e1bb a szakmai m\u0171hely jellege volt er\u0151s az alap\u00edtv\u00e1nynak.<\/p>\n<p>Azt is l\u00e1ttam, hogy a n\u0151i v\u00e1llalkoz\u00e1sokon kereszt\u00fcl a csal\u00e1di v\u00e1llalkoz\u00e1sok is megjelentek a SEED munk\u00e1j\u00e1ban: a n\u0151i v\u00e1llalkoz\u00f3k gondjai, probl\u00e9m\u00e1i k\u00f6z\u00f6tt ugyanis sz\u00e1mos olyan volt, amely a csal\u00e1di \u00e9let\u00fckkel kapcsol\u00f3dott \u00f6ssze.<\/p>\n<p>Amikor \u00e1tvettem az alap\u00edtv\u00e1ny vezet\u00e9s\u00e9t, m\u00e9lyebben megvizsg\u00e1ltam, hogy melyek a SEED \u00e9rt\u00e9kei, mire lehet t\u00e1maszkodni. Az alap kiv\u00e1l\u00f3nak bizonyult, az \u00e9rt\u00e9kek, mint p\u00e9ld\u00e1ul az emberk\u00f6zpont\u00fas\u00e1g \u00e9s az \u00fcgyf\u00e9lcentrikuss\u00e1g tart\u00f3snak, de arra jutottam, hogy tov\u00e1bb kell l\u00e9pni. T\u00f6bb \u00faj term\u00e9ket kell kifejleszteni, b\u0151v\u00edteni kell a megc\u00e9lzott \u00fcgyf\u00e9lcsoportok k\u00f6r\u00e9t, \u00e9s n\u00f6velni kell az alap\u00edtv\u00e1ny ismerts\u00e9g\u00e9t. \u00c9s b\u00e1r nem az a c\u00e9lunk, hogy a csapb\u00f3l is mi folyjunk, de az igen, hogy a keres\u00e9si list\u00e1n kicsit el\u0151bbre ker\u00fclj\u00fcnk. Az el\u0151z\u0151 \u00e9v teh\u00e1t r\u00e9szben err\u0151l is sz\u00f3lt: a nyit\u00e1sr\u00f3l az \u00faj partnerek fel\u00e9, az \u00faj c\u00e9lok kit\u0171z\u00e9s\u00e9r\u0151l, a c\u00e9lcsoportok kialak\u00edt\u00e1s\u00e1r\u00f3l. Ezeken a feladatokon fogunk dolgozni a k\u00f6vetkez\u0151 h\u00e1rom-n\u00e9gy \u00e9vben.<\/p>\n<p>&nbsp;<\/p>\n<p><em><strong>Milyen \u00faj c\u00e9lcsoportokat l\u00e1t, \u00e9s milyen \u00faj partners\u00e9gek kialak\u00edt\u00e1s\u00e1ra t\u00f6rekszik?<\/strong><\/em><\/p>\n<p>Kicsit m\u00e9g a n\u0151i v\u00e1llalkoz\u00e1sokn\u00e1l maradva: j\u00f3llehet az azok fejleszt\u00e9s\u00e9vel foglalkoz\u00f3 szervezetek k\u00f6z\u00f6tt mindig is volt egyfajta kapcsolat, ez azonban ink\u00e1bb esetleges, v\u00e9letlenszer\u0171 volt. \u00dagy gondolom, hogy az eddigin\u00e9l sokkal m\u00e9lyebb \u00e9s intenz\u00edvebb egy\u00fcttm\u0171k\u00f6d\u00e9sre, a szinergi\u00e1k megtal\u00e1l\u00e1s\u00e1ra, a kapcsolatok int\u00e9zm\u00e9nyes\u00edt\u00e9s\u00e9re van sz\u00fcks\u00e9g.\u00a0 Nem versenyt\u00e1rsk\u00e9nt, hanem partnerk\u00e9nt tekintek ezekre a szervezetekre, mint p\u00e9ld\u00e1ul a BPW-re, a PWA-ra, a N\u0151k\/ \u00dczlet\/Angyalok Egyes\u00fcletre, a Magyar \u00dczletasszonyok Egyes\u00fclet\u00e9re, a J\u00f3l-L\u00e9t Alap\u00edtv\u00e1nyra \u00e9s mindazokra, amelyekkel ugyanaz a c\u00e9lunk: es\u00e9lyt teremteni a n\u0151k sz\u00e1m\u00e1ra a v\u00e1llalkoz\u00f3v\u00e1 v\u00e1l\u00e1sra, \u00e9s seg\u00edteni a n\u0151i v\u00e1llalkoz\u00e1sokat a piaci versenyben val\u00f3 helyt\u00e1ll\u00e1sban. Sok t\u00edzezer ilyen v\u00e1llalkoz\u00e1s m\u0171k\u00f6dik Magyarorsz\u00e1gon, s j\u00f3 lenne k\u00f6z\u00fcl\u00fck min\u00e9l t\u00f6bbet el\u00e9rni. Nem kell teh\u00e1t att\u00f3l tartani, hogy egym\u00e1st\u00f3l vessz\u00fck el az \u00fcgyfeleket! M\u00e1r el is kezdt\u00fck a k\u00f6z\u00f6s munk\u00e1t: a digit\u00e1lis start-up strat\u00e9gia megval\u00f3s\u00edt\u00e1sa keret\u00e9ben egy\u00fctt gy\u0171jtj\u00fck \u00f6ssze a n\u0151i v\u00e1llalkoz\u00e1sok fejleszt\u00e9s\u00e9ben relev\u00e1ns hazai szervezeteket. Ez j\u00f3 kiindul\u00f3 alap a k\u00f6z\u00f6s fell\u00e9p\u00e9sre, tov\u00e1bbl\u00e9p\u00e9sre.<\/p>\n<p>\u00daj c\u00e9lcsoport sz\u00e1munkra a gener\u00e1ci\u00f3v\u00e1lt\u00e1s el\u0151tt \u00e1ll\u00f3 csal\u00e1di v\u00e1llalkoz\u00e1sok k\u00f6re. Ebben a t\u00e9m\u00e1ban nagyon j\u00f3 kapcsolatot alak\u00edtottunk ki a Csal\u00e1di V\u00e1llalkoz\u00e1sok Orsz\u00e1gos Egyes\u00fclet\u00e9vel \u00e9s annak alap\u00edtv\u00e1ny\u00e1val. Ez a szervezet nagy seg\u00edts\u00e9get tud majd ny\u00fajtani sz\u00e1munkra egy el\u0151k\u00e9sz\u00fcletben l\u00e9v\u0151 projektben, amelyben mentorokat \u00e9s mentor\u00e1ltakat igyeksz\u00fcnk megsz\u00f3l\u00edtani \u00e9s \u00f6sszehozni egym\u00e1ssal. A c\u00e9lunk az, hogy legyen olyan sz\u00e9les k\u00f6rben el\u00e9rhet\u0151 f\u00f3rum, ahol a gener\u00e1ci\u00f3v\u00e1lt\u00e1st sikeresen \u00e1t\u00e9lt v\u00e1llalkoz\u00e1sok megoszthatj\u00e1k tud\u00e1sukat, tapasztalataikat azokkal, akik m\u00e9g ennek az \u00fatnak az elej\u00e9n tartanak.<\/p>\n<p>Szint\u00e9n \u00faj c\u00e9lcsoportunk a digitaliz\u00e1ci\u00f3 kih\u00edv\u00e1saival k\u00fczd\u0151 kkv-k sz\u00e9les k\u00f6re. Napjainkban minden a digitaliz\u00e1ci\u00f3r\u00f3l sz\u00f3l, nagyon sok kkv-nak azonban nincsen elk\u00e9pzel\u00e9se arr\u00f3l, hogy mik\u00e9ppen tudn\u00e1 kihaszn\u00e1lni az ebben a folyamatban rejl\u0151 el\u0151ny\u00f6ket. Mi ebben pr\u00f3b\u00e1lunk meg seg\u00edts\u00e9get ny\u00fajtani nekik.<\/p>\n<p>Els\u0151sorban ezen a h\u00e1rom ter\u00fcleten igyeksz\u00fcnk tov\u00e1bbl\u00e9pni \u00e9s t\u00f6bbet, helyenk\u00e9nt valami \u00fajat alkotni.<\/p>\n<p>&nbsp;<\/p>\n<p><strong><em>A SEED Alap\u00edtv\u00e1ny tulajdonosi h\u00e1ttere soksz\u00edn\u0171: miniszt\u00e9riumokt\u00f3l kezdve fels\u0151oktat\u00e1si int\u00e9zm\u00e9nyen \u00e9s bankon \u00e1t v\u00e1llalkoz\u00f3i \u00e9rdekv\u00e9delmi szervezetekig \u00e9s szakmai sz\u00f6vets\u00e9gekig sokf\u00e9le int\u00e9zm\u00e9ny k\u00e9pviselteti mag\u00e1t benne. Tervezi-e, hogy az eddigin\u00e9l jobban kiakn\u00e1zza az ebben rejl\u0151 lehet\u0151s\u00e9geket?<\/em><\/strong><\/p>\n<p>Mindenk\u00e9ppen tervezem. \u00dagy gondolom, hogy az \u00faj c\u00e9lcsoportok is seg\u00edts\u00e9get ny\u00fajtanak abban, hogy az alap\u00edt\u00f3ink is jobban megtal\u00e1lj\u00e1k a sz\u00e1m\u00edt\u00e1saikat az alap\u00edtv\u00e1nyban. A k\u00e9t korm\u00e1nyzati alap\u00edt\u00f3val, az Innov\u00e1ci\u00f3s \u00e9s Technol\u00f3giai Miniszt\u00e9riummal, valamint az Agr\u00e1rminiszt\u00e9riummal m\u00e1r eddig is szoros volt a kapcsolatunk, \u00e9s most is az. Nagyon \u00f6r\u00fcln\u00e9k, ha a v\u00e1llalkoz\u00f3i \u00e9rdek-k\u00e9pviseleti szervezet \u00e9s szakmai sz\u00f6vets\u00e9g alap\u00edt\u00f3ink is jobban megl\u00e1tn\u00e1k a benn\u00fcnk rejl\u0151 lehet\u0151s\u00e9geket. P\u00e9ldak\u00e9nt eml\u00edten\u00e9m a Munkaad\u00f3k \u00e9s Gy\u00e1riparosok Orsz\u00e1gos Sz\u00f6vets\u00e9g\u00e9t, amely szint\u00e9n foglalkozik a csal\u00e1di v\u00e1llalkoz\u00e1sok gener\u00e1ci\u00f3v\u00e1lt\u00e1s\u00e1nak probl\u00e9m\u00e1ival, valamint tagv\u00e1llalatainak a digitaliz\u00e1ci\u00f3 jelentette kih\u00edv\u00e1sokra val\u00f3 felk\u00e9sz\u00edt\u00e9s\u00e9vel. Mi\u00e9rt ne m\u0171k\u00f6dhetn\u00e9nk szorosabban egy\u00fctt ezeken a ter\u00fcleteken? Err\u0151l egy\u00e9bk\u00e9nt m\u00e1r t\u00e1rgyaltunk is a f\u0151titk\u00e1r \u00farral, \u00e9s pozit\u00edv volt a fogadtat\u00e1s. Hasonl\u00f3 kooper\u00e1ci\u00f3 kialak\u00edt\u00e1s\u00e1ra t\u00f6reksz\u00fcnk egy\u00e9b alap\u00edt\u00f3inkkal is, p\u00e9ld\u00e1ul a Merkantil Bankkal vagy a Corvinus Egyetemmel.<\/p>\n<p>&nbsp;<\/p>\n<p><em><strong>Kilenc h\u00f3nap \u00fcgyvezet\u00e9s ut\u00e1n miben l\u00e1tja a SEED er\u0151ss\u00e9geit, gyenges\u00e9geit?<\/strong><\/em><\/p>\n<p>Amikor kurat\u00f3riumi eln\u00f6k voltam, n\u00e9gy f\u0151 dolgozott az alap\u00edtv\u00e1nyn\u00e1l; most nyolc munkat\u00e1rsunk van, \u00e9s szerz\u0151d\u00e9ses egy\u00fcttm\u0171k\u00f6d\u00e9sben \u00e1llunk mintegy 20 szak\u00e9rt\u0151 partnerrel, akik seg\u00edtenek a c\u00e9ljaink megval\u00f3s\u00edt\u00e1s\u00e1ban. Ez a k\u00f6r rendk\u00edv\u00fcl sz\u00e9les kompetenci\u00e1val b\u00edr, sok ter\u00fcleten k\u00e9pes szolg\u00e1ltatni, \u00e9s ez nagy er\u0151ss\u00e9ge az alap\u00edtv\u00e1nynak.<\/p>\n<p>A m\u00e1sik er\u0151ss\u00e9g\u00fcnk maga az alap\u00edt\u00f3i k\u00f6r. A t\u00f6bbi civil szervezettel szemben l\u00e9nyeges el\u0151ny\u00fcnk, hogy er\u0151s korm\u00e1nyzati be\u00e1gyazotts\u00e1g mellett vagyunk jelen a piacon. Ez az\u00e9rt fontos, mert tudjuk azt, hogy a korm\u00e1nyzat milyen ir\u00e1nyban k\u00edv\u00e1nja fejleszteni a szektort, \u00e9s ezt k\u00f6zvet\u00edtj\u00fck a piac fel\u00e9 a term\u00e9keinken kereszt\u00fcl. Ezt kevesen tudj\u00e1k ut\u00e1nunk csin\u00e1lni.<\/p>\n<p>Gyenges\u00e9g\u00fcnknek tekintem, hogy mik\u00f6zben a piacon is szolg\u00e1ltatunk, akarva, akaratlanul versenyt\u00e1rs\u00e1v\u00e1 v\u00e1lunk olyan tan\u00e1csad\u00f3 c\u00e9geknek, amelyek val\u00f3ban piaci alapon j\u00f6ttek l\u00e9tre \u00e9s m\u0171k\u00f6dnek. Rugalmasak, az \u00e1rszab\u00e1suk jobban illeszkedik a piaci folyamatokhoz, a tev\u00e9kenys\u00e9g\u00fck nem korl\u00e1toz\u00f3dik bizonyos c\u00e9lcsoportokra \u00e9s \u00edgy tov\u00e1bb. Mi olyan c\u00e9lcsoportokat pr\u00f3b\u00e1lunk meg el\u00e9rni, amelyeket a piac nem tud hat\u00e9konyan fejleszteni, \u00e9s amelyek a szolg\u00e1ltat\u00e1sok piaci \u00e1r\u00e1t nem tudj\u00e1k megfizetni. Ugyanakkor fejleszt\u00e9s\u00fck nemzetgazdas\u00e1gi \u00e9rdek, a benn\u00fck rejl\u0151 gazdas\u00e1gi potenci\u00e1l m\u00e9rhet\u0151. Ezekre a v\u00e1llalkoz\u00f3i szegmensekre szabott programokat mi is akkor tudjuk j\u00f3l megval\u00f3s\u00edtani, ha t\u00e1mogat\u00f3kat szerz\u00fcnk hozz\u00e1juk. Ebb\u0151l is l\u00e1tszik, hogy piaci alapon nagyon neh\u00e9z bev\u00e9teleket gener\u00e1lnunk. Sz\u00fcks\u00e9ges, hogy a seg\u00edts\u00e9g\u00fcnkre legyenek az alap\u00edt\u00f3ink, a t\u00e1mogat\u00f3k, akiknek ugyanazok a c\u00e9ljaik, mint a mieink.<\/p>\n<p>&nbsp;<\/p>\n<p><strong><em>Az teh\u00e1t nem c\u00e9l, hogy el\u0151bb vagy ut\u00f3bb tiszt\u00e1n piaci alapon m\u0171k\u00f6dj\u00f6n az alap\u00edtv\u00e1ny?<\/em><\/strong><\/p>\n<p>Fontosnak tartom hangs\u00falyozni, hogy jelenleg sem kapunk a m\u0171k\u00f6d\u00e9si k\u00f6lts\u00e9geinkre korm\u00e1nyzati t\u00e1mogat\u00e1st, \u00e9s nem is p\u00e1ly\u00e1zunk ilyenekre, p\u00e9ld\u00e1ul a Civil Alapn\u00e1l. C\u00e9lunk, hogy a l\u00e9t\u00fcnk ne p\u00e1ly\u00e1zati forr\u00e1sokon m\u00faljon, \u00e9s folyamatosan legyenek olyan programjaink, amelyeket a piac \u00e9rdemesnek tart a finansz\u00edroz\u00e1sra r\u00e9szben t\u00e1mogat\u00f3 szervezetek, r\u00e9szben maguk a v\u00e1llalkoz\u00f3k oldal\u00e1r\u00f3l.<\/p>\n<p>&nbsp;<\/p>\n<p><em><strong>Az \u00f6n vezet\u00e9se alatt mennyire lesz jelen a SEED a nemzetk\u00f6zi sz\u00ednt\u00e9ren?<\/strong><\/em><\/p>\n<p>A SEED mindig is er\u0151s volt a nemzetk\u00f6zi szakmai kapcsolatok \u00e1pol\u00e1s\u00e1ban: v\u00e1llalkoz\u00e1sfejleszt\u00e9si m\u00f3dszertanokat adapt\u00e1lt, nemzetk\u00f6zi partnerekkel k\u00f6z\u00f6sen fejlesztett m\u00f3dszertant, p\u00e9ld\u00e1ul a v\u00e1llalkoz\u00f3i mentor\u00e1l\u00e1s m\u00f3dszertana is ilyen egy\u00fcttm\u0171k\u00f6d\u00e9s keret\u00e9ben alakult ki. Azut\u00e1n ezt olyan j\u00f3l alkalmaztuk \u00e9s fejlesztett\u00fck tov\u00e1bb, hogy a lengyelek \u00e1tvett\u00e9k t\u0151l\u00fcnk. Azt szeretn\u00e9m, ha a nemzetk\u00f6zi aktivit\u00e1sunk a j\u00f6v\u0151ben sem hagyna al\u00e1bb. Jelenleg a leger\u0151sebb nemzetk\u00f6zi kapcsol\u00f3d\u00e1sunk a Climate-KIC nev\u0171 szervezeten kereszt\u00fcl val\u00f3sul meg, amelynek tagszervezete vagyunk. Ez az egy\u00fcttm\u0171k\u00f6d\u00e9s f\u0151leg kl\u00edmainnov\u00e1ci\u00f3s, fenntarthat\u00f3s\u00e1gi projektekben \u00f6lt testet. Febru\u00e1rban fogunk tal\u00e1lkozni a kelet-k\u00f6z\u00e9p-eur\u00f3pai r\u00e9gi\u00f3 vezet\u0151j\u00e9vel, hogy \u00e1ttekints\u00fck, milyen \u00e9rdekes, fejleszt\u00e9sre \u00e9rdemes t\u00e9m\u00e1k mer\u00fclhetnek fel a t\u00e9rs\u00e9g\u00fcnkben.<\/p>\n<p>&nbsp;<\/p>\n<p><em><strong>\u00d6t \u00e9v m\u00falva hol l\u00e1tja a SEED-et?<\/strong><\/em><\/p>\n<p>A v\u00edzi\u00f3m szerint az alap\u00edtv\u00e1ny \u00f6t \u00e9v m\u00falva h\u00e1rom f\u0151 tev\u00e9kenys\u00e9get fog folytatni. Amikor \u00e1tvettem az \u00fcgyvezet\u00e9st arr\u00f3l besz\u00e9ltem, hogy szeretn\u00e9m, ha a SEED m\u00f3dszertani, kutat\u00e1si k\u00f6zpontt\u00e1 v\u00e1lna. Ez az elk\u00e9pzel\u00e9sem az\u00f3ta sem v\u00e1ltozott, s\u0151t\u2026 Szeretn\u00e9m, ha a szervezet \u00f6t \u00e9v m\u00falva meghat\u00e1roz\u00f3 szerepet t\u00f6ltene be v\u00e1llalkoz\u00e1sfejleszt\u00e9si m\u00f3dszertanok kidolgoz\u00e1s\u00e1ban, adapt\u00e1l\u00e1s\u00e1ban. Nagyon \u00f6r\u00fcln\u00e9k, ha a v\u00e1llalkoz\u00f3k \u00fagy tekinten\u00e9nek a SEED-re, mint az innovat\u00edv, a kornak legink\u00e1bb megfelel\u0151 v\u00e1llalkoz\u00e1sfejleszt\u00e9si m\u00f3dszerek legjobb ismer\u0151j\u00e9re.<\/p>\n<p>Az is el\u00e9gedetts\u00e9ggel t\u00f6ltene el, ha a t\u00f6bbi, v\u00e1llalkoz\u00e1sfejleszt\u00e9ssel foglalkoz\u00f3 szervezet is \u00fagy tekintene r\u00e1nk, mint akikkel \u00e9rdemes egy\u00fcttm\u0171k\u00f6dni. Mert j\u00f3 programokat visz\u00fcnk, mert j\u00f3 dolgokat tal\u00e1lunk ki. Korm\u00e1nyzati felhatalmaz\u00e1ssal elkezdt\u00fcnk dolgozni egy, a v\u00e1llalkoz\u00e1sfejleszt\u00e9si szolg\u00e1ltat\u00e1sokkal szemben t\u00e1maszthat\u00f3 min\u0151s\u00e9gi k\u00f6vetelm\u00e9nyeket meghat\u00e1rozni k\u00e9pes rendszer kialak\u00edt\u00e1s\u00e1n. Ennek a projektnek tov\u00e1bbi c\u00e9lja a v\u00e1llalkoz\u00f3i \u00f6kosziszt\u00e9ma szerepl\u0151i k\u00f6z\u00f6tti szinergi\u00e1k felt\u00e1r\u00e1sa, jobb \u00e9s hat\u00e9konyabb egy\u00fcttm\u0171k\u00f6d\u00e9s\u00fck kialak\u00edt\u00e1sa. Illetve az is, hogy a v\u00e1llalkoz\u00f3i ig\u00e9nyek eljussanak a \u2013 v\u00e1llalkoz\u00e1sfejleszt\u0151 szervezeteken \u00e1t \u2013 korm\u00e1nyzathoz, \u00e9s sz\u00fclessenek is r\u00e1juk v\u00e1laszok. Teh\u00e1t ezt a h\u00edd szerep\u00fcnket szeretn\u00e9m er\u0151s\u00edteni.<\/p>\n<p>V\u00e9g\u00fcl tov\u00e1bb szeretn\u00e9m er\u0151s\u00edteni a SEED piaci alap\u00fa tev\u00e9kenys\u00e9g\u00e9t, a k\u00e9pz\u00e9seink, tr\u00e9ningjeink mellett sikeresen megval\u00f3s\u00edtani, majd fenntarthat\u00f3an m\u0171k\u00f6dtetni az id\u00e9n febru\u00e1rban indul\u00f3 a v\u00e1llalkoz\u00f3i mentor\u00e1l\u00e1st, \u00e9s a v\u00e1llalkoz\u00f3i inkub\u00e1ci\u00f3s piacon is szeretn\u00e9k min\u0151s\u00e9gi el\u0151rel\u00e9p\u00e9st el\u00e9rni a SEED-del.<\/p>\n<p>&nbsp;<\/p>\n<p><em>Bogn\u00e1r K\u00e1roly<\/em><\/p>\n","protected":false},"featured_media":792,"menu_order":0,"template":"","meta":{"_acf_changed":false},"class_list":["post-832","hirek","type-hirek","status-publish","has-post-thumbnail","hentry"],"acf":[],"yoast_head":"<!-- This site is optimized with the Yoast SEO plugin v27.4 - https:\/\/yoast.com\/product\/yoast-seo-wordpress\/ -->\n<title>Korszer\u0171 tud\u00e1s, v\u00e1ltoz\u00f3 c\u00e9lcsoportok - Interj\u00fa a SEED Alap\u00edtv\u00e1ny \u00fcgyvezet\u0151 igazgat\u00f3j\u00e1val - Seed<\/title>\n<meta name=\"robots\" content=\"index, follow, max-snippet:-1, max-image-preview:large, max-video-preview:-1\" \/>\n<link rel=\"canonical\" href=\"https:\/\/seed.hu\/hirek\/korszeru-tudas-valtozo-celcsoportok-interju-a-seed-alapitvany-ugyvezeto-igazgatojaval\/\" \/>\n<meta property=\"og:locale\" content=\"en_US\" \/>\n<meta property=\"og:type\" content=\"article\" \/>\n<meta property=\"og:title\" content=\"Korszer\u0171 tud\u00e1s, v\u00e1ltoz\u00f3 c\u00e9lcsoportok - Interj\u00fa a SEED Alap\u00edtv\u00e1ny \u00fcgyvezet\u0151 igazgat\u00f3j\u00e1val - Seed\" \/>\n<meta property=\"og:description\" content=\"\u00a0\u00a0\u00a0\u00a0\u00a0\u00a0Korszer\u0171 tud\u00e1s, v\u00e1ltoz\u00f3 c\u00e9lcsoportok &#8211; Interj\u00fa a SEED Alap\u00edtv\u00e1ny \u00fcgyvezet\u0151 igazgat\u00f3j\u00e1val Lakatosn\u00e9 Luk\u00e1cs Zsuzsanna tavaly \u00e1prilisban vette \u00e1t a SEED Alap\u00edtv\u00e1ny vezet\u00e9s\u00e9t. Arra voltunk k\u00edv\u00e1ncsiak, hogy az ir\u00e1ny\u00edt\u00e1sa alatt mi t\u00f6rt\u00e9nt a szervezetn\u00e9l, milyen ir\u00e1nyba indult el, merre halad a SEED. A SEED Alap\u00edtv\u00e1ny az \u00d6n sz\u00e1m\u00e1ra nem volt ismeretlen, hiszen kurat\u00f3riumi tagk\u00e9nt, majd k\u00e9s\u0151bb [&hellip;]\" \/>\n<meta property=\"og:url\" content=\"https:\/\/seed.hu\/hirek\/korszeru-tudas-valtozo-celcsoportok-interju-a-seed-alapitvany-ugyvezeto-igazgatojaval\/\" \/>\n<meta property=\"og:site_name\" content=\"Seed\" \/>\n<meta property=\"article:modified_time\" content=\"2022-01-17T18:44:33+00:00\" \/>\n<meta property=\"og:image\" content=\"https:\/\/seed.hu\/wp-content\/uploads\/2018\/04\/SEED_logo.png\" \/>\n\t<meta property=\"og:image:width\" content=\"250\" \/>\n\t<meta property=\"og:image:height\" content=\"206\" \/>\n\t<meta property=\"og:image:type\" content=\"image\/png\" \/>\n<meta name=\"twitter:card\" content=\"summary_large_image\" \/>\n<meta name=\"twitter:label1\" content=\"Est. reading time\" \/>\n\t<meta name=\"twitter:data1\" content=\"12 minutes\" \/>\n<script type=\"application\/ld+json\" class=\"yoast-schema-graph\">{\"@context\":\"https:\\\/\\\/schema.org\",\"@graph\":[{\"@type\":\"WebPage\",\"@id\":\"https:\\\/\\\/seed.hu\\\/hirek\\\/korszeru-tudas-valtozo-celcsoportok-interju-a-seed-alapitvany-ugyvezeto-igazgatojaval\\\/\",\"url\":\"https:\\\/\\\/seed.hu\\\/hirek\\\/korszeru-tudas-valtozo-celcsoportok-interju-a-seed-alapitvany-ugyvezeto-igazgatojaval\\\/\",\"name\":\"Korszer\u0171 tud\u00e1s, v\u00e1ltoz\u00f3 c\u00e9lcsoportok - Interj\u00fa a SEED Alap\u00edtv\u00e1ny \u00fcgyvezet\u0151 igazgat\u00f3j\u00e1val - Seed\",\"isPartOf\":{\"@id\":\"https:\\\/\\\/seed.hu\\\/#website\"},\"primaryImageOfPage\":{\"@id\":\"https:\\\/\\\/seed.hu\\\/hirek\\\/korszeru-tudas-valtozo-celcsoportok-interju-a-seed-alapitvany-ugyvezeto-igazgatojaval\\\/#primaryimage\"},\"image\":{\"@id\":\"https:\\\/\\\/seed.hu\\\/hirek\\\/korszeru-tudas-valtozo-celcsoportok-interju-a-seed-alapitvany-ugyvezeto-igazgatojaval\\\/#primaryimage\"},\"thumbnailUrl\":\"https:\\\/\\\/seed.hu\\\/wp-content\\\/uploads\\\/2018\\\/04\\\/SEED_logo.png\",\"datePublished\":\"2019-01-23T13:44:30+00:00\",\"dateModified\":\"2022-01-17T18:44:33+00:00\",\"breadcrumb\":{\"@id\":\"https:\\\/\\\/seed.hu\\\/hirek\\\/korszeru-tudas-valtozo-celcsoportok-interju-a-seed-alapitvany-ugyvezeto-igazgatojaval\\\/#breadcrumb\"},\"inLanguage\":\"en-US\",\"potentialAction\":[{\"@type\":\"ReadAction\",\"target\":[\"https:\\\/\\\/seed.hu\\\/hirek\\\/korszeru-tudas-valtozo-celcsoportok-interju-a-seed-alapitvany-ugyvezeto-igazgatojaval\\\/\"]}]},{\"@type\":\"ImageObject\",\"inLanguage\":\"en-US\",\"@id\":\"https:\\\/\\\/seed.hu\\\/hirek\\\/korszeru-tudas-valtozo-celcsoportok-interju-a-seed-alapitvany-ugyvezeto-igazgatojaval\\\/#primaryimage\",\"url\":\"https:\\\/\\\/seed.hu\\\/wp-content\\\/uploads\\\/2018\\\/04\\\/SEED_logo.png\",\"contentUrl\":\"https:\\\/\\\/seed.hu\\\/wp-content\\\/uploads\\\/2018\\\/04\\\/SEED_logo.png\",\"width\":250,\"height\":206},{\"@type\":\"BreadcrumbList\",\"@id\":\"https:\\\/\\\/seed.hu\\\/hirek\\\/korszeru-tudas-valtozo-celcsoportok-interju-a-seed-alapitvany-ugyvezeto-igazgatojaval\\\/#breadcrumb\",\"itemListElement\":[{\"@type\":\"ListItem\",\"position\":1,\"name\":\"H\u00edrek\",\"item\":\"https:\\\/\\\/seed.hu\\\/hirek\\\/\"},{\"@type\":\"ListItem\",\"position\":2,\"name\":\"Korszer\u0171 tud\u00e1s, v\u00e1ltoz\u00f3 c\u00e9lcsoportok &#8211; Interj\u00fa a SEED Alap\u00edtv\u00e1ny \u00fcgyvezet\u0151 igazgat\u00f3j\u00e1val\"}]},{\"@type\":\"WebSite\",\"@id\":\"https:\\\/\\\/seed.hu\\\/#website\",\"url\":\"https:\\\/\\\/seed.hu\\\/\",\"name\":\"Seed\",\"description\":\"\",\"potentialAction\":[{\"@type\":\"SearchAction\",\"target\":{\"@type\":\"EntryPoint\",\"urlTemplate\":\"https:\\\/\\\/seed.hu\\\/?s={search_term_string}\"},\"query-input\":{\"@type\":\"PropertyValueSpecification\",\"valueRequired\":true,\"valueName\":\"search_term_string\"}}],\"inLanguage\":\"en-US\"}]}<\/script>\n<!-- \/ Yoast SEO plugin. -->","yoast_head_json":{"title":"Korszer\u0171 tud\u00e1s, v\u00e1ltoz\u00f3 c\u00e9lcsoportok - Interj\u00fa a SEED Alap\u00edtv\u00e1ny \u00fcgyvezet\u0151 igazgat\u00f3j\u00e1val - Seed","robots":{"index":"index","follow":"follow","max-snippet":"max-snippet:-1","max-image-preview":"max-image-preview:large","max-video-preview":"max-video-preview:-1"},"canonical":"https:\/\/seed.hu\/hirek\/korszeru-tudas-valtozo-celcsoportok-interju-a-seed-alapitvany-ugyvezeto-igazgatojaval\/","og_locale":"en_US","og_type":"article","og_title":"Korszer\u0171 tud\u00e1s, v\u00e1ltoz\u00f3 c\u00e9lcsoportok - Interj\u00fa a SEED Alap\u00edtv\u00e1ny \u00fcgyvezet\u0151 igazgat\u00f3j\u00e1val - Seed","og_description":"\u00a0\u00a0\u00a0\u00a0\u00a0\u00a0Korszer\u0171 tud\u00e1s, v\u00e1ltoz\u00f3 c\u00e9lcsoportok &#8211; Interj\u00fa a SEED Alap\u00edtv\u00e1ny \u00fcgyvezet\u0151 igazgat\u00f3j\u00e1val Lakatosn\u00e9 Luk\u00e1cs Zsuzsanna tavaly \u00e1prilisban vette \u00e1t a SEED Alap\u00edtv\u00e1ny vezet\u00e9s\u00e9t. Arra voltunk k\u00edv\u00e1ncsiak, hogy az ir\u00e1ny\u00edt\u00e1sa alatt mi t\u00f6rt\u00e9nt a szervezetn\u00e9l, milyen ir\u00e1nyba indult el, merre halad a SEED. A SEED Alap\u00edtv\u00e1ny az \u00d6n sz\u00e1m\u00e1ra nem volt ismeretlen, hiszen kurat\u00f3riumi tagk\u00e9nt, majd k\u00e9s\u0151bb [&hellip;]","og_url":"https:\/\/seed.hu\/hirek\/korszeru-tudas-valtozo-celcsoportok-interju-a-seed-alapitvany-ugyvezeto-igazgatojaval\/","og_site_name":"Seed","article_modified_time":"2022-01-17T18:44:33+00:00","og_image":[{"width":250,"height":206,"url":"https:\/\/seed.hu\/wp-content\/uploads\/2018\/04\/SEED_logo.png","type":"image\/png"}],"twitter_card":"summary_large_image","twitter_misc":{"Est. reading time":"12 minutes"},"schema":{"@context":"https:\/\/schema.org","@graph":[{"@type":"WebPage","@id":"https:\/\/seed.hu\/hirek\/korszeru-tudas-valtozo-celcsoportok-interju-a-seed-alapitvany-ugyvezeto-igazgatojaval\/","url":"https:\/\/seed.hu\/hirek\/korszeru-tudas-valtozo-celcsoportok-interju-a-seed-alapitvany-ugyvezeto-igazgatojaval\/","name":"Korszer\u0171 tud\u00e1s, v\u00e1ltoz\u00f3 c\u00e9lcsoportok - Interj\u00fa a SEED Alap\u00edtv\u00e1ny \u00fcgyvezet\u0151 igazgat\u00f3j\u00e1val - Seed","isPartOf":{"@id":"https:\/\/seed.hu\/#website"},"primaryImageOfPage":{"@id":"https:\/\/seed.hu\/hirek\/korszeru-tudas-valtozo-celcsoportok-interju-a-seed-alapitvany-ugyvezeto-igazgatojaval\/#primaryimage"},"image":{"@id":"https:\/\/seed.hu\/hirek\/korszeru-tudas-valtozo-celcsoportok-interju-a-seed-alapitvany-ugyvezeto-igazgatojaval\/#primaryimage"},"thumbnailUrl":"https:\/\/seed.hu\/wp-content\/uploads\/2018\/04\/SEED_logo.png","datePublished":"2019-01-23T13:44:30+00:00","dateModified":"2022-01-17T18:44:33+00:00","breadcrumb":{"@id":"https:\/\/seed.hu\/hirek\/korszeru-tudas-valtozo-celcsoportok-interju-a-seed-alapitvany-ugyvezeto-igazgatojaval\/#breadcrumb"},"inLanguage":"en-US","potentialAction":[{"@type":"ReadAction","target":["https:\/\/seed.hu\/hirek\/korszeru-tudas-valtozo-celcsoportok-interju-a-seed-alapitvany-ugyvezeto-igazgatojaval\/"]}]},{"@type":"ImageObject","inLanguage":"en-US","@id":"https:\/\/seed.hu\/hirek\/korszeru-tudas-valtozo-celcsoportok-interju-a-seed-alapitvany-ugyvezeto-igazgatojaval\/#primaryimage","url":"https:\/\/seed.hu\/wp-content\/uploads\/2018\/04\/SEED_logo.png","contentUrl":"https:\/\/seed.hu\/wp-content\/uploads\/2018\/04\/SEED_logo.png","width":250,"height":206},{"@type":"BreadcrumbList","@id":"https:\/\/seed.hu\/hirek\/korszeru-tudas-valtozo-celcsoportok-interju-a-seed-alapitvany-ugyvezeto-igazgatojaval\/#breadcrumb","itemListElement":[{"@type":"ListItem","position":1,"name":"H\u00edrek","item":"https:\/\/seed.hu\/hirek\/"},{"@type":"ListItem","position":2,"name":"Korszer\u0171 tud\u00e1s, v\u00e1ltoz\u00f3 c\u00e9lcsoportok &#8211; Interj\u00fa a SEED Alap\u00edtv\u00e1ny \u00fcgyvezet\u0151 igazgat\u00f3j\u00e1val"}]},{"@type":"WebSite","@id":"https:\/\/seed.hu\/#website","url":"https:\/\/seed.hu\/","name":"Seed","description":"","potentialAction":[{"@type":"SearchAction","target":{"@type":"EntryPoint","urlTemplate":"https:\/\/seed.hu\/?s={search_term_string}"},"query-input":{"@type":"PropertyValueSpecification","valueRequired":true,"valueName":"search_term_string"}}],"inLanguage":"en-US"}]}},"_links":{"self":[{"href":"https:\/\/seed.hu\/en\/wp-json\/wp\/v2\/hirek\/832","targetHints":{"allow":["GET"]}}],"collection":[{"href":"https:\/\/seed.hu\/en\/wp-json\/wp\/v2\/hirek"}],"about":[{"href":"https:\/\/seed.hu\/en\/wp-json\/wp\/v2\/types\/hirek"}],"wp:featuredmedia":[{"embeddable":true,"href":"https:\/\/seed.hu\/en\/wp-json\/wp\/v2\/media\/792"}],"wp:attachment":[{"href":"https:\/\/seed.hu\/en\/wp-json\/wp\/v2\/media?parent=832"}],"curies":[{"name":"wp","href":"https:\/\/api.w.org\/{rel}","templated":true}]}}