{"id":843,"date":"2019-02-06T20:52:13","date_gmt":"2019-02-06T19:52:13","guid":{"rendered":"https:\/\/seed.hu\/?post_type=hirek&#038;p=843"},"modified":"2022-01-17T19:48:43","modified_gmt":"2022-01-17T18:48:43","slug":"mentorok-es-mentoraltak-jelentkezeset-varja-a-seed-alapitvany","status":"publish","type":"hirek","link":"https:\/\/seed.hu\/en\/hirek\/mentorok-es-mentoraltak-jelentkezeset-varja-a-seed-alapitvany\/","title":{"rendered":"Mentorok \u00e9s mentor\u00e1ltak jelentkez\u00e9s\u00e9t v\u00e1rja a SEED Alap\u00edtv\u00e1ny"},"content":{"rendered":"<p style=\"margin-bottom: .0001pt; text-align: justify; margin: 0cm 0cm 10pt; margin-right: 0cm; margin-left: 0cm;\"><span style=\"font-size: 26px;\"><span style=\"font-family: Georgia,serif;\"><span style=\"line-height: normal;\"><b><a href=\"https:\/\/seed.hu\/hirek\/mentorok-es-mentoraltak-jelentkezeset-varja-a-seed-alapitvany\/ovm\/\" rel=\"attachment wp-att-844\"><img loading=\"lazy\" decoding=\"async\" class=\"alignnone wp-image-844 size-full\" src=\"https:\/\/seed.hu\/wp-content\/uploads\/2022\/01\/OVM.png\" alt=\"\" width=\"601\" height=\"163\" srcset=\"https:\/\/seed.hu\/wp-content\/uploads\/2022\/01\/OVM.png 601w, https:\/\/seed.hu\/wp-content\/uploads\/2022\/01\/OVM-300x81.png 300w\" sizes=\"auto, (max-width: 601px) 100vw, 601px\" \/><\/a><\/b><\/span><\/span><\/span><\/p>\n<p style=\"margin-bottom: .0001pt; text-align: justify; margin: 0cm 0cm 10pt; margin-right: 0cm; margin-left: 0cm;\"><span style=\"font-size: 26px;\"><span style=\"font-family: Georgia,serif;\"><span style=\"line-height: normal;\"><b>Mentorok \u00e9s mentor\u00e1ltak jelentkez\u00e9s\u00e9t v\u00e1rja a SEED Alap\u00edtv\u00e1ny<\/b><\/span><\/span><\/span><\/p>\n<p style=\"margin-bottom: .0001pt; text-align: justify; margin: 0cm 0cm 10pt; margin-right: 0cm; margin-left: 0cm;\"><span style=\"font-size: 16px;\"><span style=\"font-family: Georgia,serif;\"><span style=\"line-height: normal;\"><b>Alapos szakmai el\u0151k\u00e9sz\u00edt\u00e9s ut\u00e1n 2019. febru\u00e1r 6-\u00e1n elindult az Orsz\u00e1gos V\u00e1llalkoz\u00f3i Mentorprogram. A projekt c\u00e9lja a kis- \u00e9s k\u00f6zepes v\u00e1llalkoz\u00e1sok (kkv) versenyk\u00e9pess\u00e9g\u00e9nek, hat\u00e9konys\u00e1g\u00e1nak n\u00f6vel\u00e9s\u00e9t szolg\u00e1l\u00f3 k\u00f6zvetett t\u00e1mogat\u00f3 eszk\u00f6z\u00f6k orsz\u00e1gos bevezet\u00e9se. <\/b><\/span><\/span><\/span><\/p>\n<p style=\"text-align: justify; margin: 0cm 0cm 7.5pt 0cm;\"><span style=\"font-size: 16px;\"><span style=\"font-family: Georgia,serif;\"><span style=\"background: white;\"><span style=\"line-height: 15.0pt;\"><strong style=\"font-family: 'Times New Roman',serif;\"><span style=\"font-weight: normal;\">A hazai mikro-, kis- \u00e9s k\u00f6z\u00e9pv\u00e1llalkoz\u00f3i szektor el\u0151tt \u00e1ll\u00f3 legnagyobb kih\u00edv\u00e1s a hat\u00e9konys\u00e1g n\u00f6vel\u00e9se, s ez\u00e1ltal a szektor versenyk\u00e9pess\u00e9g\u00e9nek jav\u00edt\u00e1sa. A korm\u00e1nyzat kiemelked\u0151 jelent\u0151s\u00e9g\u0171nek tekinti a gazdas\u00e1g t\u00f6rzs\u00e9t alkot\u00f3 kkv-k fejleszt\u00e9s\u00e9t, szakmai t\u00e1mogat\u00e1s\u00e1t. Ez\u00e9rt ind\u00edtotta el <\/span><\/strong><i>\u201eA KKV szektor hat\u00e9konys\u00e1g\u00e1nak n\u00f6vel\u00e9se p\u00e9nz\u00fcgyi ismeretek fejleszt\u00e9se, v\u00e1llalkoz\u00f3i mentor\u00e1l\u00e1s biztos\u00edt\u00e1sa r\u00e9v\u00e9n\u201d<\/i><b> <\/b>c\u00edm\u0171 projektet, r\u00f6videbb nev\u00e9n az <i>Orsz\u00e1gos V\u00e1llalkoz\u00f3i Mentorprogramot<\/i>. <\/span><\/span><\/span><\/span><\/p>\n<p style=\"text-align: justify; margin: 0cm 0cm 7.5pt 0cm;\"><span style=\"font-size: 16px;\"><span style=\"font-family: Georgia,serif;\"><span style=\"background: white;\"><span style=\"line-height: 15.0pt;\">Ebben a projektben az Innov\u00e1ci\u00f3s \u00e9s Technol\u00f3giai Miniszt\u00e9rium, valamint a Magyar Kereskedelmi \u00e9s Iparkamara mellett a SEED Kisv\u00e1llalkoz\u00e1s-fejleszt\u00e9si Alap\u00edtv\u00e1ny is konzorciumi tag. A SEED egyebek mellett a szem\u00e9lyes v\u00e1llalkoz\u00f3i mentor program kidolgoz\u00e1s\u00e1val \u00e9s m\u0171k\u00f6dtet\u00e9s\u00e9vel vesz r\u00e9szt a k\u00f6z\u00f6s munk\u00e1ban. <\/span><\/span><\/span><\/span><\/p>\n<p class=\"Norml2\" style=\"margin-bottom: .0001pt; text-align: justify; margin: 0cm 0cm 10pt; margin-right: 0cm; margin-left: 0cm;\"><span style=\"font-size: 16px;\"><span style=\"font-family: Georgia,serif;\"><span style=\"line-height: 115%;\"><span style=\"line-height: 115%;\"><span style=\"color: black;\">A <i>szem\u00e9lyes<\/i> <i>v\u00e1llalkoz\u00f3i mentor\u00e1l\u00e1s<\/i> sor\u00e1n a mentor megosztja szakmai-\u00fczleti tud\u00e1s\u00e1t, tapasztalatait \u00e9s b\u00f6lcsess\u00e9g\u00e9t a mentor\u00e1lttal, aki k\u00e9pes \u00e9s k\u00e9sz is hasznos\u00edtani azokat v\u00e1llalkoz\u00e1s\u00e1nak stabiliz\u00e1l\u00e1sa vagy n\u00f6veked\u00e9si p\u00e1ly\u00e1ra \u00e1ll\u00edt\u00e1sa \u00e9rdek\u00e9ben.<\/span><\/span><\/span><\/span><\/span><\/p>\n<p class=\"Norml2\" style=\"margin-bottom: .0001pt; text-align: justify; margin: 0cm 0cm 10pt; margin-right: 0cm; margin-left: 0cm;\"><span style=\"font-size: 16px;\"><span style=\"font-family: Georgia,serif;\"><span style=\"line-height: 107%;\"><span style=\"color: black;\"><span style=\"line-height: 107%;\">A szem\u00e9lyes v\u00e1llalkoz\u00f3i mentor\u00e1l\u00e1s <i>h\u00e1rom c\u00e9lcsoportja<\/i>: a n\u0151i v\u00e1llalkoz\u00f3k, a fiatal v\u00e1llalkoz\u00f3k \u00e9s a gener\u00e1ci\u00f3v\u00e1lt\u00e1s el\u0151tt \u00e1ll\u00f3 csal\u00e1di v\u00e1llalkoz\u00e1sok. <\/span><\/span><\/span><\/span><\/span><\/p>\n<p class=\"Norml2\" style=\"margin-bottom: .0001pt; text-align: justify; margin: 0cm 0cm 10pt; margin-right: 0cm; margin-left: 0cm;\"><span style=\"font-size: 16px;\"><span style=\"font-family: Georgia,serif;\"><span style=\"line-height: 115%;\"><span style=\"line-height: 115%;\"><span style=\"color: black;\">A mentor\u00e1l\u00e1si folyamat <i>hossza minimum 9, maximum 12 h\u00f3nap<\/i>. Ez alatt az id\u0151 alatt egy mentor k\u00e9t-h\u00e1rom mentor\u00e1lttal dolgozik egy\u00fctt. A mentorok a folyamat megkezd\u00e9se el\u0151tt \u2013 a SEED Alap\u00edtv\u00e1ny szervez\u00e9s\u00e9ben \u2212 k\u00e9tnapos szakmai felk\u00e9sz\u00edt\u00e9sben r\u00e9szes\u00fclnek, amelyen elsaj\u00e1t\u00edtj\u00e1k a mentor\u00e1l\u00e1s szakmai fog\u00e1sait. <\/span><\/span><\/span><\/span><\/span><\/p>\n<p class=\"Norml2\" style=\"margin-bottom: .0001pt; text-align: justify; margin: 0cm 0cm 10pt; margin-right: 0cm; margin-left: 0cm;\"><span style=\"font-size: 16px;\"><span style=\"font-family: Georgia,serif;\"><span style=\"line-height: 115%;\"><span style=\"line-height: 115%;\">Mivel a mentor a mentor\u00e1l\u00e1si folyamatban r\u00e9szben a szakmai-\u00fczleti tud\u00e1s\u00e1t \u00e9s tapasztalatait osztja meg a mentor\u00e1lttal, <\/span><i><span style=\"line-height: 115%;\"><span style=\"color: black;\">minimum 5 \u00e9ves v\u00e1llalkoz\u00f3i m\u00falttal<\/span><\/span><\/i><span style=\"line-height: 115%;\"><span style=\"color: black;\">,<\/span><\/span> <span style=\"line-height: 115%;\"><span style=\"color: black;\">legal\u00e1bb <i>5 f\u0151s mikro- vagy kisv\u00e1llalkoz\u00e1s<\/i> m\u0171k\u00f6dtet\u00e9s\u00e9ben szerzett tapasztalattal \u00e9s <i>kiterjedt kapcsolatrendszerrel<\/i> kell rendelkeznie. A szakmai kvalit\u00e1sokon t\u00fal fontos, hogy a mentor hiteles, nyitott, elfogad\u00f3, konstrukt\u00edv, kreat\u00edv \u00e9s empatikus legyen. <\/span><\/span><\/span><\/span><\/span><\/p>\n<p class=\"Norml2\" style=\"text-align: justify; margin: 0cm 0cm 10pt; margin-right: 0cm; margin-left: 0cm;\"><span style=\"font-size: 16px;\"><span style=\"font-family: Georgia,serif;\"><span style=\"line-height: 115%;\"><span style=\"line-height: 115%;\"><span style=\"color: black;\">Mentor\u00e1lt pedig az a v\u00e1llalkoz\u00f3 lehet, aki a v\u00e1llalkoz\u00e1s\u00e1t szeretn\u00e9 magasabb n\u00f6veked\u00e9si p\u00e1ly\u00e1ra \u00e1ll\u00edtani, de \u00fagy \u00e9rzi, hogy ehhez nincs el\u00e9g ereje \u00e9s tud\u00e1sa, ez\u00e9rt sz\u00edvesen ig\u00e9nybe venn\u00e9 egy tapasztaltabb, gyakorlottabb v\u00e1llalkoz\u00f3 seg\u00edts\u00e9g\u00e9t. A mentor\u00e1lt els\u0151 \u00e9s legfontosabb tulajdons\u00e1ga teh\u00e1t a j\u00f3 \u00e9rtelemben vett <i>szakmai al\u00e1zat<\/i>. Nagyon l\u00e9nyeges, \u00e9s ezzel \u00f6sszef\u00fcgg\u0151 elem, hogy a mentor\u00e1lt k\u00e9pes \u00e9s k\u00e9sz legyen a mentor \u00e1ltal neki \u00e1tadott tud\u00e1s \u00e1t\u00fcltet\u00e9s\u00e9re a saj\u00e1t v\u00e1llalkoz\u00f3i gyakorlat\u00e1ba; szembe tudjon n\u00e9zni v\u00e1llalkoz\u00e1sa gyenges\u00e9geivel, felismerje az er\u0151ss\u00e9geit, \u00e9s k\u00e9pes legyen (szervezeti) folyamatokban gondolkodni. \u00c9s persze, ez is nagyon fontos, <i>gondolja nagyon komolyan<\/i>, hogy v\u00e1ltoztatni akar, hogy jobb akar lenni, \u00e9s ez\u00e9rt hajland\u00f3 legyen, ha nem is mindent, de sok mindent megtenni. <\/span><\/span><\/span><\/span><\/span><\/p>\n<p class=\"Norml2\" style=\"text-align: justify; margin: 0cm 0cm 10pt; margin-right: 0cm; margin-left: 0cm;\"><span style=\"font-size: 16px;\"><span style=\"font-family: Georgia,serif;\"><span style=\"line-height: 115%;\"><span style=\"line-height: 115%;\"><span style=\"color: black;\">A mentor\u00e1l\u00e1si folyamat sor\u00e1n mentor \u00e9s mentor\u00e1lt munk\u00e1j\u00e1t t\u00e1mogatand\u00f3 rendelkez\u00e9sre \u00e1llnak tud\u00e1smegoszt\u00f3 rendezv\u00e9nyek, k\u00fcl\u00f6nb\u00f6z\u0151 mentorklub esem\u00e9nyek, valamint voucher keret\u00e9ben speci\u00e1lis tan\u00e1csad\u00e1sok.<\/span><\/span><\/span><\/span><\/span><\/p>\n<p class=\"Norml2\" style=\"margin-bottom: .0001pt; text-align: justify; margin: 0cm 0cm 10pt; margin-right: 0cm; margin-left: 0cm;\"><span style=\"font-size: 16px;\"><span style=\"font-family: Georgia,serif;\"><span style=\"line-height: 115%;\"><i><span style=\"line-height: 115%;\"><span style=\"color: black;\">A mentorprogramba, ak\u00e1r mentork\u00e9nt, ak\u00e1r mentor\u00e1ltk\u00e9nt 2019. febru\u00e1r 6-t\u00f3l kezd\u0151d\u0151en lehet jelentkezni. <\/span><\/span><\/i><\/span><\/span><\/span><\/p>\n<p class=\"Norml2\" style=\"margin-bottom: .0001pt; text-align: justify; margin: 0cm 0cm 10pt; margin-right: 0cm; margin-left: 0cm;\"><span style=\"font-size: 16px;\"><span style=\"font-family: Georgia,serif;\"><span style=\"line-height: 115%;\"><b><i><span style=\"line-height: 115%;\"><span style=\"color: black;\">Tov\u00e1bbi r\u00e9szletek\u00e9rt keresse Danics \u00c1gnes koll\u00e9gan\u0151nket az <\/span><\/span><\/i><\/b><span class=\"MsoHyperlink\" style=\"color: #0563c1;\"><span style=\"text-decoration: underline;\"><b><i><span style=\"line-height: 115%;\"><a style=\"color: #0563c1; text-decoration: underline;\" href=\"mailto:adanics@seed.hu\">adanics@seed.hu<\/a><\/span><\/i><\/b><\/span><\/span><b><i><span style=\"line-height: 115%;\"><span style=\"color: black;\"> vagy a +36 30\u00a0647 1977 el\u00e9rhet\u0151s\u00e9gen. Regisztr\u00e1ci\u00f3 \u00e9s jelentkez\u00e9s eset\u00e9n <\/span><\/span><\/i><\/b><a href=\"https:\/\/mentorprogram.seed.hu\/\" target=\"_blank\" rel=\"noopener\"><b><i><span style=\"line-height: 115%;\"><span style=\"color: #0070c0;\">kattintson a linkre<\/span><\/span><\/i><\/b><\/a><b><i><span style=\"line-height: 115%;\"><span style=\"color: black;\">.\u00a0<\/span><\/span><\/i><\/b><\/span><\/span><\/span><\/p>\n<p class=\"Norml2\" style=\"margin-bottom: .0001pt; text-align: justify; margin: 0cm 0cm 10pt; margin-right: 0cm; margin-left: 0cm;\"><span style=\"font-size: 16px;\"><span style=\"font-family: Georgia,serif;\"><span style=\"line-height: 115%;\"><i><span style=\"line-height: 115%;\"><span style=\"color: black;\">A rendezv\u00e9nyen k\u00e9sz\u00fclt k\u00e9peket itt n\u00e9zheti meg:<\/span><\/span><\/i><\/span><\/span><\/span><\/p>\n","protected":false},"featured_media":338,"menu_order":0,"template":"","meta":{"_acf_changed":false},"class_list":["post-843","hirek","type-hirek","status-publish","has-post-thumbnail","hentry"],"acf":[],"yoast_head":"<!-- This site is optimized with the Yoast SEO plugin v27.4 - https:\/\/yoast.com\/product\/yoast-seo-wordpress\/ -->\n<title>Mentorok \u00e9s mentor\u00e1ltak jelentkez\u00e9s\u00e9t v\u00e1rja a SEED Alap\u00edtv\u00e1ny - Seed<\/title>\n<meta name=\"robots\" content=\"index, follow, max-snippet:-1, max-image-preview:large, max-video-preview:-1\" \/>\n<link rel=\"canonical\" href=\"https:\/\/seed.hu\/hirek\/mentorok-es-mentoraltak-jelentkezeset-varja-a-seed-alapitvany\/\" \/>\n<meta property=\"og:locale\" content=\"en_US\" \/>\n<meta property=\"og:type\" content=\"article\" \/>\n<meta property=\"og:title\" content=\"Mentorok \u00e9s mentor\u00e1ltak jelentkez\u00e9s\u00e9t v\u00e1rja a SEED Alap\u00edtv\u00e1ny - Seed\" \/>\n<meta property=\"og:description\" content=\"Mentorok \u00e9s mentor\u00e1ltak jelentkez\u00e9s\u00e9t v\u00e1rja a SEED Alap\u00edtv\u00e1ny Alapos szakmai el\u0151k\u00e9sz\u00edt\u00e9s ut\u00e1n 2019. febru\u00e1r 6-\u00e1n elindult az Orsz\u00e1gos V\u00e1llalkoz\u00f3i Mentorprogram. A projekt c\u00e9lja a kis- \u00e9s k\u00f6zepes v\u00e1llalkoz\u00e1sok (kkv) versenyk\u00e9pess\u00e9g\u00e9nek, hat\u00e9konys\u00e1g\u00e1nak n\u00f6vel\u00e9s\u00e9t szolg\u00e1l\u00f3 k\u00f6zvetett t\u00e1mogat\u00f3 eszk\u00f6z\u00f6k orsz\u00e1gos bevezet\u00e9se. A hazai mikro-, kis- \u00e9s k\u00f6z\u00e9pv\u00e1llalkoz\u00f3i szektor el\u0151tt \u00e1ll\u00f3 legnagyobb kih\u00edv\u00e1s a hat\u00e9konys\u00e1g n\u00f6vel\u00e9se, s ez\u00e1ltal a [&hellip;]\" \/>\n<meta property=\"og:url\" content=\"https:\/\/seed.hu\/hirek\/mentorok-es-mentoraltak-jelentkezeset-varja-a-seed-alapitvany\/\" \/>\n<meta property=\"og:site_name\" content=\"Seed\" \/>\n<meta property=\"article:modified_time\" content=\"2022-01-17T18:48:43+00:00\" \/>\n<meta property=\"og:image\" content=\"https:\/\/seed.hu\/wp-content\/uploads\/2021\/04\/Orsza\u0301gos-Va\u0301llalkozo\u0301i-Mentorprogram.png\" \/>\n\t<meta property=\"og:image:width\" content=\"773\" \/>\n\t<meta property=\"og:image:height\" content=\"774\" \/>\n\t<meta property=\"og:image:type\" content=\"image\/png\" \/>\n<meta name=\"twitter:card\" content=\"summary_large_image\" \/>\n<meta name=\"twitter:label1\" content=\"Est. reading time\" \/>\n\t<meta name=\"twitter:data1\" content=\"4 minutes\" \/>\n<script type=\"application\/ld+json\" class=\"yoast-schema-graph\">{\"@context\":\"https:\\\/\\\/schema.org\",\"@graph\":[{\"@type\":\"WebPage\",\"@id\":\"https:\\\/\\\/seed.hu\\\/hirek\\\/mentorok-es-mentoraltak-jelentkezeset-varja-a-seed-alapitvany\\\/\",\"url\":\"https:\\\/\\\/seed.hu\\\/hirek\\\/mentorok-es-mentoraltak-jelentkezeset-varja-a-seed-alapitvany\\\/\",\"name\":\"Mentorok \u00e9s mentor\u00e1ltak jelentkez\u00e9s\u00e9t v\u00e1rja a SEED Alap\u00edtv\u00e1ny - Seed\",\"isPartOf\":{\"@id\":\"https:\\\/\\\/seed.hu\\\/#website\"},\"primaryImageOfPage\":{\"@id\":\"https:\\\/\\\/seed.hu\\\/hirek\\\/mentorok-es-mentoraltak-jelentkezeset-varja-a-seed-alapitvany\\\/#primaryimage\"},\"image\":{\"@id\":\"https:\\\/\\\/seed.hu\\\/hirek\\\/mentorok-es-mentoraltak-jelentkezeset-varja-a-seed-alapitvany\\\/#primaryimage\"},\"thumbnailUrl\":\"https:\\\/\\\/seed.hu\\\/wp-content\\\/uploads\\\/2021\\\/04\\\/Orsza\u0301gos-Va\u0301llalkozo\u0301i-Mentorprogram.png\",\"datePublished\":\"2019-02-06T19:52:13+00:00\",\"dateModified\":\"2022-01-17T18:48:43+00:00\",\"breadcrumb\":{\"@id\":\"https:\\\/\\\/seed.hu\\\/hirek\\\/mentorok-es-mentoraltak-jelentkezeset-varja-a-seed-alapitvany\\\/#breadcrumb\"},\"inLanguage\":\"en-US\",\"potentialAction\":[{\"@type\":\"ReadAction\",\"target\":[\"https:\\\/\\\/seed.hu\\\/hirek\\\/mentorok-es-mentoraltak-jelentkezeset-varja-a-seed-alapitvany\\\/\"]}]},{\"@type\":\"ImageObject\",\"inLanguage\":\"en-US\",\"@id\":\"https:\\\/\\\/seed.hu\\\/hirek\\\/mentorok-es-mentoraltak-jelentkezeset-varja-a-seed-alapitvany\\\/#primaryimage\",\"url\":\"https:\\\/\\\/seed.hu\\\/wp-content\\\/uploads\\\/2021\\\/04\\\/Orsza\u0301gos-Va\u0301llalkozo\u0301i-Mentorprogram.png\",\"contentUrl\":\"https:\\\/\\\/seed.hu\\\/wp-content\\\/uploads\\\/2021\\\/04\\\/Orsza\u0301gos-Va\u0301llalkozo\u0301i-Mentorprogram.png\",\"width\":773,\"height\":774},{\"@type\":\"BreadcrumbList\",\"@id\":\"https:\\\/\\\/seed.hu\\\/hirek\\\/mentorok-es-mentoraltak-jelentkezeset-varja-a-seed-alapitvany\\\/#breadcrumb\",\"itemListElement\":[{\"@type\":\"ListItem\",\"position\":1,\"name\":\"H\u00edrek\",\"item\":\"https:\\\/\\\/seed.hu\\\/hirek\\\/\"},{\"@type\":\"ListItem\",\"position\":2,\"name\":\"Mentorok \u00e9s mentor\u00e1ltak jelentkez\u00e9s\u00e9t v\u00e1rja a SEED Alap\u00edtv\u00e1ny\"}]},{\"@type\":\"WebSite\",\"@id\":\"https:\\\/\\\/seed.hu\\\/#website\",\"url\":\"https:\\\/\\\/seed.hu\\\/\",\"name\":\"Seed\",\"description\":\"\",\"potentialAction\":[{\"@type\":\"SearchAction\",\"target\":{\"@type\":\"EntryPoint\",\"urlTemplate\":\"https:\\\/\\\/seed.hu\\\/?s={search_term_string}\"},\"query-input\":{\"@type\":\"PropertyValueSpecification\",\"valueRequired\":true,\"valueName\":\"search_term_string\"}}],\"inLanguage\":\"en-US\"}]}<\/script>\n<!-- \/ Yoast SEO plugin. -->","yoast_head_json":{"title":"Mentorok \u00e9s mentor\u00e1ltak jelentkez\u00e9s\u00e9t v\u00e1rja a SEED Alap\u00edtv\u00e1ny - Seed","robots":{"index":"index","follow":"follow","max-snippet":"max-snippet:-1","max-image-preview":"max-image-preview:large","max-video-preview":"max-video-preview:-1"},"canonical":"https:\/\/seed.hu\/hirek\/mentorok-es-mentoraltak-jelentkezeset-varja-a-seed-alapitvany\/","og_locale":"en_US","og_type":"article","og_title":"Mentorok \u00e9s mentor\u00e1ltak jelentkez\u00e9s\u00e9t v\u00e1rja a SEED Alap\u00edtv\u00e1ny - Seed","og_description":"Mentorok \u00e9s mentor\u00e1ltak jelentkez\u00e9s\u00e9t v\u00e1rja a SEED Alap\u00edtv\u00e1ny Alapos szakmai el\u0151k\u00e9sz\u00edt\u00e9s ut\u00e1n 2019. febru\u00e1r 6-\u00e1n elindult az Orsz\u00e1gos V\u00e1llalkoz\u00f3i Mentorprogram. A projekt c\u00e9lja a kis- \u00e9s k\u00f6zepes v\u00e1llalkoz\u00e1sok (kkv) versenyk\u00e9pess\u00e9g\u00e9nek, hat\u00e9konys\u00e1g\u00e1nak n\u00f6vel\u00e9s\u00e9t szolg\u00e1l\u00f3 k\u00f6zvetett t\u00e1mogat\u00f3 eszk\u00f6z\u00f6k orsz\u00e1gos bevezet\u00e9se. A hazai mikro-, kis- \u00e9s k\u00f6z\u00e9pv\u00e1llalkoz\u00f3i szektor el\u0151tt \u00e1ll\u00f3 legnagyobb kih\u00edv\u00e1s a hat\u00e9konys\u00e1g n\u00f6vel\u00e9se, s ez\u00e1ltal a [&hellip;]","og_url":"https:\/\/seed.hu\/hirek\/mentorok-es-mentoraltak-jelentkezeset-varja-a-seed-alapitvany\/","og_site_name":"Seed","article_modified_time":"2022-01-17T18:48:43+00:00","og_image":[{"width":773,"height":774,"url":"https:\/\/seed.hu\/wp-content\/uploads\/2021\/04\/Orsza\u0301gos-Va\u0301llalkozo\u0301i-Mentorprogram.png","type":"image\/png"}],"twitter_card":"summary_large_image","twitter_misc":{"Est. reading time":"4 minutes"},"schema":{"@context":"https:\/\/schema.org","@graph":[{"@type":"WebPage","@id":"https:\/\/seed.hu\/hirek\/mentorok-es-mentoraltak-jelentkezeset-varja-a-seed-alapitvany\/","url":"https:\/\/seed.hu\/hirek\/mentorok-es-mentoraltak-jelentkezeset-varja-a-seed-alapitvany\/","name":"Mentorok \u00e9s mentor\u00e1ltak jelentkez\u00e9s\u00e9t v\u00e1rja a SEED Alap\u00edtv\u00e1ny - Seed","isPartOf":{"@id":"https:\/\/seed.hu\/#website"},"primaryImageOfPage":{"@id":"https:\/\/seed.hu\/hirek\/mentorok-es-mentoraltak-jelentkezeset-varja-a-seed-alapitvany\/#primaryimage"},"image":{"@id":"https:\/\/seed.hu\/hirek\/mentorok-es-mentoraltak-jelentkezeset-varja-a-seed-alapitvany\/#primaryimage"},"thumbnailUrl":"https:\/\/seed.hu\/wp-content\/uploads\/2021\/04\/Orsza\u0301gos-Va\u0301llalkozo\u0301i-Mentorprogram.png","datePublished":"2019-02-06T19:52:13+00:00","dateModified":"2022-01-17T18:48:43+00:00","breadcrumb":{"@id":"https:\/\/seed.hu\/hirek\/mentorok-es-mentoraltak-jelentkezeset-varja-a-seed-alapitvany\/#breadcrumb"},"inLanguage":"en-US","potentialAction":[{"@type":"ReadAction","target":["https:\/\/seed.hu\/hirek\/mentorok-es-mentoraltak-jelentkezeset-varja-a-seed-alapitvany\/"]}]},{"@type":"ImageObject","inLanguage":"en-US","@id":"https:\/\/seed.hu\/hirek\/mentorok-es-mentoraltak-jelentkezeset-varja-a-seed-alapitvany\/#primaryimage","url":"https:\/\/seed.hu\/wp-content\/uploads\/2021\/04\/Orsza\u0301gos-Va\u0301llalkozo\u0301i-Mentorprogram.png","contentUrl":"https:\/\/seed.hu\/wp-content\/uploads\/2021\/04\/Orsza\u0301gos-Va\u0301llalkozo\u0301i-Mentorprogram.png","width":773,"height":774},{"@type":"BreadcrumbList","@id":"https:\/\/seed.hu\/hirek\/mentorok-es-mentoraltak-jelentkezeset-varja-a-seed-alapitvany\/#breadcrumb","itemListElement":[{"@type":"ListItem","position":1,"name":"H\u00edrek","item":"https:\/\/seed.hu\/hirek\/"},{"@type":"ListItem","position":2,"name":"Mentorok \u00e9s mentor\u00e1ltak jelentkez\u00e9s\u00e9t v\u00e1rja a SEED Alap\u00edtv\u00e1ny"}]},{"@type":"WebSite","@id":"https:\/\/seed.hu\/#website","url":"https:\/\/seed.hu\/","name":"Seed","description":"","potentialAction":[{"@type":"SearchAction","target":{"@type":"EntryPoint","urlTemplate":"https:\/\/seed.hu\/?s={search_term_string}"},"query-input":{"@type":"PropertyValueSpecification","valueRequired":true,"valueName":"search_term_string"}}],"inLanguage":"en-US"}]}},"_links":{"self":[{"href":"https:\/\/seed.hu\/en\/wp-json\/wp\/v2\/hirek\/843","targetHints":{"allow":["GET"]}}],"collection":[{"href":"https:\/\/seed.hu\/en\/wp-json\/wp\/v2\/hirek"}],"about":[{"href":"https:\/\/seed.hu\/en\/wp-json\/wp\/v2\/types\/hirek"}],"wp:featuredmedia":[{"embeddable":true,"href":"https:\/\/seed.hu\/en\/wp-json\/wp\/v2\/media\/338"}],"wp:attachment":[{"href":"https:\/\/seed.hu\/en\/wp-json\/wp\/v2\/media?parent=843"}],"curies":[{"name":"wp","href":"https:\/\/api.w.org\/{rel}","templated":true}]}}