{"id":846,"date":"2019-02-19T18:21:28","date_gmt":"2019-02-19T17:21:28","guid":{"rendered":"https:\/\/seed.hu\/?post_type=hirek&#038;p=846"},"modified":"2022-01-17T19:51:33","modified_gmt":"2022-01-17T18:51:33","slug":"orszagos-vallalkozoi-mentorprogram-toborzo-rendezveny-budapest-2019-02-27","status":"publish","type":"hirek","link":"https:\/\/seed.hu\/en\/hirek\/orszagos-vallalkozoi-mentorprogram-toborzo-rendezveny-budapest-2019-02-27\/","title":{"rendered":"ORSZ\u00c1GOS V\u00c1LLALKOZ\u00d3I MENTORPROGRAM &#8211; TOBORZ\u00d3 RENDEZV\u00c9NY Budapest, 2019.02.27."},"content":{"rendered":"<p style=\"text-align: center;\"><strong><span style=\"font-size: 20px;\"><span style=\"font-family: Arial,Helvetica,sans-serif;\">MEGH\u00cdV\u00d3<\/span><\/span><\/strong><\/p>\n<p style=\"text-align: center;\"><img loading=\"lazy\" decoding=\"async\" src=\"https:\/\/seed.hu\/files\/images\/news-images\/1486.png\" alt=\"\" width=\"465\" height=\"210\" \/><\/p>\n<p>&nbsp;<\/p>\n<p style=\"text-align: center;\"><strong><span style=\"font-size: 20px;\">ORSZ\u00c1GOS V\u00c1LLALKOZ\u00d3I MENTOR PROGRAM<\/span><\/strong><br \/>\n<strong><span style=\"font-size: 20px;\">Szem\u00e9lyes v\u00e1llalkoz\u00f3i mentor\u00e1l\u00e1s<\/span><\/strong><br \/>\n<strong><span style=\"font-size: 20px;\">TOBORZ\u00d3RENDEZV\u00c9NY<\/span><\/strong><\/p>\n<p style=\"text-align: center;\">\n<p style=\"text-align: center;\"><span style=\"font-size: 20px;\"><strong>F\u00f3kuszban a KKV szektor hat\u00e9konys\u00e1g\u00e1nak n\u00f6vel\u00e9s<\/strong>e<\/span><\/p>\n<p>&nbsp;<\/p>\n<p style=\"text-align: center;\">A SEED Kisv\u00e1llalkoz\u00e1s-fejleszt\u00e9si Alap\u00edtv\u00e1ny toborz\u00f3rendezv\u00e9nyt szervez, amelyre ez\u00faton tisztelettel \u00e9s szeretettel megh\u00edvjuk.<br \/>\n<strong>Id\u0151pont:<\/strong> 2019. febru\u00e1r 27., 10-12 \u00f3r\u00e1ig<\/p>\n<p>&nbsp;<\/p>\n<p style=\"text-align: center;\"><strong>Helysz\u00edn:<\/strong> Mesterek \u00e9s M\u00f3dszertanok H\u00e1za, Szt. Luk\u00e1cs terem<br \/>\n1077 Budapest, Wessel\u00e9nyi u. 73.<\/p>\n<p>&nbsp;<\/p>\n<p>&nbsp;<\/p>\n<p style=\"text-align: center;\">A rendezv\u00e9nyen megismerkedhet GINOP-1.1.2-VEKOP-17-2017-00001\u00a0 \u201eA KKV szektor hat\u00e9konys\u00e1g\u00e1nak n\u00f6vel\u00e9se p\u00e9nz\u00fcgyi ismeretek fejleszt\u00e9se, v\u00e1llalkoz\u00f3i mentor\u00e1l\u00e1s biztos\u00edt\u00e1sa r\u00e9v\u00e9n&#8221; c\u00edm\u0171 kiemelt projekt<br \/>\n<strong>Szem\u00e9lyes v\u00e1llalkoz\u00f3i mentor\u00e1l\u00e1s<\/strong> alprojektje \u00e1ltal ny\u00fajtott lehet\u0151s\u00e9gekkel.<\/p>\n<p>&nbsp;<\/p>\n<p style=\"text-align: center;\">A program keret\u00e9ben a SEED Kisv\u00e1llalkoz\u00e1s-fejleszt\u00e9si Alap\u00edtv\u00e1ny h\u00e1rom c\u00e9lcsoportra f\u00f3kusz\u00e1lva szeretn\u00e9 el\u00e9rni a v\u00e1llalkoz\u00e1sok versenyk\u00e9pess\u00e9g\u00e9nek, hat\u00e9konys\u00e1g\u00e1nak jav\u00edt\u00e1s\u00e1t. E h\u00e1rom c\u00e9lcsoport a fiatal v\u00e1llalkoz\u00f3k, a n\u0151i v\u00e1llalkoz\u00f3k, valamint a gener\u00e1ci\u00f3v\u00e1lt\u00e1ssal \u00e9rintett csal\u00e1di v\u00e1llalkoz\u00e1sok.<\/p>\n<p><u>Az esem\u00e9ny f\u0151 t\u00e9m\u00e1i:<\/u><\/p>\n<ul>\n<li>\u00a0\u00a0\u00a0\u00a0\u00a0\u00a0\u00a0\u00a0 Mi\u00e9rt \u00e9ppen a szem\u00e9lyes mentor\u00e1l\u00e1s, mint a v\u00e1llalkoz\u00e1s n\u00f6veked\u00e9s\u00e9t seg\u00edt\u0151 eszk\u00f6z?<\/li>\n<li>\u00a0\u00a0\u00a0\u00a0\u00a0\u00a0\u00a0\u00a0 Kiket v\u00e1runk mentornak?<\/li>\n<li>\u00a0\u00a0\u00a0\u00a0\u00a0\u00a0\u00a0\u00a0 Ki lehet mentor\u00e1lt?<\/li>\n<li>\u00a0\u00a0\u00a0\u00a0\u00a0\u00a0\u00a0\u00a0 F\u00f3kuszban a h\u00e1rom c\u00e9lcsoport.<\/li>\n<li>\u00a0\u00a0\u00a0\u00a0\u00a0\u00a0\u00a0\u00a0 Lehet\u0151s\u00e9gek, amelyeket a mentor program biztos\u00edt a r\u00e9szvev\u0151k sz\u00e1m\u00e1ra.<\/li>\n<li>\u00a0\u00a0\u00a0\u00a0\u00a0\u00a0\u00a0\u00a0 A program gyakorlati r\u00e9szletei.<\/li>\n<\/ul>\n<p>&nbsp;<\/p>\n<p><u><strong>PROGRAM<\/strong><\/u><\/p>\n<p><strong>9:30-10:00\u00a0\u00a0\u00a0\u00a0\u00a0\u00a0\u00a0\u00a0\u00a0 Regisztr\u00e1ci\u00f3<\/strong><\/p>\n<p><strong>10:00-10:15\u00a0\u00a0\u00a0\u00a0\u00a0\u00a0\u00a0 KKV strat\u00e9gia ismertet\u00e9se<\/strong><br \/>\nEl\u0151ad\u00f3: Billo K\u00e1rmen ITM V\u00e1llalkoz\u00e1sfejleszt\u00e9si f\u0151oszt\u00e1ly, f\u0151oszt\u00e1lyvezet\u0151 (felk\u00e9r\u00e9s alatt)<\/p>\n<p><strong>10:15-10:30 \u00a0<\/strong> \u00a0 \u00a0\u00a0 <strong>Szem\u00e9lyes v\u00e1llalkoz\u00f3i mentorprogram bemutat\u00e1sa<\/strong><br \/>\nEl\u0151ad\u00f3: Danics \u00c1gnes SEED Alap\u00edtv\u00e1ny<\/p>\n<p><strong>10:30-11:20<\/strong>\u00a0\u00a0\u00a0\u00a0\u00a0\u00a0\u00a0\u00a0 <strong>Interakt\u00edv kerekasztal-besz\u00e9lget\u00e9s<\/strong> \u2013 A szem\u00e9lyes v\u00e1llalkoz\u00f3i mentor\u00e1l\u00e1s, mint a v\u00e1llalkoz\u00e1s fejl\u0151d\u00e9s\u00e9t seg\u00edt\u0151 m\u00f3dszer<\/p>\n<p><strong>11:20-11:30<\/strong>\u00a0\u00a0\u00a0\u00a0\u00a0\u00a0\u00a0\u00a0 <strong>Regisztr\u00e1ci\u00f3s fel\u00fclet bemutat\u00e1sa<\/strong><br \/>\nSEED Alap\u00edtv\u00e1ny<\/p>\n<p><strong>11:30-12:00<\/strong> \u00a0 \u00a0 \u00a0 \u00a0 <strong>K\u00e9rd\u00e9sek, regisztr\u00e1ci\u00f3 lehet\u0151s\u00e9ge, networking<\/strong><\/p>\n<p>&nbsp;<\/p>\n<p>K\u00e9rj\u00fck, r\u00e9szv\u00e9teli sz\u00e1nd\u00e9k\u00e1t a limit\u00e1lt helyekre val\u00f3 tekintettel, miel\u0151bb jelezze.<\/p>\n<p><a href=\"https:\/\/seed.hu\/kerdoiv\/orszagos-vallalkozoi-mentorprogram-toborzo-rendezveny-budapest-2019-02-27\" target=\"_blank\" rel=\"noopener\">&lt;&lt; JELENTKEZEM &gt;&gt;<\/a><\/p>\n","protected":false},"featured_media":338,"menu_order":0,"template":"","meta":{"_acf_changed":false},"class_list":["post-846","hirek","type-hirek","status-publish","has-post-thumbnail","hentry"],"acf":[],"yoast_head":"<!-- This site is optimized with the Yoast SEO plugin v27.4 - https:\/\/yoast.com\/product\/yoast-seo-wordpress\/ -->\n<title>ORSZ\u00c1GOS V\u00c1LLALKOZ\u00d3I MENTORPROGRAM - TOBORZ\u00d3 RENDEZV\u00c9NY Budapest, 2019.02.27. - Seed<\/title>\n<meta name=\"robots\" content=\"index, follow, max-snippet:-1, max-image-preview:large, max-video-preview:-1\" \/>\n<link rel=\"canonical\" href=\"https:\/\/seed.hu\/hirek\/orszagos-vallalkozoi-mentorprogram-toborzo-rendezveny-budapest-2019-02-27\/\" \/>\n<meta property=\"og:locale\" content=\"en_US\" \/>\n<meta property=\"og:type\" content=\"article\" \/>\n<meta property=\"og:title\" content=\"ORSZ\u00c1GOS V\u00c1LLALKOZ\u00d3I MENTORPROGRAM - TOBORZ\u00d3 RENDEZV\u00c9NY Budapest, 2019.02.27. - Seed\" \/>\n<meta property=\"og:description\" content=\"MEGH\u00cdV\u00d3 &nbsp; ORSZ\u00c1GOS V\u00c1LLALKOZ\u00d3I MENTOR PROGRAM Szem\u00e9lyes v\u00e1llalkoz\u00f3i mentor\u00e1l\u00e1s TOBORZ\u00d3RENDEZV\u00c9NY F\u00f3kuszban a KKV szektor hat\u00e9konys\u00e1g\u00e1nak n\u00f6vel\u00e9se &nbsp; A SEED Kisv\u00e1llalkoz\u00e1s-fejleszt\u00e9si Alap\u00edtv\u00e1ny toborz\u00f3rendezv\u00e9nyt szervez, amelyre ez\u00faton tisztelettel \u00e9s szeretettel megh\u00edvjuk. Id\u0151pont: 2019. febru\u00e1r 27., 10-12 \u00f3r\u00e1ig &nbsp; Helysz\u00edn: Mesterek \u00e9s M\u00f3dszertanok H\u00e1za, Szt. Luk\u00e1cs terem 1077 Budapest, Wessel\u00e9nyi u. 73. &nbsp; &nbsp; A rendezv\u00e9nyen megismerkedhet GINOP-1.1.2-VEKOP-17-2017-00001\u00a0 [&hellip;]\" \/>\n<meta property=\"og:url\" content=\"https:\/\/seed.hu\/hirek\/orszagos-vallalkozoi-mentorprogram-toborzo-rendezveny-budapest-2019-02-27\/\" \/>\n<meta property=\"og:site_name\" content=\"Seed\" \/>\n<meta property=\"article:modified_time\" content=\"2022-01-17T18:51:33+00:00\" \/>\n<meta property=\"og:image\" content=\"https:\/\/seed.hu\/wp-content\/uploads\/2021\/04\/Orsza\u0301gos-Va\u0301llalkozo\u0301i-Mentorprogram.png\" \/>\n\t<meta property=\"og:image:width\" content=\"773\" \/>\n\t<meta property=\"og:image:height\" content=\"774\" \/>\n\t<meta property=\"og:image:type\" content=\"image\/png\" \/>\n<meta name=\"twitter:card\" content=\"summary_large_image\" \/>\n<meta name=\"twitter:label1\" content=\"Est. reading time\" \/>\n\t<meta name=\"twitter:data1\" content=\"2 minutes\" \/>\n<script type=\"application\/ld+json\" class=\"yoast-schema-graph\">{\"@context\":\"https:\\\/\\\/schema.org\",\"@graph\":[{\"@type\":\"WebPage\",\"@id\":\"https:\\\/\\\/seed.hu\\\/hirek\\\/orszagos-vallalkozoi-mentorprogram-toborzo-rendezveny-budapest-2019-02-27\\\/\",\"url\":\"https:\\\/\\\/seed.hu\\\/hirek\\\/orszagos-vallalkozoi-mentorprogram-toborzo-rendezveny-budapest-2019-02-27\\\/\",\"name\":\"ORSZ\u00c1GOS V\u00c1LLALKOZ\u00d3I MENTORPROGRAM - TOBORZ\u00d3 RENDEZV\u00c9NY Budapest, 2019.02.27. - Seed\",\"isPartOf\":{\"@id\":\"https:\\\/\\\/seed.hu\\\/#website\"},\"primaryImageOfPage\":{\"@id\":\"https:\\\/\\\/seed.hu\\\/hirek\\\/orszagos-vallalkozoi-mentorprogram-toborzo-rendezveny-budapest-2019-02-27\\\/#primaryimage\"},\"image\":{\"@id\":\"https:\\\/\\\/seed.hu\\\/hirek\\\/orszagos-vallalkozoi-mentorprogram-toborzo-rendezveny-budapest-2019-02-27\\\/#primaryimage\"},\"thumbnailUrl\":\"https:\\\/\\\/seed.hu\\\/wp-content\\\/uploads\\\/2021\\\/04\\\/Orsza\u0301gos-Va\u0301llalkozo\u0301i-Mentorprogram.png\",\"datePublished\":\"2019-02-19T17:21:28+00:00\",\"dateModified\":\"2022-01-17T18:51:33+00:00\",\"breadcrumb\":{\"@id\":\"https:\\\/\\\/seed.hu\\\/hirek\\\/orszagos-vallalkozoi-mentorprogram-toborzo-rendezveny-budapest-2019-02-27\\\/#breadcrumb\"},\"inLanguage\":\"en-US\",\"potentialAction\":[{\"@type\":\"ReadAction\",\"target\":[\"https:\\\/\\\/seed.hu\\\/hirek\\\/orszagos-vallalkozoi-mentorprogram-toborzo-rendezveny-budapest-2019-02-27\\\/\"]}]},{\"@type\":\"ImageObject\",\"inLanguage\":\"en-US\",\"@id\":\"https:\\\/\\\/seed.hu\\\/hirek\\\/orszagos-vallalkozoi-mentorprogram-toborzo-rendezveny-budapest-2019-02-27\\\/#primaryimage\",\"url\":\"https:\\\/\\\/seed.hu\\\/wp-content\\\/uploads\\\/2021\\\/04\\\/Orsza\u0301gos-Va\u0301llalkozo\u0301i-Mentorprogram.png\",\"contentUrl\":\"https:\\\/\\\/seed.hu\\\/wp-content\\\/uploads\\\/2021\\\/04\\\/Orsza\u0301gos-Va\u0301llalkozo\u0301i-Mentorprogram.png\",\"width\":773,\"height\":774},{\"@type\":\"BreadcrumbList\",\"@id\":\"https:\\\/\\\/seed.hu\\\/hirek\\\/orszagos-vallalkozoi-mentorprogram-toborzo-rendezveny-budapest-2019-02-27\\\/#breadcrumb\",\"itemListElement\":[{\"@type\":\"ListItem\",\"position\":1,\"name\":\"H\u00edrek\",\"item\":\"https:\\\/\\\/seed.hu\\\/hirek\\\/\"},{\"@type\":\"ListItem\",\"position\":2,\"name\":\"ORSZ\u00c1GOS V\u00c1LLALKOZ\u00d3I MENTORPROGRAM &#8211; TOBORZ\u00d3 RENDEZV\u00c9NY Budapest, 2019.02.27.\"}]},{\"@type\":\"WebSite\",\"@id\":\"https:\\\/\\\/seed.hu\\\/#website\",\"url\":\"https:\\\/\\\/seed.hu\\\/\",\"name\":\"Seed\",\"description\":\"\",\"potentialAction\":[{\"@type\":\"SearchAction\",\"target\":{\"@type\":\"EntryPoint\",\"urlTemplate\":\"https:\\\/\\\/seed.hu\\\/?s={search_term_string}\"},\"query-input\":{\"@type\":\"PropertyValueSpecification\",\"valueRequired\":true,\"valueName\":\"search_term_string\"}}],\"inLanguage\":\"en-US\"}]}<\/script>\n<!-- \/ Yoast SEO plugin. -->","yoast_head_json":{"title":"ORSZ\u00c1GOS V\u00c1LLALKOZ\u00d3I MENTORPROGRAM - TOBORZ\u00d3 RENDEZV\u00c9NY Budapest, 2019.02.27. - Seed","robots":{"index":"index","follow":"follow","max-snippet":"max-snippet:-1","max-image-preview":"max-image-preview:large","max-video-preview":"max-video-preview:-1"},"canonical":"https:\/\/seed.hu\/hirek\/orszagos-vallalkozoi-mentorprogram-toborzo-rendezveny-budapest-2019-02-27\/","og_locale":"en_US","og_type":"article","og_title":"ORSZ\u00c1GOS V\u00c1LLALKOZ\u00d3I MENTORPROGRAM - TOBORZ\u00d3 RENDEZV\u00c9NY Budapest, 2019.02.27. - Seed","og_description":"MEGH\u00cdV\u00d3 &nbsp; ORSZ\u00c1GOS V\u00c1LLALKOZ\u00d3I MENTOR PROGRAM Szem\u00e9lyes v\u00e1llalkoz\u00f3i mentor\u00e1l\u00e1s TOBORZ\u00d3RENDEZV\u00c9NY F\u00f3kuszban a KKV szektor hat\u00e9konys\u00e1g\u00e1nak n\u00f6vel\u00e9se &nbsp; A SEED Kisv\u00e1llalkoz\u00e1s-fejleszt\u00e9si Alap\u00edtv\u00e1ny toborz\u00f3rendezv\u00e9nyt szervez, amelyre ez\u00faton tisztelettel \u00e9s szeretettel megh\u00edvjuk. Id\u0151pont: 2019. febru\u00e1r 27., 10-12 \u00f3r\u00e1ig &nbsp; Helysz\u00edn: Mesterek \u00e9s M\u00f3dszertanok H\u00e1za, Szt. Luk\u00e1cs terem 1077 Budapest, Wessel\u00e9nyi u. 73. &nbsp; &nbsp; A rendezv\u00e9nyen megismerkedhet GINOP-1.1.2-VEKOP-17-2017-00001\u00a0 [&hellip;]","og_url":"https:\/\/seed.hu\/hirek\/orszagos-vallalkozoi-mentorprogram-toborzo-rendezveny-budapest-2019-02-27\/","og_site_name":"Seed","article_modified_time":"2022-01-17T18:51:33+00:00","og_image":[{"width":773,"height":774,"url":"https:\/\/seed.hu\/wp-content\/uploads\/2021\/04\/Orsza\u0301gos-Va\u0301llalkozo\u0301i-Mentorprogram.png","type":"image\/png"}],"twitter_card":"summary_large_image","twitter_misc":{"Est. reading time":"2 minutes"},"schema":{"@context":"https:\/\/schema.org","@graph":[{"@type":"WebPage","@id":"https:\/\/seed.hu\/hirek\/orszagos-vallalkozoi-mentorprogram-toborzo-rendezveny-budapest-2019-02-27\/","url":"https:\/\/seed.hu\/hirek\/orszagos-vallalkozoi-mentorprogram-toborzo-rendezveny-budapest-2019-02-27\/","name":"ORSZ\u00c1GOS V\u00c1LLALKOZ\u00d3I MENTORPROGRAM - TOBORZ\u00d3 RENDEZV\u00c9NY Budapest, 2019.02.27. - Seed","isPartOf":{"@id":"https:\/\/seed.hu\/#website"},"primaryImageOfPage":{"@id":"https:\/\/seed.hu\/hirek\/orszagos-vallalkozoi-mentorprogram-toborzo-rendezveny-budapest-2019-02-27\/#primaryimage"},"image":{"@id":"https:\/\/seed.hu\/hirek\/orszagos-vallalkozoi-mentorprogram-toborzo-rendezveny-budapest-2019-02-27\/#primaryimage"},"thumbnailUrl":"https:\/\/seed.hu\/wp-content\/uploads\/2021\/04\/Orsza\u0301gos-Va\u0301llalkozo\u0301i-Mentorprogram.png","datePublished":"2019-02-19T17:21:28+00:00","dateModified":"2022-01-17T18:51:33+00:00","breadcrumb":{"@id":"https:\/\/seed.hu\/hirek\/orszagos-vallalkozoi-mentorprogram-toborzo-rendezveny-budapest-2019-02-27\/#breadcrumb"},"inLanguage":"en-US","potentialAction":[{"@type":"ReadAction","target":["https:\/\/seed.hu\/hirek\/orszagos-vallalkozoi-mentorprogram-toborzo-rendezveny-budapest-2019-02-27\/"]}]},{"@type":"ImageObject","inLanguage":"en-US","@id":"https:\/\/seed.hu\/hirek\/orszagos-vallalkozoi-mentorprogram-toborzo-rendezveny-budapest-2019-02-27\/#primaryimage","url":"https:\/\/seed.hu\/wp-content\/uploads\/2021\/04\/Orsza\u0301gos-Va\u0301llalkozo\u0301i-Mentorprogram.png","contentUrl":"https:\/\/seed.hu\/wp-content\/uploads\/2021\/04\/Orsza\u0301gos-Va\u0301llalkozo\u0301i-Mentorprogram.png","width":773,"height":774},{"@type":"BreadcrumbList","@id":"https:\/\/seed.hu\/hirek\/orszagos-vallalkozoi-mentorprogram-toborzo-rendezveny-budapest-2019-02-27\/#breadcrumb","itemListElement":[{"@type":"ListItem","position":1,"name":"H\u00edrek","item":"https:\/\/seed.hu\/hirek\/"},{"@type":"ListItem","position":2,"name":"ORSZ\u00c1GOS V\u00c1LLALKOZ\u00d3I MENTORPROGRAM &#8211; TOBORZ\u00d3 RENDEZV\u00c9NY Budapest, 2019.02.27."}]},{"@type":"WebSite","@id":"https:\/\/seed.hu\/#website","url":"https:\/\/seed.hu\/","name":"Seed","description":"","potentialAction":[{"@type":"SearchAction","target":{"@type":"EntryPoint","urlTemplate":"https:\/\/seed.hu\/?s={search_term_string}"},"query-input":{"@type":"PropertyValueSpecification","valueRequired":true,"valueName":"search_term_string"}}],"inLanguage":"en-US"}]}},"_links":{"self":[{"href":"https:\/\/seed.hu\/en\/wp-json\/wp\/v2\/hirek\/846","targetHints":{"allow":["GET"]}}],"collection":[{"href":"https:\/\/seed.hu\/en\/wp-json\/wp\/v2\/hirek"}],"about":[{"href":"https:\/\/seed.hu\/en\/wp-json\/wp\/v2\/types\/hirek"}],"wp:featuredmedia":[{"embeddable":true,"href":"https:\/\/seed.hu\/en\/wp-json\/wp\/v2\/media\/338"}],"wp:attachment":[{"href":"https:\/\/seed.hu\/en\/wp-json\/wp\/v2\/media?parent=846"}],"curies":[{"name":"wp","href":"https:\/\/api.w.org\/{rel}","templated":true}]}}