{"id":847,"date":"2019-02-20T14:42:14","date_gmt":"2019-02-20T13:42:14","guid":{"rendered":"https:\/\/seed.hu\/?post_type=hirek&#038;p=847"},"modified":"2022-01-17T19:53:29","modified_gmt":"2022-01-17T18:53:29","slug":"indul-a-jelentkezes-a-dobbanto-program-tavaszi-kepzeseire","status":"publish","type":"hirek","link":"https:\/\/seed.hu\/en\/hirek\/indul-a-jelentkezes-a-dobbanto-program-tavaszi-kepzeseire\/","title":{"rendered":"Indul a jelentkez\u00e9s a Dobbant\u00f3 Program tavaszi k\u00e9pz\u00e9seire!"},"content":{"rendered":"<p><a href=\"https:\/\/seed.hu\/szolgaltatasok\/dobbanto\/dobbantologo\/\" rel=\"attachment wp-att-39\"><img loading=\"lazy\" decoding=\"async\" class=\"alignnone wp-image-39 size-full\" src=\"https:\/\/seed.hu\/wp-content\/uploads\/2021\/02\/dobbantologo.jpg\" alt=\"\" width=\"384\" height=\"107\" srcset=\"https:\/\/seed.hu\/wp-content\/uploads\/2021\/02\/dobbantologo.jpg 384w, https:\/\/seed.hu\/wp-content\/uploads\/2021\/02\/dobbantologo-300x84.jpg 300w\" sizes=\"auto, (max-width: 384px) 100vw, 384px\" \/><\/a><\/p>\n<p><strong>A 12 napos Dobbant\u00f3 kompetenciafejleszt\u0151 tr\u00e9ning, \u00e9s a m\u00e1r j\u00f3l bev\u00e1lt egynapos \u00fczleti tervez\u00e9s k\u00e9pz\u00e9s mellett k\u00e9tszer f\u00e9lnapos IT k\u00e9pz\u00e9sek is indulnak a Dobbant\u00f3 Program keret\u00e9ben. A Program szakmai egy\u00fcttm\u0171k\u00f6d\u0151 partnere 2010-es ind\u00edt\u00e1sa \u00f3ta, \u00e9s a k\u00e9pz\u00e9sek megval\u00f3s\u00edt\u00f3ja a SEED Kisv\u00e1llalkoz\u00e1s-fejleszt\u00e9si Alap\u00edtv\u00e1ny. A leend\u0151 \u00e9s gyakorl\u00f3 v\u00e1llalkoz\u00f3n\u0151knek sz\u00f3l\u00f3 k\u00e9pz\u00e9sek a v\u00e1llalkoz\u00f3i ismeretek, k\u00e9szs\u00e9gek fejleszt\u00e9s\u00e9ben ny\u00fajtanak gyakorlatorient\u00e1lt seg\u00edts\u00e9get.<\/strong><\/p>\n<p><strong>Tavaszi Dobbant\u00f3 tr\u00e9ning<\/strong><br \/>\nA Budapest Bank id\u00e9n tavasszal is meghirdeti a Dobbant\u00f3 Program egyik legkeresettebb k\u00e9pz\u00e9s\u00e9t, a <strong>Dobbant\u00f3 tr\u00e9ninget<\/strong>. A v\u00e1llalkoz\u00f3i kompetenciafejleszt\u0151 tr\u00e9ning, amely sor\u00e1n a r\u00e9sztvev\u0151k az \u00fczleti sikerek el\u00e9r\u00e9s\u00e9hez n\u00e9lk\u00fcl\u00f6zhetetlen marketing, menedzsment, ad\u00f3z\u00e1si, \u00e9s forr\u00e1steremt\u00e9si ismereteket szereznek, \u00e9s szakemberek \u00e1ltal v\u00e9lem\u00e9nyezett, k\u00e9sz \u00fczleti tervekkel t\u00e1voznak. 20 f\u0151s csoportban zajlik hat h\u00e9ten \u00e1t, \u00f6sszesen 90 \u00f3r\u00e1ban. A k\u00e9pz\u00e9s k\u00f6lts\u00e9geit k\u00f6zel 90%-ban a Dobbant\u00f3 Program v\u00e1llalja \u00e1t. A m\u00e1rcius 29-\u00e9n indul\u00f3 tr\u00e9ningre a SEED Alap\u00edtv\u00e1ny honlapj\u00e1n kereszt\u00fcl (<strong><a href=\"http:\/\/www.dobbanto.seed.hu\" target=\"_blank\" rel=\"noopener\">www.dobbanto.seed.hu<\/a><\/strong>) lehet jelentkezni m\u00e1rcius 14-ig.<\/p>\n<p><strong>Indulnak az egy- \u00e9s k\u00e9tnapos tematikus k\u00e9pz\u00e9sek is<\/strong><br \/>\nA nagy sikerre val\u00f3 tekintettel 2019-ben is lehet jelentkezni a tavaly \u00fatj\u00e1ra ind\u00edtott k\u00e9tszer f\u00e9lnapos <strong>Quick IT <\/strong>k\u00e9pz\u00e9sre. Az informatika vil\u00e1g\u00e1ba kalauzol\u00f3 kurzus alatt a r\u00e9sztvev\u0151k olyan digit\u00e1lis megold\u00e1sokkal ismerkednek meg, amelyek seg\u00edtik \u0151ket a v\u00e1llalkoz\u00e1suk m\u0171k\u00f6dtet\u00e9s\u00e9ben. Az elhangzottak seg\u00edts\u00e9get ny\u00fajtanak a munkafolyamatok \u00e9s a p\u00e9nz\u00fcgyek megtervez\u00e9s\u00e9ben, lebonyol\u00edt\u00e1s\u00e1ban, ellen\u0151rz\u00e9s\u00e9ben, valamint az \u00fcgyfelekkel \u00e9s az \u00fczleti partnerekkel val\u00f3 kommunik\u00e1ci\u00f3ban, a v\u00e1llalkoz\u00e1si folyamatok nyomon k\u00f6vet\u00e9s\u00e9ben \u00e9s \u00e9rt\u00e9kel\u00e9s\u00e9ben. A QuickIT k\u00e9pez\u00e9st ig\u00e9ny- \u00e9s szintfelm\u00e9r\u00e9s alapj\u00e1n kezd\u0151 \u00e9s halad\u00f3 szinten szervezik meg, els\u0151 alkalommal m\u00e1rcius 20-\u00e1n \u00e9s 21-\u00e9n, majd ezt k\u00f6vet\u0151en \u00e1prilis 17-\u00e9n \u00e9s 18-\u00e1n. Tov\u00e1bbi r\u00e9szletek a jelentkez\u00e9si fel\u00fclet<strong><a href=\"https:\/\/dobbanto.seed.hu\/urlap\/jelentkezes-quickit-kepzesre\" target=\"_blank\" rel=\"noopener\"> itt <\/a><\/strong>\u00e9rhet\u0151k el.<\/p>\n<p>A Program azokra is gondol, akik \u00fczleti terv k\u00e9sz\u00edt\u00e9se el\u0151tt \u00e1llnak, vagy m\u0171k\u00f6d\u0151 v\u00e1llalkoz\u00e1suk modellj\u00e9n szeretn\u00e9nek fejleszteni. 2019-ben is meghirdetik az <strong>\u00dczleti tervez\u00e9s workshopot<\/strong>, ami a vil\u00e1gszerte alkalmazott Business Canvas \u00fczleti tervez\u00e9si m\u00f3dszertanra \u00e9p\u00fcl. A m\u00e1rcius 18-\u00e1n megrendez\u00e9sre ker\u00fcl\u0151 k\u00e9pz\u00e9sre<strong><a href=\"https:\/\/dobbanto.seed.hu\/urlap\/jelentkezes-a-business-model-canvas-kepzesre\" target=\"_blank\" rel=\"noopener\"> itt <\/a><\/strong>lehet jelentkezni.<\/p>\n<p><strong>Dobbant\u00f3 Klubok<\/strong><br \/>\nA mindenki sz\u00e1m\u00e1ra nyitott Dobbant\u00f3 klubesem\u00e9nyek is folytat\u00f3dnak, ahol az \u00e9rdekl\u0151d\u0151k nem csup\u00e1n a Program r\u00e9sztvev\u0151k \u00e1ltal megszavazott t\u00e9m\u00e1kban hallhatnak szakmai el\u0151ad\u00e1sokat interakt\u00edv form\u00e1ban, hanem kapcsolatokat is \u00e9p\u00edthetnek egym\u00e1ssal. A Dobbant\u00f3 klubesem\u00e9nyek id\u00e9n minden tavaszi h\u00f3nap utols\u00f3 keddj\u00e9n, m\u00e1rcius 26-\u00e1n, \u00e1prilis 30-\u00e1n \u00e9s m\u00e1jus 28-\u00e1n l\u00e1togathat\u00f3ak. A r\u00e9szletek m\u00e1rcius elej\u00e9t\u0151l megtal\u00e1lhat\u00f3ak lesznek a Dobbant\u00f3 program <strong><a href=\"http:\/\/www.dobbantoprogram.hu\/\" target=\"_blank\" rel=\"noopener\">honlapj\u00e1n<\/a><\/strong> \u00e9s <strong><a href=\"https:\/\/www.facebook.com\/dobbantoprogram.budapestbank\/\" target=\"_blank\" rel=\"noopener\">Facebook oldal\u00e1n<\/a><\/strong>, \u00e9s a megh\u00edv\u00f3kat a SEED Alap\u00edtv\u00e1ny honlapj\u00e1n is megosztjuk majd.<\/p>\n<p>A Dobbant\u00f3 Program sajt\u00f3k\u00f6zlem\u00e9nye <strong><a href=\"https:\/\/www.budapestbank.hu\/info\/sajtoszoba\/sajtoszoba_cikk.php?frm_id=1052\" target=\"_blank\" rel=\"noopener\">itt<\/a><\/strong> olvashat\u00f3.<\/p>\n","protected":false},"featured_media":335,"menu_order":0,"template":"","meta":{"_acf_changed":false},"class_list":["post-847","hirek","type-hirek","status-publish","has-post-thumbnail","hentry"],"acf":[],"yoast_head":"<!-- This site is optimized with the Yoast SEO plugin v27.4 - https:\/\/yoast.com\/product\/yoast-seo-wordpress\/ -->\n<title>Indul a jelentkez\u00e9s a Dobbant\u00f3 Program tavaszi k\u00e9pz\u00e9seire! - Seed<\/title>\n<meta name=\"robots\" content=\"index, follow, max-snippet:-1, max-image-preview:large, max-video-preview:-1\" \/>\n<link rel=\"canonical\" href=\"https:\/\/seed.hu\/hirek\/indul-a-jelentkezes-a-dobbanto-program-tavaszi-kepzeseire\/\" \/>\n<meta property=\"og:locale\" content=\"en_US\" \/>\n<meta property=\"og:type\" content=\"article\" \/>\n<meta property=\"og:title\" content=\"Indul a jelentkez\u00e9s a Dobbant\u00f3 Program tavaszi k\u00e9pz\u00e9seire! - Seed\" \/>\n<meta property=\"og:description\" content=\"A 12 napos Dobbant\u00f3 kompetenciafejleszt\u0151 tr\u00e9ning, \u00e9s a m\u00e1r j\u00f3l bev\u00e1lt egynapos \u00fczleti tervez\u00e9s k\u00e9pz\u00e9s mellett k\u00e9tszer f\u00e9lnapos IT k\u00e9pz\u00e9sek is indulnak a Dobbant\u00f3 Program keret\u00e9ben. A Program szakmai egy\u00fcttm\u0171k\u00f6d\u0151 partnere 2010-es ind\u00edt\u00e1sa \u00f3ta, \u00e9s a k\u00e9pz\u00e9sek megval\u00f3s\u00edt\u00f3ja a SEED Kisv\u00e1llalkoz\u00e1s-fejleszt\u00e9si Alap\u00edtv\u00e1ny. A leend\u0151 \u00e9s gyakorl\u00f3 v\u00e1llalkoz\u00f3n\u0151knek sz\u00f3l\u00f3 k\u00e9pz\u00e9sek a v\u00e1llalkoz\u00f3i ismeretek, k\u00e9szs\u00e9gek fejleszt\u00e9s\u00e9ben ny\u00fajtanak [&hellip;]\" \/>\n<meta property=\"og:url\" content=\"https:\/\/seed.hu\/hirek\/indul-a-jelentkezes-a-dobbanto-program-tavaszi-kepzeseire\/\" \/>\n<meta property=\"og:site_name\" content=\"Seed\" \/>\n<meta property=\"article:modified_time\" content=\"2022-01-17T18:53:29+00:00\" \/>\n<meta property=\"og:image\" content=\"https:\/\/seed.hu\/wp-content\/uploads\/2021\/04\/dobbanto.png\" \/>\n\t<meta property=\"og:image:width\" content=\"773\" \/>\n\t<meta property=\"og:image:height\" content=\"773\" \/>\n\t<meta property=\"og:image:type\" content=\"image\/png\" \/>\n<meta name=\"twitter:card\" content=\"summary_large_image\" \/>\n<meta name=\"twitter:label1\" content=\"Est. reading time\" \/>\n\t<meta name=\"twitter:data1\" content=\"3 minutes\" \/>\n<script type=\"application\/ld+json\" class=\"yoast-schema-graph\">{\"@context\":\"https:\\\/\\\/schema.org\",\"@graph\":[{\"@type\":\"WebPage\",\"@id\":\"https:\\\/\\\/seed.hu\\\/hirek\\\/indul-a-jelentkezes-a-dobbanto-program-tavaszi-kepzeseire\\\/\",\"url\":\"https:\\\/\\\/seed.hu\\\/hirek\\\/indul-a-jelentkezes-a-dobbanto-program-tavaszi-kepzeseire\\\/\",\"name\":\"Indul a jelentkez\u00e9s a Dobbant\u00f3 Program tavaszi k\u00e9pz\u00e9seire! - Seed\",\"isPartOf\":{\"@id\":\"https:\\\/\\\/seed.hu\\\/#website\"},\"primaryImageOfPage\":{\"@id\":\"https:\\\/\\\/seed.hu\\\/hirek\\\/indul-a-jelentkezes-a-dobbanto-program-tavaszi-kepzeseire\\\/#primaryimage\"},\"image\":{\"@id\":\"https:\\\/\\\/seed.hu\\\/hirek\\\/indul-a-jelentkezes-a-dobbanto-program-tavaszi-kepzeseire\\\/#primaryimage\"},\"thumbnailUrl\":\"https:\\\/\\\/seed.hu\\\/wp-content\\\/uploads\\\/2021\\\/04\\\/dobbanto.png\",\"datePublished\":\"2019-02-20T13:42:14+00:00\",\"dateModified\":\"2022-01-17T18:53:29+00:00\",\"breadcrumb\":{\"@id\":\"https:\\\/\\\/seed.hu\\\/hirek\\\/indul-a-jelentkezes-a-dobbanto-program-tavaszi-kepzeseire\\\/#breadcrumb\"},\"inLanguage\":\"en-US\",\"potentialAction\":[{\"@type\":\"ReadAction\",\"target\":[\"https:\\\/\\\/seed.hu\\\/hirek\\\/indul-a-jelentkezes-a-dobbanto-program-tavaszi-kepzeseire\\\/\"]}]},{\"@type\":\"ImageObject\",\"inLanguage\":\"en-US\",\"@id\":\"https:\\\/\\\/seed.hu\\\/hirek\\\/indul-a-jelentkezes-a-dobbanto-program-tavaszi-kepzeseire\\\/#primaryimage\",\"url\":\"https:\\\/\\\/seed.hu\\\/wp-content\\\/uploads\\\/2021\\\/04\\\/dobbanto.png\",\"contentUrl\":\"https:\\\/\\\/seed.hu\\\/wp-content\\\/uploads\\\/2021\\\/04\\\/dobbanto.png\",\"width\":773,\"height\":773},{\"@type\":\"BreadcrumbList\",\"@id\":\"https:\\\/\\\/seed.hu\\\/hirek\\\/indul-a-jelentkezes-a-dobbanto-program-tavaszi-kepzeseire\\\/#breadcrumb\",\"itemListElement\":[{\"@type\":\"ListItem\",\"position\":1,\"name\":\"H\u00edrek\",\"item\":\"https:\\\/\\\/seed.hu\\\/hirek\\\/\"},{\"@type\":\"ListItem\",\"position\":2,\"name\":\"Indul a jelentkez\u00e9s a Dobbant\u00f3 Program tavaszi k\u00e9pz\u00e9seire!\"}]},{\"@type\":\"WebSite\",\"@id\":\"https:\\\/\\\/seed.hu\\\/#website\",\"url\":\"https:\\\/\\\/seed.hu\\\/\",\"name\":\"Seed\",\"description\":\"\",\"potentialAction\":[{\"@type\":\"SearchAction\",\"target\":{\"@type\":\"EntryPoint\",\"urlTemplate\":\"https:\\\/\\\/seed.hu\\\/?s={search_term_string}\"},\"query-input\":{\"@type\":\"PropertyValueSpecification\",\"valueRequired\":true,\"valueName\":\"search_term_string\"}}],\"inLanguage\":\"en-US\"}]}<\/script>\n<!-- \/ Yoast SEO plugin. -->","yoast_head_json":{"title":"Indul a jelentkez\u00e9s a Dobbant\u00f3 Program tavaszi k\u00e9pz\u00e9seire! - Seed","robots":{"index":"index","follow":"follow","max-snippet":"max-snippet:-1","max-image-preview":"max-image-preview:large","max-video-preview":"max-video-preview:-1"},"canonical":"https:\/\/seed.hu\/hirek\/indul-a-jelentkezes-a-dobbanto-program-tavaszi-kepzeseire\/","og_locale":"en_US","og_type":"article","og_title":"Indul a jelentkez\u00e9s a Dobbant\u00f3 Program tavaszi k\u00e9pz\u00e9seire! - Seed","og_description":"A 12 napos Dobbant\u00f3 kompetenciafejleszt\u0151 tr\u00e9ning, \u00e9s a m\u00e1r j\u00f3l bev\u00e1lt egynapos \u00fczleti tervez\u00e9s k\u00e9pz\u00e9s mellett k\u00e9tszer f\u00e9lnapos IT k\u00e9pz\u00e9sek is indulnak a Dobbant\u00f3 Program keret\u00e9ben. A Program szakmai egy\u00fcttm\u0171k\u00f6d\u0151 partnere 2010-es ind\u00edt\u00e1sa \u00f3ta, \u00e9s a k\u00e9pz\u00e9sek megval\u00f3s\u00edt\u00f3ja a SEED Kisv\u00e1llalkoz\u00e1s-fejleszt\u00e9si Alap\u00edtv\u00e1ny. A leend\u0151 \u00e9s gyakorl\u00f3 v\u00e1llalkoz\u00f3n\u0151knek sz\u00f3l\u00f3 k\u00e9pz\u00e9sek a v\u00e1llalkoz\u00f3i ismeretek, k\u00e9szs\u00e9gek fejleszt\u00e9s\u00e9ben ny\u00fajtanak [&hellip;]","og_url":"https:\/\/seed.hu\/hirek\/indul-a-jelentkezes-a-dobbanto-program-tavaszi-kepzeseire\/","og_site_name":"Seed","article_modified_time":"2022-01-17T18:53:29+00:00","og_image":[{"width":773,"height":773,"url":"https:\/\/seed.hu\/wp-content\/uploads\/2021\/04\/dobbanto.png","type":"image\/png"}],"twitter_card":"summary_large_image","twitter_misc":{"Est. reading time":"3 minutes"},"schema":{"@context":"https:\/\/schema.org","@graph":[{"@type":"WebPage","@id":"https:\/\/seed.hu\/hirek\/indul-a-jelentkezes-a-dobbanto-program-tavaszi-kepzeseire\/","url":"https:\/\/seed.hu\/hirek\/indul-a-jelentkezes-a-dobbanto-program-tavaszi-kepzeseire\/","name":"Indul a jelentkez\u00e9s a Dobbant\u00f3 Program tavaszi k\u00e9pz\u00e9seire! - Seed","isPartOf":{"@id":"https:\/\/seed.hu\/#website"},"primaryImageOfPage":{"@id":"https:\/\/seed.hu\/hirek\/indul-a-jelentkezes-a-dobbanto-program-tavaszi-kepzeseire\/#primaryimage"},"image":{"@id":"https:\/\/seed.hu\/hirek\/indul-a-jelentkezes-a-dobbanto-program-tavaszi-kepzeseire\/#primaryimage"},"thumbnailUrl":"https:\/\/seed.hu\/wp-content\/uploads\/2021\/04\/dobbanto.png","datePublished":"2019-02-20T13:42:14+00:00","dateModified":"2022-01-17T18:53:29+00:00","breadcrumb":{"@id":"https:\/\/seed.hu\/hirek\/indul-a-jelentkezes-a-dobbanto-program-tavaszi-kepzeseire\/#breadcrumb"},"inLanguage":"en-US","potentialAction":[{"@type":"ReadAction","target":["https:\/\/seed.hu\/hirek\/indul-a-jelentkezes-a-dobbanto-program-tavaszi-kepzeseire\/"]}]},{"@type":"ImageObject","inLanguage":"en-US","@id":"https:\/\/seed.hu\/hirek\/indul-a-jelentkezes-a-dobbanto-program-tavaszi-kepzeseire\/#primaryimage","url":"https:\/\/seed.hu\/wp-content\/uploads\/2021\/04\/dobbanto.png","contentUrl":"https:\/\/seed.hu\/wp-content\/uploads\/2021\/04\/dobbanto.png","width":773,"height":773},{"@type":"BreadcrumbList","@id":"https:\/\/seed.hu\/hirek\/indul-a-jelentkezes-a-dobbanto-program-tavaszi-kepzeseire\/#breadcrumb","itemListElement":[{"@type":"ListItem","position":1,"name":"H\u00edrek","item":"https:\/\/seed.hu\/hirek\/"},{"@type":"ListItem","position":2,"name":"Indul a jelentkez\u00e9s a Dobbant\u00f3 Program tavaszi k\u00e9pz\u00e9seire!"}]},{"@type":"WebSite","@id":"https:\/\/seed.hu\/#website","url":"https:\/\/seed.hu\/","name":"Seed","description":"","potentialAction":[{"@type":"SearchAction","target":{"@type":"EntryPoint","urlTemplate":"https:\/\/seed.hu\/?s={search_term_string}"},"query-input":{"@type":"PropertyValueSpecification","valueRequired":true,"valueName":"search_term_string"}}],"inLanguage":"en-US"}]}},"_links":{"self":[{"href":"https:\/\/seed.hu\/en\/wp-json\/wp\/v2\/hirek\/847","targetHints":{"allow":["GET"]}}],"collection":[{"href":"https:\/\/seed.hu\/en\/wp-json\/wp\/v2\/hirek"}],"about":[{"href":"https:\/\/seed.hu\/en\/wp-json\/wp\/v2\/types\/hirek"}],"wp:featuredmedia":[{"embeddable":true,"href":"https:\/\/seed.hu\/en\/wp-json\/wp\/v2\/media\/335"}],"wp:attachment":[{"href":"https:\/\/seed.hu\/en\/wp-json\/wp\/v2\/media?parent=847"}],"curies":[{"name":"wp","href":"https:\/\/api.w.org\/{rel}","templated":true}]}}