{"id":848,"date":"2019-02-21T14:20:53","date_gmt":"2019-02-21T13:20:53","guid":{"rendered":"https:\/\/seed.hu\/?post_type=hirek&#038;p=848"},"modified":"2022-01-17T19:55:19","modified_gmt":"2022-01-17T18:55:19","slug":"ismet-lehet-jelentkezni-a-12-napos-dobbanto-treningre","status":"publish","type":"hirek","link":"https:\/\/seed.hu\/en\/hirek\/ismet-lehet-jelentkezni-a-12-napos-dobbanto-treningre\/","title":{"rendered":"Ism\u00e9t lehet jelentkezni a 12 napos Dobbant\u00f3 tr\u00e9ningre!"},"content":{"rendered":"<p><a href=\"https:\/\/seed.hu\/szolgaltatasok\/dobbanto\/dobbantologo\/\" rel=\"attachment wp-att-39\"><img loading=\"lazy\" decoding=\"async\" class=\"alignnone wp-image-39 size-full\" src=\"https:\/\/seed.hu\/wp-content\/uploads\/2021\/02\/dobbantologo.jpg\" alt=\"\" width=\"384\" height=\"107\" srcset=\"https:\/\/seed.hu\/wp-content\/uploads\/2021\/02\/dobbantologo.jpg 384w, https:\/\/seed.hu\/wp-content\/uploads\/2021\/02\/dobbantologo-300x84.jpg 300w\" sizes=\"auto, (max-width: 384px) 100vw, 384px\" \/><\/a><\/p>\n<p>A Budapest Bank 2010-ben ind\u00edtotta el a \u201eDobbant\u00f3, Budapest Bank \u2013 p\u00e9nz\u00fcgyekr\u0151l n\u0151knek\u201d programj\u00e1t, amelynek a kezdetekt\u0151l k\u00e9pz\u00e9si partnere a SEED Kisv\u00e1llalkoz\u00e1s-fejleszt\u00e9si Alap\u00edtv\u00e1ny. \u00a0A <a href=\"http:\/\/www.dobbantoprogram.hu\/\" target=\"_blank\" rel=\"noopener\">Dobbant\u00f3 Program <\/a>egyik legfontosabb eleme a 12 napos kompetenciafejleszt\u0151 tr\u00e9ning, ami az elm\u00falt kilenc \u00e9vben k\u00f6zel n\u00e9gysz\u00e1z n\u0151i v\u00e1llalkoz\u00f3nak seg\u00edtett elind\u00edtani \u00e9s fellend\u00edteni megl\u00e9v\u0151 c\u00e9g\u00e9t.<\/p>\n<p><strong>Mi\u00e9rt \u00e9rdemes jelentkezni a tr\u00e9ningre?<\/strong><br \/>\nA Budapest Bank \u00e9s a SEED Kisv\u00e1llalkoz\u00e1s-fejleszt\u00e9si Alap\u00edtv\u00e1ny \u00e1ltal ind\u00edtott Dobbant\u00f3 tr\u00e9ning c\u00e9lja, hogy felv\u00e9rtezze a r\u00e9sztvev\u0151ket azokkal az ismeretekkel, amelyek birtok\u00e1ban tervszer\u0171en, tudatosan ind\u00edthatj\u00e1k el, \u00e9s m\u0171k\u00f6dtethetik v\u00e1llalkoz\u00e1sukat, \u00edgy magabiztosabban \u00e1llhatnak helyt az \u00fczleti vil\u00e1gban.<br \/>\nA 12 napos Dobbant\u00f3 tr\u00e9ning sor\u00e1n a program tapasztalt tr\u00e9nereit\u0151l tanulhatnak t\u00f6bbek k\u00f6z\u00f6tt a v\u00e1llalatok p\u00e9nz\u00fcgyeir\u0151l, marketingj\u00e9r\u0151l, menedzsmentj\u00e9r\u0151l, tov\u00e1bb\u00e1 v\u00e1llalkoz\u00e1sukkal kapcsolatos testreszabott tan\u00e1csokat is kaphatnak. A k\u00e9pz\u00e9s v\u00e9g\u00e9n a r\u00e9sztvev\u0151k elk\u00e9sz\u00edtik saj\u00e1t \u00fczleti terv\u00fcket, amely jelent\u0151s m\u00e9rt\u00e9kben n\u00f6veli az ind\u00edtand\u00f3 vagy fejlesztend\u0151 v\u00e1llalkoz\u00e1s siker\u00e9t, illetve el\u0151seg\u00edti annak p\u00e9nz\u00fcgyi forr\u00e1steremt\u00e9s\u00e9t.<br \/>\nA kor\u00e1bbi tr\u00e9ningek tapasztalataira \u00e9p\u00edtve, a v\u00e1llalkoz\u00f3n\u0151k folyamatosan v\u00e1ltoz\u00f3 ig\u00e9nyeihez alkalmazkodva az \u00faj k\u00e9pz\u00e9sben kiemelt figyelmet ford\u00edtunk a prezent\u00e1ci\u00f3s technik\u00e1k, valamint a digit\u00e1lis kompetencia fejleszt\u00e9s\u00e9re is. A tananyagok hat\u00e9kony elsaj\u00e1t\u00edt\u00e1s\u00e1t wiki alap\u00fa online tud\u00e1sb\u00e1zisunk teszi m\u00e9g hat\u00e9konyabb\u00e1.<\/p>\n<p><strong>Mi v\u00e1rhat\u00f3 tr\u00e9ning sor\u00e1n?<\/strong><br \/>\nA Dobbant\u00f3 tr\u00e9ning egy olyan intenz\u00edv, z\u00e1rt csoportos kompetenciafejleszt\u0151 program, amely 20 v\u00e1llalkoz\u00f3n\u0151 sz\u00e1m\u00e1ra biztos\u00edtja a v\u00e1llalkoz\u00e1suk elind\u00edt\u00e1s\u00e1hoz, fellend\u00edt\u00e9s\u00e9hez, vagy \u00fajrastruktur\u00e1l\u00e1s\u00e1hoz sz\u00fcks\u00e9ges szakmai ismereteket, kompetenci\u00e1kat \u00e9s szeml\u00e9letet.\u00a0 A k\u00e9pz\u00e9s \u00f6tv\u00f6zi a csoportmunk\u00e1k seg\u00edts\u00e9g\u00e9vel el\u00e9rt \u201eegym\u00e1st\u00f3l tanul\u00e1st\u201d, a tr\u00e9nerek \u00e1ltal leadott, \u00e9s az online rendszerben el\u00e9rhet\u0151 tananyagok \u00e1ltal biztos\u00edtott elm\u00e9leti felk\u00e9sz\u00edt\u00e9ssel, illetve a gyakorlati feladatok megold\u00e1s\u00e1n \u00e9s prezent\u00e1l\u00e1s\u00e1n kereszt\u00fcl el\u00e9rt tapasztalati tanul\u00e1ssal. Az el\u0151ad\u00e1sokat a v\u00e1llalkoz\u00e1sfejleszt\u00e9s ter\u00fclet\u00e9n elismert tr\u00e9nerek tartj\u00e1k. A tr\u00e9ning sor\u00e1n a r\u00e9sztvev\u0151knek el kell k\u00e9sz\u00edteni\u00fck (tervezett) v\u00e1llalkoz\u00e1suk \u00fczleti modellj\u00e9t \u00e9s \u00fczleti terv\u00e9t, melyet a csoport el\u0151tt az \u00e1ltaluk v\u00e1lasztott form\u00e1ban prezent\u00e1lnak\u00a0a k\u00e9pz\u00e9s utols\u00f3 k\u00e9t napj\u00e1n.<\/p>\n<p><strong>Id\u0151pontok \u00e9s a k\u00e9pz\u00e9sek tartalma<\/strong><br \/>\nId\u00e9n el\u0151sz\u00f6r a tr\u00e9ning p\u00e9nteki \u00e9s szombati napokon zajlik, p\u00e9ntekenk\u00e9nt 9-t\u0151l 17 \u00f3r\u00e1ig, szombatonk\u00e9nt pedig 9-t\u0151l 16 \u00f3r\u00e1ig.\u00a0Az ett\u0151l elt\u00e9r\u0151 id\u0151pontokat k\u00fcl\u00f6n jelezz\u00fck.<br \/>\nA 2019. m\u00e1rcius 29-\u00e9n kezd\u0151d\u0151 tr\u00e9ningsorozat tematik\u00e1ja:<\/p>\n<p>2019. m\u00e1rcius 29-30. \u00a0\u00a0\u00a0\u00a0\u00a0\u00a0\u00a0\u00a0\u00a0\u00a0\u00a0\u00a0\u00a0\u00a0\u00a0\u00a0\u00a0\u00a0 Ismerked\u00e9s, a bizalom megalapoz\u00e1sa, a v\u00e1llalkoz\u00f3i k\u00e9szs\u00e9gek\u00a0fejleszt\u00e9se<br \/>\n2019. \u00e1prilis 5-6.\u00a0\u00a0\u00a0\u00a0\u00a0\u00a0\u00a0\u00a0\u00a0\u00a0\u00a0\u00a0\u00a0\u00a0\u00a0\u00a0\u00a0\u00a0\u00a0\u00a0\u00a0\u00a0\u00a0\u00a0\u00a0\u00a0\u00a0Kisv\u00e1llalkoz\u00f3i p\u00e9nz\u00fcgyek, tervez\u00e9s, ad\u00f3z\u00e1s, finansz\u00edroz\u00e1s<br \/>\n2019. \u00e1prilis 12-13. \u00a0\u00a0\u00a0\u00a0\u00a0\u00a0\u00a0\u00a0\u00a0\u00a0\u00a0\u00a0\u00a0\u00a0\u00a0\u00a0\u00a0\u00a0\u00a0\u00a0\u00a0 Marketing, online marketing<br \/>\n2019. \u00e1prilis 26-27. \u00a0\u00a0\u00a0\u00a0\u00a0\u00a0\u00a0\u00a0\u00a0\u00a0\u00a0\u00a0\u00a0\u00a0\u00a0\u00a0\u00a0\u00a0\u00a0\u00a0\u00a0 V\u00e1llalkoz\u00e1sok menedzsmentje, Prezent\u00e1ci\u00f3s technik\u00e1k<br \/>\n2019. m\u00e1jus 3-4.\u00a0\u00a0\u00a0\u00a0\u00a0\u00a0\u00a0\u00a0\u00a0\u00a0\u00a0\u00a0\u00a0\u00a0\u00a0\u00a0\u00a0\u00a0\u00a0\u00a0\u00a0\u00a0\u00a0\u00a0\u00a0\u00a0\u00a0V\u00e1llalkoz\u00e1sok menedzsmentje, felk\u00e9sz\u00edt\u00e9s prezent\u00e1ci\u00f3ra<br \/>\n2019. m\u00e1jus 10-11. \u00a0\u00a0\u00a0\u00a0\u00a0 \u00a0\u00a0\u00a0\u00a0\u00a0\u00a0\u00a0\u00a0\u00a0\u00a0\u00a0\u00a0\u00a0\u00a0\u00a0 \u00dczleti tervek prezent\u00e1ci\u00f3ja \u00e9s z\u00e1r\u00e1s<\/p>\n<p><strong>Tr\u00e9nereink<\/strong><br \/>\n<strong>Pot\u00e1pi Rita<\/strong>, a SEED k\u00fcls\u0151 szak\u00e9rt\u0151je, tan\u00e1csad\u00f3, tr\u00e9ner, k\u00f6zszolg\u00e1lati-menedzser szak\u00e9rt\u0151<br \/>\n<strong>Bal\u00e1zs Tibor<\/strong>, a SEED Alap\u00edtv\u00e1ny m\u00f3dszertani szak\u00e9rt\u0151je, kor\u00e1bbi \u00fcgyvezet\u0151je \u00e9s kur\u00e1tora, tan\u00e1csad\u00f3, tr\u00e9ner, m\u00e9rn\u00f6k, tan\u00e1r, k\u00f6zgazd\u00e1sz<br \/>\n<strong>Gy\u00f6rfi Gyula<\/strong>, f\u0151\u00e1ll\u00e1sban vid\u00e9ki k\u00f6zgazd\u00e1sz. Tr\u00e9ner, oktat\u00f3 \u00e9s tan\u00e1csad\u00f3<br \/>\n<strong>dr.Solt\u00e9sz Anik\u00f3<\/strong>, a SEED Alap\u00edtv\u00e1ny kor\u00e1bbi \u00fcgyvezet\u0151je \u00e9s kurat\u00f3riumi eln\u00f6ke, v\u00e1llalkoz\u00e1s-fejleszt\u00e9si szak\u00e9rt\u0151<br \/>\n<strong>dr. N\u00e9meth Zolt\u00e1n<\/strong> (DrPrezi) Enetha Learning Kft., tud\u00e1smenedzsment igazgat\u00f3, prezent\u00e1ci\u00f3s szak\u00e9rt\u0151<br \/>\n<strong>Szab\u00f3 Szilvia<\/strong>, Tailor Marketing&amp;Training \u00fcgyvezet\u0151 igazgat\u00f3, The Impacter marketingvezet\u0151, Responsible Innovation Summit nemzetk\u00f6zi konferencia t\u00e1rsalap\u00edt\u00f3<\/p>\n<p>A k\u00e9pz\u00e9s sor\u00e1n a Budapest Bank szakembere is el\u0151ad\u00e1st tart egy alkalommal a kisv\u00e1llalkoz\u00f3i p\u00e9nz\u00fcgyekr\u0151l \u00e9s hitellehet\u0151s\u00e9gekr\u0151l.<\/p>\n<p><u><strong>A jelentkez\u00e9s menete:<\/strong><\/u><\/p>\n<p><strong>Jelentkez\u00e9s<\/strong><br \/>\nA k\u00e9pz\u00e9sre p\u00e1ly\u00e1zni az <a href=\"https:\/\/dobbanto.seed.hu\/urlap\/jelentkezes-a-2019-es-tavaszi-treningre\" target=\"_blank\" rel=\"noopener\">ezen linken <\/a>el\u00e9rhet\u0151 k\u00e9rd\u0151\u00edv kit\u00f6lt\u00e9s\u00e9vel lehet.<br \/>\nJelentkez\u00e9si hat\u00e1rid\u0151: 2019. m\u00e1rcius 14.<\/p>\n<p><strong>A kiv\u00e1laszt\u00e1s folyamata<\/strong><br \/>\nA p\u00e1ly\u00e1zatok elb\u00edr\u00e1l\u00e1sakor nem a p\u00e1ly\u00e1zatok be\u00e9rkez\u00e9s\u00e9nek sorrendj\u00e9t vessz\u00fck figyelembe! A kiv\u00e1laszt\u00e1s sor\u00e1n a v\u00e1llalkoz\u00e1si \u00f6tlet \u00e9letk\u00e9pess\u00e9g\u00e9t, \u00e1tgondolts\u00e1g\u00e1t, valamint a program \u00e9s a v\u00e1llalkoz\u00f3i l\u00e9t ir\u00e1nti elk\u00f6telezetts\u00e9get is vizsg\u00e1ljuk. Ut\u00f3bbi alatt azt is \u00e9rtj\u00fck, hogy a jelentkez\u0151 v\u00e1llalja, hogy legfeljebb egy napot hi\u00e1nyzik a k\u00e9pz\u00e9sr\u0151l, \u00e9s akkor is csak nagyon indokolt esetben. K\u00e9rj\u00fck, hogy ezeket a d\u00f6nt\u00e9st el\u0151seg\u00edt\u0151 \u2014 \u00e9s a csoportba val\u00f3 beker\u00fcl\u00e9s es\u00e9ly\u00e9t n\u00f6vel\u0151 \u2014 inform\u00e1ci\u00f3kat felt\u00e9tlen\u00fcl ossza meg vel\u00fcnk a jelentkez\u00e9si lap megfelel\u0151 pontj\u00e1ban.<br \/>\n2019. m\u00e1rcius 20-\u00e1n minden p\u00e1ly\u00e1z\u00f3nak k\u00fcld\u00fcnk visszajelz\u00e9st, beker\u00fclt-e a most indul\u00f3 csoport tagjai k\u00f6z\u00e9. Teh\u00e1t eddig az id\u0151pontig, k\u00e9rj\u00fck, hogy hagyj\u00e1k szabadon a k\u00e9pz\u00e9si napokat, illetve ha valakinek van f\u0151\u00e1ll\u00e1sa is, int\u00e9zzen el\u0151re ezekre a d\u00e1tumokra felt\u00e9telesen szabads\u00e1got.<\/p>\n<p><strong>A k\u00e9pz\u00e9s d\u00edja<\/strong><br \/>\nA k\u00e9pz\u00e9s k\u00f6lts\u00e9geihez jelk\u00e9pes 40.000 forint hozz\u00e1j\u00e1rul\u00e1st k\u00e9r\u00fcnk, a tr\u00e9ning tov\u00e1bbi k\u00f6lts\u00e9geit a Budapest Bank finansz\u00edrozza <a href=\"http:\/\/www.dobbantoprogram.hu\/\" target=\"_blank\" rel=\"noopener\">Dobbant\u00f3 Programj\u00e1n <\/a>kereszt\u00fcl. (A k\u00e9pz\u00e9s piaci \u00e1ra kb. 300.000 forint.) A jelentkez\u00e9sek ki\u00e9rt\u00e9kel\u00e9se ut\u00e1n \u2014 amelyr\u0151l e-mail \u00e9rtes\u00edt\u00e9st k\u00fcld\u00fcnk \u2014 az \u00f6nr\u00e9szt a SEED Kisv\u00e1llalkoz\u00e1s-fejleszt\u00e9si Alap\u00edtv\u00e1ny 11702036-20721866 sz\u00e1m\u00fa banksz\u00e1ml\u00e1j\u00e1ra k\u00e9rj\u00fck \u00e1tutalni, a sz\u00e1ml\u00e1t pedig az els\u0151 k\u00e9pz\u00e9si napon adjuk \u00e1t.<br \/>\nA jelentkez\u00e9s a r\u00e9szv\u00e9teli d\u00edj \u00e1tutal\u00e1s\u00e1val v\u00e1lik v\u00e9glegess\u00e9. K\u00e9rj\u00fck, amennyiben a banksz\u00e1mla tulajdonos\u00e1b\u00f3l nem der\u00fcl ki, hogy ki a r\u00e9sztvev\u0151, \u00fagy azt a nevet \u00e9s ad\u00f3sz\u00e1mot adj\u00e1k meg az \u00e1tutal\u00e1s\/befizet\u00e9s k\u00f6zlem\u00e9ny rovat\u00e1ban, aki a k\u00e9pz\u00e9s \u00f6nk\u00f6lts\u00e9gi d\u00edj\u00e1t viselni fogja. Sz\u00e1ml\u00e1t a k\u00e9pz\u00e9sben r\u00e9sztvev\u0151 szem\u00e9ly nev\u00e9re vagy a k\u00e9pz\u00e9s d\u00edj\u00e1t visel\u0151\/elsz\u00e1mol\u00f3 v\u00e1llalkoz\u00e1s nev\u00e9re tudjuk ki\u00e1ll\u00edtani. A sz\u00e1mla ki\u00e1ll\u00edt\u00e1sa nem jelenti a k\u00e9pz\u00e9s k\u00f6lts\u00e9g\u00e9nek automatikus elsz\u00e1molhat\u00f3s\u00e1g\u00e1t, ez\u00e9rt k\u00e9rj\u00fck, hogy e t\u00e1rgyban k\u00f6r\u00fcltekint\u0151en j\u00e1rjanak el! Az \u00e1tutalt \u00f6nk\u00f6lts\u00e9get lemond\u00e1s eset\u00e9n nem tudjuk visszafizetni!<\/p>\n<p><strong>A k\u00e9pz\u00e9s helysz\u00edne<\/strong><br \/>\nMEMO, 1077 Budapest, Wessel\u00e9nyi u. 73.<\/p>\n<p><strong>Tov\u00e1bbi inform\u00e1ci\u00f3<\/strong><br \/>\nA felmer\u00fcl\u0151 k\u00e9rd\u00e9sekre sz\u00edvesen v\u00e1laszolunk:<br \/>\nF\u00e1bi\u00e1n \u00c1gnes: <a href=\"mailto:afabian@seed.hu\">afabian@seed.hu<\/a><\/p>\n","protected":false},"featured_media":335,"menu_order":0,"template":"","meta":{"_acf_changed":false},"class_list":["post-848","hirek","type-hirek","status-publish","has-post-thumbnail","hentry"],"acf":[],"yoast_head":"<!-- This site is optimized with the Yoast SEO plugin v27.4 - https:\/\/yoast.com\/product\/yoast-seo-wordpress\/ -->\n<title>Ism\u00e9t lehet jelentkezni a 12 napos Dobbant\u00f3 tr\u00e9ningre! - Seed<\/title>\n<meta name=\"robots\" content=\"index, follow, max-snippet:-1, max-image-preview:large, max-video-preview:-1\" \/>\n<link rel=\"canonical\" href=\"https:\/\/seed.hu\/hirek\/ismet-lehet-jelentkezni-a-12-napos-dobbanto-treningre\/\" \/>\n<meta property=\"og:locale\" content=\"en_US\" \/>\n<meta property=\"og:type\" content=\"article\" \/>\n<meta property=\"og:title\" content=\"Ism\u00e9t lehet jelentkezni a 12 napos Dobbant\u00f3 tr\u00e9ningre! - Seed\" \/>\n<meta property=\"og:description\" content=\"A Budapest Bank 2010-ben ind\u00edtotta el a \u201eDobbant\u00f3, Budapest Bank \u2013 p\u00e9nz\u00fcgyekr\u0151l n\u0151knek\u201d programj\u00e1t, amelynek a kezdetekt\u0151l k\u00e9pz\u00e9si partnere a SEED Kisv\u00e1llalkoz\u00e1s-fejleszt\u00e9si Alap\u00edtv\u00e1ny. \u00a0A Dobbant\u00f3 Program egyik legfontosabb eleme a 12 napos kompetenciafejleszt\u0151 tr\u00e9ning, ami az elm\u00falt kilenc \u00e9vben k\u00f6zel n\u00e9gysz\u00e1z n\u0151i v\u00e1llalkoz\u00f3nak seg\u00edtett elind\u00edtani \u00e9s fellend\u00edteni megl\u00e9v\u0151 c\u00e9g\u00e9t. Mi\u00e9rt \u00e9rdemes jelentkezni a tr\u00e9ningre? A [&hellip;]\" \/>\n<meta property=\"og:url\" content=\"https:\/\/seed.hu\/hirek\/ismet-lehet-jelentkezni-a-12-napos-dobbanto-treningre\/\" \/>\n<meta property=\"og:site_name\" content=\"Seed\" \/>\n<meta property=\"article:modified_time\" content=\"2022-01-17T18:55:19+00:00\" \/>\n<meta property=\"og:image\" content=\"https:\/\/seed.hu\/wp-content\/uploads\/2021\/04\/dobbanto.png\" \/>\n\t<meta property=\"og:image:width\" content=\"773\" \/>\n\t<meta property=\"og:image:height\" content=\"773\" \/>\n\t<meta property=\"og:image:type\" content=\"image\/png\" \/>\n<meta name=\"twitter:card\" content=\"summary_large_image\" \/>\n<meta name=\"twitter:label1\" content=\"Est. reading time\" \/>\n\t<meta name=\"twitter:data1\" content=\"6 minutes\" \/>\n<script type=\"application\/ld+json\" class=\"yoast-schema-graph\">{\"@context\":\"https:\\\/\\\/schema.org\",\"@graph\":[{\"@type\":\"WebPage\",\"@id\":\"https:\\\/\\\/seed.hu\\\/hirek\\\/ismet-lehet-jelentkezni-a-12-napos-dobbanto-treningre\\\/\",\"url\":\"https:\\\/\\\/seed.hu\\\/hirek\\\/ismet-lehet-jelentkezni-a-12-napos-dobbanto-treningre\\\/\",\"name\":\"Ism\u00e9t lehet jelentkezni a 12 napos Dobbant\u00f3 tr\u00e9ningre! - Seed\",\"isPartOf\":{\"@id\":\"https:\\\/\\\/seed.hu\\\/#website\"},\"primaryImageOfPage\":{\"@id\":\"https:\\\/\\\/seed.hu\\\/hirek\\\/ismet-lehet-jelentkezni-a-12-napos-dobbanto-treningre\\\/#primaryimage\"},\"image\":{\"@id\":\"https:\\\/\\\/seed.hu\\\/hirek\\\/ismet-lehet-jelentkezni-a-12-napos-dobbanto-treningre\\\/#primaryimage\"},\"thumbnailUrl\":\"https:\\\/\\\/seed.hu\\\/wp-content\\\/uploads\\\/2021\\\/04\\\/dobbanto.png\",\"datePublished\":\"2019-02-21T13:20:53+00:00\",\"dateModified\":\"2022-01-17T18:55:19+00:00\",\"breadcrumb\":{\"@id\":\"https:\\\/\\\/seed.hu\\\/hirek\\\/ismet-lehet-jelentkezni-a-12-napos-dobbanto-treningre\\\/#breadcrumb\"},\"inLanguage\":\"en-US\",\"potentialAction\":[{\"@type\":\"ReadAction\",\"target\":[\"https:\\\/\\\/seed.hu\\\/hirek\\\/ismet-lehet-jelentkezni-a-12-napos-dobbanto-treningre\\\/\"]}]},{\"@type\":\"ImageObject\",\"inLanguage\":\"en-US\",\"@id\":\"https:\\\/\\\/seed.hu\\\/hirek\\\/ismet-lehet-jelentkezni-a-12-napos-dobbanto-treningre\\\/#primaryimage\",\"url\":\"https:\\\/\\\/seed.hu\\\/wp-content\\\/uploads\\\/2021\\\/04\\\/dobbanto.png\",\"contentUrl\":\"https:\\\/\\\/seed.hu\\\/wp-content\\\/uploads\\\/2021\\\/04\\\/dobbanto.png\",\"width\":773,\"height\":773},{\"@type\":\"BreadcrumbList\",\"@id\":\"https:\\\/\\\/seed.hu\\\/hirek\\\/ismet-lehet-jelentkezni-a-12-napos-dobbanto-treningre\\\/#breadcrumb\",\"itemListElement\":[{\"@type\":\"ListItem\",\"position\":1,\"name\":\"H\u00edrek\",\"item\":\"https:\\\/\\\/seed.hu\\\/hirek\\\/\"},{\"@type\":\"ListItem\",\"position\":2,\"name\":\"Ism\u00e9t lehet jelentkezni a 12 napos Dobbant\u00f3 tr\u00e9ningre!\"}]},{\"@type\":\"WebSite\",\"@id\":\"https:\\\/\\\/seed.hu\\\/#website\",\"url\":\"https:\\\/\\\/seed.hu\\\/\",\"name\":\"Seed\",\"description\":\"\",\"potentialAction\":[{\"@type\":\"SearchAction\",\"target\":{\"@type\":\"EntryPoint\",\"urlTemplate\":\"https:\\\/\\\/seed.hu\\\/?s={search_term_string}\"},\"query-input\":{\"@type\":\"PropertyValueSpecification\",\"valueRequired\":true,\"valueName\":\"search_term_string\"}}],\"inLanguage\":\"en-US\"}]}<\/script>\n<!-- \/ Yoast SEO plugin. -->","yoast_head_json":{"title":"Ism\u00e9t lehet jelentkezni a 12 napos Dobbant\u00f3 tr\u00e9ningre! - Seed","robots":{"index":"index","follow":"follow","max-snippet":"max-snippet:-1","max-image-preview":"max-image-preview:large","max-video-preview":"max-video-preview:-1"},"canonical":"https:\/\/seed.hu\/hirek\/ismet-lehet-jelentkezni-a-12-napos-dobbanto-treningre\/","og_locale":"en_US","og_type":"article","og_title":"Ism\u00e9t lehet jelentkezni a 12 napos Dobbant\u00f3 tr\u00e9ningre! - Seed","og_description":"A Budapest Bank 2010-ben ind\u00edtotta el a \u201eDobbant\u00f3, Budapest Bank \u2013 p\u00e9nz\u00fcgyekr\u0151l n\u0151knek\u201d programj\u00e1t, amelynek a kezdetekt\u0151l k\u00e9pz\u00e9si partnere a SEED Kisv\u00e1llalkoz\u00e1s-fejleszt\u00e9si Alap\u00edtv\u00e1ny. \u00a0A Dobbant\u00f3 Program egyik legfontosabb eleme a 12 napos kompetenciafejleszt\u0151 tr\u00e9ning, ami az elm\u00falt kilenc \u00e9vben k\u00f6zel n\u00e9gysz\u00e1z n\u0151i v\u00e1llalkoz\u00f3nak seg\u00edtett elind\u00edtani \u00e9s fellend\u00edteni megl\u00e9v\u0151 c\u00e9g\u00e9t. Mi\u00e9rt \u00e9rdemes jelentkezni a tr\u00e9ningre? A [&hellip;]","og_url":"https:\/\/seed.hu\/hirek\/ismet-lehet-jelentkezni-a-12-napos-dobbanto-treningre\/","og_site_name":"Seed","article_modified_time":"2022-01-17T18:55:19+00:00","og_image":[{"width":773,"height":773,"url":"https:\/\/seed.hu\/wp-content\/uploads\/2021\/04\/dobbanto.png","type":"image\/png"}],"twitter_card":"summary_large_image","twitter_misc":{"Est. reading time":"6 minutes"},"schema":{"@context":"https:\/\/schema.org","@graph":[{"@type":"WebPage","@id":"https:\/\/seed.hu\/hirek\/ismet-lehet-jelentkezni-a-12-napos-dobbanto-treningre\/","url":"https:\/\/seed.hu\/hirek\/ismet-lehet-jelentkezni-a-12-napos-dobbanto-treningre\/","name":"Ism\u00e9t lehet jelentkezni a 12 napos Dobbant\u00f3 tr\u00e9ningre! - Seed","isPartOf":{"@id":"https:\/\/seed.hu\/#website"},"primaryImageOfPage":{"@id":"https:\/\/seed.hu\/hirek\/ismet-lehet-jelentkezni-a-12-napos-dobbanto-treningre\/#primaryimage"},"image":{"@id":"https:\/\/seed.hu\/hirek\/ismet-lehet-jelentkezni-a-12-napos-dobbanto-treningre\/#primaryimage"},"thumbnailUrl":"https:\/\/seed.hu\/wp-content\/uploads\/2021\/04\/dobbanto.png","datePublished":"2019-02-21T13:20:53+00:00","dateModified":"2022-01-17T18:55:19+00:00","breadcrumb":{"@id":"https:\/\/seed.hu\/hirek\/ismet-lehet-jelentkezni-a-12-napos-dobbanto-treningre\/#breadcrumb"},"inLanguage":"en-US","potentialAction":[{"@type":"ReadAction","target":["https:\/\/seed.hu\/hirek\/ismet-lehet-jelentkezni-a-12-napos-dobbanto-treningre\/"]}]},{"@type":"ImageObject","inLanguage":"en-US","@id":"https:\/\/seed.hu\/hirek\/ismet-lehet-jelentkezni-a-12-napos-dobbanto-treningre\/#primaryimage","url":"https:\/\/seed.hu\/wp-content\/uploads\/2021\/04\/dobbanto.png","contentUrl":"https:\/\/seed.hu\/wp-content\/uploads\/2021\/04\/dobbanto.png","width":773,"height":773},{"@type":"BreadcrumbList","@id":"https:\/\/seed.hu\/hirek\/ismet-lehet-jelentkezni-a-12-napos-dobbanto-treningre\/#breadcrumb","itemListElement":[{"@type":"ListItem","position":1,"name":"H\u00edrek","item":"https:\/\/seed.hu\/hirek\/"},{"@type":"ListItem","position":2,"name":"Ism\u00e9t lehet jelentkezni a 12 napos Dobbant\u00f3 tr\u00e9ningre!"}]},{"@type":"WebSite","@id":"https:\/\/seed.hu\/#website","url":"https:\/\/seed.hu\/","name":"Seed","description":"","potentialAction":[{"@type":"SearchAction","target":{"@type":"EntryPoint","urlTemplate":"https:\/\/seed.hu\/?s={search_term_string}"},"query-input":{"@type":"PropertyValueSpecification","valueRequired":true,"valueName":"search_term_string"}}],"inLanguage":"en-US"}]}},"_links":{"self":[{"href":"https:\/\/seed.hu\/en\/wp-json\/wp\/v2\/hirek\/848","targetHints":{"allow":["GET"]}}],"collection":[{"href":"https:\/\/seed.hu\/en\/wp-json\/wp\/v2\/hirek"}],"about":[{"href":"https:\/\/seed.hu\/en\/wp-json\/wp\/v2\/types\/hirek"}],"wp:featuredmedia":[{"embeddable":true,"href":"https:\/\/seed.hu\/en\/wp-json\/wp\/v2\/media\/335"}],"wp:attachment":[{"href":"https:\/\/seed.hu\/en\/wp-json\/wp\/v2\/media?parent=848"}],"curies":[{"name":"wp","href":"https:\/\/api.w.org\/{rel}","templated":true}]}}