{"id":849,"date":"2019-02-23T19:29:24","date_gmt":"2019-02-23T18:29:24","guid":{"rendered":"https:\/\/seed.hu\/?post_type=hirek&#038;p=849"},"modified":"2022-01-17T19:56:31","modified_gmt":"2022-01-17T18:56:31","slug":"digitalizacioval-a-kkv-k-versenykepessegeert-kepzes-kezdoknek-es-haladoknak","status":"publish","type":"hirek","link":"https:\/\/seed.hu\/en\/hirek\/digitalizacioval-a-kkv-k-versenykepessegeert-kepzes-kezdoknek-es-haladoknak\/","title":{"rendered":"Digitaliz\u00e1ci\u00f3val a kkv-k versenyk\u00e9pess\u00e9g\u00e9\u00e9rt &#8211; K\u00e9pz\u00e9s kezd\u0151knek \u00e9s halad\u00f3knak"},"content":{"rendered":"<p><a href=\"https:\/\/seed.hu\/szolgaltatasok\/dobbanto\/dobbantologo\/\" rel=\"attachment wp-att-39\"><img loading=\"lazy\" decoding=\"async\" class=\"alignnone wp-image-39 size-full\" src=\"https:\/\/seed.hu\/wp-content\/uploads\/2021\/02\/dobbantologo.jpg\" alt=\"\" width=\"384\" height=\"107\" srcset=\"https:\/\/seed.hu\/wp-content\/uploads\/2021\/02\/dobbantologo.jpg 384w, https:\/\/seed.hu\/wp-content\/uploads\/2021\/02\/dobbantologo-300x84.jpg 300w\" sizes=\"auto, (max-width: 384px) 100vw, 384px\" \/><\/a><\/p>\n<p style=\"text-align: justify; margin: 0cm 0cm 0.0001pt;\"><span style=\"font-size: 12pt;\"><span style=\"font-family: 'Times New Roman',serif;\"><b><span style=\"font-size: 11.0pt;\"><span style=\"font-family: 'Calibri',sans-serif;\">A Budapest Bank Dobbant\u00f3 Programja a SEED Kisv\u00e1llalkoz\u00e1s-fejleszt\u00e9si Alap\u00edtv\u00e1nnyal egy\u00fcttm\u0171k\u00f6d\u00e9sben tavaly ind\u00edtotta el a k\u00e9tszer f\u00e9lnapos, a v\u00e1llalkoz\u00f3k digit\u00e1lis ismereteit elm\u00e9ly\u00edt\u0151 QuickIT k\u00e9pz\u00e9st. A kurzus pozit\u00edv fogadtat\u00e1s\u00e1n felbuzdulva, id\u00e9n tavasszal is meghirdetik a m\u00e9g teljesen<br \/>\nkezd\u0151 \u00e9s a digitaliz\u00e1ci\u00f3ban m\u00e1r alapvet\u0151 j\u00e1rtass\u00e1got szerzett, halad\u00f3 v\u00e1llalkoz\u00f3n\u0151knek.<\/span><\/span><\/b><\/span><\/span><\/p>\n<p style=\"text-align: justify; margin: 0cm 0cm 0.0001pt;\"><span style=\"font-size: 12pt;\"><span style=\"font-family: 'Times New Roman',serif;\"><span style=\"font-size: 11.0pt;\"><span style=\"font-family: 'Calibri',sans-serif;\">Napjaink digitaliz\u00e1l\u00f3d\u00f3 vil\u00e1g\u00e1ban egyetlen v\u00e1llalkoz\u00f3 sem engedheti meg mag\u00e1nak, hogy ne legyen tiszt\u00e1ban ennek a folyamatnak a jelent\u0151s\u00e9g\u00e9vel, ne haszn\u00e1lja, \u00e9s ne alkalmazza v\u00edvm\u00e1nyait. A digitaliz\u00e1ci\u00f3 teljesen \u00e1tsz\u00f6vi a c\u00e9gek mindennapjait, hiszen p\u00e9ld\u00e1ul nagyr\u00e9szt online m\u0171k\u00f6dik m\u00e1r az \u00fcgyint\u00e9z\u00e9s vagy az adatb\u00e1zis- \u00e9s \u00fcgyf\u00e9lkezel\u00e9s is. Az a v\u00e1llalkoz\u00e1s, amelyik ennek ellen\u00e9re nem tulajdon\u00edt k\u00fcl\u00f6n\u00f6sebb jelent\u0151s\u00e9get a digitaliz\u00e1ci\u00f3 folyamat\u00e1nak, j\u00f3 es\u00e9llyel &#8211; ink\u00e1bb el\u0151bb, mint ut\u00f3bb &#8211; versenyh\u00e1tr\u00e1nyba ker\u00fcl versenyt\u00e1rsaival szemben.<\/span><\/span><\/span><\/span><\/p>\n<p class=\"CxSpMiddle\" style=\"text-align: justify;\"><span style=\"font-size: 11.0pt;\"><span style=\"font-family: 'Calibri',sans-serif;\">Ezt a t\u00e9nyt felismerve, a SEED Alap\u00edtv\u00e1ny a <span class=\"MsoHyperlink\" style=\"font-family: 'Times New Roman',serif;\"><span style=\"color: blue;\"><span style=\"text-decoration: underline;\"><span style=\"font-family: 'Calibri',sans-serif;\"><a style=\"font-family: 'Times New Roman',serif; color: blue; text-decoration: underline;\" href=\"http:\/\/www.dobbantoprogram.hu\/\" target=\"_blank\" rel=\"noopener\">Budapest Bank Dobbant\u00f3 Programj\u00e1nak<\/a><\/span><\/span><\/span><\/span> r\u00e9szek\u00e9nt k\u00e9tszer f\u00e9lnapos intenz\u00edv k\u00e9pz\u00e9st ind\u00edtott el tavaly \u0151sszel, amelynek keret\u00e9ben alapvet\u0151 digit\u00e1lis ismereteket adott \u00e1t az \u00e9rdekl\u0151d\u0151 v\u00e1llalkoz\u00f3knak. A k\u00e9pz\u00e9s tanuls\u00e1gait levonva a szervez\u0151k \u00fagy d\u00f6nt\u00f6ttek, hogy az id\u00e9n m\u00e9g ink\u00e1bb a c\u00e9gvezet\u0151 n\u0151k ig\u00e9nyeire szabj\u00e1k a tr\u00e9ninget: k\u00e9t tanfolyamot ind\u00edtanak a jelentkez\u0151k a j\u00e1rtass\u00e1g\u00e1hoz igaz\u00edtva kezd\u0151 \u00e9s halad\u00f3 szinten. Ennek megfelel\u0151en m\u00e1rcius 20-\u00e1n \u00e9s 21-\u00e9n<i> <\/i>a digitaliz\u00e1ci\u00f3 t\u00e9mak\u00f6r\u00e9ben teljesen kezd\u0151, \u00e1prilis 17-\u00e9n \u00e9s 18-\u00e1n pedig a t\u00e9m\u00e1ban j\u00e1ratosabb \u00e9rdekl\u0151d\u0151k sz\u00e1m\u00e1ra hirdeti meg tanfolyamot. A k\u00e9tszer k\u00e9t nap tematik\u00e1ja egym\u00e1sra \u00e9p\u00fcl, lehet\u0151s\u00e9g van mindkett\u0151re jelentkezni.<\/span><\/span><\/p>\n<p><span style=\"font-size: 11.0pt;\"><span style=\"font-family: 'Calibri',sans-serif;\">A k\u00e9pz\u00e9s d\u00edja a r\u00e9sztvev\u0151k sz\u00e1m\u00e1ra 5.000,- Ft + \u00c1FA, a tov\u00e1bbi k\u00f6lts\u00e9geket a Dobbant\u00f3 Program finansz\u00edrozza.<\/span><\/span><\/p>\n<p><span style=\"font-size: 11.0pt;\"><span style=\"font-family: 'Calibri',sans-serif;\">Jelentkez\u00e9si hat\u00e1rid\u0151 a kezd\u0151 k\u00e9pz\u00e9sre: 2019. m\u00e1rcius 11.<\/span><\/span><br \/>\n<span style=\"font-size: 11.0pt;\"><span style=\"font-family: 'Calibri',sans-serif;\">Jelentkez\u00e9si hat\u00e1rid\u0151 a halad\u00f3 k\u00e9pz\u00e9sre: 2019. \u00e1prilis 8.<\/span><\/span><\/p>\n<p><span style=\"font-size: 11.0pt;\"><span style=\"font-family: 'Calibri',sans-serif;\">Jelentkez\u00e9si fel\u00fclet <span class=\"MsoHyperlink\" style=\"font-family: 'Times New Roman',serif;\"><span style=\"color: blue;\"><span style=\"text-decoration: underline;\"><span style=\"font-family: 'Calibri',sans-serif;\"><a style=\"font-family: 'Times New Roman',serif; color: blue; text-decoration: underline;\" href=\"https:\/\/dobbanto.seed.hu\/urlap\/jelentkezes-quickit-kepzesre\" target=\"_blank\" rel=\"noopener\">itt<\/a><\/span><\/span><\/span><\/span> \u00e9rhet\u0151 el.<\/span><\/span><\/p>\n","protected":false},"featured_media":335,"menu_order":0,"template":"","meta":{"_acf_changed":false},"class_list":["post-849","hirek","type-hirek","status-publish","has-post-thumbnail","hentry"],"acf":[],"yoast_head":"<!-- This site is optimized with the Yoast SEO plugin v27.4 - https:\/\/yoast.com\/product\/yoast-seo-wordpress\/ -->\n<title>Digitaliz\u00e1ci\u00f3val a kkv-k versenyk\u00e9pess\u00e9g\u00e9\u00e9rt - K\u00e9pz\u00e9s kezd\u0151knek \u00e9s halad\u00f3knak - Seed<\/title>\n<meta name=\"robots\" content=\"index, follow, max-snippet:-1, max-image-preview:large, max-video-preview:-1\" \/>\n<link rel=\"canonical\" href=\"https:\/\/seed.hu\/hirek\/digitalizacioval-a-kkv-k-versenykepessegeert-kepzes-kezdoknek-es-haladoknak\/\" \/>\n<meta property=\"og:locale\" content=\"en_US\" \/>\n<meta property=\"og:type\" content=\"article\" \/>\n<meta property=\"og:title\" content=\"Digitaliz\u00e1ci\u00f3val a kkv-k versenyk\u00e9pess\u00e9g\u00e9\u00e9rt - K\u00e9pz\u00e9s kezd\u0151knek \u00e9s halad\u00f3knak - Seed\" \/>\n<meta property=\"og:description\" content=\"A Budapest Bank Dobbant\u00f3 Programja a SEED Kisv\u00e1llalkoz\u00e1s-fejleszt\u00e9si Alap\u00edtv\u00e1nnyal egy\u00fcttm\u0171k\u00f6d\u00e9sben tavaly ind\u00edtotta el a k\u00e9tszer f\u00e9lnapos, a v\u00e1llalkoz\u00f3k digit\u00e1lis ismereteit elm\u00e9ly\u00edt\u0151 QuickIT k\u00e9pz\u00e9st. A kurzus pozit\u00edv fogadtat\u00e1s\u00e1n felbuzdulva, id\u00e9n tavasszal is meghirdetik a m\u00e9g teljesen kezd\u0151 \u00e9s a digitaliz\u00e1ci\u00f3ban m\u00e1r alapvet\u0151 j\u00e1rtass\u00e1got szerzett, halad\u00f3 v\u00e1llalkoz\u00f3n\u0151knek. Napjaink digitaliz\u00e1l\u00f3d\u00f3 vil\u00e1g\u00e1ban egyetlen v\u00e1llalkoz\u00f3 sem engedheti meg mag\u00e1nak, hogy [&hellip;]\" \/>\n<meta property=\"og:url\" content=\"https:\/\/seed.hu\/hirek\/digitalizacioval-a-kkv-k-versenykepessegeert-kepzes-kezdoknek-es-haladoknak\/\" \/>\n<meta property=\"og:site_name\" content=\"Seed\" \/>\n<meta property=\"article:modified_time\" content=\"2022-01-17T18:56:31+00:00\" \/>\n<meta property=\"og:image\" content=\"https:\/\/seed.hu\/wp-content\/uploads\/2021\/04\/dobbanto.png\" \/>\n\t<meta property=\"og:image:width\" content=\"773\" \/>\n\t<meta property=\"og:image:height\" content=\"773\" \/>\n\t<meta property=\"og:image:type\" content=\"image\/png\" \/>\n<meta name=\"twitter:card\" content=\"summary_large_image\" \/>\n<meta name=\"twitter:label1\" content=\"Est. reading time\" \/>\n\t<meta name=\"twitter:data1\" content=\"2 minutes\" \/>\n<script type=\"application\/ld+json\" class=\"yoast-schema-graph\">{\"@context\":\"https:\\\/\\\/schema.org\",\"@graph\":[{\"@type\":\"WebPage\",\"@id\":\"https:\\\/\\\/seed.hu\\\/hirek\\\/digitalizacioval-a-kkv-k-versenykepessegeert-kepzes-kezdoknek-es-haladoknak\\\/\",\"url\":\"https:\\\/\\\/seed.hu\\\/hirek\\\/digitalizacioval-a-kkv-k-versenykepessegeert-kepzes-kezdoknek-es-haladoknak\\\/\",\"name\":\"Digitaliz\u00e1ci\u00f3val a kkv-k versenyk\u00e9pess\u00e9g\u00e9\u00e9rt - K\u00e9pz\u00e9s kezd\u0151knek \u00e9s halad\u00f3knak - Seed\",\"isPartOf\":{\"@id\":\"https:\\\/\\\/seed.hu\\\/#website\"},\"primaryImageOfPage\":{\"@id\":\"https:\\\/\\\/seed.hu\\\/hirek\\\/digitalizacioval-a-kkv-k-versenykepessegeert-kepzes-kezdoknek-es-haladoknak\\\/#primaryimage\"},\"image\":{\"@id\":\"https:\\\/\\\/seed.hu\\\/hirek\\\/digitalizacioval-a-kkv-k-versenykepessegeert-kepzes-kezdoknek-es-haladoknak\\\/#primaryimage\"},\"thumbnailUrl\":\"https:\\\/\\\/seed.hu\\\/wp-content\\\/uploads\\\/2021\\\/04\\\/dobbanto.png\",\"datePublished\":\"2019-02-23T18:29:24+00:00\",\"dateModified\":\"2022-01-17T18:56:31+00:00\",\"breadcrumb\":{\"@id\":\"https:\\\/\\\/seed.hu\\\/hirek\\\/digitalizacioval-a-kkv-k-versenykepessegeert-kepzes-kezdoknek-es-haladoknak\\\/#breadcrumb\"},\"inLanguage\":\"en-US\",\"potentialAction\":[{\"@type\":\"ReadAction\",\"target\":[\"https:\\\/\\\/seed.hu\\\/hirek\\\/digitalizacioval-a-kkv-k-versenykepessegeert-kepzes-kezdoknek-es-haladoknak\\\/\"]}]},{\"@type\":\"ImageObject\",\"inLanguage\":\"en-US\",\"@id\":\"https:\\\/\\\/seed.hu\\\/hirek\\\/digitalizacioval-a-kkv-k-versenykepessegeert-kepzes-kezdoknek-es-haladoknak\\\/#primaryimage\",\"url\":\"https:\\\/\\\/seed.hu\\\/wp-content\\\/uploads\\\/2021\\\/04\\\/dobbanto.png\",\"contentUrl\":\"https:\\\/\\\/seed.hu\\\/wp-content\\\/uploads\\\/2021\\\/04\\\/dobbanto.png\",\"width\":773,\"height\":773},{\"@type\":\"BreadcrumbList\",\"@id\":\"https:\\\/\\\/seed.hu\\\/hirek\\\/digitalizacioval-a-kkv-k-versenykepessegeert-kepzes-kezdoknek-es-haladoknak\\\/#breadcrumb\",\"itemListElement\":[{\"@type\":\"ListItem\",\"position\":1,\"name\":\"H\u00edrek\",\"item\":\"https:\\\/\\\/seed.hu\\\/hirek\\\/\"},{\"@type\":\"ListItem\",\"position\":2,\"name\":\"Digitaliz\u00e1ci\u00f3val a kkv-k versenyk\u00e9pess\u00e9g\u00e9\u00e9rt &#8211; K\u00e9pz\u00e9s kezd\u0151knek \u00e9s halad\u00f3knak\"}]},{\"@type\":\"WebSite\",\"@id\":\"https:\\\/\\\/seed.hu\\\/#website\",\"url\":\"https:\\\/\\\/seed.hu\\\/\",\"name\":\"Seed\",\"description\":\"\",\"potentialAction\":[{\"@type\":\"SearchAction\",\"target\":{\"@type\":\"EntryPoint\",\"urlTemplate\":\"https:\\\/\\\/seed.hu\\\/?s={search_term_string}\"},\"query-input\":{\"@type\":\"PropertyValueSpecification\",\"valueRequired\":true,\"valueName\":\"search_term_string\"}}],\"inLanguage\":\"en-US\"}]}<\/script>\n<!-- \/ Yoast SEO plugin. -->","yoast_head_json":{"title":"Digitaliz\u00e1ci\u00f3val a kkv-k versenyk\u00e9pess\u00e9g\u00e9\u00e9rt - K\u00e9pz\u00e9s kezd\u0151knek \u00e9s halad\u00f3knak - Seed","robots":{"index":"index","follow":"follow","max-snippet":"max-snippet:-1","max-image-preview":"max-image-preview:large","max-video-preview":"max-video-preview:-1"},"canonical":"https:\/\/seed.hu\/hirek\/digitalizacioval-a-kkv-k-versenykepessegeert-kepzes-kezdoknek-es-haladoknak\/","og_locale":"en_US","og_type":"article","og_title":"Digitaliz\u00e1ci\u00f3val a kkv-k versenyk\u00e9pess\u00e9g\u00e9\u00e9rt - K\u00e9pz\u00e9s kezd\u0151knek \u00e9s halad\u00f3knak - Seed","og_description":"A Budapest Bank Dobbant\u00f3 Programja a SEED Kisv\u00e1llalkoz\u00e1s-fejleszt\u00e9si Alap\u00edtv\u00e1nnyal egy\u00fcttm\u0171k\u00f6d\u00e9sben tavaly ind\u00edtotta el a k\u00e9tszer f\u00e9lnapos, a v\u00e1llalkoz\u00f3k digit\u00e1lis ismereteit elm\u00e9ly\u00edt\u0151 QuickIT k\u00e9pz\u00e9st. A kurzus pozit\u00edv fogadtat\u00e1s\u00e1n felbuzdulva, id\u00e9n tavasszal is meghirdetik a m\u00e9g teljesen kezd\u0151 \u00e9s a digitaliz\u00e1ci\u00f3ban m\u00e1r alapvet\u0151 j\u00e1rtass\u00e1got szerzett, halad\u00f3 v\u00e1llalkoz\u00f3n\u0151knek. Napjaink digitaliz\u00e1l\u00f3d\u00f3 vil\u00e1g\u00e1ban egyetlen v\u00e1llalkoz\u00f3 sem engedheti meg mag\u00e1nak, hogy [&hellip;]","og_url":"https:\/\/seed.hu\/hirek\/digitalizacioval-a-kkv-k-versenykepessegeert-kepzes-kezdoknek-es-haladoknak\/","og_site_name":"Seed","article_modified_time":"2022-01-17T18:56:31+00:00","og_image":[{"width":773,"height":773,"url":"https:\/\/seed.hu\/wp-content\/uploads\/2021\/04\/dobbanto.png","type":"image\/png"}],"twitter_card":"summary_large_image","twitter_misc":{"Est. reading time":"2 minutes"},"schema":{"@context":"https:\/\/schema.org","@graph":[{"@type":"WebPage","@id":"https:\/\/seed.hu\/hirek\/digitalizacioval-a-kkv-k-versenykepessegeert-kepzes-kezdoknek-es-haladoknak\/","url":"https:\/\/seed.hu\/hirek\/digitalizacioval-a-kkv-k-versenykepessegeert-kepzes-kezdoknek-es-haladoknak\/","name":"Digitaliz\u00e1ci\u00f3val a kkv-k versenyk\u00e9pess\u00e9g\u00e9\u00e9rt - K\u00e9pz\u00e9s kezd\u0151knek \u00e9s halad\u00f3knak - Seed","isPartOf":{"@id":"https:\/\/seed.hu\/#website"},"primaryImageOfPage":{"@id":"https:\/\/seed.hu\/hirek\/digitalizacioval-a-kkv-k-versenykepessegeert-kepzes-kezdoknek-es-haladoknak\/#primaryimage"},"image":{"@id":"https:\/\/seed.hu\/hirek\/digitalizacioval-a-kkv-k-versenykepessegeert-kepzes-kezdoknek-es-haladoknak\/#primaryimage"},"thumbnailUrl":"https:\/\/seed.hu\/wp-content\/uploads\/2021\/04\/dobbanto.png","datePublished":"2019-02-23T18:29:24+00:00","dateModified":"2022-01-17T18:56:31+00:00","breadcrumb":{"@id":"https:\/\/seed.hu\/hirek\/digitalizacioval-a-kkv-k-versenykepessegeert-kepzes-kezdoknek-es-haladoknak\/#breadcrumb"},"inLanguage":"en-US","potentialAction":[{"@type":"ReadAction","target":["https:\/\/seed.hu\/hirek\/digitalizacioval-a-kkv-k-versenykepessegeert-kepzes-kezdoknek-es-haladoknak\/"]}]},{"@type":"ImageObject","inLanguage":"en-US","@id":"https:\/\/seed.hu\/hirek\/digitalizacioval-a-kkv-k-versenykepessegeert-kepzes-kezdoknek-es-haladoknak\/#primaryimage","url":"https:\/\/seed.hu\/wp-content\/uploads\/2021\/04\/dobbanto.png","contentUrl":"https:\/\/seed.hu\/wp-content\/uploads\/2021\/04\/dobbanto.png","width":773,"height":773},{"@type":"BreadcrumbList","@id":"https:\/\/seed.hu\/hirek\/digitalizacioval-a-kkv-k-versenykepessegeert-kepzes-kezdoknek-es-haladoknak\/#breadcrumb","itemListElement":[{"@type":"ListItem","position":1,"name":"H\u00edrek","item":"https:\/\/seed.hu\/hirek\/"},{"@type":"ListItem","position":2,"name":"Digitaliz\u00e1ci\u00f3val a kkv-k versenyk\u00e9pess\u00e9g\u00e9\u00e9rt &#8211; K\u00e9pz\u00e9s kezd\u0151knek \u00e9s halad\u00f3knak"}]},{"@type":"WebSite","@id":"https:\/\/seed.hu\/#website","url":"https:\/\/seed.hu\/","name":"Seed","description":"","potentialAction":[{"@type":"SearchAction","target":{"@type":"EntryPoint","urlTemplate":"https:\/\/seed.hu\/?s={search_term_string}"},"query-input":{"@type":"PropertyValueSpecification","valueRequired":true,"valueName":"search_term_string"}}],"inLanguage":"en-US"}]}},"_links":{"self":[{"href":"https:\/\/seed.hu\/en\/wp-json\/wp\/v2\/hirek\/849","targetHints":{"allow":["GET"]}}],"collection":[{"href":"https:\/\/seed.hu\/en\/wp-json\/wp\/v2\/hirek"}],"about":[{"href":"https:\/\/seed.hu\/en\/wp-json\/wp\/v2\/types\/hirek"}],"wp:featuredmedia":[{"embeddable":true,"href":"https:\/\/seed.hu\/en\/wp-json\/wp\/v2\/media\/335"}],"wp:attachment":[{"href":"https:\/\/seed.hu\/en\/wp-json\/wp\/v2\/media?parent=849"}],"curies":[{"name":"wp","href":"https:\/\/api.w.org\/{rel}","templated":true}]}}