{"id":851,"date":"2019-02-28T21:31:21","date_gmt":"2019-02-28T20:31:21","guid":{"rendered":"https:\/\/seed.hu\/?post_type=hirek&#038;p=851"},"modified":"2022-01-17T19:59:42","modified_gmt":"2022-01-17T18:59:42","slug":"noi-peldakepek-noi-vallalkozoknak","status":"publish","type":"hirek","link":"https:\/\/seed.hu\/en\/hirek\/noi-peldakepek-noi-vallalkozoknak\/","title":{"rendered":"N\u0151i p\u00e9ldak\u00e9pek n\u0151i v\u00e1llalkoz\u00f3knak"},"content":{"rendered":"<p><img loading=\"lazy\" decoding=\"async\" src=\"https:\/\/seed.hu\/files\/attachments\/inline\/seed.png\" alt=\"\" width=\"243\" height=\"200\" \/><img loading=\"lazy\" decoding=\"async\" src=\"https:\/\/seed.hu\/files\/attachments\/inline\/pwa.jpg\" alt=\"\" width=\"263\" height=\"263\" \/><\/p>\n<p><strong>Sajt\u00f3k\u00f6zlem\u00e9ny\u00a0\u00a0\u00a0\u00a0\u00a0\u00a0\u00a0\u00a0\u00a0\u00a0\u00a0\u00a0\u00a0\u00a0\u00a0\u00a0\u00a0\u00a0\u00a0\u00a0\u00a0\u00a0\u00a0\u00a0\u00a0\u00a0\u00a0\u00a0\u00a0\u00a0\u00a0\u00a0\u00a0\u00a0\u00a0\u00a0\u00a0\u00a0\u00a0\u00a0\u00a0\u00a0\u00a0\u00a0\u00a0\u00a0\u00a0\u00a0\u00a0\u00a0\u00a0\u00a0\u00a0\u00a0 \u00a0\u00a0\u00a0\u00a0\u00a0 \u00a0Kiadta: SEED Alap\u00edtv\u00e1ny, 2019. 02. 28.<\/strong><\/p>\n<p><span style=\"font-size: 22px;\"><strong>N\u0151i p\u00e9ldak\u00e9pek n\u0151i v\u00e1llalkoz\u00f3knak<\/strong><\/span><\/p>\n<p><strong><span style=\"font-size: 14px;\">A n\u0151k gazdas\u00e1gi \u00e9letben t\u00f6rt\u00e9n\u0151 \u00e9rv\u00e9nyes\u00fcl\u00e9s\u00e9t t\u00e1mogat\u00f3\u00a0Professional Women\u2019s Association (PWA) \u2013 Sikeres N\u0151k Egyes\u00fclete \u00e9s az els\u0151sorban n\u0151i v\u00e1llalkoz\u00e1sok fejleszt\u00e9s\u00e9vel foglalkoz\u00f3 SEED Kisv\u00e1llalkoz\u00e1s-fejleszt\u00e9si Alap\u00edtv\u00e1ny a \u201eDigit\u00e1lis Startup Strat\u00e9gia n\u0151i v\u00e1llalkoz\u00e1sok fejleszt\u00e9s\u00e9re vonatkoz\u00f3 elemeinek fejleszt\u00e9s\u00e9t szolg\u00e1l\u00f3 mintaprojekt\u201d-j\u00e9nek t\u00e1mogat\u00e1s\u00e1ra, \u00e9s a vele val\u00f3 egy\u00fcttm\u0171k\u00f6d\u00e9sben p\u00e1ly\u00e1zatot hirdetett 2018 legsikeresebb n\u0151i v\u00e1llalkoz\u00f3inak (v\u00e1llalkoz\u00e1sainak), n\u0151i vezet\u0151inek megtal\u00e1l\u00e1s\u00e1ra, valamint a leginspir\u00e1l\u00f3bb n\u0151i sikert\u00f6rt\u00e9net kiv\u00e1laszt\u00e1s\u00e1ra. A p\u00e1ly\u00e1zatok k\u00f6z\u00fcl febru\u00e1r v\u00e9g\u00e9n v\u00e1lasztotta ki a zs\u0171ri a nyerteseket.<\/span><\/strong><\/p>\n<p>Nagyon fontos, hogy a gazdas\u00e1g sz\u00e1m\u00e1ra komoly potenci\u00e1lt k\u00e9pvisel\u0151 n\u0151k min\u00e9l t\u00f6bben kezdjenek el v\u00e1llalkozni, illetve min\u00e9l t\u00f6bben d\u00f6ntsenek v\u00e1llalkoz\u00e1suk fenntart\u00e1sa, tov\u00e1bbvitele mellett. A korm\u00e1nyzat a Digit\u00e1lis J\u00f3l\u00e9t Program\u00a0 keret\u00e9ben d\u00f6nt\u00f6tt arr\u00f3l, hogy a n\u0151i v\u00e1llalkoz\u00f3k k\u00f6r\u00e9ben n\u00e9pszer\u0171s\u00edti a v\u00e1llalkoz\u00f3i gondolatot, er\u0151s\u00edti a v\u00e1llalkoz\u00f3i szellemet. Erre a feladatra a SEED Alap\u00edtv\u00e1nyt k\u00e9rte fel. \u00a0Az nem k\u00e9rd\u00e9s, hogy a j\u00f3 p\u00e9ld\u00e1k, a sikeres n\u0151k bemutat\u00e1sa \u00f6szt\u00f6nz\u0151leg hat a v\u00e1llalkoz\u00e1st tervez\u0151 vagy v\u00e1llalkoz\u00e1st fenntart\u00f3 h\u00f6lgyek sz\u00e1m\u00e1ra saj\u00e1t v\u00e1llalkoz\u00e1suk \u00e9rt\u00e9kel\u00e9sekor. Ez\u00e9rt a SEED Alap\u00edtv\u00e1ny sz\u00e1mos egy\u00e9b javaslat mellett a p\u00e9ldak\u00e9pek bemutat\u00e1s\u00e1t is nagyon fontosnak tartotta, s javaslatot tett arra, hogy ez legyen a n\u0151i v\u00e1llalkoz\u00f3i szellem er\u0151s\u00edt\u00e9s\u00e9re vonatkoz\u00f3 mintaprojekt.<\/p>\n<p>A SEED Alap\u00edtv\u00e1ny a n\u0151i v\u00e1llalkoz\u00f3k k\u00f6r\u00e9ben ismert \u00e9s a n\u0151i v\u00e1llalkoz\u00f3kat j\u00f3l ismer\u0151 Professional Women\u2019s Association-nel k\u00f6z\u00f6sen \u00edrta ki \u00a0a h\u00e1rom elemb\u0151l \u00e1ll\u00f3 p\u00e1ly\u00e1zatot. Kerest\u00e9k 2018 legsikeresebb n\u0151i v\u00e1llalkoz\u00f3j\u00e1t (v\u00e1llalkoz\u00e1s\u00e1t), legsikeresebb n\u0151i vezet\u0151j\u00e9t \u00e9s leginspir\u00e1l\u00f3bb n\u0151i sikert\u00f6rt\u00e9net\u00e9t. A felh\u00edv\u00e1sra az el\u0151bbi felsorol\u00e1s sorrendj\u00e9ben 18, 4, illetve 22 p\u00e1ly\u00e1zatot ny\u00fajtottak be a h\u00f6lgyek.<\/p>\n<p><em>A p\u00e1ly\u00e1zatok k\u00f6z\u00fcl h\u00e9t tag\u00fa zs\u0171ri v\u00e1lasztotta ki a gy\u0151zteseket. A zs\u0171ri tagjai:<\/em><br \/>\nKatona Melinda PWA, eln\u00f6k<br \/>\nLakatosn\u00e9 Luk\u00e1cs Zsuzsanna SEED Alap\u00edtv\u00e1ny, \u00fcgyvezet\u0151 igazgat\u00f3<br \/>\nSzikszay Zsuzsa Community Impact Manager, United Way Hungary<br \/>\nKiss Aranka szervezetfejleszt\u0151, pszichol\u00f3gus<br \/>\nSzab\u00f3 Andrea projektmenedzser, BPM tan\u00e1csad\u00f3,<br \/>\nSo\u00f3s Viola HR szak\u00e9rt\u0151<\/p>\n<p><strong>2018. Legsikeresebb n\u0151i v\u00e1llalkoz\u00f3ja: Nagy Anna<\/strong>, az Egysz\u00fcl\u0151s K\u00f6zpont meg\u00e1lmod\u00f3ja \u00e9s vezet\u0151je.<br \/>\n\u201c2005-ben, amikor l\u00e9trehoztam az Egyed\u00fcl\u00e1ll\u00f3 Sz\u00fcl\u0151k Klubja Alap\u00edtv\u00e1nyt, a fiam m\u00e9g csak n\u00e9gy\u00e9ves volt, \u00e9n pedig valamivel kor\u00e1bban lettem egyed\u00fcl nevel\u0151 sz\u00fcl\u0151. Sokan nem \u00e9rtett\u00e9k, hogy mi\u00e9rt kell err\u0151l besz\u00e9lni, m\u00e9g akkor sem, amikor megtudt\u00e1k, hogy 300 ezer hozz\u00e1m hasonl\u00f3 sz\u00fcl\u0151 \u00e9l Magyarorsz\u00e1gon, akik \u00f6sszesen t\u00f6bb mint f\u00e9lmilli\u00f3 gyereket nevelnek egyed\u00fcl. Hossz\u00fa \u00e9vek teltek el, am\u00edg \u00f6nk\u00e9ntesk\u00e9nt, m\u00e1s \u00f6nk\u00e9ntesekkel k\u00f6z\u00f6sen igyekezt\u00fcnk seg\u00edteni, ahol lehetett \u00e9s minden f\u00f3rumon, ahova bejutottunk, elmondtuk, hogy sz\u00fcks\u00e9g lenne egy helyre, egy egysz\u00fcl\u0151s k\u00f6zpontra, ahova ezek a nagyon kem\u00e9ny munk\u00e1t v\u00e9gz\u0151 sz\u00fcl\u0151k elj\u00f6hetn\u00e9nek, seg\u00edts\u00e9get, t\u00e1mogat\u00e1st, k\u00f6z\u00f6ss\u00e9get tal\u00e1ln\u00e1nak.<\/p>\n<p>Az Egysz\u00fcl\u0151s K\u00f6zpont megnyit\u00e1sa \u00f3ta \u2013 vagyis az elm\u00falt nyolc h\u00f3napban \u2013 kb. 3000 egysz\u00fcl\u0151s csal\u00e1dnak \u2013 sz\u00fcl\u0151knek \u00e9s gyerekeknek \u2013 ny\u00fajtott t\u00e1mogat\u00e1st, seg\u00edts\u00e9get, programot.<\/p>\n<p><strong>2018. Legsikeresebb n\u0151i vezet\u0151je: \u00d3nodi \u00c1gnes<\/strong>, Babahordoz\u00f3 Kft.<br \/>\n\u201c39 \u00e9vesen egy (m\u00e1r t\u00edz \u00e9ve) j\u00f3l m\u0171k\u00f6d\u0151 Kft. vezet\u0151je voltam. Tizen\u00f6t \u00e9desanya dolgozik a c\u00e9gben, amit a t\u00e1rsammal \u00e9s az\u00f3ta m\u00e1r bar\u00e1tn\u0151mmel alap\u00edtottunk (a SEED Alap\u00edtv\u00e1ny gy\u00f6ng\u00e9d \u00e9s hat\u00e9kony t\u00e1mogat\u00e1s\u00e1val). Mind a tizen\u00f6ten kisgyerekek mellett, r\u00e9szmunkaid\u0151ben dolgozunk, tizen\u00f6t\u00fcnknek \u00f6sszesen harminchat gyereke van. A munkahely, amit teremtett\u00fcnk \u00e1llamilag is (t\u00f6bbsz\u00f6r\u00f6sen is) elismert csal\u00e1dbar\u00e1t munkahely.<\/p>\n<p>Az\u00e9rt csak voltam vezet\u0151, mert a t\u00e1rsammal, Szab\u00f3 Ver\u00e1val 2017 december\u00e9ben \u00fagy d\u00f6nt\u00f6tt\u00fcnk, hogy v\u00e1ltoztatunk a t\u00e1rsas\u00e1gunk m\u0171k\u00f6d\u00e9si m\u00f3dj\u00e1n: lemondunk a f\u0151n\u00f6ks\u00e9gr\u0151l, \u00e9s nem is adjuk azt \u00e1t m\u00e1snak. Szervezet\u00fcnket teljesen \u00f6nszervez\u0151d\u00e9sre \u00e9s bizalomra alapul\u00f3, hierarchiamentes szervezett\u00e9 alak\u00edtjuk \u00e1t. Az\u00f3ta nem vagyunk vezet\u0151k, mert nincsen vezet\u0151nk. \u00c9n is egy vagyok a tizen\u00f6tb\u0151l.\u201d<\/p>\n<p><strong>2018. Leginspir\u00e1l\u00f3bb sikert\u00f6rt\u00e9nete: Palya Bea<\/strong>, az els\u0151 magyar n\u0151i \u00e9nekes-dalszerz\u0151<br \/>\n\u201c\u00cdrtam h\u00e1t szabadon, arr\u00f3l, ami mozgatott: a gener\u00e1ci\u00f3s l\u00e1ncban l\u00e9v\u0151 er\u0151r\u0151l, arr\u00f3l, mit hagytak r\u00e1nk az \u0151seink \u00e9s lehet-e ezen v\u00e1ltoztatni, anyaviszonyr\u00f3l, apaviszonyr\u00f3l, pozit\u00edv \u00e9s negat\u00edv testk\u00e9pr\u0151l, fl\u00f6rtr\u0151l, exekr\u0151l, beavat\u00f3d\u00e1sr\u00f3l, szexualit\u00e1sr\u00f3l, a szavak n\u00e9lk\u00fcli \u00e9rz\u00e9ki viszonyr\u00f3l, amely k\u00e9t szerelmest, vagy ak\u00e1r sz\u00fcl\u0151t \u00e9s gyermeket k\u00f6t \u00f6ssze, \u00edrtam sz\u00fcl\u00e9sr\u0151l, sz\u00fclet\u00e9sr\u0151l, \u00e9letr\u0151l \u00e9s hal\u00e1lr\u00f3l, p\u00e1rtal\u00e1l\u00e1sr\u00f3l \u00e9s v\u00e1l\u00e1sr\u00f3l, tal\u00e1lkoz\u00e1sr\u00f3l \u00e9s elv\u00e1l\u00e1sr\u00f3l.<\/p>\n<p>Ezek nemcsak n\u0151i t\u00e9m\u00e1k, ezek egyetemes, emberi t\u00e9m\u00e1k, n\u0151i n\u00e9z\u0151pontb\u00f3l meg\u00edrva. Ennek a n\u0151i n\u00e9z\u0151pontnak, ennek a testi \u00e9lm\u00e9nyekt\u0151l \u00e1titatott dalszerz\u00e9snek nagyon is helye van. Nem a f\u00e9rfiak \u00e1ltal \u00edrt dalok helyett \u2013 hanem mell\u00e9j\u00fck.<\/p>\n<p>Az \u00e9n munk\u00e1m nem a vagy-r\u00f3l sz\u00f3l, hanem az \u00e9s-r\u0151l, f\u00e9rfi \u00c9S n\u0151 egy\u00fcttm\u0171k\u00f6d\u00e9s\u00e9r\u0151l sz\u00f3l, hiszek a k\u00e9t nem p\u00e1rbesz\u00e9d\u00e9ben. (\u2026) \u00c9s minderre egy olyan v\u00e1llalkoz\u00e1st \u00e9p\u00edtettem, amely t\u00fckr\u00f6zi a fenti p\u00e1rbesz\u00e9det: a Palya Bea Produkci\u00f3ban n\u0151k dolgoznak, a zen\u00e9szeim pedig f\u00e9rfiak. Im\u00e1dom ezt az egyens\u00falyt, ezeket a tal\u00e1lkoz\u00e1sokat.\u201d<\/p>\n<p><em>Hissz\u00fck, hogy a fenti t\u00f6rt\u00e9netek, megold\u00e1sok, p\u00e9ld\u00e1k er\u0151t \u00e9s inspir\u00e1ci\u00f3t adnak valamennyi n\u0151i v\u00e1llalkoz\u00f3nak v\u00e1llalkoz\u00e1suk sikerre vitel\u00e9hez.<\/em><\/p>\n<p><strong>Tov\u00e1bbi inform\u00e1ci\u00f3:<\/strong><\/p>\n<p>Katona Melinda, PWA, <a href=\"mailto:melinda.katona@borealisconsulting.hu\">melinda.katona@borealisconsulting.hu<\/a>; +36 30\u00a0445 3487<br \/>\nLakatosn\u00e9 Luk\u00e1cs Zsuzsanna, SEED Alap\u00edtv\u00e1ny, <a href=\"mailto:zsuzsanna.lukacs.lakatosne@seed.hu\">zsuzsanna.lukacs.lakatosne@seed.hu<\/a>; +36 20\u00a0474 7486<\/p>\n<p><img loading=\"lazy\" decoding=\"async\" src=\"https:\/\/seed.hu\/files\/attachments\/inline\/seed-haromszog.png\" alt=\"\" width=\"911\" height=\"133\" \/><\/p>\n","protected":false},"featured_media":0,"menu_order":0,"template":"","meta":{"_acf_changed":false},"class_list":["post-851","hirek","type-hirek","status-publish","hentry"],"acf":[],"yoast_head":"<!-- This site is optimized with the Yoast SEO plugin v27.4 - https:\/\/yoast.com\/product\/yoast-seo-wordpress\/ -->\n<title>N\u0151i p\u00e9ldak\u00e9pek n\u0151i v\u00e1llalkoz\u00f3knak - Seed<\/title>\n<meta name=\"robots\" content=\"index, follow, max-snippet:-1, max-image-preview:large, max-video-preview:-1\" \/>\n<link rel=\"canonical\" href=\"https:\/\/seed.hu\/hirek\/noi-peldakepek-noi-vallalkozoknak\/\" \/>\n<meta property=\"og:locale\" content=\"en_US\" \/>\n<meta property=\"og:type\" content=\"article\" \/>\n<meta property=\"og:title\" content=\"N\u0151i p\u00e9ldak\u00e9pek n\u0151i v\u00e1llalkoz\u00f3knak - Seed\" \/>\n<meta property=\"og:description\" content=\"Sajt\u00f3k\u00f6zlem\u00e9ny\u00a0\u00a0\u00a0\u00a0\u00a0\u00a0\u00a0\u00a0\u00a0\u00a0\u00a0\u00a0\u00a0\u00a0\u00a0\u00a0\u00a0\u00a0\u00a0\u00a0\u00a0\u00a0\u00a0\u00a0\u00a0\u00a0\u00a0\u00a0\u00a0\u00a0\u00a0\u00a0\u00a0\u00a0\u00a0\u00a0\u00a0\u00a0\u00a0\u00a0\u00a0\u00a0\u00a0\u00a0\u00a0\u00a0\u00a0\u00a0\u00a0\u00a0\u00a0\u00a0\u00a0\u00a0 \u00a0\u00a0\u00a0\u00a0\u00a0 \u00a0Kiadta: SEED Alap\u00edtv\u00e1ny, 2019. 02. 28. N\u0151i p\u00e9ldak\u00e9pek n\u0151i v\u00e1llalkoz\u00f3knak A n\u0151k gazdas\u00e1gi \u00e9letben t\u00f6rt\u00e9n\u0151 \u00e9rv\u00e9nyes\u00fcl\u00e9s\u00e9t t\u00e1mogat\u00f3\u00a0Professional Women\u2019s Association (PWA) \u2013 Sikeres N\u0151k Egyes\u00fclete \u00e9s az els\u0151sorban n\u0151i v\u00e1llalkoz\u00e1sok fejleszt\u00e9s\u00e9vel foglalkoz\u00f3 SEED Kisv\u00e1llalkoz\u00e1s-fejleszt\u00e9si Alap\u00edtv\u00e1ny a \u201eDigit\u00e1lis Startup Strat\u00e9gia n\u0151i v\u00e1llalkoz\u00e1sok fejleszt\u00e9s\u00e9re vonatkoz\u00f3 elemeinek fejleszt\u00e9s\u00e9t szolg\u00e1l\u00f3 mintaprojekt\u201d-j\u00e9nek t\u00e1mogat\u00e1s\u00e1ra, \u00e9s a vele val\u00f3 egy\u00fcttm\u0171k\u00f6d\u00e9sben p\u00e1ly\u00e1zatot [&hellip;]\" \/>\n<meta property=\"og:url\" content=\"https:\/\/seed.hu\/hirek\/noi-peldakepek-noi-vallalkozoknak\/\" \/>\n<meta property=\"og:site_name\" content=\"Seed\" \/>\n<meta property=\"article:modified_time\" content=\"2022-01-17T18:59:42+00:00\" \/>\n<meta property=\"og:image\" content=\"https:\/\/seed.hu\/files\/attachments\/inline\/seed.png\" \/>\n<meta name=\"twitter:card\" content=\"summary_large_image\" \/>\n<meta name=\"twitter:label1\" content=\"Est. reading time\" \/>\n\t<meta name=\"twitter:data1\" content=\"6 minutes\" \/>\n<script type=\"application\/ld+json\" class=\"yoast-schema-graph\">{\"@context\":\"https:\\\/\\\/schema.org\",\"@graph\":[{\"@type\":\"WebPage\",\"@id\":\"https:\\\/\\\/seed.hu\\\/hirek\\\/noi-peldakepek-noi-vallalkozoknak\\\/\",\"url\":\"https:\\\/\\\/seed.hu\\\/hirek\\\/noi-peldakepek-noi-vallalkozoknak\\\/\",\"name\":\"N\u0151i p\u00e9ldak\u00e9pek n\u0151i v\u00e1llalkoz\u00f3knak - Seed\",\"isPartOf\":{\"@id\":\"https:\\\/\\\/seed.hu\\\/#website\"},\"primaryImageOfPage\":{\"@id\":\"https:\\\/\\\/seed.hu\\\/hirek\\\/noi-peldakepek-noi-vallalkozoknak\\\/#primaryimage\"},\"image\":{\"@id\":\"https:\\\/\\\/seed.hu\\\/hirek\\\/noi-peldakepek-noi-vallalkozoknak\\\/#primaryimage\"},\"thumbnailUrl\":\"https:\\\/\\\/seed.hu\\\/files\\\/attachments\\\/inline\\\/seed.png\",\"datePublished\":\"2019-02-28T20:31:21+00:00\",\"dateModified\":\"2022-01-17T18:59:42+00:00\",\"breadcrumb\":{\"@id\":\"https:\\\/\\\/seed.hu\\\/hirek\\\/noi-peldakepek-noi-vallalkozoknak\\\/#breadcrumb\"},\"inLanguage\":\"en-US\",\"potentialAction\":[{\"@type\":\"ReadAction\",\"target\":[\"https:\\\/\\\/seed.hu\\\/hirek\\\/noi-peldakepek-noi-vallalkozoknak\\\/\"]}]},{\"@type\":\"ImageObject\",\"inLanguage\":\"en-US\",\"@id\":\"https:\\\/\\\/seed.hu\\\/hirek\\\/noi-peldakepek-noi-vallalkozoknak\\\/#primaryimage\",\"url\":\"https:\\\/\\\/seed.hu\\\/files\\\/attachments\\\/inline\\\/seed.png\",\"contentUrl\":\"https:\\\/\\\/seed.hu\\\/files\\\/attachments\\\/inline\\\/seed.png\"},{\"@type\":\"BreadcrumbList\",\"@id\":\"https:\\\/\\\/seed.hu\\\/hirek\\\/noi-peldakepek-noi-vallalkozoknak\\\/#breadcrumb\",\"itemListElement\":[{\"@type\":\"ListItem\",\"position\":1,\"name\":\"H\u00edrek\",\"item\":\"https:\\\/\\\/seed.hu\\\/hirek\\\/\"},{\"@type\":\"ListItem\",\"position\":2,\"name\":\"N\u0151i p\u00e9ldak\u00e9pek n\u0151i v\u00e1llalkoz\u00f3knak\"}]},{\"@type\":\"WebSite\",\"@id\":\"https:\\\/\\\/seed.hu\\\/#website\",\"url\":\"https:\\\/\\\/seed.hu\\\/\",\"name\":\"Seed\",\"description\":\"\",\"potentialAction\":[{\"@type\":\"SearchAction\",\"target\":{\"@type\":\"EntryPoint\",\"urlTemplate\":\"https:\\\/\\\/seed.hu\\\/?s={search_term_string}\"},\"query-input\":{\"@type\":\"PropertyValueSpecification\",\"valueRequired\":true,\"valueName\":\"search_term_string\"}}],\"inLanguage\":\"en-US\"}]}<\/script>\n<!-- \/ Yoast SEO plugin. -->","yoast_head_json":{"title":"N\u0151i p\u00e9ldak\u00e9pek n\u0151i v\u00e1llalkoz\u00f3knak - Seed","robots":{"index":"index","follow":"follow","max-snippet":"max-snippet:-1","max-image-preview":"max-image-preview:large","max-video-preview":"max-video-preview:-1"},"canonical":"https:\/\/seed.hu\/hirek\/noi-peldakepek-noi-vallalkozoknak\/","og_locale":"en_US","og_type":"article","og_title":"N\u0151i p\u00e9ldak\u00e9pek n\u0151i v\u00e1llalkoz\u00f3knak - Seed","og_description":"Sajt\u00f3k\u00f6zlem\u00e9ny\u00a0\u00a0\u00a0\u00a0\u00a0\u00a0\u00a0\u00a0\u00a0\u00a0\u00a0\u00a0\u00a0\u00a0\u00a0\u00a0\u00a0\u00a0\u00a0\u00a0\u00a0\u00a0\u00a0\u00a0\u00a0\u00a0\u00a0\u00a0\u00a0\u00a0\u00a0\u00a0\u00a0\u00a0\u00a0\u00a0\u00a0\u00a0\u00a0\u00a0\u00a0\u00a0\u00a0\u00a0\u00a0\u00a0\u00a0\u00a0\u00a0\u00a0\u00a0\u00a0\u00a0\u00a0 \u00a0\u00a0\u00a0\u00a0\u00a0 \u00a0Kiadta: SEED Alap\u00edtv\u00e1ny, 2019. 02. 28. N\u0151i p\u00e9ldak\u00e9pek n\u0151i v\u00e1llalkoz\u00f3knak A n\u0151k gazdas\u00e1gi \u00e9letben t\u00f6rt\u00e9n\u0151 \u00e9rv\u00e9nyes\u00fcl\u00e9s\u00e9t t\u00e1mogat\u00f3\u00a0Professional Women\u2019s Association (PWA) \u2013 Sikeres N\u0151k Egyes\u00fclete \u00e9s az els\u0151sorban n\u0151i v\u00e1llalkoz\u00e1sok fejleszt\u00e9s\u00e9vel foglalkoz\u00f3 SEED Kisv\u00e1llalkoz\u00e1s-fejleszt\u00e9si Alap\u00edtv\u00e1ny a \u201eDigit\u00e1lis Startup Strat\u00e9gia n\u0151i v\u00e1llalkoz\u00e1sok fejleszt\u00e9s\u00e9re vonatkoz\u00f3 elemeinek fejleszt\u00e9s\u00e9t szolg\u00e1l\u00f3 mintaprojekt\u201d-j\u00e9nek t\u00e1mogat\u00e1s\u00e1ra, \u00e9s a vele val\u00f3 egy\u00fcttm\u0171k\u00f6d\u00e9sben p\u00e1ly\u00e1zatot [&hellip;]","og_url":"https:\/\/seed.hu\/hirek\/noi-peldakepek-noi-vallalkozoknak\/","og_site_name":"Seed","article_modified_time":"2022-01-17T18:59:42+00:00","og_image":[{"url":"https:\/\/seed.hu\/files\/attachments\/inline\/seed.png","type":"","width":"","height":""}],"twitter_card":"summary_large_image","twitter_misc":{"Est. reading time":"6 minutes"},"schema":{"@context":"https:\/\/schema.org","@graph":[{"@type":"WebPage","@id":"https:\/\/seed.hu\/hirek\/noi-peldakepek-noi-vallalkozoknak\/","url":"https:\/\/seed.hu\/hirek\/noi-peldakepek-noi-vallalkozoknak\/","name":"N\u0151i p\u00e9ldak\u00e9pek n\u0151i v\u00e1llalkoz\u00f3knak - Seed","isPartOf":{"@id":"https:\/\/seed.hu\/#website"},"primaryImageOfPage":{"@id":"https:\/\/seed.hu\/hirek\/noi-peldakepek-noi-vallalkozoknak\/#primaryimage"},"image":{"@id":"https:\/\/seed.hu\/hirek\/noi-peldakepek-noi-vallalkozoknak\/#primaryimage"},"thumbnailUrl":"https:\/\/seed.hu\/files\/attachments\/inline\/seed.png","datePublished":"2019-02-28T20:31:21+00:00","dateModified":"2022-01-17T18:59:42+00:00","breadcrumb":{"@id":"https:\/\/seed.hu\/hirek\/noi-peldakepek-noi-vallalkozoknak\/#breadcrumb"},"inLanguage":"en-US","potentialAction":[{"@type":"ReadAction","target":["https:\/\/seed.hu\/hirek\/noi-peldakepek-noi-vallalkozoknak\/"]}]},{"@type":"ImageObject","inLanguage":"en-US","@id":"https:\/\/seed.hu\/hirek\/noi-peldakepek-noi-vallalkozoknak\/#primaryimage","url":"https:\/\/seed.hu\/files\/attachments\/inline\/seed.png","contentUrl":"https:\/\/seed.hu\/files\/attachments\/inline\/seed.png"},{"@type":"BreadcrumbList","@id":"https:\/\/seed.hu\/hirek\/noi-peldakepek-noi-vallalkozoknak\/#breadcrumb","itemListElement":[{"@type":"ListItem","position":1,"name":"H\u00edrek","item":"https:\/\/seed.hu\/hirek\/"},{"@type":"ListItem","position":2,"name":"N\u0151i p\u00e9ldak\u00e9pek n\u0151i v\u00e1llalkoz\u00f3knak"}]},{"@type":"WebSite","@id":"https:\/\/seed.hu\/#website","url":"https:\/\/seed.hu\/","name":"Seed","description":"","potentialAction":[{"@type":"SearchAction","target":{"@type":"EntryPoint","urlTemplate":"https:\/\/seed.hu\/?s={search_term_string}"},"query-input":{"@type":"PropertyValueSpecification","valueRequired":true,"valueName":"search_term_string"}}],"inLanguage":"en-US"}]}},"_links":{"self":[{"href":"https:\/\/seed.hu\/en\/wp-json\/wp\/v2\/hirek\/851","targetHints":{"allow":["GET"]}}],"collection":[{"href":"https:\/\/seed.hu\/en\/wp-json\/wp\/v2\/hirek"}],"about":[{"href":"https:\/\/seed.hu\/en\/wp-json\/wp\/v2\/types\/hirek"}],"wp:attachment":[{"href":"https:\/\/seed.hu\/en\/wp-json\/wp\/v2\/media?parent=851"}],"curies":[{"name":"wp","href":"https:\/\/api.w.org\/{rel}","templated":true}]}}