{"id":852,"date":"2019-03-09T08:33:27","date_gmt":"2019-03-09T07:33:27","guid":{"rendered":"https:\/\/seed.hu\/?post_type=hirek&#038;p=852"},"modified":"2022-01-17T20:01:23","modified_gmt":"2022-01-17T19:01:23","slug":"sikeres-seed-kepzesek-sarospatakon-es-boldogkovaraljan","status":"publish","type":"hirek","link":"https:\/\/seed.hu\/en\/hirek\/sikeres-seed-kepzesek-sarospatakon-es-boldogkovaraljan\/","title":{"rendered":"Sikeres SEED-k\u00e9pz\u00e9sek S\u00e1rospatakon \u00e9s Boldogk\u0151v\u00e1ralj\u00e1n"},"content":{"rendered":"<p>S\u00e1rospatak V\u00e1ros \u00d6nkorm\u00e1nyzata megb\u00edz\u00e1s\u00e1b\u00f3l a \u201e<em>Helyi foglalkoztat\u00e1si egy\u00fcttm\u0171k\u00f6d\u00e9s kialak\u00edt\u00e1sa S\u00e1rospatak k\u00f6zponttal<\/em>\u201d c\u00edm\u0171 TOP-5.1.2-15-BO1-2016-00005 k\u00f3dsz\u00e1m\u00fa program keret\u00e9ben a helyi termel\u0151k \u00e9s szolg\u00e1ltat\u00f3k alapvet\u0151 v\u00e1llalkoz\u00f3i k\u00e9szs\u00e9g\u00e9t n\u00f6vel\u0151 k\u00e9pz\u00e9seket tartott a SEED Alap\u00edtv\u00e1ny S\u00e1rospatakon \u00e9s Boldogk\u0151v\u00e1ralj\u00e1n 2019. janu\u00e1r 11. \u00e9s m\u00e1rcius 3. k\u00f6z\u00f6tt. Hercegk\u00faton m\u00e1rcius 22-23-\u00e1n az \u00fczleti tervez\u00e9st seg\u00edt\u0151 business model canvas elsaj\u00e1t\u00edt\u00e1s\u00e1val \u00e9s a v\u00e1llalkoz\u00f3k saj\u00e1t \u00fczleti terv\u00e9nek elk\u00e9sz\u00edt\u00e9s\u00e9vel z\u00e1rul a Borsod-Aba\u00faj-Zempl\u00e9n megyei SEED-k\u00e9pz\u00e9s sorozat.<\/p>\n<p>A SEED Kisv\u00e1llalkoz\u00e1s-fejleszt\u00e9si Alap\u00edtv\u00e1ny 1990 \u00f3ta foglalkozik v\u00e1llalkoz\u00f3i kompetenciafejleszt\u00e9ssel. Az alap\u00edtv\u00e1ny c\u00e9lja a kezdetekt\u0151l az, hogy az \u00f6szt\u00f6n\u00f6s v\u00e1llalkoz\u00f3k hossz\u00fa t\u00e1von gondolkod\u00f3, tudatosan tervez\u0151 v\u00e1llalkoz\u00f3kk\u00e1 v\u00e1ljanak. A SEED alapvet\u0151en a n\u0151i v\u00e1llalkoz\u00f3kra koncentr\u00e1lva fejlesztette a programjait, a k\u00f6zelm\u00faltban azonban a fiatal v\u00e1llalkoz\u00f3k, a gener\u00e1ci\u00f3v\u00e1lt\u00e1s el\u0151tt \u00e1ll\u00f3 csal\u00e1di v\u00e1llalkoz\u00e1sok \u00e9s a digit\u00e1lis kih\u00edv\u00e1ssal szemben\u00e9z\u0151 v\u00e1llalkoz\u00e1sok is a c\u00e9lcsoportj\u00e1ba ker\u00fcltek. Ez ut\u00f3bbi v\u00e1llalkoz\u00f3i k\u00f6r sz\u00e1m\u00e1ra fejlesztette ki leg\u00fajabb szolg\u00e1ltat\u00e1s\u00e1t, a QuickIT-t. A 2 x f\u00e9lnapos intenz\u00edv k\u00e9szs\u00e9gfejleszt\u0151 tr\u00e9ning keret\u00e9ben a r\u00e9sztvev\u0151k v\u00e1laszt kapnak arra, mit jelent digit\u00e1lis v\u00e1llalkoz\u00e1sk\u00e9nt m\u0171k\u00f6dni. A k\u00e9pz\u00e9s r\u00e9szek\u00e9nt olyan digit\u00e1lis megold\u00e1sokkal ismerkednek meg, amelyek seg\u00edtik \u0151ket a v\u00e1llalkoz\u00f3i h\u00e9tk\u00f6znapjaik sor\u00e1n a munkafolyamatok \u00e9s a p\u00e9nz\u00fcgyek megtervez\u00e9s\u00e9ben, lebonyol\u00edt\u00e1s\u00e1ban, ellen\u0151rz\u00e9s\u00e9ben, az \u00fcgyfelekkel \u00e9s az \u00fczleti partnerekkel val\u00f3 kommunik\u00e1ci\u00f3ban, a v\u00e1llalkoz\u00e1si folyamatok nyomon k\u00f6vet\u00e9s\u00e9ben, \u00e9rt\u00e9kel\u00e9s\u00e9ben.<\/p>\n<p>A s\u00e1rospataki \u00e9s boldogk\u0151v\u00e1raljai 6&#215;2 napos tr\u00e9ningsorozatra, amely a <em>V\u00e1llalkoz\u00f3i tudnival\u00f3k, tennival\u00f3k, tanulnival\u00f3k<\/em> c\u00edmet viselte, a legk\u00fcl\u00f6nb\u00f6z\u0151bb ter\u00fcletekr\u0151l \u00e9s koroszt\u00e1lyokb\u00f3l \u00e9rkeztek \u00e9rdekl\u0151d\u0151k. A fot\u00f3st\u00f3l \u00e9s IT-szolg\u00e1ltat\u00f3t\u00f3l kezdve a mez\u0151gazdas\u00e1gi \u0151stermel\u0151n \u00e1t a sportszerforgalmaz\u00f3ig terjedt a r\u00e9sztvev\u0151k k\u00f6re, akik k\u00f6z\u00f6tt volt 18 \u00e9ves gimnazista \u00e9s az \u00f6tvenes \u00e9veit tapos\u00f3 v\u00e1llalkoz\u00f3 egyar\u00e1nt. A programban a k\u00e9t helysz\u00ednen 12 n\u0151 \u00e9s 12 f\u00e9rfi vett r\u00e9szt.<\/p>\n<p>A tr\u00e9ningsorozat nemcsak arra k\u00edn\u00e1lt j\u00f3 alkalmat, hogy a r\u00e9sztvev\u0151k k\u00fcl\u00f6nb\u00f6z\u0151 kompetenci\u00e1kat saj\u00e1t\u00edtsanak el, hogy jobban megismerj\u00e9k \u00f6nmagukat, \u00f6ssze\u00e1ll\u00edts\u00e1k saj\u00e1t v\u00e1llalkoz\u00e1suk \u00fczleti terv\u00e9t, \u00e9s ez\u00e1ltal megalapozottabban vegyenek r\u00e9szt az \u00fczleti \u00e9letben, \u00a0hanem arra is, hogy jobban megismerj\u00e9k egym\u00e1st, \u00e9s ak\u00e1r \u00fczleti kapcsolatba is l\u00e9pjenek egym\u00e1ssal. A szakmai tud\u00e1s \u00e9s kompetenci\u00e1k megszerz\u00e9se mellett \u00e1ltal\u00e1ban is ez a k\u00e9pz\u00e9sek m\u00e1sik legnagyobb hozad\u00e9ka. A r\u00e9sztvev\u0151k visszajelz\u00e9seib\u0151l az der\u00fcl ki, hogy az \u00faj tud\u00e1s megszerz\u00e9s\u00e9n, az \u00fczleti szeml\u00e9let er\u0151s\u00f6d\u00e9s\u00e9n t\u00fal a kapcsolat\u00e9p\u00edt\u00e9s lehet\u0151s\u00e9ge, az \u00faj emberekkel t\u00f6rt\u00e9n\u0151, \u00fczleti egy\u00fcttm\u0171k\u00f6d\u00e9sre is alkalmat ad\u00f3 megismerked\u00e9s volt sz\u00e1mukra k\u00fcl\u00f6n\u00f6sen fontos.<\/p>\n<p>A tapasztalatok alapj\u00e1n a SEED Alap\u00edtv\u00e1ny k\u00e9pz\u00e9sei hozz\u00e1j\u00e1rulnak ahhoz, hogy egyr\u00e9szt a munkaer\u0151piaci szempontb\u00f3l is j\u00f3 helyzetben l\u00e9v\u0151 fiatalok ne v\u00e1ndoroljanak el a megfelel\u0151 munkahelyek \u00e9s fejl\u0151d\u00e9si lehet\u0151s\u00e9gek hi\u00e1nya miatt, hanem helyben tal\u00e1lj\u00e1k meg a sz\u00e1m\u00edt\u00e1saikat ak\u00e1r egy prosper\u00e1l\u00f3 v\u00e1llalkoz\u00e1s beind\u00edt\u00e1s\u00e1val. M\u00e1sr\u00e9szt a k\u00e9pz\u00e9sek \u00e1ltal ny\u00fajtott tud\u00e1s r\u00e9v\u00e9n meger\u0151s\u00f6d\u0151, sikeres v\u00e1llalkoz\u00f3k az \u00e1ltaluk alkalmazott munkat\u00e1rsak r\u00e9v\u00e9n hozz\u00e1j\u00e1ruljanak az adott telep\u00fcl\u00e9s (t\u00e9rs\u00e9g) foglalkoztat\u00e1si probl\u00e9m\u00e1inak enyh\u00edt\u00e9s\u00e9hez.<\/p>\n","protected":false},"featured_media":792,"menu_order":0,"template":"","meta":{"_acf_changed":false},"class_list":["post-852","hirek","type-hirek","status-publish","has-post-thumbnail","hentry"],"acf":[],"yoast_head":"<!-- This site is optimized with the Yoast SEO plugin v27.4 - https:\/\/yoast.com\/product\/yoast-seo-wordpress\/ -->\n<title>Sikeres SEED-k\u00e9pz\u00e9sek S\u00e1rospatakon \u00e9s Boldogk\u0151v\u00e1ralj\u00e1n - Seed<\/title>\n<meta name=\"robots\" content=\"index, follow, max-snippet:-1, max-image-preview:large, max-video-preview:-1\" \/>\n<link rel=\"canonical\" href=\"https:\/\/seed.hu\/hirek\/sikeres-seed-kepzesek-sarospatakon-es-boldogkovaraljan\/\" \/>\n<meta property=\"og:locale\" content=\"en_US\" \/>\n<meta property=\"og:type\" content=\"article\" \/>\n<meta property=\"og:title\" content=\"Sikeres SEED-k\u00e9pz\u00e9sek S\u00e1rospatakon \u00e9s Boldogk\u0151v\u00e1ralj\u00e1n - Seed\" \/>\n<meta property=\"og:description\" content=\"S\u00e1rospatak V\u00e1ros \u00d6nkorm\u00e1nyzata megb\u00edz\u00e1s\u00e1b\u00f3l a \u201eHelyi foglalkoztat\u00e1si egy\u00fcttm\u0171k\u00f6d\u00e9s kialak\u00edt\u00e1sa S\u00e1rospatak k\u00f6zponttal\u201d c\u00edm\u0171 TOP-5.1.2-15-BO1-2016-00005 k\u00f3dsz\u00e1m\u00fa program keret\u00e9ben a helyi termel\u0151k \u00e9s szolg\u00e1ltat\u00f3k alapvet\u0151 v\u00e1llalkoz\u00f3i k\u00e9szs\u00e9g\u00e9t n\u00f6vel\u0151 k\u00e9pz\u00e9seket tartott a SEED Alap\u00edtv\u00e1ny S\u00e1rospatakon \u00e9s Boldogk\u0151v\u00e1ralj\u00e1n 2019. janu\u00e1r 11. \u00e9s m\u00e1rcius 3. k\u00f6z\u00f6tt. Hercegk\u00faton m\u00e1rcius 22-23-\u00e1n az \u00fczleti tervez\u00e9st seg\u00edt\u0151 business model canvas elsaj\u00e1t\u00edt\u00e1s\u00e1val \u00e9s a v\u00e1llalkoz\u00f3k saj\u00e1t [&hellip;]\" \/>\n<meta property=\"og:url\" content=\"https:\/\/seed.hu\/hirek\/sikeres-seed-kepzesek-sarospatakon-es-boldogkovaraljan\/\" \/>\n<meta property=\"og:site_name\" content=\"Seed\" \/>\n<meta property=\"article:modified_time\" content=\"2022-01-17T19:01:23+00:00\" \/>\n<meta property=\"og:image\" content=\"https:\/\/seed.hu\/wp-content\/uploads\/2018\/04\/SEED_logo.png\" \/>\n\t<meta property=\"og:image:width\" content=\"250\" \/>\n\t<meta property=\"og:image:height\" content=\"206\" \/>\n\t<meta property=\"og:image:type\" content=\"image\/png\" \/>\n<meta name=\"twitter:card\" content=\"summary_large_image\" \/>\n<meta name=\"twitter:label1\" content=\"Est. reading time\" \/>\n\t<meta name=\"twitter:data1\" content=\"4 minutes\" \/>\n<script type=\"application\/ld+json\" class=\"yoast-schema-graph\">{\"@context\":\"https:\\\/\\\/schema.org\",\"@graph\":[{\"@type\":\"WebPage\",\"@id\":\"https:\\\/\\\/seed.hu\\\/hirek\\\/sikeres-seed-kepzesek-sarospatakon-es-boldogkovaraljan\\\/\",\"url\":\"https:\\\/\\\/seed.hu\\\/hirek\\\/sikeres-seed-kepzesek-sarospatakon-es-boldogkovaraljan\\\/\",\"name\":\"Sikeres SEED-k\u00e9pz\u00e9sek S\u00e1rospatakon \u00e9s Boldogk\u0151v\u00e1ralj\u00e1n - Seed\",\"isPartOf\":{\"@id\":\"https:\\\/\\\/seed.hu\\\/#website\"},\"primaryImageOfPage\":{\"@id\":\"https:\\\/\\\/seed.hu\\\/hirek\\\/sikeres-seed-kepzesek-sarospatakon-es-boldogkovaraljan\\\/#primaryimage\"},\"image\":{\"@id\":\"https:\\\/\\\/seed.hu\\\/hirek\\\/sikeres-seed-kepzesek-sarospatakon-es-boldogkovaraljan\\\/#primaryimage\"},\"thumbnailUrl\":\"https:\\\/\\\/seed.hu\\\/wp-content\\\/uploads\\\/2018\\\/04\\\/SEED_logo.png\",\"datePublished\":\"2019-03-09T07:33:27+00:00\",\"dateModified\":\"2022-01-17T19:01:23+00:00\",\"breadcrumb\":{\"@id\":\"https:\\\/\\\/seed.hu\\\/hirek\\\/sikeres-seed-kepzesek-sarospatakon-es-boldogkovaraljan\\\/#breadcrumb\"},\"inLanguage\":\"en-US\",\"potentialAction\":[{\"@type\":\"ReadAction\",\"target\":[\"https:\\\/\\\/seed.hu\\\/hirek\\\/sikeres-seed-kepzesek-sarospatakon-es-boldogkovaraljan\\\/\"]}]},{\"@type\":\"ImageObject\",\"inLanguage\":\"en-US\",\"@id\":\"https:\\\/\\\/seed.hu\\\/hirek\\\/sikeres-seed-kepzesek-sarospatakon-es-boldogkovaraljan\\\/#primaryimage\",\"url\":\"https:\\\/\\\/seed.hu\\\/wp-content\\\/uploads\\\/2018\\\/04\\\/SEED_logo.png\",\"contentUrl\":\"https:\\\/\\\/seed.hu\\\/wp-content\\\/uploads\\\/2018\\\/04\\\/SEED_logo.png\",\"width\":250,\"height\":206},{\"@type\":\"BreadcrumbList\",\"@id\":\"https:\\\/\\\/seed.hu\\\/hirek\\\/sikeres-seed-kepzesek-sarospatakon-es-boldogkovaraljan\\\/#breadcrumb\",\"itemListElement\":[{\"@type\":\"ListItem\",\"position\":1,\"name\":\"H\u00edrek\",\"item\":\"https:\\\/\\\/seed.hu\\\/hirek\\\/\"},{\"@type\":\"ListItem\",\"position\":2,\"name\":\"Sikeres SEED-k\u00e9pz\u00e9sek S\u00e1rospatakon \u00e9s Boldogk\u0151v\u00e1ralj\u00e1n\"}]},{\"@type\":\"WebSite\",\"@id\":\"https:\\\/\\\/seed.hu\\\/#website\",\"url\":\"https:\\\/\\\/seed.hu\\\/\",\"name\":\"Seed\",\"description\":\"\",\"potentialAction\":[{\"@type\":\"SearchAction\",\"target\":{\"@type\":\"EntryPoint\",\"urlTemplate\":\"https:\\\/\\\/seed.hu\\\/?s={search_term_string}\"},\"query-input\":{\"@type\":\"PropertyValueSpecification\",\"valueRequired\":true,\"valueName\":\"search_term_string\"}}],\"inLanguage\":\"en-US\"}]}<\/script>\n<!-- \/ Yoast SEO plugin. -->","yoast_head_json":{"title":"Sikeres SEED-k\u00e9pz\u00e9sek S\u00e1rospatakon \u00e9s Boldogk\u0151v\u00e1ralj\u00e1n - Seed","robots":{"index":"index","follow":"follow","max-snippet":"max-snippet:-1","max-image-preview":"max-image-preview:large","max-video-preview":"max-video-preview:-1"},"canonical":"https:\/\/seed.hu\/hirek\/sikeres-seed-kepzesek-sarospatakon-es-boldogkovaraljan\/","og_locale":"en_US","og_type":"article","og_title":"Sikeres SEED-k\u00e9pz\u00e9sek S\u00e1rospatakon \u00e9s Boldogk\u0151v\u00e1ralj\u00e1n - Seed","og_description":"S\u00e1rospatak V\u00e1ros \u00d6nkorm\u00e1nyzata megb\u00edz\u00e1s\u00e1b\u00f3l a \u201eHelyi foglalkoztat\u00e1si egy\u00fcttm\u0171k\u00f6d\u00e9s kialak\u00edt\u00e1sa S\u00e1rospatak k\u00f6zponttal\u201d c\u00edm\u0171 TOP-5.1.2-15-BO1-2016-00005 k\u00f3dsz\u00e1m\u00fa program keret\u00e9ben a helyi termel\u0151k \u00e9s szolg\u00e1ltat\u00f3k alapvet\u0151 v\u00e1llalkoz\u00f3i k\u00e9szs\u00e9g\u00e9t n\u00f6vel\u0151 k\u00e9pz\u00e9seket tartott a SEED Alap\u00edtv\u00e1ny S\u00e1rospatakon \u00e9s Boldogk\u0151v\u00e1ralj\u00e1n 2019. janu\u00e1r 11. \u00e9s m\u00e1rcius 3. k\u00f6z\u00f6tt. Hercegk\u00faton m\u00e1rcius 22-23-\u00e1n az \u00fczleti tervez\u00e9st seg\u00edt\u0151 business model canvas elsaj\u00e1t\u00edt\u00e1s\u00e1val \u00e9s a v\u00e1llalkoz\u00f3k saj\u00e1t [&hellip;]","og_url":"https:\/\/seed.hu\/hirek\/sikeres-seed-kepzesek-sarospatakon-es-boldogkovaraljan\/","og_site_name":"Seed","article_modified_time":"2022-01-17T19:01:23+00:00","og_image":[{"width":250,"height":206,"url":"https:\/\/seed.hu\/wp-content\/uploads\/2018\/04\/SEED_logo.png","type":"image\/png"}],"twitter_card":"summary_large_image","twitter_misc":{"Est. reading time":"4 minutes"},"schema":{"@context":"https:\/\/schema.org","@graph":[{"@type":"WebPage","@id":"https:\/\/seed.hu\/hirek\/sikeres-seed-kepzesek-sarospatakon-es-boldogkovaraljan\/","url":"https:\/\/seed.hu\/hirek\/sikeres-seed-kepzesek-sarospatakon-es-boldogkovaraljan\/","name":"Sikeres SEED-k\u00e9pz\u00e9sek S\u00e1rospatakon \u00e9s Boldogk\u0151v\u00e1ralj\u00e1n - Seed","isPartOf":{"@id":"https:\/\/seed.hu\/#website"},"primaryImageOfPage":{"@id":"https:\/\/seed.hu\/hirek\/sikeres-seed-kepzesek-sarospatakon-es-boldogkovaraljan\/#primaryimage"},"image":{"@id":"https:\/\/seed.hu\/hirek\/sikeres-seed-kepzesek-sarospatakon-es-boldogkovaraljan\/#primaryimage"},"thumbnailUrl":"https:\/\/seed.hu\/wp-content\/uploads\/2018\/04\/SEED_logo.png","datePublished":"2019-03-09T07:33:27+00:00","dateModified":"2022-01-17T19:01:23+00:00","breadcrumb":{"@id":"https:\/\/seed.hu\/hirek\/sikeres-seed-kepzesek-sarospatakon-es-boldogkovaraljan\/#breadcrumb"},"inLanguage":"en-US","potentialAction":[{"@type":"ReadAction","target":["https:\/\/seed.hu\/hirek\/sikeres-seed-kepzesek-sarospatakon-es-boldogkovaraljan\/"]}]},{"@type":"ImageObject","inLanguage":"en-US","@id":"https:\/\/seed.hu\/hirek\/sikeres-seed-kepzesek-sarospatakon-es-boldogkovaraljan\/#primaryimage","url":"https:\/\/seed.hu\/wp-content\/uploads\/2018\/04\/SEED_logo.png","contentUrl":"https:\/\/seed.hu\/wp-content\/uploads\/2018\/04\/SEED_logo.png","width":250,"height":206},{"@type":"BreadcrumbList","@id":"https:\/\/seed.hu\/hirek\/sikeres-seed-kepzesek-sarospatakon-es-boldogkovaraljan\/#breadcrumb","itemListElement":[{"@type":"ListItem","position":1,"name":"H\u00edrek","item":"https:\/\/seed.hu\/hirek\/"},{"@type":"ListItem","position":2,"name":"Sikeres SEED-k\u00e9pz\u00e9sek S\u00e1rospatakon \u00e9s Boldogk\u0151v\u00e1ralj\u00e1n"}]},{"@type":"WebSite","@id":"https:\/\/seed.hu\/#website","url":"https:\/\/seed.hu\/","name":"Seed","description":"","potentialAction":[{"@type":"SearchAction","target":{"@type":"EntryPoint","urlTemplate":"https:\/\/seed.hu\/?s={search_term_string}"},"query-input":{"@type":"PropertyValueSpecification","valueRequired":true,"valueName":"search_term_string"}}],"inLanguage":"en-US"}]}},"_links":{"self":[{"href":"https:\/\/seed.hu\/en\/wp-json\/wp\/v2\/hirek\/852","targetHints":{"allow":["GET"]}}],"collection":[{"href":"https:\/\/seed.hu\/en\/wp-json\/wp\/v2\/hirek"}],"about":[{"href":"https:\/\/seed.hu\/en\/wp-json\/wp\/v2\/types\/hirek"}],"wp:featuredmedia":[{"embeddable":true,"href":"https:\/\/seed.hu\/en\/wp-json\/wp\/v2\/media\/792"}],"wp:attachment":[{"href":"https:\/\/seed.hu\/en\/wp-json\/wp\/v2\/media?parent=852"}],"curies":[{"name":"wp","href":"https:\/\/api.w.org\/{rel}","templated":true}]}}