{"id":856,"date":"2019-03-12T19:19:09","date_gmt":"2019-03-12T18:19:09","guid":{"rendered":"https:\/\/seed.hu\/?post_type=hirek&#038;p=856"},"modified":"2022-01-17T20:28:06","modified_gmt":"2022-01-17T19:28:06","slug":"orszagos-vallalkozoi-mentorprogram-toborzo-rendezveny-szekszard-2019-03-27","status":"publish","type":"hirek","link":"https:\/\/seed.hu\/en\/hirek\/orszagos-vallalkozoi-mentorprogram-toborzo-rendezveny-szekszard-2019-03-27\/","title":{"rendered":"ORSZ\u00c1GOS V\u00c1LLALKOZ\u00d3I MENTORPROGRAM &#8211; TOBORZ\u00d3 RENDEZV\u00c9NY Szeksz\u00e1rd, 2019.03.27."},"content":{"rendered":"<p style=\"text-align: center;\"><strong><span style=\"font-size: 20px;\"><span style=\"font-family: Arial,Helvetica,sans-serif;\">MEGH\u00cdV\u00d3<\/span><\/span><\/strong><\/p>\n<p style=\"text-align: center;\"><img loading=\"lazy\" decoding=\"async\" src=\"https:\/\/seed.hu\/files\/images\/news-images\/1486.png\" alt=\"\" width=\"465\" height=\"210\" \/><\/p>\n<p>&nbsp;<\/p>\n<p style=\"text-align: center;\"><span style=\"font-size: 20px;\"><strong>ORSZ\u00c1GOS V\u00c1LLALKOZ\u00d3I MENTOR PROGRAM<br \/>\nSzem\u00e9lyes v\u00e1llalkoz\u00f3i mentor\u00e1l\u00e1s<br \/>\nTOBORZ\u00d3RENDEZV\u00c9NY<\/strong><\/span><\/p>\n<p>&nbsp;<\/p>\n<p style=\"text-align: center;\"><span style=\"font-size: 20px;\"><strong>F\u00f3kuszban a KKV szektor hat\u00e9konys\u00e1g\u00e1nak n\u00f6vel\u00e9se<\/strong><\/span><\/p>\n<p style=\"text-align: center;\">\n<p style=\"text-align: center;\">A SEED Kisv\u00e1llalkoz\u00e1s-fejleszt\u00e9si Alap\u00edtv\u00e1ny toborz\u00f3rendezv\u00e9nyt szervez, amelyre ez\u00faton tisztelettel \u00e9s szeretettel megh\u00edvjuk.<br \/>\n<strong>Id\u0151pont:<\/strong> 2019. m\u00e1rcius 27., 14-16 \u00f3r\u00e1ig<\/p>\n<p><strong>Helysz\u00edn:<\/strong> Garay \u00c9lm\u00e9nypince, Szeksz\u00e1rd, Garay t\u00e9r 19.<\/p>\n<p style=\"text-align: center;\">\n<p style=\"text-align: center;\">A rendezv\u00e9nyen megismerkedhet GINOP-1.1.2-VEKOP-17-2017-00001\u00a0 \u201eA KKV szektor hat\u00e9konys\u00e1g\u00e1nak n\u00f6vel\u00e9se p\u00e9nz\u00fcgyi ismeretek fejleszt\u00e9se, v\u00e1llalkoz\u00f3i mentor\u00e1l\u00e1s biztos\u00edt\u00e1sa r\u00e9v\u00e9n&#8221; c\u00edm\u0171 kiemelt projekt<br \/>\n<strong>Szem\u00e9lyes v\u00e1llalkoz\u00f3i mentor\u00e1l\u00e1s<\/strong> alprojektje \u00e1ltal ny\u00fajtott lehet\u0151s\u00e9gekkel.<\/p>\n<p style=\"text-align: center;\">\n<p style=\"text-align: center;\">A program keret\u00e9ben a SEED Kisv\u00e1llalkoz\u00e1s-fejleszt\u00e9si Alap\u00edtv\u00e1ny h\u00e1rom c\u00e9lcsoportra f\u00f3kusz\u00e1lva szeretn\u00e9 el\u00e9rni a v\u00e1llalkoz\u00e1sok versenyk\u00e9pess\u00e9g\u00e9nek, hat\u00e9konys\u00e1g\u00e1nak jav\u00edt\u00e1s\u00e1t. E h\u00e1rom c\u00e9lcsoport a fiatal v\u00e1llalkoz\u00f3k, a n\u0151i v\u00e1llalkoz\u00f3k, valamint a gener\u00e1ci\u00f3v\u00e1lt\u00e1ssal \u00e9rintett csal\u00e1di v\u00e1llalkoz\u00e1sok.<\/p>\n<p><u>Az esem\u00e9ny f\u0151 t\u00e9m\u00e1i:<\/u><\/p>\n<ul>\n<li>\u00a0Mi\u00e9rt \u00e9ppen a szem\u00e9lyes mentor\u00e1l\u00e1s, mint a v\u00e1llalkoz\u00e1s n\u00f6veked\u00e9s\u00e9t seg\u00edt\u0151 eszk\u00f6z?<\/li>\n<li>\u00a0Kiket v\u00e1runk mentornak?<\/li>\n<li>\u00a0Ki lehet mentor\u00e1lt?<\/li>\n<li>\u00a0F\u00f3kuszban a h\u00e1rom c\u00e9lcsoport.<\/li>\n<li>\u00a0Lehet\u0151s\u00e9gek, amelyeket a mentor program biztos\u00edt a r\u00e9szvev\u0151k sz\u00e1m\u00e1ra.<\/li>\n<li>\u00a0A program gyakorlati r\u00e9szletei.<\/li>\n<\/ul>\n<p>&nbsp;<\/p>\n<p><u><strong>PROGRAM<\/strong><\/u><\/p>\n<p><strong>13:30-14:00\u00a0\u00a0\u00a0\u00a0\u00a0\u00a0\u00a0\u00a0\u00a0Regisztr\u00e1ci\u00f3<\/strong><\/p>\n<p><strong>14:00-14:15\u00a0\u00a0\u00a0\u00a0\u00a0\u00a0\u00a0\u00a0 Orsz\u00e1gos V\u00e1llalkoz\u00f3i Mentorprogram \u2013 Fejleszt\u00e9spolitikai c\u00e9lok<\/strong><\/p>\n<p><strong>\u00a0 \u00a0 \u00a0 \u00a0 \u00a0 \u00a0 \u00a0 \u00a0 \u00a0 \u00a0 \u00a0 \u00a0 \u00a0 \u00a0\u00a0 <\/strong>Innov\u00e1ci\u00f3s \u00e9s Technol\u00f3giai Miniszt\u00e9rium, V\u00e1llalkoz\u00e1sfejleszt\u00e9si\u00a0f\u0151oszt\u00e1lyvezet\u0151<\/p>\n<p><strong>14:15-14:30 \u00a0 \u00a0 \u00a0\u00a0 Szem\u00e9lyes v\u00e1llalkoz\u00f3i mentorprogram bemutat\u00e1sa<\/strong><\/p>\n<p>El\u0151ad\u00f3: Lakatosn\u00e9 Luk\u00e1cs Zsuzsanna, SEED Kisv\u00e1llalkoz\u00e1s-fejleszt\u00e9si Alap\u00edtv\u00e1ny, \u00fcgyvezet\u0151,<br \/>\nDanics \u00c1gnes, SEED Kisv\u00e1llalkoz\u00e1s-fejleszt\u00e9si Alap\u00edtv\u00e1ny, szakmai vezet\u0151<\/p>\n<p><strong>14:30-15:20\u00a0\u00a0\u00a0\u00a0\u00a0\u00a0\u00a0\u00a0 Interakt\u00edv kerekasztal-besz\u00e9lget\u00e9s <\/strong>\u2013 A szem\u00e9lyes v\u00e1llalkoz\u00f3i mentor\u00e1l\u00e1s, mint a v\u00e1llalkoz\u00e1s fejl\u0151d\u00e9s\u00e9t seg\u00edt\u0151 m\u00f3dszer<\/p>\n<p><strong>15:20-15:30\u00a0\u00a0\u00a0\u00a0\u00a0\u00a0\u00a0\u00a0 Regisztr\u00e1ci\u00f3s fel\u00fclet bemutat\u00e1sa<\/strong><\/p>\n<p>SEED Alap\u00edtv\u00e1ny<\/p>\n<p><strong>15:30-16:00\u00a0\u00a0\u00a0\u00a0\u00a0\u00a0\u00a0\u00a0 K\u00e9rd\u00e9sek, regisztr\u00e1ci\u00f3 lehet\u0151s\u00e9ge, networking<\/strong><\/p>\n<p>&nbsp;<\/p>\n<p>K\u00e9rj\u00fck, r\u00e9szv\u00e9teli sz\u00e1nd\u00e9k\u00e1t a limit\u00e1lt helyekre val\u00f3 tekintettel, miel\u0151bb jelezze.<\/p>\n<p><a href=\"https:\/\/seed.hu\/kerdoiv\/orszagos-vallalkozoi-mentorprogram-toborzo-rendezveny-szekszard-2019-03-27\" target=\"_blank\" rel=\"noopener\">&lt;&lt; JELENTKEZEM &gt;&gt;<\/a><\/p>\n<p style=\"text-align: center;\">\n","protected":false},"featured_media":338,"menu_order":0,"template":"","meta":{"_acf_changed":false},"class_list":["post-856","hirek","type-hirek","status-publish","has-post-thumbnail","hentry"],"acf":[],"yoast_head":"<!-- This site is optimized with the Yoast SEO plugin v27.4 - https:\/\/yoast.com\/product\/yoast-seo-wordpress\/ -->\n<title>ORSZ\u00c1GOS V\u00c1LLALKOZ\u00d3I MENTORPROGRAM - TOBORZ\u00d3 RENDEZV\u00c9NY Szeksz\u00e1rd, 2019.03.27. - Seed<\/title>\n<meta name=\"robots\" content=\"index, follow, max-snippet:-1, max-image-preview:large, max-video-preview:-1\" \/>\n<link rel=\"canonical\" href=\"https:\/\/seed.hu\/hirek\/orszagos-vallalkozoi-mentorprogram-toborzo-rendezveny-szekszard-2019-03-27\/\" \/>\n<meta property=\"og:locale\" content=\"en_US\" \/>\n<meta property=\"og:type\" content=\"article\" \/>\n<meta property=\"og:title\" content=\"ORSZ\u00c1GOS V\u00c1LLALKOZ\u00d3I MENTORPROGRAM - TOBORZ\u00d3 RENDEZV\u00c9NY Szeksz\u00e1rd, 2019.03.27. - Seed\" \/>\n<meta property=\"og:description\" content=\"MEGH\u00cdV\u00d3 &nbsp; ORSZ\u00c1GOS V\u00c1LLALKOZ\u00d3I MENTOR PROGRAM Szem\u00e9lyes v\u00e1llalkoz\u00f3i mentor\u00e1l\u00e1s TOBORZ\u00d3RENDEZV\u00c9NY &nbsp; F\u00f3kuszban a KKV szektor hat\u00e9konys\u00e1g\u00e1nak n\u00f6vel\u00e9se A SEED Kisv\u00e1llalkoz\u00e1s-fejleszt\u00e9si Alap\u00edtv\u00e1ny toborz\u00f3rendezv\u00e9nyt szervez, amelyre ez\u00faton tisztelettel \u00e9s szeretettel megh\u00edvjuk. Id\u0151pont: 2019. m\u00e1rcius 27., 14-16 \u00f3r\u00e1ig Helysz\u00edn: Garay \u00c9lm\u00e9nypince, Szeksz\u00e1rd, Garay t\u00e9r 19. A rendezv\u00e9nyen megismerkedhet GINOP-1.1.2-VEKOP-17-2017-00001\u00a0 \u201eA KKV szektor hat\u00e9konys\u00e1g\u00e1nak n\u00f6vel\u00e9se p\u00e9nz\u00fcgyi ismeretek fejleszt\u00e9se, v\u00e1llalkoz\u00f3i [&hellip;]\" \/>\n<meta property=\"og:url\" content=\"https:\/\/seed.hu\/hirek\/orszagos-vallalkozoi-mentorprogram-toborzo-rendezveny-szekszard-2019-03-27\/\" \/>\n<meta property=\"og:site_name\" content=\"Seed\" \/>\n<meta property=\"article:modified_time\" content=\"2022-01-17T19:28:06+00:00\" \/>\n<meta property=\"og:image\" content=\"https:\/\/seed.hu\/wp-content\/uploads\/2021\/04\/Orsza\u0301gos-Va\u0301llalkozo\u0301i-Mentorprogram.png\" \/>\n\t<meta property=\"og:image:width\" content=\"773\" \/>\n\t<meta property=\"og:image:height\" content=\"774\" \/>\n\t<meta property=\"og:image:type\" content=\"image\/png\" \/>\n<meta name=\"twitter:card\" content=\"summary_large_image\" \/>\n<meta name=\"twitter:label1\" content=\"Est. reading time\" \/>\n\t<meta name=\"twitter:data1\" content=\"2 minutes\" \/>\n<script type=\"application\/ld+json\" class=\"yoast-schema-graph\">{\"@context\":\"https:\\\/\\\/schema.org\",\"@graph\":[{\"@type\":\"WebPage\",\"@id\":\"https:\\\/\\\/seed.hu\\\/hirek\\\/orszagos-vallalkozoi-mentorprogram-toborzo-rendezveny-szekszard-2019-03-27\\\/\",\"url\":\"https:\\\/\\\/seed.hu\\\/hirek\\\/orszagos-vallalkozoi-mentorprogram-toborzo-rendezveny-szekszard-2019-03-27\\\/\",\"name\":\"ORSZ\u00c1GOS V\u00c1LLALKOZ\u00d3I MENTORPROGRAM - TOBORZ\u00d3 RENDEZV\u00c9NY Szeksz\u00e1rd, 2019.03.27. - Seed\",\"isPartOf\":{\"@id\":\"https:\\\/\\\/seed.hu\\\/#website\"},\"primaryImageOfPage\":{\"@id\":\"https:\\\/\\\/seed.hu\\\/hirek\\\/orszagos-vallalkozoi-mentorprogram-toborzo-rendezveny-szekszard-2019-03-27\\\/#primaryimage\"},\"image\":{\"@id\":\"https:\\\/\\\/seed.hu\\\/hirek\\\/orszagos-vallalkozoi-mentorprogram-toborzo-rendezveny-szekszard-2019-03-27\\\/#primaryimage\"},\"thumbnailUrl\":\"https:\\\/\\\/seed.hu\\\/wp-content\\\/uploads\\\/2021\\\/04\\\/Orsza\u0301gos-Va\u0301llalkozo\u0301i-Mentorprogram.png\",\"datePublished\":\"2019-03-12T18:19:09+00:00\",\"dateModified\":\"2022-01-17T19:28:06+00:00\",\"breadcrumb\":{\"@id\":\"https:\\\/\\\/seed.hu\\\/hirek\\\/orszagos-vallalkozoi-mentorprogram-toborzo-rendezveny-szekszard-2019-03-27\\\/#breadcrumb\"},\"inLanguage\":\"en-US\",\"potentialAction\":[{\"@type\":\"ReadAction\",\"target\":[\"https:\\\/\\\/seed.hu\\\/hirek\\\/orszagos-vallalkozoi-mentorprogram-toborzo-rendezveny-szekszard-2019-03-27\\\/\"]}]},{\"@type\":\"ImageObject\",\"inLanguage\":\"en-US\",\"@id\":\"https:\\\/\\\/seed.hu\\\/hirek\\\/orszagos-vallalkozoi-mentorprogram-toborzo-rendezveny-szekszard-2019-03-27\\\/#primaryimage\",\"url\":\"https:\\\/\\\/seed.hu\\\/wp-content\\\/uploads\\\/2021\\\/04\\\/Orsza\u0301gos-Va\u0301llalkozo\u0301i-Mentorprogram.png\",\"contentUrl\":\"https:\\\/\\\/seed.hu\\\/wp-content\\\/uploads\\\/2021\\\/04\\\/Orsza\u0301gos-Va\u0301llalkozo\u0301i-Mentorprogram.png\",\"width\":773,\"height\":774},{\"@type\":\"BreadcrumbList\",\"@id\":\"https:\\\/\\\/seed.hu\\\/hirek\\\/orszagos-vallalkozoi-mentorprogram-toborzo-rendezveny-szekszard-2019-03-27\\\/#breadcrumb\",\"itemListElement\":[{\"@type\":\"ListItem\",\"position\":1,\"name\":\"H\u00edrek\",\"item\":\"https:\\\/\\\/seed.hu\\\/hirek\\\/\"},{\"@type\":\"ListItem\",\"position\":2,\"name\":\"ORSZ\u00c1GOS V\u00c1LLALKOZ\u00d3I MENTORPROGRAM &#8211; TOBORZ\u00d3 RENDEZV\u00c9NY Szeksz\u00e1rd, 2019.03.27.\"}]},{\"@type\":\"WebSite\",\"@id\":\"https:\\\/\\\/seed.hu\\\/#website\",\"url\":\"https:\\\/\\\/seed.hu\\\/\",\"name\":\"Seed\",\"description\":\"\",\"potentialAction\":[{\"@type\":\"SearchAction\",\"target\":{\"@type\":\"EntryPoint\",\"urlTemplate\":\"https:\\\/\\\/seed.hu\\\/?s={search_term_string}\"},\"query-input\":{\"@type\":\"PropertyValueSpecification\",\"valueRequired\":true,\"valueName\":\"search_term_string\"}}],\"inLanguage\":\"en-US\"}]}<\/script>\n<!-- \/ Yoast SEO plugin. -->","yoast_head_json":{"title":"ORSZ\u00c1GOS V\u00c1LLALKOZ\u00d3I MENTORPROGRAM - TOBORZ\u00d3 RENDEZV\u00c9NY Szeksz\u00e1rd, 2019.03.27. - Seed","robots":{"index":"index","follow":"follow","max-snippet":"max-snippet:-1","max-image-preview":"max-image-preview:large","max-video-preview":"max-video-preview:-1"},"canonical":"https:\/\/seed.hu\/hirek\/orszagos-vallalkozoi-mentorprogram-toborzo-rendezveny-szekszard-2019-03-27\/","og_locale":"en_US","og_type":"article","og_title":"ORSZ\u00c1GOS V\u00c1LLALKOZ\u00d3I MENTORPROGRAM - TOBORZ\u00d3 RENDEZV\u00c9NY Szeksz\u00e1rd, 2019.03.27. - Seed","og_description":"MEGH\u00cdV\u00d3 &nbsp; ORSZ\u00c1GOS V\u00c1LLALKOZ\u00d3I MENTOR PROGRAM Szem\u00e9lyes v\u00e1llalkoz\u00f3i mentor\u00e1l\u00e1s TOBORZ\u00d3RENDEZV\u00c9NY &nbsp; F\u00f3kuszban a KKV szektor hat\u00e9konys\u00e1g\u00e1nak n\u00f6vel\u00e9se A SEED Kisv\u00e1llalkoz\u00e1s-fejleszt\u00e9si Alap\u00edtv\u00e1ny toborz\u00f3rendezv\u00e9nyt szervez, amelyre ez\u00faton tisztelettel \u00e9s szeretettel megh\u00edvjuk. Id\u0151pont: 2019. m\u00e1rcius 27., 14-16 \u00f3r\u00e1ig Helysz\u00edn: Garay \u00c9lm\u00e9nypince, Szeksz\u00e1rd, Garay t\u00e9r 19. A rendezv\u00e9nyen megismerkedhet GINOP-1.1.2-VEKOP-17-2017-00001\u00a0 \u201eA KKV szektor hat\u00e9konys\u00e1g\u00e1nak n\u00f6vel\u00e9se p\u00e9nz\u00fcgyi ismeretek fejleszt\u00e9se, v\u00e1llalkoz\u00f3i [&hellip;]","og_url":"https:\/\/seed.hu\/hirek\/orszagos-vallalkozoi-mentorprogram-toborzo-rendezveny-szekszard-2019-03-27\/","og_site_name":"Seed","article_modified_time":"2022-01-17T19:28:06+00:00","og_image":[{"width":773,"height":774,"url":"https:\/\/seed.hu\/wp-content\/uploads\/2021\/04\/Orsza\u0301gos-Va\u0301llalkozo\u0301i-Mentorprogram.png","type":"image\/png"}],"twitter_card":"summary_large_image","twitter_misc":{"Est. reading time":"2 minutes"},"schema":{"@context":"https:\/\/schema.org","@graph":[{"@type":"WebPage","@id":"https:\/\/seed.hu\/hirek\/orszagos-vallalkozoi-mentorprogram-toborzo-rendezveny-szekszard-2019-03-27\/","url":"https:\/\/seed.hu\/hirek\/orszagos-vallalkozoi-mentorprogram-toborzo-rendezveny-szekszard-2019-03-27\/","name":"ORSZ\u00c1GOS V\u00c1LLALKOZ\u00d3I MENTORPROGRAM - TOBORZ\u00d3 RENDEZV\u00c9NY Szeksz\u00e1rd, 2019.03.27. - Seed","isPartOf":{"@id":"https:\/\/seed.hu\/#website"},"primaryImageOfPage":{"@id":"https:\/\/seed.hu\/hirek\/orszagos-vallalkozoi-mentorprogram-toborzo-rendezveny-szekszard-2019-03-27\/#primaryimage"},"image":{"@id":"https:\/\/seed.hu\/hirek\/orszagos-vallalkozoi-mentorprogram-toborzo-rendezveny-szekszard-2019-03-27\/#primaryimage"},"thumbnailUrl":"https:\/\/seed.hu\/wp-content\/uploads\/2021\/04\/Orsza\u0301gos-Va\u0301llalkozo\u0301i-Mentorprogram.png","datePublished":"2019-03-12T18:19:09+00:00","dateModified":"2022-01-17T19:28:06+00:00","breadcrumb":{"@id":"https:\/\/seed.hu\/hirek\/orszagos-vallalkozoi-mentorprogram-toborzo-rendezveny-szekszard-2019-03-27\/#breadcrumb"},"inLanguage":"en-US","potentialAction":[{"@type":"ReadAction","target":["https:\/\/seed.hu\/hirek\/orszagos-vallalkozoi-mentorprogram-toborzo-rendezveny-szekszard-2019-03-27\/"]}]},{"@type":"ImageObject","inLanguage":"en-US","@id":"https:\/\/seed.hu\/hirek\/orszagos-vallalkozoi-mentorprogram-toborzo-rendezveny-szekszard-2019-03-27\/#primaryimage","url":"https:\/\/seed.hu\/wp-content\/uploads\/2021\/04\/Orsza\u0301gos-Va\u0301llalkozo\u0301i-Mentorprogram.png","contentUrl":"https:\/\/seed.hu\/wp-content\/uploads\/2021\/04\/Orsza\u0301gos-Va\u0301llalkozo\u0301i-Mentorprogram.png","width":773,"height":774},{"@type":"BreadcrumbList","@id":"https:\/\/seed.hu\/hirek\/orszagos-vallalkozoi-mentorprogram-toborzo-rendezveny-szekszard-2019-03-27\/#breadcrumb","itemListElement":[{"@type":"ListItem","position":1,"name":"H\u00edrek","item":"https:\/\/seed.hu\/hirek\/"},{"@type":"ListItem","position":2,"name":"ORSZ\u00c1GOS V\u00c1LLALKOZ\u00d3I MENTORPROGRAM &#8211; TOBORZ\u00d3 RENDEZV\u00c9NY Szeksz\u00e1rd, 2019.03.27."}]},{"@type":"WebSite","@id":"https:\/\/seed.hu\/#website","url":"https:\/\/seed.hu\/","name":"Seed","description":"","potentialAction":[{"@type":"SearchAction","target":{"@type":"EntryPoint","urlTemplate":"https:\/\/seed.hu\/?s={search_term_string}"},"query-input":{"@type":"PropertyValueSpecification","valueRequired":true,"valueName":"search_term_string"}}],"inLanguage":"en-US"}]}},"_links":{"self":[{"href":"https:\/\/seed.hu\/en\/wp-json\/wp\/v2\/hirek\/856","targetHints":{"allow":["GET"]}}],"collection":[{"href":"https:\/\/seed.hu\/en\/wp-json\/wp\/v2\/hirek"}],"about":[{"href":"https:\/\/seed.hu\/en\/wp-json\/wp\/v2\/types\/hirek"}],"wp:featuredmedia":[{"embeddable":true,"href":"https:\/\/seed.hu\/en\/wp-json\/wp\/v2\/media\/338"}],"wp:attachment":[{"href":"https:\/\/seed.hu\/en\/wp-json\/wp\/v2\/media?parent=856"}],"curies":[{"name":"wp","href":"https:\/\/api.w.org\/{rel}","templated":true}]}}