{"id":858,"date":"2019-03-12T22:18:22","date_gmt":"2019-03-12T21:18:22","guid":{"rendered":"https:\/\/seed.hu\/?post_type=hirek&#038;p=858"},"modified":"2022-01-17T20:29:31","modified_gmt":"2022-01-17T19:29:31","slug":"szemelyes-vallalkozoi-mentoralas-budapesten-indult-szekszardon-folytatodik-a-toborzas","status":"publish","type":"hirek","link":"https:\/\/seed.hu\/en\/hirek\/szemelyes-vallalkozoi-mentoralas-budapesten-indult-szekszardon-folytatodik-a-toborzas\/","title":{"rendered":"Szem\u00e9lyes v\u00e1llalkoz\u00f3i mentor\u00e1l\u00e1s &#8211; Budapesten indult, Szeksz\u00e1rdon folytat\u00f3dik a toborz\u00e1s"},"content":{"rendered":"<p><a href=\"https:\/\/seed.hu\/hirek\/mentorok-es-mentoraltak-jelentkezeset-varja-a-seed-alapitvany\/ovm\/\" rel=\"attachment wp-att-844\"><img loading=\"lazy\" decoding=\"async\" class=\"alignnone wp-image-844 size-full\" src=\"https:\/\/seed.hu\/wp-content\/uploads\/2022\/01\/OVM.png\" alt=\"\" width=\"601\" height=\"163\" srcset=\"https:\/\/seed.hu\/wp-content\/uploads\/2022\/01\/OVM.png 601w, https:\/\/seed.hu\/wp-content\/uploads\/2022\/01\/OVM-300x81.png 300w\" sizes=\"auto, (max-width: 601px) 100vw, 601px\" \/><\/a><\/p>\n<p>Az Orsz\u00e1gos V\u00e1llalkoz\u00f3i Mentorprogram febru\u00e1r 6-i hivatalos indul\u00e1s\u00e1t k\u00f6vet\u0151en febru\u00e1r 27-\u00e9n ker\u00fclt sor a SEED Alap\u00edtv\u00e1ny \u00e1ltal menedzselt szem\u00e9lyes v\u00e1llalkoz\u00f3i mentor\u00e1l\u00e1s alprogram els\u0151 toborz\u00f3rendezv\u00e9ny\u00e9re, Budapesten. Az informat\u00edv, j\u00f3 hangulat\u00fa esem\u00e9nyen r\u00e9szt vev\u0151 v\u00e1llalkoz\u00f3k t\u00f6bbs\u00e9ge mentor\u00e1ltk\u00e9nt szeretne r\u00e9szt venni a programban, de akadt n\u00e9h\u00e1ny mentorjel\u00f6lt is a r\u00e9sztvev\u0151k k\u00f6z\u00f6tt.<\/p>\n<p>Az esem\u00e9nyen <em>Billo K\u00e1rmen<\/em>, az Innov\u00e1ci\u00f3s \u00e9s Technol\u00f3giai Miniszt\u00e9rium V\u00e1llalkoz\u00e1sfejleszt\u00e9si F\u0151oszt\u00e1ly\u00e1nak vezet\u0151je kifejtette, mennyire fontosnak tartja a magyar korm\u00e1ny a kkv-k fejleszt\u00e9s\u00e9t, meger\u0151s\u00edt\u00e9s\u00e9t, egyebek k\u00f6z\u00f6tt olyan programokkal, mint a Szem\u00e9lyes V\u00e1llalkoz\u00f3i Mentorprogram. Lakatosn\u00e9 Luk\u00e1cs Zsuzsanna, a SEED Alap\u00edtv\u00e1ny \u00fcgyvezet\u0151 igazgat\u00f3ja a mentor\u00e1l\u00e1sr\u00f3l, mint a kkv-k fejleszt\u00e9s\u00e9nek egyik fontos eszk\u00f6z\u00e9r\u0151l, valamint a SEED-nek a kor\u00e1bbi mentorprogramokban szerzett tapasztalatair\u00f3l besz\u00e9lt. Danics \u00c1gnes, a SEED Alap\u00edtv\u00e1ny szakmai vezet\u0151je, a Szem\u00e9lyes V\u00e1llalkoz\u00f3i Mentorprogram gazd\u00e1ja r\u00e9szletesen bemutatta a programot. Elmondta, hogy a programba 100 mentort \u00e9s 200 mentor\u00e1ltat v\u00e1rnak, ismertette azokat a krit\u00e9riumokat, amelyeknek a mentoroknak, illetve a mentor\u00e1ltaknak meg kell felelni\u00fck, majd bemutatta a regisztr\u00e1ci\u00f3s fel\u00fcletet.<\/p>\n<p>A programot z\u00e1r\u00f3 kerekasztal-besz\u00e9lget\u00e9sben r\u00e9szt vett a csal\u00e1di v\u00e1llalkoz\u00e1sa ut\u00f3dl\u00e1s\u00e1t sikeresen megold\u00f3 v\u00e1llalkoz\u00f3, l\u00e9v\u00e9n, a gener\u00e1ci\u00f3v\u00e1lt\u00f3 csal\u00e1di v\u00e1llalkoz\u00e1sok fontos c\u00e9lcsoportja a programnak, kor\u00e1bbi mentorprogramban mentor\u00e1ltk\u00e9nt bekapcsol\u00f3d\u00f3 n\u0151i v\u00e1llalkoz\u00f3, illetve olyan h\u00f6lgy v\u00e1llalkoz\u00f3, aki most gondolkodik azon, hogy sz\u00fcks\u00e9ge lenne mentorra.<\/p>\n<p>A szem\u00e9lyes v\u00e1llalkoz\u00f3i mentor\u00e1l\u00e1s alprogram k\u00f6vetkez\u0151 toborz\u00f3rendezv\u00e9ny\u00e9t m\u00e1rcius 27-\u00e9n 14 \u00e9s 16 \u00f3ra k\u00f6z\u00f6tt Szeksz\u00e1rdon, a Garay \u00c9lm\u00e9nypinc\u00e9ben tartj\u00e1k, amelyre Baranya, Tolna \u00e9s Somogy megyei v\u00e1llalkoz\u00f3kat v\u00e1rnak.<\/p>\n<p>M\u00e1rcius 12-ig \u00f6sszesen 27 v\u00e1llalkoz\u00f3 jelentkezett mentornak, 45 v\u00e1llalkoz\u00f3 pedig azt jelezte, hogy mentor\u00e1ltk\u00e9nt venne r\u00e9szt a programban.<\/p>\n<p>A programba regisztr\u00e1lni a <a href=\"http:\/\/mentorprogram.seed.hu\" target=\"_blank\" rel=\"noopener\">mentorprogram.seed.hu<\/a>, illetve a <a href=\"http:\/\/vallalkozztudatosan.hu\" target=\"_blank\" rel=\"noopener\">vallalkozztudatosan.hu<\/a> oldalakon lehet.<\/p>\n<p>Tov\u00e1bbi inform\u00e1ci\u00f3:<br \/>\nDanics \u00c1gnes szakmai vezet\u0151,<br \/>\nSEED Alap\u00edtv\u00e1ny.<br \/>\nE-mail: <a href=\"mailto:adanics@seed.hu\">adanics@seed.hu<\/a><br \/>\nMobil:\u00a0 +36-30-647-1977<\/p>\n","protected":false},"featured_media":338,"menu_order":0,"template":"","meta":{"_acf_changed":false},"class_list":["post-858","hirek","type-hirek","status-publish","has-post-thumbnail","hentry"],"acf":[],"yoast_head":"<!-- This site is optimized with the Yoast SEO plugin v27.4 - https:\/\/yoast.com\/product\/yoast-seo-wordpress\/ -->\n<title>Szem\u00e9lyes v\u00e1llalkoz\u00f3i mentor\u00e1l\u00e1s - Budapesten indult, Szeksz\u00e1rdon folytat\u00f3dik a toborz\u00e1s - Seed<\/title>\n<meta name=\"robots\" content=\"index, follow, max-snippet:-1, max-image-preview:large, max-video-preview:-1\" \/>\n<link rel=\"canonical\" href=\"https:\/\/seed.hu\/hirek\/szemelyes-vallalkozoi-mentoralas-budapesten-indult-szekszardon-folytatodik-a-toborzas\/\" \/>\n<meta property=\"og:locale\" content=\"en_US\" \/>\n<meta property=\"og:type\" content=\"article\" \/>\n<meta property=\"og:title\" content=\"Szem\u00e9lyes v\u00e1llalkoz\u00f3i mentor\u00e1l\u00e1s - Budapesten indult, Szeksz\u00e1rdon folytat\u00f3dik a toborz\u00e1s - Seed\" \/>\n<meta property=\"og:description\" content=\"Az Orsz\u00e1gos V\u00e1llalkoz\u00f3i Mentorprogram febru\u00e1r 6-i hivatalos indul\u00e1s\u00e1t k\u00f6vet\u0151en febru\u00e1r 27-\u00e9n ker\u00fclt sor a SEED Alap\u00edtv\u00e1ny \u00e1ltal menedzselt szem\u00e9lyes v\u00e1llalkoz\u00f3i mentor\u00e1l\u00e1s alprogram els\u0151 toborz\u00f3rendezv\u00e9ny\u00e9re, Budapesten. Az informat\u00edv, j\u00f3 hangulat\u00fa esem\u00e9nyen r\u00e9szt vev\u0151 v\u00e1llalkoz\u00f3k t\u00f6bbs\u00e9ge mentor\u00e1ltk\u00e9nt szeretne r\u00e9szt venni a programban, de akadt n\u00e9h\u00e1ny mentorjel\u00f6lt is a r\u00e9sztvev\u0151k k\u00f6z\u00f6tt. Az esem\u00e9nyen Billo K\u00e1rmen, az Innov\u00e1ci\u00f3s \u00e9s [&hellip;]\" \/>\n<meta property=\"og:url\" content=\"https:\/\/seed.hu\/hirek\/szemelyes-vallalkozoi-mentoralas-budapesten-indult-szekszardon-folytatodik-a-toborzas\/\" \/>\n<meta property=\"og:site_name\" content=\"Seed\" \/>\n<meta property=\"article:modified_time\" content=\"2022-01-17T19:29:31+00:00\" \/>\n<meta property=\"og:image\" content=\"https:\/\/seed.hu\/wp-content\/uploads\/2021\/04\/Orsza\u0301gos-Va\u0301llalkozo\u0301i-Mentorprogram.png\" \/>\n\t<meta property=\"og:image:width\" content=\"773\" \/>\n\t<meta property=\"og:image:height\" content=\"774\" \/>\n\t<meta property=\"og:image:type\" content=\"image\/png\" \/>\n<meta name=\"twitter:card\" content=\"summary_large_image\" \/>\n<meta name=\"twitter:label1\" content=\"Est. reading time\" \/>\n\t<meta name=\"twitter:data1\" content=\"2 minutes\" \/>\n<script type=\"application\/ld+json\" class=\"yoast-schema-graph\">{\"@context\":\"https:\\\/\\\/schema.org\",\"@graph\":[{\"@type\":\"WebPage\",\"@id\":\"https:\\\/\\\/seed.hu\\\/hirek\\\/szemelyes-vallalkozoi-mentoralas-budapesten-indult-szekszardon-folytatodik-a-toborzas\\\/\",\"url\":\"https:\\\/\\\/seed.hu\\\/hirek\\\/szemelyes-vallalkozoi-mentoralas-budapesten-indult-szekszardon-folytatodik-a-toborzas\\\/\",\"name\":\"Szem\u00e9lyes v\u00e1llalkoz\u00f3i mentor\u00e1l\u00e1s - Budapesten indult, Szeksz\u00e1rdon folytat\u00f3dik a toborz\u00e1s - Seed\",\"isPartOf\":{\"@id\":\"https:\\\/\\\/seed.hu\\\/#website\"},\"primaryImageOfPage\":{\"@id\":\"https:\\\/\\\/seed.hu\\\/hirek\\\/szemelyes-vallalkozoi-mentoralas-budapesten-indult-szekszardon-folytatodik-a-toborzas\\\/#primaryimage\"},\"image\":{\"@id\":\"https:\\\/\\\/seed.hu\\\/hirek\\\/szemelyes-vallalkozoi-mentoralas-budapesten-indult-szekszardon-folytatodik-a-toborzas\\\/#primaryimage\"},\"thumbnailUrl\":\"https:\\\/\\\/seed.hu\\\/wp-content\\\/uploads\\\/2021\\\/04\\\/Orsza\u0301gos-Va\u0301llalkozo\u0301i-Mentorprogram.png\",\"datePublished\":\"2019-03-12T21:18:22+00:00\",\"dateModified\":\"2022-01-17T19:29:31+00:00\",\"breadcrumb\":{\"@id\":\"https:\\\/\\\/seed.hu\\\/hirek\\\/szemelyes-vallalkozoi-mentoralas-budapesten-indult-szekszardon-folytatodik-a-toborzas\\\/#breadcrumb\"},\"inLanguage\":\"en-US\",\"potentialAction\":[{\"@type\":\"ReadAction\",\"target\":[\"https:\\\/\\\/seed.hu\\\/hirek\\\/szemelyes-vallalkozoi-mentoralas-budapesten-indult-szekszardon-folytatodik-a-toborzas\\\/\"]}]},{\"@type\":\"ImageObject\",\"inLanguage\":\"en-US\",\"@id\":\"https:\\\/\\\/seed.hu\\\/hirek\\\/szemelyes-vallalkozoi-mentoralas-budapesten-indult-szekszardon-folytatodik-a-toborzas\\\/#primaryimage\",\"url\":\"https:\\\/\\\/seed.hu\\\/wp-content\\\/uploads\\\/2021\\\/04\\\/Orsza\u0301gos-Va\u0301llalkozo\u0301i-Mentorprogram.png\",\"contentUrl\":\"https:\\\/\\\/seed.hu\\\/wp-content\\\/uploads\\\/2021\\\/04\\\/Orsza\u0301gos-Va\u0301llalkozo\u0301i-Mentorprogram.png\",\"width\":773,\"height\":774},{\"@type\":\"BreadcrumbList\",\"@id\":\"https:\\\/\\\/seed.hu\\\/hirek\\\/szemelyes-vallalkozoi-mentoralas-budapesten-indult-szekszardon-folytatodik-a-toborzas\\\/#breadcrumb\",\"itemListElement\":[{\"@type\":\"ListItem\",\"position\":1,\"name\":\"H\u00edrek\",\"item\":\"https:\\\/\\\/seed.hu\\\/hirek\\\/\"},{\"@type\":\"ListItem\",\"position\":2,\"name\":\"Szem\u00e9lyes v\u00e1llalkoz\u00f3i mentor\u00e1l\u00e1s &#8211; Budapesten indult, Szeksz\u00e1rdon folytat\u00f3dik a toborz\u00e1s\"}]},{\"@type\":\"WebSite\",\"@id\":\"https:\\\/\\\/seed.hu\\\/#website\",\"url\":\"https:\\\/\\\/seed.hu\\\/\",\"name\":\"Seed\",\"description\":\"\",\"potentialAction\":[{\"@type\":\"SearchAction\",\"target\":{\"@type\":\"EntryPoint\",\"urlTemplate\":\"https:\\\/\\\/seed.hu\\\/?s={search_term_string}\"},\"query-input\":{\"@type\":\"PropertyValueSpecification\",\"valueRequired\":true,\"valueName\":\"search_term_string\"}}],\"inLanguage\":\"en-US\"}]}<\/script>\n<!-- \/ Yoast SEO plugin. -->","yoast_head_json":{"title":"Szem\u00e9lyes v\u00e1llalkoz\u00f3i mentor\u00e1l\u00e1s - Budapesten indult, Szeksz\u00e1rdon folytat\u00f3dik a toborz\u00e1s - Seed","robots":{"index":"index","follow":"follow","max-snippet":"max-snippet:-1","max-image-preview":"max-image-preview:large","max-video-preview":"max-video-preview:-1"},"canonical":"https:\/\/seed.hu\/hirek\/szemelyes-vallalkozoi-mentoralas-budapesten-indult-szekszardon-folytatodik-a-toborzas\/","og_locale":"en_US","og_type":"article","og_title":"Szem\u00e9lyes v\u00e1llalkoz\u00f3i mentor\u00e1l\u00e1s - Budapesten indult, Szeksz\u00e1rdon folytat\u00f3dik a toborz\u00e1s - Seed","og_description":"Az Orsz\u00e1gos V\u00e1llalkoz\u00f3i Mentorprogram febru\u00e1r 6-i hivatalos indul\u00e1s\u00e1t k\u00f6vet\u0151en febru\u00e1r 27-\u00e9n ker\u00fclt sor a SEED Alap\u00edtv\u00e1ny \u00e1ltal menedzselt szem\u00e9lyes v\u00e1llalkoz\u00f3i mentor\u00e1l\u00e1s alprogram els\u0151 toborz\u00f3rendezv\u00e9ny\u00e9re, Budapesten. Az informat\u00edv, j\u00f3 hangulat\u00fa esem\u00e9nyen r\u00e9szt vev\u0151 v\u00e1llalkoz\u00f3k t\u00f6bbs\u00e9ge mentor\u00e1ltk\u00e9nt szeretne r\u00e9szt venni a programban, de akadt n\u00e9h\u00e1ny mentorjel\u00f6lt is a r\u00e9sztvev\u0151k k\u00f6z\u00f6tt. Az esem\u00e9nyen Billo K\u00e1rmen, az Innov\u00e1ci\u00f3s \u00e9s [&hellip;]","og_url":"https:\/\/seed.hu\/hirek\/szemelyes-vallalkozoi-mentoralas-budapesten-indult-szekszardon-folytatodik-a-toborzas\/","og_site_name":"Seed","article_modified_time":"2022-01-17T19:29:31+00:00","og_image":[{"width":773,"height":774,"url":"https:\/\/seed.hu\/wp-content\/uploads\/2021\/04\/Orsza\u0301gos-Va\u0301llalkozo\u0301i-Mentorprogram.png","type":"image\/png"}],"twitter_card":"summary_large_image","twitter_misc":{"Est. reading time":"2 minutes"},"schema":{"@context":"https:\/\/schema.org","@graph":[{"@type":"WebPage","@id":"https:\/\/seed.hu\/hirek\/szemelyes-vallalkozoi-mentoralas-budapesten-indult-szekszardon-folytatodik-a-toborzas\/","url":"https:\/\/seed.hu\/hirek\/szemelyes-vallalkozoi-mentoralas-budapesten-indult-szekszardon-folytatodik-a-toborzas\/","name":"Szem\u00e9lyes v\u00e1llalkoz\u00f3i mentor\u00e1l\u00e1s - Budapesten indult, Szeksz\u00e1rdon folytat\u00f3dik a toborz\u00e1s - Seed","isPartOf":{"@id":"https:\/\/seed.hu\/#website"},"primaryImageOfPage":{"@id":"https:\/\/seed.hu\/hirek\/szemelyes-vallalkozoi-mentoralas-budapesten-indult-szekszardon-folytatodik-a-toborzas\/#primaryimage"},"image":{"@id":"https:\/\/seed.hu\/hirek\/szemelyes-vallalkozoi-mentoralas-budapesten-indult-szekszardon-folytatodik-a-toborzas\/#primaryimage"},"thumbnailUrl":"https:\/\/seed.hu\/wp-content\/uploads\/2021\/04\/Orsza\u0301gos-Va\u0301llalkozo\u0301i-Mentorprogram.png","datePublished":"2019-03-12T21:18:22+00:00","dateModified":"2022-01-17T19:29:31+00:00","breadcrumb":{"@id":"https:\/\/seed.hu\/hirek\/szemelyes-vallalkozoi-mentoralas-budapesten-indult-szekszardon-folytatodik-a-toborzas\/#breadcrumb"},"inLanguage":"en-US","potentialAction":[{"@type":"ReadAction","target":["https:\/\/seed.hu\/hirek\/szemelyes-vallalkozoi-mentoralas-budapesten-indult-szekszardon-folytatodik-a-toborzas\/"]}]},{"@type":"ImageObject","inLanguage":"en-US","@id":"https:\/\/seed.hu\/hirek\/szemelyes-vallalkozoi-mentoralas-budapesten-indult-szekszardon-folytatodik-a-toborzas\/#primaryimage","url":"https:\/\/seed.hu\/wp-content\/uploads\/2021\/04\/Orsza\u0301gos-Va\u0301llalkozo\u0301i-Mentorprogram.png","contentUrl":"https:\/\/seed.hu\/wp-content\/uploads\/2021\/04\/Orsza\u0301gos-Va\u0301llalkozo\u0301i-Mentorprogram.png","width":773,"height":774},{"@type":"BreadcrumbList","@id":"https:\/\/seed.hu\/hirek\/szemelyes-vallalkozoi-mentoralas-budapesten-indult-szekszardon-folytatodik-a-toborzas\/#breadcrumb","itemListElement":[{"@type":"ListItem","position":1,"name":"H\u00edrek","item":"https:\/\/seed.hu\/hirek\/"},{"@type":"ListItem","position":2,"name":"Szem\u00e9lyes v\u00e1llalkoz\u00f3i mentor\u00e1l\u00e1s &#8211; Budapesten indult, Szeksz\u00e1rdon folytat\u00f3dik a toborz\u00e1s"}]},{"@type":"WebSite","@id":"https:\/\/seed.hu\/#website","url":"https:\/\/seed.hu\/","name":"Seed","description":"","potentialAction":[{"@type":"SearchAction","target":{"@type":"EntryPoint","urlTemplate":"https:\/\/seed.hu\/?s={search_term_string}"},"query-input":{"@type":"PropertyValueSpecification","valueRequired":true,"valueName":"search_term_string"}}],"inLanguage":"en-US"}]}},"_links":{"self":[{"href":"https:\/\/seed.hu\/en\/wp-json\/wp\/v2\/hirek\/858","targetHints":{"allow":["GET"]}}],"collection":[{"href":"https:\/\/seed.hu\/en\/wp-json\/wp\/v2\/hirek"}],"about":[{"href":"https:\/\/seed.hu\/en\/wp-json\/wp\/v2\/types\/hirek"}],"wp:featuredmedia":[{"embeddable":true,"href":"https:\/\/seed.hu\/en\/wp-json\/wp\/v2\/media\/338"}],"wp:attachment":[{"href":"https:\/\/seed.hu\/en\/wp-json\/wp\/v2\/media?parent=858"}],"curies":[{"name":"wp","href":"https:\/\/api.w.org\/{rel}","templated":true}]}}