{"id":859,"date":"2019-03-22T16:44:41","date_gmt":"2019-03-22T15:44:41","guid":{"rendered":"https:\/\/seed.hu\/?post_type=hirek&#038;p=859"},"modified":"2022-01-17T20:34:07","modified_gmt":"2022-01-17T19:34:07","slug":"szja-1-felajanlasa-a-csaladi-vallalkozasok-orszagos-egyesulete-szamara","status":"publish","type":"hirek","link":"https:\/\/seed.hu\/en\/hirek\/szja-1-felajanlasa-a-csaladi-vallalkozasok-orszagos-egyesulete-szamara\/","title":{"rendered":"SZJA 1% felaj\u00e1nl\u00e1sa a Csal\u00e1di V\u00e1llalkoz\u00e1sok Orsz\u00e1gos Egyes\u00fclete sz\u00e1m\u00e1ra"},"content":{"rendered":"<p><span style=\"font-size: 18px;\"><strong>Tisztelt T\u00e1mogat\u00f3nk, Kedves Bar\u00e1tunk!<\/strong><\/span><\/p>\n<p><span style=\"font-size: 14px;\"><strong>Az\u00e9rt k\u00e9r\u00fcnk, hogy adni tudjunk!<\/strong><\/span><br \/>\nA Csal\u00e1di V\u00e1llalkoz\u00e1sok Orsz\u00e1gos Egyes\u00fclete \u00e1ltal alap\u00edtott Alap\u00edtv\u00e1ny c\u00e9lja: a csal\u00e1di v\u00e1llalkoz\u00e1s, mint \u00fczleti forma, mint \u00e9letforma, mint j\u00f6v\u0151k\u00e9p (gazdas\u00e1gi \u2013 \u00e9s szoci\u00e1lis \u00e9rtelemben) n\u00e9pszer\u0171s\u00edt\u00e9se, a gener\u00e1ci\u00f3v\u00e1lt\u00e1s folyamat\u00e1nak el\u0151seg\u00edt\u00e9se alap\u00edtv\u00e1nyi eszk\u00f6z\u00f6kkel \u00e9s lehet\u0151s\u00e9gekkel.<\/p>\n<p>M\u00e1sk\u00e9pp fogalmazva: a csal\u00e1di v\u00e1llalkoz\u00e1sok alap\u00edt\u00f3inak megl\u00e9v\u0151 kompetenci\u00e1j\u00e1t, gyakorlati tud\u00e1stranszferen kereszt\u00fcl \u00e1tadni a csal\u00e1di v\u00e1llalkoz\u00e1sok \u00faj vezet\u0151i\/tulajdonosi gener\u00e1ci\u00f3j\u00e1nak, el\u0151seg\u00edtve ezzel a gener\u00e1ci\u00f3v\u00e1lt\u00e1s k\u00f6nnyebb lebonyol\u00edt\u00e1s\u00e1t \u00e9s a korszer\u0171bb, gyakorlatorient\u00e1lt \u00fczleti tud\u00e1s t\u00e9rnyer\u00e9s\u00e9t annak \u00e9rdek\u00e9ben, hogy a p\u00e1lyakezd\u0151 fiatalok min\u00e9l magasabb sz\u00e1zal\u00e9ka v\u00e1lassza ezt a fajta boldogul\u00e1st, maradjon itthon \u00e9s gyarap\u00edtsa Magyarorsz\u00e1g GDP-j\u00e9t, gazdas\u00e1gi \u2013 \u00e9s szellemi elitj\u00e9t.<\/p>\n<p>Sokat tett\u00fcnk eddig : t\u00f6bb fels\u0151oktat\u00e1si int\u00e9zm\u00e9nnyel is egy\u00fctt dolgozunk (Budapesti Gazdas\u00e1gi Egyetem, Miskolci Egyetem, Neumann J\u00e1nos Egyetem), seg\u00edts\u00e9g\u00fckkel \u00e9s k\u00f6zrem\u0171k\u00f6d\u00e9s\u00fckkel ,\u00e9s a SEED Alap\u00edtv\u00e1nnyal t\u00f6rt\u00e9n\u0151 folyamatos egy\u00fcttm\u0171k\u00f6d\u00e9s mellett, szeretn\u00e9nk kialak\u00edtani azt az \u00fczleti tud\u00e1stranszfer online platformot, amely folyamatosan fejlesztett, \u00fczleti tud\u00e1s tartalommal el\u00e9g\u00edti ki a fiatal csal\u00e1di v\u00e1llalkoz\u00f3k \u00e9s a fejl\u0151dni akar\u00f3 id\u0151sebb gener\u00e1ci\u00f3 gyakorlati tud\u00e1sv\u00e1gy\u00e1t.<\/p>\n<p>Ahhoz, hogy t\u00f6bbet tehess\u00fcnk, minden hozz\u00e1j\u00e1rul\u00e1sra sz\u00fcks\u00e9g\u00fcnk van \u00e9s erre a tavaly elnyert k\u00f6zhaszn\u00fas\u00e1g lehet\u0151s\u00e9get is biztos\u00edt!<\/p>\n<p>Az Alap\u00edtv\u00e1ny honlapja (<a href=\"http:\/\/www.csvoe-alapitvany.hu\" target=\"_blank\" rel=\"noopener\">http:\/\/www.csvoe-alapitvany.hu<\/a>) r\u00e9szletesen taglalja a p\u00e1ly\u00e1zat \u00fatj\u00e1n elnyerhet\u0151 lehet\u0151s\u00e9geket, de ahhoz, hogy ezt magas sz\u00ednvonalon \u00e9s folyamatosan biztos\u00edtani tudjuk arra k\u00e9rj\u00fck, hogy 1%-\u00e1nak felaj\u00e1nl\u00e1s\u00e1val csatlakozzon hozz\u00e1nk.<br \/>\nTegye ezt az\u00e9rt, mert a saj\u00e1t gyerekeink j\u00f6v\u0151j\u00e9\u00e9rt dolgozunk, az\u00e9rt, mert az orsz\u00e1g j\u00f6v\u0151je az \u00e9letk\u00e9pes csal\u00e1di v\u00e1llalkoz\u00e1sok min\u00e9l nagyobb sz\u00e1m\u00e1n, a helyi k\u00f6z\u00f6ss\u00e9gek ig\u00e9nyeinek megfelelni akar\u00f3 v\u00e1llalkoz\u00e1sok sz\u00ednvonal\u00e1nak fejleszt\u00e9s\u00e9n is m\u00falik<\/p>\n<p>Mi tudjuk, hogy ez az \u00fcgy kiemelten fontos\u2026<br \/>\nK\u00f6lcseyvel sz\u00f3lva:\u00a0 \u201e\u2026hass, alkoss, gyarap\u00edts, s a Haza f\u00e9nyre der\u00fcl\u201d<\/p>\n<p><strong>Ad\u00f3sz\u00e1munk:<\/strong> 18647196-1-41<\/p>\n<p><strong>Sz\u00e1mlasz\u00e1munk:<\/strong> 10100833-61731700-01004004<\/p>\n<p><strong>K\u00f6sz\u00f6nj\u00fck!<\/strong><\/p>\n","protected":false},"featured_media":860,"menu_order":0,"template":"","meta":{"_acf_changed":false},"class_list":["post-859","hirek","type-hirek","status-publish","has-post-thumbnail","hentry"],"acf":[],"yoast_head":"<!-- This site is optimized with the Yoast SEO plugin v27.4 - https:\/\/yoast.com\/product\/yoast-seo-wordpress\/ -->\n<title>SZJA 1% felaj\u00e1nl\u00e1sa a Csal\u00e1di V\u00e1llalkoz\u00e1sok Orsz\u00e1gos Egyes\u00fclete sz\u00e1m\u00e1ra - Seed<\/title>\n<meta name=\"robots\" content=\"index, follow, max-snippet:-1, max-image-preview:large, max-video-preview:-1\" \/>\n<link rel=\"canonical\" href=\"https:\/\/seed.hu\/hirek\/szja-1-felajanlasa-a-csaladi-vallalkozasok-orszagos-egyesulete-szamara\/\" \/>\n<meta property=\"og:locale\" content=\"en_US\" \/>\n<meta property=\"og:type\" content=\"article\" \/>\n<meta property=\"og:title\" content=\"SZJA 1% felaj\u00e1nl\u00e1sa a Csal\u00e1di V\u00e1llalkoz\u00e1sok Orsz\u00e1gos Egyes\u00fclete sz\u00e1m\u00e1ra - Seed\" \/>\n<meta property=\"og:description\" content=\"Tisztelt T\u00e1mogat\u00f3nk, Kedves Bar\u00e1tunk! Az\u00e9rt k\u00e9r\u00fcnk, hogy adni tudjunk! A Csal\u00e1di V\u00e1llalkoz\u00e1sok Orsz\u00e1gos Egyes\u00fclete \u00e1ltal alap\u00edtott Alap\u00edtv\u00e1ny c\u00e9lja: a csal\u00e1di v\u00e1llalkoz\u00e1s, mint \u00fczleti forma, mint \u00e9letforma, mint j\u00f6v\u0151k\u00e9p (gazdas\u00e1gi \u2013 \u00e9s szoci\u00e1lis \u00e9rtelemben) n\u00e9pszer\u0171s\u00edt\u00e9se, a gener\u00e1ci\u00f3v\u00e1lt\u00e1s folyamat\u00e1nak el\u0151seg\u00edt\u00e9se alap\u00edtv\u00e1nyi eszk\u00f6z\u00f6kkel \u00e9s lehet\u0151s\u00e9gekkel. M\u00e1sk\u00e9pp fogalmazva: a csal\u00e1di v\u00e1llalkoz\u00e1sok alap\u00edt\u00f3inak megl\u00e9v\u0151 kompetenci\u00e1j\u00e1t, gyakorlati tud\u00e1stranszferen kereszt\u00fcl \u00e1tadni a [&hellip;]\" \/>\n<meta property=\"og:url\" content=\"https:\/\/seed.hu\/hirek\/szja-1-felajanlasa-a-csaladi-vallalkozasok-orszagos-egyesulete-szamara\/\" \/>\n<meta property=\"og:site_name\" content=\"Seed\" \/>\n<meta property=\"article:modified_time\" content=\"2022-01-17T19:34:07+00:00\" \/>\n<meta property=\"og:image\" content=\"https:\/\/seed.hu\/wp-content\/uploads\/2019\/03\/CSVOE_206x200.png\" \/>\n\t<meta property=\"og:image:width\" content=\"206\" \/>\n\t<meta property=\"og:image:height\" content=\"200\" \/>\n\t<meta property=\"og:image:type\" content=\"image\/png\" \/>\n<meta name=\"twitter:card\" content=\"summary_large_image\" \/>\n<meta name=\"twitter:label1\" content=\"Est. reading time\" \/>\n\t<meta name=\"twitter:data1\" content=\"2 minutes\" \/>\n<script type=\"application\/ld+json\" class=\"yoast-schema-graph\">{\"@context\":\"https:\\\/\\\/schema.org\",\"@graph\":[{\"@type\":\"WebPage\",\"@id\":\"https:\\\/\\\/seed.hu\\\/hirek\\\/szja-1-felajanlasa-a-csaladi-vallalkozasok-orszagos-egyesulete-szamara\\\/\",\"url\":\"https:\\\/\\\/seed.hu\\\/hirek\\\/szja-1-felajanlasa-a-csaladi-vallalkozasok-orszagos-egyesulete-szamara\\\/\",\"name\":\"SZJA 1% felaj\u00e1nl\u00e1sa a Csal\u00e1di V\u00e1llalkoz\u00e1sok Orsz\u00e1gos Egyes\u00fclete sz\u00e1m\u00e1ra - Seed\",\"isPartOf\":{\"@id\":\"https:\\\/\\\/seed.hu\\\/#website\"},\"primaryImageOfPage\":{\"@id\":\"https:\\\/\\\/seed.hu\\\/hirek\\\/szja-1-felajanlasa-a-csaladi-vallalkozasok-orszagos-egyesulete-szamara\\\/#primaryimage\"},\"image\":{\"@id\":\"https:\\\/\\\/seed.hu\\\/hirek\\\/szja-1-felajanlasa-a-csaladi-vallalkozasok-orszagos-egyesulete-szamara\\\/#primaryimage\"},\"thumbnailUrl\":\"https:\\\/\\\/seed.hu\\\/wp-content\\\/uploads\\\/2019\\\/03\\\/CSVOE_206x200.png\",\"datePublished\":\"2019-03-22T15:44:41+00:00\",\"dateModified\":\"2022-01-17T19:34:07+00:00\",\"breadcrumb\":{\"@id\":\"https:\\\/\\\/seed.hu\\\/hirek\\\/szja-1-felajanlasa-a-csaladi-vallalkozasok-orszagos-egyesulete-szamara\\\/#breadcrumb\"},\"inLanguage\":\"en-US\",\"potentialAction\":[{\"@type\":\"ReadAction\",\"target\":[\"https:\\\/\\\/seed.hu\\\/hirek\\\/szja-1-felajanlasa-a-csaladi-vallalkozasok-orszagos-egyesulete-szamara\\\/\"]}]},{\"@type\":\"ImageObject\",\"inLanguage\":\"en-US\",\"@id\":\"https:\\\/\\\/seed.hu\\\/hirek\\\/szja-1-felajanlasa-a-csaladi-vallalkozasok-orszagos-egyesulete-szamara\\\/#primaryimage\",\"url\":\"https:\\\/\\\/seed.hu\\\/wp-content\\\/uploads\\\/2019\\\/03\\\/CSVOE_206x200.png\",\"contentUrl\":\"https:\\\/\\\/seed.hu\\\/wp-content\\\/uploads\\\/2019\\\/03\\\/CSVOE_206x200.png\",\"width\":206,\"height\":200},{\"@type\":\"BreadcrumbList\",\"@id\":\"https:\\\/\\\/seed.hu\\\/hirek\\\/szja-1-felajanlasa-a-csaladi-vallalkozasok-orszagos-egyesulete-szamara\\\/#breadcrumb\",\"itemListElement\":[{\"@type\":\"ListItem\",\"position\":1,\"name\":\"H\u00edrek\",\"item\":\"https:\\\/\\\/seed.hu\\\/hirek\\\/\"},{\"@type\":\"ListItem\",\"position\":2,\"name\":\"SZJA 1% felaj\u00e1nl\u00e1sa a Csal\u00e1di V\u00e1llalkoz\u00e1sok Orsz\u00e1gos Egyes\u00fclete sz\u00e1m\u00e1ra\"}]},{\"@type\":\"WebSite\",\"@id\":\"https:\\\/\\\/seed.hu\\\/#website\",\"url\":\"https:\\\/\\\/seed.hu\\\/\",\"name\":\"Seed\",\"description\":\"\",\"potentialAction\":[{\"@type\":\"SearchAction\",\"target\":{\"@type\":\"EntryPoint\",\"urlTemplate\":\"https:\\\/\\\/seed.hu\\\/?s={search_term_string}\"},\"query-input\":{\"@type\":\"PropertyValueSpecification\",\"valueRequired\":true,\"valueName\":\"search_term_string\"}}],\"inLanguage\":\"en-US\"}]}<\/script>\n<!-- \/ Yoast SEO plugin. -->","yoast_head_json":{"title":"SZJA 1% felaj\u00e1nl\u00e1sa a Csal\u00e1di V\u00e1llalkoz\u00e1sok Orsz\u00e1gos Egyes\u00fclete sz\u00e1m\u00e1ra - Seed","robots":{"index":"index","follow":"follow","max-snippet":"max-snippet:-1","max-image-preview":"max-image-preview:large","max-video-preview":"max-video-preview:-1"},"canonical":"https:\/\/seed.hu\/hirek\/szja-1-felajanlasa-a-csaladi-vallalkozasok-orszagos-egyesulete-szamara\/","og_locale":"en_US","og_type":"article","og_title":"SZJA 1% felaj\u00e1nl\u00e1sa a Csal\u00e1di V\u00e1llalkoz\u00e1sok Orsz\u00e1gos Egyes\u00fclete sz\u00e1m\u00e1ra - Seed","og_description":"Tisztelt T\u00e1mogat\u00f3nk, Kedves Bar\u00e1tunk! Az\u00e9rt k\u00e9r\u00fcnk, hogy adni tudjunk! A Csal\u00e1di V\u00e1llalkoz\u00e1sok Orsz\u00e1gos Egyes\u00fclete \u00e1ltal alap\u00edtott Alap\u00edtv\u00e1ny c\u00e9lja: a csal\u00e1di v\u00e1llalkoz\u00e1s, mint \u00fczleti forma, mint \u00e9letforma, mint j\u00f6v\u0151k\u00e9p (gazdas\u00e1gi \u2013 \u00e9s szoci\u00e1lis \u00e9rtelemben) n\u00e9pszer\u0171s\u00edt\u00e9se, a gener\u00e1ci\u00f3v\u00e1lt\u00e1s folyamat\u00e1nak el\u0151seg\u00edt\u00e9se alap\u00edtv\u00e1nyi eszk\u00f6z\u00f6kkel \u00e9s lehet\u0151s\u00e9gekkel. M\u00e1sk\u00e9pp fogalmazva: a csal\u00e1di v\u00e1llalkoz\u00e1sok alap\u00edt\u00f3inak megl\u00e9v\u0151 kompetenci\u00e1j\u00e1t, gyakorlati tud\u00e1stranszferen kereszt\u00fcl \u00e1tadni a [&hellip;]","og_url":"https:\/\/seed.hu\/hirek\/szja-1-felajanlasa-a-csaladi-vallalkozasok-orszagos-egyesulete-szamara\/","og_site_name":"Seed","article_modified_time":"2022-01-17T19:34:07+00:00","og_image":[{"width":206,"height":200,"url":"https:\/\/seed.hu\/wp-content\/uploads\/2019\/03\/CSVOE_206x200.png","type":"image\/png"}],"twitter_card":"summary_large_image","twitter_misc":{"Est. reading time":"2 minutes"},"schema":{"@context":"https:\/\/schema.org","@graph":[{"@type":"WebPage","@id":"https:\/\/seed.hu\/hirek\/szja-1-felajanlasa-a-csaladi-vallalkozasok-orszagos-egyesulete-szamara\/","url":"https:\/\/seed.hu\/hirek\/szja-1-felajanlasa-a-csaladi-vallalkozasok-orszagos-egyesulete-szamara\/","name":"SZJA 1% felaj\u00e1nl\u00e1sa a Csal\u00e1di V\u00e1llalkoz\u00e1sok Orsz\u00e1gos Egyes\u00fclete sz\u00e1m\u00e1ra - Seed","isPartOf":{"@id":"https:\/\/seed.hu\/#website"},"primaryImageOfPage":{"@id":"https:\/\/seed.hu\/hirek\/szja-1-felajanlasa-a-csaladi-vallalkozasok-orszagos-egyesulete-szamara\/#primaryimage"},"image":{"@id":"https:\/\/seed.hu\/hirek\/szja-1-felajanlasa-a-csaladi-vallalkozasok-orszagos-egyesulete-szamara\/#primaryimage"},"thumbnailUrl":"https:\/\/seed.hu\/wp-content\/uploads\/2019\/03\/CSVOE_206x200.png","datePublished":"2019-03-22T15:44:41+00:00","dateModified":"2022-01-17T19:34:07+00:00","breadcrumb":{"@id":"https:\/\/seed.hu\/hirek\/szja-1-felajanlasa-a-csaladi-vallalkozasok-orszagos-egyesulete-szamara\/#breadcrumb"},"inLanguage":"en-US","potentialAction":[{"@type":"ReadAction","target":["https:\/\/seed.hu\/hirek\/szja-1-felajanlasa-a-csaladi-vallalkozasok-orszagos-egyesulete-szamara\/"]}]},{"@type":"ImageObject","inLanguage":"en-US","@id":"https:\/\/seed.hu\/hirek\/szja-1-felajanlasa-a-csaladi-vallalkozasok-orszagos-egyesulete-szamara\/#primaryimage","url":"https:\/\/seed.hu\/wp-content\/uploads\/2019\/03\/CSVOE_206x200.png","contentUrl":"https:\/\/seed.hu\/wp-content\/uploads\/2019\/03\/CSVOE_206x200.png","width":206,"height":200},{"@type":"BreadcrumbList","@id":"https:\/\/seed.hu\/hirek\/szja-1-felajanlasa-a-csaladi-vallalkozasok-orszagos-egyesulete-szamara\/#breadcrumb","itemListElement":[{"@type":"ListItem","position":1,"name":"H\u00edrek","item":"https:\/\/seed.hu\/hirek\/"},{"@type":"ListItem","position":2,"name":"SZJA 1% felaj\u00e1nl\u00e1sa a Csal\u00e1di V\u00e1llalkoz\u00e1sok Orsz\u00e1gos Egyes\u00fclete sz\u00e1m\u00e1ra"}]},{"@type":"WebSite","@id":"https:\/\/seed.hu\/#website","url":"https:\/\/seed.hu\/","name":"Seed","description":"","potentialAction":[{"@type":"SearchAction","target":{"@type":"EntryPoint","urlTemplate":"https:\/\/seed.hu\/?s={search_term_string}"},"query-input":{"@type":"PropertyValueSpecification","valueRequired":true,"valueName":"search_term_string"}}],"inLanguage":"en-US"}]}},"_links":{"self":[{"href":"https:\/\/seed.hu\/en\/wp-json\/wp\/v2\/hirek\/859","targetHints":{"allow":["GET"]}}],"collection":[{"href":"https:\/\/seed.hu\/en\/wp-json\/wp\/v2\/hirek"}],"about":[{"href":"https:\/\/seed.hu\/en\/wp-json\/wp\/v2\/types\/hirek"}],"wp:featuredmedia":[{"embeddable":true,"href":"https:\/\/seed.hu\/en\/wp-json\/wp\/v2\/media\/860"}],"wp:attachment":[{"href":"https:\/\/seed.hu\/en\/wp-json\/wp\/v2\/media?parent=859"}],"curies":[{"name":"wp","href":"https:\/\/api.w.org\/{rel}","templated":true}]}}