{"id":862,"date":"2019-03-22T16:49:29","date_gmt":"2019-03-22T15:49:29","guid":{"rendered":"https:\/\/seed.hu\/?post_type=hirek&#038;p=862"},"modified":"2022-01-17T20:39:00","modified_gmt":"2022-01-17T19:39:00","slug":"mit-tehet-ha-rendelkezni-akar-az-szja-11-rol-2","status":"publish","type":"hirek","link":"https:\/\/seed.hu\/en\/hirek\/mit-tehet-ha-rendelkezni-akar-az-szja-11-rol-2\/","title":{"rendered":"Mit tehet, ha rendelkezni akar az SZJA 1+1%-r\u00f3l?"},"content":{"rendered":"<p><strong><span style=\"font-size: 18px;\">Hogyan lehet az SZJA 1 sz\u00e1zal\u00e9kr\u00f3l rendelkezni?<\/span><\/strong><\/p>\n<p>A SEED Alap\u00edtv\u00e1ny nev\u00e9ben seg\u00edt\u00fcnk megv\u00e1laszolni ezt a k\u00e9rd\u00e9st! Alap\u00edtv\u00e1nyunk minden er\u0151forr\u00e1s\u00e1t a a fenntarthat\u00f3 fejl\u0151d\u00e9s szolg\u00e1lat\u00e1ba \u00e1ll\u00edtja \u00e9vr\u0151l \u00e9vre. Ennek \u00e9rdek\u00e9ben a kisv\u00e1llalkoz\u00e1sok versenyk\u00e9pess\u00e9g\u00e9nek fejleszt\u00e9s\u00e9t az etikus, tudatos \u00e9s hat\u00e9kony v\u00e1llalkoz\u00f3i magatart\u00e1s n\u00e9pszer\u0171s\u00edt\u00e9s\u00e9n kereszt\u00fcl v\u00e9gezz\u00fck k\u00e9pz\u00e9sek, mentor\u00e1l\u00e1s \u00e9s v\u00e1llalkoz\u00f3i k\u00f6z\u00f6ss\u00e9g\u00e9p\u00edt\u00e9s form\u00e1j\u00e1ban. Els\u0151dleges c\u00e9lcsoportjaink:<\/p>\n<p>&#8211; a n\u0151i v\u00e1llalkoz\u00f3k,<br \/>\n&#8211; a digitaliz\u00e1ci\u00f3 kih\u00edv\u00e1saival k\u00fczd\u0151 v\u00e1llalkoz\u00e1sok,<br \/>\n&#8211; az \u00fajrakezd\u0151 v\u00e1llalkoz\u00f3k,<br \/>\n&#8211; \u00e9s a gener\u00e1ci\u00f3v\u00e1lt\u00e1ssal \u00e9rintett v\u00e1llalkoz\u00e1sok.<\/p>\n<p>Nagyra \u00e9rt\u00e9kelj\u00fck a civil szf\u00e9r\u00e1nak sz\u00e1nt anyagi forr\u00e1sokat.<\/p>\n<p>B\u0151vebb inform\u00e1ci\u00f3k r\u00f3lunk: <a href=\"http:\/\/www.seed.hu\" target=\"_blank\" rel=\"noopener\">www.seed.hu<\/a>.<br \/>\n(hivatalos nev\u00fcnk: Kisv\u00e1llalkoz\u00e1s-fejleszt\u00e9si Alap\u00edtv\u00e1ny)<\/p>\n<p><strong><span style=\"font-size: 18px;\">Ad\u00f3sz\u00e1munk: 19014812-2-41<\/span><\/strong><\/p>\n<p>Szerepel\u00fcnk a NAV kedvezm\u00e9nyezettek list\u00e1j\u00e1n, jogosultak vagyunk felaj\u00e1nl\u00e1sokat fogadni.<br \/>\nMegkeres\u00e9s\u00fcnkkel arra biztatjuk, hogy \u00d6n is seg\u00edtse a szem\u00e9lyi j\u00f6vedelemad\u00f3ja 1%-nak r\u00e9sz\u00fcnkre t\u00f6rt\u00e9n\u0151 felaj\u00e1nl\u00e1s\u00e1val a \u2013 m\u00e1r k\u00f6zel h\u00e1rom \u00e9vtizede tart\u00f3- k\u00f6z\u00e9rdek\u0171 tev\u00e9kenys\u00e9g\u00fcnk fenntart\u00e1s\u00e1t \u00e9s kib\u0151v\u00edt\u00e9s\u00e9t.<\/p>\n<p>K\u00e9rj\u00fck, hogy olvassa v\u00e9gig \u00e9s fontolja meg az al\u00e1bbiakban le\u00edrt, \u00e1ltal\u00e1nos t\u00e1j\u00e9koztat\u00f3nkban foglaltatkat, melyet abb\u00f3l a c\u00e9lb\u00f3l k\u00e9sz\u00edtett\u00fcnk, hogy a civil szektornak felaj\u00e1nlhat\u00f3 szem\u00e9lyi j\u00f6vedelemad\u00f3 min\u00e9l nagyobb r\u00e9sze szolg\u00e1ljon civil t\u00e1rsadalmi c\u00e9lokat!<\/p>\n<p>Amennyiben \u00d6n csal\u00e1di v\u00e1llalkoz\u00e1s k\u00e9pvisel\u0151je \u00e9s fontosnak tartja a csal\u00e1di v\u00e1llalkoz\u00e1s, mint \u00fczleti forma, mint \u00e9letforma, mint j\u00f6v\u0151k\u00e9p (gazdas\u00e1gi \u2013 \u00e9s szoci\u00e1lis \u00e9rtelemben) n\u00e9pszer\u0171s\u00edt\u00e9s\u00e9t, a gener\u00e1ci\u00f3v\u00e1lt\u00e1s folyamat\u00e1nak el\u0151seg\u00edt\u00e9s\u00e9t, \u00fagy 1%-os felaj\u00e1nl\u00e1s\u00e1nak megfontol\u00e1sakor sz\u00edves figyelm\u00fckbe aj\u00e1nljuk a Csal\u00e1di V\u00e1llalkoz\u00e1sok Orsz\u00e1gos Egyes\u00fclete Alap\u00edtv\u00e1ny\u00e1t (www.csvoe-alapitvany.hu) is, mely saj\u00e1t eszk\u00f6zeivel \u00e9s lehet\u0151s\u00e9geivel t\u00f6rekszik ezen c\u00e9lok el\u00e9r\u00e9s\u00e9re. A SEED Alap\u00edtv\u00e1ny \u00e9s a CSVOE Alap\u00edtv\u00e1ny sz\u00e1mos k\u00f6z\u00f6s akci\u00f3val l\u00e9p fel ezek\u00e9rt a folyamatok\u00e9rt.<\/p>\n<p>&nbsp;<\/p>\n<p>Forr\u00e1s: <a href=\"http:\/\/www.nav.gov.hu\" target=\"_blank\" rel=\"noopener\">www.nav.gov.hu<\/a>\u00a0 :<\/p>\n<p>\u201cA rendelkez\u0151 nyilatkozat a bevall\u00e1si nyomtatv\u00e1ny r\u00e9sz\u00e9t k\u00e9pezi, \u00edgy az a mag\u00e1nszem\u00e9ly,\u00a0 aki ad\u00f3bevall\u00e1st ad, a nyomtatv\u00e1ny megfelel\u0151 lapj\u00e1nak (a 18SZJA jel\u0171 bevall\u00e1s\u00a0 EGYSZA lapja,) kit\u00f6lt\u00e9s\u00e9vel rendelkezhet. Ad\u00f3bevall\u00e1snak min\u0151s\u00fcl az \u00e1llami\u00a0 ad\u00f3hat\u00f3s\u00e1g \u00e1ltal \u00f6ssze\u00e1ll\u00edtott ad\u00f3bevall\u00e1si tervezet elfogad\u00e1s\u00e1val, jav\u00edt\u00e1s\u00e1val,\u00a0 kieg\u00e9sz\u00edt\u00e9s\u00e9vel elk\u00e9sz\u00edtett bevall\u00e1s is. Term\u00e9szetesen, aki a K\u00f6zponti \u00dcgyf\u00e9l- regisztr\u00e1c\u00f3s Nyilv\u00e1ntart\u00e1shoz kapcsol\u00f3d\u00f3 t\u00e1rhellyel rendelkezik \u00e9s bevall\u00e1si tervezet\u00e9t\u00a0 az online fel\u00fcleten jav\u00edtja, az is tud az szja 1+1 %-\u00e1r\u00f3l rendelkezni.\u201d<\/p>\n<p>\u201cA nyomtatv\u00e1nynak ezen lapj\u00e1n mindk\u00e9t kedvezm\u00e9nyezetti k\u00f6r r\u00e9sz\u00e9re lehet rendelkezni.\u00a0 Amennyiben valaki csak egy kedvezm\u00e9nyezettet k\u00edv\u00e1n megjel\u00f6lni, a m\u00e1sik rubrik\u00e1t ne\u00a0 t\u00f6ltse ki, illetve azt ki is h\u00fazhatja. A nyomtatv\u00e1nyon lehet\u0151s\u00e9g van a 2018. \u00e9vben tett, egyh\u00e1zi kedvezm\u00e9nyezettre\u00a0 vonatkoz\u00f3 nyilatkozat m\u00f3dos\u00edt\u00e1s\u00e1ra, illetve visszavon\u00e1s\u00e1ra is.\u201d<\/p>\n<p>\u201cA rendelkez\u0151 mag\u00e1nszem\u00e9ly a rendelkez\u0151 nyilatkozaton jelezheti azon d\u00f6nt\u00e9s\u00e9t, hogy\u00a0 nev\u00e9t \u00e9s postai, illetve elektronikus levelez\u00e9si c\u00edm\u00e9t az \u00e1ltala kedvezm\u00e9nyezettk\u00e9nt\u00a0 felt\u00fcntetett civil szervezettel k\u00f6z\u00f6lj\u00e9k. Aki adatai k\u00f6zl\u00e9s\u00e9re felhatalmaz\u00e1st ad, annak sz\u00e1molnia kell azzal, hogy \u0151t a\u00a0 kedvezm\u00e9nyezettk\u00e9nt megjel\u00f6lt szervezet megkeresi, r\u00e9sz\u00e9re t\u00e1j\u00e9koztat\u00e1st ny\u00fajt \u00e9s\u00a0 adatait a rendelkez\u00e9st\u0151l sz\u00e1m\u00edtott \u00f6t \u00e9vig kezeli. Az adatok felt\u00fcntet\u00e9se az EGYSZA lapon \u00f6nk\u00e9ntes, mindenki szabadon eld\u00f6ntheti\u00a0 szeretn\u00e9-e, hogy azok is eljussanak a v\u00e1lasztott civil szervezethez.\u201d<\/p>\n<p>\u201cA www.nav.gov.hu internetes oldalon tal\u00e1lhat\u00f3 nyomtatv\u00e1nykit\u00f6lt\u0151 program\u00a0 haszn\u00e1lata eset\u00e9n szint\u00e9n van lehet\u0151s\u00e9ge van a mag\u00e1nszem\u00e9lynek arra, hogy a\u00a0 nyomtatv\u00e1ny r\u00e9szek\u00e9nt rendelkezzen, azaz a program felhaszn\u00e1l\u00e1s\u00e1val t\u00f6ltse ki a\u00a0 18SZJA jel\u0171 bevall\u00e1s EGYSZA lapj\u00e1n tal\u00e1lhat\u00f3 rendelkez\u0151 nyilatkozatot. Amennyiben a nyomtatv\u00e1nykit\u00f6lt\u0151 programmal el\u0151\u00e1ll\u00edtott bevall\u00e1s\u00e1t kinyomtatva\u00a0 k\u00edv\u00e1nja eljuttatni az ad\u00f3hat\u00f3s\u00e1ghoz, akkor azt helyezze el a bevall\u00e1st tartalmaz\u00f3\u00a0 bor\u00edt\u00e9kban. K\u00e9rj\u00fck, hogy amennyiben a nyomtatv\u00e1ny r\u00e9szek\u00e9nt rendelkezik, \u00e9s bevall\u00e1s\u00e1t pap\u00edron\u00a0 adja be, a saj\u00e1t azonos\u00edt\u00f3 adatair\u00f3l a kedvezm\u00e9nyezettekre vonatkoz\u00f3 adatokat ne\u00a0 v\u00e1lassza le! \u201c<\/p>\n<p>\u201cA NAV 2019-ben is bevall\u00e1si tervezet elk\u00e9sz\u00edt\u00e9s\u00e9vel seg\u00edti a mag\u00e1nszem\u00e9ly ad\u00f3z\u00f3kat\u00a0 bevall\u00e1si k\u00f6telezetts\u00e9g\u00fck teljes\u00edt\u00e9s\u00e9ben. Ha bevall\u00e1si tervezet\u00e9t pap\u00edr alapon kapta meg az ad\u00f3hat\u00f3s\u00e1gt\u00f3l \u2013 nincs \u00fcgyf\u00e9lkapu\u00a0 regisztr\u00e1ci\u00f3ja -, \u00e9s az elk\u00e9sz\u00edtett tervezettel nem \u00e9rt egyet, akkor bevall\u00e1si\u00a0 k\u00f6telezetts\u00e9g\u00e9nek a 18SZJA bevall\u00e1s beny\u00fajt\u00e1s\u00e1val tud eleget tenni. Ezen bevall\u00e1shoz\u00a0 kapcsol\u00f3d\u00f3an lehet rendelkezni az szja 1+1 sz\u00e1zal\u00e9k\u00e1r\u00f3l. Amennyiben rendelkezik elektronikus el\u00e9rhet\u0151s\u00e9ggel \u00e9s bevall\u00e1si tervezet\u00e9t az erre a\u00a0 c\u00e9lra kialak\u00edtott online fel\u00fcleten m\u00f3dos\u00edtja, akkor a fel\u00fcleten az szja 1+1 sz\u00e1zal\u00e9k\u00e1r\u00f3l is\u00a0 rendelkezhet.\u201d<\/p>\n<p>\u201cAbban az esetben, ha a bevall\u00e1s\u00e1t maga k\u00e9sz\u00edti el \u00e9s elektronikusan k\u00fcldi be, a\u00a0 rendelkez\u0151 nyilatkozatot is eljuttathatja az ad\u00f3hat\u00f3s\u00e1ghoz elektronikus \u00faton, az\u00a0 \u00dcgyf\u00e9lkapun kereszt\u00fcl. Lehet\u0151s\u00e9ge van arra, hogy a bevall\u00e1sa r\u00e9sz\u00e9t k\u00e9pez\u0151 rendelkez\u0151\u00a0 nyilatkozatot az elektronikusan elk\u00e9sz\u00edtett nyomtatv\u00e1nnyal egy\u00fctt juttassa el az\u00a0 ad\u00f3hat\u00f3s\u00e1ghoz. Amennyiben azonban nem \u00edgy tesz, akkor 2019. m\u00e1jus 20-\u00e1ig\u00a0 lehet\u0151s\u00e9ge van arra, hogy az elektronikus rendelkez\u0151 nyilatkozat\u00e1t a bevall\u00e1st\u00f3l\u00a0 elk\u00fcl\u00f6n\u00fclten k\u00fcldje meg. Ez esetben nem a bevall\u00e1s r\u00e9sz\u00e9t k\u00e9pez\u0151 EGYSZA lapon,\u00a0 hanem a k\u00fcl\u00f6n programban tal\u00e1lhat\u00f3 \u201e18EGYSZA\u201d megnevez\u00e9s\u0171 nyilatkozat\u00a0 kit\u00f6lt\u00e9s\u00e9vel \u00e9s elektronikus tov\u00e1bb\u00edt\u00e1s\u00e1val rendelkezhet. Abban az esetben, ha az\u00a0 elektronikus bevall\u00e1s\u00e1t nem saj\u00e1t maga, hanem meghatalmazottja (p\u00e9ld\u00e1ul k\u00f6nyvel\u0151je)\u00a0 k\u00e9sz\u00edti, az ad\u00f3hat\u00f3s\u00e1ghoz azt is be kell jelentenie, hogy a rendelkez\u0151 nyilatkozat\u00a0 elektronikus tov\u00e1bb\u00edt\u00e1s\u00e1ra meghatalmazottja jogosult. \u201c<\/p>\n<p>\u201c2018-t\u00f3l megsz\u0171nt a munk\u00e1ltat\u00f3i ad\u00f3meg\u00e1llap\u00edt\u00e1s, azonban a kor\u00e1bbi \u00e9vek\u00a0 gyakorlat\u00e1val egyez\u0151en a munk\u00e1ltat\u00f3ja d\u00f6nt\u00e9se szerint tov\u00e1bbra is gy\u0171jtheti a\u00a0 munkav\u00e1llal\u00f3i 1+1%-os nyilatkozat\u00e1t. Amennyiben a mag\u00e1nszem\u00e9ly munk\u00e1ltat\u00f3ja\u00a0 \u00fatj\u00e1n rendelkezik ad\u00f3ja 1+1%-\u00e1r\u00f3l, akkor azt legk\u00e9s\u0151bb 2019. m\u00e1jus 10-\u00e9ig lez\u00e1rt\u00a0 bor\u00edt\u00e9kban leadva teheti meg. A m\u00e1jus 10-e ut\u00e1n \u00e1tadott bor\u00edt\u00e9kokat a munk\u00e1ltat\u00f3 nem\u00a0 k\u00f6teles \u00e1tvenni. A mag\u00e1nszem\u00e9lynek a bor\u00edt\u00e9kot annak ragasztott fel\u00fclet\u00e9re \u00e1tny\u00fal\u00f3an,\u00a0 saj\u00e1t kez\u0171leg al\u00e1 kell \u00edrnia, mivel ez biztos\u00edtja azt, hogy a munk\u00e1ltat\u00f3 a bor\u00edt\u00e9k tartalm\u00e1t\u00a0 ne ismerhesse meg. A munk\u00e1ltat\u00f3k a n\u00e1luk leadott lez\u00e1rt bor\u00edt\u00e9kokat k\u00eds\u00e9r\u0151jegyz\u00e9kbe\u00a0 veszik, amely tartalmazza a rendelkez\u0151 nyilatkozatot tev\u0151 szem\u00e9lyek nev\u00e9t,\u00a0 ad\u00f3azonos\u00edt\u00f3 jel\u00e9t \u00e9s a bor\u00edt\u00e9k \u00e1tad\u00e1s\u00e1t igazoland\u00f3, az \u00e1tad\u00f3 al\u00e1\u00edr\u00e1s\u00e1t. A munk\u00e1ltat\u00f3 a\u00a0 lez\u00e1rt bor\u00edt\u00e9kokat s\u00e9rtetlen\u00fcl, legk\u00e9s\u0151bb 2019. m\u00e1jus 20-\u00e1ig adja \u00e1t az ad\u00f3hat\u00f3s\u00e1gnak. \u201c<\/p>\n<p>\u201cA rendelkez\u0151 nyilatkozat a bevall\u00e1st\u00f3l f\u00fcggetlen\u00fcl is eljuttathat\u00f3 az ad\u00f3hat\u00f3s\u00e1ghoz.\u00a0 Amennyiben teh\u00e1t az el\u0151z\u0151ekben le\u00edrtak szerint nem rendelkezett (sem a bevall\u00e1s\u00a0 r\u00e9szek\u00e9nt, sem a munk\u00e1ltat\u00f3 \u00fatj\u00e1n), lehet\u0151s\u00e9ge van arra, hogy a rendelkez\u0151\u00a0 nyilatkozatokat egy lez\u00e1rt bor\u00edt\u00e9kban post\u00e1n vagy szem\u00e9lyesen juttassa el az\u00a0 ad\u00f3hat\u00f3s\u00e1ghoz. Erre <strong>2019. m\u00e1jus 20-\u00e1ig<\/strong> van lehet\u0151s\u00e9g, f\u00fcggetlen\u00fcl att\u00f3l, hogy az\u00a0 ad\u00f3bevall\u00e1s\u00e1t esetlegesen egy kor\u00e1bbi id\u0151pontban m\u00e1r beny\u00fajtotta. <strong>A hat\u00e1rid\u0151\u00a0 jogveszt\u0151<\/strong>, \u00edgy a k\u00e9sedelmes beny\u00fajt\u00e1s eset\u00e9n a nyilatkozat \u00e9rv\u00e9nytelen lesz.\u201d<\/p>\n<p>&nbsp;<\/p>\n<p>Lehet, hogy nem minket tisztelnek meg azzal, hogy a sz\u00e1munkra aj\u00e1nlj\u00e1k fel az SZJA 1%-\u00e1t, ez esetben arra k\u00e9rj\u00fck \u00d6n\u00f6ket, hogy felt\u00e9tlen\u00fcl rendelkezzenek az ad\u00f3jukr\u00f3l valamely m\u00e1s, jogosult civil szervezet sz\u00e1m\u00e1ra!<br \/>\nK\u00f6sz\u00f6nj\u00fck megtisztel\u0151 figyelm\u00fcket.<br \/>\nK\u00fcl\u00f6n k\u00f6sz\u00f6net azoknak, akik t\u00e1mogat\u00e1sukkal rajtunk kereszt\u00fcl es\u00e9lyt teremtenek a v\u00e1llalkoz\u00e1st tervez\u0151knek, v\u00e1llalkoz\u00e1st ind\u00edt\u00f3knak!<\/p>\n<p><strong>\u00a0A SEED csapata<\/strong><\/p>\n<p><a href=\"https:\/\/seed.hu\/files\/attachments\/inline\/18egysza-nyomtatvanykep.pdf\" target=\"_blank\" rel=\"noopener\">18EGYSZA_nyomtatvanykep<\/a><\/p>\n","protected":false},"featured_media":863,"menu_order":0,"template":"","meta":{"_acf_changed":false},"class_list":["post-862","hirek","type-hirek","status-publish","has-post-thumbnail","hentry"],"acf":[],"yoast_head":"<!-- This site is optimized with the Yoast SEO plugin v27.4 - https:\/\/yoast.com\/product\/yoast-seo-wordpress\/ -->\n<title>Mit tehet, ha rendelkezni akar az SZJA 1+1%-r\u00f3l? - Seed<\/title>\n<meta name=\"robots\" content=\"index, follow, max-snippet:-1, max-image-preview:large, max-video-preview:-1\" \/>\n<link rel=\"canonical\" href=\"https:\/\/seed.hu\/hirek\/mit-tehet-ha-rendelkezni-akar-az-szja-11-rol-2\/\" \/>\n<meta property=\"og:locale\" content=\"en_US\" \/>\n<meta property=\"og:type\" content=\"article\" \/>\n<meta property=\"og:title\" content=\"Mit tehet, ha rendelkezni akar az SZJA 1+1%-r\u00f3l? - Seed\" \/>\n<meta property=\"og:description\" content=\"Hogyan lehet az SZJA 1 sz\u00e1zal\u00e9kr\u00f3l rendelkezni? A SEED Alap\u00edtv\u00e1ny nev\u00e9ben seg\u00edt\u00fcnk megv\u00e1laszolni ezt a k\u00e9rd\u00e9st! Alap\u00edtv\u00e1nyunk minden er\u0151forr\u00e1s\u00e1t a a fenntarthat\u00f3 fejl\u0151d\u00e9s szolg\u00e1lat\u00e1ba \u00e1ll\u00edtja \u00e9vr\u0151l \u00e9vre. Ennek \u00e9rdek\u00e9ben a kisv\u00e1llalkoz\u00e1sok versenyk\u00e9pess\u00e9g\u00e9nek fejleszt\u00e9s\u00e9t az etikus, tudatos \u00e9s hat\u00e9kony v\u00e1llalkoz\u00f3i magatart\u00e1s n\u00e9pszer\u0171s\u00edt\u00e9s\u00e9n kereszt\u00fcl v\u00e9gezz\u00fck k\u00e9pz\u00e9sek, mentor\u00e1l\u00e1s \u00e9s v\u00e1llalkoz\u00f3i k\u00f6z\u00f6ss\u00e9g\u00e9p\u00edt\u00e9s form\u00e1j\u00e1ban. Els\u0151dleges c\u00e9lcsoportjaink: &#8211; a n\u0151i v\u00e1llalkoz\u00f3k, [&hellip;]\" \/>\n<meta property=\"og:url\" content=\"https:\/\/seed.hu\/hirek\/mit-tehet-ha-rendelkezni-akar-az-szja-11-rol-2\/\" \/>\n<meta property=\"og:site_name\" content=\"Seed\" \/>\n<meta property=\"article:modified_time\" content=\"2022-01-17T19:39:00+00:00\" \/>\n<meta property=\"og:image\" content=\"https:\/\/seed.hu\/wp-content\/uploads\/2022\/01\/1szazalek_223x203.png\" \/>\n\t<meta property=\"og:image:width\" content=\"223\" \/>\n\t<meta property=\"og:image:height\" content=\"203\" \/>\n\t<meta property=\"og:image:type\" content=\"image\/png\" \/>\n<meta name=\"twitter:card\" content=\"summary_large_image\" \/>\n<meta name=\"twitter:label1\" content=\"Est. reading time\" \/>\n\t<meta name=\"twitter:data1\" content=\"8 minutes\" \/>\n<script type=\"application\/ld+json\" class=\"yoast-schema-graph\">{\"@context\":\"https:\\\/\\\/schema.org\",\"@graph\":[{\"@type\":\"WebPage\",\"@id\":\"https:\\\/\\\/seed.hu\\\/hirek\\\/mit-tehet-ha-rendelkezni-akar-az-szja-11-rol-2\\\/\",\"url\":\"https:\\\/\\\/seed.hu\\\/hirek\\\/mit-tehet-ha-rendelkezni-akar-az-szja-11-rol-2\\\/\",\"name\":\"Mit tehet, ha rendelkezni akar az SZJA 1+1%-r\u00f3l? - Seed\",\"isPartOf\":{\"@id\":\"https:\\\/\\\/seed.hu\\\/#website\"},\"primaryImageOfPage\":{\"@id\":\"https:\\\/\\\/seed.hu\\\/hirek\\\/mit-tehet-ha-rendelkezni-akar-az-szja-11-rol-2\\\/#primaryimage\"},\"image\":{\"@id\":\"https:\\\/\\\/seed.hu\\\/hirek\\\/mit-tehet-ha-rendelkezni-akar-az-szja-11-rol-2\\\/#primaryimage\"},\"thumbnailUrl\":\"https:\\\/\\\/seed.hu\\\/wp-content\\\/uploads\\\/2022\\\/01\\\/1szazalek_223x203.png\",\"datePublished\":\"2019-03-22T15:49:29+00:00\",\"dateModified\":\"2022-01-17T19:39:00+00:00\",\"breadcrumb\":{\"@id\":\"https:\\\/\\\/seed.hu\\\/hirek\\\/mit-tehet-ha-rendelkezni-akar-az-szja-11-rol-2\\\/#breadcrumb\"},\"inLanguage\":\"en-US\",\"potentialAction\":[{\"@type\":\"ReadAction\",\"target\":[\"https:\\\/\\\/seed.hu\\\/hirek\\\/mit-tehet-ha-rendelkezni-akar-az-szja-11-rol-2\\\/\"]}]},{\"@type\":\"ImageObject\",\"inLanguage\":\"en-US\",\"@id\":\"https:\\\/\\\/seed.hu\\\/hirek\\\/mit-tehet-ha-rendelkezni-akar-az-szja-11-rol-2\\\/#primaryimage\",\"url\":\"https:\\\/\\\/seed.hu\\\/wp-content\\\/uploads\\\/2022\\\/01\\\/1szazalek_223x203.png\",\"contentUrl\":\"https:\\\/\\\/seed.hu\\\/wp-content\\\/uploads\\\/2022\\\/01\\\/1szazalek_223x203.png\",\"width\":223,\"height\":203},{\"@type\":\"BreadcrumbList\",\"@id\":\"https:\\\/\\\/seed.hu\\\/hirek\\\/mit-tehet-ha-rendelkezni-akar-az-szja-11-rol-2\\\/#breadcrumb\",\"itemListElement\":[{\"@type\":\"ListItem\",\"position\":1,\"name\":\"H\u00edrek\",\"item\":\"https:\\\/\\\/seed.hu\\\/hirek\\\/\"},{\"@type\":\"ListItem\",\"position\":2,\"name\":\"Mit tehet, ha rendelkezni akar az SZJA 1+1%-r\u00f3l?\"}]},{\"@type\":\"WebSite\",\"@id\":\"https:\\\/\\\/seed.hu\\\/#website\",\"url\":\"https:\\\/\\\/seed.hu\\\/\",\"name\":\"Seed\",\"description\":\"\",\"potentialAction\":[{\"@type\":\"SearchAction\",\"target\":{\"@type\":\"EntryPoint\",\"urlTemplate\":\"https:\\\/\\\/seed.hu\\\/?s={search_term_string}\"},\"query-input\":{\"@type\":\"PropertyValueSpecification\",\"valueRequired\":true,\"valueName\":\"search_term_string\"}}],\"inLanguage\":\"en-US\"}]}<\/script>\n<!-- \/ Yoast SEO plugin. -->","yoast_head_json":{"title":"Mit tehet, ha rendelkezni akar az SZJA 1+1%-r\u00f3l? - Seed","robots":{"index":"index","follow":"follow","max-snippet":"max-snippet:-1","max-image-preview":"max-image-preview:large","max-video-preview":"max-video-preview:-1"},"canonical":"https:\/\/seed.hu\/hirek\/mit-tehet-ha-rendelkezni-akar-az-szja-11-rol-2\/","og_locale":"en_US","og_type":"article","og_title":"Mit tehet, ha rendelkezni akar az SZJA 1+1%-r\u00f3l? - Seed","og_description":"Hogyan lehet az SZJA 1 sz\u00e1zal\u00e9kr\u00f3l rendelkezni? A SEED Alap\u00edtv\u00e1ny nev\u00e9ben seg\u00edt\u00fcnk megv\u00e1laszolni ezt a k\u00e9rd\u00e9st! Alap\u00edtv\u00e1nyunk minden er\u0151forr\u00e1s\u00e1t a a fenntarthat\u00f3 fejl\u0151d\u00e9s szolg\u00e1lat\u00e1ba \u00e1ll\u00edtja \u00e9vr\u0151l \u00e9vre. Ennek \u00e9rdek\u00e9ben a kisv\u00e1llalkoz\u00e1sok versenyk\u00e9pess\u00e9g\u00e9nek fejleszt\u00e9s\u00e9t az etikus, tudatos \u00e9s hat\u00e9kony v\u00e1llalkoz\u00f3i magatart\u00e1s n\u00e9pszer\u0171s\u00edt\u00e9s\u00e9n kereszt\u00fcl v\u00e9gezz\u00fck k\u00e9pz\u00e9sek, mentor\u00e1l\u00e1s \u00e9s v\u00e1llalkoz\u00f3i k\u00f6z\u00f6ss\u00e9g\u00e9p\u00edt\u00e9s form\u00e1j\u00e1ban. Els\u0151dleges c\u00e9lcsoportjaink: &#8211; a n\u0151i v\u00e1llalkoz\u00f3k, [&hellip;]","og_url":"https:\/\/seed.hu\/hirek\/mit-tehet-ha-rendelkezni-akar-az-szja-11-rol-2\/","og_site_name":"Seed","article_modified_time":"2022-01-17T19:39:00+00:00","og_image":[{"width":223,"height":203,"url":"https:\/\/seed.hu\/wp-content\/uploads\/2022\/01\/1szazalek_223x203.png","type":"image\/png"}],"twitter_card":"summary_large_image","twitter_misc":{"Est. reading time":"8 minutes"},"schema":{"@context":"https:\/\/schema.org","@graph":[{"@type":"WebPage","@id":"https:\/\/seed.hu\/hirek\/mit-tehet-ha-rendelkezni-akar-az-szja-11-rol-2\/","url":"https:\/\/seed.hu\/hirek\/mit-tehet-ha-rendelkezni-akar-az-szja-11-rol-2\/","name":"Mit tehet, ha rendelkezni akar az SZJA 1+1%-r\u00f3l? - Seed","isPartOf":{"@id":"https:\/\/seed.hu\/#website"},"primaryImageOfPage":{"@id":"https:\/\/seed.hu\/hirek\/mit-tehet-ha-rendelkezni-akar-az-szja-11-rol-2\/#primaryimage"},"image":{"@id":"https:\/\/seed.hu\/hirek\/mit-tehet-ha-rendelkezni-akar-az-szja-11-rol-2\/#primaryimage"},"thumbnailUrl":"https:\/\/seed.hu\/wp-content\/uploads\/2022\/01\/1szazalek_223x203.png","datePublished":"2019-03-22T15:49:29+00:00","dateModified":"2022-01-17T19:39:00+00:00","breadcrumb":{"@id":"https:\/\/seed.hu\/hirek\/mit-tehet-ha-rendelkezni-akar-az-szja-11-rol-2\/#breadcrumb"},"inLanguage":"en-US","potentialAction":[{"@type":"ReadAction","target":["https:\/\/seed.hu\/hirek\/mit-tehet-ha-rendelkezni-akar-az-szja-11-rol-2\/"]}]},{"@type":"ImageObject","inLanguage":"en-US","@id":"https:\/\/seed.hu\/hirek\/mit-tehet-ha-rendelkezni-akar-az-szja-11-rol-2\/#primaryimage","url":"https:\/\/seed.hu\/wp-content\/uploads\/2022\/01\/1szazalek_223x203.png","contentUrl":"https:\/\/seed.hu\/wp-content\/uploads\/2022\/01\/1szazalek_223x203.png","width":223,"height":203},{"@type":"BreadcrumbList","@id":"https:\/\/seed.hu\/hirek\/mit-tehet-ha-rendelkezni-akar-az-szja-11-rol-2\/#breadcrumb","itemListElement":[{"@type":"ListItem","position":1,"name":"H\u00edrek","item":"https:\/\/seed.hu\/hirek\/"},{"@type":"ListItem","position":2,"name":"Mit tehet, ha rendelkezni akar az SZJA 1+1%-r\u00f3l?"}]},{"@type":"WebSite","@id":"https:\/\/seed.hu\/#website","url":"https:\/\/seed.hu\/","name":"Seed","description":"","potentialAction":[{"@type":"SearchAction","target":{"@type":"EntryPoint","urlTemplate":"https:\/\/seed.hu\/?s={search_term_string}"},"query-input":{"@type":"PropertyValueSpecification","valueRequired":true,"valueName":"search_term_string"}}],"inLanguage":"en-US"}]}},"_links":{"self":[{"href":"https:\/\/seed.hu\/en\/wp-json\/wp\/v2\/hirek\/862","targetHints":{"allow":["GET"]}}],"collection":[{"href":"https:\/\/seed.hu\/en\/wp-json\/wp\/v2\/hirek"}],"about":[{"href":"https:\/\/seed.hu\/en\/wp-json\/wp\/v2\/types\/hirek"}],"wp:featuredmedia":[{"embeddable":true,"href":"https:\/\/seed.hu\/en\/wp-json\/wp\/v2\/media\/863"}],"wp:attachment":[{"href":"https:\/\/seed.hu\/en\/wp-json\/wp\/v2\/media?parent=862"}],"curies":[{"name":"wp","href":"https:\/\/api.w.org\/{rel}","templated":true}]}}