{"id":871,"date":"2019-04-18T18:18:07","date_gmt":"2019-04-18T16:18:07","guid":{"rendered":"https:\/\/seed.hu\/?post_type=hirek&#038;p=871"},"modified":"2022-01-17T20:49:15","modified_gmt":"2022-01-17T19:49:15","slug":"nyiregyhazan-folytatja-a-toborzast-a-seed-alapitvany","status":"publish","type":"hirek","link":"https:\/\/seed.hu\/en\/hirek\/nyiregyhazan-folytatja-a-toborzast-a-seed-alapitvany\/","title":{"rendered":"Ny\u00edregyh\u00e1z\u00e1n folytatja a toborz\u00e1st a SEED Alap\u00edtv\u00e1ny"},"content":{"rendered":"<p><a href=\"https:\/\/seed.hu\/hirek\/mentorok-es-mentoraltak-jelentkezeset-varja-a-seed-alapitvany\/ovm\/\" rel=\"attachment wp-att-844\"><img loading=\"lazy\" decoding=\"async\" class=\"alignnone wp-image-844 size-full\" src=\"https:\/\/seed.hu\/wp-content\/uploads\/2022\/01\/OVM.png\" alt=\"\" width=\"601\" height=\"163\" srcset=\"https:\/\/seed.hu\/wp-content\/uploads\/2022\/01\/OVM.png 601w, https:\/\/seed.hu\/wp-content\/uploads\/2022\/01\/OVM-300x81.png 300w\" sizes=\"auto, (max-width: 601px) 100vw, 601px\" \/><\/a><\/p>\n<p>M\u00e1jus 7-\u00e9n Ny\u00edregyh\u00e1z\u00e1n a Megyeh\u00e1za Bessenyei nagyterm\u00e9ben ker\u00fcl sor a SEED Alap\u00edtv\u00e1ny \u00e1ltal menedzselt Szem\u00e9lyes V\u00e1llalkoz\u00f3i Mentorprogram keret\u00e9ben szervezett \u00fajabb toborz\u00f3rendezv\u00e9nyre. A SEED szak\u00e9rt\u0151i a rendezv\u00e9nyen r\u00e9szletesen bemutatj\u00e1k az \u00e9rdekl\u0151d\u0151knek a \u201eGINOP-1.1.2-VEKOP-17-2017-00001 \u201eA KKV szektor hat\u00e9konys\u00e1g\u00e1nak n\u00f6vel\u00e9se p\u00e9nz\u00fcgyi ismeretek fejleszt\u00e9se, v\u00e1llalkoz\u00f3i mentor\u00e1l\u00e1s biztos\u00edt\u00e1sa r\u00e9v\u00e9n&#8221; c\u00edm\u0171 kiemelt projektnek ezt a fontos alprogramj\u00e1t.<\/p>\n<p>&nbsp;<\/p>\n<p>A projekt keret\u00e9ben a SEED Kisv\u00e1llalkoz\u00e1s-fejleszt\u00e9si Alap\u00edtv\u00e1ny h\u00e1rom c\u00e9lcsoportra f\u00f3kusz\u00e1lva szeretn\u00e9 el\u00e9rni a v\u00e1llalkoz\u00e1sok versenyk\u00e9pess\u00e9g\u00e9nek, hat\u00e9konys\u00e1g\u00e1nak javul\u00e1s\u00e1t. E h\u00e1rom c\u00e9lcsoport: a 35 \u00e9v alatti fiatal v\u00e1llalkoz\u00f3k, a legfeljebb 3 \u00e9ve bejegyzett v\u00e1llalkoz\u00e1ssal rendelkez\u0151 n\u0151i v\u00e1llalkoz\u00f3k, valamint a gener\u00e1ci\u00f3v\u00e1lt\u00e1ssal \u00e9rintett csal\u00e1di v\u00e1llalkoz\u00e1sok.<\/p>\n<p>&nbsp;<\/p>\n<p>A programban az \u00e9rdekfesz\u00edt\u0151 el\u0151ad\u00e1sok mellett interakt\u00edv kerekasztal-besz\u00e9lget\u00e9s is szerepel, amelyen tapasztalt v\u00e1llalkoz\u00f3k cser\u00e9lnek eszm\u00e9t a mentor\u00e1l\u00e1snak, mint egy v\u00e1llalkoz\u00e1s fejl\u0151d\u00e9s\u00e9t el\u0151seg\u00edt\u0151 m\u00f3dszernek a jelent\u0151s\u00e9g\u00e9r\u0151l.<\/p>\n<p>A d\u00e9lel\u0151tt 10 \u00e9s 12 \u00f3ra k\u00f6z\u00f6tt zajl\u00f3 rendezv\u00e9nynek a Megyeh\u00e1za Bessenyei nagyterme ad otthont. A r\u00e9szvev\u0151ket Seszt\u00e1k Oszk\u00e1r, a Megyei K\u00f6zgy\u0171l\u00e9s eln\u00f6ke \u00e9s <em>Dr. Tilki Attila<\/em> orsz\u00e1ggy\u0171l\u00e9si k\u00e9pvisel\u0151 k\u00f6sz\u00f6nti.<\/p>\n<p>K\u00e9rj\u00fck, r\u00e9szv\u00e9teli sz\u00e1nd\u00e9k\u00e1t a limit\u00e1lt helyekre val\u00f3 tekintettel, miel\u0151bb jelezze.<\/p>\n<p><a href=\"https:\/\/seed.hu\/kerdoiv\/orszagos-vallalkozoi-mentorprogram-toborzo-rendezveny-nyiregyhaza-2019-05-07\">&lt;&lt; JELENTKEZEM &gt;&gt;<\/a><\/p>\n","protected":false},"featured_media":338,"menu_order":0,"template":"","meta":{"_acf_changed":false},"class_list":["post-871","hirek","type-hirek","status-publish","has-post-thumbnail","hentry"],"acf":[],"yoast_head":"<!-- This site is optimized with the Yoast SEO plugin v27.4 - https:\/\/yoast.com\/product\/yoast-seo-wordpress\/ -->\n<title>Ny\u00edregyh\u00e1z\u00e1n folytatja a toborz\u00e1st a SEED Alap\u00edtv\u00e1ny - Seed<\/title>\n<meta name=\"robots\" content=\"index, follow, max-snippet:-1, max-image-preview:large, max-video-preview:-1\" \/>\n<link rel=\"canonical\" href=\"https:\/\/seed.hu\/hirek\/nyiregyhazan-folytatja-a-toborzast-a-seed-alapitvany\/\" \/>\n<meta property=\"og:locale\" content=\"en_US\" \/>\n<meta property=\"og:type\" content=\"article\" \/>\n<meta property=\"og:title\" content=\"Ny\u00edregyh\u00e1z\u00e1n folytatja a toborz\u00e1st a SEED Alap\u00edtv\u00e1ny - Seed\" \/>\n<meta property=\"og:description\" content=\"M\u00e1jus 7-\u00e9n Ny\u00edregyh\u00e1z\u00e1n a Megyeh\u00e1za Bessenyei nagyterm\u00e9ben ker\u00fcl sor a SEED Alap\u00edtv\u00e1ny \u00e1ltal menedzselt Szem\u00e9lyes V\u00e1llalkoz\u00f3i Mentorprogram keret\u00e9ben szervezett \u00fajabb toborz\u00f3rendezv\u00e9nyre. A SEED szak\u00e9rt\u0151i a rendezv\u00e9nyen r\u00e9szletesen bemutatj\u00e1k az \u00e9rdekl\u0151d\u0151knek a \u201eGINOP-1.1.2-VEKOP-17-2017-00001 \u201eA KKV szektor hat\u00e9konys\u00e1g\u00e1nak n\u00f6vel\u00e9se p\u00e9nz\u00fcgyi ismeretek fejleszt\u00e9se, v\u00e1llalkoz\u00f3i mentor\u00e1l\u00e1s biztos\u00edt\u00e1sa r\u00e9v\u00e9n&#8221; c\u00edm\u0171 kiemelt projektnek ezt a fontos alprogramj\u00e1t. &nbsp; A projekt keret\u00e9ben [&hellip;]\" \/>\n<meta property=\"og:url\" content=\"https:\/\/seed.hu\/hirek\/nyiregyhazan-folytatja-a-toborzast-a-seed-alapitvany\/\" \/>\n<meta property=\"og:site_name\" content=\"Seed\" \/>\n<meta property=\"article:modified_time\" content=\"2022-01-17T19:49:15+00:00\" \/>\n<meta property=\"og:image\" content=\"https:\/\/seed.hu\/wp-content\/uploads\/2021\/04\/Orsza\u0301gos-Va\u0301llalkozo\u0301i-Mentorprogram.png\" \/>\n\t<meta property=\"og:image:width\" content=\"773\" \/>\n\t<meta property=\"og:image:height\" content=\"774\" \/>\n\t<meta property=\"og:image:type\" content=\"image\/png\" \/>\n<meta name=\"twitter:card\" content=\"summary_large_image\" \/>\n<meta name=\"twitter:label1\" content=\"Est. reading time\" \/>\n\t<meta name=\"twitter:data1\" content=\"1 minute\" \/>\n<script type=\"application\/ld+json\" class=\"yoast-schema-graph\">{\"@context\":\"https:\\\/\\\/schema.org\",\"@graph\":[{\"@type\":\"WebPage\",\"@id\":\"https:\\\/\\\/seed.hu\\\/hirek\\\/nyiregyhazan-folytatja-a-toborzast-a-seed-alapitvany\\\/\",\"url\":\"https:\\\/\\\/seed.hu\\\/hirek\\\/nyiregyhazan-folytatja-a-toborzast-a-seed-alapitvany\\\/\",\"name\":\"Ny\u00edregyh\u00e1z\u00e1n folytatja a toborz\u00e1st a SEED Alap\u00edtv\u00e1ny - Seed\",\"isPartOf\":{\"@id\":\"https:\\\/\\\/seed.hu\\\/#website\"},\"primaryImageOfPage\":{\"@id\":\"https:\\\/\\\/seed.hu\\\/hirek\\\/nyiregyhazan-folytatja-a-toborzast-a-seed-alapitvany\\\/#primaryimage\"},\"image\":{\"@id\":\"https:\\\/\\\/seed.hu\\\/hirek\\\/nyiregyhazan-folytatja-a-toborzast-a-seed-alapitvany\\\/#primaryimage\"},\"thumbnailUrl\":\"https:\\\/\\\/seed.hu\\\/wp-content\\\/uploads\\\/2021\\\/04\\\/Orsza\u0301gos-Va\u0301llalkozo\u0301i-Mentorprogram.png\",\"datePublished\":\"2019-04-18T16:18:07+00:00\",\"dateModified\":\"2022-01-17T19:49:15+00:00\",\"breadcrumb\":{\"@id\":\"https:\\\/\\\/seed.hu\\\/hirek\\\/nyiregyhazan-folytatja-a-toborzast-a-seed-alapitvany\\\/#breadcrumb\"},\"inLanguage\":\"en-US\",\"potentialAction\":[{\"@type\":\"ReadAction\",\"target\":[\"https:\\\/\\\/seed.hu\\\/hirek\\\/nyiregyhazan-folytatja-a-toborzast-a-seed-alapitvany\\\/\"]}]},{\"@type\":\"ImageObject\",\"inLanguage\":\"en-US\",\"@id\":\"https:\\\/\\\/seed.hu\\\/hirek\\\/nyiregyhazan-folytatja-a-toborzast-a-seed-alapitvany\\\/#primaryimage\",\"url\":\"https:\\\/\\\/seed.hu\\\/wp-content\\\/uploads\\\/2021\\\/04\\\/Orsza\u0301gos-Va\u0301llalkozo\u0301i-Mentorprogram.png\",\"contentUrl\":\"https:\\\/\\\/seed.hu\\\/wp-content\\\/uploads\\\/2021\\\/04\\\/Orsza\u0301gos-Va\u0301llalkozo\u0301i-Mentorprogram.png\",\"width\":773,\"height\":774},{\"@type\":\"BreadcrumbList\",\"@id\":\"https:\\\/\\\/seed.hu\\\/hirek\\\/nyiregyhazan-folytatja-a-toborzast-a-seed-alapitvany\\\/#breadcrumb\",\"itemListElement\":[{\"@type\":\"ListItem\",\"position\":1,\"name\":\"H\u00edrek\",\"item\":\"https:\\\/\\\/seed.hu\\\/hirek\\\/\"},{\"@type\":\"ListItem\",\"position\":2,\"name\":\"Ny\u00edregyh\u00e1z\u00e1n folytatja a toborz\u00e1st a SEED Alap\u00edtv\u00e1ny\"}]},{\"@type\":\"WebSite\",\"@id\":\"https:\\\/\\\/seed.hu\\\/#website\",\"url\":\"https:\\\/\\\/seed.hu\\\/\",\"name\":\"Seed\",\"description\":\"\",\"potentialAction\":[{\"@type\":\"SearchAction\",\"target\":{\"@type\":\"EntryPoint\",\"urlTemplate\":\"https:\\\/\\\/seed.hu\\\/?s={search_term_string}\"},\"query-input\":{\"@type\":\"PropertyValueSpecification\",\"valueRequired\":true,\"valueName\":\"search_term_string\"}}],\"inLanguage\":\"en-US\"}]}<\/script>\n<!-- \/ Yoast SEO plugin. -->","yoast_head_json":{"title":"Ny\u00edregyh\u00e1z\u00e1n folytatja a toborz\u00e1st a SEED Alap\u00edtv\u00e1ny - Seed","robots":{"index":"index","follow":"follow","max-snippet":"max-snippet:-1","max-image-preview":"max-image-preview:large","max-video-preview":"max-video-preview:-1"},"canonical":"https:\/\/seed.hu\/hirek\/nyiregyhazan-folytatja-a-toborzast-a-seed-alapitvany\/","og_locale":"en_US","og_type":"article","og_title":"Ny\u00edregyh\u00e1z\u00e1n folytatja a toborz\u00e1st a SEED Alap\u00edtv\u00e1ny - Seed","og_description":"M\u00e1jus 7-\u00e9n Ny\u00edregyh\u00e1z\u00e1n a Megyeh\u00e1za Bessenyei nagyterm\u00e9ben ker\u00fcl sor a SEED Alap\u00edtv\u00e1ny \u00e1ltal menedzselt Szem\u00e9lyes V\u00e1llalkoz\u00f3i Mentorprogram keret\u00e9ben szervezett \u00fajabb toborz\u00f3rendezv\u00e9nyre. A SEED szak\u00e9rt\u0151i a rendezv\u00e9nyen r\u00e9szletesen bemutatj\u00e1k az \u00e9rdekl\u0151d\u0151knek a \u201eGINOP-1.1.2-VEKOP-17-2017-00001 \u201eA KKV szektor hat\u00e9konys\u00e1g\u00e1nak n\u00f6vel\u00e9se p\u00e9nz\u00fcgyi ismeretek fejleszt\u00e9se, v\u00e1llalkoz\u00f3i mentor\u00e1l\u00e1s biztos\u00edt\u00e1sa r\u00e9v\u00e9n&#8221; c\u00edm\u0171 kiemelt projektnek ezt a fontos alprogramj\u00e1t. &nbsp; A projekt keret\u00e9ben [&hellip;]","og_url":"https:\/\/seed.hu\/hirek\/nyiregyhazan-folytatja-a-toborzast-a-seed-alapitvany\/","og_site_name":"Seed","article_modified_time":"2022-01-17T19:49:15+00:00","og_image":[{"width":773,"height":774,"url":"https:\/\/seed.hu\/wp-content\/uploads\/2021\/04\/Orsza\u0301gos-Va\u0301llalkozo\u0301i-Mentorprogram.png","type":"image\/png"}],"twitter_card":"summary_large_image","twitter_misc":{"Est. reading time":"1 minute"},"schema":{"@context":"https:\/\/schema.org","@graph":[{"@type":"WebPage","@id":"https:\/\/seed.hu\/hirek\/nyiregyhazan-folytatja-a-toborzast-a-seed-alapitvany\/","url":"https:\/\/seed.hu\/hirek\/nyiregyhazan-folytatja-a-toborzast-a-seed-alapitvany\/","name":"Ny\u00edregyh\u00e1z\u00e1n folytatja a toborz\u00e1st a SEED Alap\u00edtv\u00e1ny - Seed","isPartOf":{"@id":"https:\/\/seed.hu\/#website"},"primaryImageOfPage":{"@id":"https:\/\/seed.hu\/hirek\/nyiregyhazan-folytatja-a-toborzast-a-seed-alapitvany\/#primaryimage"},"image":{"@id":"https:\/\/seed.hu\/hirek\/nyiregyhazan-folytatja-a-toborzast-a-seed-alapitvany\/#primaryimage"},"thumbnailUrl":"https:\/\/seed.hu\/wp-content\/uploads\/2021\/04\/Orsza\u0301gos-Va\u0301llalkozo\u0301i-Mentorprogram.png","datePublished":"2019-04-18T16:18:07+00:00","dateModified":"2022-01-17T19:49:15+00:00","breadcrumb":{"@id":"https:\/\/seed.hu\/hirek\/nyiregyhazan-folytatja-a-toborzast-a-seed-alapitvany\/#breadcrumb"},"inLanguage":"en-US","potentialAction":[{"@type":"ReadAction","target":["https:\/\/seed.hu\/hirek\/nyiregyhazan-folytatja-a-toborzast-a-seed-alapitvany\/"]}]},{"@type":"ImageObject","inLanguage":"en-US","@id":"https:\/\/seed.hu\/hirek\/nyiregyhazan-folytatja-a-toborzast-a-seed-alapitvany\/#primaryimage","url":"https:\/\/seed.hu\/wp-content\/uploads\/2021\/04\/Orsza\u0301gos-Va\u0301llalkozo\u0301i-Mentorprogram.png","contentUrl":"https:\/\/seed.hu\/wp-content\/uploads\/2021\/04\/Orsza\u0301gos-Va\u0301llalkozo\u0301i-Mentorprogram.png","width":773,"height":774},{"@type":"BreadcrumbList","@id":"https:\/\/seed.hu\/hirek\/nyiregyhazan-folytatja-a-toborzast-a-seed-alapitvany\/#breadcrumb","itemListElement":[{"@type":"ListItem","position":1,"name":"H\u00edrek","item":"https:\/\/seed.hu\/hirek\/"},{"@type":"ListItem","position":2,"name":"Ny\u00edregyh\u00e1z\u00e1n folytatja a toborz\u00e1st a SEED Alap\u00edtv\u00e1ny"}]},{"@type":"WebSite","@id":"https:\/\/seed.hu\/#website","url":"https:\/\/seed.hu\/","name":"Seed","description":"","potentialAction":[{"@type":"SearchAction","target":{"@type":"EntryPoint","urlTemplate":"https:\/\/seed.hu\/?s={search_term_string}"},"query-input":{"@type":"PropertyValueSpecification","valueRequired":true,"valueName":"search_term_string"}}],"inLanguage":"en-US"}]}},"_links":{"self":[{"href":"https:\/\/seed.hu\/en\/wp-json\/wp\/v2\/hirek\/871","targetHints":{"allow":["GET"]}}],"collection":[{"href":"https:\/\/seed.hu\/en\/wp-json\/wp\/v2\/hirek"}],"about":[{"href":"https:\/\/seed.hu\/en\/wp-json\/wp\/v2\/types\/hirek"}],"wp:featuredmedia":[{"embeddable":true,"href":"https:\/\/seed.hu\/en\/wp-json\/wp\/v2\/media\/338"}],"wp:attachment":[{"href":"https:\/\/seed.hu\/en\/wp-json\/wp\/v2\/media?parent=871"}],"curies":[{"name":"wp","href":"https:\/\/api.w.org\/{rel}","templated":true}]}}