{"id":874,"date":"2019-05-08T18:57:10","date_gmt":"2019-05-08T16:57:10","guid":{"rendered":"https:\/\/seed.hu\/?post_type=hirek&#038;p=874"},"modified":"2022-01-17T20:52:11","modified_gmt":"2022-01-17T19:52:11","slug":"toborzorendezveny-nyiregyhazan","status":"publish","type":"hirek","link":"https:\/\/seed.hu\/en\/hirek\/toborzorendezveny-nyiregyhazan\/","title":{"rendered":"Toborz\u00f3rendezv\u00e9ny Ny\u00edregyh\u00e1z\u00e1n"},"content":{"rendered":"<p><a href=\"https:\/\/seed.hu\/hirek\/mentorok-es-mentoraltak-jelentkezeset-varja-a-seed-alapitvany\/ovm\/\" rel=\"attachment wp-att-844\"><img loading=\"lazy\" decoding=\"async\" class=\"alignnone wp-image-844 size-full\" src=\"https:\/\/seed.hu\/wp-content\/uploads\/2022\/01\/OVM.png\" alt=\"\" width=\"601\" height=\"163\" srcset=\"https:\/\/seed.hu\/wp-content\/uploads\/2022\/01\/OVM.png 601w, https:\/\/seed.hu\/wp-content\/uploads\/2022\/01\/OVM-300x81.png 300w\" sizes=\"auto, (max-width: 601px) 100vw, 601px\" \/><\/a><\/p>\n<p><strong><span style=\"font-size: 16px;\">J\u00f3, hogy vannak a v\u00e1llalkoz\u00f3kat seg\u00edt\u0151 programok<\/span><\/strong><\/p>\n<p><strong>Sokan voltak k\u00edv\u00e1ncsiak a Szem\u00e9lyes V\u00e1llalkoz\u00f3i Mentorprogram r\u00e9szleteire a SEED Kisv\u00e1llalkoz\u00e1s-fejleszt\u00e9si Alap\u00edtv\u00e1ny \u00e1ltal m\u00e1jus 7-\u00e9n Ny\u00edregyh\u00e1z\u00e1ra szervezett toborz\u00f3rendezv\u00e9nyen. Az el\u0151ad\u00f3k \u00e9s hozz\u00e1sz\u00f3l\u00f3k egyar\u00e1nt kiemelt\u00e9k, hogy az ilyen programoknak k\u00f6sz\u00f6nhet\u0151en a v\u00e1llalkoz\u00f3k m\u00e1r nem \u00e9rzik \u00fagy, hogy magukra vannak hagyva a probl\u00e9m\u00e1ikkal.<\/strong><\/p>\n<p>A rendezv\u00e9ny r\u00e9sztvev\u0151it <em>Szab\u00f3 Istv\u00e1n<\/em>, a Megyei K\u00f6zgy\u0171l\u00e9s eln\u00f6ke k\u00f6sz\u00f6nt\u00f6tte. Amellett, hogy \u0151 is megjegyezte, milyen fontos, hogy napjaink v\u00e1llalkoz\u00f3i egyre t\u00f6bb helyr\u0151l kapnak t\u00e1mogat\u00e1st \u00e9s inform\u00e1ci\u00f3t, kiemelte a gener\u00e1ci\u00f3v\u00e1lt\u00e1s probl\u00e9m\u00e1j\u00e1t, al\u00e1h\u00fazv\u00e1n, hogy sorsk\u00e9rd\u00e9ss\u00e9 v\u00e1lik, lesz-e valaki, aki \u00e1tveszi majd ezeket a v\u00e1llalkoz\u00e1sokat.<\/p>\n<p><em>N\u00e9meth L\u00e1szl\u00f3<\/em>, az Ipartest\u00fcletek Orsz\u00e1gos Sz\u00f6vets\u00e9g\u00e9nek eln\u00f6ke azt hangs\u00falyozta, hogy a legkisebb v\u00e1llalkoz\u00e1sok \u00e9rdekk\u00e9pviseleti szervezetek\u00e9nt az IPOSZ nagyon fontosnak tartja a Szem\u00e9lyes V\u00e1llalkoz\u00f3i Mentorprogramot, amely seg\u00edtheti ezt a v\u00e1llalkoz\u00f3i k\u00f6rt a t\u00fal\u00e9l\u00e9sben, a n\u00f6veked\u00e9si p\u00e1ly\u00e1ra \u00e1ll\u00e1sban, hiszen az egy\u00e9ni v\u00e1llalkoz\u00e1sok \u00f6t\u00e9ves t\u00fal\u00e9l\u00e9si r\u00e1t\u00e1ja ma kevesebb, mint 30 sz\u00e1zal\u00e9k. \u0150 is kit\u00e9rt a gener\u00e1ci\u00f3v\u00e1lt\u00e1s k\u00e9rd\u00e9s\u00e9re, hangs\u00falyozva, hogy vil\u00e1gszinten csak minden harmadik csal\u00e1di v\u00e1llalkoz\u00e1sn\u00e1l sikeres az els\u0151 gener\u00e1ci\u00f3v\u00e1lt\u00e1s, mind\u00f6ssze 13 sz\u00e1zal\u00e9kuk \u00e9ri meg a harmadik gener\u00e1ci\u00f3s szakaszt \u00e9s csup\u00e1n 3 sz\u00e1zal\u00e9kuk jut el a negyedik gener\u00e1ci\u00f3ig. A csal\u00e1di v\u00e1llalkoz\u00e1sok a teljes magyar v\u00e1llalkoz\u00f3i k\u00f6r 58 sz\u00e1zal\u00e9k\u00e1t teszik ki, a GDP t\u00f6bb, mint fel\u00e9t \u00e1ll\u00edtj\u00e1k el\u0151, \u00e9s a foglalkoztatottak t\u00f6bb, mint 50 sz\u00e1zal\u00e9k\u00e1nak biztos\u00edtanak munkahelyet. Mind t\u00e1rsadalmilag, mind gazdas\u00e1gilag hatalmas vesztes\u00e9g lenne teh\u00e1t, ha a nem j\u00f3l menedzselt gener\u00e1ci\u00f3v\u00e1lt\u00e1s miatt elt\u0171nne a k\u00e9tharmaduk a gazdas\u00e1gb\u00f3l.<\/p>\n<p>Ezt k\u00f6vet\u0151en az MKIK k\u00e9pvisel\u0151je r\u00f6viden bemutatta a Magyar Kereskedelmi \u00e9s Iparkamara mentorprogramj\u00e1t, amely a besz\u00e1ll\u00edt\u00f3v\u00e1 v\u00e1l\u00e1sban \u00e9s az exportpiacokra val\u00f3 kijut\u00e1sban ny\u00fajt seg\u00edts\u00e9get a v\u00e1llalkoz\u00f3knak.<\/p>\n<p><em>Lakatosn\u00e9 Luk\u00e1cs Zsuzsanna<\/em>, a SEED Alap\u00edtv\u00e1ny \u00fcgyvezet\u0151je t\u00f6bbek k\u00f6z\u00f6tt arr\u00f3l besz\u00e9lt el\u0151ad\u00e1s\u00e1ban, hogy mennyire fontosak a v\u00e1llalkoz\u00f3k sz\u00e1m\u00e1ra a korszer\u0171 tud\u00e1s megszerz\u00e9s\u00e9t t\u00e1mogat\u00f3 programok, mint amilyen p\u00e9ld\u00e1ul a Szem\u00e9lyes V\u00e1llalkoz\u00f3i Mentorprogram. Kiemelte, hogy a szem\u00e9lyes mentor\u00e1l\u00e1s mindk\u00e9t f\u00e9l r\u00e9sz\u00e9r\u0151l \u00f6nk\u00e9ntes, a mentornak p\u00e1rtatlannak \u00e9s t\u00e1rgyilagosnak kell lennie, a bizalom alapja a felek k\u00f6z\u00f6tt az \u00fczleti titoktart\u00e1s, \u00e9s nagyon fontos a mentor r\u00e9sz\u00e9r\u0151l a szem\u00e9lyes p\u00e9ldamutat\u00e1s. Hangs\u00falyozta, hogy egy v\u00e1llalkoz\u00f3nak mentor\u00e1ltk\u00e9nt csak akkor \u00e9rdemes csatlakoznia a programhoz, ha t\u00e9nyleg a maximumot akarja kihozni a v\u00e1llalkoz\u00e1s\u00e1b\u00f3l.<\/p>\n<p><em>Danics \u00c1gnes<\/em>, a Szem\u00e9lyes V\u00e1llalkoz\u00f3i Mentorprogram szakmai felel\u0151se a program r\u00e9szleteibe avatta be a r\u00e9sztvev\u0151ket.<\/p>\n<p>Az esem\u00e9nyt egy kerekasztal-besz\u00e9lget\u00e9s z\u00e1rta, amelyen mentorok \u00e9s mentor\u00e1ltak osztott\u00e1k meg tapasztalataikat a r\u00e9sztvev\u0151kkel. A besz\u00e9lget\u00e9s egyik r\u00e9sztvev\u0151je, <em>T\u00f3th Andrea<\/em>, 8 v\u00e1llalkoz\u00e1s (r\u00e9sz)tulajdonosa \u00e9s vezet\u0151je, t\u00f6bb mentorprogram akt\u00edv r\u00e9sztvev\u0151je azt emelte ki, hogy a v\u00e1llalkoz\u00f3knak mennyire fontos, hogy kiterjedt kapcsolati h\u00e1l\u00f3val rendelkezzenek, ami a Szem\u00e9lyes V\u00e1llalkoz\u00f3i Mentorprogramban az egyik f\u0151 k\u00f6vetelm\u00e9ny a leend\u0151 mentorokkal szemben.<\/p>\n<p>&nbsp;<\/p>\n<p>A toborz\u00f3 rendezv\u00e9nyek k\u00f6vetkez\u0151 \u00e1llom\u00e1sai: <strong>m\u00e1jus 27. Szombathely<\/strong>.<\/p>\n<p>&nbsp;<\/p>\n<p>A ny\u00edregyh\u00e1zi esem\u00e9nyr\u0151l a helyi m\u00e9dia is besz\u00e1molt, melyek az al\u00e1bbi linkeken tekinthet\u0151ek meg:<br \/>\n<a href=\"https:\/\/www.youtube.com\/watch?v=3xV6B2fzUo8\" target=\"_blank\" rel=\"noopener\">H\u00edrad\u00f3 2019. m\u00e1jus 7-\u00e9n, kedden<\/a><br \/>\n<a href=\"http:\/\/kolcseytv.hu\/orszagos-%e2%80%a8vallalkozoi-mentor-program\/\" target=\"_blank\" rel=\"noopener\">K\u00f6lcsey telev\u00edzi\u00f3 201\u00f6. m\u00e1jus 7., Orsz\u00e1gos V\u00e1llalkoz\u00f3i Mentor Program<\/a><\/p>\n","protected":false},"featured_media":338,"menu_order":0,"template":"","meta":{"_acf_changed":false},"class_list":["post-874","hirek","type-hirek","status-publish","has-post-thumbnail","hentry"],"acf":[],"yoast_head":"<!-- This site is optimized with the Yoast SEO plugin v27.4 - https:\/\/yoast.com\/product\/yoast-seo-wordpress\/ -->\n<title>Toborz\u00f3rendezv\u00e9ny Ny\u00edregyh\u00e1z\u00e1n - Seed<\/title>\n<meta name=\"robots\" content=\"index, follow, max-snippet:-1, max-image-preview:large, max-video-preview:-1\" \/>\n<link rel=\"canonical\" href=\"https:\/\/seed.hu\/hirek\/toborzorendezveny-nyiregyhazan\/\" \/>\n<meta property=\"og:locale\" content=\"en_US\" \/>\n<meta property=\"og:type\" content=\"article\" \/>\n<meta property=\"og:title\" content=\"Toborz\u00f3rendezv\u00e9ny Ny\u00edregyh\u00e1z\u00e1n - Seed\" \/>\n<meta property=\"og:description\" content=\"J\u00f3, hogy vannak a v\u00e1llalkoz\u00f3kat seg\u00edt\u0151 programok Sokan voltak k\u00edv\u00e1ncsiak a Szem\u00e9lyes V\u00e1llalkoz\u00f3i Mentorprogram r\u00e9szleteire a SEED Kisv\u00e1llalkoz\u00e1s-fejleszt\u00e9si Alap\u00edtv\u00e1ny \u00e1ltal m\u00e1jus 7-\u00e9n Ny\u00edregyh\u00e1z\u00e1ra szervezett toborz\u00f3rendezv\u00e9nyen. Az el\u0151ad\u00f3k \u00e9s hozz\u00e1sz\u00f3l\u00f3k egyar\u00e1nt kiemelt\u00e9k, hogy az ilyen programoknak k\u00f6sz\u00f6nhet\u0151en a v\u00e1llalkoz\u00f3k m\u00e1r nem \u00e9rzik \u00fagy, hogy magukra vannak hagyva a probl\u00e9m\u00e1ikkal. A rendezv\u00e9ny r\u00e9sztvev\u0151it Szab\u00f3 Istv\u00e1n, a Megyei [&hellip;]\" \/>\n<meta property=\"og:url\" content=\"https:\/\/seed.hu\/hirek\/toborzorendezveny-nyiregyhazan\/\" \/>\n<meta property=\"og:site_name\" content=\"Seed\" \/>\n<meta property=\"article:modified_time\" content=\"2022-01-17T19:52:11+00:00\" \/>\n<meta property=\"og:image\" content=\"https:\/\/seed.hu\/wp-content\/uploads\/2021\/04\/Orsza\u0301gos-Va\u0301llalkozo\u0301i-Mentorprogram.png\" \/>\n\t<meta property=\"og:image:width\" content=\"773\" \/>\n\t<meta property=\"og:image:height\" content=\"774\" \/>\n\t<meta property=\"og:image:type\" content=\"image\/png\" \/>\n<meta name=\"twitter:card\" content=\"summary_large_image\" \/>\n<meta name=\"twitter:label1\" content=\"Est. reading time\" \/>\n\t<meta name=\"twitter:data1\" content=\"3 minutes\" \/>\n<script type=\"application\/ld+json\" class=\"yoast-schema-graph\">{\"@context\":\"https:\\\/\\\/schema.org\",\"@graph\":[{\"@type\":\"WebPage\",\"@id\":\"https:\\\/\\\/seed.hu\\\/hirek\\\/toborzorendezveny-nyiregyhazan\\\/\",\"url\":\"https:\\\/\\\/seed.hu\\\/hirek\\\/toborzorendezveny-nyiregyhazan\\\/\",\"name\":\"Toborz\u00f3rendezv\u00e9ny Ny\u00edregyh\u00e1z\u00e1n - Seed\",\"isPartOf\":{\"@id\":\"https:\\\/\\\/seed.hu\\\/#website\"},\"primaryImageOfPage\":{\"@id\":\"https:\\\/\\\/seed.hu\\\/hirek\\\/toborzorendezveny-nyiregyhazan\\\/#primaryimage\"},\"image\":{\"@id\":\"https:\\\/\\\/seed.hu\\\/hirek\\\/toborzorendezveny-nyiregyhazan\\\/#primaryimage\"},\"thumbnailUrl\":\"https:\\\/\\\/seed.hu\\\/wp-content\\\/uploads\\\/2021\\\/04\\\/Orsza\u0301gos-Va\u0301llalkozo\u0301i-Mentorprogram.png\",\"datePublished\":\"2019-05-08T16:57:10+00:00\",\"dateModified\":\"2022-01-17T19:52:11+00:00\",\"breadcrumb\":{\"@id\":\"https:\\\/\\\/seed.hu\\\/hirek\\\/toborzorendezveny-nyiregyhazan\\\/#breadcrumb\"},\"inLanguage\":\"en-US\",\"potentialAction\":[{\"@type\":\"ReadAction\",\"target\":[\"https:\\\/\\\/seed.hu\\\/hirek\\\/toborzorendezveny-nyiregyhazan\\\/\"]}]},{\"@type\":\"ImageObject\",\"inLanguage\":\"en-US\",\"@id\":\"https:\\\/\\\/seed.hu\\\/hirek\\\/toborzorendezveny-nyiregyhazan\\\/#primaryimage\",\"url\":\"https:\\\/\\\/seed.hu\\\/wp-content\\\/uploads\\\/2021\\\/04\\\/Orsza\u0301gos-Va\u0301llalkozo\u0301i-Mentorprogram.png\",\"contentUrl\":\"https:\\\/\\\/seed.hu\\\/wp-content\\\/uploads\\\/2021\\\/04\\\/Orsza\u0301gos-Va\u0301llalkozo\u0301i-Mentorprogram.png\",\"width\":773,\"height\":774},{\"@type\":\"BreadcrumbList\",\"@id\":\"https:\\\/\\\/seed.hu\\\/hirek\\\/toborzorendezveny-nyiregyhazan\\\/#breadcrumb\",\"itemListElement\":[{\"@type\":\"ListItem\",\"position\":1,\"name\":\"H\u00edrek\",\"item\":\"https:\\\/\\\/seed.hu\\\/hirek\\\/\"},{\"@type\":\"ListItem\",\"position\":2,\"name\":\"Toborz\u00f3rendezv\u00e9ny Ny\u00edregyh\u00e1z\u00e1n\"}]},{\"@type\":\"WebSite\",\"@id\":\"https:\\\/\\\/seed.hu\\\/#website\",\"url\":\"https:\\\/\\\/seed.hu\\\/\",\"name\":\"Seed\",\"description\":\"\",\"potentialAction\":[{\"@type\":\"SearchAction\",\"target\":{\"@type\":\"EntryPoint\",\"urlTemplate\":\"https:\\\/\\\/seed.hu\\\/?s={search_term_string}\"},\"query-input\":{\"@type\":\"PropertyValueSpecification\",\"valueRequired\":true,\"valueName\":\"search_term_string\"}}],\"inLanguage\":\"en-US\"}]}<\/script>\n<!-- \/ Yoast SEO plugin. -->","yoast_head_json":{"title":"Toborz\u00f3rendezv\u00e9ny Ny\u00edregyh\u00e1z\u00e1n - Seed","robots":{"index":"index","follow":"follow","max-snippet":"max-snippet:-1","max-image-preview":"max-image-preview:large","max-video-preview":"max-video-preview:-1"},"canonical":"https:\/\/seed.hu\/hirek\/toborzorendezveny-nyiregyhazan\/","og_locale":"en_US","og_type":"article","og_title":"Toborz\u00f3rendezv\u00e9ny Ny\u00edregyh\u00e1z\u00e1n - Seed","og_description":"J\u00f3, hogy vannak a v\u00e1llalkoz\u00f3kat seg\u00edt\u0151 programok Sokan voltak k\u00edv\u00e1ncsiak a Szem\u00e9lyes V\u00e1llalkoz\u00f3i Mentorprogram r\u00e9szleteire a SEED Kisv\u00e1llalkoz\u00e1s-fejleszt\u00e9si Alap\u00edtv\u00e1ny \u00e1ltal m\u00e1jus 7-\u00e9n Ny\u00edregyh\u00e1z\u00e1ra szervezett toborz\u00f3rendezv\u00e9nyen. Az el\u0151ad\u00f3k \u00e9s hozz\u00e1sz\u00f3l\u00f3k egyar\u00e1nt kiemelt\u00e9k, hogy az ilyen programoknak k\u00f6sz\u00f6nhet\u0151en a v\u00e1llalkoz\u00f3k m\u00e1r nem \u00e9rzik \u00fagy, hogy magukra vannak hagyva a probl\u00e9m\u00e1ikkal. A rendezv\u00e9ny r\u00e9sztvev\u0151it Szab\u00f3 Istv\u00e1n, a Megyei [&hellip;]","og_url":"https:\/\/seed.hu\/hirek\/toborzorendezveny-nyiregyhazan\/","og_site_name":"Seed","article_modified_time":"2022-01-17T19:52:11+00:00","og_image":[{"width":773,"height":774,"url":"https:\/\/seed.hu\/wp-content\/uploads\/2021\/04\/Orsza\u0301gos-Va\u0301llalkozo\u0301i-Mentorprogram.png","type":"image\/png"}],"twitter_card":"summary_large_image","twitter_misc":{"Est. reading time":"3 minutes"},"schema":{"@context":"https:\/\/schema.org","@graph":[{"@type":"WebPage","@id":"https:\/\/seed.hu\/hirek\/toborzorendezveny-nyiregyhazan\/","url":"https:\/\/seed.hu\/hirek\/toborzorendezveny-nyiregyhazan\/","name":"Toborz\u00f3rendezv\u00e9ny Ny\u00edregyh\u00e1z\u00e1n - Seed","isPartOf":{"@id":"https:\/\/seed.hu\/#website"},"primaryImageOfPage":{"@id":"https:\/\/seed.hu\/hirek\/toborzorendezveny-nyiregyhazan\/#primaryimage"},"image":{"@id":"https:\/\/seed.hu\/hirek\/toborzorendezveny-nyiregyhazan\/#primaryimage"},"thumbnailUrl":"https:\/\/seed.hu\/wp-content\/uploads\/2021\/04\/Orsza\u0301gos-Va\u0301llalkozo\u0301i-Mentorprogram.png","datePublished":"2019-05-08T16:57:10+00:00","dateModified":"2022-01-17T19:52:11+00:00","breadcrumb":{"@id":"https:\/\/seed.hu\/hirek\/toborzorendezveny-nyiregyhazan\/#breadcrumb"},"inLanguage":"en-US","potentialAction":[{"@type":"ReadAction","target":["https:\/\/seed.hu\/hirek\/toborzorendezveny-nyiregyhazan\/"]}]},{"@type":"ImageObject","inLanguage":"en-US","@id":"https:\/\/seed.hu\/hirek\/toborzorendezveny-nyiregyhazan\/#primaryimage","url":"https:\/\/seed.hu\/wp-content\/uploads\/2021\/04\/Orsza\u0301gos-Va\u0301llalkozo\u0301i-Mentorprogram.png","contentUrl":"https:\/\/seed.hu\/wp-content\/uploads\/2021\/04\/Orsza\u0301gos-Va\u0301llalkozo\u0301i-Mentorprogram.png","width":773,"height":774},{"@type":"BreadcrumbList","@id":"https:\/\/seed.hu\/hirek\/toborzorendezveny-nyiregyhazan\/#breadcrumb","itemListElement":[{"@type":"ListItem","position":1,"name":"H\u00edrek","item":"https:\/\/seed.hu\/hirek\/"},{"@type":"ListItem","position":2,"name":"Toborz\u00f3rendezv\u00e9ny Ny\u00edregyh\u00e1z\u00e1n"}]},{"@type":"WebSite","@id":"https:\/\/seed.hu\/#website","url":"https:\/\/seed.hu\/","name":"Seed","description":"","potentialAction":[{"@type":"SearchAction","target":{"@type":"EntryPoint","urlTemplate":"https:\/\/seed.hu\/?s={search_term_string}"},"query-input":{"@type":"PropertyValueSpecification","valueRequired":true,"valueName":"search_term_string"}}],"inLanguage":"en-US"}]}},"_links":{"self":[{"href":"https:\/\/seed.hu\/en\/wp-json\/wp\/v2\/hirek\/874","targetHints":{"allow":["GET"]}}],"collection":[{"href":"https:\/\/seed.hu\/en\/wp-json\/wp\/v2\/hirek"}],"about":[{"href":"https:\/\/seed.hu\/en\/wp-json\/wp\/v2\/types\/hirek"}],"wp:featuredmedia":[{"embeddable":true,"href":"https:\/\/seed.hu\/en\/wp-json\/wp\/v2\/media\/338"}],"wp:attachment":[{"href":"https:\/\/seed.hu\/en\/wp-json\/wp\/v2\/media?parent=874"}],"curies":[{"name":"wp","href":"https:\/\/api.w.org\/{rel}","templated":true}]}}