{"id":880,"date":"2019-05-29T14:43:10","date_gmt":"2019-05-29T12:43:10","guid":{"rendered":"https:\/\/seed.hu\/?post_type=hirek&#038;p=880"},"modified":"2022-01-19T18:49:53","modified_gmt":"2022-01-19T17:49:53","slug":"egyre-tobben-jelentkeznek-a-szemelyes-vallalkozoi-mentorprogramba","status":"publish","type":"hirek","link":"https:\/\/seed.hu\/en\/hirek\/egyre-tobben-jelentkeznek-a-szemelyes-vallalkozoi-mentorprogramba\/","title":{"rendered":"Egyre t\u00f6bben jelentkeznek a Szem\u00e9lyes V\u00e1llalkoz\u00f3i Mentorprogramba"},"content":{"rendered":"<p><a href=\"https:\/\/seed.hu\/hirek\/mentorok-es-mentoraltak-jelentkezeset-varja-a-seed-alapitvany\/ovm\/\" rel=\"attachment wp-att-844\"><img loading=\"lazy\" decoding=\"async\" class=\"alignnone wp-image-844 size-full\" src=\"https:\/\/seed.hu\/wp-content\/uploads\/2022\/01\/OVM.png\" alt=\"\" width=\"601\" height=\"163\" srcset=\"https:\/\/seed.hu\/wp-content\/uploads\/2022\/01\/OVM.png 601w, https:\/\/seed.hu\/wp-content\/uploads\/2022\/01\/OVM-300x81.png 300w\" sizes=\"auto, (max-width: 601px) 100vw, 601px\" \/><\/a><\/p>\n<p>Sz\u00e9kesfeh\u00e9rv\u00e1ron folytatja az Orsz\u00e1gos V\u00e1llalkoz\u00f3i Mentorprogram (GINOP-1.1.2-VEKOP-17-2017-00001) egyik alprojektj\u00e9t, a Szem\u00e9lyes V\u00e1llalkoz\u00f3i Mentorprogramot bemutat\u00f3 orsz\u00e1gos roadshow-j\u00e1t a SEED Kisv\u00e1llalkoz\u00e1s-fejleszt\u00e9si Alap\u00edtv\u00e1ny. A programba eddig 45 mentorjel\u00f6lt \u00e9s t\u00f6bb mint 70 mentor\u00e1lt-jel\u00f6lt jelentkezett.<\/p>\n<p>A j\u00fanius 6-i rendezv\u00e9nyt a v\u00e1ros egyik kedvelt \u00e9tterm\u00e9ben, a F\u0151 utcai Dos Puertas Mexik\u00f3i \u00c9tteremben rendezik meg. Ide olyan v\u00e1llalkoz\u00f3kat v\u00e1rnak, akik mentork\u00e9nt sz\u00edvesen osztan\u00e1k meg v\u00e1llalkoz\u00e1suk tapasztalatait m\u00e1s v\u00e1llalkoz\u00f3kkal, illetve mentor\u00e1ltk\u00e9nt olyan 35 \u00e9vn\u00e9l fiatalabb v\u00e1llalkoz\u00f3kat, 3 \u00e9vn\u00e9l nem r\u00e9gebben bejegyzett n\u0151i v\u00e1llalkoz\u00e1sokat \u00e9s gener\u00e1ci\u00f3v\u00e1lt\u00e1s el\u0151tt \u00e1ll\u00f3 csal\u00e1di v\u00e1llalkoz\u00e1sokat, amelyek sz\u00edvesen tanuln\u00e1nak tapasztaltabb v\u00e1llalkoz\u00f3t\u00e1rsaikt\u00f3l. Sz\u00edvesen l\u00e1tnak olyan v\u00e1llalkoz\u00f3i szervezeteket is, amelyek a tags\u00e1guk k\u00f6r\u00e9ben tudj\u00e1k megosztani a program \u00e1ltal k\u00edn\u00e1lt lehet\u0151s\u00e9geket. A mentorprogramban val\u00f3 r\u00e9szv\u00e9tel a mentor\u00e1ltaknak ingyenes, de elt\u00f6k\u00e9lts\u00e9get \u00e9s elk\u00f6telezetts\u00e9get ig\u00e9nyel. A mentoroknak a folyamat sor\u00e1n lehet\u0151s\u00e9g\u00fck ny\u00edlik betekinteni az \u00f6v\u00e9k\u00e9t\u0151l k\u00fcl\u00f6nb\u00f6z\u0151 ipar\u00e1gakba, valamint \u00faj \u00fczleti kapcsolatokat \u00e9s \u00e9p\u00edthetnek a program r\u00e9sz\u00e9t k\u00e9pez\u0151 esem\u00e9nyeken.<\/p>\n<p>A sz\u00e9kesfeh\u00e9rv\u00e1ri rendezv\u00e9nyre\u00a0<a href=\"https:\/\/seed.hu\/kerdoiv\/orszagos-vallalkozoi-mentorprogram-toborzo-rendezveny-szekesfehervar-2019-06-06\" target=\"_blank\" rel=\"noopener\">ITT<\/a> lehet regisztr\u00e1lni.<\/p>\n","protected":false},"featured_media":338,"menu_order":0,"template":"","meta":{"_acf_changed":false},"class_list":["post-880","hirek","type-hirek","status-publish","has-post-thumbnail","hentry"],"acf":[],"yoast_head":"<!-- This site is optimized with the Yoast SEO plugin v27.4 - https:\/\/yoast.com\/product\/yoast-seo-wordpress\/ -->\n<title>Egyre t\u00f6bben jelentkeznek a Szem\u00e9lyes V\u00e1llalkoz\u00f3i Mentorprogramba - Seed<\/title>\n<meta name=\"robots\" content=\"index, follow, max-snippet:-1, max-image-preview:large, max-video-preview:-1\" \/>\n<link rel=\"canonical\" href=\"https:\/\/seed.hu\/hirek\/egyre-tobben-jelentkeznek-a-szemelyes-vallalkozoi-mentorprogramba\/\" \/>\n<meta property=\"og:locale\" content=\"en_US\" \/>\n<meta property=\"og:type\" content=\"article\" \/>\n<meta property=\"og:title\" content=\"Egyre t\u00f6bben jelentkeznek a Szem\u00e9lyes V\u00e1llalkoz\u00f3i Mentorprogramba - Seed\" \/>\n<meta property=\"og:description\" content=\"Sz\u00e9kesfeh\u00e9rv\u00e1ron folytatja az Orsz\u00e1gos V\u00e1llalkoz\u00f3i Mentorprogram (GINOP-1.1.2-VEKOP-17-2017-00001) egyik alprojektj\u00e9t, a Szem\u00e9lyes V\u00e1llalkoz\u00f3i Mentorprogramot bemutat\u00f3 orsz\u00e1gos roadshow-j\u00e1t a SEED Kisv\u00e1llalkoz\u00e1s-fejleszt\u00e9si Alap\u00edtv\u00e1ny. A programba eddig 45 mentorjel\u00f6lt \u00e9s t\u00f6bb mint 70 mentor\u00e1lt-jel\u00f6lt jelentkezett. A j\u00fanius 6-i rendezv\u00e9nyt a v\u00e1ros egyik kedvelt \u00e9tterm\u00e9ben, a F\u0151 utcai Dos Puertas Mexik\u00f3i \u00c9tteremben rendezik meg. Ide olyan v\u00e1llalkoz\u00f3kat v\u00e1rnak, akik mentork\u00e9nt [&hellip;]\" \/>\n<meta property=\"og:url\" content=\"https:\/\/seed.hu\/hirek\/egyre-tobben-jelentkeznek-a-szemelyes-vallalkozoi-mentorprogramba\/\" \/>\n<meta property=\"og:site_name\" content=\"Seed\" \/>\n<meta property=\"article:modified_time\" content=\"2022-01-19T17:49:53+00:00\" \/>\n<meta property=\"og:image\" content=\"https:\/\/seed.hu\/wp-content\/uploads\/2021\/04\/Orsza\u0301gos-Va\u0301llalkozo\u0301i-Mentorprogram.png\" \/>\n\t<meta property=\"og:image:width\" content=\"773\" \/>\n\t<meta property=\"og:image:height\" content=\"774\" \/>\n\t<meta property=\"og:image:type\" content=\"image\/png\" \/>\n<meta name=\"twitter:card\" content=\"summary_large_image\" \/>\n<meta name=\"twitter:label1\" content=\"Est. reading time\" \/>\n\t<meta name=\"twitter:data1\" content=\"1 minute\" \/>\n<script type=\"application\/ld+json\" class=\"yoast-schema-graph\">{\"@context\":\"https:\\\/\\\/schema.org\",\"@graph\":[{\"@type\":\"WebPage\",\"@id\":\"https:\\\/\\\/seed.hu\\\/hirek\\\/egyre-tobben-jelentkeznek-a-szemelyes-vallalkozoi-mentorprogramba\\\/\",\"url\":\"https:\\\/\\\/seed.hu\\\/hirek\\\/egyre-tobben-jelentkeznek-a-szemelyes-vallalkozoi-mentorprogramba\\\/\",\"name\":\"Egyre t\u00f6bben jelentkeznek a Szem\u00e9lyes V\u00e1llalkoz\u00f3i Mentorprogramba - Seed\",\"isPartOf\":{\"@id\":\"https:\\\/\\\/seed.hu\\\/#website\"},\"primaryImageOfPage\":{\"@id\":\"https:\\\/\\\/seed.hu\\\/hirek\\\/egyre-tobben-jelentkeznek-a-szemelyes-vallalkozoi-mentorprogramba\\\/#primaryimage\"},\"image\":{\"@id\":\"https:\\\/\\\/seed.hu\\\/hirek\\\/egyre-tobben-jelentkeznek-a-szemelyes-vallalkozoi-mentorprogramba\\\/#primaryimage\"},\"thumbnailUrl\":\"https:\\\/\\\/seed.hu\\\/wp-content\\\/uploads\\\/2021\\\/04\\\/Orsza\u0301gos-Va\u0301llalkozo\u0301i-Mentorprogram.png\",\"datePublished\":\"2019-05-29T12:43:10+00:00\",\"dateModified\":\"2022-01-19T17:49:53+00:00\",\"breadcrumb\":{\"@id\":\"https:\\\/\\\/seed.hu\\\/hirek\\\/egyre-tobben-jelentkeznek-a-szemelyes-vallalkozoi-mentorprogramba\\\/#breadcrumb\"},\"inLanguage\":\"en-US\",\"potentialAction\":[{\"@type\":\"ReadAction\",\"target\":[\"https:\\\/\\\/seed.hu\\\/hirek\\\/egyre-tobben-jelentkeznek-a-szemelyes-vallalkozoi-mentorprogramba\\\/\"]}]},{\"@type\":\"ImageObject\",\"inLanguage\":\"en-US\",\"@id\":\"https:\\\/\\\/seed.hu\\\/hirek\\\/egyre-tobben-jelentkeznek-a-szemelyes-vallalkozoi-mentorprogramba\\\/#primaryimage\",\"url\":\"https:\\\/\\\/seed.hu\\\/wp-content\\\/uploads\\\/2021\\\/04\\\/Orsza\u0301gos-Va\u0301llalkozo\u0301i-Mentorprogram.png\",\"contentUrl\":\"https:\\\/\\\/seed.hu\\\/wp-content\\\/uploads\\\/2021\\\/04\\\/Orsza\u0301gos-Va\u0301llalkozo\u0301i-Mentorprogram.png\",\"width\":773,\"height\":774},{\"@type\":\"BreadcrumbList\",\"@id\":\"https:\\\/\\\/seed.hu\\\/hirek\\\/egyre-tobben-jelentkeznek-a-szemelyes-vallalkozoi-mentorprogramba\\\/#breadcrumb\",\"itemListElement\":[{\"@type\":\"ListItem\",\"position\":1,\"name\":\"H\u00edrek\",\"item\":\"https:\\\/\\\/seed.hu\\\/hirek\\\/\"},{\"@type\":\"ListItem\",\"position\":2,\"name\":\"Egyre t\u00f6bben jelentkeznek a Szem\u00e9lyes V\u00e1llalkoz\u00f3i Mentorprogramba\"}]},{\"@type\":\"WebSite\",\"@id\":\"https:\\\/\\\/seed.hu\\\/#website\",\"url\":\"https:\\\/\\\/seed.hu\\\/\",\"name\":\"Seed\",\"description\":\"\",\"potentialAction\":[{\"@type\":\"SearchAction\",\"target\":{\"@type\":\"EntryPoint\",\"urlTemplate\":\"https:\\\/\\\/seed.hu\\\/?s={search_term_string}\"},\"query-input\":{\"@type\":\"PropertyValueSpecification\",\"valueRequired\":true,\"valueName\":\"search_term_string\"}}],\"inLanguage\":\"en-US\"}]}<\/script>\n<!-- \/ Yoast SEO plugin. -->","yoast_head_json":{"title":"Egyre t\u00f6bben jelentkeznek a Szem\u00e9lyes V\u00e1llalkoz\u00f3i Mentorprogramba - Seed","robots":{"index":"index","follow":"follow","max-snippet":"max-snippet:-1","max-image-preview":"max-image-preview:large","max-video-preview":"max-video-preview:-1"},"canonical":"https:\/\/seed.hu\/hirek\/egyre-tobben-jelentkeznek-a-szemelyes-vallalkozoi-mentorprogramba\/","og_locale":"en_US","og_type":"article","og_title":"Egyre t\u00f6bben jelentkeznek a Szem\u00e9lyes V\u00e1llalkoz\u00f3i Mentorprogramba - Seed","og_description":"Sz\u00e9kesfeh\u00e9rv\u00e1ron folytatja az Orsz\u00e1gos V\u00e1llalkoz\u00f3i Mentorprogram (GINOP-1.1.2-VEKOP-17-2017-00001) egyik alprojektj\u00e9t, a Szem\u00e9lyes V\u00e1llalkoz\u00f3i Mentorprogramot bemutat\u00f3 orsz\u00e1gos roadshow-j\u00e1t a SEED Kisv\u00e1llalkoz\u00e1s-fejleszt\u00e9si Alap\u00edtv\u00e1ny. A programba eddig 45 mentorjel\u00f6lt \u00e9s t\u00f6bb mint 70 mentor\u00e1lt-jel\u00f6lt jelentkezett. A j\u00fanius 6-i rendezv\u00e9nyt a v\u00e1ros egyik kedvelt \u00e9tterm\u00e9ben, a F\u0151 utcai Dos Puertas Mexik\u00f3i \u00c9tteremben rendezik meg. Ide olyan v\u00e1llalkoz\u00f3kat v\u00e1rnak, akik mentork\u00e9nt [&hellip;]","og_url":"https:\/\/seed.hu\/hirek\/egyre-tobben-jelentkeznek-a-szemelyes-vallalkozoi-mentorprogramba\/","og_site_name":"Seed","article_modified_time":"2022-01-19T17:49:53+00:00","og_image":[{"width":773,"height":774,"url":"https:\/\/seed.hu\/wp-content\/uploads\/2021\/04\/Orsza\u0301gos-Va\u0301llalkozo\u0301i-Mentorprogram.png","type":"image\/png"}],"twitter_card":"summary_large_image","twitter_misc":{"Est. reading time":"1 minute"},"schema":{"@context":"https:\/\/schema.org","@graph":[{"@type":"WebPage","@id":"https:\/\/seed.hu\/hirek\/egyre-tobben-jelentkeznek-a-szemelyes-vallalkozoi-mentorprogramba\/","url":"https:\/\/seed.hu\/hirek\/egyre-tobben-jelentkeznek-a-szemelyes-vallalkozoi-mentorprogramba\/","name":"Egyre t\u00f6bben jelentkeznek a Szem\u00e9lyes V\u00e1llalkoz\u00f3i Mentorprogramba - Seed","isPartOf":{"@id":"https:\/\/seed.hu\/#website"},"primaryImageOfPage":{"@id":"https:\/\/seed.hu\/hirek\/egyre-tobben-jelentkeznek-a-szemelyes-vallalkozoi-mentorprogramba\/#primaryimage"},"image":{"@id":"https:\/\/seed.hu\/hirek\/egyre-tobben-jelentkeznek-a-szemelyes-vallalkozoi-mentorprogramba\/#primaryimage"},"thumbnailUrl":"https:\/\/seed.hu\/wp-content\/uploads\/2021\/04\/Orsza\u0301gos-Va\u0301llalkozo\u0301i-Mentorprogram.png","datePublished":"2019-05-29T12:43:10+00:00","dateModified":"2022-01-19T17:49:53+00:00","breadcrumb":{"@id":"https:\/\/seed.hu\/hirek\/egyre-tobben-jelentkeznek-a-szemelyes-vallalkozoi-mentorprogramba\/#breadcrumb"},"inLanguage":"en-US","potentialAction":[{"@type":"ReadAction","target":["https:\/\/seed.hu\/hirek\/egyre-tobben-jelentkeznek-a-szemelyes-vallalkozoi-mentorprogramba\/"]}]},{"@type":"ImageObject","inLanguage":"en-US","@id":"https:\/\/seed.hu\/hirek\/egyre-tobben-jelentkeznek-a-szemelyes-vallalkozoi-mentorprogramba\/#primaryimage","url":"https:\/\/seed.hu\/wp-content\/uploads\/2021\/04\/Orsza\u0301gos-Va\u0301llalkozo\u0301i-Mentorprogram.png","contentUrl":"https:\/\/seed.hu\/wp-content\/uploads\/2021\/04\/Orsza\u0301gos-Va\u0301llalkozo\u0301i-Mentorprogram.png","width":773,"height":774},{"@type":"BreadcrumbList","@id":"https:\/\/seed.hu\/hirek\/egyre-tobben-jelentkeznek-a-szemelyes-vallalkozoi-mentorprogramba\/#breadcrumb","itemListElement":[{"@type":"ListItem","position":1,"name":"H\u00edrek","item":"https:\/\/seed.hu\/hirek\/"},{"@type":"ListItem","position":2,"name":"Egyre t\u00f6bben jelentkeznek a Szem\u00e9lyes V\u00e1llalkoz\u00f3i Mentorprogramba"}]},{"@type":"WebSite","@id":"https:\/\/seed.hu\/#website","url":"https:\/\/seed.hu\/","name":"Seed","description":"","potentialAction":[{"@type":"SearchAction","target":{"@type":"EntryPoint","urlTemplate":"https:\/\/seed.hu\/?s={search_term_string}"},"query-input":{"@type":"PropertyValueSpecification","valueRequired":true,"valueName":"search_term_string"}}],"inLanguage":"en-US"}]}},"_links":{"self":[{"href":"https:\/\/seed.hu\/en\/wp-json\/wp\/v2\/hirek\/880","targetHints":{"allow":["GET"]}}],"collection":[{"href":"https:\/\/seed.hu\/en\/wp-json\/wp\/v2\/hirek"}],"about":[{"href":"https:\/\/seed.hu\/en\/wp-json\/wp\/v2\/types\/hirek"}],"wp:featuredmedia":[{"embeddable":true,"href":"https:\/\/seed.hu\/en\/wp-json\/wp\/v2\/media\/338"}],"wp:attachment":[{"href":"https:\/\/seed.hu\/en\/wp-json\/wp\/v2\/media?parent=880"}],"curies":[{"name":"wp","href":"https:\/\/api.w.org\/{rel}","templated":true}]}}