{"id":881,"date":"2019-05-30T20:05:59","date_gmt":"2019-05-30T18:05:59","guid":{"rendered":"https:\/\/seed.hu\/?post_type=hirek&#038;p=881"},"modified":"2022-01-19T18:51:40","modified_gmt":"2022-01-19T17:51:40","slug":"izgalmas-temak-a-fokuszban-a-szombathelyi-toborzorendezvenyen","status":"publish","type":"hirek","link":"https:\/\/seed.hu\/en\/hirek\/izgalmas-temak-a-fokuszban-a-szombathelyi-toborzorendezvenyen\/","title":{"rendered":"Izgalmas t\u00e9m\u00e1k a f\u00f3kuszban a szombathelyi toborz\u00f3rendezv\u00e9nyen"},"content":{"rendered":"<p><a href=\"https:\/\/seed.hu\/hirek\/mentorok-es-mentoraltak-jelentkezeset-varja-a-seed-alapitvany\/ovm\/\" rel=\"attachment wp-att-844\"><img loading=\"lazy\" decoding=\"async\" class=\"alignnone wp-image-844 size-full\" src=\"https:\/\/seed.hu\/wp-content\/uploads\/2022\/01\/OVM.png\" alt=\"\" width=\"601\" height=\"163\" srcset=\"https:\/\/seed.hu\/wp-content\/uploads\/2022\/01\/OVM.png 601w, https:\/\/seed.hu\/wp-content\/uploads\/2022\/01\/OVM-300x81.png 300w\" sizes=\"auto, (max-width: 601px) 100vw, 601px\" \/><\/a><\/p>\n<p><strong>A SEED Alap\u00edtv\u00e1ny m\u00e1jus 27-\u00e9n Szombathelyen, a Vas Megyei Kereskedelmi \u00e9s Iparkamara sz\u00e9kh\u00e1z\u00e1ban tartotta meg a Szem\u00e9lyes V\u00e1llalkoz\u00f3i Mentorprogram keret\u00e9ben szervezett rendezv\u00e9ny\u00e9t, amelyen t\u00f6bb, v\u00e1llalkoz\u00f3kat t\u00f6m\u00f6r\u00edt\u0151 szervezet k\u00e9pvisel\u0151i is r\u00e9szt vettek. Az esem\u00e9nyen \u00e9l\u00e9nk eszmecsere alakult ki a magyar mikro- \u00e9s kisv\u00e1llalkoz\u00e1sok jellemz\u0151ir\u0151l, a hi\u00e1nyszakm\u00e1k tovagy\u0171r\u0171z\u0151 hat\u00e1sair\u00f3l, a mentori szerep ny\u00fajtotta lehet\u0151s\u00e9gekr\u0151l.<\/strong><\/p>\n<p>&nbsp;<\/p>\n<p><em>Balogh K\u00e1roly Zsolt<\/em>, a Vas Megyei Kereskedelmi \u00e9s Iparkamara f\u0151titk\u00e1ra k\u00f6sz\u00f6nt\u0151j\u00e9ben azt hangs\u00falyozta, milyen fontosak az ilyen programok \u00e1ltal\u00e1ban a v\u00e1llalkoz\u00f3k, \u00e9s speci\u00e1lisan a vasi v\u00e1llalkoz\u00f3k sz\u00e1m\u00e1ra is. \u00cdg\u00e9retet tett arra, hogy minden lehets\u00e9ges f\u00f3rumon terjeszteni fogj\u00e1k a Szem\u00e9lyes V\u00e1llalkoz\u00f3i Mentorprogram h\u00edr\u00e9t.<\/p>\n<p>&nbsp;<\/p>\n<p><em>N\u00e9meth L\u00e1szl\u00f3<\/em>, az Ipartest\u00fcletek Orsz\u00e1gos Sz\u00f6vets\u00e9g\u00e9nek eln\u00f6ke arra h\u00edvta fel a figyelmet, hogy a Magyarorsz\u00e1gon igen alacsony a v\u00e1llalkoz\u00e1sok t\u00fal\u00e9l\u00e9si r\u00e1t\u00e1ja: a 2010-ben alap\u00edtott t\u00e1rsas v\u00e1llalkoz\u00e1sok 45,1 sz\u00e1zal\u00e9ka, m\u00edg az eml\u00edtett \u00e9vben indult egy\u00e9ni v\u00e1llalkoz\u00f3k mind\u00f6ssze 27,1 sz\u00e1zal\u00e9ka tev\u00e9kenykedett 2015-ben. A sz\u00f6vetkezetek t\u00fal\u00e9l\u00e9si r\u00e1t\u00e1ja m\u00e9g alacsonyabb, mind\u00f6ssze 26,4 sz\u00e1zal\u00e9k. \u00c9ppen az\u00e9rt van sz\u00fcks\u00e9g a Szem\u00e9lyes V\u00e1llalkoz\u00f3i Mentorprogramra, mert seg\u00edteni kell a mikro- \u00e9s kisv\u00e1llalkoz\u00e1sokat versenyk\u00e9pess\u00e9g\u00fck, hat\u00e9konys\u00e1guk n\u00f6vel\u00e9s\u00e9ben, ami a t\u00fal\u00e9l\u00e9s egyik felt\u00e9tele. Ebben a folyamatban nagyon fontos a kommunik\u00e1ci\u00f3, j\u00f3l \u00e9s r\u00e9szletesen ki kell fejteni, hogy mit kaphat a mentor\u00e1lt v\u00e1llalkoz\u00f3 egy ilyen programban. N\u00e9meth L\u00e1szl\u00f3 egy nagyon \u00e9rdekes szempontra is r\u00e1mutatott: a gener\u00e1ci\u00f3v\u00e1lt\u00e1snak egyben a szakm\u00e1k \u00e1tad\u00e1s\u00e1t is jelentenie kell. Mert hi\u00e1ba fejl\u0151dik a borkult\u00fara Magyarorsz\u00e1gon, ha nincs megfelel\u0151 k\u00e1d\u00e1rk\u00e9pz\u00e9s, hi\u00e1ba akarjuk fejleszteni a lovas kult\u00far\u00e1t, ha hi\u00e1nyszakma a nyeregk\u00e9sz\u00edt\u0151, \u00e9s hi\u00e1ba vannak nemzetk\u00f6zi h\u00edr\u0171 cip\u00e9szeink, ha nincsenek kaptafak\u00e9sz\u00edt\u0151ink. F\u0151k\u00e9ppen pedig olyan v\u00e1llalkoz\u00f3k eset\u00e9ben igaz ez a kijelent\u00e9s, akik egy adott szakm\u00e1ban dolgoznak, \u00e9s a gyerek\u00fcknek csak akkor tudj\u00e1k \u00e1tadni az \u00e9vtizedek alatt kialak\u00edtott \u00fcgyf\u00e9lk\u00f6rt, ha \u0151 hasonl\u00f3an j\u00f3 teljes\u00edtm\u00e9ny\u00e9re k\u00e9pes a szakm\u00e1ban, mint az \u00e9desanyja vagy az \u00e9desapja.<\/p>\n<p>&nbsp;<\/p>\n<p><em>Lakatosn\u00e9 Luk\u00e1cs Zsuzsanna<\/em>, a SEED Alap\u00edtv\u00e1ny \u00fcgyvezet\u0151je a Szem\u00e9lyes V\u00e1llalkoz\u00f3i Mentorprogram bemutat\u00e1sa sor\u00e1n a technikai r\u00e9szletek bemutat\u00e1s\u00e1n t\u00fal kiemelte, hogy egy ilyen programnak az egyik nagyon l\u00e9nyeges eleme az, hogy a mentor \u00e9s a mentor\u00e1lt egyar\u00e1nt tov\u00e1bb\u00e9p\u00edtheti a kapcsolatrendszer\u00e9t, ami \u00faj \u00fczletek l\u00e9trej\u00f6tt\u00e9t is el\u0151seg\u00edtheti. A Szem\u00e9lyes V\u00e1llalkoz\u00f3i Mentorprogramban \u00e9ppen ez\u00e9rt sz\u00e1mos esem\u00e9nyt szerveznek, amelyeken egyr\u00e9szt a mentorok tal\u00e1lkozhatnak a mentor\u00e1ltakkal, m\u00e1sr\u00e9szt pedig a mentorok tal\u00e1lkozhatnak egym\u00e1ssal. Ugyancsak a kapcsolat\u00e9p\u00edt\u00e9st szolg\u00e1lja, hogy a mentorokn\u00e1l a jelentkez\u00e9s felt\u00e9tele a m\u00e1r eleve megl\u00e9v\u0151, kiterjedt kapcsolati h\u00e1l\u00f3, amelyet a mentor\u00e1ltjuk sikeres m\u0171k\u00f6d\u00e9s\u00e9nek el\u0151mozd\u00edt\u00e1sa \u00e9rdek\u00e9ben is tudnak \u201emozgatni\u201d.<\/p>\n<p>&nbsp;<\/p>\n<p>\u00c9rdekfesz\u00edt\u0151 el\u0151ad\u00e1s\u00e1ban <em>Bed\u0151v\u00e1ri P\u00e9ter<\/em>, a\u00a0 Budapest Bank szombathelyi fi\u00f3kj\u00e1nak vezet\u0151je nagyon izgalmas \u00e9s aktu\u00e1lis t\u00e9m\u00e1kat j\u00e1rt k\u00f6r\u00fcl. El\u0151ad\u00e1s\u00e1nak f\u0151bb meg\u00e1llap\u00edt\u00e1sait egy, a Budapest Bank \u00e1ltal v\u00e9gzett felm\u00e9r\u00e9sre alapozta, amelyet a hitelint\u00e9zet 500, \u00a0200 milli\u00f3 forintot meghalad\u00f3 \u00e1rbev\u00e9tel\u0171, 10-49 f\u0151t foglalkoztat\u00f3 kis- \u00e9s k\u00f6z\u00e9pv\u00e1llalkoz\u00e1s k\u00f6r\u00e9ben v\u00e9gzett. Ezen v\u00e1llalkoz\u00e1sok d\u00f6nt\u0151 t\u00f6bbs\u00e9g\u00e9n\u00e9l m\u00e9g nem alakultak ki elk\u00fcl\u00f6n\u00fclt vezet\u0151i funkci\u00f3k, \u00edgy szinte minden ir\u00e1ny\u00edt\u00f3i feladat a c\u00e9gtulajdonosra h\u00e1rul. Ez t\u00f6bbek k\u00f6z\u00f6tt annak a k\u00f6vetkezm\u00e9nye, hogy a v\u00e1llalkoz\u00e1sok nagy r\u00e9sz\u00e9t a napi munka sor\u00e1n fokozatosan kialakul\u00f3 m\u0171k\u00f6d\u00e9s jellemzi.\u00a0A megk\u00e9rdezett c\u00e9gek vezet\u0151inek 52 sz\u00e1zal\u00e9ka nem tekinti mag\u00e1t tudatosan megszervezettnek: vagyis a jelenlegi strukt\u00fara a napi munka sor\u00e1n, fokozatosan alakult ki, nem pedig tudatos szervezetfejleszt\u00e9s eredm\u00e9nyek\u00e9ppen.<\/p>\n<p>&nbsp;<\/p>\n<p>A v\u00e1llalkoz\u00e1sok t\u00f6bb mint fel\u00e9n\u00e9l jellemz\u0151, kisebb m\u00e9rt\u00e9k\u0171 struktur\u00e1lts\u00e1g egyik velej\u00e1r\u00f3ja, hogy gyakran nem alak\u00edtanak ki vagy t\u00f6ltenek be k\u00fcl\u00f6n vezet\u0151i poz\u00edci\u00f3kat az egyes ter\u00fclet\u00fckre. Ezeket a feladatk\u00f6r\u00f6ket a tulajdonos, illetve az els\u0151 sz\u00e1m\u00fa vezet\u0151 l\u00e1tja el, akire \u00edgy egyszerre t\u00f6bb kiz\u00e1r\u00f3lagos feladat h\u00e1rul. Gazdas\u00e1gi, p\u00e9nz\u00fcgyi vezet\u0151 p\u00e9ld\u00e1ul csak a megk\u00e9rdezett v\u00e1llalkoz\u00e1sok mintegy 40 sz\u00e1zal\u00e9k\u00e1n\u00e1l van, HR vezet\u0151t pedig csak a c\u00e9gek 5 sz\u00e1zal\u00e9ka alkalmaz.A tudatos szervezetfejleszt\u00e9s jav\u00edthat a c\u00e9gek hat\u00e9konys\u00e1g\u00e1n, ami \u00e1ltal t\u00f6bb figyelem jutna olyan strat\u00e9giai k\u00e9rd\u00e9sekre, mint p\u00e9ld\u00e1ul a munkaer\u0151 megtart\u00e1sa vagy a digitaliz\u00e1ci\u00f3.<\/p>\n<p>&nbsp;<\/p>\n<p>A gener\u00e1ci\u00f3v\u00e1lt\u00e1sr\u00f3l, mint a csal\u00e1di v\u00e1llalkoz\u00e1sok el\u0151tt \u00e1ll\u00f3 egyik legnagyobb kih\u00edv\u00e1sr\u00f3l, a fi\u00f3kvezet\u0151 elmondta: A hazai kis- \u00e9s k\u00f6z\u00e9pv\u00e1llalkoz\u00e1sok jelent\u0151s r\u00e9sz\u00e9t a rendszerv\u00e1lt\u00e1s ut\u00e1ni \u00e9vekben, azaz 20-25 \u00e9ve alap\u00edtott\u00e1k, \u00edgy a vezet\u0151k el\u00e9rt\u00e9k vagy lassan el\u00e9rik a nyugd\u00edjkorhat\u00e1rt. Ennek ellen\u00e9re a kkv-k viszonylag csek\u00e9ly h\u00e1nyada tartja napirenden ezt a k\u00e9rd\u00e9st. F\u0151leg a 100%-ban csal\u00e1di tulajdonban l\u00e9v\u0151 v\u00e1llalkoz\u00e1sok foglakoznak a probl\u00e9m\u00e1val: mintegy 30%-n\u00e1l van napirenden, \u00e9s ebb\u0151l 17%-n\u00e1l m\u00e1r meg is kezdt\u00e9k a folyamatot. Szektorok szerinti bont\u00e1sban n\u00e9zve a mez\u0151gazdas\u00e1gi v\u00e1llalkoz\u00e1sok j\u00e1rnak \u00e9len: 37%-n\u00e1l mer\u00fclt fel a t\u00e9ma \u00e9s 15%-n\u00e1l zajlik az \u00e1tad\u00e1s.<\/p>\n<p>&nbsp;<\/p>\n<p>Az esem\u00e9nyen egy egykori mentorprogramban mentork\u00e9nt r\u00e9szt vev\u0151, \u00e9s a Szem\u00e9lyes V\u00e1llalkoz\u00f3i Mentorprogramban is r\u00e9szt venni sz\u00e1nd\u00e9koz\u00f3 sz\u00e9kesfeh\u00e9rv\u00e1ri v\u00e1llalkoz\u00f3n\u0151, <em>B\u00e1cskai Zsuzsanna<\/em> arr\u00f3l besz\u00e9lt, mit kap a mentor egy ilyen folyamatban. Mondand\u00f3j\u00e1t egy megh\u00f6kkent\u0151 \u00e9s m\u00e9lyre mutat\u00f3 mondattal kezdte: \u201eHiszek abban, hogy mindig azt tan\u00edtjuk, amit tanulnunk kell.\u201d Vagyis a mentor\u00e1l\u00e1si folyamat kezdet\u00e9n a mentornak r\u00e1 kell n\u00e9znie a saj\u00e1t c\u00e9g\u00e9re, alaposan \u00e1t kell gondolnia a saj\u00e1t v\u00e1llalkoz\u00e1s\u00e1t, hiszen annak alapj\u00e1n fog ir\u00e1nyokat mutatni a mentor\u00e1lt v\u00e1llalkoz\u00f3nak. A mentornak a v\u00e1llalkoz\u00e1sa kapcs\u00e1n fontos k\u00e9rd\u00e9seket kell feltennie \u00f6nmag\u00e1nak. Az utols\u00f3 k\u00e9rd\u00e9s \u00edgy hangzik: Ki vagyok \u00e9n? Azaz a mentor\u00e1l\u00e1si folyamat egy \u00f6nismereti folyamatk\u00e9nt is felfoghat\u00f3. \u0150 maga k\u00e9t mentor\u00e1lttal dolgozott egy\u00fctt kor\u00e1bban, \u00e9s a folyamat hat\u00e1s\u00e1ra mindk\u00e9t \u201etan\u00edtv\u00e1nya\u201d emberileg \u00e9s szakmailag is sokat v\u00e1ltozott. A mentor\u00e1l\u00e1si folyamatban \u0151 maga is sok \u00f6tletet kapott, \u00e9s mentor\u00e1ltjaival, mentort\u00e1rsaival m\u00e1ig tart\u00f3 kapcsolatot alak\u00edtott ki. Hangs\u00falyozta, ezekb\u0151l a kapcsolatokb\u00f3l \u00fczletek is sz\u00fclethetnek.<\/p>\n","protected":false},"featured_media":338,"menu_order":0,"template":"","meta":{"_acf_changed":false},"class_list":["post-881","hirek","type-hirek","status-publish","has-post-thumbnail","hentry"],"acf":[],"yoast_head":"<!-- This site is optimized with the Yoast SEO plugin v27.4 - https:\/\/yoast.com\/product\/yoast-seo-wordpress\/ -->\n<title>Izgalmas t\u00e9m\u00e1k a f\u00f3kuszban a szombathelyi toborz\u00f3rendezv\u00e9nyen - Seed<\/title>\n<meta name=\"robots\" content=\"index, follow, max-snippet:-1, max-image-preview:large, max-video-preview:-1\" \/>\n<link rel=\"canonical\" href=\"https:\/\/seed.hu\/hirek\/izgalmas-temak-a-fokuszban-a-szombathelyi-toborzorendezvenyen\/\" \/>\n<meta property=\"og:locale\" content=\"en_US\" \/>\n<meta property=\"og:type\" content=\"article\" \/>\n<meta property=\"og:title\" content=\"Izgalmas t\u00e9m\u00e1k a f\u00f3kuszban a szombathelyi toborz\u00f3rendezv\u00e9nyen - Seed\" \/>\n<meta property=\"og:description\" content=\"A SEED Alap\u00edtv\u00e1ny m\u00e1jus 27-\u00e9n Szombathelyen, a Vas Megyei Kereskedelmi \u00e9s Iparkamara sz\u00e9kh\u00e1z\u00e1ban tartotta meg a Szem\u00e9lyes V\u00e1llalkoz\u00f3i Mentorprogram keret\u00e9ben szervezett rendezv\u00e9ny\u00e9t, amelyen t\u00f6bb, v\u00e1llalkoz\u00f3kat t\u00f6m\u00f6r\u00edt\u0151 szervezet k\u00e9pvisel\u0151i is r\u00e9szt vettek. Az esem\u00e9nyen \u00e9l\u00e9nk eszmecsere alakult ki a magyar mikro- \u00e9s kisv\u00e1llalkoz\u00e1sok jellemz\u0151ir\u0151l, a hi\u00e1nyszakm\u00e1k tovagy\u0171r\u0171z\u0151 hat\u00e1sair\u00f3l, a mentori szerep ny\u00fajtotta lehet\u0151s\u00e9gekr\u0151l. &nbsp; Balogh K\u00e1roly [&hellip;]\" \/>\n<meta property=\"og:url\" content=\"https:\/\/seed.hu\/hirek\/izgalmas-temak-a-fokuszban-a-szombathelyi-toborzorendezvenyen\/\" \/>\n<meta property=\"og:site_name\" content=\"Seed\" \/>\n<meta property=\"article:modified_time\" content=\"2022-01-19T17:51:40+00:00\" \/>\n<meta property=\"og:image\" content=\"https:\/\/seed.hu\/wp-content\/uploads\/2021\/04\/Orsza\u0301gos-Va\u0301llalkozo\u0301i-Mentorprogram.png\" \/>\n\t<meta property=\"og:image:width\" content=\"773\" \/>\n\t<meta property=\"og:image:height\" content=\"774\" \/>\n\t<meta property=\"og:image:type\" content=\"image\/png\" \/>\n<meta name=\"twitter:card\" content=\"summary_large_image\" \/>\n<meta name=\"twitter:label1\" content=\"Est. reading time\" \/>\n\t<meta name=\"twitter:data1\" content=\"7 minutes\" \/>\n<script type=\"application\/ld+json\" class=\"yoast-schema-graph\">{\"@context\":\"https:\\\/\\\/schema.org\",\"@graph\":[{\"@type\":\"WebPage\",\"@id\":\"https:\\\/\\\/seed.hu\\\/hirek\\\/izgalmas-temak-a-fokuszban-a-szombathelyi-toborzorendezvenyen\\\/\",\"url\":\"https:\\\/\\\/seed.hu\\\/hirek\\\/izgalmas-temak-a-fokuszban-a-szombathelyi-toborzorendezvenyen\\\/\",\"name\":\"Izgalmas t\u00e9m\u00e1k a f\u00f3kuszban a szombathelyi toborz\u00f3rendezv\u00e9nyen - Seed\",\"isPartOf\":{\"@id\":\"https:\\\/\\\/seed.hu\\\/#website\"},\"primaryImageOfPage\":{\"@id\":\"https:\\\/\\\/seed.hu\\\/hirek\\\/izgalmas-temak-a-fokuszban-a-szombathelyi-toborzorendezvenyen\\\/#primaryimage\"},\"image\":{\"@id\":\"https:\\\/\\\/seed.hu\\\/hirek\\\/izgalmas-temak-a-fokuszban-a-szombathelyi-toborzorendezvenyen\\\/#primaryimage\"},\"thumbnailUrl\":\"https:\\\/\\\/seed.hu\\\/wp-content\\\/uploads\\\/2021\\\/04\\\/Orsza\u0301gos-Va\u0301llalkozo\u0301i-Mentorprogram.png\",\"datePublished\":\"2019-05-30T18:05:59+00:00\",\"dateModified\":\"2022-01-19T17:51:40+00:00\",\"breadcrumb\":{\"@id\":\"https:\\\/\\\/seed.hu\\\/hirek\\\/izgalmas-temak-a-fokuszban-a-szombathelyi-toborzorendezvenyen\\\/#breadcrumb\"},\"inLanguage\":\"en-US\",\"potentialAction\":[{\"@type\":\"ReadAction\",\"target\":[\"https:\\\/\\\/seed.hu\\\/hirek\\\/izgalmas-temak-a-fokuszban-a-szombathelyi-toborzorendezvenyen\\\/\"]}]},{\"@type\":\"ImageObject\",\"inLanguage\":\"en-US\",\"@id\":\"https:\\\/\\\/seed.hu\\\/hirek\\\/izgalmas-temak-a-fokuszban-a-szombathelyi-toborzorendezvenyen\\\/#primaryimage\",\"url\":\"https:\\\/\\\/seed.hu\\\/wp-content\\\/uploads\\\/2021\\\/04\\\/Orsza\u0301gos-Va\u0301llalkozo\u0301i-Mentorprogram.png\",\"contentUrl\":\"https:\\\/\\\/seed.hu\\\/wp-content\\\/uploads\\\/2021\\\/04\\\/Orsza\u0301gos-Va\u0301llalkozo\u0301i-Mentorprogram.png\",\"width\":773,\"height\":774},{\"@type\":\"BreadcrumbList\",\"@id\":\"https:\\\/\\\/seed.hu\\\/hirek\\\/izgalmas-temak-a-fokuszban-a-szombathelyi-toborzorendezvenyen\\\/#breadcrumb\",\"itemListElement\":[{\"@type\":\"ListItem\",\"position\":1,\"name\":\"H\u00edrek\",\"item\":\"https:\\\/\\\/seed.hu\\\/hirek\\\/\"},{\"@type\":\"ListItem\",\"position\":2,\"name\":\"Izgalmas t\u00e9m\u00e1k a f\u00f3kuszban a szombathelyi toborz\u00f3rendezv\u00e9nyen\"}]},{\"@type\":\"WebSite\",\"@id\":\"https:\\\/\\\/seed.hu\\\/#website\",\"url\":\"https:\\\/\\\/seed.hu\\\/\",\"name\":\"Seed\",\"description\":\"\",\"potentialAction\":[{\"@type\":\"SearchAction\",\"target\":{\"@type\":\"EntryPoint\",\"urlTemplate\":\"https:\\\/\\\/seed.hu\\\/?s={search_term_string}\"},\"query-input\":{\"@type\":\"PropertyValueSpecification\",\"valueRequired\":true,\"valueName\":\"search_term_string\"}}],\"inLanguage\":\"en-US\"}]}<\/script>\n<!-- \/ Yoast SEO plugin. -->","yoast_head_json":{"title":"Izgalmas t\u00e9m\u00e1k a f\u00f3kuszban a szombathelyi toborz\u00f3rendezv\u00e9nyen - Seed","robots":{"index":"index","follow":"follow","max-snippet":"max-snippet:-1","max-image-preview":"max-image-preview:large","max-video-preview":"max-video-preview:-1"},"canonical":"https:\/\/seed.hu\/hirek\/izgalmas-temak-a-fokuszban-a-szombathelyi-toborzorendezvenyen\/","og_locale":"en_US","og_type":"article","og_title":"Izgalmas t\u00e9m\u00e1k a f\u00f3kuszban a szombathelyi toborz\u00f3rendezv\u00e9nyen - Seed","og_description":"A SEED Alap\u00edtv\u00e1ny m\u00e1jus 27-\u00e9n Szombathelyen, a Vas Megyei Kereskedelmi \u00e9s Iparkamara sz\u00e9kh\u00e1z\u00e1ban tartotta meg a Szem\u00e9lyes V\u00e1llalkoz\u00f3i Mentorprogram keret\u00e9ben szervezett rendezv\u00e9ny\u00e9t, amelyen t\u00f6bb, v\u00e1llalkoz\u00f3kat t\u00f6m\u00f6r\u00edt\u0151 szervezet k\u00e9pvisel\u0151i is r\u00e9szt vettek. Az esem\u00e9nyen \u00e9l\u00e9nk eszmecsere alakult ki a magyar mikro- \u00e9s kisv\u00e1llalkoz\u00e1sok jellemz\u0151ir\u0151l, a hi\u00e1nyszakm\u00e1k tovagy\u0171r\u0171z\u0151 hat\u00e1sair\u00f3l, a mentori szerep ny\u00fajtotta lehet\u0151s\u00e9gekr\u0151l. &nbsp; Balogh K\u00e1roly [&hellip;]","og_url":"https:\/\/seed.hu\/hirek\/izgalmas-temak-a-fokuszban-a-szombathelyi-toborzorendezvenyen\/","og_site_name":"Seed","article_modified_time":"2022-01-19T17:51:40+00:00","og_image":[{"width":773,"height":774,"url":"https:\/\/seed.hu\/wp-content\/uploads\/2021\/04\/Orsza\u0301gos-Va\u0301llalkozo\u0301i-Mentorprogram.png","type":"image\/png"}],"twitter_card":"summary_large_image","twitter_misc":{"Est. reading time":"7 minutes"},"schema":{"@context":"https:\/\/schema.org","@graph":[{"@type":"WebPage","@id":"https:\/\/seed.hu\/hirek\/izgalmas-temak-a-fokuszban-a-szombathelyi-toborzorendezvenyen\/","url":"https:\/\/seed.hu\/hirek\/izgalmas-temak-a-fokuszban-a-szombathelyi-toborzorendezvenyen\/","name":"Izgalmas t\u00e9m\u00e1k a f\u00f3kuszban a szombathelyi toborz\u00f3rendezv\u00e9nyen - Seed","isPartOf":{"@id":"https:\/\/seed.hu\/#website"},"primaryImageOfPage":{"@id":"https:\/\/seed.hu\/hirek\/izgalmas-temak-a-fokuszban-a-szombathelyi-toborzorendezvenyen\/#primaryimage"},"image":{"@id":"https:\/\/seed.hu\/hirek\/izgalmas-temak-a-fokuszban-a-szombathelyi-toborzorendezvenyen\/#primaryimage"},"thumbnailUrl":"https:\/\/seed.hu\/wp-content\/uploads\/2021\/04\/Orsza\u0301gos-Va\u0301llalkozo\u0301i-Mentorprogram.png","datePublished":"2019-05-30T18:05:59+00:00","dateModified":"2022-01-19T17:51:40+00:00","breadcrumb":{"@id":"https:\/\/seed.hu\/hirek\/izgalmas-temak-a-fokuszban-a-szombathelyi-toborzorendezvenyen\/#breadcrumb"},"inLanguage":"en-US","potentialAction":[{"@type":"ReadAction","target":["https:\/\/seed.hu\/hirek\/izgalmas-temak-a-fokuszban-a-szombathelyi-toborzorendezvenyen\/"]}]},{"@type":"ImageObject","inLanguage":"en-US","@id":"https:\/\/seed.hu\/hirek\/izgalmas-temak-a-fokuszban-a-szombathelyi-toborzorendezvenyen\/#primaryimage","url":"https:\/\/seed.hu\/wp-content\/uploads\/2021\/04\/Orsza\u0301gos-Va\u0301llalkozo\u0301i-Mentorprogram.png","contentUrl":"https:\/\/seed.hu\/wp-content\/uploads\/2021\/04\/Orsza\u0301gos-Va\u0301llalkozo\u0301i-Mentorprogram.png","width":773,"height":774},{"@type":"BreadcrumbList","@id":"https:\/\/seed.hu\/hirek\/izgalmas-temak-a-fokuszban-a-szombathelyi-toborzorendezvenyen\/#breadcrumb","itemListElement":[{"@type":"ListItem","position":1,"name":"H\u00edrek","item":"https:\/\/seed.hu\/hirek\/"},{"@type":"ListItem","position":2,"name":"Izgalmas t\u00e9m\u00e1k a f\u00f3kuszban a szombathelyi toborz\u00f3rendezv\u00e9nyen"}]},{"@type":"WebSite","@id":"https:\/\/seed.hu\/#website","url":"https:\/\/seed.hu\/","name":"Seed","description":"","potentialAction":[{"@type":"SearchAction","target":{"@type":"EntryPoint","urlTemplate":"https:\/\/seed.hu\/?s={search_term_string}"},"query-input":{"@type":"PropertyValueSpecification","valueRequired":true,"valueName":"search_term_string"}}],"inLanguage":"en-US"}]}},"_links":{"self":[{"href":"https:\/\/seed.hu\/en\/wp-json\/wp\/v2\/hirek\/881","targetHints":{"allow":["GET"]}}],"collection":[{"href":"https:\/\/seed.hu\/en\/wp-json\/wp\/v2\/hirek"}],"about":[{"href":"https:\/\/seed.hu\/en\/wp-json\/wp\/v2\/types\/hirek"}],"wp:featuredmedia":[{"embeddable":true,"href":"https:\/\/seed.hu\/en\/wp-json\/wp\/v2\/media\/338"}],"wp:attachment":[{"href":"https:\/\/seed.hu\/en\/wp-json\/wp\/v2\/media?parent=881"}],"curies":[{"name":"wp","href":"https:\/\/api.w.org\/{rel}","templated":true}]}}