{"id":883,"date":"2019-06-07T22:09:05","date_gmt":"2019-06-07T20:09:05","guid":{"rendered":"https:\/\/seed.hu\/?post_type=hirek&#038;p=883"},"modified":"2022-01-19T18:54:43","modified_gmt":"2022-01-19T17:54:43","slug":"szemelyes-vallalkozoi-mentorprogram-miert-jo-ez-nekem","status":"publish","type":"hirek","link":"https:\/\/seed.hu\/en\/hirek\/szemelyes-vallalkozoi-mentorprogram-miert-jo-ez-nekem\/","title":{"rendered":"Szem\u00e9lyes V\u00e1llalkoz\u00f3i Mentorprogram &#8211; mi\u00e9rt j\u00f3 ez nekem?"},"content":{"rendered":"<p><a href=\"https:\/\/seed.hu\/hirek\/mentorok-es-mentoraltak-jelentkezeset-varja-a-seed-alapitvany\/ovm\/\" rel=\"attachment wp-att-844\"><img loading=\"lazy\" decoding=\"async\" class=\"alignnone wp-image-844 size-full\" src=\"https:\/\/seed.hu\/wp-content\/uploads\/2022\/01\/OVM.png\" alt=\"\" width=\"601\" height=\"163\" srcset=\"https:\/\/seed.hu\/wp-content\/uploads\/2022\/01\/OVM.png 601w, https:\/\/seed.hu\/wp-content\/uploads\/2022\/01\/OVM-300x81.png 300w\" sizes=\"auto, (max-width: 601px) 100vw, 601px\" \/><\/a><\/p>\n<p><strong>Sokan k\u00e9rdezik, mi\u00e9rt \u00e9rdemes ak\u00e1r mentork\u00e9nt, ak\u00e1r mentor\u00e1ltk\u00e9nt jelentkezni a Szem\u00e9lyes V\u00e1llalkoz\u00f3i Mentorprogramba. A SEED Alap\u00edtv\u00e1ny j\u00fanius 5-ei sz\u00e9kesfeh\u00e9rv\u00e1ri toborz\u00f3rendezv\u00e9nye kerekasztal-besz\u00e9lget\u00e9s\u00e9nek r\u00e9sztvev\u0151i erre a k\u00e9rd\u00e9sre pr\u00f3b\u00e1ltak meg tapasztalati p\u00e9ld\u00e1k alapj\u00e1n v\u00e1laszt adni.<\/strong><\/p>\n<p>A besz\u00e9lget\u00e9st megel\u0151z\u0151en t\u00f6bb \u00e9rdekes el\u0151ad\u00e1st is meghallgathattak a r\u00e9sztvev\u0151k, amelyek mindegyike \u00e9rintette a gener\u00e1ci\u00f3v\u00e1lt\u00e1s el\u0151tt \u00e1ll\u00f3 csal\u00e1di v\u00e1llalkoz\u00e1sok probl\u00e9m\u00e1j\u00e1t.\u00a0 <em>Dancsn\u00e9 Engler Bernadett<\/em>, a Budapest Bank mikrov\u00e1llalati \u00fczlet\u00e1g\u00e1nak vezet\u0151je elmondta: A hazai kis- \u00e9s k\u00f6z\u00e9pv\u00e1llalkoz\u00e1sok jelent\u0151s r\u00e9sz\u00e9t a rendszerv\u00e1lt\u00e1s ut\u00e1ni \u00e9vekben, azaz 20-25 \u00e9ve alap\u00edtott\u00e1k, \u00edgy a vezet\u0151k el\u00e9rt\u00e9k vagy lassan el\u00e9rik a nyugd\u00edjkorhat\u00e1rt. Ennek ellen\u00e9re a kkv-k viszonylag csek\u00e9ly h\u00e1nyada tartja napirenden ezt a k\u00e9rd\u00e9st. F\u0151leg a 100%-ban csal\u00e1di tulajdonban l\u00e9v\u0151 v\u00e1llalkoz\u00e1sok foglakoznak a probl\u00e9m\u00e1val: mintegy 30%-n\u00e1l van napirenden, \u00e9s ebb\u0151l 17%-n\u00e1l m\u00e1r meg is kezdt\u00e9k a folyamatot.<\/p>\n<p><em>N\u00e9meth L\u00e1szl\u00f3<\/em>, az Ipartest\u00fcletek Orsz\u00e1gos Sz\u00f6vets\u00e9g\u00e9nek eln\u00f6ke arra h\u00edvta fel a figyelmet, hogy a gener\u00e1ci\u00f3v\u00e1lt\u00e1st t\u00f6bb kedvez\u0151tlen folyamat is g\u00e1tolja, \u00fagymint a szakemberek elv\u00e1ndorl\u00e1sa, a szakemberk\u00e9pz\u00e9s hi\u00e1nyoss\u00e1gai \u00e9s nem kiel\u00e9g\u00edt\u0151 volta, valamint a v\u00e1llalkoz\u00e1sokat nem igaz\u00e1n t\u00e1mogat\u00f3 gazdas\u00e1gi k\u00f6rnyezet, amelynek hat\u00e1s\u00e1ra a v\u00e1llalkoz\u00f3k ink\u00e1bb \u00fagy d\u00f6ntenek, hogy a gyermek\u00fckb\u0151l ne legyen v\u00e1llalkoz\u00f3, hanem tanuljon k\u00fclf\u00f6ld\u00f6n, s ut\u00e1na \u00e1lljon be egy multihoz.<\/p>\n<p>A kerekasztal-besz\u00e9lget\u00e9s n\u00e9gy r\u00e9sztvev\u0151je k\u00f6z\u00fcl ketten, <em>Katona Melinda<\/em>, a Borealis Consulting Kft. \u00fcgyvezet\u0151 igazgat\u00f3ja, \u00e9s B\u00e1cskai Zsuzsanna, a London Style Nyelviskola Kft. \u00fcgyvezet\u0151je \u00e9s szakmai vezet\u0151je\u00a0 m\u00e1r dolgoztak mentork\u00e9nt kor\u00e1bbi mentorprogramokban. Kis \u00c9va, a Karsai Holding Zrt. vez\u00e9rigazgat\u00f3ja fontolgatja, hogy sz\u00edvesen megosztan\u00e1 szervezetfejleszt\u00e9si, szervezetir\u00e1ny\u00edt\u00e1si tud\u00e1s\u00e1t egy vagy k\u00e9t mentor\u00e1lttal. Ko\u00f3s Veronika mentor\u00e1ltk\u00e9nt szeretne seg\u00edts\u00e9get kapni egy tapasztalt v\u00e1llalkoz\u00f3t\u00f3l v\u00e1llalkoz\u00e1sa tov\u00e1bbfejleszt\u00e9s\u00e9hez.<\/p>\n<p>A mentor\u00e1l\u00e1si tapasztalattal rendelkez\u0151 besz\u00e9lget\u0151partnerek elmondt\u00e1k, hogy egy v\u00e1llalkoz\u00f3nak folyamatosan tanulnia kell \u00f6nmag\u00e1r\u00f3l: id\u0151nk\u00e9nt meg kell \u00e1llnia, el kell medit\u00e1lnia azon, hol is tart a v\u00e1llalkoz\u00e1sa, merre szeretne tov\u00e1bbhaladni. Erre pedig kiv\u00e1l\u00f3 alkalom egy mentorprogramban val\u00f3 r\u00e9szv\u00e9tel. Egyfel\u0151l a felk\u00e9sz\u00fcl\u00e9s a mentor\u00e1lttal val\u00f3 munk\u00e1ra \u00f6nmag\u00e1ban saj\u00e1t v\u00e1llalkoz\u00e1sa \u00e1ttekint\u00e9s\u00e9re k\u00e9szteti a mentort, m\u00e1sfel\u0151l a mentor\u00e1lt k\u00e9rd\u00e9sei kapcs\u00e1n is r\u00e1 kell tekintenie a saj\u00e1t c\u00e9g\u00e9re. Egy mentor v\u00e1llalkoz\u00f3 h\u00e1rom l\u00e9p\u00e9ssel m\u00e1sok el\u0151tt tud haladni a mentor\u00e1ltjai k\u00e9rd\u00e9sei \u00e1ltal \u2013 hangs\u00falyozta Katona Melinda. Egy j\u00f3 c\u00e9gnek van igaz\u00e1n sz\u00fcks\u00e9ge mentorra, mert egy ilyen v\u00e1llalkoz\u00e1s felismeri az ebben rejl\u0151 lehet\u0151s\u00e9get.<\/p>\n<p>Kis \u00c9va egyebek k\u00f6z\u00f6tt arra pr\u00f3b\u00e1lt meg v\u00e1laszt adni, mit nem tenne, ha mentor lenne. \u201eEgy dolog eg\u00e9szen biztos: tan\u00e1csot nem adn\u00e9k. \u00c9n azt tudn\u00e1m elmondani, hogy egy adott helyzetben mit tettem, illetve mit tenn\u00e9k.\u201d<\/p>\n<p>\u2026.. Veronika egy olyan csal\u00e1di v\u00e1llalkoz\u00e1sban szocializ\u00e1l\u00f3dott a v\u00e1llalkoz\u00f3i l\u00e9tre, ahol nem volt k\u00fcls\u0151 kontroll, k\u00fcls\u0151 szem. \u00c9ppen ez\u00e9rt \u0151 azt szeretn\u00e9, ha majdani mentora egyfajta k\u00fcls\u0151 kontrollk\u00e9nt lenne jelen, \u00e9s seg\u00edtene a v\u00e1llalkoz\u00e1st sikerre vinni.<\/p>\n<p>Egy mentorprogramban ez lehets\u00e9ges is, hiszen a mentor\u00e1lt egy k\u00fcls\u0151 szeml\u00e9l\u0151t\u0151l kap objekt\u00edv visszajelz\u00e9st, \u00fatmutat\u00e1st, alternat\u00edv megold\u00e1si lehet\u0151s\u00e9geket. Azt azonban mindk\u00e9t kor\u00e1bbi mentor hangs\u00falyozta: a d\u00f6nt\u00e9s felel\u0151ss\u00e9g\u00e9t a mentor nem veszi \u00e1t, azaz a d\u00f6nt\u00e9st minden esetben a mentor\u00e1ltnak kell meghoznia.<\/p>\n<p>\u201eFej\u00e9t\u0151l szagos a vir\u00e1g\u201d \u2013 parafraze\u00e1lta a j\u00f3l ismert mond\u00e1st B\u00e1cskai Zsuzsa, arra c\u00e9lozva, hogy a v\u00e1llalkoz\u00e1s k\u00f6zpontj\u00e1ban a v\u00e1llalkoz\u00e1st alap\u00edt\u00f3 egy\u00e9n \u00e1ll, akinek szem\u00e9lyis\u00e9ge meghat\u00e1rozza a v\u00e1llalatot. A mentornak teh\u00e1t a szem\u00e9llyel kell dolgoznia, er\u0151s\u00edtenie kell, nehezebb esetben vissza kell adnia az \u00f6nmag\u00e1ba vetett hit\u00e9t, inspir\u00e1lnia kell \u00fajabb \u00e9s \u00fajabb megold\u00e1sokra.<\/p>\n<p>Arra a k\u00e9rd\u00e9sre, hogy milyen a j\u00f3 mentor, a hajdani \u00e9s rem\u00e9lhet\u0151leg majdani mentorok a k\u00f6vetkez\u0151ket v\u00e1laszolt\u00e1k: al\u00e1zatos, felel\u0151ss\u00e9gteljes, nyitott a saj\u00e1t v\u00e1llalkoz\u00e1sa \u00e1ttekint\u00e9s\u00e9re, \u00e1tgondol\u00e1s\u00e1ra, feln\u0151ttk\u00e9nt, partnerk\u00e9nt kezeli a mentor\u00e1ltat, tiszteli a partner\u00e9t, a partnere d\u00f6nt\u00e9seit, semmik\u00e9pp sem megmond\u00f3 ember. \u00c9s kiv\u00e1l\u00f3 sales-es, hiszen, amint B\u00e1cskai Zsuzsanna fogalmazott: a term\u00e9ket, a szolg\u00e1ltat\u00e1st el kell adni, \u00e9s csak ez lehet sikeres, aki ezt meg tudja tenni. \u201e\u00c9ppen ez\u00e9rt engem mentor\u00e1ltk\u00e9nt az \u00e9rdekelne a legjobban, hogy a mentornak milyen \u00e9rt\u00e9kes\u00edt\u00e9si strat\u00e9gi\u00e1ja van!\u201d<\/p>\n<p><img loading=\"lazy\" decoding=\"async\" src=\"https:\/\/seed.hu\/files\/attachments\/inline\/img-20190606-104718.jpg\" alt=\"\" width=\"300\" height=\"225\" \/><img loading=\"lazy\" decoding=\"async\" src=\"https:\/\/seed.hu\/files\/attachments\/inline\/img-20190606-095736.jpg\" alt=\"\" width=\"300\" height=\"225\" \/><img loading=\"lazy\" decoding=\"async\" src=\"https:\/\/seed.hu\/files\/attachments\/inline\/img-20190606-095725.jpg\" alt=\"\" width=\"300\" height=\"225\" \/><\/p>\n","protected":false},"featured_media":338,"menu_order":0,"template":"","meta":{"_acf_changed":false},"class_list":["post-883","hirek","type-hirek","status-publish","has-post-thumbnail","hentry"],"acf":[],"yoast_head":"<!-- This site is optimized with the Yoast SEO plugin v27.4 - https:\/\/yoast.com\/product\/yoast-seo-wordpress\/ -->\n<title>Szem\u00e9lyes V\u00e1llalkoz\u00f3i Mentorprogram - mi\u00e9rt j\u00f3 ez nekem? - Seed<\/title>\n<meta name=\"robots\" content=\"index, follow, max-snippet:-1, max-image-preview:large, max-video-preview:-1\" \/>\n<link rel=\"canonical\" href=\"https:\/\/seed.hu\/hirek\/szemelyes-vallalkozoi-mentorprogram-miert-jo-ez-nekem\/\" \/>\n<meta property=\"og:locale\" content=\"en_US\" \/>\n<meta property=\"og:type\" content=\"article\" \/>\n<meta property=\"og:title\" content=\"Szem\u00e9lyes V\u00e1llalkoz\u00f3i Mentorprogram - mi\u00e9rt j\u00f3 ez nekem? - Seed\" \/>\n<meta property=\"og:description\" content=\"Sokan k\u00e9rdezik, mi\u00e9rt \u00e9rdemes ak\u00e1r mentork\u00e9nt, ak\u00e1r mentor\u00e1ltk\u00e9nt jelentkezni a Szem\u00e9lyes V\u00e1llalkoz\u00f3i Mentorprogramba. A SEED Alap\u00edtv\u00e1ny j\u00fanius 5-ei sz\u00e9kesfeh\u00e9rv\u00e1ri toborz\u00f3rendezv\u00e9nye kerekasztal-besz\u00e9lget\u00e9s\u00e9nek r\u00e9sztvev\u0151i erre a k\u00e9rd\u00e9sre pr\u00f3b\u00e1ltak meg tapasztalati p\u00e9ld\u00e1k alapj\u00e1n v\u00e1laszt adni. A besz\u00e9lget\u00e9st megel\u0151z\u0151en t\u00f6bb \u00e9rdekes el\u0151ad\u00e1st is meghallgathattak a r\u00e9sztvev\u0151k, amelyek mindegyike \u00e9rintette a gener\u00e1ci\u00f3v\u00e1lt\u00e1s el\u0151tt \u00e1ll\u00f3 csal\u00e1di v\u00e1llalkoz\u00e1sok probl\u00e9m\u00e1j\u00e1t.\u00a0 Dancsn\u00e9 Engler Bernadett, [&hellip;]\" \/>\n<meta property=\"og:url\" content=\"https:\/\/seed.hu\/hirek\/szemelyes-vallalkozoi-mentorprogram-miert-jo-ez-nekem\/\" \/>\n<meta property=\"og:site_name\" content=\"Seed\" \/>\n<meta property=\"article:modified_time\" content=\"2022-01-19T17:54:43+00:00\" \/>\n<meta property=\"og:image\" content=\"https:\/\/seed.hu\/wp-content\/uploads\/2021\/04\/Orsza\u0301gos-Va\u0301llalkozo\u0301i-Mentorprogram.png\" \/>\n\t<meta property=\"og:image:width\" content=\"773\" \/>\n\t<meta property=\"og:image:height\" content=\"774\" \/>\n\t<meta property=\"og:image:type\" content=\"image\/png\" \/>\n<meta name=\"twitter:card\" content=\"summary_large_image\" \/>\n<meta name=\"twitter:label1\" content=\"Est. reading time\" \/>\n\t<meta name=\"twitter:data1\" content=\"5 minutes\" \/>\n<script type=\"application\/ld+json\" class=\"yoast-schema-graph\">{\"@context\":\"https:\\\/\\\/schema.org\",\"@graph\":[{\"@type\":\"WebPage\",\"@id\":\"https:\\\/\\\/seed.hu\\\/hirek\\\/szemelyes-vallalkozoi-mentorprogram-miert-jo-ez-nekem\\\/\",\"url\":\"https:\\\/\\\/seed.hu\\\/hirek\\\/szemelyes-vallalkozoi-mentorprogram-miert-jo-ez-nekem\\\/\",\"name\":\"Szem\u00e9lyes V\u00e1llalkoz\u00f3i Mentorprogram - mi\u00e9rt j\u00f3 ez nekem? - Seed\",\"isPartOf\":{\"@id\":\"https:\\\/\\\/seed.hu\\\/#website\"},\"primaryImageOfPage\":{\"@id\":\"https:\\\/\\\/seed.hu\\\/hirek\\\/szemelyes-vallalkozoi-mentorprogram-miert-jo-ez-nekem\\\/#primaryimage\"},\"image\":{\"@id\":\"https:\\\/\\\/seed.hu\\\/hirek\\\/szemelyes-vallalkozoi-mentorprogram-miert-jo-ez-nekem\\\/#primaryimage\"},\"thumbnailUrl\":\"https:\\\/\\\/seed.hu\\\/wp-content\\\/uploads\\\/2021\\\/04\\\/Orsza\u0301gos-Va\u0301llalkozo\u0301i-Mentorprogram.png\",\"datePublished\":\"2019-06-07T20:09:05+00:00\",\"dateModified\":\"2022-01-19T17:54:43+00:00\",\"breadcrumb\":{\"@id\":\"https:\\\/\\\/seed.hu\\\/hirek\\\/szemelyes-vallalkozoi-mentorprogram-miert-jo-ez-nekem\\\/#breadcrumb\"},\"inLanguage\":\"en-US\",\"potentialAction\":[{\"@type\":\"ReadAction\",\"target\":[\"https:\\\/\\\/seed.hu\\\/hirek\\\/szemelyes-vallalkozoi-mentorprogram-miert-jo-ez-nekem\\\/\"]}]},{\"@type\":\"ImageObject\",\"inLanguage\":\"en-US\",\"@id\":\"https:\\\/\\\/seed.hu\\\/hirek\\\/szemelyes-vallalkozoi-mentorprogram-miert-jo-ez-nekem\\\/#primaryimage\",\"url\":\"https:\\\/\\\/seed.hu\\\/wp-content\\\/uploads\\\/2021\\\/04\\\/Orsza\u0301gos-Va\u0301llalkozo\u0301i-Mentorprogram.png\",\"contentUrl\":\"https:\\\/\\\/seed.hu\\\/wp-content\\\/uploads\\\/2021\\\/04\\\/Orsza\u0301gos-Va\u0301llalkozo\u0301i-Mentorprogram.png\",\"width\":773,\"height\":774},{\"@type\":\"BreadcrumbList\",\"@id\":\"https:\\\/\\\/seed.hu\\\/hirek\\\/szemelyes-vallalkozoi-mentorprogram-miert-jo-ez-nekem\\\/#breadcrumb\",\"itemListElement\":[{\"@type\":\"ListItem\",\"position\":1,\"name\":\"H\u00edrek\",\"item\":\"https:\\\/\\\/seed.hu\\\/hirek\\\/\"},{\"@type\":\"ListItem\",\"position\":2,\"name\":\"Szem\u00e9lyes V\u00e1llalkoz\u00f3i Mentorprogram &#8211; mi\u00e9rt j\u00f3 ez nekem?\"}]},{\"@type\":\"WebSite\",\"@id\":\"https:\\\/\\\/seed.hu\\\/#website\",\"url\":\"https:\\\/\\\/seed.hu\\\/\",\"name\":\"Seed\",\"description\":\"\",\"potentialAction\":[{\"@type\":\"SearchAction\",\"target\":{\"@type\":\"EntryPoint\",\"urlTemplate\":\"https:\\\/\\\/seed.hu\\\/?s={search_term_string}\"},\"query-input\":{\"@type\":\"PropertyValueSpecification\",\"valueRequired\":true,\"valueName\":\"search_term_string\"}}],\"inLanguage\":\"en-US\"}]}<\/script>\n<!-- \/ Yoast SEO plugin. -->","yoast_head_json":{"title":"Szem\u00e9lyes V\u00e1llalkoz\u00f3i Mentorprogram - mi\u00e9rt j\u00f3 ez nekem? - Seed","robots":{"index":"index","follow":"follow","max-snippet":"max-snippet:-1","max-image-preview":"max-image-preview:large","max-video-preview":"max-video-preview:-1"},"canonical":"https:\/\/seed.hu\/hirek\/szemelyes-vallalkozoi-mentorprogram-miert-jo-ez-nekem\/","og_locale":"en_US","og_type":"article","og_title":"Szem\u00e9lyes V\u00e1llalkoz\u00f3i Mentorprogram - mi\u00e9rt j\u00f3 ez nekem? - Seed","og_description":"Sokan k\u00e9rdezik, mi\u00e9rt \u00e9rdemes ak\u00e1r mentork\u00e9nt, ak\u00e1r mentor\u00e1ltk\u00e9nt jelentkezni a Szem\u00e9lyes V\u00e1llalkoz\u00f3i Mentorprogramba. A SEED Alap\u00edtv\u00e1ny j\u00fanius 5-ei sz\u00e9kesfeh\u00e9rv\u00e1ri toborz\u00f3rendezv\u00e9nye kerekasztal-besz\u00e9lget\u00e9s\u00e9nek r\u00e9sztvev\u0151i erre a k\u00e9rd\u00e9sre pr\u00f3b\u00e1ltak meg tapasztalati p\u00e9ld\u00e1k alapj\u00e1n v\u00e1laszt adni. A besz\u00e9lget\u00e9st megel\u0151z\u0151en t\u00f6bb \u00e9rdekes el\u0151ad\u00e1st is meghallgathattak a r\u00e9sztvev\u0151k, amelyek mindegyike \u00e9rintette a gener\u00e1ci\u00f3v\u00e1lt\u00e1s el\u0151tt \u00e1ll\u00f3 csal\u00e1di v\u00e1llalkoz\u00e1sok probl\u00e9m\u00e1j\u00e1t.\u00a0 Dancsn\u00e9 Engler Bernadett, [&hellip;]","og_url":"https:\/\/seed.hu\/hirek\/szemelyes-vallalkozoi-mentorprogram-miert-jo-ez-nekem\/","og_site_name":"Seed","article_modified_time":"2022-01-19T17:54:43+00:00","og_image":[{"width":773,"height":774,"url":"https:\/\/seed.hu\/wp-content\/uploads\/2021\/04\/Orsza\u0301gos-Va\u0301llalkozo\u0301i-Mentorprogram.png","type":"image\/png"}],"twitter_card":"summary_large_image","twitter_misc":{"Est. reading time":"5 minutes"},"schema":{"@context":"https:\/\/schema.org","@graph":[{"@type":"WebPage","@id":"https:\/\/seed.hu\/hirek\/szemelyes-vallalkozoi-mentorprogram-miert-jo-ez-nekem\/","url":"https:\/\/seed.hu\/hirek\/szemelyes-vallalkozoi-mentorprogram-miert-jo-ez-nekem\/","name":"Szem\u00e9lyes V\u00e1llalkoz\u00f3i Mentorprogram - mi\u00e9rt j\u00f3 ez nekem? - Seed","isPartOf":{"@id":"https:\/\/seed.hu\/#website"},"primaryImageOfPage":{"@id":"https:\/\/seed.hu\/hirek\/szemelyes-vallalkozoi-mentorprogram-miert-jo-ez-nekem\/#primaryimage"},"image":{"@id":"https:\/\/seed.hu\/hirek\/szemelyes-vallalkozoi-mentorprogram-miert-jo-ez-nekem\/#primaryimage"},"thumbnailUrl":"https:\/\/seed.hu\/wp-content\/uploads\/2021\/04\/Orsza\u0301gos-Va\u0301llalkozo\u0301i-Mentorprogram.png","datePublished":"2019-06-07T20:09:05+00:00","dateModified":"2022-01-19T17:54:43+00:00","breadcrumb":{"@id":"https:\/\/seed.hu\/hirek\/szemelyes-vallalkozoi-mentorprogram-miert-jo-ez-nekem\/#breadcrumb"},"inLanguage":"en-US","potentialAction":[{"@type":"ReadAction","target":["https:\/\/seed.hu\/hirek\/szemelyes-vallalkozoi-mentorprogram-miert-jo-ez-nekem\/"]}]},{"@type":"ImageObject","inLanguage":"en-US","@id":"https:\/\/seed.hu\/hirek\/szemelyes-vallalkozoi-mentorprogram-miert-jo-ez-nekem\/#primaryimage","url":"https:\/\/seed.hu\/wp-content\/uploads\/2021\/04\/Orsza\u0301gos-Va\u0301llalkozo\u0301i-Mentorprogram.png","contentUrl":"https:\/\/seed.hu\/wp-content\/uploads\/2021\/04\/Orsza\u0301gos-Va\u0301llalkozo\u0301i-Mentorprogram.png","width":773,"height":774},{"@type":"BreadcrumbList","@id":"https:\/\/seed.hu\/hirek\/szemelyes-vallalkozoi-mentorprogram-miert-jo-ez-nekem\/#breadcrumb","itemListElement":[{"@type":"ListItem","position":1,"name":"H\u00edrek","item":"https:\/\/seed.hu\/hirek\/"},{"@type":"ListItem","position":2,"name":"Szem\u00e9lyes V\u00e1llalkoz\u00f3i Mentorprogram &#8211; mi\u00e9rt j\u00f3 ez nekem?"}]},{"@type":"WebSite","@id":"https:\/\/seed.hu\/#website","url":"https:\/\/seed.hu\/","name":"Seed","description":"","potentialAction":[{"@type":"SearchAction","target":{"@type":"EntryPoint","urlTemplate":"https:\/\/seed.hu\/?s={search_term_string}"},"query-input":{"@type":"PropertyValueSpecification","valueRequired":true,"valueName":"search_term_string"}}],"inLanguage":"en-US"}]}},"_links":{"self":[{"href":"https:\/\/seed.hu\/en\/wp-json\/wp\/v2\/hirek\/883","targetHints":{"allow":["GET"]}}],"collection":[{"href":"https:\/\/seed.hu\/en\/wp-json\/wp\/v2\/hirek"}],"about":[{"href":"https:\/\/seed.hu\/en\/wp-json\/wp\/v2\/types\/hirek"}],"wp:featuredmedia":[{"embeddable":true,"href":"https:\/\/seed.hu\/en\/wp-json\/wp\/v2\/media\/338"}],"wp:attachment":[{"href":"https:\/\/seed.hu\/en\/wp-json\/wp\/v2\/media?parent=883"}],"curies":[{"name":"wp","href":"https:\/\/api.w.org\/{rel}","templated":true}]}}