{"id":884,"date":"2019-06-13T09:48:50","date_gmt":"2019-06-13T07:48:50","guid":{"rendered":"https:\/\/seed.hu\/?post_type=hirek&#038;p=884"},"modified":"2022-01-19T18:56:55","modified_gmt":"2022-01-19T17:56:55","slug":"salgotarjanban-es-kecskemeten-is-varja-a-seed-alapitvany-a-vallalkozokat","status":"publish","type":"hirek","link":"https:\/\/seed.hu\/en\/hirek\/salgotarjanban-es-kecskemeten-is-varja-a-seed-alapitvany-a-vallalkozokat\/","title":{"rendered":"Salg\u00f3tarj\u00e1nban \u00e9s Kecskem\u00e9ten is v\u00e1rja a SEED Alap\u00edtv\u00e1ny a v\u00e1llalkoz\u00f3kat"},"content":{"rendered":"<p><a href=\"https:\/\/seed.hu\/hirek\/mentorok-es-mentoraltak-jelentkezeset-varja-a-seed-alapitvany\/ovm\/\" rel=\"attachment wp-att-844\"><img loading=\"lazy\" decoding=\"async\" class=\"alignnone wp-image-844 size-full\" src=\"https:\/\/seed.hu\/wp-content\/uploads\/2022\/01\/OVM.png\" alt=\"\" width=\"601\" height=\"163\" srcset=\"https:\/\/seed.hu\/wp-content\/uploads\/2022\/01\/OVM.png 601w, https:\/\/seed.hu\/wp-content\/uploads\/2022\/01\/OVM-300x81.png 300w\" sizes=\"auto, (max-width: 601px) 100vw, 601px\" \/><\/a><\/p>\n<p>J\u00fanius 19-\u00e9n Kecskem\u00e9ten fejezi be az Orsz\u00e1gos V\u00e1llalkoz\u00f3i Mentorprogram Szem\u00e9lyes V\u00e1llalkoz\u00e1si Mentor\u00e1l\u00e1s alprojektj\u00e9t bemutat\u00f3 tavaszi-ny\u00e1ri roadshow-sorozat\u00e1t a SEED Kisv\u00e1llalkoz\u00e1s-fejleszt\u00e9si Alap\u00edtv\u00e1ny. A sorozatnak ez lesz a 8. rendezv\u00e9nye. Az els\u0151 rendezv\u00e9nyt Budapesten szervezte meg az Alap\u00edtv\u00e1ny, majd ezt k\u00f6vet\u0151en Szeksz\u00e1rdra, Ny\u00edregyh\u00e1z\u00e1ra, Szombathelyre, Sz\u00e9kesfeh\u00e9rv\u00e1rra, \u00e9s Szegedre l\u00e1togattak el a szervezet munkat\u00e1rsai \u00e9s a megh\u00edvott el\u0151ad\u00f3k, r\u00e9sztvev\u0151k. A kecskem\u00e9ti rendezv\u00e9ny el\u0151tt, j\u00fanius 17-\u00e9n, a n\u00f3gr\u00e1di megyesz\u00e9khelyen, Salg\u00f3tarj\u00e1nban tal\u00e1lkoznak az Alap\u00edtv\u00e1ny k\u00e9pvisel\u0151i az ottani v\u00e1llalkoz\u00f3kkal.<\/p>\n<p>A rendezv\u00e9nyek c\u00e9lja nem egyszer\u0171en a Szem\u00e9lyes V\u00e1llalkoz\u00f3i Mentorprogram technikai r\u00e9szleteinek bemutat\u00e1sa, hanem kor\u00e1bbi mentorok \u00e9s mentor\u00e1ltak kerekasztal-besz\u00e9lget\u00e9s\u00e9nek keret\u00e9ben annak demonstr\u00e1l\u00e1sa, hogy mi\u00e9rt \u00e9rdemes ak\u00e1r mentork\u00e9nt, ak\u00e1r mentor\u00e1ltk\u00e9nt r\u00e9szt venni egy ilyen projektben. Nagyon sok szempontot felvetnek ilyenkor a besz\u00e9lget\u0151partnerek, amelyek sokszor meglepet\u00e9sk\u00e9nt hatnak a hallgat\u00f3s\u00e1g sz\u00e1m\u00e1ra.<\/p>\n<p>Id\u0151k\u00f6zben, j\u00fanius elej\u00e9n, megkezd\u0151d\u00f6tt a majdani mentor\u00e1ltak kiv\u00e1laszt\u00e1si folyamata. Az Alap\u00edtv\u00e1ny kiv\u00e1laszt\u00e1ssal foglalkoz\u00f3 koll\u00e9g\u00e1inak visszajelz\u00e9sei alapj\u00e1n nagyon elk\u00f6telezett, kreat\u00edv, a saj\u00e1t c\u00e9g\u00fck\u00e9rt val\u00f3ban tenni akar\u00f3 leend\u0151 mentor\u00e1ltak vettek r\u00e9szt az interj\u00fak els\u0151 k\u00f6r\u00e9ben.<\/p>\n<p>A salg\u00f3tarj\u00e1ni rendezv\u00e9nyre\u00a0<a href=\"https:\/\/seed.hu\/kerdoiv\/orszagos-vallalkozoi-mentorprogram-toborzo-rendezveny-salgotarjan-2019-06-17\" target=\"_blank\" rel=\"noopener\">&lt;&lt;ITT&gt;&gt;<\/a>, a kecskem\u00e9tire pedig\u00a0<a href=\"https:\/\/seed.hu\/kerdoiv\/orszagos-vallalkozoi-mentorprogram-toborzo-rendezveny-kecskemet-2019-06-19\" target=\"_blank\" rel=\"noopener\">&lt;&lt;ITT&gt;&gt;<\/a> lehet regisztr\u00e1lni.<\/p>\n","protected":false},"featured_media":338,"menu_order":0,"template":"","meta":{"_acf_changed":false},"class_list":["post-884","hirek","type-hirek","status-publish","has-post-thumbnail","hentry"],"acf":[],"yoast_head":"<!-- This site is optimized with the Yoast SEO plugin v27.4 - https:\/\/yoast.com\/product\/yoast-seo-wordpress\/ -->\n<title>Salg\u00f3tarj\u00e1nban \u00e9s Kecskem\u00e9ten is v\u00e1rja a SEED Alap\u00edtv\u00e1ny a v\u00e1llalkoz\u00f3kat - Seed<\/title>\n<meta name=\"robots\" content=\"index, follow, max-snippet:-1, max-image-preview:large, max-video-preview:-1\" \/>\n<link rel=\"canonical\" href=\"https:\/\/seed.hu\/hirek\/salgotarjanban-es-kecskemeten-is-varja-a-seed-alapitvany-a-vallalkozokat\/\" \/>\n<meta property=\"og:locale\" content=\"en_US\" \/>\n<meta property=\"og:type\" content=\"article\" \/>\n<meta property=\"og:title\" content=\"Salg\u00f3tarj\u00e1nban \u00e9s Kecskem\u00e9ten is v\u00e1rja a SEED Alap\u00edtv\u00e1ny a v\u00e1llalkoz\u00f3kat - Seed\" \/>\n<meta property=\"og:description\" content=\"J\u00fanius 19-\u00e9n Kecskem\u00e9ten fejezi be az Orsz\u00e1gos V\u00e1llalkoz\u00f3i Mentorprogram Szem\u00e9lyes V\u00e1llalkoz\u00e1si Mentor\u00e1l\u00e1s alprojektj\u00e9t bemutat\u00f3 tavaszi-ny\u00e1ri roadshow-sorozat\u00e1t a SEED Kisv\u00e1llalkoz\u00e1s-fejleszt\u00e9si Alap\u00edtv\u00e1ny. A sorozatnak ez lesz a 8. rendezv\u00e9nye. Az els\u0151 rendezv\u00e9nyt Budapesten szervezte meg az Alap\u00edtv\u00e1ny, majd ezt k\u00f6vet\u0151en Szeksz\u00e1rdra, Ny\u00edregyh\u00e1z\u00e1ra, Szombathelyre, Sz\u00e9kesfeh\u00e9rv\u00e1rra, \u00e9s Szegedre l\u00e1togattak el a szervezet munkat\u00e1rsai \u00e9s a megh\u00edvott el\u0151ad\u00f3k, r\u00e9sztvev\u0151k. A [&hellip;]\" \/>\n<meta property=\"og:url\" content=\"https:\/\/seed.hu\/hirek\/salgotarjanban-es-kecskemeten-is-varja-a-seed-alapitvany-a-vallalkozokat\/\" \/>\n<meta property=\"og:site_name\" content=\"Seed\" \/>\n<meta property=\"article:modified_time\" content=\"2022-01-19T17:56:55+00:00\" \/>\n<meta property=\"og:image\" content=\"https:\/\/seed.hu\/wp-content\/uploads\/2021\/04\/Orsza\u0301gos-Va\u0301llalkozo\u0301i-Mentorprogram.png\" \/>\n\t<meta property=\"og:image:width\" content=\"773\" \/>\n\t<meta property=\"og:image:height\" content=\"774\" \/>\n\t<meta property=\"og:image:type\" content=\"image\/png\" \/>\n<meta name=\"twitter:card\" content=\"summary_large_image\" \/>\n<meta name=\"twitter:label1\" content=\"Est. reading time\" \/>\n\t<meta name=\"twitter:data1\" content=\"1 minute\" \/>\n<script type=\"application\/ld+json\" class=\"yoast-schema-graph\">{\"@context\":\"https:\\\/\\\/schema.org\",\"@graph\":[{\"@type\":\"WebPage\",\"@id\":\"https:\\\/\\\/seed.hu\\\/hirek\\\/salgotarjanban-es-kecskemeten-is-varja-a-seed-alapitvany-a-vallalkozokat\\\/\",\"url\":\"https:\\\/\\\/seed.hu\\\/hirek\\\/salgotarjanban-es-kecskemeten-is-varja-a-seed-alapitvany-a-vallalkozokat\\\/\",\"name\":\"Salg\u00f3tarj\u00e1nban \u00e9s Kecskem\u00e9ten is v\u00e1rja a SEED Alap\u00edtv\u00e1ny a v\u00e1llalkoz\u00f3kat - Seed\",\"isPartOf\":{\"@id\":\"https:\\\/\\\/seed.hu\\\/#website\"},\"primaryImageOfPage\":{\"@id\":\"https:\\\/\\\/seed.hu\\\/hirek\\\/salgotarjanban-es-kecskemeten-is-varja-a-seed-alapitvany-a-vallalkozokat\\\/#primaryimage\"},\"image\":{\"@id\":\"https:\\\/\\\/seed.hu\\\/hirek\\\/salgotarjanban-es-kecskemeten-is-varja-a-seed-alapitvany-a-vallalkozokat\\\/#primaryimage\"},\"thumbnailUrl\":\"https:\\\/\\\/seed.hu\\\/wp-content\\\/uploads\\\/2021\\\/04\\\/Orsza\u0301gos-Va\u0301llalkozo\u0301i-Mentorprogram.png\",\"datePublished\":\"2019-06-13T07:48:50+00:00\",\"dateModified\":\"2022-01-19T17:56:55+00:00\",\"breadcrumb\":{\"@id\":\"https:\\\/\\\/seed.hu\\\/hirek\\\/salgotarjanban-es-kecskemeten-is-varja-a-seed-alapitvany-a-vallalkozokat\\\/#breadcrumb\"},\"inLanguage\":\"en-US\",\"potentialAction\":[{\"@type\":\"ReadAction\",\"target\":[\"https:\\\/\\\/seed.hu\\\/hirek\\\/salgotarjanban-es-kecskemeten-is-varja-a-seed-alapitvany-a-vallalkozokat\\\/\"]}]},{\"@type\":\"ImageObject\",\"inLanguage\":\"en-US\",\"@id\":\"https:\\\/\\\/seed.hu\\\/hirek\\\/salgotarjanban-es-kecskemeten-is-varja-a-seed-alapitvany-a-vallalkozokat\\\/#primaryimage\",\"url\":\"https:\\\/\\\/seed.hu\\\/wp-content\\\/uploads\\\/2021\\\/04\\\/Orsza\u0301gos-Va\u0301llalkozo\u0301i-Mentorprogram.png\",\"contentUrl\":\"https:\\\/\\\/seed.hu\\\/wp-content\\\/uploads\\\/2021\\\/04\\\/Orsza\u0301gos-Va\u0301llalkozo\u0301i-Mentorprogram.png\",\"width\":773,\"height\":774},{\"@type\":\"BreadcrumbList\",\"@id\":\"https:\\\/\\\/seed.hu\\\/hirek\\\/salgotarjanban-es-kecskemeten-is-varja-a-seed-alapitvany-a-vallalkozokat\\\/#breadcrumb\",\"itemListElement\":[{\"@type\":\"ListItem\",\"position\":1,\"name\":\"H\u00edrek\",\"item\":\"https:\\\/\\\/seed.hu\\\/hirek\\\/\"},{\"@type\":\"ListItem\",\"position\":2,\"name\":\"Salg\u00f3tarj\u00e1nban \u00e9s Kecskem\u00e9ten is v\u00e1rja a SEED Alap\u00edtv\u00e1ny a v\u00e1llalkoz\u00f3kat\"}]},{\"@type\":\"WebSite\",\"@id\":\"https:\\\/\\\/seed.hu\\\/#website\",\"url\":\"https:\\\/\\\/seed.hu\\\/\",\"name\":\"Seed\",\"description\":\"\",\"potentialAction\":[{\"@type\":\"SearchAction\",\"target\":{\"@type\":\"EntryPoint\",\"urlTemplate\":\"https:\\\/\\\/seed.hu\\\/?s={search_term_string}\"},\"query-input\":{\"@type\":\"PropertyValueSpecification\",\"valueRequired\":true,\"valueName\":\"search_term_string\"}}],\"inLanguage\":\"en-US\"}]}<\/script>\n<!-- \/ Yoast SEO plugin. -->","yoast_head_json":{"title":"Salg\u00f3tarj\u00e1nban \u00e9s Kecskem\u00e9ten is v\u00e1rja a SEED Alap\u00edtv\u00e1ny a v\u00e1llalkoz\u00f3kat - Seed","robots":{"index":"index","follow":"follow","max-snippet":"max-snippet:-1","max-image-preview":"max-image-preview:large","max-video-preview":"max-video-preview:-1"},"canonical":"https:\/\/seed.hu\/hirek\/salgotarjanban-es-kecskemeten-is-varja-a-seed-alapitvany-a-vallalkozokat\/","og_locale":"en_US","og_type":"article","og_title":"Salg\u00f3tarj\u00e1nban \u00e9s Kecskem\u00e9ten is v\u00e1rja a SEED Alap\u00edtv\u00e1ny a v\u00e1llalkoz\u00f3kat - Seed","og_description":"J\u00fanius 19-\u00e9n Kecskem\u00e9ten fejezi be az Orsz\u00e1gos V\u00e1llalkoz\u00f3i Mentorprogram Szem\u00e9lyes V\u00e1llalkoz\u00e1si Mentor\u00e1l\u00e1s alprojektj\u00e9t bemutat\u00f3 tavaszi-ny\u00e1ri roadshow-sorozat\u00e1t a SEED Kisv\u00e1llalkoz\u00e1s-fejleszt\u00e9si Alap\u00edtv\u00e1ny. A sorozatnak ez lesz a 8. rendezv\u00e9nye. Az els\u0151 rendezv\u00e9nyt Budapesten szervezte meg az Alap\u00edtv\u00e1ny, majd ezt k\u00f6vet\u0151en Szeksz\u00e1rdra, Ny\u00edregyh\u00e1z\u00e1ra, Szombathelyre, Sz\u00e9kesfeh\u00e9rv\u00e1rra, \u00e9s Szegedre l\u00e1togattak el a szervezet munkat\u00e1rsai \u00e9s a megh\u00edvott el\u0151ad\u00f3k, r\u00e9sztvev\u0151k. A [&hellip;]","og_url":"https:\/\/seed.hu\/hirek\/salgotarjanban-es-kecskemeten-is-varja-a-seed-alapitvany-a-vallalkozokat\/","og_site_name":"Seed","article_modified_time":"2022-01-19T17:56:55+00:00","og_image":[{"width":773,"height":774,"url":"https:\/\/seed.hu\/wp-content\/uploads\/2021\/04\/Orsza\u0301gos-Va\u0301llalkozo\u0301i-Mentorprogram.png","type":"image\/png"}],"twitter_card":"summary_large_image","twitter_misc":{"Est. reading time":"1 minute"},"schema":{"@context":"https:\/\/schema.org","@graph":[{"@type":"WebPage","@id":"https:\/\/seed.hu\/hirek\/salgotarjanban-es-kecskemeten-is-varja-a-seed-alapitvany-a-vallalkozokat\/","url":"https:\/\/seed.hu\/hirek\/salgotarjanban-es-kecskemeten-is-varja-a-seed-alapitvany-a-vallalkozokat\/","name":"Salg\u00f3tarj\u00e1nban \u00e9s Kecskem\u00e9ten is v\u00e1rja a SEED Alap\u00edtv\u00e1ny a v\u00e1llalkoz\u00f3kat - Seed","isPartOf":{"@id":"https:\/\/seed.hu\/#website"},"primaryImageOfPage":{"@id":"https:\/\/seed.hu\/hirek\/salgotarjanban-es-kecskemeten-is-varja-a-seed-alapitvany-a-vallalkozokat\/#primaryimage"},"image":{"@id":"https:\/\/seed.hu\/hirek\/salgotarjanban-es-kecskemeten-is-varja-a-seed-alapitvany-a-vallalkozokat\/#primaryimage"},"thumbnailUrl":"https:\/\/seed.hu\/wp-content\/uploads\/2021\/04\/Orsza\u0301gos-Va\u0301llalkozo\u0301i-Mentorprogram.png","datePublished":"2019-06-13T07:48:50+00:00","dateModified":"2022-01-19T17:56:55+00:00","breadcrumb":{"@id":"https:\/\/seed.hu\/hirek\/salgotarjanban-es-kecskemeten-is-varja-a-seed-alapitvany-a-vallalkozokat\/#breadcrumb"},"inLanguage":"en-US","potentialAction":[{"@type":"ReadAction","target":["https:\/\/seed.hu\/hirek\/salgotarjanban-es-kecskemeten-is-varja-a-seed-alapitvany-a-vallalkozokat\/"]}]},{"@type":"ImageObject","inLanguage":"en-US","@id":"https:\/\/seed.hu\/hirek\/salgotarjanban-es-kecskemeten-is-varja-a-seed-alapitvany-a-vallalkozokat\/#primaryimage","url":"https:\/\/seed.hu\/wp-content\/uploads\/2021\/04\/Orsza\u0301gos-Va\u0301llalkozo\u0301i-Mentorprogram.png","contentUrl":"https:\/\/seed.hu\/wp-content\/uploads\/2021\/04\/Orsza\u0301gos-Va\u0301llalkozo\u0301i-Mentorprogram.png","width":773,"height":774},{"@type":"BreadcrumbList","@id":"https:\/\/seed.hu\/hirek\/salgotarjanban-es-kecskemeten-is-varja-a-seed-alapitvany-a-vallalkozokat\/#breadcrumb","itemListElement":[{"@type":"ListItem","position":1,"name":"H\u00edrek","item":"https:\/\/seed.hu\/hirek\/"},{"@type":"ListItem","position":2,"name":"Salg\u00f3tarj\u00e1nban \u00e9s Kecskem\u00e9ten is v\u00e1rja a SEED Alap\u00edtv\u00e1ny a v\u00e1llalkoz\u00f3kat"}]},{"@type":"WebSite","@id":"https:\/\/seed.hu\/#website","url":"https:\/\/seed.hu\/","name":"Seed","description":"","potentialAction":[{"@type":"SearchAction","target":{"@type":"EntryPoint","urlTemplate":"https:\/\/seed.hu\/?s={search_term_string}"},"query-input":{"@type":"PropertyValueSpecification","valueRequired":true,"valueName":"search_term_string"}}],"inLanguage":"en-US"}]}},"_links":{"self":[{"href":"https:\/\/seed.hu\/en\/wp-json\/wp\/v2\/hirek\/884","targetHints":{"allow":["GET"]}}],"collection":[{"href":"https:\/\/seed.hu\/en\/wp-json\/wp\/v2\/hirek"}],"about":[{"href":"https:\/\/seed.hu\/en\/wp-json\/wp\/v2\/types\/hirek"}],"wp:featuredmedia":[{"embeddable":true,"href":"https:\/\/seed.hu\/en\/wp-json\/wp\/v2\/media\/338"}],"wp:attachment":[{"href":"https:\/\/seed.hu\/en\/wp-json\/wp\/v2\/media?parent=884"}],"curies":[{"name":"wp","href":"https:\/\/api.w.org\/{rel}","templated":true}]}}