{"id":885,"date":"2019-06-13T19:25:01","date_gmt":"2019-06-13T17:25:01","guid":{"rendered":"https:\/\/seed.hu\/?post_type=hirek&#038;p=885"},"modified":"2022-01-19T18:58:46","modified_gmt":"2022-01-19T17:58:46","slug":"milyen-a-jo-mentor-a-szegedi-vallalkozok-szerint","status":"publish","type":"hirek","link":"https:\/\/seed.hu\/en\/hirek\/milyen-a-jo-mentor-a-szegedi-vallalkozok-szerint\/","title":{"rendered":"Milyen a j\u00f3 mentor a szegedi v\u00e1llalkoz\u00f3k szerint?"},"content":{"rendered":"<p><a href=\"https:\/\/seed.hu\/hirek\/mentorok-es-mentoraltak-jelentkezeset-varja-a-seed-alapitvany\/ovm\/\" rel=\"attachment wp-att-844\"><img loading=\"lazy\" decoding=\"async\" class=\"alignnone wp-image-844 size-full\" src=\"https:\/\/seed.hu\/wp-content\/uploads\/2022\/01\/OVM.png\" alt=\"\" width=\"601\" height=\"163\" srcset=\"https:\/\/seed.hu\/wp-content\/uploads\/2022\/01\/OVM.png 601w, https:\/\/seed.hu\/wp-content\/uploads\/2022\/01\/OVM-300x81.png 300w\" sizes=\"auto, (max-width: 601px) 100vw, 601px\" \/><\/a><\/p>\n<p>A Szem\u00e9lyes V\u00e1llalkoz\u00f3i Mentorprogram j\u00fanius 12-i szegedi rendezv\u00e9ny\u00e9n nemcsak a program r\u00e9szleteivel ismerkedhettek meg a r\u00e9sztvev\u0151k, hanem maguk is v\u00e9giggondolhatt\u00e1k, milyen egy j\u00f3 mentor, \u0151k milyen mentorokkal dolgozn\u00e1nak sz\u00edvesen egy\u00fctt.<\/p>\n<p>A szegedi rendezv\u00e9nyen az akt\u00edv \u00e9s \u00e9rdekl\u0151d\u0151 r\u00e9sztvev\u0151k besz\u00e9lget\u00e9st folytattak a Szem\u00e9lyes V\u00e1llalkoz\u00f3i Mentorprogramr\u00f3l. Megfogalmazt\u00e1k elk\u00e9pzel\u00e9seiket, besz\u00e9ltek saj\u00e1t motiv\u00e1ci\u00f3ikr\u00f3l, tiszt\u00e1z\u00f3 k\u00e9rd\u00e9seket tettek fel az el\u0151ad\u00f3knak. Az \u00e9rdekl\u0151d\u0151k k\u00f6z\u00f6tt mentor- \u00e9s mentor\u00e1ltjel\u00f6lt egyar\u00e1nt akadt. A besz\u00e9lget\u00e9s folyam\u00e1n felmer\u00fclt a k\u00e9rd\u00e9s: a jelenl\u00e9v\u0151k szerint, milyen a j\u00f3 mentor? K\u00f6zreadunk egy csokrot a v\u00e1laszokb\u00f3l, hogy a majdani mentorok is l\u00e1thass\u00e1k, egyebek k\u00f6z\u00f6tt mit gondolnak err\u0151l lehets\u00e9ges mentor\u00e1lt partnereik.<\/p>\n<p>T\u00f6bben is \u00fagy v\u00e9lt\u00e9k, hogy a j\u00f3 mentornak <em>nem kell mindenhez \u00e9rtenie<\/em>, az igazi pedig az, hogy ha be is vallja, hogy nem \u00e9rt mindenhez. Ez\u00e9rt senki nem neheztelne r\u00e1, hiszen a t\u00f6bbs\u00e9g tiszt\u00e1ban van azzal, hogy ma m\u00e1r nem a polihisztorok kor\u00e1t \u00e9lj\u00fck. Ugyanakkor azt elv\u00e1rj\u00e1k a majdani mentort\u00f3l, hogy legyen a kapcsolati rendszer\u00e9ben olyan, akit\u0151l viszont v\u00e1laszt lehet kapni a felmer\u00fclt k\u00e9rd\u00e9sre. Ehhez mi csak annyit tenn\u00e9nk hozz\u00e1, hogy egyfel\u0151l elv\u00e1r\u00e1s a mentorokkal szemben, hogy kiterjedt kapcsolati h\u00e1l\u00f3val rendelkezzenek. M\u00e1sfel\u0151l a programban lehet\u0151s\u00e9g van arra, hogy a mentor javaslata alapj\u00e1n bizonyos speci\u00e1lis probl\u00e9m\u00e1k (szervezetfejleszt\u00e9s, marketing, p\u00e9nz\u00fcgyek, jogi k\u00e9rd\u00e9sek stb.) felmer\u00fcl\u00e9se eset\u00e9n maximum 25 \u00f3ra terjedelemben tan\u00e1csad\u00f3t vonjanak be.<\/p>\n<p>T\u00f6bben is hangoztatt\u00e1k, hogy a j\u00f3 mentor k\u00e9pes a bizalmi l\u00e9gk\u00f6r megteremt\u00e9s\u00e9re: k\u00e9pes arra, hogy megnyissa a mentor\u00e1ltat, k\u00e9pes \u00e9reztetni azt, hogy a mentor\u00e1lt k\u00e9rd\u00e9sei, a mentor\u00e1lt v\u00e1llalkoz\u00e1sa sz\u00e1m\u00e1ra is fontos. Volt, aki ezt \u00fagy fogalmazta meg, hogy <em>a mentor folyamatosan mag\u00e1\u00e9nak tekinti a mentor\u00e1l\u00e1s \u00fcgy\u00e9t<\/em>.<\/p>\n<p>A j\u00f3 mentor <em>k\u00edv\u00e1ncsi, okos \u00e9s el\u0151remutat\u00f3 k\u00e9rd\u00e9seket tesz fel<\/em>, ugyanakkor <em>al\u00e1zatos<\/em> is, k\u00e9pes arra, hogy \u0151 is tanuljon a mentor\u00e1l\u00e1si folyamatb\u00f3l. <em>Ne akarjon d\u00f6nt\u00e9st hozni <\/em>a mentor\u00e1lt helyett, el\u00e9gedjen meg az alternat\u00edv utak, megold\u00e1sok felv\u00e1zol\u00e1s\u00e1val. A v\u00e1laszt\u00e1st b\u00edzza a mentor\u00e1ltra.<\/p>\n<p>A hiteless\u00e9g is fontos attribut\u00fama egy mentornak, mind szakmailag, mind emberileg. Azt mondja, amit gondol, \u00e9s azt teszi, amit mond.<\/p>\n<p>Nagyon l\u00e9nyeges, hogy a mentor bele tudja \u00e9lni mag\u00e1t a mentor\u00e1lt helyzet\u00e9be, azaz, k\u00e9pes legyen <em>emp\u00e1ti\u00e1val k\u00f6zel\u00edteni<\/em> a mentor\u00e1lt szem\u00e9lyhez \u00e9s v\u00e1llalkoz\u00e1s\u00e1hoz, k\u00e9pes legyen \u00e1t\u00e9lni a mentor\u00e1lt helyzet\u00e9t, probl\u00e9m\u00e1it. A j\u00f3 mentor <em>j\u00f3l kommunik\u00e1l<\/em>, ki tudja fejezni, amit gondol, \u00e9s r\u00e1 tudja b\u00edrni a mentor\u00e1ltat p\u00e9ld\u00e1ul a konstrukt\u00edv kritika elfogad\u00e1s\u00e1ra.<\/p>\n<p>Term\u00e9szetesen mindenki elengedhetetlennek tartotta, hogy a mentor legyen <em>tapasztalt v\u00e1llalkoz\u00f3<\/em>, \u00e9s sz\u00e1mos probl\u00e9ma megold\u00e1s\u00e1ra a saj\u00e1t tapasztalati eszk\u00f6zt\u00e1r\u00e1b\u00f3l k\u00edn\u00e1ljon megold\u00e1si lehet\u0151s\u00e9geket. Fontos, hogy a mentor egyfajta <em>p\u00e9ldak\u00e9p legyen<\/em>, mondta az egyik hozz\u00e1sz\u00f3l\u00f3, akire a mentor\u00e1lt fel tud n\u00e9zni.<\/p>\n","protected":false},"featured_media":338,"menu_order":0,"template":"","meta":{"_acf_changed":false},"class_list":["post-885","hirek","type-hirek","status-publish","has-post-thumbnail","hentry"],"acf":[],"yoast_head":"<!-- This site is optimized with the Yoast SEO plugin v27.4 - https:\/\/yoast.com\/product\/yoast-seo-wordpress\/ -->\n<title>Milyen a j\u00f3 mentor a szegedi v\u00e1llalkoz\u00f3k szerint? - Seed<\/title>\n<meta name=\"robots\" content=\"index, follow, max-snippet:-1, max-image-preview:large, max-video-preview:-1\" \/>\n<link rel=\"canonical\" href=\"https:\/\/seed.hu\/hirek\/milyen-a-jo-mentor-a-szegedi-vallalkozok-szerint\/\" \/>\n<meta property=\"og:locale\" content=\"en_US\" \/>\n<meta property=\"og:type\" content=\"article\" \/>\n<meta property=\"og:title\" content=\"Milyen a j\u00f3 mentor a szegedi v\u00e1llalkoz\u00f3k szerint? - Seed\" \/>\n<meta property=\"og:description\" content=\"A Szem\u00e9lyes V\u00e1llalkoz\u00f3i Mentorprogram j\u00fanius 12-i szegedi rendezv\u00e9ny\u00e9n nemcsak a program r\u00e9szleteivel ismerkedhettek meg a r\u00e9sztvev\u0151k, hanem maguk is v\u00e9giggondolhatt\u00e1k, milyen egy j\u00f3 mentor, \u0151k milyen mentorokkal dolgozn\u00e1nak sz\u00edvesen egy\u00fctt. A szegedi rendezv\u00e9nyen az akt\u00edv \u00e9s \u00e9rdekl\u0151d\u0151 r\u00e9sztvev\u0151k besz\u00e9lget\u00e9st folytattak a Szem\u00e9lyes V\u00e1llalkoz\u00f3i Mentorprogramr\u00f3l. Megfogalmazt\u00e1k elk\u00e9pzel\u00e9seiket, besz\u00e9ltek saj\u00e1t motiv\u00e1ci\u00f3ikr\u00f3l, tiszt\u00e1z\u00f3 k\u00e9rd\u00e9seket tettek fel az el\u0151ad\u00f3knak. [&hellip;]\" \/>\n<meta property=\"og:url\" content=\"https:\/\/seed.hu\/hirek\/milyen-a-jo-mentor-a-szegedi-vallalkozok-szerint\/\" \/>\n<meta property=\"og:site_name\" content=\"Seed\" \/>\n<meta property=\"article:modified_time\" content=\"2022-01-19T17:58:46+00:00\" \/>\n<meta property=\"og:image\" content=\"https:\/\/seed.hu\/wp-content\/uploads\/2021\/04\/Orsza\u0301gos-Va\u0301llalkozo\u0301i-Mentorprogram.png\" \/>\n\t<meta property=\"og:image:width\" content=\"773\" \/>\n\t<meta property=\"og:image:height\" content=\"774\" \/>\n\t<meta property=\"og:image:type\" content=\"image\/png\" \/>\n<meta name=\"twitter:card\" content=\"summary_large_image\" \/>\n<meta name=\"twitter:label1\" content=\"Est. reading time\" \/>\n\t<meta name=\"twitter:data1\" content=\"3 minutes\" \/>\n<script type=\"application\/ld+json\" class=\"yoast-schema-graph\">{\"@context\":\"https:\\\/\\\/schema.org\",\"@graph\":[{\"@type\":\"WebPage\",\"@id\":\"https:\\\/\\\/seed.hu\\\/hirek\\\/milyen-a-jo-mentor-a-szegedi-vallalkozok-szerint\\\/\",\"url\":\"https:\\\/\\\/seed.hu\\\/hirek\\\/milyen-a-jo-mentor-a-szegedi-vallalkozok-szerint\\\/\",\"name\":\"Milyen a j\u00f3 mentor a szegedi v\u00e1llalkoz\u00f3k szerint? - Seed\",\"isPartOf\":{\"@id\":\"https:\\\/\\\/seed.hu\\\/#website\"},\"primaryImageOfPage\":{\"@id\":\"https:\\\/\\\/seed.hu\\\/hirek\\\/milyen-a-jo-mentor-a-szegedi-vallalkozok-szerint\\\/#primaryimage\"},\"image\":{\"@id\":\"https:\\\/\\\/seed.hu\\\/hirek\\\/milyen-a-jo-mentor-a-szegedi-vallalkozok-szerint\\\/#primaryimage\"},\"thumbnailUrl\":\"https:\\\/\\\/seed.hu\\\/wp-content\\\/uploads\\\/2021\\\/04\\\/Orsza\u0301gos-Va\u0301llalkozo\u0301i-Mentorprogram.png\",\"datePublished\":\"2019-06-13T17:25:01+00:00\",\"dateModified\":\"2022-01-19T17:58:46+00:00\",\"breadcrumb\":{\"@id\":\"https:\\\/\\\/seed.hu\\\/hirek\\\/milyen-a-jo-mentor-a-szegedi-vallalkozok-szerint\\\/#breadcrumb\"},\"inLanguage\":\"en-US\",\"potentialAction\":[{\"@type\":\"ReadAction\",\"target\":[\"https:\\\/\\\/seed.hu\\\/hirek\\\/milyen-a-jo-mentor-a-szegedi-vallalkozok-szerint\\\/\"]}]},{\"@type\":\"ImageObject\",\"inLanguage\":\"en-US\",\"@id\":\"https:\\\/\\\/seed.hu\\\/hirek\\\/milyen-a-jo-mentor-a-szegedi-vallalkozok-szerint\\\/#primaryimage\",\"url\":\"https:\\\/\\\/seed.hu\\\/wp-content\\\/uploads\\\/2021\\\/04\\\/Orsza\u0301gos-Va\u0301llalkozo\u0301i-Mentorprogram.png\",\"contentUrl\":\"https:\\\/\\\/seed.hu\\\/wp-content\\\/uploads\\\/2021\\\/04\\\/Orsza\u0301gos-Va\u0301llalkozo\u0301i-Mentorprogram.png\",\"width\":773,\"height\":774},{\"@type\":\"BreadcrumbList\",\"@id\":\"https:\\\/\\\/seed.hu\\\/hirek\\\/milyen-a-jo-mentor-a-szegedi-vallalkozok-szerint\\\/#breadcrumb\",\"itemListElement\":[{\"@type\":\"ListItem\",\"position\":1,\"name\":\"H\u00edrek\",\"item\":\"https:\\\/\\\/seed.hu\\\/hirek\\\/\"},{\"@type\":\"ListItem\",\"position\":2,\"name\":\"Milyen a j\u00f3 mentor a szegedi v\u00e1llalkoz\u00f3k szerint?\"}]},{\"@type\":\"WebSite\",\"@id\":\"https:\\\/\\\/seed.hu\\\/#website\",\"url\":\"https:\\\/\\\/seed.hu\\\/\",\"name\":\"Seed\",\"description\":\"\",\"potentialAction\":[{\"@type\":\"SearchAction\",\"target\":{\"@type\":\"EntryPoint\",\"urlTemplate\":\"https:\\\/\\\/seed.hu\\\/?s={search_term_string}\"},\"query-input\":{\"@type\":\"PropertyValueSpecification\",\"valueRequired\":true,\"valueName\":\"search_term_string\"}}],\"inLanguage\":\"en-US\"}]}<\/script>\n<!-- \/ Yoast SEO plugin. -->","yoast_head_json":{"title":"Milyen a j\u00f3 mentor a szegedi v\u00e1llalkoz\u00f3k szerint? - Seed","robots":{"index":"index","follow":"follow","max-snippet":"max-snippet:-1","max-image-preview":"max-image-preview:large","max-video-preview":"max-video-preview:-1"},"canonical":"https:\/\/seed.hu\/hirek\/milyen-a-jo-mentor-a-szegedi-vallalkozok-szerint\/","og_locale":"en_US","og_type":"article","og_title":"Milyen a j\u00f3 mentor a szegedi v\u00e1llalkoz\u00f3k szerint? - Seed","og_description":"A Szem\u00e9lyes V\u00e1llalkoz\u00f3i Mentorprogram j\u00fanius 12-i szegedi rendezv\u00e9ny\u00e9n nemcsak a program r\u00e9szleteivel ismerkedhettek meg a r\u00e9sztvev\u0151k, hanem maguk is v\u00e9giggondolhatt\u00e1k, milyen egy j\u00f3 mentor, \u0151k milyen mentorokkal dolgozn\u00e1nak sz\u00edvesen egy\u00fctt. A szegedi rendezv\u00e9nyen az akt\u00edv \u00e9s \u00e9rdekl\u0151d\u0151 r\u00e9sztvev\u0151k besz\u00e9lget\u00e9st folytattak a Szem\u00e9lyes V\u00e1llalkoz\u00f3i Mentorprogramr\u00f3l. Megfogalmazt\u00e1k elk\u00e9pzel\u00e9seiket, besz\u00e9ltek saj\u00e1t motiv\u00e1ci\u00f3ikr\u00f3l, tiszt\u00e1z\u00f3 k\u00e9rd\u00e9seket tettek fel az el\u0151ad\u00f3knak. [&hellip;]","og_url":"https:\/\/seed.hu\/hirek\/milyen-a-jo-mentor-a-szegedi-vallalkozok-szerint\/","og_site_name":"Seed","article_modified_time":"2022-01-19T17:58:46+00:00","og_image":[{"width":773,"height":774,"url":"https:\/\/seed.hu\/wp-content\/uploads\/2021\/04\/Orsza\u0301gos-Va\u0301llalkozo\u0301i-Mentorprogram.png","type":"image\/png"}],"twitter_card":"summary_large_image","twitter_misc":{"Est. reading time":"3 minutes"},"schema":{"@context":"https:\/\/schema.org","@graph":[{"@type":"WebPage","@id":"https:\/\/seed.hu\/hirek\/milyen-a-jo-mentor-a-szegedi-vallalkozok-szerint\/","url":"https:\/\/seed.hu\/hirek\/milyen-a-jo-mentor-a-szegedi-vallalkozok-szerint\/","name":"Milyen a j\u00f3 mentor a szegedi v\u00e1llalkoz\u00f3k szerint? - Seed","isPartOf":{"@id":"https:\/\/seed.hu\/#website"},"primaryImageOfPage":{"@id":"https:\/\/seed.hu\/hirek\/milyen-a-jo-mentor-a-szegedi-vallalkozok-szerint\/#primaryimage"},"image":{"@id":"https:\/\/seed.hu\/hirek\/milyen-a-jo-mentor-a-szegedi-vallalkozok-szerint\/#primaryimage"},"thumbnailUrl":"https:\/\/seed.hu\/wp-content\/uploads\/2021\/04\/Orsza\u0301gos-Va\u0301llalkozo\u0301i-Mentorprogram.png","datePublished":"2019-06-13T17:25:01+00:00","dateModified":"2022-01-19T17:58:46+00:00","breadcrumb":{"@id":"https:\/\/seed.hu\/hirek\/milyen-a-jo-mentor-a-szegedi-vallalkozok-szerint\/#breadcrumb"},"inLanguage":"en-US","potentialAction":[{"@type":"ReadAction","target":["https:\/\/seed.hu\/hirek\/milyen-a-jo-mentor-a-szegedi-vallalkozok-szerint\/"]}]},{"@type":"ImageObject","inLanguage":"en-US","@id":"https:\/\/seed.hu\/hirek\/milyen-a-jo-mentor-a-szegedi-vallalkozok-szerint\/#primaryimage","url":"https:\/\/seed.hu\/wp-content\/uploads\/2021\/04\/Orsza\u0301gos-Va\u0301llalkozo\u0301i-Mentorprogram.png","contentUrl":"https:\/\/seed.hu\/wp-content\/uploads\/2021\/04\/Orsza\u0301gos-Va\u0301llalkozo\u0301i-Mentorprogram.png","width":773,"height":774},{"@type":"BreadcrumbList","@id":"https:\/\/seed.hu\/hirek\/milyen-a-jo-mentor-a-szegedi-vallalkozok-szerint\/#breadcrumb","itemListElement":[{"@type":"ListItem","position":1,"name":"H\u00edrek","item":"https:\/\/seed.hu\/hirek\/"},{"@type":"ListItem","position":2,"name":"Milyen a j\u00f3 mentor a szegedi v\u00e1llalkoz\u00f3k szerint?"}]},{"@type":"WebSite","@id":"https:\/\/seed.hu\/#website","url":"https:\/\/seed.hu\/","name":"Seed","description":"","potentialAction":[{"@type":"SearchAction","target":{"@type":"EntryPoint","urlTemplate":"https:\/\/seed.hu\/?s={search_term_string}"},"query-input":{"@type":"PropertyValueSpecification","valueRequired":true,"valueName":"search_term_string"}}],"inLanguage":"en-US"}]}},"_links":{"self":[{"href":"https:\/\/seed.hu\/en\/wp-json\/wp\/v2\/hirek\/885","targetHints":{"allow":["GET"]}}],"collection":[{"href":"https:\/\/seed.hu\/en\/wp-json\/wp\/v2\/hirek"}],"about":[{"href":"https:\/\/seed.hu\/en\/wp-json\/wp\/v2\/types\/hirek"}],"wp:featuredmedia":[{"embeddable":true,"href":"https:\/\/seed.hu\/en\/wp-json\/wp\/v2\/media\/338"}],"wp:attachment":[{"href":"https:\/\/seed.hu\/en\/wp-json\/wp\/v2\/media?parent=885"}],"curies":[{"name":"wp","href":"https:\/\/api.w.org\/{rel}","templated":true}]}}