{"id":886,"date":"2019-06-18T18:57:51","date_gmt":"2019-06-18T16:57:51","guid":{"rendered":"https:\/\/seed.hu\/?post_type=hirek&#038;p=886"},"modified":"2022-01-19T19:00:43","modified_gmt":"2022-01-19T18:00:43","slug":"mentor-vagy-tanacsado","status":"publish","type":"hirek","link":"https:\/\/seed.hu\/en\/hirek\/mentor-vagy-tanacsado\/","title":{"rendered":"Mentor vagy tan\u00e1csad\u00f3?"},"content":{"rendered":"<p><a href=\"https:\/\/seed.hu\/hirek\/mentorok-es-mentoraltak-jelentkezeset-varja-a-seed-alapitvany\/ovm\/\" rel=\"attachment wp-att-844\"><img loading=\"lazy\" decoding=\"async\" class=\"alignnone wp-image-844 size-full\" src=\"https:\/\/seed.hu\/wp-content\/uploads\/2022\/01\/OVM.png\" alt=\"\" width=\"601\" height=\"163\" srcset=\"https:\/\/seed.hu\/wp-content\/uploads\/2022\/01\/OVM.png 601w, https:\/\/seed.hu\/wp-content\/uploads\/2022\/01\/OVM-300x81.png 300w\" sizes=\"auto, (max-width: 601px) 100vw, 601px\" \/><\/a><\/p>\n<p><strong>A Szem\u00e9lyes V\u00e1llalkoz\u00f3i mentorprogram salg\u00f3tarj\u00e1ni toborz\u00f3rendezv\u00e9ny\u00e9n f\u0151leg arra voltak k\u00edv\u00e1ncsiak a r\u00e9szt vev\u0151 v\u00e1llalkoz\u00f3k, hogy mi a k\u00fcl\u00f6nbs\u00e9g a mentor \u00e9s a tan\u00e1csad\u00f3 k\u00f6z\u00f6tt.<\/strong><\/p>\n<p>Nem v\u00e9letlen\u00fcl mer\u00fclt fel ez a k\u00e9rd\u00e9s, hiszen val\u00f3ban k\u00f6nnyen \u00f6ssze lehet keverni a k\u00e9tf\u00e9le tev\u00e9kenys\u00e9get, m\u00e1sfel\u0151l pedig a program r\u00e9szek\u00e9nt lehet\u0151s\u00e9g van arra, hogy bizonyos speci\u00e1lis probl\u00e9m\u00e1k \u00e1thidal\u00e1sa \u00e9rdek\u00e9ben tan\u00e1csad\u00f3t vonjanak be a mentor\u00e1l\u00e1si folyamatba, \u00f6sszesen 25 \u00f3r\u00e1ban.<\/p>\n<p>Sokf\u00e9le szempont mer\u00fclt fel, aminek alapj\u00e1n k\u00fcl\u00f6nbs\u00e9get lehet tenni mentor \u00e9s tan\u00e1csad\u00f3 k\u00f6z\u00f6tt. Az egyik legfontosabb distinkci\u00f3 tal\u00e1n az, hogy a tan\u00e1csad\u00f3 egy sz\u0171k ter\u00fcletnek (szervezetfejleszt\u00e9s, marketing, jogi \u00fcgyek) a szak\u00e9rt\u0151je, de azt a sz\u0171k ter\u00fcletet val\u00f3ban m\u00e9lys\u00e9g\u00e9ben ismeri, \u00e9s \u0151 ebben a sz\u0171k szegmensben ad tan\u00e1csot. A mentor ezzel szemben a nagy eg\u00e9szet l\u00e1tja, sokkal sz\u00e9lesebb a spektrum, ahol \u0151 tud utat mutatni, s a r\u00e9szter\u00fcletekr\u0151l ugyan vannak ismeretei, de azok nem olyan m\u00e9lyek, mint a tan\u00e1csad\u00f3\u00e9i. Kicsit m\u00e1sk\u00e9ppen tal\u00e1n \u00fagy lehetne ezt megfogalmazni, hogy a mentor mutatja az ir\u00e1nyt, azonos\u00edtja \u2212 term\u00e9szetesen a mentor\u00e1lttal k\u00f6z\u00f6sen \u2212 a f\u0151bb probl\u00e9m\u00e1kat, a tan\u00e1csad\u00f3 pedig mondjuk \u00fagy, lent a g\u00e9ph\u00e1zban, be\u00e1ll\u00edtja, kezeli a g\u00e9peket.<\/p>\n<p>Egy m\u00e1sik fontos k\u00fcl\u00f6nbs\u00e9g, hogy a tan\u00e1csad\u00f3 nem a saj\u00e1t tapasztalataib\u00f3l dolgozik. \u0150 a tank\u00f6nyvekb\u0151l megtanult elm\u00e9leti tud\u00e1st igyekszik alkalmazni az adott v\u00e1llalkoz\u00e1sn\u00e1l. A mentor ezzel szemben \u201eaz \u00e9let iskol\u00e1j\u00e1ban\u201d \u00f6sszeszedett tapasztalati tud\u00e1s\u00e1t, a v\u00e1llalkoz\u00e1sa ir\u00e1ny\u00edt\u00e1s\u00e1ban szerzett t\u00e9nyleges tapasztalatait, a tank\u00f6nyvekb\u0151l biztosan nem megtanulhat\u00f3 b\u00f6lcsess\u00e9g\u00e9t osztja meg a mentor\u00e1lttal. \u0150 nem azt mondja, amikor \u0151 \u00e9s a mentor\u00e1ltja szembes\u00fclnek egy adott helyzettel, hogy: azt olvastam, hogy ebben az esetben ez meg ez a teend\u0151; hanem azt: amikor \u00e9n hasonl\u00f3 helyzetbe ker\u00fcltem, ezt \u00e9s ezt tettem. A mentor tud\u00e1sa teh\u00e1t ink\u00e1bb gyakorlati, mint elm\u00e9leti.<\/p>\n<p>L\u00e9nyeges elt\u00e9r\u00e9s, hogy a mentor nem valamif\u00e9le d\u00edj\u00e9rt dolgozik egy\u00fctt a mentor\u00e1lttal. Teljesen m\u00e1s a motiv\u00e1ci\u00f3ja, mint a tan\u00e1csad\u00f3\u00e9. A mentor olyan ember, aki el\u0151sz\u00f6r is adni akar. Tal\u00e1n az\u00e9rt, mert annak idej\u00e9n, amikor esetleg nehezebb helyzetben volt, \u0151 is kapott valakit\u0151l \u00f6nzetlen seg\u00edts\u00e9get; tal\u00e1n az\u00e9rt, mert \u00fagy \u00e9rzi, hogy \u0151 kapott m\u00e1r eleget, itt az ideje annak, hogy adjon is; tal\u00e1n az\u00e9rt, mert egyszer\u0171en szeretn\u00e9 megm\u00e9retni mag\u00e1t seg\u00edt\u0151k\u00e9nt; vagy tal\u00e1n az\u00e9rt mert adni egyszer\u0171en j\u00f3. Az m\u00e1r csak hab a tort\u00e1n, ha a mentor\u00e1l\u00e1si folyamat sor\u00e1n mentor \u00e9s mentor\u00e1lt \u00fagy l\u00e1tja, hogy tere lenne k\u00f6z\u00f6tt\u00fck az \u00fczleti egy\u00fcttm\u0171k\u00f6d\u00e9snek, vagy a mentor m\u00e1s mentorokkal megismerkedve jut ugyanerre az eredm\u00e9nyre. Az els\u0151dleges c\u00e9l azonban mindenkor a seg\u00edteni akar\u00e1s.<\/p>\n<p>Van azonban egy nagyon fontos hasonl\u00f3s\u00e1g is a mentor \u00e9s a tan\u00e1csad\u00f3 k\u00f6z\u00f6tt: egyik sem hoz d\u00f6nt\u00e9st az adott v\u00e1llalkoz\u00f3 helyett. A d\u00f6nt\u00e9shozatal s\u00falya \u00e9s felel\u0151ss\u00e9ge, az adott d\u00f6nt\u00e9s k\u00f6vetkezm\u00e9nyeinek visel\u00e9se mindenkor annak a v\u00e1llalkoz\u00f3nak a v\u00e1ll\u00e1n nyugszik, aki\u00e9 a v\u00e1llalkoz\u00e1s.<\/p>\n","protected":false},"featured_media":338,"menu_order":0,"template":"","meta":{"_acf_changed":false},"class_list":["post-886","hirek","type-hirek","status-publish","has-post-thumbnail","hentry"],"acf":[],"yoast_head":"<!-- This site is optimized with the Yoast SEO plugin v27.4 - https:\/\/yoast.com\/product\/yoast-seo-wordpress\/ -->\n<title>Mentor vagy tan\u00e1csad\u00f3? - Seed<\/title>\n<meta name=\"robots\" content=\"index, follow, max-snippet:-1, max-image-preview:large, max-video-preview:-1\" \/>\n<link rel=\"canonical\" href=\"https:\/\/seed.hu\/hirek\/mentor-vagy-tanacsado\/\" \/>\n<meta property=\"og:locale\" content=\"en_US\" \/>\n<meta property=\"og:type\" content=\"article\" \/>\n<meta property=\"og:title\" content=\"Mentor vagy tan\u00e1csad\u00f3? - Seed\" \/>\n<meta property=\"og:description\" content=\"A Szem\u00e9lyes V\u00e1llalkoz\u00f3i mentorprogram salg\u00f3tarj\u00e1ni toborz\u00f3rendezv\u00e9ny\u00e9n f\u0151leg arra voltak k\u00edv\u00e1ncsiak a r\u00e9szt vev\u0151 v\u00e1llalkoz\u00f3k, hogy mi a k\u00fcl\u00f6nbs\u00e9g a mentor \u00e9s a tan\u00e1csad\u00f3 k\u00f6z\u00f6tt. Nem v\u00e9letlen\u00fcl mer\u00fclt fel ez a k\u00e9rd\u00e9s, hiszen val\u00f3ban k\u00f6nnyen \u00f6ssze lehet keverni a k\u00e9tf\u00e9le tev\u00e9kenys\u00e9get, m\u00e1sfel\u0151l pedig a program r\u00e9szek\u00e9nt lehet\u0151s\u00e9g van arra, hogy bizonyos speci\u00e1lis probl\u00e9m\u00e1k \u00e1thidal\u00e1sa \u00e9rdek\u00e9ben tan\u00e1csad\u00f3t [&hellip;]\" \/>\n<meta property=\"og:url\" content=\"https:\/\/seed.hu\/hirek\/mentor-vagy-tanacsado\/\" \/>\n<meta property=\"og:site_name\" content=\"Seed\" \/>\n<meta property=\"article:modified_time\" content=\"2022-01-19T18:00:43+00:00\" \/>\n<meta property=\"og:image\" content=\"https:\/\/seed.hu\/wp-content\/uploads\/2021\/04\/Orsza\u0301gos-Va\u0301llalkozo\u0301i-Mentorprogram.png\" \/>\n\t<meta property=\"og:image:width\" content=\"773\" \/>\n\t<meta property=\"og:image:height\" content=\"774\" \/>\n\t<meta property=\"og:image:type\" content=\"image\/png\" \/>\n<meta name=\"twitter:card\" content=\"summary_large_image\" \/>\n<meta name=\"twitter:label1\" content=\"Est. reading time\" \/>\n\t<meta name=\"twitter:data1\" content=\"3 minutes\" \/>\n<script type=\"application\/ld+json\" class=\"yoast-schema-graph\">{\"@context\":\"https:\\\/\\\/schema.org\",\"@graph\":[{\"@type\":\"WebPage\",\"@id\":\"https:\\\/\\\/seed.hu\\\/hirek\\\/mentor-vagy-tanacsado\\\/\",\"url\":\"https:\\\/\\\/seed.hu\\\/hirek\\\/mentor-vagy-tanacsado\\\/\",\"name\":\"Mentor vagy tan\u00e1csad\u00f3? - Seed\",\"isPartOf\":{\"@id\":\"https:\\\/\\\/seed.hu\\\/#website\"},\"primaryImageOfPage\":{\"@id\":\"https:\\\/\\\/seed.hu\\\/hirek\\\/mentor-vagy-tanacsado\\\/#primaryimage\"},\"image\":{\"@id\":\"https:\\\/\\\/seed.hu\\\/hirek\\\/mentor-vagy-tanacsado\\\/#primaryimage\"},\"thumbnailUrl\":\"https:\\\/\\\/seed.hu\\\/wp-content\\\/uploads\\\/2021\\\/04\\\/Orsza\u0301gos-Va\u0301llalkozo\u0301i-Mentorprogram.png\",\"datePublished\":\"2019-06-18T16:57:51+00:00\",\"dateModified\":\"2022-01-19T18:00:43+00:00\",\"breadcrumb\":{\"@id\":\"https:\\\/\\\/seed.hu\\\/hirek\\\/mentor-vagy-tanacsado\\\/#breadcrumb\"},\"inLanguage\":\"en-US\",\"potentialAction\":[{\"@type\":\"ReadAction\",\"target\":[\"https:\\\/\\\/seed.hu\\\/hirek\\\/mentor-vagy-tanacsado\\\/\"]}]},{\"@type\":\"ImageObject\",\"inLanguage\":\"en-US\",\"@id\":\"https:\\\/\\\/seed.hu\\\/hirek\\\/mentor-vagy-tanacsado\\\/#primaryimage\",\"url\":\"https:\\\/\\\/seed.hu\\\/wp-content\\\/uploads\\\/2021\\\/04\\\/Orsza\u0301gos-Va\u0301llalkozo\u0301i-Mentorprogram.png\",\"contentUrl\":\"https:\\\/\\\/seed.hu\\\/wp-content\\\/uploads\\\/2021\\\/04\\\/Orsza\u0301gos-Va\u0301llalkozo\u0301i-Mentorprogram.png\",\"width\":773,\"height\":774},{\"@type\":\"BreadcrumbList\",\"@id\":\"https:\\\/\\\/seed.hu\\\/hirek\\\/mentor-vagy-tanacsado\\\/#breadcrumb\",\"itemListElement\":[{\"@type\":\"ListItem\",\"position\":1,\"name\":\"H\u00edrek\",\"item\":\"https:\\\/\\\/seed.hu\\\/hirek\\\/\"},{\"@type\":\"ListItem\",\"position\":2,\"name\":\"Mentor vagy tan\u00e1csad\u00f3?\"}]},{\"@type\":\"WebSite\",\"@id\":\"https:\\\/\\\/seed.hu\\\/#website\",\"url\":\"https:\\\/\\\/seed.hu\\\/\",\"name\":\"Seed\",\"description\":\"\",\"potentialAction\":[{\"@type\":\"SearchAction\",\"target\":{\"@type\":\"EntryPoint\",\"urlTemplate\":\"https:\\\/\\\/seed.hu\\\/?s={search_term_string}\"},\"query-input\":{\"@type\":\"PropertyValueSpecification\",\"valueRequired\":true,\"valueName\":\"search_term_string\"}}],\"inLanguage\":\"en-US\"}]}<\/script>\n<!-- \/ Yoast SEO plugin. -->","yoast_head_json":{"title":"Mentor vagy tan\u00e1csad\u00f3? - Seed","robots":{"index":"index","follow":"follow","max-snippet":"max-snippet:-1","max-image-preview":"max-image-preview:large","max-video-preview":"max-video-preview:-1"},"canonical":"https:\/\/seed.hu\/hirek\/mentor-vagy-tanacsado\/","og_locale":"en_US","og_type":"article","og_title":"Mentor vagy tan\u00e1csad\u00f3? - Seed","og_description":"A Szem\u00e9lyes V\u00e1llalkoz\u00f3i mentorprogram salg\u00f3tarj\u00e1ni toborz\u00f3rendezv\u00e9ny\u00e9n f\u0151leg arra voltak k\u00edv\u00e1ncsiak a r\u00e9szt vev\u0151 v\u00e1llalkoz\u00f3k, hogy mi a k\u00fcl\u00f6nbs\u00e9g a mentor \u00e9s a tan\u00e1csad\u00f3 k\u00f6z\u00f6tt. Nem v\u00e9letlen\u00fcl mer\u00fclt fel ez a k\u00e9rd\u00e9s, hiszen val\u00f3ban k\u00f6nnyen \u00f6ssze lehet keverni a k\u00e9tf\u00e9le tev\u00e9kenys\u00e9get, m\u00e1sfel\u0151l pedig a program r\u00e9szek\u00e9nt lehet\u0151s\u00e9g van arra, hogy bizonyos speci\u00e1lis probl\u00e9m\u00e1k \u00e1thidal\u00e1sa \u00e9rdek\u00e9ben tan\u00e1csad\u00f3t [&hellip;]","og_url":"https:\/\/seed.hu\/hirek\/mentor-vagy-tanacsado\/","og_site_name":"Seed","article_modified_time":"2022-01-19T18:00:43+00:00","og_image":[{"width":773,"height":774,"url":"https:\/\/seed.hu\/wp-content\/uploads\/2021\/04\/Orsza\u0301gos-Va\u0301llalkozo\u0301i-Mentorprogram.png","type":"image\/png"}],"twitter_card":"summary_large_image","twitter_misc":{"Est. reading time":"3 minutes"},"schema":{"@context":"https:\/\/schema.org","@graph":[{"@type":"WebPage","@id":"https:\/\/seed.hu\/hirek\/mentor-vagy-tanacsado\/","url":"https:\/\/seed.hu\/hirek\/mentor-vagy-tanacsado\/","name":"Mentor vagy tan\u00e1csad\u00f3? - Seed","isPartOf":{"@id":"https:\/\/seed.hu\/#website"},"primaryImageOfPage":{"@id":"https:\/\/seed.hu\/hirek\/mentor-vagy-tanacsado\/#primaryimage"},"image":{"@id":"https:\/\/seed.hu\/hirek\/mentor-vagy-tanacsado\/#primaryimage"},"thumbnailUrl":"https:\/\/seed.hu\/wp-content\/uploads\/2021\/04\/Orsza\u0301gos-Va\u0301llalkozo\u0301i-Mentorprogram.png","datePublished":"2019-06-18T16:57:51+00:00","dateModified":"2022-01-19T18:00:43+00:00","breadcrumb":{"@id":"https:\/\/seed.hu\/hirek\/mentor-vagy-tanacsado\/#breadcrumb"},"inLanguage":"en-US","potentialAction":[{"@type":"ReadAction","target":["https:\/\/seed.hu\/hirek\/mentor-vagy-tanacsado\/"]}]},{"@type":"ImageObject","inLanguage":"en-US","@id":"https:\/\/seed.hu\/hirek\/mentor-vagy-tanacsado\/#primaryimage","url":"https:\/\/seed.hu\/wp-content\/uploads\/2021\/04\/Orsza\u0301gos-Va\u0301llalkozo\u0301i-Mentorprogram.png","contentUrl":"https:\/\/seed.hu\/wp-content\/uploads\/2021\/04\/Orsza\u0301gos-Va\u0301llalkozo\u0301i-Mentorprogram.png","width":773,"height":774},{"@type":"BreadcrumbList","@id":"https:\/\/seed.hu\/hirek\/mentor-vagy-tanacsado\/#breadcrumb","itemListElement":[{"@type":"ListItem","position":1,"name":"H\u00edrek","item":"https:\/\/seed.hu\/hirek\/"},{"@type":"ListItem","position":2,"name":"Mentor vagy tan\u00e1csad\u00f3?"}]},{"@type":"WebSite","@id":"https:\/\/seed.hu\/#website","url":"https:\/\/seed.hu\/","name":"Seed","description":"","potentialAction":[{"@type":"SearchAction","target":{"@type":"EntryPoint","urlTemplate":"https:\/\/seed.hu\/?s={search_term_string}"},"query-input":{"@type":"PropertyValueSpecification","valueRequired":true,"valueName":"search_term_string"}}],"inLanguage":"en-US"}]}},"_links":{"self":[{"href":"https:\/\/seed.hu\/en\/wp-json\/wp\/v2\/hirek\/886","targetHints":{"allow":["GET"]}}],"collection":[{"href":"https:\/\/seed.hu\/en\/wp-json\/wp\/v2\/hirek"}],"about":[{"href":"https:\/\/seed.hu\/en\/wp-json\/wp\/v2\/types\/hirek"}],"wp:featuredmedia":[{"embeddable":true,"href":"https:\/\/seed.hu\/en\/wp-json\/wp\/v2\/media\/338"}],"wp:attachment":[{"href":"https:\/\/seed.hu\/en\/wp-json\/wp\/v2\/media?parent=886"}],"curies":[{"name":"wp","href":"https:\/\/api.w.org\/{rel}","templated":true}]}}