{"id":887,"date":"2019-06-20T14:39:34","date_gmt":"2019-06-20T12:39:34","guid":{"rendered":"https:\/\/seed.hu\/?post_type=hirek&#038;p=887"},"modified":"2022-01-19T19:02:44","modified_gmt":"2022-01-19T18:02:44","slug":"kecskemeten-is-kiderult-a-generaciovaltas-komoly-gond-es-nagy-feladat","status":"publish","type":"hirek","link":"https:\/\/seed.hu\/en\/hirek\/kecskemeten-is-kiderult-a-generaciovaltas-komoly-gond-es-nagy-feladat\/","title":{"rendered":"Kecskem\u00e9ten is kider\u00fclt: a gener\u00e1ci\u00f3v\u00e1lt\u00e1s komoly gond \u00e9s nagy feladat"},"content":{"rendered":"<p><a href=\"https:\/\/seed.hu\/hirek\/mentorok-es-mentoraltak-jelentkezeset-varja-a-seed-alapitvany\/ovm\/\" rel=\"attachment wp-att-844\"><img loading=\"lazy\" decoding=\"async\" class=\"alignnone wp-image-844 size-full\" src=\"https:\/\/seed.hu\/wp-content\/uploads\/2022\/01\/OVM.png\" alt=\"\" width=\"601\" height=\"163\" srcset=\"https:\/\/seed.hu\/wp-content\/uploads\/2022\/01\/OVM.png 601w, https:\/\/seed.hu\/wp-content\/uploads\/2022\/01\/OVM-300x81.png 300w\" sizes=\"auto, (max-width: 601px) 100vw, 601px\" \/><\/a><\/p>\n<p>Utols\u00f3 \u00e1llom\u00e1s\u00e1hoz \u00e9rkezett j\u00fanius 19-\u00e9n, Kecskem\u00e9ten a SEED Alap\u00edtv\u00e1ny \u00e1ltal menedzselt Szem\u00e9lyes V\u00e1llalkoz\u00f3i Mentorprogramot bemutat\u00f3 orsz\u00e1gos roadshow-sorozat. A kecskem\u00e9ti rendezv\u00e9nyen is kider\u00fclt, hogy a gener\u00e1ci\u00f3v\u00e1lt\u00f3 csal\u00e1di v\u00e1llalkoz\u00e1sok seg\u00edt\u00e9se nem v\u00e9letlen\u00fcl ker\u00fclt bele a programba, hiszen szinte valamennyi el\u0151ad\u00f3 hangs\u00falyozta ennek a v\u00e1llalkoz\u00f3i k\u00f6rnek a gazdas\u00e1gban bet\u00f6lt\u00f6tt jelent\u0151s\u00e9g\u00e9t, \u00e9s a gener\u00e1ci\u00f3v\u00e1lt\u00e1s elmarad\u00e1s\u00e1nak k\u00e1ros hat\u00e1s\u00e1t.<\/p>\n<p><em>Ga\u00e1l J\u00f3zsef<\/em>, a rendezv\u00e9nynek otthont ad\u00f3 B\u00e1cs-Kiskun Megyei Kereskedelmi \u00e9s Iparkamara eln\u00f6ke arr\u00f3l besz\u00e9lt, hogy korunkban nagy sz\u00fcks\u00e9g van a piaci \u00e9s egy\u00e9b tud\u00e1s \u00e1tad\u00e1s\u00e1ra, \u00e9s ebben az Orsz\u00e1gos V\u00e1llalkoz\u00f3i Mentorprogram, illetve annak r\u00e9szek\u00e9nt a Szem\u00e9lyes V\u00e1llalkoz\u00f3i Mentor\u00e1l\u00e1s l\u00e9nyeges szerepet tud j\u00e1tszani. A mentor\u00e1l\u00e1si folyamatban rendk\u00edv\u00fcl fontos, hogy bizalmi l\u00e9gk\u00f6r alakuljon ki, mert ilyen l\u00e9gk\u00f6rben lehet igaz\u00e1n tanulni egym\u00e1st\u00f3l.<\/p>\n<p><em>N\u00e9meth L\u00e1szl\u00f3<\/em>, az IPOSZ eln\u00f6ke egyebek k\u00f6z\u00f6tt a gener\u00e1ci\u00f3v\u00e1lt\u00f3 csal\u00e1di v\u00e1llalkoz\u00e1sok el\u0151tt \u00e1ll\u00f3 kih\u00edv\u00e1sokr\u00f3l ejtett sz\u00f3t hangs\u00falyozva, hogy a v\u00e1llalkoz\u00e1sok k\u00f6r\u00fclbel\u00fcl 30 sz\u00e1zal\u00e9ka csal\u00e1di v\u00e1llalkoz\u00e1s, amelyek kies\u00e9se a gazdas\u00e1gb\u00f3l s\u00falyos gondokat okozna. Hozz\u00e1tette: a csal\u00e1di c\u00e9gek alap\u00edt\u00f3i saj\u00e1t gyermek\u00fcknek tekintik a v\u00e1llalkoz\u00e1st, n\u00e9ha a saj\u00e1t gyermekeikt\u0151l is irigylik azt. Ezen a ter\u00fcleten mindenk\u00e9ppen sz\u00fcks\u00e9g van szeml\u00e9letform\u00e1l\u00e1sra, ez\u00e9rt is nagyon j\u00f3, hogy l\u00e9tezik a mentorprogram, hiszen a mentor k\u00edv\u00fclr\u0151l l\u00e1t r\u00e1 az adott c\u00e9gre.<\/p>\n<p><em>Kiszely L\u00e1szl\u00f3<\/em>, a Budapest Bank cegl\u00e9di fi\u00f3kj\u00e1nak vezet\u0151je, kapcsol\u00f3dva a gener\u00e1ci\u00f3v\u00e1lt\u00e1s probl\u00e9m\u00e1j\u00e1hoz, egy n\u00e9h\u00e1ny \u00e9vvel ezel\u0151tti felmer\u00e9s\u00e9b\u0151l id\u00e9zett adatokat: a kkv-k mind\u00f6ssze 15 sz\u00e1zal\u00e9k\u00e1t foglalkoztatja az ut\u00f3dl\u00e1s k\u00e9rd\u00e9se, \u00e9s mind\u00f6ssze 7 sz\u00e1zal\u00e9kukn\u00e1l zajlik m\u00e1r a folyamat. Ami \u00e9rdekes, hogy a 60 \u00e9vesn\u00e9l id\u0151sebb v\u00e1llalkoz\u00f3k \u00e1ltal vezetett c\u00e9gek t\u00f6bbs\u00e9g\u00e9n\u00e9l, 56 sz\u00e1zal\u00e9k\u00e1n\u00e1l, m\u00e9g nem zajlik az ut\u00f3dl\u00e1s. Azt m\u00e1r mi tessz\u00fck hozz\u00e1: Vajon mire v\u00e1rnak ezek a c\u00e9gvezet\u0151k? Az ut\u00f3dl\u00e1son gondolkod\u00f3 c\u00e9gek \u00be-e egy\u00e9bk\u00e9nt a csal\u00e1don bel\u00fcl tervezi a c\u00e9gvezet\u00e9s \u00e1tad\u00e1s\u00e1t.<\/p>\n<p>Az el\u0151ad\u00e1sokat k\u00f6vet\u0151 kerekasztal-besz\u00e9lget\u00e9sben kor\u00e1bbi mentorprogramokban r\u00e9szt vev\u0151 mentorok, valamint a gener\u00e1ci\u00f3v\u00e1lt\u00e1son m\u00e1r sikeresen \u00e1tesett csal\u00e1di v\u00e1llalkoz\u00e1sokat az \u00e1tvev\u0151 r\u00e9sz\u00e9r\u0151l k\u00e9pvisel\u0151 v\u00e1llalatvezet\u0151k osztott\u00e1k meg tapasztalataikat a hallgat\u00f3s\u00e1ggal.<\/p>\n<p>A kor\u00e1bbi mentorprogramokban r\u00e9szt vev\u0151 h\u00f6lgyek egy\u00f6ntet\u0171en \u00e1ll\u00edtott\u00e1k, hogy a mentor\u00e1l\u00e1sb\u00f3l a mentor is nagyon sokat tanul. Az is egy\u00e9rtelm\u0171 volt mindenki sz\u00e1m\u00e1ra, hogy a j\u00f3 mentornak hitelesnek kell lennie, vagyis olyannak, aki m\u00e1r maga is \u00e1tment bizonyos folyamatokon, fel\u00e9p\u00edtett \u00e9s sikerre vitt legal\u00e1bb egy v\u00e1llalkoz\u00e1st stb. F\u0151 ism\u00e9rve az, hogy tud figyelni a m\u00e1sikra, van f\u00fcle arra, amit a mentor\u00e1lt mond. Nem \u0151 a megmond\u00f3 ember, hanem \u0151, ahogyan egyik\u00fck fogalmazott, csak a kataliz\u00e1tor.<\/p>\n<p>A gener\u00e1ci\u00f3v\u00e1lt\u00e1s kapcs\u00e1n a kerekasztal egyik r\u00e9sztvev\u0151je \u00fagy fogalmazott, hogy az \u00e1tv\u00e9tel sor\u00e1n is nagyon fontos, hogy az \u00e1tvev\u0151nek megfelel\u0151 tud\u00e1sa legyen a c\u00e9gr\u0151l, a piacr\u00f3l. Akkor sikeres az ut\u00f3dl\u00e1s, ha csal\u00e1di alkotm\u00e1ny k\u00e9sz\u00fcl, \u00e9s hossz\u00fa t\u00e1v\u00fa v\u00e1llalati strat\u00e9gia. Ez nem a r\u00f6gt\u00f6nz\u00e9s terepe\u2026<\/p>\n<p>&nbsp;<\/p>\n","protected":false},"featured_media":338,"menu_order":0,"template":"","meta":{"_acf_changed":false},"class_list":["post-887","hirek","type-hirek","status-publish","has-post-thumbnail","hentry"],"acf":[],"yoast_head":"<!-- This site is optimized with the Yoast SEO plugin v27.4 - https:\/\/yoast.com\/product\/yoast-seo-wordpress\/ -->\n<title>Kecskem\u00e9ten is kider\u00fclt: a gener\u00e1ci\u00f3v\u00e1lt\u00e1s komoly gond \u00e9s nagy feladat - Seed<\/title>\n<meta name=\"robots\" content=\"index, follow, max-snippet:-1, max-image-preview:large, max-video-preview:-1\" \/>\n<link rel=\"canonical\" href=\"https:\/\/seed.hu\/hirek\/kecskemeten-is-kiderult-a-generaciovaltas-komoly-gond-es-nagy-feladat\/\" \/>\n<meta property=\"og:locale\" content=\"en_US\" \/>\n<meta property=\"og:type\" content=\"article\" \/>\n<meta property=\"og:title\" content=\"Kecskem\u00e9ten is kider\u00fclt: a gener\u00e1ci\u00f3v\u00e1lt\u00e1s komoly gond \u00e9s nagy feladat - Seed\" \/>\n<meta property=\"og:description\" content=\"Utols\u00f3 \u00e1llom\u00e1s\u00e1hoz \u00e9rkezett j\u00fanius 19-\u00e9n, Kecskem\u00e9ten a SEED Alap\u00edtv\u00e1ny \u00e1ltal menedzselt Szem\u00e9lyes V\u00e1llalkoz\u00f3i Mentorprogramot bemutat\u00f3 orsz\u00e1gos roadshow-sorozat. A kecskem\u00e9ti rendezv\u00e9nyen is kider\u00fclt, hogy a gener\u00e1ci\u00f3v\u00e1lt\u00f3 csal\u00e1di v\u00e1llalkoz\u00e1sok seg\u00edt\u00e9se nem v\u00e9letlen\u00fcl ker\u00fclt bele a programba, hiszen szinte valamennyi el\u0151ad\u00f3 hangs\u00falyozta ennek a v\u00e1llalkoz\u00f3i k\u00f6rnek a gazdas\u00e1gban bet\u00f6lt\u00f6tt jelent\u0151s\u00e9g\u00e9t, \u00e9s a gener\u00e1ci\u00f3v\u00e1lt\u00e1s elmarad\u00e1s\u00e1nak k\u00e1ros hat\u00e1s\u00e1t. Ga\u00e1l J\u00f3zsef, [&hellip;]\" \/>\n<meta property=\"og:url\" content=\"https:\/\/seed.hu\/hirek\/kecskemeten-is-kiderult-a-generaciovaltas-komoly-gond-es-nagy-feladat\/\" \/>\n<meta property=\"og:site_name\" content=\"Seed\" \/>\n<meta property=\"article:modified_time\" content=\"2022-01-19T18:02:44+00:00\" \/>\n<meta property=\"og:image\" content=\"https:\/\/seed.hu\/wp-content\/uploads\/2021\/04\/Orsza\u0301gos-Va\u0301llalkozo\u0301i-Mentorprogram.png\" \/>\n\t<meta property=\"og:image:width\" content=\"773\" \/>\n\t<meta property=\"og:image:height\" content=\"774\" \/>\n\t<meta property=\"og:image:type\" content=\"image\/png\" \/>\n<meta name=\"twitter:card\" content=\"summary_large_image\" \/>\n<meta name=\"twitter:label1\" content=\"Est. reading time\" \/>\n\t<meta name=\"twitter:data1\" content=\"3 minutes\" \/>\n<script type=\"application\/ld+json\" class=\"yoast-schema-graph\">{\"@context\":\"https:\\\/\\\/schema.org\",\"@graph\":[{\"@type\":\"WebPage\",\"@id\":\"https:\\\/\\\/seed.hu\\\/hirek\\\/kecskemeten-is-kiderult-a-generaciovaltas-komoly-gond-es-nagy-feladat\\\/\",\"url\":\"https:\\\/\\\/seed.hu\\\/hirek\\\/kecskemeten-is-kiderult-a-generaciovaltas-komoly-gond-es-nagy-feladat\\\/\",\"name\":\"Kecskem\u00e9ten is kider\u00fclt: a gener\u00e1ci\u00f3v\u00e1lt\u00e1s komoly gond \u00e9s nagy feladat - Seed\",\"isPartOf\":{\"@id\":\"https:\\\/\\\/seed.hu\\\/#website\"},\"primaryImageOfPage\":{\"@id\":\"https:\\\/\\\/seed.hu\\\/hirek\\\/kecskemeten-is-kiderult-a-generaciovaltas-komoly-gond-es-nagy-feladat\\\/#primaryimage\"},\"image\":{\"@id\":\"https:\\\/\\\/seed.hu\\\/hirek\\\/kecskemeten-is-kiderult-a-generaciovaltas-komoly-gond-es-nagy-feladat\\\/#primaryimage\"},\"thumbnailUrl\":\"https:\\\/\\\/seed.hu\\\/wp-content\\\/uploads\\\/2021\\\/04\\\/Orsza\u0301gos-Va\u0301llalkozo\u0301i-Mentorprogram.png\",\"datePublished\":\"2019-06-20T12:39:34+00:00\",\"dateModified\":\"2022-01-19T18:02:44+00:00\",\"breadcrumb\":{\"@id\":\"https:\\\/\\\/seed.hu\\\/hirek\\\/kecskemeten-is-kiderult-a-generaciovaltas-komoly-gond-es-nagy-feladat\\\/#breadcrumb\"},\"inLanguage\":\"en-US\",\"potentialAction\":[{\"@type\":\"ReadAction\",\"target\":[\"https:\\\/\\\/seed.hu\\\/hirek\\\/kecskemeten-is-kiderult-a-generaciovaltas-komoly-gond-es-nagy-feladat\\\/\"]}]},{\"@type\":\"ImageObject\",\"inLanguage\":\"en-US\",\"@id\":\"https:\\\/\\\/seed.hu\\\/hirek\\\/kecskemeten-is-kiderult-a-generaciovaltas-komoly-gond-es-nagy-feladat\\\/#primaryimage\",\"url\":\"https:\\\/\\\/seed.hu\\\/wp-content\\\/uploads\\\/2021\\\/04\\\/Orsza\u0301gos-Va\u0301llalkozo\u0301i-Mentorprogram.png\",\"contentUrl\":\"https:\\\/\\\/seed.hu\\\/wp-content\\\/uploads\\\/2021\\\/04\\\/Orsza\u0301gos-Va\u0301llalkozo\u0301i-Mentorprogram.png\",\"width\":773,\"height\":774},{\"@type\":\"BreadcrumbList\",\"@id\":\"https:\\\/\\\/seed.hu\\\/hirek\\\/kecskemeten-is-kiderult-a-generaciovaltas-komoly-gond-es-nagy-feladat\\\/#breadcrumb\",\"itemListElement\":[{\"@type\":\"ListItem\",\"position\":1,\"name\":\"H\u00edrek\",\"item\":\"https:\\\/\\\/seed.hu\\\/hirek\\\/\"},{\"@type\":\"ListItem\",\"position\":2,\"name\":\"Kecskem\u00e9ten is kider\u00fclt: a gener\u00e1ci\u00f3v\u00e1lt\u00e1s komoly gond \u00e9s nagy feladat\"}]},{\"@type\":\"WebSite\",\"@id\":\"https:\\\/\\\/seed.hu\\\/#website\",\"url\":\"https:\\\/\\\/seed.hu\\\/\",\"name\":\"Seed\",\"description\":\"\",\"potentialAction\":[{\"@type\":\"SearchAction\",\"target\":{\"@type\":\"EntryPoint\",\"urlTemplate\":\"https:\\\/\\\/seed.hu\\\/?s={search_term_string}\"},\"query-input\":{\"@type\":\"PropertyValueSpecification\",\"valueRequired\":true,\"valueName\":\"search_term_string\"}}],\"inLanguage\":\"en-US\"}]}<\/script>\n<!-- \/ Yoast SEO plugin. -->","yoast_head_json":{"title":"Kecskem\u00e9ten is kider\u00fclt: a gener\u00e1ci\u00f3v\u00e1lt\u00e1s komoly gond \u00e9s nagy feladat - Seed","robots":{"index":"index","follow":"follow","max-snippet":"max-snippet:-1","max-image-preview":"max-image-preview:large","max-video-preview":"max-video-preview:-1"},"canonical":"https:\/\/seed.hu\/hirek\/kecskemeten-is-kiderult-a-generaciovaltas-komoly-gond-es-nagy-feladat\/","og_locale":"en_US","og_type":"article","og_title":"Kecskem\u00e9ten is kider\u00fclt: a gener\u00e1ci\u00f3v\u00e1lt\u00e1s komoly gond \u00e9s nagy feladat - Seed","og_description":"Utols\u00f3 \u00e1llom\u00e1s\u00e1hoz \u00e9rkezett j\u00fanius 19-\u00e9n, Kecskem\u00e9ten a SEED Alap\u00edtv\u00e1ny \u00e1ltal menedzselt Szem\u00e9lyes V\u00e1llalkoz\u00f3i Mentorprogramot bemutat\u00f3 orsz\u00e1gos roadshow-sorozat. A kecskem\u00e9ti rendezv\u00e9nyen is kider\u00fclt, hogy a gener\u00e1ci\u00f3v\u00e1lt\u00f3 csal\u00e1di v\u00e1llalkoz\u00e1sok seg\u00edt\u00e9se nem v\u00e9letlen\u00fcl ker\u00fclt bele a programba, hiszen szinte valamennyi el\u0151ad\u00f3 hangs\u00falyozta ennek a v\u00e1llalkoz\u00f3i k\u00f6rnek a gazdas\u00e1gban bet\u00f6lt\u00f6tt jelent\u0151s\u00e9g\u00e9t, \u00e9s a gener\u00e1ci\u00f3v\u00e1lt\u00e1s elmarad\u00e1s\u00e1nak k\u00e1ros hat\u00e1s\u00e1t. Ga\u00e1l J\u00f3zsef, [&hellip;]","og_url":"https:\/\/seed.hu\/hirek\/kecskemeten-is-kiderult-a-generaciovaltas-komoly-gond-es-nagy-feladat\/","og_site_name":"Seed","article_modified_time":"2022-01-19T18:02:44+00:00","og_image":[{"width":773,"height":774,"url":"https:\/\/seed.hu\/wp-content\/uploads\/2021\/04\/Orsza\u0301gos-Va\u0301llalkozo\u0301i-Mentorprogram.png","type":"image\/png"}],"twitter_card":"summary_large_image","twitter_misc":{"Est. reading time":"3 minutes"},"schema":{"@context":"https:\/\/schema.org","@graph":[{"@type":"WebPage","@id":"https:\/\/seed.hu\/hirek\/kecskemeten-is-kiderult-a-generaciovaltas-komoly-gond-es-nagy-feladat\/","url":"https:\/\/seed.hu\/hirek\/kecskemeten-is-kiderult-a-generaciovaltas-komoly-gond-es-nagy-feladat\/","name":"Kecskem\u00e9ten is kider\u00fclt: a gener\u00e1ci\u00f3v\u00e1lt\u00e1s komoly gond \u00e9s nagy feladat - Seed","isPartOf":{"@id":"https:\/\/seed.hu\/#website"},"primaryImageOfPage":{"@id":"https:\/\/seed.hu\/hirek\/kecskemeten-is-kiderult-a-generaciovaltas-komoly-gond-es-nagy-feladat\/#primaryimage"},"image":{"@id":"https:\/\/seed.hu\/hirek\/kecskemeten-is-kiderult-a-generaciovaltas-komoly-gond-es-nagy-feladat\/#primaryimage"},"thumbnailUrl":"https:\/\/seed.hu\/wp-content\/uploads\/2021\/04\/Orsza\u0301gos-Va\u0301llalkozo\u0301i-Mentorprogram.png","datePublished":"2019-06-20T12:39:34+00:00","dateModified":"2022-01-19T18:02:44+00:00","breadcrumb":{"@id":"https:\/\/seed.hu\/hirek\/kecskemeten-is-kiderult-a-generaciovaltas-komoly-gond-es-nagy-feladat\/#breadcrumb"},"inLanguage":"en-US","potentialAction":[{"@type":"ReadAction","target":["https:\/\/seed.hu\/hirek\/kecskemeten-is-kiderult-a-generaciovaltas-komoly-gond-es-nagy-feladat\/"]}]},{"@type":"ImageObject","inLanguage":"en-US","@id":"https:\/\/seed.hu\/hirek\/kecskemeten-is-kiderult-a-generaciovaltas-komoly-gond-es-nagy-feladat\/#primaryimage","url":"https:\/\/seed.hu\/wp-content\/uploads\/2021\/04\/Orsza\u0301gos-Va\u0301llalkozo\u0301i-Mentorprogram.png","contentUrl":"https:\/\/seed.hu\/wp-content\/uploads\/2021\/04\/Orsza\u0301gos-Va\u0301llalkozo\u0301i-Mentorprogram.png","width":773,"height":774},{"@type":"BreadcrumbList","@id":"https:\/\/seed.hu\/hirek\/kecskemeten-is-kiderult-a-generaciovaltas-komoly-gond-es-nagy-feladat\/#breadcrumb","itemListElement":[{"@type":"ListItem","position":1,"name":"H\u00edrek","item":"https:\/\/seed.hu\/hirek\/"},{"@type":"ListItem","position":2,"name":"Kecskem\u00e9ten is kider\u00fclt: a gener\u00e1ci\u00f3v\u00e1lt\u00e1s komoly gond \u00e9s nagy feladat"}]},{"@type":"WebSite","@id":"https:\/\/seed.hu\/#website","url":"https:\/\/seed.hu\/","name":"Seed","description":"","potentialAction":[{"@type":"SearchAction","target":{"@type":"EntryPoint","urlTemplate":"https:\/\/seed.hu\/?s={search_term_string}"},"query-input":{"@type":"PropertyValueSpecification","valueRequired":true,"valueName":"search_term_string"}}],"inLanguage":"en-US"}]}},"_links":{"self":[{"href":"https:\/\/seed.hu\/en\/wp-json\/wp\/v2\/hirek\/887","targetHints":{"allow":["GET"]}}],"collection":[{"href":"https:\/\/seed.hu\/en\/wp-json\/wp\/v2\/hirek"}],"about":[{"href":"https:\/\/seed.hu\/en\/wp-json\/wp\/v2\/types\/hirek"}],"wp:featuredmedia":[{"embeddable":true,"href":"https:\/\/seed.hu\/en\/wp-json\/wp\/v2\/media\/338"}],"wp:attachment":[{"href":"https:\/\/seed.hu\/en\/wp-json\/wp\/v2\/media?parent=887"}],"curies":[{"name":"wp","href":"https:\/\/api.w.org\/{rel}","templated":true}]}}