{"id":889,"date":"2019-06-21T21:50:42","date_gmt":"2019-06-21T19:50:42","guid":{"rendered":"https:\/\/seed.hu\/?post_type=hirek&#038;p=889"},"modified":"2022-01-19T19:06:23","modified_gmt":"2022-01-19T18:06:23","slug":"meghivo-szakmai-konzultacio-vallalkozoi-inkubacios-program-kialakitasarol","status":"publish","type":"hirek","link":"https:\/\/seed.hu\/en\/hirek\/meghivo-szakmai-konzultacio-vallalkozoi-inkubacios-program-kialakitasarol\/","title":{"rendered":"MEGH\u00cdV\u00d3 \u2013 szakmai konzult\u00e1ci\u00f3 v\u00e1llalkoz\u00f3i inkub\u00e1ci\u00f3s program kialak\u00edt\u00e1s\u00e1r\u00f3l"},"content":{"rendered":"<p style=\"text-align: center;\">A\u00a0 GINOP 1.1.1. p\u00e1ly\u00e1zat nyerteseit\u0151l \u00e9rkezett megkeres\u00e9sek alapj\u00e1n a<br \/>\nSEED Kisv\u00e1llalkoz\u00e1s-fejleszt\u00e9si Alap\u00edtv\u00e1ny \u00e9s a V\u00e1llalkoz\u00f3i Inkub\u00e1torok Sz\u00f6vets\u00e9ge\u00a0(VISZ)<\/p>\n<p style=\"text-align: center;\">\n<p style=\"text-align: center;\"><strong>2019. j\u00fanius 27-\u00e9n (cs\u00fct\u00f6rt\u00f6k) 10 \u00f3r\u00e1t\u00f3l<\/strong> (v\u00e1rhat\u00f3an 13-\u00f3r\u00e1ig),<\/p>\n<p style=\"text-align: center;\">a Budapesti M\u0171szaki \u00e9s Gazdas\u00e1gtudom\u00e1nyi Egyetem<\/p>\n<p style=\"text-align: center;\"><strong>K \u00e9p\u00fclete KF 79. sz. helyis\u00e9g\u00e9ben<\/strong><\/p>\n<p style=\"text-align: center;\">szakmai konzult\u00e1ci\u00f3t tart.<\/p>\n<p style=\"text-align: center;\">\n<p><strong><u>Program:<\/u><\/strong><\/p>\n<p class=\"rteindent2\">10:00-10:15 K\u00f6sz\u00f6nt\u0151\u00a0<strong>Barta -Eke Gyula<\/strong>,\u00a0a VISZ Eln\u00f6ke, az IFKA \u00fcgyvezet\u0151 igazgat\u00f3ja,\u00a0<strong>Lakatosn\u00e9 Luk\u00e1cs Zsuzsanna<\/strong>\u00a0SEED\u00a0\u00a0 \u00fcgyvezet\u0151 igazgat\u00f3,<\/p>\n<p>10:15- 11:30: Konzult\u00e1ci\u00f3 a GINOP Ir\u00e1ny\u00edt\u00f3 Hat\u00f3s\u00e1g munkat\u00e1rsaival az al\u00e1bbi f\u0151bb ter\u00fcleteken:<br \/>\n<u>felh\u00edv\u00e1s tartalmi szempontok, szerz\u0151d\u00e9sk\u00f6t\u00e9s, p\u00e9nz\u00fcgyi elsz\u00e1mol\u00e1s<\/u><\/p>\n<p>11:30-11:50: K\u00e1v\u00e9 sz\u00fcnet<\/p>\n<p>11:50- 12:10: Az inkub\u00e1ci\u00f3s program tartalma &#8211; prezent\u00e1ci\u00f3, Bal\u00e1zs Tibor szak\u00e9rt\u0151, VISZ<\/p>\n<p>12:10-\u00a0 Konzult\u00e1ci\u00f3 az Inkub\u00e1ci\u00f3s programr\u00f3l az egyes p\u00e1ly\u00e1zati kateg\u00f3ri\u00e1k szerint<br \/>\nBal\u00e1zs Tibor, Solt\u00e9sz Anik\u00f3 (VISZ aleln\u00f6k)<\/p>\n<p>A programon a r\u00e9szv\u00e9tel ingyenes, de regisztr\u00e1ci\u00f3hoz k\u00f6t\u00f6tt. Ez\u00e9rt k\u00e9rj\u00fck, hogy legk\u00e9s\u0151bb <strong>j\u00fanius 24-\u00e9n 14-\u00f3r\u00e1ig regisztr\u00e1ljanak az info@visz.hu e-mail c\u00edmen<\/strong>, ha szeretn\u00e9nek r\u00e9szt venni a konzult\u00e1ci\u00f3n (a r\u00e9sztvev\u0151(k) neve, el\u00e9rhet\u0151s\u00e9ge).<\/p>\n<p>Az Ir\u00e1ny\u00edt\u00f3 Hat\u00f3s\u00e1g el\u0151zetes felk\u00e9sz\u00fcl\u00e9s\u00e9t seg\u00edti, ha a konzult\u00e1ci\u00f3ra a fenti ter\u00fcletekkel kapcsolatban felmer\u00fclt k\u00e9rd\u00e9seiket a jelentkez\u00e9ssel egy\u00fctt eljuttatj\u00e1k ugyanerre az e-mail c\u00edmre.<\/p>\n","protected":false},"featured_media":792,"menu_order":0,"template":"","meta":{"_acf_changed":false},"class_list":["post-889","hirek","type-hirek","status-publish","has-post-thumbnail","hentry"],"acf":[],"yoast_head":"<!-- This site is optimized with the Yoast SEO plugin v27.4 - https:\/\/yoast.com\/product\/yoast-seo-wordpress\/ -->\n<title>MEGH\u00cdV\u00d3 \u2013 szakmai konzult\u00e1ci\u00f3 v\u00e1llalkoz\u00f3i inkub\u00e1ci\u00f3s program kialak\u00edt\u00e1s\u00e1r\u00f3l - Seed<\/title>\n<meta name=\"robots\" content=\"index, follow, max-snippet:-1, max-image-preview:large, max-video-preview:-1\" \/>\n<link rel=\"canonical\" href=\"https:\/\/seed.hu\/hirek\/meghivo-szakmai-konzultacio-vallalkozoi-inkubacios-program-kialakitasarol\/\" \/>\n<meta property=\"og:locale\" content=\"en_US\" \/>\n<meta property=\"og:type\" content=\"article\" \/>\n<meta property=\"og:title\" content=\"MEGH\u00cdV\u00d3 \u2013 szakmai konzult\u00e1ci\u00f3 v\u00e1llalkoz\u00f3i inkub\u00e1ci\u00f3s program kialak\u00edt\u00e1s\u00e1r\u00f3l - Seed\" \/>\n<meta property=\"og:description\" content=\"A\u00a0 GINOP 1.1.1. p\u00e1ly\u00e1zat nyerteseit\u0151l \u00e9rkezett megkeres\u00e9sek alapj\u00e1n a SEED Kisv\u00e1llalkoz\u00e1s-fejleszt\u00e9si Alap\u00edtv\u00e1ny \u00e9s a V\u00e1llalkoz\u00f3i Inkub\u00e1torok Sz\u00f6vets\u00e9ge\u00a0(VISZ) 2019. j\u00fanius 27-\u00e9n (cs\u00fct\u00f6rt\u00f6k) 10 \u00f3r\u00e1t\u00f3l (v\u00e1rhat\u00f3an 13-\u00f3r\u00e1ig), a Budapesti M\u0171szaki \u00e9s Gazdas\u00e1gtudom\u00e1nyi Egyetem K \u00e9p\u00fclete KF 79. sz. helyis\u00e9g\u00e9ben szakmai konzult\u00e1ci\u00f3t tart. Program: 10:00-10:15 K\u00f6sz\u00f6nt\u0151\u00a0Barta -Eke Gyula,\u00a0a VISZ Eln\u00f6ke, az IFKA \u00fcgyvezet\u0151 igazgat\u00f3ja,\u00a0Lakatosn\u00e9 Luk\u00e1cs Zsuzsanna\u00a0SEED\u00a0\u00a0 \u00fcgyvezet\u0151 igazgat\u00f3, [&hellip;]\" \/>\n<meta property=\"og:url\" content=\"https:\/\/seed.hu\/hirek\/meghivo-szakmai-konzultacio-vallalkozoi-inkubacios-program-kialakitasarol\/\" \/>\n<meta property=\"og:site_name\" content=\"Seed\" \/>\n<meta property=\"article:modified_time\" content=\"2022-01-19T18:06:23+00:00\" \/>\n<meta property=\"og:image\" content=\"https:\/\/seed.hu\/wp-content\/uploads\/2018\/04\/SEED_logo.png\" \/>\n\t<meta property=\"og:image:width\" content=\"250\" \/>\n\t<meta property=\"og:image:height\" content=\"206\" \/>\n\t<meta property=\"og:image:type\" content=\"image\/png\" \/>\n<meta name=\"twitter:card\" content=\"summary_large_image\" \/>\n<meta name=\"twitter:label1\" content=\"Est. reading time\" \/>\n\t<meta name=\"twitter:data1\" content=\"1 minute\" \/>\n<script type=\"application\/ld+json\" class=\"yoast-schema-graph\">{\"@context\":\"https:\\\/\\\/schema.org\",\"@graph\":[{\"@type\":\"WebPage\",\"@id\":\"https:\\\/\\\/seed.hu\\\/hirek\\\/meghivo-szakmai-konzultacio-vallalkozoi-inkubacios-program-kialakitasarol\\\/\",\"url\":\"https:\\\/\\\/seed.hu\\\/hirek\\\/meghivo-szakmai-konzultacio-vallalkozoi-inkubacios-program-kialakitasarol\\\/\",\"name\":\"MEGH\u00cdV\u00d3 \u2013 szakmai konzult\u00e1ci\u00f3 v\u00e1llalkoz\u00f3i inkub\u00e1ci\u00f3s program kialak\u00edt\u00e1s\u00e1r\u00f3l - Seed\",\"isPartOf\":{\"@id\":\"https:\\\/\\\/seed.hu\\\/#website\"},\"primaryImageOfPage\":{\"@id\":\"https:\\\/\\\/seed.hu\\\/hirek\\\/meghivo-szakmai-konzultacio-vallalkozoi-inkubacios-program-kialakitasarol\\\/#primaryimage\"},\"image\":{\"@id\":\"https:\\\/\\\/seed.hu\\\/hirek\\\/meghivo-szakmai-konzultacio-vallalkozoi-inkubacios-program-kialakitasarol\\\/#primaryimage\"},\"thumbnailUrl\":\"https:\\\/\\\/seed.hu\\\/wp-content\\\/uploads\\\/2018\\\/04\\\/SEED_logo.png\",\"datePublished\":\"2019-06-21T19:50:42+00:00\",\"dateModified\":\"2022-01-19T18:06:23+00:00\",\"breadcrumb\":{\"@id\":\"https:\\\/\\\/seed.hu\\\/hirek\\\/meghivo-szakmai-konzultacio-vallalkozoi-inkubacios-program-kialakitasarol\\\/#breadcrumb\"},\"inLanguage\":\"en-US\",\"potentialAction\":[{\"@type\":\"ReadAction\",\"target\":[\"https:\\\/\\\/seed.hu\\\/hirek\\\/meghivo-szakmai-konzultacio-vallalkozoi-inkubacios-program-kialakitasarol\\\/\"]}]},{\"@type\":\"ImageObject\",\"inLanguage\":\"en-US\",\"@id\":\"https:\\\/\\\/seed.hu\\\/hirek\\\/meghivo-szakmai-konzultacio-vallalkozoi-inkubacios-program-kialakitasarol\\\/#primaryimage\",\"url\":\"https:\\\/\\\/seed.hu\\\/wp-content\\\/uploads\\\/2018\\\/04\\\/SEED_logo.png\",\"contentUrl\":\"https:\\\/\\\/seed.hu\\\/wp-content\\\/uploads\\\/2018\\\/04\\\/SEED_logo.png\",\"width\":250,\"height\":206},{\"@type\":\"BreadcrumbList\",\"@id\":\"https:\\\/\\\/seed.hu\\\/hirek\\\/meghivo-szakmai-konzultacio-vallalkozoi-inkubacios-program-kialakitasarol\\\/#breadcrumb\",\"itemListElement\":[{\"@type\":\"ListItem\",\"position\":1,\"name\":\"H\u00edrek\",\"item\":\"https:\\\/\\\/seed.hu\\\/hirek\\\/\"},{\"@type\":\"ListItem\",\"position\":2,\"name\":\"MEGH\u00cdV\u00d3 \u2013 szakmai konzult\u00e1ci\u00f3 v\u00e1llalkoz\u00f3i inkub\u00e1ci\u00f3s program kialak\u00edt\u00e1s\u00e1r\u00f3l\"}]},{\"@type\":\"WebSite\",\"@id\":\"https:\\\/\\\/seed.hu\\\/#website\",\"url\":\"https:\\\/\\\/seed.hu\\\/\",\"name\":\"Seed\",\"description\":\"\",\"potentialAction\":[{\"@type\":\"SearchAction\",\"target\":{\"@type\":\"EntryPoint\",\"urlTemplate\":\"https:\\\/\\\/seed.hu\\\/?s={search_term_string}\"},\"query-input\":{\"@type\":\"PropertyValueSpecification\",\"valueRequired\":true,\"valueName\":\"search_term_string\"}}],\"inLanguage\":\"en-US\"}]}<\/script>\n<!-- \/ Yoast SEO plugin. -->","yoast_head_json":{"title":"MEGH\u00cdV\u00d3 \u2013 szakmai konzult\u00e1ci\u00f3 v\u00e1llalkoz\u00f3i inkub\u00e1ci\u00f3s program kialak\u00edt\u00e1s\u00e1r\u00f3l - Seed","robots":{"index":"index","follow":"follow","max-snippet":"max-snippet:-1","max-image-preview":"max-image-preview:large","max-video-preview":"max-video-preview:-1"},"canonical":"https:\/\/seed.hu\/hirek\/meghivo-szakmai-konzultacio-vallalkozoi-inkubacios-program-kialakitasarol\/","og_locale":"en_US","og_type":"article","og_title":"MEGH\u00cdV\u00d3 \u2013 szakmai konzult\u00e1ci\u00f3 v\u00e1llalkoz\u00f3i inkub\u00e1ci\u00f3s program kialak\u00edt\u00e1s\u00e1r\u00f3l - Seed","og_description":"A\u00a0 GINOP 1.1.1. p\u00e1ly\u00e1zat nyerteseit\u0151l \u00e9rkezett megkeres\u00e9sek alapj\u00e1n a SEED Kisv\u00e1llalkoz\u00e1s-fejleszt\u00e9si Alap\u00edtv\u00e1ny \u00e9s a V\u00e1llalkoz\u00f3i Inkub\u00e1torok Sz\u00f6vets\u00e9ge\u00a0(VISZ) 2019. j\u00fanius 27-\u00e9n (cs\u00fct\u00f6rt\u00f6k) 10 \u00f3r\u00e1t\u00f3l (v\u00e1rhat\u00f3an 13-\u00f3r\u00e1ig), a Budapesti M\u0171szaki \u00e9s Gazdas\u00e1gtudom\u00e1nyi Egyetem K \u00e9p\u00fclete KF 79. sz. helyis\u00e9g\u00e9ben szakmai konzult\u00e1ci\u00f3t tart. Program: 10:00-10:15 K\u00f6sz\u00f6nt\u0151\u00a0Barta -Eke Gyula,\u00a0a VISZ Eln\u00f6ke, az IFKA \u00fcgyvezet\u0151 igazgat\u00f3ja,\u00a0Lakatosn\u00e9 Luk\u00e1cs Zsuzsanna\u00a0SEED\u00a0\u00a0 \u00fcgyvezet\u0151 igazgat\u00f3, [&hellip;]","og_url":"https:\/\/seed.hu\/hirek\/meghivo-szakmai-konzultacio-vallalkozoi-inkubacios-program-kialakitasarol\/","og_site_name":"Seed","article_modified_time":"2022-01-19T18:06:23+00:00","og_image":[{"width":250,"height":206,"url":"https:\/\/seed.hu\/wp-content\/uploads\/2018\/04\/SEED_logo.png","type":"image\/png"}],"twitter_card":"summary_large_image","twitter_misc":{"Est. reading time":"1 minute"},"schema":{"@context":"https:\/\/schema.org","@graph":[{"@type":"WebPage","@id":"https:\/\/seed.hu\/hirek\/meghivo-szakmai-konzultacio-vallalkozoi-inkubacios-program-kialakitasarol\/","url":"https:\/\/seed.hu\/hirek\/meghivo-szakmai-konzultacio-vallalkozoi-inkubacios-program-kialakitasarol\/","name":"MEGH\u00cdV\u00d3 \u2013 szakmai konzult\u00e1ci\u00f3 v\u00e1llalkoz\u00f3i inkub\u00e1ci\u00f3s program kialak\u00edt\u00e1s\u00e1r\u00f3l - Seed","isPartOf":{"@id":"https:\/\/seed.hu\/#website"},"primaryImageOfPage":{"@id":"https:\/\/seed.hu\/hirek\/meghivo-szakmai-konzultacio-vallalkozoi-inkubacios-program-kialakitasarol\/#primaryimage"},"image":{"@id":"https:\/\/seed.hu\/hirek\/meghivo-szakmai-konzultacio-vallalkozoi-inkubacios-program-kialakitasarol\/#primaryimage"},"thumbnailUrl":"https:\/\/seed.hu\/wp-content\/uploads\/2018\/04\/SEED_logo.png","datePublished":"2019-06-21T19:50:42+00:00","dateModified":"2022-01-19T18:06:23+00:00","breadcrumb":{"@id":"https:\/\/seed.hu\/hirek\/meghivo-szakmai-konzultacio-vallalkozoi-inkubacios-program-kialakitasarol\/#breadcrumb"},"inLanguage":"en-US","potentialAction":[{"@type":"ReadAction","target":["https:\/\/seed.hu\/hirek\/meghivo-szakmai-konzultacio-vallalkozoi-inkubacios-program-kialakitasarol\/"]}]},{"@type":"ImageObject","inLanguage":"en-US","@id":"https:\/\/seed.hu\/hirek\/meghivo-szakmai-konzultacio-vallalkozoi-inkubacios-program-kialakitasarol\/#primaryimage","url":"https:\/\/seed.hu\/wp-content\/uploads\/2018\/04\/SEED_logo.png","contentUrl":"https:\/\/seed.hu\/wp-content\/uploads\/2018\/04\/SEED_logo.png","width":250,"height":206},{"@type":"BreadcrumbList","@id":"https:\/\/seed.hu\/hirek\/meghivo-szakmai-konzultacio-vallalkozoi-inkubacios-program-kialakitasarol\/#breadcrumb","itemListElement":[{"@type":"ListItem","position":1,"name":"H\u00edrek","item":"https:\/\/seed.hu\/hirek\/"},{"@type":"ListItem","position":2,"name":"MEGH\u00cdV\u00d3 \u2013 szakmai konzult\u00e1ci\u00f3 v\u00e1llalkoz\u00f3i inkub\u00e1ci\u00f3s program kialak\u00edt\u00e1s\u00e1r\u00f3l"}]},{"@type":"WebSite","@id":"https:\/\/seed.hu\/#website","url":"https:\/\/seed.hu\/","name":"Seed","description":"","potentialAction":[{"@type":"SearchAction","target":{"@type":"EntryPoint","urlTemplate":"https:\/\/seed.hu\/?s={search_term_string}"},"query-input":{"@type":"PropertyValueSpecification","valueRequired":true,"valueName":"search_term_string"}}],"inLanguage":"en-US"}]}},"_links":{"self":[{"href":"https:\/\/seed.hu\/en\/wp-json\/wp\/v2\/hirek\/889","targetHints":{"allow":["GET"]}}],"collection":[{"href":"https:\/\/seed.hu\/en\/wp-json\/wp\/v2\/hirek"}],"about":[{"href":"https:\/\/seed.hu\/en\/wp-json\/wp\/v2\/types\/hirek"}],"wp:featuredmedia":[{"embeddable":true,"href":"https:\/\/seed.hu\/en\/wp-json\/wp\/v2\/media\/792"}],"wp:attachment":[{"href":"https:\/\/seed.hu\/en\/wp-json\/wp\/v2\/media?parent=889"}],"curies":[{"name":"wp","href":"https:\/\/api.w.org\/{rel}","templated":true}]}}