{"id":893,"date":"2019-07-09T23:44:21","date_gmt":"2019-07-09T21:44:21","guid":{"rendered":"https:\/\/seed.hu\/?post_type=hirek&#038;p=893"},"modified":"2022-01-19T19:12:49","modified_gmt":"2022-01-19T18:12:49","slug":"europai-tanulmany-keszul-a-noi-tarsadalmi-vallalkozasokrol","status":"publish","type":"hirek","link":"https:\/\/seed.hu\/en\/hirek\/europai-tanulmany-keszul-a-noi-tarsadalmi-vallalkozasokrol\/","title":{"rendered":"Eur\u00f3pai tanulm\u00e1ny k\u00e9sz\u00fcl a n\u0151i t\u00e1rsadalmi v\u00e1llalkoz\u00e1sokr\u00f3l"},"content":{"rendered":"<p><span style=\"font-size: 16px;\"><strong>Seg\u00edts\u00fcnk a magyar tapasztalatokkal a k\u00f6vetkez\u0151 <a href=\"https:\/\/www.formlets.com\/forms\/IPHh84y6oIiEdc3b\/\" target=\"_blank\" rel=\"noopener\">K\u00c9RD\u0150\u00cdV<\/a> kit\u00f6lt\u00e9s\u00e9vel!<\/strong><\/span><\/p>\n<p>A SEED Alap\u00edtv\u00e1nyn\u00e1l mindig figyel\u00fcnk arra, hogy ak\u00e1r kezdem\u00e9nyez\u0151k\u00e9nt, ak\u00e1r seg\u00edt\u0151k\u00e9nt r\u00e9szt vegy\u00fcnk olyan projektek megval\u00f3s\u00edt\u00e1s\u00e1ban, melyek seg\u00edtik a n\u0151k gazdas\u00e1gi szerepv\u00e1llal\u00e1s\u00e1t. K\u00fcl\u00f6n\u00f6sen az\u00e9rt, mert alap\u00edt\u00f3i k\u00f6r\u00fcnk \u00e9s h\u00edd szerep\u00fcnk lehet\u0151s\u00e9get ny\u00fajt arra, hogy r\u00e1vil\u00e1g\u00edtsuk a gazdas\u00e1gi \u00e9s politikai d\u00f6nt\u00e9shoz\u00f3k figyelm\u00e9t a n\u0151i v\u00e1llalkoz\u00e1sokban rejl\u0151 er\u0151re.<br \/>\nA k\u00f6r\u00fcl\u00f6tt\u00fcnk l\u00e9v\u0151 n\u0151k t\u00f6bbs\u00e9ge valamilyen t\u00e1rsadalmi probl\u00e9ma felold\u00e1s\u00e1ra, kezel\u00e9s\u00e9re hozz\u00e1k l\u00e9tre v\u00e1llalkoz\u00e1sukat, \u00fczleti tev\u00e9kenys\u00e9g\u00fcket alapjaiban hat\u00e1rozza a t\u00e1rsadalmi hat\u00e1s kiv\u00e1lt\u00e1sa. Ez\u00e9rt is v\u00e1llaltuk, hogy az Empow\u2019Her k\u00e9rd\u0151\u00edv\u00e9t tov\u00e1bb\u00edtjuk t\u00e1rsadalmi v\u00e1llalkoz\u00e1sok vezet\u0151i, k\u00f6zrem\u0171k\u00f6d\u0151i r\u00e9sz\u00e9re, hogy seg\u00edthess\u00fck a tanulm\u00e1ny k\u00e9sz\u00edt\u0151it a Magyarorsz\u00e1gon m\u0171k\u00f6d\u0151 szervezetek tapasztalataival.<br \/>\n\u00cdg\u00e9ret\u00fck szerint nem t\u00f6bb mint 10 perc a k\u00e9rd\u0151\u00edv kit\u00f6lt\u00e9se, mely az al\u00e1bbi felh\u00edv\u00e1ssal indul.<br \/>\n\u201eEmpow&#8217;Her is currently running a study on women in social entrepreneurship in Europe and they need your help to better understand what difficulties you have met and what are your support needs !<\/p>\n<p>Are you a woman social entrepreneur looking at joining a European community of women changemakers ? Please take a few minutes to answer\u00a0this <strong><a href=\"https:\/\/www.formlets.com\/forms\/IPHh84y6oIiEdc3b\/\" target=\"_blank\" rel=\"noopener\">SURVEY<\/a><\/strong> ! Your answers will be kept anonymous but feel free to leave your e-mail to be updated about the next steps of the project ! Thank you !\u201d<\/p>\n<p>K\u00f6sz\u00f6nj\u00fck a seg\u00edts\u00e9ged!<\/p>\n","protected":false},"featured_media":792,"menu_order":0,"template":"","meta":{"_acf_changed":false},"class_list":["post-893","hirek","type-hirek","status-publish","has-post-thumbnail","hentry"],"acf":[],"yoast_head":"<!-- This site is optimized with the Yoast SEO plugin v27.4 - https:\/\/yoast.com\/product\/yoast-seo-wordpress\/ -->\n<title>Eur\u00f3pai tanulm\u00e1ny k\u00e9sz\u00fcl a n\u0151i t\u00e1rsadalmi v\u00e1llalkoz\u00e1sokr\u00f3l - Seed<\/title>\n<meta name=\"robots\" content=\"index, follow, max-snippet:-1, max-image-preview:large, max-video-preview:-1\" \/>\n<link rel=\"canonical\" href=\"https:\/\/seed.hu\/hirek\/europai-tanulmany-keszul-a-noi-tarsadalmi-vallalkozasokrol\/\" \/>\n<meta property=\"og:locale\" content=\"en_US\" \/>\n<meta property=\"og:type\" content=\"article\" \/>\n<meta property=\"og:title\" content=\"Eur\u00f3pai tanulm\u00e1ny k\u00e9sz\u00fcl a n\u0151i t\u00e1rsadalmi v\u00e1llalkoz\u00e1sokr\u00f3l - Seed\" \/>\n<meta property=\"og:description\" content=\"Seg\u00edts\u00fcnk a magyar tapasztalatokkal a k\u00f6vetkez\u0151 K\u00c9RD\u0150\u00cdV kit\u00f6lt\u00e9s\u00e9vel! A SEED Alap\u00edtv\u00e1nyn\u00e1l mindig figyel\u00fcnk arra, hogy ak\u00e1r kezdem\u00e9nyez\u0151k\u00e9nt, ak\u00e1r seg\u00edt\u0151k\u00e9nt r\u00e9szt vegy\u00fcnk olyan projektek megval\u00f3s\u00edt\u00e1s\u00e1ban, melyek seg\u00edtik a n\u0151k gazdas\u00e1gi szerepv\u00e1llal\u00e1s\u00e1t. K\u00fcl\u00f6n\u00f6sen az\u00e9rt, mert alap\u00edt\u00f3i k\u00f6r\u00fcnk \u00e9s h\u00edd szerep\u00fcnk lehet\u0151s\u00e9get ny\u00fajt arra, hogy r\u00e1vil\u00e1g\u00edtsuk a gazdas\u00e1gi \u00e9s politikai d\u00f6nt\u00e9shoz\u00f3k figyelm\u00e9t a n\u0151i v\u00e1llalkoz\u00e1sokban rejl\u0151 er\u0151re. A [&hellip;]\" \/>\n<meta property=\"og:url\" content=\"https:\/\/seed.hu\/hirek\/europai-tanulmany-keszul-a-noi-tarsadalmi-vallalkozasokrol\/\" \/>\n<meta property=\"og:site_name\" content=\"Seed\" \/>\n<meta property=\"article:modified_time\" content=\"2022-01-19T18:12:49+00:00\" \/>\n<meta property=\"og:image\" content=\"https:\/\/seed.hu\/wp-content\/uploads\/2018\/04\/SEED_logo.png\" \/>\n\t<meta property=\"og:image:width\" content=\"250\" \/>\n\t<meta property=\"og:image:height\" content=\"206\" \/>\n\t<meta property=\"og:image:type\" content=\"image\/png\" \/>\n<meta name=\"twitter:card\" content=\"summary_large_image\" \/>\n<meta name=\"twitter:label1\" content=\"Est. reading time\" \/>\n\t<meta name=\"twitter:data1\" content=\"2 minutes\" \/>\n<script type=\"application\/ld+json\" class=\"yoast-schema-graph\">{\"@context\":\"https:\\\/\\\/schema.org\",\"@graph\":[{\"@type\":\"WebPage\",\"@id\":\"https:\\\/\\\/seed.hu\\\/hirek\\\/europai-tanulmany-keszul-a-noi-tarsadalmi-vallalkozasokrol\\\/\",\"url\":\"https:\\\/\\\/seed.hu\\\/hirek\\\/europai-tanulmany-keszul-a-noi-tarsadalmi-vallalkozasokrol\\\/\",\"name\":\"Eur\u00f3pai tanulm\u00e1ny k\u00e9sz\u00fcl a n\u0151i t\u00e1rsadalmi v\u00e1llalkoz\u00e1sokr\u00f3l - Seed\",\"isPartOf\":{\"@id\":\"https:\\\/\\\/seed.hu\\\/#website\"},\"primaryImageOfPage\":{\"@id\":\"https:\\\/\\\/seed.hu\\\/hirek\\\/europai-tanulmany-keszul-a-noi-tarsadalmi-vallalkozasokrol\\\/#primaryimage\"},\"image\":{\"@id\":\"https:\\\/\\\/seed.hu\\\/hirek\\\/europai-tanulmany-keszul-a-noi-tarsadalmi-vallalkozasokrol\\\/#primaryimage\"},\"thumbnailUrl\":\"https:\\\/\\\/seed.hu\\\/wp-content\\\/uploads\\\/2018\\\/04\\\/SEED_logo.png\",\"datePublished\":\"2019-07-09T21:44:21+00:00\",\"dateModified\":\"2022-01-19T18:12:49+00:00\",\"breadcrumb\":{\"@id\":\"https:\\\/\\\/seed.hu\\\/hirek\\\/europai-tanulmany-keszul-a-noi-tarsadalmi-vallalkozasokrol\\\/#breadcrumb\"},\"inLanguage\":\"en-US\",\"potentialAction\":[{\"@type\":\"ReadAction\",\"target\":[\"https:\\\/\\\/seed.hu\\\/hirek\\\/europai-tanulmany-keszul-a-noi-tarsadalmi-vallalkozasokrol\\\/\"]}]},{\"@type\":\"ImageObject\",\"inLanguage\":\"en-US\",\"@id\":\"https:\\\/\\\/seed.hu\\\/hirek\\\/europai-tanulmany-keszul-a-noi-tarsadalmi-vallalkozasokrol\\\/#primaryimage\",\"url\":\"https:\\\/\\\/seed.hu\\\/wp-content\\\/uploads\\\/2018\\\/04\\\/SEED_logo.png\",\"contentUrl\":\"https:\\\/\\\/seed.hu\\\/wp-content\\\/uploads\\\/2018\\\/04\\\/SEED_logo.png\",\"width\":250,\"height\":206},{\"@type\":\"BreadcrumbList\",\"@id\":\"https:\\\/\\\/seed.hu\\\/hirek\\\/europai-tanulmany-keszul-a-noi-tarsadalmi-vallalkozasokrol\\\/#breadcrumb\",\"itemListElement\":[{\"@type\":\"ListItem\",\"position\":1,\"name\":\"H\u00edrek\",\"item\":\"https:\\\/\\\/seed.hu\\\/hirek\\\/\"},{\"@type\":\"ListItem\",\"position\":2,\"name\":\"Eur\u00f3pai tanulm\u00e1ny k\u00e9sz\u00fcl a n\u0151i t\u00e1rsadalmi v\u00e1llalkoz\u00e1sokr\u00f3l\"}]},{\"@type\":\"WebSite\",\"@id\":\"https:\\\/\\\/seed.hu\\\/#website\",\"url\":\"https:\\\/\\\/seed.hu\\\/\",\"name\":\"Seed\",\"description\":\"\",\"potentialAction\":[{\"@type\":\"SearchAction\",\"target\":{\"@type\":\"EntryPoint\",\"urlTemplate\":\"https:\\\/\\\/seed.hu\\\/?s={search_term_string}\"},\"query-input\":{\"@type\":\"PropertyValueSpecification\",\"valueRequired\":true,\"valueName\":\"search_term_string\"}}],\"inLanguage\":\"en-US\"}]}<\/script>\n<!-- \/ Yoast SEO plugin. -->","yoast_head_json":{"title":"Eur\u00f3pai tanulm\u00e1ny k\u00e9sz\u00fcl a n\u0151i t\u00e1rsadalmi v\u00e1llalkoz\u00e1sokr\u00f3l - Seed","robots":{"index":"index","follow":"follow","max-snippet":"max-snippet:-1","max-image-preview":"max-image-preview:large","max-video-preview":"max-video-preview:-1"},"canonical":"https:\/\/seed.hu\/hirek\/europai-tanulmany-keszul-a-noi-tarsadalmi-vallalkozasokrol\/","og_locale":"en_US","og_type":"article","og_title":"Eur\u00f3pai tanulm\u00e1ny k\u00e9sz\u00fcl a n\u0151i t\u00e1rsadalmi v\u00e1llalkoz\u00e1sokr\u00f3l - Seed","og_description":"Seg\u00edts\u00fcnk a magyar tapasztalatokkal a k\u00f6vetkez\u0151 K\u00c9RD\u0150\u00cdV kit\u00f6lt\u00e9s\u00e9vel! A SEED Alap\u00edtv\u00e1nyn\u00e1l mindig figyel\u00fcnk arra, hogy ak\u00e1r kezdem\u00e9nyez\u0151k\u00e9nt, ak\u00e1r seg\u00edt\u0151k\u00e9nt r\u00e9szt vegy\u00fcnk olyan projektek megval\u00f3s\u00edt\u00e1s\u00e1ban, melyek seg\u00edtik a n\u0151k gazdas\u00e1gi szerepv\u00e1llal\u00e1s\u00e1t. K\u00fcl\u00f6n\u00f6sen az\u00e9rt, mert alap\u00edt\u00f3i k\u00f6r\u00fcnk \u00e9s h\u00edd szerep\u00fcnk lehet\u0151s\u00e9get ny\u00fajt arra, hogy r\u00e1vil\u00e1g\u00edtsuk a gazdas\u00e1gi \u00e9s politikai d\u00f6nt\u00e9shoz\u00f3k figyelm\u00e9t a n\u0151i v\u00e1llalkoz\u00e1sokban rejl\u0151 er\u0151re. A [&hellip;]","og_url":"https:\/\/seed.hu\/hirek\/europai-tanulmany-keszul-a-noi-tarsadalmi-vallalkozasokrol\/","og_site_name":"Seed","article_modified_time":"2022-01-19T18:12:49+00:00","og_image":[{"width":250,"height":206,"url":"https:\/\/seed.hu\/wp-content\/uploads\/2018\/04\/SEED_logo.png","type":"image\/png"}],"twitter_card":"summary_large_image","twitter_misc":{"Est. reading time":"2 minutes"},"schema":{"@context":"https:\/\/schema.org","@graph":[{"@type":"WebPage","@id":"https:\/\/seed.hu\/hirek\/europai-tanulmany-keszul-a-noi-tarsadalmi-vallalkozasokrol\/","url":"https:\/\/seed.hu\/hirek\/europai-tanulmany-keszul-a-noi-tarsadalmi-vallalkozasokrol\/","name":"Eur\u00f3pai tanulm\u00e1ny k\u00e9sz\u00fcl a n\u0151i t\u00e1rsadalmi v\u00e1llalkoz\u00e1sokr\u00f3l - Seed","isPartOf":{"@id":"https:\/\/seed.hu\/#website"},"primaryImageOfPage":{"@id":"https:\/\/seed.hu\/hirek\/europai-tanulmany-keszul-a-noi-tarsadalmi-vallalkozasokrol\/#primaryimage"},"image":{"@id":"https:\/\/seed.hu\/hirek\/europai-tanulmany-keszul-a-noi-tarsadalmi-vallalkozasokrol\/#primaryimage"},"thumbnailUrl":"https:\/\/seed.hu\/wp-content\/uploads\/2018\/04\/SEED_logo.png","datePublished":"2019-07-09T21:44:21+00:00","dateModified":"2022-01-19T18:12:49+00:00","breadcrumb":{"@id":"https:\/\/seed.hu\/hirek\/europai-tanulmany-keszul-a-noi-tarsadalmi-vallalkozasokrol\/#breadcrumb"},"inLanguage":"en-US","potentialAction":[{"@type":"ReadAction","target":["https:\/\/seed.hu\/hirek\/europai-tanulmany-keszul-a-noi-tarsadalmi-vallalkozasokrol\/"]}]},{"@type":"ImageObject","inLanguage":"en-US","@id":"https:\/\/seed.hu\/hirek\/europai-tanulmany-keszul-a-noi-tarsadalmi-vallalkozasokrol\/#primaryimage","url":"https:\/\/seed.hu\/wp-content\/uploads\/2018\/04\/SEED_logo.png","contentUrl":"https:\/\/seed.hu\/wp-content\/uploads\/2018\/04\/SEED_logo.png","width":250,"height":206},{"@type":"BreadcrumbList","@id":"https:\/\/seed.hu\/hirek\/europai-tanulmany-keszul-a-noi-tarsadalmi-vallalkozasokrol\/#breadcrumb","itemListElement":[{"@type":"ListItem","position":1,"name":"H\u00edrek","item":"https:\/\/seed.hu\/hirek\/"},{"@type":"ListItem","position":2,"name":"Eur\u00f3pai tanulm\u00e1ny k\u00e9sz\u00fcl a n\u0151i t\u00e1rsadalmi v\u00e1llalkoz\u00e1sokr\u00f3l"}]},{"@type":"WebSite","@id":"https:\/\/seed.hu\/#website","url":"https:\/\/seed.hu\/","name":"Seed","description":"","potentialAction":[{"@type":"SearchAction","target":{"@type":"EntryPoint","urlTemplate":"https:\/\/seed.hu\/?s={search_term_string}"},"query-input":{"@type":"PropertyValueSpecification","valueRequired":true,"valueName":"search_term_string"}}],"inLanguage":"en-US"}]}},"_links":{"self":[{"href":"https:\/\/seed.hu\/en\/wp-json\/wp\/v2\/hirek\/893","targetHints":{"allow":["GET"]}}],"collection":[{"href":"https:\/\/seed.hu\/en\/wp-json\/wp\/v2\/hirek"}],"about":[{"href":"https:\/\/seed.hu\/en\/wp-json\/wp\/v2\/types\/hirek"}],"wp:featuredmedia":[{"embeddable":true,"href":"https:\/\/seed.hu\/en\/wp-json\/wp\/v2\/media\/792"}],"wp:attachment":[{"href":"https:\/\/seed.hu\/en\/wp-json\/wp\/v2\/media?parent=893"}],"curies":[{"name":"wp","href":"https:\/\/api.w.org\/{rel}","templated":true}]}}