{"id":895,"date":"2019-08-05T12:46:18","date_gmt":"2019-08-05T10:46:18","guid":{"rendered":"https:\/\/seed.hu\/?post_type=hirek&#038;p=895"},"modified":"2022-01-19T19:15:59","modified_gmt":"2022-01-19T18:15:59","slug":"szloven-magyar-uzletasszony-talalkozo","status":"publish","type":"hirek","link":"https:\/\/seed.hu\/en\/hirek\/szloven-magyar-uzletasszony-talalkozo\/","title":{"rendered":"Szlov\u00e9n-magyar \u00fczletasszony-tal\u00e1lkoz\u00f3"},"content":{"rendered":"<p><span style=\"font-size: 18px;\"><strong>Digitaliz\u00e1ci\u00f3 \u00e9s k\u00f6rk\u00f6r\u00f6s gazdas\u00e1g<\/strong><\/span><\/p>\n<p>A Szlov\u00e9n N\u0151i Menedzserek Sz\u00f6vets\u00e9ge (FAM) Magyarorsz\u00e1g Ljubljanai Nagyk\u00f6vets\u00e9g\u00e9nek k\u00f6zrem\u0171k\u00f6d\u00e9s\u00e9vel 2019. szeptember 25-\u00e9n \u00fczleti tal\u00e1lkoz\u00f3t szervez magyar partnerei r\u00e9sz\u00e9re a szlov\u00e9niai Pod\u010detrtek v\u00e1ros\u00e1ban. A tal\u00e1lkoz\u00f3ra a 2017-ben Vonyarcvashegyen tartott magyar-szlov\u00e9n \u00fczletasszony-tal\u00e1lkoz\u00f3 folytat\u00e1sak\u00e9nt ker\u00fcl sor. Az el\u0151z\u0151 tal\u00e1lkoz\u00f3r\u00f3l sz\u00f3l\u00f3 r\u00f6vid le\u00edr\u00e1s az al\u00e1bbi linken tal\u00e1lhat\u00f3:<\/p>\n<p><a href=\"https:\/\/ljubljana.mfa.gov.hu\/news\/magyar-szloven-uezleti-konferencia-vonyarcvashegyen\" target=\"_blank\" rel=\"noopener\">https:\/\/ljubljana.mfa.gov.hu\/news\/magyar-szloven-uezleti-konferencia-vonyarcvashegyen <\/a><\/p>\n<p>Az esem\u00e9ny munkanyelve angol, f\u0151 t\u00e9m\u00e1ja pedig a digitaliz\u00e1ci\u00f3 \u00e9s a k\u00f6rk\u00f6r\u00f6s gazdas\u00e1g.<\/p>\n<p>K\u00e9rj\u00fck, amennyiben a rendezv\u00e9ny felkeltette \u00e9rdekl\u0151d\u00e9s\u00e9t jelezze a\u00a0<a href=\"mailto:Szlov\u00e9n\u2212magyar \u00fczletasszony-tal\u00e1lkoz\u00f3\">trade.lju@mfa.gov.hu<\/a>\u00a0e-mail c\u00edmre legk\u00e9s\u0151bb\u00a02019. augusztus 10-ig, annak \u00e9rdek\u00e9ben, hogy a tov\u00e1bbi r\u00e9szletekr\u0151l t\u00e1j\u00e9koztathassuk.<\/p>\n<p>&nbsp;<\/p>\n<p><u>Programterv:<\/u><\/p>\n<p>15:30-16:00\u00a0\u00a0\u00a0\u00a0\u00a0\u00a0\u00a0\u00a0\u00a0\u00a0\u00a0\u00a0\u00a0\u00a0\u00a0 \u00c9rkez\u00e9s, helysz\u00edn megtekint\u00e9se<\/p>\n<p>16:00-16:30\u00a0\u00a0\u00a0\u00a0\u00a0\u00a0\u00a0\u00a0\u00a0\u00a0\u00a0\u00a0\u00a0\u00a0\u00a0 R\u00f6vid megvend\u00e9gel\u00e9s<\/p>\n<p>16:30-17:00\u00a0\u00a0\u00a0\u00a0\u00a0\u00a0\u00a0\u00a0\u00a0\u00a0\u00a0\u00a0\u00a0\u00a0\u00a0 Gy\u00f3gyf\u00fcrd\u0151 megtekint\u00e9se<\/p>\n<p>17:00-19:30\u00a0\u00a0\u00a0\u00a0\u00a0\u00a0\u00a0\u00a0\u00a0\u00a0\u00a0\u00a0\u00a0\u00a0\u00a0 Tal\u00e1lkoz\u00f3 hivatalos r\u00e9sze, megnyit\u00f3ja<\/p>\n<p><u>K\u00f6sz\u00f6nt\u0151k<\/u><\/p>\n<p>a FAM-eln\u00f6k<\/p>\n<p>az Olimia Gy\u00f3gyf\u00fcrd\u0151 igazgat\u00f3ja<\/p>\n<p>Pod\u010detrtek polg\u00e1rmestere<\/p>\n<p><u>El\u0151ad\u00e1sok<\/u><\/p>\n<p>A magyar gazdas\u00e1g bemutat\u00e1sa, valamint a szlov\u00e9n-magyar egy\u00fcttm\u0171k\u00f6d\u00e9s \u00e9rt\u00e9kel\u00e9se (a magyar gazdas\u00e1g \u00e9s korm\u00e1nyzat k\u00e9pvisel\u0151i)<\/p>\n<p>A szlov\u00e9n-magyar egy\u00fcttm\u0171k\u00f6d\u00e9s \u00e9rt\u00e9kel\u00e9se [a szlov\u00e9n gazdas\u00e1g \u00e9s korm\u00e1nyzat k\u00e9pvisel\u0151i; megh\u00edv\u00f3t kapott a szlov\u00e9n korm\u00e1nyf\u0151, a gazdas\u00e1gi miniszter,<br \/>\na Szlov\u00e9n Turisztikai \u00dcgyn\u00f6ks\u00e9g (STO) igazgat\u00f3ja, a Szlov\u00e9n Gazdas\u00e1gi Miniszt\u00e9rium turizmus\u00e9rt felel\u0151s \u00e1llamtitk\u00e1ra]<\/p>\n<p>A k\u00f6rk\u00f6r\u00f6s gazdas\u00e1g (szlov\u00e9n el\u0151ad\u00f3, 30\u2019)<\/p>\n<p>19:30 &#8211;\u00a0\u00a0\u00a0\u00a0\u00a0\u00a0\u00a0\u00a0\u00a0\u00a0\u00a0\u00a0\u00a0\u00a0\u00a0\u00a0\u00a0\u00a0\u00a0\u00a0\u00a0\u00a0\u00a0\u00a0 Tal\u00e1lkoz\u00f3 k\u00f6tetlen r\u00e9sze<\/p>\n<p>B2B megbesz\u00e9l\u00e9sek, h\u00e1tt\u00e9rben kultur\u00e1lis program \u00e9s megvend\u00e9gel\u00e9s. A helyi termel\u0151k bemutatj\u00e1k term\u00e9keiket.<\/p>\n<p>&nbsp;<\/p>\n<p>Sz\u00e1ll\u00e1saj\u00e1nlat: <a href=\"https:\/\/seed.hu\/files\/attachments\/inline\/szallasajanlat-terme-olimia.pdf\" target=\"_blank\" rel=\"noopener\">Terme Olimpia<\/a><\/p>\n","protected":false},"featured_media":792,"menu_order":0,"template":"","meta":{"_acf_changed":false},"class_list":["post-895","hirek","type-hirek","status-publish","has-post-thumbnail","hentry"],"acf":[],"yoast_head":"<!-- This site is optimized with the Yoast SEO plugin v27.4 - https:\/\/yoast.com\/product\/yoast-seo-wordpress\/ -->\n<title>Szlov\u00e9n-magyar \u00fczletasszony-tal\u00e1lkoz\u00f3 - Seed<\/title>\n<meta name=\"robots\" content=\"index, follow, max-snippet:-1, max-image-preview:large, max-video-preview:-1\" \/>\n<link rel=\"canonical\" href=\"https:\/\/seed.hu\/hirek\/szloven-magyar-uzletasszony-talalkozo\/\" \/>\n<meta property=\"og:locale\" content=\"en_US\" \/>\n<meta property=\"og:type\" content=\"article\" \/>\n<meta property=\"og:title\" content=\"Szlov\u00e9n-magyar \u00fczletasszony-tal\u00e1lkoz\u00f3 - Seed\" \/>\n<meta property=\"og:description\" content=\"Digitaliz\u00e1ci\u00f3 \u00e9s k\u00f6rk\u00f6r\u00f6s gazdas\u00e1g A Szlov\u00e9n N\u0151i Menedzserek Sz\u00f6vets\u00e9ge (FAM) Magyarorsz\u00e1g Ljubljanai Nagyk\u00f6vets\u00e9g\u00e9nek k\u00f6zrem\u0171k\u00f6d\u00e9s\u00e9vel 2019. szeptember 25-\u00e9n \u00fczleti tal\u00e1lkoz\u00f3t szervez magyar partnerei r\u00e9sz\u00e9re a szlov\u00e9niai Pod\u010detrtek v\u00e1ros\u00e1ban. A tal\u00e1lkoz\u00f3ra a 2017-ben Vonyarcvashegyen tartott magyar-szlov\u00e9n \u00fczletasszony-tal\u00e1lkoz\u00f3 folytat\u00e1sak\u00e9nt ker\u00fcl sor. Az el\u0151z\u0151 tal\u00e1lkoz\u00f3r\u00f3l sz\u00f3l\u00f3 r\u00f6vid le\u00edr\u00e1s az al\u00e1bbi linken tal\u00e1lhat\u00f3: https:\/\/ljubljana.mfa.gov.hu\/news\/magyar-szloven-uezleti-konferencia-vonyarcvashegyen Az esem\u00e9ny munkanyelve angol, f\u0151 t\u00e9m\u00e1ja [&hellip;]\" \/>\n<meta property=\"og:url\" content=\"https:\/\/seed.hu\/hirek\/szloven-magyar-uzletasszony-talalkozo\/\" \/>\n<meta property=\"og:site_name\" content=\"Seed\" \/>\n<meta property=\"article:modified_time\" content=\"2022-01-19T18:15:59+00:00\" \/>\n<meta property=\"og:image\" content=\"https:\/\/seed.hu\/wp-content\/uploads\/2018\/04\/SEED_logo.png\" \/>\n\t<meta property=\"og:image:width\" content=\"250\" \/>\n\t<meta property=\"og:image:height\" content=\"206\" \/>\n\t<meta property=\"og:image:type\" content=\"image\/png\" \/>\n<meta name=\"twitter:card\" content=\"summary_large_image\" \/>\n<meta name=\"twitter:label1\" content=\"Est. reading time\" \/>\n\t<meta name=\"twitter:data1\" content=\"2 minutes\" \/>\n<script type=\"application\/ld+json\" class=\"yoast-schema-graph\">{\"@context\":\"https:\\\/\\\/schema.org\",\"@graph\":[{\"@type\":\"WebPage\",\"@id\":\"https:\\\/\\\/seed.hu\\\/hirek\\\/szloven-magyar-uzletasszony-talalkozo\\\/\",\"url\":\"https:\\\/\\\/seed.hu\\\/hirek\\\/szloven-magyar-uzletasszony-talalkozo\\\/\",\"name\":\"Szlov\u00e9n-magyar \u00fczletasszony-tal\u00e1lkoz\u00f3 - Seed\",\"isPartOf\":{\"@id\":\"https:\\\/\\\/seed.hu\\\/#website\"},\"primaryImageOfPage\":{\"@id\":\"https:\\\/\\\/seed.hu\\\/hirek\\\/szloven-magyar-uzletasszony-talalkozo\\\/#primaryimage\"},\"image\":{\"@id\":\"https:\\\/\\\/seed.hu\\\/hirek\\\/szloven-magyar-uzletasszony-talalkozo\\\/#primaryimage\"},\"thumbnailUrl\":\"https:\\\/\\\/seed.hu\\\/wp-content\\\/uploads\\\/2018\\\/04\\\/SEED_logo.png\",\"datePublished\":\"2019-08-05T10:46:18+00:00\",\"dateModified\":\"2022-01-19T18:15:59+00:00\",\"breadcrumb\":{\"@id\":\"https:\\\/\\\/seed.hu\\\/hirek\\\/szloven-magyar-uzletasszony-talalkozo\\\/#breadcrumb\"},\"inLanguage\":\"en-US\",\"potentialAction\":[{\"@type\":\"ReadAction\",\"target\":[\"https:\\\/\\\/seed.hu\\\/hirek\\\/szloven-magyar-uzletasszony-talalkozo\\\/\"]}]},{\"@type\":\"ImageObject\",\"inLanguage\":\"en-US\",\"@id\":\"https:\\\/\\\/seed.hu\\\/hirek\\\/szloven-magyar-uzletasszony-talalkozo\\\/#primaryimage\",\"url\":\"https:\\\/\\\/seed.hu\\\/wp-content\\\/uploads\\\/2018\\\/04\\\/SEED_logo.png\",\"contentUrl\":\"https:\\\/\\\/seed.hu\\\/wp-content\\\/uploads\\\/2018\\\/04\\\/SEED_logo.png\",\"width\":250,\"height\":206},{\"@type\":\"BreadcrumbList\",\"@id\":\"https:\\\/\\\/seed.hu\\\/hirek\\\/szloven-magyar-uzletasszony-talalkozo\\\/#breadcrumb\",\"itemListElement\":[{\"@type\":\"ListItem\",\"position\":1,\"name\":\"H\u00edrek\",\"item\":\"https:\\\/\\\/seed.hu\\\/hirek\\\/\"},{\"@type\":\"ListItem\",\"position\":2,\"name\":\"Szlov\u00e9n-magyar \u00fczletasszony-tal\u00e1lkoz\u00f3\"}]},{\"@type\":\"WebSite\",\"@id\":\"https:\\\/\\\/seed.hu\\\/#website\",\"url\":\"https:\\\/\\\/seed.hu\\\/\",\"name\":\"Seed\",\"description\":\"\",\"potentialAction\":[{\"@type\":\"SearchAction\",\"target\":{\"@type\":\"EntryPoint\",\"urlTemplate\":\"https:\\\/\\\/seed.hu\\\/?s={search_term_string}\"},\"query-input\":{\"@type\":\"PropertyValueSpecification\",\"valueRequired\":true,\"valueName\":\"search_term_string\"}}],\"inLanguage\":\"en-US\"}]}<\/script>\n<!-- \/ Yoast SEO plugin. -->","yoast_head_json":{"title":"Szlov\u00e9n-magyar \u00fczletasszony-tal\u00e1lkoz\u00f3 - Seed","robots":{"index":"index","follow":"follow","max-snippet":"max-snippet:-1","max-image-preview":"max-image-preview:large","max-video-preview":"max-video-preview:-1"},"canonical":"https:\/\/seed.hu\/hirek\/szloven-magyar-uzletasszony-talalkozo\/","og_locale":"en_US","og_type":"article","og_title":"Szlov\u00e9n-magyar \u00fczletasszony-tal\u00e1lkoz\u00f3 - Seed","og_description":"Digitaliz\u00e1ci\u00f3 \u00e9s k\u00f6rk\u00f6r\u00f6s gazdas\u00e1g A Szlov\u00e9n N\u0151i Menedzserek Sz\u00f6vets\u00e9ge (FAM) Magyarorsz\u00e1g Ljubljanai Nagyk\u00f6vets\u00e9g\u00e9nek k\u00f6zrem\u0171k\u00f6d\u00e9s\u00e9vel 2019. szeptember 25-\u00e9n \u00fczleti tal\u00e1lkoz\u00f3t szervez magyar partnerei r\u00e9sz\u00e9re a szlov\u00e9niai Pod\u010detrtek v\u00e1ros\u00e1ban. A tal\u00e1lkoz\u00f3ra a 2017-ben Vonyarcvashegyen tartott magyar-szlov\u00e9n \u00fczletasszony-tal\u00e1lkoz\u00f3 folytat\u00e1sak\u00e9nt ker\u00fcl sor. Az el\u0151z\u0151 tal\u00e1lkoz\u00f3r\u00f3l sz\u00f3l\u00f3 r\u00f6vid le\u00edr\u00e1s az al\u00e1bbi linken tal\u00e1lhat\u00f3: https:\/\/ljubljana.mfa.gov.hu\/news\/magyar-szloven-uezleti-konferencia-vonyarcvashegyen Az esem\u00e9ny munkanyelve angol, f\u0151 t\u00e9m\u00e1ja [&hellip;]","og_url":"https:\/\/seed.hu\/hirek\/szloven-magyar-uzletasszony-talalkozo\/","og_site_name":"Seed","article_modified_time":"2022-01-19T18:15:59+00:00","og_image":[{"width":250,"height":206,"url":"https:\/\/seed.hu\/wp-content\/uploads\/2018\/04\/SEED_logo.png","type":"image\/png"}],"twitter_card":"summary_large_image","twitter_misc":{"Est. reading time":"2 minutes"},"schema":{"@context":"https:\/\/schema.org","@graph":[{"@type":"WebPage","@id":"https:\/\/seed.hu\/hirek\/szloven-magyar-uzletasszony-talalkozo\/","url":"https:\/\/seed.hu\/hirek\/szloven-magyar-uzletasszony-talalkozo\/","name":"Szlov\u00e9n-magyar \u00fczletasszony-tal\u00e1lkoz\u00f3 - Seed","isPartOf":{"@id":"https:\/\/seed.hu\/#website"},"primaryImageOfPage":{"@id":"https:\/\/seed.hu\/hirek\/szloven-magyar-uzletasszony-talalkozo\/#primaryimage"},"image":{"@id":"https:\/\/seed.hu\/hirek\/szloven-magyar-uzletasszony-talalkozo\/#primaryimage"},"thumbnailUrl":"https:\/\/seed.hu\/wp-content\/uploads\/2018\/04\/SEED_logo.png","datePublished":"2019-08-05T10:46:18+00:00","dateModified":"2022-01-19T18:15:59+00:00","breadcrumb":{"@id":"https:\/\/seed.hu\/hirek\/szloven-magyar-uzletasszony-talalkozo\/#breadcrumb"},"inLanguage":"en-US","potentialAction":[{"@type":"ReadAction","target":["https:\/\/seed.hu\/hirek\/szloven-magyar-uzletasszony-talalkozo\/"]}]},{"@type":"ImageObject","inLanguage":"en-US","@id":"https:\/\/seed.hu\/hirek\/szloven-magyar-uzletasszony-talalkozo\/#primaryimage","url":"https:\/\/seed.hu\/wp-content\/uploads\/2018\/04\/SEED_logo.png","contentUrl":"https:\/\/seed.hu\/wp-content\/uploads\/2018\/04\/SEED_logo.png","width":250,"height":206},{"@type":"BreadcrumbList","@id":"https:\/\/seed.hu\/hirek\/szloven-magyar-uzletasszony-talalkozo\/#breadcrumb","itemListElement":[{"@type":"ListItem","position":1,"name":"H\u00edrek","item":"https:\/\/seed.hu\/hirek\/"},{"@type":"ListItem","position":2,"name":"Szlov\u00e9n-magyar \u00fczletasszony-tal\u00e1lkoz\u00f3"}]},{"@type":"WebSite","@id":"https:\/\/seed.hu\/#website","url":"https:\/\/seed.hu\/","name":"Seed","description":"","potentialAction":[{"@type":"SearchAction","target":{"@type":"EntryPoint","urlTemplate":"https:\/\/seed.hu\/?s={search_term_string}"},"query-input":{"@type":"PropertyValueSpecification","valueRequired":true,"valueName":"search_term_string"}}],"inLanguage":"en-US"}]}},"_links":{"self":[{"href":"https:\/\/seed.hu\/en\/wp-json\/wp\/v2\/hirek\/895","targetHints":{"allow":["GET"]}}],"collection":[{"href":"https:\/\/seed.hu\/en\/wp-json\/wp\/v2\/hirek"}],"about":[{"href":"https:\/\/seed.hu\/en\/wp-json\/wp\/v2\/types\/hirek"}],"wp:featuredmedia":[{"embeddable":true,"href":"https:\/\/seed.hu\/en\/wp-json\/wp\/v2\/media\/792"}],"wp:attachment":[{"href":"https:\/\/seed.hu\/en\/wp-json\/wp\/v2\/media?parent=895"}],"curies":[{"name":"wp","href":"https:\/\/api.w.org\/{rel}","templated":true}]}}