{"id":897,"date":"2019-08-15T13:35:32","date_gmt":"2019-08-15T11:35:32","guid":{"rendered":"https:\/\/seed.hu\/?post_type=hirek&#038;p=897"},"modified":"2022-01-19T19:20:22","modified_gmt":"2022-01-19T18:20:22","slug":"nyaron-sem-szunetel-a-szemelyes-mentorprogram","status":"publish","type":"hirek","link":"https:\/\/seed.hu\/en\/hirek\/nyaron-sem-szunetel-a-szemelyes-mentorprogram\/","title":{"rendered":"Ny\u00e1ron sem sz\u00fcnetel a szem\u00e9lyes mentorprogram"},"content":{"rendered":"<p><a href=\"https:\/\/seed.hu\/hirek\/mentorok-es-mentoraltak-jelentkezeset-varja-a-seed-alapitvany\/ovm\/\" rel=\"attachment wp-att-844\"><img loading=\"lazy\" decoding=\"async\" class=\"alignnone wp-image-844 size-full\" src=\"https:\/\/seed.hu\/wp-content\/uploads\/2022\/01\/OVM.png\" alt=\"\" width=\"601\" height=\"163\" srcset=\"https:\/\/seed.hu\/wp-content\/uploads\/2022\/01\/OVM.png 601w, https:\/\/seed.hu\/wp-content\/uploads\/2022\/01\/OVM-300x81.png 300w\" sizes=\"auto, (max-width: 601px) 100vw, 601px\" \/><\/a><\/p>\n<p><strong>A mentor\u00e1ltak interj\u00faztat\u00e1s\u00e1val, kiv\u00e1laszt\u00e1s\u00e1val folytat\u00f3dott augusztus 12-\u00e9n a Szem\u00e9lyes V\u00e1llalkoz\u00f3i Mentorprogram. A kiv\u00e1laszt\u00e1ssal megb\u00edzott szak\u00e9rt\u0151k \u00f6r\u00f6mmel tapasztalt\u00e1k, hogy mennyire elk\u00f6telezettek \u00e9s nyitottak a jelentkez\u0151k.<\/strong><\/p>\n<p>A weboldal-fejleszt\u0151t\u0151l a megv\u00e1ltozott munkak\u00e9pess\u00e9g\u0171eket a ny\u00edlt munkaer\u0151-piacra visszavezet\u0151 v\u00e1llalkoz\u00e1son \u00e1t a sz\u00edn- \u00e9s st\u00edlustan\u00e1csad\u00f3ig a legk\u00fcl\u00f6nf\u00e9l\u00e9bb profil\u00fa v\u00e1llalkoz\u00e1sok vettek r\u00e9szt az augusztus 12-i interj\u00faztat\u00e1son. Mindenki v\u00e1llalkoz\u00f3k\u00e9nt k\u00e9pzeli el a j\u00f6v\u0151j\u00e9t, s az\u00e9rt is jelentkezett a programba, hogy egy tapasztalt v\u00e1llalkoz\u00f3 seg\u00edts\u00e9g\u00e9vel pr\u00f3b\u00e1ljon meg tov\u00e1bbl\u00e9pni, fejl\u0151dni, n\u00f6vekedni a piacon. A t\u00f6bbs\u00e9g a v\u00e1llalkoz\u00e1sa megismertet\u00e9s\u00e9t, vagy m\u00e1s sz\u00f3val a brand \u00e9p\u00edt\u00e9s\u00e9t, meger\u0151s\u00edt\u00e9s\u00e9t tartja fontos l\u00e9p\u00e9snek a siker fel\u00e9 vezet\u0151 \u00faton. Az \u00fcgyf\u00e9lszerz\u00e9s tudom\u00e1ny\u00e1t is szeretn\u00e9k elsaj\u00e1t\u00edtani a majdani mentort\u00f3l.<\/p>\n<p>A jelentkez\u0151k \u00fcdv\u00f6z\u00f6lt\u00e9k azt a t\u00e9nyt, hogy a mentorral egy\u00fctt fel\u00e1ll\u00edtanak egy fejl\u0151d\u00e9si tervet, majd a folyamat v\u00e9g\u00e9n megn\u00e9zik, hogy abb\u00f3l mennyit siker\u00fclt el\u00e9rni. Azaz, a m\u00e9rhet\u0151s\u00e9g valamennyi\u00fck sz\u00e1m\u00e1ra l\u00e9nyeges mozzanata a programnak.<\/p>\n<p>Arra\u00a0 a k\u00e9rd\u00e9sre, hogy szerint\u00fck milyen a j\u00f3 mentor, sokf\u00e9le v\u00e1lasz, meghat\u00e1roz\u00e1s sz\u00fcletett. A j\u00f3 mentor ezek szerint nagy tud\u00e1s\u00fa, de szer\u00e9ny, hat\u00e1rozott \u00e9s k\u00f6vetkezetes, nem hagyja el\u00faszni a mentor\u00e1ltat, azaz k\u00e9pes keretek k\u00f6z\u00e9 szor\u00edtani a tennival\u00f3kat, nagyon tapasztalt, \u00fczleti szeml\u00e9let\u0171, \u00e9s j\u00f3 kapcsolat\u00e9p\u00edt\u0151.<\/p>\n<p>A jelentkez\u0151k k\u00f6z\u00fcl t\u00f6bben is k\u00fczdenek \u00f6nbizalom-probl\u00e9m\u00e1kkal, a mentornak teh\u00e1t- s ezt m\u00e1r mi tessz\u00fck hozz\u00e1 \u2013 nagyon \u00e9rz\u00e9kenynek kell lennie erre a t\u00e9nyez\u0151re: fontos, hogy emp\u00e1ti\u00e1val, meg\u00e9rt\u00e9ssel, t\u00fcrelemmel k\u00f6zeledjen a mentor\u00e1ltakhoz. Ez azonban nem jelent puhas\u00e1got, t\u00falzott enged\u00e9kenys\u00e9get, amit maguk a mentor\u00e1ltak sem szeretn\u00e9k.<\/p>\n<p>A programba val\u00f3\u00a0 jelentkez\u00e9s folyamatos, tov\u00e1bbra is v\u00e1rjuk mentorok \u00e9s mentor\u00e1ltak regisztr\u00e1ci\u00f3j\u00e1t a www.vallalkozztudatosan.hu oldalon. Olyan v\u00e1llalkoz\u00f3k jelentkez\u00e9s\u00e9re sz\u00e1m\u00edtunk, akik m\u00e1r elind\u00edtott\u00e1k a v\u00e1llalkoz\u00e1sukat, el is jutottak valameddig, de megtorpantak, \u00e9s szeretn\u00e9k felismerni \u00e9s lek\u00fczdeni a megtorpan\u00e1s okait. Az elk\u00f6telezett v\u00e1llalkoz\u00f3k ingyen kaphatnak seg\u00edts\u00e9get tapasztalt v\u00e1llalkoz\u00f3t\u00e1rsaikt\u00f3l, s\u0151t 25 \u00f3r\u00e1ban t\u00e9r\u00edt\u00e9smentesen speci\u00e1lis (jog, p\u00e9nz\u00fcgy, marketing stb.) tan\u00e1csad\u00e1sra is jogosultak a mentor\u00e1l\u00e1si folyamat sor\u00e1n.<\/p>\n<p>&nbsp;<\/p>\n","protected":false},"featured_media":338,"menu_order":0,"template":"","meta":{"_acf_changed":false},"class_list":["post-897","hirek","type-hirek","status-publish","has-post-thumbnail","hentry"],"acf":[],"yoast_head":"<!-- This site is optimized with the Yoast SEO plugin v27.4 - https:\/\/yoast.com\/product\/yoast-seo-wordpress\/ -->\n<title>Ny\u00e1ron sem sz\u00fcnetel a szem\u00e9lyes mentorprogram - Seed<\/title>\n<meta name=\"robots\" content=\"index, follow, max-snippet:-1, max-image-preview:large, max-video-preview:-1\" \/>\n<link rel=\"canonical\" href=\"https:\/\/seed.hu\/hirek\/nyaron-sem-szunetel-a-szemelyes-mentorprogram\/\" \/>\n<meta property=\"og:locale\" content=\"en_US\" \/>\n<meta property=\"og:type\" content=\"article\" \/>\n<meta property=\"og:title\" content=\"Ny\u00e1ron sem sz\u00fcnetel a szem\u00e9lyes mentorprogram - Seed\" \/>\n<meta property=\"og:description\" content=\"A mentor\u00e1ltak interj\u00faztat\u00e1s\u00e1val, kiv\u00e1laszt\u00e1s\u00e1val folytat\u00f3dott augusztus 12-\u00e9n a Szem\u00e9lyes V\u00e1llalkoz\u00f3i Mentorprogram. A kiv\u00e1laszt\u00e1ssal megb\u00edzott szak\u00e9rt\u0151k \u00f6r\u00f6mmel tapasztalt\u00e1k, hogy mennyire elk\u00f6telezettek \u00e9s nyitottak a jelentkez\u0151k. A weboldal-fejleszt\u0151t\u0151l a megv\u00e1ltozott munkak\u00e9pess\u00e9g\u0171eket a ny\u00edlt munkaer\u0151-piacra visszavezet\u0151 v\u00e1llalkoz\u00e1son \u00e1t a sz\u00edn- \u00e9s st\u00edlustan\u00e1csad\u00f3ig a legk\u00fcl\u00f6nf\u00e9l\u00e9bb profil\u00fa v\u00e1llalkoz\u00e1sok vettek r\u00e9szt az augusztus 12-i interj\u00faztat\u00e1son. Mindenki v\u00e1llalkoz\u00f3k\u00e9nt k\u00e9pzeli el a j\u00f6v\u0151j\u00e9t, [&hellip;]\" \/>\n<meta property=\"og:url\" content=\"https:\/\/seed.hu\/hirek\/nyaron-sem-szunetel-a-szemelyes-mentorprogram\/\" \/>\n<meta property=\"og:site_name\" content=\"Seed\" \/>\n<meta property=\"article:modified_time\" content=\"2022-01-19T18:20:22+00:00\" \/>\n<meta property=\"og:image\" content=\"https:\/\/seed.hu\/wp-content\/uploads\/2021\/04\/Orsza\u0301gos-Va\u0301llalkozo\u0301i-Mentorprogram.png\" \/>\n\t<meta property=\"og:image:width\" content=\"773\" \/>\n\t<meta property=\"og:image:height\" content=\"774\" \/>\n\t<meta property=\"og:image:type\" content=\"image\/png\" \/>\n<meta name=\"twitter:card\" content=\"summary_large_image\" \/>\n<meta name=\"twitter:label1\" content=\"Est. reading time\" \/>\n\t<meta name=\"twitter:data1\" content=\"2 minutes\" \/>\n<script type=\"application\/ld+json\" class=\"yoast-schema-graph\">{\"@context\":\"https:\\\/\\\/schema.org\",\"@graph\":[{\"@type\":\"WebPage\",\"@id\":\"https:\\\/\\\/seed.hu\\\/hirek\\\/nyaron-sem-szunetel-a-szemelyes-mentorprogram\\\/\",\"url\":\"https:\\\/\\\/seed.hu\\\/hirek\\\/nyaron-sem-szunetel-a-szemelyes-mentorprogram\\\/\",\"name\":\"Ny\u00e1ron sem sz\u00fcnetel a szem\u00e9lyes mentorprogram - Seed\",\"isPartOf\":{\"@id\":\"https:\\\/\\\/seed.hu\\\/#website\"},\"primaryImageOfPage\":{\"@id\":\"https:\\\/\\\/seed.hu\\\/hirek\\\/nyaron-sem-szunetel-a-szemelyes-mentorprogram\\\/#primaryimage\"},\"image\":{\"@id\":\"https:\\\/\\\/seed.hu\\\/hirek\\\/nyaron-sem-szunetel-a-szemelyes-mentorprogram\\\/#primaryimage\"},\"thumbnailUrl\":\"https:\\\/\\\/seed.hu\\\/wp-content\\\/uploads\\\/2021\\\/04\\\/Orsza\u0301gos-Va\u0301llalkozo\u0301i-Mentorprogram.png\",\"datePublished\":\"2019-08-15T11:35:32+00:00\",\"dateModified\":\"2022-01-19T18:20:22+00:00\",\"breadcrumb\":{\"@id\":\"https:\\\/\\\/seed.hu\\\/hirek\\\/nyaron-sem-szunetel-a-szemelyes-mentorprogram\\\/#breadcrumb\"},\"inLanguage\":\"en-US\",\"potentialAction\":[{\"@type\":\"ReadAction\",\"target\":[\"https:\\\/\\\/seed.hu\\\/hirek\\\/nyaron-sem-szunetel-a-szemelyes-mentorprogram\\\/\"]}]},{\"@type\":\"ImageObject\",\"inLanguage\":\"en-US\",\"@id\":\"https:\\\/\\\/seed.hu\\\/hirek\\\/nyaron-sem-szunetel-a-szemelyes-mentorprogram\\\/#primaryimage\",\"url\":\"https:\\\/\\\/seed.hu\\\/wp-content\\\/uploads\\\/2021\\\/04\\\/Orsza\u0301gos-Va\u0301llalkozo\u0301i-Mentorprogram.png\",\"contentUrl\":\"https:\\\/\\\/seed.hu\\\/wp-content\\\/uploads\\\/2021\\\/04\\\/Orsza\u0301gos-Va\u0301llalkozo\u0301i-Mentorprogram.png\",\"width\":773,\"height\":774},{\"@type\":\"BreadcrumbList\",\"@id\":\"https:\\\/\\\/seed.hu\\\/hirek\\\/nyaron-sem-szunetel-a-szemelyes-mentorprogram\\\/#breadcrumb\",\"itemListElement\":[{\"@type\":\"ListItem\",\"position\":1,\"name\":\"H\u00edrek\",\"item\":\"https:\\\/\\\/seed.hu\\\/hirek\\\/\"},{\"@type\":\"ListItem\",\"position\":2,\"name\":\"Ny\u00e1ron sem sz\u00fcnetel a szem\u00e9lyes mentorprogram\"}]},{\"@type\":\"WebSite\",\"@id\":\"https:\\\/\\\/seed.hu\\\/#website\",\"url\":\"https:\\\/\\\/seed.hu\\\/\",\"name\":\"Seed\",\"description\":\"\",\"potentialAction\":[{\"@type\":\"SearchAction\",\"target\":{\"@type\":\"EntryPoint\",\"urlTemplate\":\"https:\\\/\\\/seed.hu\\\/?s={search_term_string}\"},\"query-input\":{\"@type\":\"PropertyValueSpecification\",\"valueRequired\":true,\"valueName\":\"search_term_string\"}}],\"inLanguage\":\"en-US\"}]}<\/script>\n<!-- \/ Yoast SEO plugin. -->","yoast_head_json":{"title":"Ny\u00e1ron sem sz\u00fcnetel a szem\u00e9lyes mentorprogram - Seed","robots":{"index":"index","follow":"follow","max-snippet":"max-snippet:-1","max-image-preview":"max-image-preview:large","max-video-preview":"max-video-preview:-1"},"canonical":"https:\/\/seed.hu\/hirek\/nyaron-sem-szunetel-a-szemelyes-mentorprogram\/","og_locale":"en_US","og_type":"article","og_title":"Ny\u00e1ron sem sz\u00fcnetel a szem\u00e9lyes mentorprogram - Seed","og_description":"A mentor\u00e1ltak interj\u00faztat\u00e1s\u00e1val, kiv\u00e1laszt\u00e1s\u00e1val folytat\u00f3dott augusztus 12-\u00e9n a Szem\u00e9lyes V\u00e1llalkoz\u00f3i Mentorprogram. A kiv\u00e1laszt\u00e1ssal megb\u00edzott szak\u00e9rt\u0151k \u00f6r\u00f6mmel tapasztalt\u00e1k, hogy mennyire elk\u00f6telezettek \u00e9s nyitottak a jelentkez\u0151k. A weboldal-fejleszt\u0151t\u0151l a megv\u00e1ltozott munkak\u00e9pess\u00e9g\u0171eket a ny\u00edlt munkaer\u0151-piacra visszavezet\u0151 v\u00e1llalkoz\u00e1son \u00e1t a sz\u00edn- \u00e9s st\u00edlustan\u00e1csad\u00f3ig a legk\u00fcl\u00f6nf\u00e9l\u00e9bb profil\u00fa v\u00e1llalkoz\u00e1sok vettek r\u00e9szt az augusztus 12-i interj\u00faztat\u00e1son. Mindenki v\u00e1llalkoz\u00f3k\u00e9nt k\u00e9pzeli el a j\u00f6v\u0151j\u00e9t, [&hellip;]","og_url":"https:\/\/seed.hu\/hirek\/nyaron-sem-szunetel-a-szemelyes-mentorprogram\/","og_site_name":"Seed","article_modified_time":"2022-01-19T18:20:22+00:00","og_image":[{"width":773,"height":774,"url":"https:\/\/seed.hu\/wp-content\/uploads\/2021\/04\/Orsza\u0301gos-Va\u0301llalkozo\u0301i-Mentorprogram.png","type":"image\/png"}],"twitter_card":"summary_large_image","twitter_misc":{"Est. reading time":"2 minutes"},"schema":{"@context":"https:\/\/schema.org","@graph":[{"@type":"WebPage","@id":"https:\/\/seed.hu\/hirek\/nyaron-sem-szunetel-a-szemelyes-mentorprogram\/","url":"https:\/\/seed.hu\/hirek\/nyaron-sem-szunetel-a-szemelyes-mentorprogram\/","name":"Ny\u00e1ron sem sz\u00fcnetel a szem\u00e9lyes mentorprogram - Seed","isPartOf":{"@id":"https:\/\/seed.hu\/#website"},"primaryImageOfPage":{"@id":"https:\/\/seed.hu\/hirek\/nyaron-sem-szunetel-a-szemelyes-mentorprogram\/#primaryimage"},"image":{"@id":"https:\/\/seed.hu\/hirek\/nyaron-sem-szunetel-a-szemelyes-mentorprogram\/#primaryimage"},"thumbnailUrl":"https:\/\/seed.hu\/wp-content\/uploads\/2021\/04\/Orsza\u0301gos-Va\u0301llalkozo\u0301i-Mentorprogram.png","datePublished":"2019-08-15T11:35:32+00:00","dateModified":"2022-01-19T18:20:22+00:00","breadcrumb":{"@id":"https:\/\/seed.hu\/hirek\/nyaron-sem-szunetel-a-szemelyes-mentorprogram\/#breadcrumb"},"inLanguage":"en-US","potentialAction":[{"@type":"ReadAction","target":["https:\/\/seed.hu\/hirek\/nyaron-sem-szunetel-a-szemelyes-mentorprogram\/"]}]},{"@type":"ImageObject","inLanguage":"en-US","@id":"https:\/\/seed.hu\/hirek\/nyaron-sem-szunetel-a-szemelyes-mentorprogram\/#primaryimage","url":"https:\/\/seed.hu\/wp-content\/uploads\/2021\/04\/Orsza\u0301gos-Va\u0301llalkozo\u0301i-Mentorprogram.png","contentUrl":"https:\/\/seed.hu\/wp-content\/uploads\/2021\/04\/Orsza\u0301gos-Va\u0301llalkozo\u0301i-Mentorprogram.png","width":773,"height":774},{"@type":"BreadcrumbList","@id":"https:\/\/seed.hu\/hirek\/nyaron-sem-szunetel-a-szemelyes-mentorprogram\/#breadcrumb","itemListElement":[{"@type":"ListItem","position":1,"name":"H\u00edrek","item":"https:\/\/seed.hu\/hirek\/"},{"@type":"ListItem","position":2,"name":"Ny\u00e1ron sem sz\u00fcnetel a szem\u00e9lyes mentorprogram"}]},{"@type":"WebSite","@id":"https:\/\/seed.hu\/#website","url":"https:\/\/seed.hu\/","name":"Seed","description":"","potentialAction":[{"@type":"SearchAction","target":{"@type":"EntryPoint","urlTemplate":"https:\/\/seed.hu\/?s={search_term_string}"},"query-input":{"@type":"PropertyValueSpecification","valueRequired":true,"valueName":"search_term_string"}}],"inLanguage":"en-US"}]}},"_links":{"self":[{"href":"https:\/\/seed.hu\/en\/wp-json\/wp\/v2\/hirek\/897","targetHints":{"allow":["GET"]}}],"collection":[{"href":"https:\/\/seed.hu\/en\/wp-json\/wp\/v2\/hirek"}],"about":[{"href":"https:\/\/seed.hu\/en\/wp-json\/wp\/v2\/types\/hirek"}],"wp:featuredmedia":[{"embeddable":true,"href":"https:\/\/seed.hu\/en\/wp-json\/wp\/v2\/media\/338"}],"wp:attachment":[{"href":"https:\/\/seed.hu\/en\/wp-json\/wp\/v2\/media?parent=897"}],"curies":[{"name":"wp","href":"https:\/\/api.w.org\/{rel}","templated":true}]}}