{"id":898,"date":"2019-08-19T13:25:29","date_gmt":"2019-08-19T11:25:29","guid":{"rendered":"https:\/\/seed.hu\/?post_type=hirek&#038;p=898"},"modified":"2022-01-19T19:22:37","modified_gmt":"2022-01-19T18:22:37","slug":"osszel-folytatodnak-a-seed-alapitvany-es-a-budapest-bank-kozos-kepzesei","status":"publish","type":"hirek","link":"https:\/\/seed.hu\/en\/hirek\/osszel-folytatodnak-a-seed-alapitvany-es-a-budapest-bank-kozos-kepzesei\/","title":{"rendered":"\u0150sszel folytat\u00f3dnak a SEED Alap\u00edtv\u00e1ny \u00e9s a Budapest Bank k\u00f6z\u00f6s k\u00e9pz\u00e9sei"},"content":{"rendered":"<p><a href=\"https:\/\/seed.hu\/szolgaltatasok\/dobbanto\/dobbantologo\/\" rel=\"attachment wp-att-39\"><img loading=\"lazy\" decoding=\"async\" class=\"alignnone wp-image-39 size-full\" src=\"https:\/\/seed.hu\/wp-content\/uploads\/2021\/02\/dobbantologo.jpg\" alt=\"\" width=\"384\" height=\"107\" srcset=\"https:\/\/seed.hu\/wp-content\/uploads\/2021\/02\/dobbantologo.jpg 384w, https:\/\/seed.hu\/wp-content\/uploads\/2021\/02\/dobbantologo-300x84.jpg 300w\" sizes=\"auto, (max-width: 384px) 100vw, 384px\" \/><\/a><\/p>\n<p>A Budapest Bank a SEED Kisv\u00e1llalkoz\u00e1s-fejleszt\u00e9si Alap\u00edtv\u00e1nnyal egy\u00fcttm\u0171k\u00f6dve id\u00e9n \u0151sszel is meghirdeti a Dobbant\u00f3 Program egyik legkeresettebb k\u00e9pz\u00e9s\u00e9t, a <strong>Dobbant\u00f3 tr\u00e9ning<\/strong>et, amely a v\u00e1llalkoz\u00f3i kompetenci\u00e1k fejleszt\u00e9s\u00e9t c\u00e9lozza.<\/p>\n<p>A k\u00e9pz\u00e9s elv\u00e9gz\u00e9s\u00e9vel a r\u00e9sztvev\u0151k az \u00fczleti sikerek el\u00e9r\u00e9s\u00e9hez n\u00e9lk\u00fcl\u00f6zhetetlen marketing, menedzsment, ad\u00f3z\u00e1si, \u00e9s forr\u00e1steremt\u00e9si ismereteket szereznek, \u00e9s szakemberek \u00e1ltal v\u00e9lem\u00e9nyezett, k\u00e9sz \u00fczleti tervekkel t\u00e1voznak. A v\u00e1llalkoz\u00f3 n\u0151k sz\u00e1m\u00e1ra meghirdetett tr\u00e9ning 20 f\u0151s csoportban zajlik hat h\u00e9ten \u00e1t, a k\u00e9pz\u00e9s 12 napj\u00e1n \u00f6sszesen 90 \u00f3r\u00e1ban. A k\u00f6lts\u00e9gek k\u00f6zel 90 sz\u00e1zal\u00e9k\u00e1t a Budapest Bank v\u00e1llalja \u00e1t.<\/p>\n<p>Az okt\u00f3ber 14-\u00e9n indul\u00f3 tr\u00e9ningre az al\u00e1bbi linken lehet jelentkezni.<br \/>\nHat\u00e1rid\u0151: 2019. szeptember 25. 23:59<br \/>\n<a href=\"https:\/\/dobbanto.seed.hu\/urlap\/jelentkezes-a-2019-es-oszi-treningre\" target=\"_blank\" rel=\"noopener\">Jelentkez\u00e9s a 2019. \u0151szi Dobbant\u00f3 tr\u00e9ningre<\/a><br \/>\nA t\u00f6bbhetes tr\u00e9ning mellett \u00fajraindul a nagysiker\u0171<strong> Quick IT k\u00e9pz\u00e9s<\/strong> is, szint\u00e9n a Dobbant\u00f3 keret\u00e9ben. A k\u00e9tszer f\u00e9lnapos kurzus az informatika vil\u00e1g\u00e1ba enged betekint\u00e9st, \u00e9s a r\u00e9sztvev\u0151k olyan digit\u00e1lis megold\u00e1sokkal ismerkednek meg, amelyek seg\u00edtik \u0151ket a v\u00e1llalkoz\u00e1suk m\u0171k\u00f6dtet\u00e9s\u00e9ben. Az elhangzottak seg\u00edts\u00e9get ny\u00fajtanak a munkafolyamatok \u00e9s a p\u00e9nz\u00fcgyek megtervez\u00e9s\u00e9ben, lebonyol\u00edt\u00e1s\u00e1ban, ellen\u0151rz\u00e9s\u00e9ben, valamint az \u00fcgyfelekkel \u00e9s az \u00fczleti partnerekkel val\u00f3 kommunik\u00e1ci\u00f3ban, a v\u00e1llalkoz\u00e1si folyamatok nyomon k\u00f6vet\u00e9s\u00e9ben \u00e9s \u00e9rt\u00e9kel\u00e9s\u00e9ben. A QuickIT k\u00e9pz\u00e9s ig\u00e9ny- \u00e9s szintfelm\u00e9r\u00e9s alapj\u00e1n kezd\u0151 \u00e9s halad\u00f3 csoporttal is elindul, a k\u00f6vetkez\u0151 k\u00e9pz\u00e9sre okt\u00f3ber 22-\u00e9n ker\u00fcl sor.<\/p>\n<p>Jelentkez\u00e9si hat\u00e1rid\u0151: 2019. okt\u00f3ber 17.<\/p>\n<p><a href=\"https:\/\/dobbanto.seed.hu\/urlap\/jelentkezes-quickit-kepzesre-2019-10\" target=\"_blank\" rel=\"noopener\">Jelentkez\u00e9s a QuickIT k\u00e9pz\u00e9sre<\/a><br \/>\nA Program r\u00e9szek\u00e9nt <strong>\u00dczleti tervez\u00e9s workshop<\/strong>ot is szerveznek 2019. okt\u00f3ber 16-\u00e1n, ami a vil\u00e1gszerte alkalmazott <strong>Business Canvas <\/strong>\u00fczleti tervez\u00e9si m\u00f3dszertanra \u00e9p\u00fcl.<\/p>\n<p>Jelentkez\u00e9si hat\u00e1rid\u0151: 2019. okt\u00f3ber 7.<\/p>\n<p><a href=\"https:\/\/dobbanto.seed.hu\/urlap\/jelentkezes-a-business-model-canvas-kepzesre-2019-09\" target=\"_blank\" rel=\"noopener\">Jelentkez\u00e9s a Business Canvas workshopra<\/a><br \/>\n<strong>Dobbant\u00f3 Klubok<\/strong><\/p>\n<p>A Dobbant\u00f3 klubesem\u00e9nyek is folytat\u00f3dnak, amelyek minden v\u00e1llalkoz\u00e1s ir\u00e1nt \u00e9rdekl\u0151d\u0151t v\u00e1rnak. A klubok sor\u00e1n az \u00e9rdekl\u0151d\u0151k nem csup\u00e1n a klub r\u00e9sztvev\u0151i \u00e1ltal megszavazott t\u00e9m\u00e1kban hallhatnak szakmai el\u0151ad\u00e1sokat interakt\u00edv form\u00e1ban, hanem lehet\u0151s\u00e9get kapnak a kapcsolat\u00e9p\u00edt\u00e9sre is. Az ingyenes Dobbant\u00f3 klubesem\u00e9nyeken \u2013 a tavaszi turnus \u00fctemez\u00e9s\u00e9t folytatva \u2013 ism\u00e9t minden (\u0151szi) h\u00f3nap utols\u00f3 keddj\u00e9n, (szeptember 24-\u00e9n, okt\u00f3ber 29-\u00e9n \u00e9s november 26-\u00e1n) vehetnek r\u00e9szt az \u00e9rdekl\u0151d\u0151k. A r\u00e9szletek hamarosan megtal\u00e1lhat\u00f3k a Dobbant\u00f3 program web \u00e9s <a href=\"https:\/\/www.facebook.com\/dobbantoprogram.budapestbank\/\" target=\"_blank\" rel=\"noopener\">Facebook<\/a> oldal\u00e1n.<\/p>\n<p>&nbsp;<\/p>\n<p><img loading=\"lazy\" decoding=\"async\" src=\"https:\/\/seed.hu\/files\/images\/news-images\/1559.jpg\" alt=\"\" width=\"300\" height=\"200\" \/><\/p>\n","protected":false},"featured_media":335,"menu_order":0,"template":"","meta":{"_acf_changed":false},"class_list":["post-898","hirek","type-hirek","status-publish","has-post-thumbnail","hentry"],"acf":[],"yoast_head":"<!-- This site is optimized with the Yoast SEO plugin v27.4 - https:\/\/yoast.com\/product\/yoast-seo-wordpress\/ -->\n<title>\u0150sszel folytat\u00f3dnak a SEED Alap\u00edtv\u00e1ny \u00e9s a Budapest Bank k\u00f6z\u00f6s k\u00e9pz\u00e9sei - Seed<\/title>\n<meta name=\"robots\" content=\"index, follow, max-snippet:-1, max-image-preview:large, max-video-preview:-1\" \/>\n<link rel=\"canonical\" href=\"https:\/\/seed.hu\/hirek\/osszel-folytatodnak-a-seed-alapitvany-es-a-budapest-bank-kozos-kepzesei\/\" \/>\n<meta property=\"og:locale\" content=\"en_US\" \/>\n<meta property=\"og:type\" content=\"article\" \/>\n<meta property=\"og:title\" content=\"\u0150sszel folytat\u00f3dnak a SEED Alap\u00edtv\u00e1ny \u00e9s a Budapest Bank k\u00f6z\u00f6s k\u00e9pz\u00e9sei - Seed\" \/>\n<meta property=\"og:description\" content=\"A Budapest Bank a SEED Kisv\u00e1llalkoz\u00e1s-fejleszt\u00e9si Alap\u00edtv\u00e1nnyal egy\u00fcttm\u0171k\u00f6dve id\u00e9n \u0151sszel is meghirdeti a Dobbant\u00f3 Program egyik legkeresettebb k\u00e9pz\u00e9s\u00e9t, a Dobbant\u00f3 tr\u00e9ninget, amely a v\u00e1llalkoz\u00f3i kompetenci\u00e1k fejleszt\u00e9s\u00e9t c\u00e9lozza. A k\u00e9pz\u00e9s elv\u00e9gz\u00e9s\u00e9vel a r\u00e9sztvev\u0151k az \u00fczleti sikerek el\u00e9r\u00e9s\u00e9hez n\u00e9lk\u00fcl\u00f6zhetetlen marketing, menedzsment, ad\u00f3z\u00e1si, \u00e9s forr\u00e1steremt\u00e9si ismereteket szereznek, \u00e9s szakemberek \u00e1ltal v\u00e9lem\u00e9nyezett, k\u00e9sz \u00fczleti tervekkel t\u00e1voznak. A v\u00e1llalkoz\u00f3 n\u0151k [&hellip;]\" \/>\n<meta property=\"og:url\" content=\"https:\/\/seed.hu\/hirek\/osszel-folytatodnak-a-seed-alapitvany-es-a-budapest-bank-kozos-kepzesei\/\" \/>\n<meta property=\"og:site_name\" content=\"Seed\" \/>\n<meta property=\"article:modified_time\" content=\"2022-01-19T18:22:37+00:00\" \/>\n<meta property=\"og:image\" content=\"https:\/\/seed.hu\/wp-content\/uploads\/2021\/04\/dobbanto.png\" \/>\n\t<meta property=\"og:image:width\" content=\"773\" \/>\n\t<meta property=\"og:image:height\" content=\"773\" \/>\n\t<meta property=\"og:image:type\" content=\"image\/png\" \/>\n<meta name=\"twitter:card\" content=\"summary_large_image\" \/>\n<meta name=\"twitter:label1\" content=\"Est. reading time\" \/>\n\t<meta name=\"twitter:data1\" content=\"2 minutes\" \/>\n<script type=\"application\/ld+json\" class=\"yoast-schema-graph\">{\"@context\":\"https:\\\/\\\/schema.org\",\"@graph\":[{\"@type\":\"WebPage\",\"@id\":\"https:\\\/\\\/seed.hu\\\/hirek\\\/osszel-folytatodnak-a-seed-alapitvany-es-a-budapest-bank-kozos-kepzesei\\\/\",\"url\":\"https:\\\/\\\/seed.hu\\\/hirek\\\/osszel-folytatodnak-a-seed-alapitvany-es-a-budapest-bank-kozos-kepzesei\\\/\",\"name\":\"\u0150sszel folytat\u00f3dnak a SEED Alap\u00edtv\u00e1ny \u00e9s a Budapest Bank k\u00f6z\u00f6s k\u00e9pz\u00e9sei - Seed\",\"isPartOf\":{\"@id\":\"https:\\\/\\\/seed.hu\\\/#website\"},\"primaryImageOfPage\":{\"@id\":\"https:\\\/\\\/seed.hu\\\/hirek\\\/osszel-folytatodnak-a-seed-alapitvany-es-a-budapest-bank-kozos-kepzesei\\\/#primaryimage\"},\"image\":{\"@id\":\"https:\\\/\\\/seed.hu\\\/hirek\\\/osszel-folytatodnak-a-seed-alapitvany-es-a-budapest-bank-kozos-kepzesei\\\/#primaryimage\"},\"thumbnailUrl\":\"https:\\\/\\\/seed.hu\\\/wp-content\\\/uploads\\\/2021\\\/04\\\/dobbanto.png\",\"datePublished\":\"2019-08-19T11:25:29+00:00\",\"dateModified\":\"2022-01-19T18:22:37+00:00\",\"breadcrumb\":{\"@id\":\"https:\\\/\\\/seed.hu\\\/hirek\\\/osszel-folytatodnak-a-seed-alapitvany-es-a-budapest-bank-kozos-kepzesei\\\/#breadcrumb\"},\"inLanguage\":\"en-US\",\"potentialAction\":[{\"@type\":\"ReadAction\",\"target\":[\"https:\\\/\\\/seed.hu\\\/hirek\\\/osszel-folytatodnak-a-seed-alapitvany-es-a-budapest-bank-kozos-kepzesei\\\/\"]}]},{\"@type\":\"ImageObject\",\"inLanguage\":\"en-US\",\"@id\":\"https:\\\/\\\/seed.hu\\\/hirek\\\/osszel-folytatodnak-a-seed-alapitvany-es-a-budapest-bank-kozos-kepzesei\\\/#primaryimage\",\"url\":\"https:\\\/\\\/seed.hu\\\/wp-content\\\/uploads\\\/2021\\\/04\\\/dobbanto.png\",\"contentUrl\":\"https:\\\/\\\/seed.hu\\\/wp-content\\\/uploads\\\/2021\\\/04\\\/dobbanto.png\",\"width\":773,\"height\":773},{\"@type\":\"BreadcrumbList\",\"@id\":\"https:\\\/\\\/seed.hu\\\/hirek\\\/osszel-folytatodnak-a-seed-alapitvany-es-a-budapest-bank-kozos-kepzesei\\\/#breadcrumb\",\"itemListElement\":[{\"@type\":\"ListItem\",\"position\":1,\"name\":\"H\u00edrek\",\"item\":\"https:\\\/\\\/seed.hu\\\/hirek\\\/\"},{\"@type\":\"ListItem\",\"position\":2,\"name\":\"\u0150sszel folytat\u00f3dnak a SEED Alap\u00edtv\u00e1ny \u00e9s a Budapest Bank k\u00f6z\u00f6s k\u00e9pz\u00e9sei\"}]},{\"@type\":\"WebSite\",\"@id\":\"https:\\\/\\\/seed.hu\\\/#website\",\"url\":\"https:\\\/\\\/seed.hu\\\/\",\"name\":\"Seed\",\"description\":\"\",\"potentialAction\":[{\"@type\":\"SearchAction\",\"target\":{\"@type\":\"EntryPoint\",\"urlTemplate\":\"https:\\\/\\\/seed.hu\\\/?s={search_term_string}\"},\"query-input\":{\"@type\":\"PropertyValueSpecification\",\"valueRequired\":true,\"valueName\":\"search_term_string\"}}],\"inLanguage\":\"en-US\"}]}<\/script>\n<!-- \/ Yoast SEO plugin. -->","yoast_head_json":{"title":"\u0150sszel folytat\u00f3dnak a SEED Alap\u00edtv\u00e1ny \u00e9s a Budapest Bank k\u00f6z\u00f6s k\u00e9pz\u00e9sei - Seed","robots":{"index":"index","follow":"follow","max-snippet":"max-snippet:-1","max-image-preview":"max-image-preview:large","max-video-preview":"max-video-preview:-1"},"canonical":"https:\/\/seed.hu\/hirek\/osszel-folytatodnak-a-seed-alapitvany-es-a-budapest-bank-kozos-kepzesei\/","og_locale":"en_US","og_type":"article","og_title":"\u0150sszel folytat\u00f3dnak a SEED Alap\u00edtv\u00e1ny \u00e9s a Budapest Bank k\u00f6z\u00f6s k\u00e9pz\u00e9sei - Seed","og_description":"A Budapest Bank a SEED Kisv\u00e1llalkoz\u00e1s-fejleszt\u00e9si Alap\u00edtv\u00e1nnyal egy\u00fcttm\u0171k\u00f6dve id\u00e9n \u0151sszel is meghirdeti a Dobbant\u00f3 Program egyik legkeresettebb k\u00e9pz\u00e9s\u00e9t, a Dobbant\u00f3 tr\u00e9ninget, amely a v\u00e1llalkoz\u00f3i kompetenci\u00e1k fejleszt\u00e9s\u00e9t c\u00e9lozza. A k\u00e9pz\u00e9s elv\u00e9gz\u00e9s\u00e9vel a r\u00e9sztvev\u0151k az \u00fczleti sikerek el\u00e9r\u00e9s\u00e9hez n\u00e9lk\u00fcl\u00f6zhetetlen marketing, menedzsment, ad\u00f3z\u00e1si, \u00e9s forr\u00e1steremt\u00e9si ismereteket szereznek, \u00e9s szakemberek \u00e1ltal v\u00e9lem\u00e9nyezett, k\u00e9sz \u00fczleti tervekkel t\u00e1voznak. A v\u00e1llalkoz\u00f3 n\u0151k [&hellip;]","og_url":"https:\/\/seed.hu\/hirek\/osszel-folytatodnak-a-seed-alapitvany-es-a-budapest-bank-kozos-kepzesei\/","og_site_name":"Seed","article_modified_time":"2022-01-19T18:22:37+00:00","og_image":[{"width":773,"height":773,"url":"https:\/\/seed.hu\/wp-content\/uploads\/2021\/04\/dobbanto.png","type":"image\/png"}],"twitter_card":"summary_large_image","twitter_misc":{"Est. reading time":"2 minutes"},"schema":{"@context":"https:\/\/schema.org","@graph":[{"@type":"WebPage","@id":"https:\/\/seed.hu\/hirek\/osszel-folytatodnak-a-seed-alapitvany-es-a-budapest-bank-kozos-kepzesei\/","url":"https:\/\/seed.hu\/hirek\/osszel-folytatodnak-a-seed-alapitvany-es-a-budapest-bank-kozos-kepzesei\/","name":"\u0150sszel folytat\u00f3dnak a SEED Alap\u00edtv\u00e1ny \u00e9s a Budapest Bank k\u00f6z\u00f6s k\u00e9pz\u00e9sei - Seed","isPartOf":{"@id":"https:\/\/seed.hu\/#website"},"primaryImageOfPage":{"@id":"https:\/\/seed.hu\/hirek\/osszel-folytatodnak-a-seed-alapitvany-es-a-budapest-bank-kozos-kepzesei\/#primaryimage"},"image":{"@id":"https:\/\/seed.hu\/hirek\/osszel-folytatodnak-a-seed-alapitvany-es-a-budapest-bank-kozos-kepzesei\/#primaryimage"},"thumbnailUrl":"https:\/\/seed.hu\/wp-content\/uploads\/2021\/04\/dobbanto.png","datePublished":"2019-08-19T11:25:29+00:00","dateModified":"2022-01-19T18:22:37+00:00","breadcrumb":{"@id":"https:\/\/seed.hu\/hirek\/osszel-folytatodnak-a-seed-alapitvany-es-a-budapest-bank-kozos-kepzesei\/#breadcrumb"},"inLanguage":"en-US","potentialAction":[{"@type":"ReadAction","target":["https:\/\/seed.hu\/hirek\/osszel-folytatodnak-a-seed-alapitvany-es-a-budapest-bank-kozos-kepzesei\/"]}]},{"@type":"ImageObject","inLanguage":"en-US","@id":"https:\/\/seed.hu\/hirek\/osszel-folytatodnak-a-seed-alapitvany-es-a-budapest-bank-kozos-kepzesei\/#primaryimage","url":"https:\/\/seed.hu\/wp-content\/uploads\/2021\/04\/dobbanto.png","contentUrl":"https:\/\/seed.hu\/wp-content\/uploads\/2021\/04\/dobbanto.png","width":773,"height":773},{"@type":"BreadcrumbList","@id":"https:\/\/seed.hu\/hirek\/osszel-folytatodnak-a-seed-alapitvany-es-a-budapest-bank-kozos-kepzesei\/#breadcrumb","itemListElement":[{"@type":"ListItem","position":1,"name":"H\u00edrek","item":"https:\/\/seed.hu\/hirek\/"},{"@type":"ListItem","position":2,"name":"\u0150sszel folytat\u00f3dnak a SEED Alap\u00edtv\u00e1ny \u00e9s a Budapest Bank k\u00f6z\u00f6s k\u00e9pz\u00e9sei"}]},{"@type":"WebSite","@id":"https:\/\/seed.hu\/#website","url":"https:\/\/seed.hu\/","name":"Seed","description":"","potentialAction":[{"@type":"SearchAction","target":{"@type":"EntryPoint","urlTemplate":"https:\/\/seed.hu\/?s={search_term_string}"},"query-input":{"@type":"PropertyValueSpecification","valueRequired":true,"valueName":"search_term_string"}}],"inLanguage":"en-US"}]}},"_links":{"self":[{"href":"https:\/\/seed.hu\/en\/wp-json\/wp\/v2\/hirek\/898","targetHints":{"allow":["GET"]}}],"collection":[{"href":"https:\/\/seed.hu\/en\/wp-json\/wp\/v2\/hirek"}],"about":[{"href":"https:\/\/seed.hu\/en\/wp-json\/wp\/v2\/types\/hirek"}],"wp:featuredmedia":[{"embeddable":true,"href":"https:\/\/seed.hu\/en\/wp-json\/wp\/v2\/media\/335"}],"wp:attachment":[{"href":"https:\/\/seed.hu\/en\/wp-json\/wp\/v2\/media?parent=898"}],"curies":[{"name":"wp","href":"https:\/\/api.w.org\/{rel}","templated":true}]}}